{"id":46126,"date":"2026-04-30T21:08:35","date_gmt":"2026-04-30T19:08:35","guid":{"rendered":"https:\/\/klf.fr\/annecy\/cours-francais-adultes\/preparation-aux-examens\/"},"modified":"2026-04-30T21:08:40","modified_gmt":"2026-04-30T19:08:40","slug":"preparation-aux-examens","status":"publish","type":"page","link":"https:\/\/klf.fr\/fr\/annecy\/cours-francais-adultes\/preparation-aux-examens\/","title":{"rendered":"Pr\u00e9paration aux examens Premium \u00e0 Annecy"},"content":{"rendered":"\t\t<div data-elementor-type=\"wp-page\" data-elementor-id=\"46126\" class=\"elementor elementor-46126 elementor-26721\" data-elementor-post-type=\"page\">\n\t\t\t\t<div class=\"elementor-element elementor-element-5901f2c7 e-flex e-con-boxed e-con e-parent\" data-id=\"5901f2c7\" data-element_type=\"container\" data-e-type=\"container\" data-settings=\"{&quot;ekit_has_onepagescroll_dot&quot;:&quot;yes&quot;}\">\n\t\t\t\t\t<div class=\"e-con-inner\">\n\t\t<div class=\"elementor-element elementor-element-d0f11f9 e-con-full e-flex e-con e-child\" data-id=\"d0f11f9\" data-element_type=\"container\" data-e-type=\"container\" data-settings=\"{&quot;ekit_has_onepagescroll_dot&quot;:&quot;yes&quot;}\">\n\t\t\t\t<div class=\"elementor-element elementor-element-b484ae1 elementor-widget elementor-widget-breadcrumbs\" data-id=\"b484ae1\" data-element_type=\"widget\" data-e-type=\"widget\" data-settings=\"{&quot;ekit_we_effect_on&quot;:&quot;none&quot;}\" data-widget_type=\"breadcrumbs.default\">\n\t\t\t\t\t<p id=\"breadcrumbs\"><span><span><a href=\"https:\/\/klf.fr\/fr\/home-2\/\">Home<\/a><\/span><\/span><\/p>\t\t\t\t<\/div>\n\t\t<div class=\"elementor-element elementor-element-7fe62510 e-con-full e-flex e-con e-child\" data-id=\"7fe62510\" data-element_type=\"container\" data-e-type=\"container\" data-settings=\"{&quot;ekit_has_onepagescroll_dot&quot;:&quot;yes&quot;}\">\n\t\t<div class=\"elementor-element elementor-element-109fb52d e-con-full e-flex e-con e-child\" data-id=\"109fb52d\" data-element_type=\"container\" data-e-type=\"container\" data-settings=\"{&quot;background_background&quot;:&quot;classic&quot;,&quot;ekit_has_onepagescroll_dot&quot;:&quot;yes&quot;}\">\n\t\t\t\t<div class=\"elementor-element elementor-element-6fff6f10 elementor-widget elementor-widget-heading\" data-id=\"6fff6f10\" data-element_type=\"widget\" data-e-type=\"widget\" data-settings=\"{&quot;ekit_we_effect_on&quot;:&quot;none&quot;}\" data-widget_type=\"heading.default\">\n\t\t\t\t\t<h1 class=\"elementor-heading-title elementor-size-default\">Pr\u00e9paration \u00e0 l'examen DELF \/ DALF \u00e0 Annecy<\/h1>\t\t\t\t<\/div>\n\t\t\t\t<div class=\"elementor-element elementor-element-1476de41 elementor-widget elementor-widget-text-editor\" data-id=\"1476de41\" data-element_type=\"widget\" data-e-type=\"widget\" data-settings=\"{&quot;ekit_we_effect_on&quot;:&quot;none&quot;}\" data-widget_type=\"text-editor.default\">\n\t\t\t\t\t\t\t\t\t<p class=\"p1\">Pr\u00e9parez vos examens de fran\u00e7ais en toute confiance ! Que vous visiez la r\u00e9ussite au DELF ou au DALF, nos cours sur mesure \u00e0 Annecy sont con\u00e7us pour vous aider \u00e0 atteindre votre objectif.   Gr\u00e2ce \u00e0 des professeurs experts et \u00e0 une approche personnalis\u00e9e, nous vous accompagnons \u00e9tape par \u00e9tape pour atteindre vos objectifs.<\/p>\t\t\t\t\t\t\t\t<\/div>\n\t\t\t\t<div class=\"elementor-element elementor-element-33796464 elementor-widget elementor-widget-button\" data-id=\"33796464\" data-element_type=\"widget\" data-e-type=\"widget\" data-settings=\"{&quot;ekit_we_effect_on&quot;:&quot;none&quot;}\" data-widget_type=\"button.default\">\n\t\t\t\t\t\t\t\t\t\t<a class=\"elementor-button elementor-button-link elementor-size-sm\" href=\"https:\/\/cix3cixx3x3.typeform.com\/to\/NPYIjXud\">\n\t\t\t\t\t\t<span class=\"elementor-button-content-wrapper\">\n\t\t\t\t\t\t\t\t\t<span class=\"elementor-button-text\">Testez votre niveau de fran\u00e7ais<\/span>\n\t\t\t\t\t<\/span>\n\t\t\t\t\t<\/a>\n\t\t\t\t\t\t\t\t<\/div>\n\t\t\t\t<\/div>\n\t\t<div class=\"elementor-element elementor-element-2e19dfba e-con-full e-flex e-con e-child\" data-id=\"2e19dfba\" data-element_type=\"container\" data-e-type=\"container\" data-settings=\"{&quot;ekit_has_onepagescroll_dot&quot;:&quot;yes&quot;}\">\n\t\t<div class=\"elementor-element elementor-element-3bebacaa e-con-full e-flex e-con e-child\" data-id=\"3bebacaa\" data-element_type=\"container\" data-e-type=\"container\" data-settings=\"{&quot;ekit_has_onepagescroll_dot&quot;:&quot;yes&quot;}\">\n\t\t<div class=\"elementor-element elementor-element-3796177f e-con-full e-flex e-con e-child\" data-id=\"3796177f\" data-element_type=\"container\" data-e-type=\"container\" data-settings=\"{&quot;ekit_has_onepagescroll_dot&quot;:&quot;yes&quot;}\">\n\t\t<div class=\"elementor-element elementor-element-347b9a3e e-con-full e-flex e-con e-child\" data-id=\"347b9a3e\" data-element_type=\"container\" data-e-type=\"container\" data-settings=\"{&quot;ekit_has_onepagescroll_dot&quot;:&quot;yes&quot;}\">\n\t\t\t\t<div class=\"elementor-element elementor-element-7c0b2f2e elementor-widget elementor-widget-heading\" data-id=\"7c0b2f2e\" data-element_type=\"widget\" data-e-type=\"widget\" data-settings=\"{&quot;ekit_we_effect_on&quot;:&quot;none&quot;}\" data-widget_type=\"heading.default\">\n\t\t\t\t\t<h2 class=\"elementor-heading-title elementor-size-default\">\u00e0 partir de<\/h2>\t\t\t\t<\/div>\n\t\t\t\t<div class=\"elementor-element elementor-element-cd931bd elementor-widget elementor-widget-elementskit-heading\" data-id=\"cd931bd\" data-element_type=\"widget\" data-e-type=\"widget\" data-settings=\"{&quot;ekit_we_effect_on&quot;:&quot;none&quot;}\" data-widget_type=\"elementskit-heading.default\">\n\t\t\t\t\t<div class=\"ekit-wid-con\" ><div class=\"ekit-heading elementskit-section-title-wraper text_left   ekit_heading_tablet-   ekit_heading_mobile-\"><h2 class=\"ekit-heading--title elementskit-section-title \"><span><span>\u20ac560<\/span><\/span> \/ Semaine<\/h2><\/div><\/div>\t\t\t\t<\/div>\n\t\t\t\t<div class=\"elementor-element elementor-element-2f8f5fc2 elementor-widget elementor-widget-heading\" data-id=\"2f8f5fc2\" data-element_type=\"widget\" data-e-type=\"widget\" data-settings=\"{&quot;ekit_we_effect_on&quot;:&quot;none&quot;}\" data-widget_type=\"heading.default\">\n\t\t\t\t\t<h2 class=\"elementor-heading-title elementor-size-default\">Comprend :<\/h2>\t\t\t\t<\/div>\n\t\t\t\t<div class=\"elementor-element elementor-element-b206705 elementor-align-start elementor-icon-list--layout-traditional elementor-list-item-link-full_width elementor-widget elementor-widget-icon-list\" data-id=\"b206705\" data-element_type=\"widget\" data-e-type=\"widget\" data-settings=\"{&quot;ekit_we_effect_on&quot;:&quot;none&quot;}\" data-widget_type=\"icon-list.default\">\n\t\t\t\t\t\t\t<ul class=\"elementor-icon-list-items\">\n\t\t\t\t\t\t\t<li class=\"elementor-icon-list-item\">\n\t\t\t\t\t\t\t\t\t\t\t<span class=\"elementor-icon-list-icon\">\n\t\t\t\t\t\t\t<i aria-hidden=\"true\" class=\"icon icon-book\"><\/i>\t\t\t\t\t\t<\/span>\n\t\t\t\t\t\t\t\t\t\t<span class=\"elementor-icon-list-text\">Le\u00e7ons\/semaine : 26 en groupe + 4 priv\u00e9es (45 minutes chacune) <\/span>\n\t\t\t\t\t\t\t\t\t<\/li>\n\t\t\t\t\t\t\t\t<li class=\"elementor-icon-list-item\">\n\t\t\t\t\t\t\t\t\t\t\t<span class=\"elementor-icon-list-icon\">\n\t\t\t\t\t\t\t<i aria-hidden=\"true\" class=\"far fa-user\"><\/i>\t\t\t\t\t\t<\/span>\n\t\t\t\t\t\t\t\t\t\t<span class=\"elementor-icon-list-text\">\u00c9l\u00e8ves\/classe : 8-14 (Moyenne 8)<\/span>\n\t\t\t\t\t\t\t\t\t<\/li>\n\t\t\t\t\t\t\t\t<li class=\"elementor-icon-list-item\">\n\t\t\t\t\t\t\t\t\t\t\t<span class=\"elementor-icon-list-icon\">\n\t\t\t\t\t\t\t<i aria-hidden=\"true\" class=\"fas fa-level-up-alt\"><\/i>\t\t\t\t\t\t<\/span>\n\t\t\t\t\t\t\t\t\t\t<span class=\"elementor-icon-list-text\">A1 - C2<\/span>\n\t\t\t\t\t\t\t\t\t<\/li>\n\t\t\t\t\t\t\t\t<li class=\"elementor-icon-list-item\">\n\t\t\t\t\t\t\t\t\t\t\t<span class=\"elementor-icon-list-icon\">\n\t\t\t\t\t\t\t<i aria-hidden=\"true\" class=\"fas fa-running\"><\/i>\t\t\t\t\t\t<\/span>\n\t\t\t\t\t\t\t\t\t\t<span class=\"elementor-icon-list-text\">\u00c2ge minimum : 16<\/span>\n\t\t\t\t\t\t\t\t\t<\/li>\n\t\t\t\t\t\t\t\t<li class=\"elementor-icon-list-item\">\n\t\t\t\t\t\t\t\t\t\t\t<span class=\"elementor-icon-list-icon\">\n\t\t\t\t\t\t\t<i aria-hidden=\"true\" class=\"far fa-calendar-alt\"><\/i>\t\t\t\t\t\t<\/span>\n\t\t\t\t\t\t\t\t\t\t<span class=\"elementor-icon-list-text\">D\u00e9but de cours chaque lundi<\/span>\n\t\t\t\t\t\t\t\t\t<\/li>\n\t\t\t\t\t\t\t\t<li class=\"elementor-icon-list-item\">\n\t\t\t\t\t\t\t\t\t\t\t<span class=\"elementor-icon-list-icon\">\n\t\t\t\t\t\t\t<i aria-hidden=\"true\" class=\"far fa-clock\"><\/i>\t\t\t\t\t\t<\/span>\n\t\t\t\t\t\t\t\t\t\t<span class=\"elementor-icon-list-text\">45 Min chaque le\u00e7on<\/span>\n\t\t\t\t\t\t\t\t\t<\/li>\n\t\t\t\t\t\t<\/ul>\n\t\t\t\t\t\t<\/div>\n\t\t<div class=\"elementor-element elementor-element-171d759a e-con-full e-flex e-con e-child\" data-id=\"171d759a\" data-element_type=\"container\" data-e-type=\"container\" data-settings=\"{&quot;ekit_has_onepagescroll_dot&quot;:&quot;yes&quot;}\">\n\t\t\t\t<div class=\"elementor-element elementor-element-31ebabd9 elementor-widget elementor-widget-heading\" data-id=\"31ebabd9\" data-element_type=\"widget\" data-e-type=\"widget\" data-settings=\"{&quot;ekit_we_effect_on&quot;:&quot;none&quot;}\" data-widget_type=\"heading.default\">\n\t\t\t\t\t<h2 class=\"elementor-heading-title elementor-size-default\">Inclus :<\/h2>\t\t\t\t<\/div>\n\t\t\t\t<div class=\"elementor-element elementor-element-7b0d669 elementor-align-start elementor-icon-list--layout-traditional elementor-list-item-link-full_width elementor-widget elementor-widget-icon-list\" data-id=\"7b0d669\" data-element_type=\"widget\" data-e-type=\"widget\" data-settings=\"{&quot;ekit_we_effect_on&quot;:&quot;none&quot;}\" data-widget_type=\"icon-list.default\">\n\t\t\t\t\t\t\t<ul class=\"elementor-icon-list-items\">\n\t\t\t\t\t\t\t<li class=\"elementor-icon-list-item\">\n\t\t\t\t\t\t\t\t\t\t\t<span class=\"elementor-icon-list-icon\">\n\t\t\t\t\t\t\t<i aria-hidden=\"true\" class=\"far fa-address-card\"><\/i>\t\t\t\t\t\t<\/span>\n\t\t\t\t\t\t\t\t\t\t<span class=\"elementor-icon-list-text\">Test d'\u00e9valuation<\/span>\n\t\t\t\t\t\t\t\t\t<\/li>\n\t\t\t\t\t\t\t\t<li class=\"elementor-icon-list-item\">\n\t\t\t\t\t\t\t\t\t\t\t<span class=\"elementor-icon-list-icon\">\n\t\t\t\t\t\t\t<i aria-hidden=\"true\" class=\"fas fa-book\"><\/i>\t\t\t\t\t\t<\/span>\n\t\t\t\t\t\t\t\t\t\t<span class=\"elementor-icon-list-text\">Road-Book KLF<\/span>\n\t\t\t\t\t\t\t\t\t<\/li>\n\t\t\t\t\t\t\t\t<li class=\"elementor-icon-list-item\">\n\t\t\t\t\t\t\t\t\t\t\t<span class=\"elementor-icon-list-icon\">\n\t\t\t\t\t\t\t<i aria-hidden=\"true\" class=\"icon icon-construction\"><\/i>\t\t\t\t\t\t<\/span>\n\t\t\t\t\t\t\t\t\t\t<span class=\"elementor-icon-list-text\">Ateliers<\/span>\n\t\t\t\t\t\t\t\t\t<\/li>\n\t\t\t\t\t\t\t\t<li class=\"elementor-icon-list-item\">\n\t\t\t\t\t\t\t\t\t\t\t<span class=\"elementor-icon-list-icon\">\n\t\t\t\t\t\t\t<i aria-hidden=\"true\" class=\"fas fa-hands-helping\"><\/i>\t\t\t\t\t\t<\/span>\n\t\t\t\t\t\t\t\t\t\t<span class=\"elementor-icon-list-text\">Pack de bienvenue<\/span>\n\t\t\t\t\t\t\t\t\t<\/li>\n\t\t\t\t\t\t\t\t<li class=\"elementor-icon-list-item\">\n\t\t\t\t\t\t\t\t\t\t\t<span class=\"elementor-icon-list-icon\">\n\t\t\t\t\t\t\t<i aria-hidden=\"true\" class=\"fas fa-chalkboard-teacher\"><\/i>\t\t\t\t\t\t<\/span>\n\t\t\t\t\t\t\t\t\t\t<span class=\"elementor-icon-list-text\">Tutorat hebdomadaire<\/span>\n\t\t\t\t\t\t\t\t\t<\/li>\n\t\t\t\t\t\t<\/ul>\n\t\t\t\t\t\t<\/div>\n\t\t<div class=\"elementor-element elementor-element-53c5b090 e-con-full e-flex e-con e-child\" data-id=\"53c5b090\" data-element_type=\"container\" data-e-type=\"container\" data-settings=\"{&quot;ekit_has_onepagescroll_dot&quot;:&quot;yes&quot;}\">\n\t\t\t\t<div class=\"elementor-element elementor-element-5b542b0a elementor-align-center elementor-widget elementor-widget-elementskit-button\" data-id=\"5b542b0a\" data-element_type=\"widget\" data-e-type=\"widget\" data-settings=\"{&quot;ekit_we_effect_on&quot;:&quot;none&quot;}\" data-widget_type=\"elementskit-button.default\">\n\t\t\t\t\t<div class=\"ekit-wid-con\" >\t\t<div class=\"ekit-btn-wraper\">\n\t\t\t\t\t\t\t<a href=\"https:\/\/klf.fr\/annecy\/french-courses-in-annecy-booking\/\" target=\"_blank\" class=\"elementskit-btn  whitespace--normal\" id=\"\">\n\t\t\t\t\tR\u00e9server\t\t\t\t<\/a>\n\t\t\t\t\t<\/div>\n        <\/div>\t\t\t\t<\/div>\n\t\t\t\t<\/div>\n\t\t\t\t<\/div>\n\t\t\t\t<\/div>\n\t\t\t\t<\/div>\n\t\t\t\t<\/div>\n\t\t\t\t<\/div>\n\t\t\t\t<\/div>\n\t\t\t\t<\/div>\n\t\t\t\t\t<\/div>\n\t\t\t\t<\/div>\n\t\t<div class=\"elementor-element elementor-element-6759be49 e-flex e-con-boxed e-con e-parent\" data-id=\"6759be49\" data-element_type=\"container\" data-e-type=\"container\" data-settings=\"{&quot;ekit_has_onepagescroll_dot&quot;:&quot;yes&quot;}\">\n\t\t\t\t\t<div class=\"e-con-inner\">\n\t\t<div class=\"elementor-element elementor-element-58babb67 e-con-full e-flex e-con e-child\" data-id=\"58babb67\" data-element_type=\"container\" data-e-type=\"container\" data-settings=\"{&quot;ekit_has_onepagescroll_dot&quot;:&quot;yes&quot;}\">\n\t\t\t\t<div class=\"elementor-element elementor-element-5a6d9861 elementor-widget elementor-widget-heading\" data-id=\"5a6d9861\" data-element_type=\"widget\" data-e-type=\"widget\" data-settings=\"{&quot;ekit_we_effect_on&quot;:&quot;none&quot;}\" data-widget_type=\"heading.default\">\n\t\t\t\t\t<h2 class=\"elementor-heading-title elementor-size-default\">Preparation aux examens<\/h2>\t\t\t\t<\/div>\n\t\t\t\t<div class=\"elementor-element elementor-element-79d1d5c3 elementor-widget elementor-widget-heading\" data-id=\"79d1d5c3\" data-element_type=\"widget\" data-e-type=\"widget\" data-settings=\"{&quot;ekit_we_effect_on&quot;:&quot;none&quot;}\" data-widget_type=\"heading.default\">\n\t\t\t\t\t<h2 class=\"elementor-heading-title elementor-size-default\">R\u00e9ussir vos examens DELF\/DALF<\/h2>\t\t\t\t<\/div>\n\t\t\t\t<div class=\"elementor-element elementor-element-7c97aca7 elementor-widget elementor-widget-text-editor\" data-id=\"7c97aca7\" data-element_type=\"widget\" data-e-type=\"widget\" data-settings=\"{&quot;ekit_we_effect_on&quot;:&quot;none&quot;}\" data-widget_type=\"text-editor.default\">\n\t\t\t\t\t\t\t\t\t<p>Pr\u00e9parer le DELF B2 ou le DALF C1 \u00e0 IFALPES Annecy, c\u2019est mettre toutes les chances de ton c\u00f4t\u00e9 pour r\u00e9ussir un dipl\u00f4me qui peut ouvrir des portes pour les \u00e9tudes, le travail ou des d\u00e9marches de r\u00e9sidence en France. Au c\u0153ur d\u2019Annecy, notre programme de pr\u00e9paration aux examens combine un entra\u00eenement cibl\u00e9 et une pratique concr\u00e8te du fran\u00e7ais au quotidien. Le Premium Exam Preparation inclut 26 le\u00e7ons en groupe + 4 cours particuliers par semaine : tu profites d\u2019une dynamique de classe pour renforcer l\u2019oral et les comp\u00e9tences communicatives, tout en b\u00e9n\u00e9ficiant d\u2019un accompagnement individualis\u00e9 pour travailler tes points faibles et tes objectifs. Tout au long du parcours, tu t\u2019entra\u00eenes avec des simulations d\u2019examen (conditions r\u00e9elles), des activit\u00e9s d\u00e9di\u00e9es aux \u00e9preuves (compr\u00e9hension et production, \u00e9crite et orale), et des retours personnalis\u00e9s pour mesurer tes progr\u00e8s et ajuster ta strat\u00e9gie jusqu\u2019au jour J.   <\/p>\t\t\t\t\t\t\t\t<\/div>\n\t\t\t\t<div class=\"elementor-element elementor-element-310c1f45 elementor-widget elementor-widget-heading\" data-id=\"310c1f45\" data-element_type=\"widget\" data-e-type=\"widget\" data-settings=\"{&quot;ekit_we_effect_on&quot;:&quot;none&quot;}\" data-widget_type=\"heading.default\">\n\t\t\t\t\t<p class=\"elementor-heading-title elementor-size-default\">Objectifs :<\/p>\t\t\t\t<\/div>\n\t\t\t\t<div class=\"elementor-element elementor-element-5366b53 elementor-icon-list--layout-traditional elementor-list-item-link-full_width elementor-widget elementor-widget-icon-list\" data-id=\"5366b53\" data-element_type=\"widget\" data-e-type=\"widget\" data-settings=\"{&quot;ekit_we_effect_on&quot;:&quot;none&quot;}\" data-widget_type=\"icon-list.default\">\n\t\t\t\t\t\t\t<ul class=\"elementor-icon-list-items\">\n\t\t\t\t\t\t\t<li class=\"elementor-icon-list-item\">\n\t\t\t\t\t\t\t\t\t\t\t<span class=\"elementor-icon-list-icon\">\n\t\t\t\t\t\t\t<i aria-hidden=\"true\" class=\"far fa-check-square\"><\/i>\t\t\t\t\t\t<\/span>\n\t\t\t\t\t\t\t\t\t\t<span class=\"elementor-icon-list-text\">Plans d'apprentissage personnalis\u00e9s : Con\u00e7us en fonction de votre niveau et de l'examen vis\u00e9.<\/span>\n\t\t\t\t\t\t\t\t\t<\/li>\n\t\t\t\t\t\t\t\t<li class=\"elementor-icon-list-item\">\n\t\t\t\t\t\t\t\t\t\t\t<span class=\"elementor-icon-list-icon\">\n\t\t\t\t\t\t\t<i aria-hidden=\"true\" class=\"far fa-check-square\"><\/i>\t\t\t\t\t\t<\/span>\n\t\t\t\t\t\t\t\t\t\t<span class=\"elementor-icon-list-text\">Petits groupes : Favorisez les \u00e9changes et b\u00e9n\u00e9ficiez d\u2019un accompagnement personnalis\u00e9.<\/span>\n\t\t\t\t\t\t\t\t\t<\/li>\n\t\t\t\t\t\t\t\t<li class=\"elementor-icon-list-item\">\n\t\t\t\t\t\t\t\t\t\t\t<span class=\"elementor-icon-list-icon\">\n\t\t\t\t\t\t\t<i aria-hidden=\"true\" class=\"far fa-check-square\"><\/i>\t\t\t\t\t\t<\/span>\n\t\t\t\t\t\t\t\t\t\t<span class=\"elementor-icon-list-text\">Examens blancs et retours personnalis\u00e9s : Entra\u00eenez-vous au format de l\u2019examen et recevez des commentaires d\u00e9taill\u00e9s pour progresser.<\/span>\n\t\t\t\t\t\t\t\t\t<\/li>\n\t\t\t\t\t\t\t\t<li class=\"elementor-icon-list-item\">\n\t\t\t\t\t\t\t\t\t\t\t<span class=\"elementor-icon-list-icon\">\n\t\t\t\t\t\t\t<i aria-hidden=\"true\" class=\"far fa-check-square\"><\/i>\t\t\t\t\t\t<\/span>\n\t\t\t\t\t\t\t\t\t\t<span class=\"elementor-icon-list-text\">Environnement bienveillant : Gagnez en assurance gr\u00e2ce au soutien de professeurs exp\u00e9riment\u00e9s.<\/span>\n\t\t\t\t\t\t\t\t\t<\/li>\n\t\t\t\t\t\t<\/ul>\n\t\t\t\t\t\t<\/div>\n\t\t\t\t<div class=\"elementor-element elementor-element-9eb60c2 elementor-widget elementor-widget-html\" data-id=\"9eb60c2\" data-element_type=\"widget\" data-e-type=\"widget\" data-settings=\"{&quot;ekit_we_effect_on&quot;:&quot;none&quot;}\" data-widget_type=\"html.default\">\n\t\t\t\t\t<div class=\"klf2026-wrapper\">\r\n\r\n  <div class=\"klf2026-title\">Preparation aux examens de fran\u00e7ais <\/div>\r\n\r\n  <div class=\"klf2026-table-wrap\">\r\n    <table class=\"klf2026-table\">\r\n      <thead>\r\n        <tr>\r\n          <th>Cours<\/th>\r\n          <th>Le\u00e7ons par semaine<\/th>\r\n          <th>1 semaine<\/th>\r\n          <th>2 semaines<\/th>\r\n          <th>3 semaines<\/th>\r\n          <th>4 semaines<\/th>\r\n          <th>Frais d'inscription<\/th>\r\n          <th>Taille Moyenne de la Classe<\/th>\r\n        <\/tr>\r\n      <\/thead>\r\n\r\n      <tbody>\r\n\r\n        <!-- DELF & DALF Premium Preparation -->\r\n        <tr>\r\n          <td class=\"klf-course-name\"><\/td><td class=\"klf-lessons\"><span class=\"klf-price-tag\">Pr\u00e9paration DELF &amp; DALF Premium <\/span><\/td>\r\n \r\n(26 + 4 cours particuliers)\r\n \r\n\r\n          <!-- Prices -->\r\n          <td>560 \u20ac<\/td>\r\n<td>1 120 \u20ac<\/td>\r\n<td>1 680 \u20ac<\/td>\r\n<td>2 240 \u20ac<\/td>\r\n\r\n          <!-- Enrolment fee -->\r\n          <td>+ 80 \u20ac<\/td>\r\n\r\n\r\n\r\n\r\n          <!-- Class size -->\r\n          <td>12 \/ 14<\/td>\r\n\r\n         \r\n        <\/tr>\r\n\r\n      <\/tbody>\r\n    <\/table>\r\n  <\/div>\r\n\r\n<\/div>\r\n\t\t\t\t<\/div>\n\t\t\t\t<div class=\"elementor-element elementor-element-13fc810f elementor-widget elementor-widget-heading\" data-id=\"13fc810f\" data-element_type=\"widget\" data-e-type=\"widget\" data-settings=\"{&quot;ekit_we_effect_on&quot;:&quot;none&quot;}\" data-widget_type=\"heading.default\">\n\t\t\t\t\t<p class=\"elementor-heading-title elementor-size-default\">Plus d'informations <\/p>\t\t\t\t<\/div>\n\t\t\t\t<div class=\"elementor-element elementor-element-1a182f3 elementor-widget__width-inherit elementor-invisible elementor-widget elementor-widget-eael-adv-accordion\" data-id=\"1a182f3\" data-element_type=\"widget\" data-e-type=\"widget\" data-settings=\"{&quot;_animation&quot;:&quot;fadeInRight&quot;,&quot;ekit_we_effect_on&quot;:&quot;none&quot;}\" data-widget_type=\"eael-adv-accordion.default\">\n\t\t\t\t\t            <div class=\"eael-adv-accordion\" id=\"eael-adv-accordion-1a182f3\" data-scroll-on-click=\"no\" data-scroll-speed=\"300\" data-accordion-id=\"1a182f3\" data-accordion-type=\"accordion\" data-toogle-speed=\"300\">\n            <div class=\"eael-accordion-list\">\n\t\t\t\t\t<div id=\"pourquoi-choisir-annecy-pour-votre-prparation-aux-examens-de-franais-\" class=\"elementor-tab-title eael-accordion-header\" tabindex=\"0\" data-tab=\"1\" aria-controls=\"elementor-tab-content-2731\"><span class=\"eael-accordion-tab-title\">Pourquoi choisir Annecy pour votre pr\u00e9paration aux examens de fran\u00e7ais ?<\/span><span class=\"eael-advanced-accordion-icon-closed\"><i aria-hidden=\"true\" class=\"fa-accordion-icon fas fa-plus\"><\/i><\/span><span class=\"eael-advanced-accordion-icon-opened\"><i aria-hidden=\"true\" class=\"fa-accordion-icon fas fa-minus\"><\/i><\/span><\/div><div id=\"elementor-tab-content-2731\" class=\"eael-accordion-content clearfix\" data-tab=\"1\" aria-labelledby=\"pourquoi-choisir-annecy-pour-votre-prparation-aux-examens-de-franais-\"><ul>\n<li class=\"p1\">\n<p class=\"p1\">Annecy n&rsquo;est pas seulement un endroit incroyable pour apprendre le fran\u00e7ais, c&rsquo;est aussi une ville charmante, pleine de beaut\u00e9 naturelle et de richesse culturelle. Tout en am\u00e9liorant vos comp\u00e9tences linguistiques, vous appr\u00e9cierez \u00e9galement : <\/p>\n<p class=\"p2\">-Une ville r\u00e9put\u00e9e pour son magnifique lac, entour\u00e9 de montagnes majestueuses.<\/p>\n<p class=\"p2\">-Une atmosph\u00e8re paisible et accueillante, propice \u00e0 un apprentissage cibl\u00e9.<\/p>\n<p class=\"p2\">-Des activit\u00e9s passionnantes comme la navigation de plaisance, la randonn\u00e9e et les promenades dans la vieille ville enchanteresse.<\/p>\n<\/li>\n<\/ul>\n<\/div>\n\t\t\t\t\t<\/div><div class=\"eael-accordion-list\">\n\t\t\t\t\t<div id=\"que-sont-les-examens-delf-et-dalf-\" class=\"elementor-tab-title eael-accordion-header\" tabindex=\"0\" data-tab=\"2\" aria-controls=\"elementor-tab-content-2732\"><span class=\"eael-accordion-tab-title\">Que sont les examens DELF et DALF ?<\/span><span class=\"eael-advanced-accordion-icon-closed\"><i aria-hidden=\"true\" class=\"fa-accordion-icon fas fa-plus\"><\/i><\/span><span class=\"eael-advanced-accordion-icon-opened\"><i aria-hidden=\"true\" class=\"fa-accordion-icon fas fa-minus\"><\/i><\/span><\/div><div id=\"elementor-tab-content-2732\" class=\"eael-accordion-content clearfix\" data-tab=\"2\" aria-labelledby=\"que-sont-les-examens-delf-et-dalf-\"><p class=\"p1\">Le DELF et le DALF sont des certifications officielles d\u00e9livr\u00e9es par le minist\u00e8re fran\u00e7ais de l\u2019\u00c9ducation nationale, attestant des comp\u00e9tences en fran\u00e7ais des locuteurs non natifs. Le DELF \u00e9value les niveaux A1 \u00e0 B2 (d\u00e9butant \u00e0 interm\u00e9diaire sup\u00e9rieur), tandis que le DALF s\u2019adresse aux niveaux C1 et C2 (avanc\u00e9 \u00e0 ma\u00eetrise experte). <\/p>\n<\/div>\n\t\t\t\t\t<\/div><div class=\"eael-accordion-list\">\n\t\t\t\t\t<div id=\"-pourquoi-devrais-je-passer-les-examens-delf-ou-dalf-\" class=\"elementor-tab-title eael-accordion-header\" tabindex=\"0\" data-tab=\"3\" aria-controls=\"elementor-tab-content-2733\"><span class=\"eael-accordion-tab-title\"> Pourquoi devrais-je passer les examens DELF ou DALF ?<\/span><span class=\"eael-advanced-accordion-icon-closed\"><i aria-hidden=\"true\" class=\"fa-accordion-icon fas fa-plus\"><\/i><\/span><span class=\"eael-advanced-accordion-icon-opened\"><i aria-hidden=\"true\" class=\"fa-accordion-icon fas fa-minus\"><\/i><\/span><\/div><div id=\"elementor-tab-content-2733\" class=\"eael-accordion-content clearfix\" data-tab=\"3\" aria-labelledby=\"-pourquoi-devrais-je-passer-les-examens-delf-ou-dalf-\"><p class=\"p1\">Obtenir ces certifications offre une reconnaissance internationale de vos comp\u00e9tences en fran\u00e7ais, ouvrant des portes \u00e0 des opportunit\u00e9s acad\u00e9miques et professionnelles. Elles peuvent faciliter l\u2019admission dans des universit\u00e9s des pays francophones ou favoriser votre progression de carri\u00e8re dans des organisations o\u00f9 le fran\u00e7ais est une langue cl\u00e9.<\/p>\n<\/div>\n\t\t\t\t\t<\/div><div class=\"eael-accordion-list\">\n\t\t\t\t\t<div id=\"comment-cela-fonctionne-t-il-\" class=\"elementor-tab-title eael-accordion-header\" tabindex=\"0\" data-tab=\"4\" aria-controls=\"elementor-tab-content-2734\"><span class=\"eael-accordion-tab-title\">Comment cela fonctionne-t-il ?<\/span><span class=\"eael-advanced-accordion-icon-closed\"><i aria-hidden=\"true\" class=\"fa-accordion-icon fas fa-plus\"><\/i><\/span><span class=\"eael-advanced-accordion-icon-opened\"><i aria-hidden=\"true\" class=\"fa-accordion-icon fas fa-minus\"><\/i><\/span><\/div><div id=\"elementor-tab-content-2734\" class=\"eael-accordion-content clearfix\" data-tab=\"4\" aria-labelledby=\"comment-cela-fonctionne-t-il-\"><ul>\n<li><b>\u00c9valuation initiale<\/b>: Nous analysons vos comp\u00e9tences linguistiques actuelles pour personnaliser le cours en fonction de vos besoins.<\/li>\n<li><b>Le\u00e7ons cibl\u00e9es<\/b>: chaque session aborde en d\u00e9tail les diff\u00e9rentes sections de l\u2019examen, notamment la compr\u00e9hension orale, l\u2019expression orale, la lecture et l\u2019\u00e9criture.<\/li>\n<li><b>Tests blancs :<\/b> Pr\u00e9parez-vous dans des conditions d\u2019examen r\u00e9elles pour vous familiariser avec les \u00e9preuves et renforcer votre confiance.<\/li>\n<li><b>Feedback d\u2019experts :<\/b> B\u00e9n\u00e9ficiez de conseils pr\u00e9cis et constructifs pour perfectionner vos performances.<\/li>\n<\/ul>\n<\/div>\n\t\t\t\t\t<\/div><\/div>\t\t\t\t<\/div>\n\t\t<div class=\"elementor-element elementor-element-77fc2d4b e-con-full e-flex e-con e-child\" data-id=\"77fc2d4b\" data-element_type=\"container\" data-e-type=\"container\" data-settings=\"{&quot;ekit_has_onepagescroll_dot&quot;:&quot;yes&quot;}\">\n\t\t\t\t<div class=\"elementor-element elementor-element-5bbb11f6 elementor-widget elementor-widget-heading\" data-id=\"5bbb11f6\" data-element_type=\"widget\" data-e-type=\"widget\" data-settings=\"{&quot;ekit_we_effect_on&quot;:&quot;none&quot;}\" data-widget_type=\"heading.default\">\n\t\t\t\t\t<p class=\"elementor-heading-title elementor-size-default\">Avez-vous une question ?<\/p>\t\t\t\t<\/div>\n\t\t\t\t<div class=\"elementor-element elementor-element-930667b elementor-widget elementor-widget-hubspot-form\" data-id=\"930667b\" data-element_type=\"widget\" data-e-type=\"widget\" data-settings=\"{&quot;ekit_we_effect_on&quot;:&quot;none&quot;}\" data-widget_type=\"hubspot-form.default\">\n\t\t\t\t<div class=\"elementor-widget-container\">\n\t\t\t\t\t\n\t\t\t\t\t\t<script>\n\t\t\t\t\t\t\twindow.hsFormsOnReady = window.hsFormsOnReady || [];\n\t\t\t\t\t\t\twindow.hsFormsOnReady.push(()=>{\n\t\t\t\t\t\t\t\thbspt.forms.create({\n\t\t\t\t\t\t\t\t\tportalId: 2851295,\n\t\t\t\t\t\t\t\t\tformId: \"957e4d45-ebf6-41da-a37a-ef7a4ac60f42\",\n\t\t\t\t\t\t\t\t\ttarget: \"#hbspt-form-1777721937000-1329046931\",\n\t\t\t\t\t\t\t\t\tregion: \"na1\",\n\t\t\t\t\t\t\t\t\t\n\t\t\t\t\t\t\t})});\n\t\t\t\t\t\t<\/script>\n\t\t\t\t\t\t<div class=\"hbspt-form\" id=\"hbspt-form-1777721937000-1329046931\"><\/div>\t\t\t\t<\/div>\n\t\t\t\t<\/div>\n\t\t\t\t<\/div>\n\t\t\t\t<\/div>\n\t\t\t\t\t<\/div>\n\t\t\t\t<\/div>\n\t\t\t\t<\/div>\n\t\t","protected":false},"excerpt":{"rendered":"<p>Pr\u00e9paration \u00e0 l&rsquo;examen DELF \/ DALF \u00e0 Annecy Pr\u00e9parez vos examens de fran\u00e7ais en toute confiance ! Que vous visiez la r\u00e9ussite au DELF ou au DALF, nos cours sur mesure \u00e0 Annecy sont con\u00e7us pour vous aider \u00e0 atteindre votre objectif. Gr\u00e2ce \u00e0 des professeurs experts et \u00e0 une approche personnalis\u00e9e, nous vous accompagnons [&hellip;]<\/p>\n","protected":false},"author":15,"featured_media":25082,"parent":30818,"menu_order":6,"comment_status":"closed","ping_status":"closed","template":"elementor_header_footer","meta":{"content-type":"","footnotes":""},"language-product":[],"type-product":[205],"city-product":[200],"course-category":[],"folder":[213],"class_list":["post-46126","page","type-page","status-publish","has-post-thumbnail","hentry","type-product-general-courses","city-product-annecy"],"yoast_head":"<!-- This site is optimized with the Yoast SEO Premium plugin v27.4 (Yoast SEO v27.4) - https:\/\/yoast.com\/product\/yoast-seo-premium-wordpress\/ -->\n<title>Pr\u00e9paration aux examens Premium \u00e0 Annecy - Keep Learning French<\/title>\n<meta name=\"description\" content=\"Pr\u00e9parez le DELF B2 ou le DALF C1 \u00e0 IFALPES Annecy avec notre programme Premium. 26 cours en groupe + 4 cours particuliers\/semaine, examens blancs et suivi personnalis\u00e9.\" \/>\n<meta name=\"robots\" content=\"index, follow, max-snippet:-1, max-image-preview:large, max-video-preview:-1\" \/>\n<link rel=\"canonical\" href=\"https:\/\/klf.fr\/fr\/annecy\/cours-francais-adultes\/preparation-aux-examens\/\" \/>\n<meta property=\"og:locale\" content=\"fr_FR\" \/>\n<meta property=\"og:type\" content=\"article\" \/>\n<meta property=\"og:title\" content=\"Pr\u00e9paration aux examens Premium \u00e0 Annecy\" \/>\n<meta property=\"og:description\" content=\"Pr\u00e9parez le DELF B2 ou le DALF C1 \u00e0 IFALPES Annecy avec notre programme Premium. 26 cours en groupe + 4 cours particuliers\/semaine, examens blancs et suivi personnalis\u00e9.\" \/>\n<meta property=\"og:url\" content=\"https:\/\/klf.fr\/fr\/annecy\/cours-francais-adultes\/preparation-aux-examens\/\" \/>\n<meta property=\"og:site_name\" content=\"Keep Learning French\" \/>\n<meta property=\"article:modified_time\" content=\"2026-04-30T19:08:40+00:00\" \/>\n<meta property=\"og:image\" content=\"https:\/\/klf.fr\/wp-content\/uploads\/2024\/11\/05_KLF_ANNECY_207_websize-1536x1024-1.jpg\" \/>\n\t<meta property=\"og:image:width\" content=\"1536\" \/>\n\t<meta property=\"og:image:height\" content=\"1024\" \/>\n\t<meta property=\"og:image:type\" content=\"image\/jpeg\" \/>\n<meta name=\"twitter:card\" content=\"summary_large_image\" \/>\n<meta name=\"twitter:label1\" content=\"Dur\u00e9e de lecture estim\u00e9e\" \/>\n\t<meta name=\"twitter:data1\" content=\"4 minutes\" \/>\n<script type=\"application\/ld+json\" class=\"yoast-schema-graph\">{\"@context\":\"https:\\\/\\\/schema.org\",\"@graph\":[{\"@type\":\"WebPage\",\"@id\":\"https:\\\/\\\/klf.fr\\\/fr\\\/annecy\\\/cours-francais-adultes\\\/preparation-aux-examens\\\/\",\"url\":\"https:\\\/\\\/klf.fr\\\/fr\\\/annecy\\\/cours-francais-adultes\\\/preparation-aux-examens\\\/\",\"name\":\"Pr\u00e9paration aux examens Premium \u00e0 Annecy - Keep Learning French\",\"isPartOf\":{\"@id\":\"https:\\\/\\\/klf.fr\\\/fr\\\/#website\"},\"primaryImageOfPage\":{\"@id\":\"https:\\\/\\\/klf.fr\\\/fr\\\/annecy\\\/cours-francais-adultes\\\/preparation-aux-examens\\\/#primaryimage\"},\"image\":{\"@id\":\"https:\\\/\\\/klf.fr\\\/fr\\\/annecy\\\/cours-francais-adultes\\\/preparation-aux-examens\\\/#primaryimage\"},\"thumbnailUrl\":\"https:\\\/\\\/klf.fr\\\/wp-content\\\/uploads\\\/2024\\\/11\\\/05_KLF_ANNECY_207_websize-1536x1024-1.jpg\",\"datePublished\":\"2026-04-30T19:08:35+00:00\",\"dateModified\":\"2026-04-30T19:08:40+00:00\",\"description\":\"Pr\u00e9parez le DELF B2 ou le DALF C1 \u00e0 IFALPES Annecy avec notre programme Premium. 26 cours en groupe + 4 cours particuliers\\\/semaine, examens blancs et suivi personnalis\u00e9.\",\"breadcrumb\":{\"@id\":\"https:\\\/\\\/klf.fr\\\/fr\\\/annecy\\\/cours-francais-adultes\\\/preparation-aux-examens\\\/#breadcrumb\"},\"inLanguage\":\"fr-FR\",\"potentialAction\":[{\"@type\":\"ReadAction\",\"target\":[\"https:\\\/\\\/klf.fr\\\/fr\\\/annecy\\\/cours-francais-adultes\\\/preparation-aux-examens\\\/\"]}]},{\"@type\":\"ImageObject\",\"inLanguage\":\"fr-FR\",\"@id\":\"https:\\\/\\\/klf.fr\\\/fr\\\/annecy\\\/cours-francais-adultes\\\/preparation-aux-examens\\\/#primaryimage\",\"url\":\"https:\\\/\\\/klf.fr\\\/wp-content\\\/uploads\\\/2024\\\/11\\\/05_KLF_ANNECY_207_websize-1536x1024-1.jpg\",\"contentUrl\":\"https:\\\/\\\/klf.fr\\\/wp-content\\\/uploads\\\/2024\\\/11\\\/05_KLF_ANNECY_207_websize-1536x1024-1.jpg\",\"width\":1536,\"height\":1024,\"caption\":\"Exam Preparation French courses in Ifalpes Annecy\"},{\"@type\":\"BreadcrumbList\",\"@id\":\"https:\\\/\\\/klf.fr\\\/fr\\\/annecy\\\/cours-francais-adultes\\\/preparation-aux-examens\\\/#breadcrumb\",\"itemListElement\":[{\"@type\":\"ListItem\",\"position\":1,\"name\":\"Home\",\"item\":\"https:\\\/\\\/klf.fr\\\/fr\\\/home-2\\\/\"},{\"@type\":\"ListItem\",\"position\":2,\"name\":\"Apprendre le fran\u00e7ais \u00e0 Annecy\",\"item\":\"https:\\\/\\\/klf.fr\\\/fr\\\/annecy\\\/\"},{\"@type\":\"ListItem\",\"position\":3,\"name\":\"Cours de fran\u00e7ais pour les adultes &#8211; Annecy\",\"item\":\"https:\\\/\\\/klf.fr\\\/fr\\\/annecy\\\/cours-francais-adultes\\\/\"},{\"@type\":\"ListItem\",\"position\":4,\"name\":\"Pr\u00e9paration aux examens Premium \u00e0 Annecy\"}]},{\"@type\":\"WebSite\",\"@id\":\"https:\\\/\\\/klf.fr\\\/fr\\\/#website\",\"url\":\"https:\\\/\\\/klf.fr\\\/fr\\\/\",\"name\":\"Keep Learning French\",\"description\":\"Groupe d&#039;\u00e9coles de FLE en France.\",\"publisher\":{\"@id\":\"https:\\\/\\\/klf.fr\\\/fr\\\/#organization\"},\"potentialAction\":[{\"@type\":\"SearchAction\",\"target\":{\"@type\":\"EntryPoint\",\"urlTemplate\":\"https:\\\/\\\/klf.fr\\\/fr\\\/?s={search_term_string}\"},\"query-input\":{\"@type\":\"PropertyValueSpecification\",\"valueRequired\":true,\"valueName\":\"search_term_string\"}}],\"inLanguage\":\"fr-FR\"},{\"@type\":[\"Organization\",\"Place\"],\"@id\":\"https:\\\/\\\/klf.fr\\\/fr\\\/#organization\",\"name\":\"Keep Learning French\",\"url\":\"https:\\\/\\\/klf.fr\\\/fr\\\/\",\"logo\":{\"@id\":\"https:\\\/\\\/klf.fr\\\/fr\\\/annecy\\\/cours-francais-adultes\\\/preparation-aux-examens\\\/#local-main-organization-logo\"},\"image\":{\"@id\":\"https:\\\/\\\/klf.fr\\\/fr\\\/annecy\\\/cours-francais-adultes\\\/preparation-aux-examens\\\/#local-main-organization-logo\"},\"sameAs\":[\"https:\\\/\\\/linkedin.com\\\/school\\\/keep-learning-french\\\/\"],\"telephone\":[],\"openingHoursSpecification\":[{\"@type\":\"OpeningHoursSpecification\",\"dayOfWeek\":[\"Monday\",\"Tuesday\",\"Wednesday\",\"Thursday\",\"Friday\",\"Saturday\",\"Sunday\"],\"opens\":\"09:00\",\"closes\":\"17:00\"}]},{\"@type\":\"ImageObject\",\"inLanguage\":\"fr-FR\",\"@id\":\"https:\\\/\\\/klf.fr\\\/fr\\\/annecy\\\/cours-francais-adultes\\\/preparation-aux-examens\\\/#local-main-organization-logo\",\"url\":\"https:\\\/\\\/klf.fr\\\/wp-content\\\/uploads\\\/2020\\\/09\\\/klf-favicon.png\",\"contentUrl\":\"https:\\\/\\\/klf.fr\\\/wp-content\\\/uploads\\\/2020\\\/09\\\/klf-favicon.png\",\"width\":200,\"height\":200,\"caption\":\"Keep Learning French\"}]}<\/script>\n<!-- \/ Yoast SEO Premium plugin. -->","yoast_head_json":{"title":"Pr\u00e9paration aux examens Premium \u00e0 Annecy - Keep Learning French","description":"Pr\u00e9parez le DELF B2 ou le DALF C1 \u00e0 IFALPES Annecy avec notre programme Premium. 26 cours en groupe + 4 cours particuliers\/semaine, examens blancs et suivi personnalis\u00e9.","robots":{"index":"index","follow":"follow","max-snippet":"max-snippet:-1","max-image-preview":"max-image-preview:large","max-video-preview":"max-video-preview:-1"},"canonical":"https:\/\/klf.fr\/fr\/annecy\/cours-francais-adultes\/preparation-aux-examens\/","og_locale":"fr_FR","og_type":"article","og_title":"Pr\u00e9paration aux examens Premium \u00e0 Annecy","og_description":"Pr\u00e9parez le DELF B2 ou le DALF C1 \u00e0 IFALPES Annecy avec notre programme Premium. 26 cours en groupe + 4 cours particuliers\/semaine, examens blancs et suivi personnalis\u00e9.","og_url":"https:\/\/klf.fr\/fr\/annecy\/cours-francais-adultes\/preparation-aux-examens\/","og_site_name":"Keep Learning French","article_modified_time":"2026-04-30T19:08:40+00:00","og_image":[{"width":1536,"height":1024,"url":"https:\/\/klf.fr\/wp-content\/uploads\/2024\/11\/05_KLF_ANNECY_207_websize-1536x1024-1.jpg","type":"image\/jpeg"}],"twitter_card":"summary_large_image","twitter_misc":{"Dur\u00e9e de lecture estim\u00e9e":"4 minutes"},"schema":{"@context":"https:\/\/schema.org","@graph":[{"@type":"WebPage","@id":"https:\/\/klf.fr\/fr\/annecy\/cours-francais-adultes\/preparation-aux-examens\/","url":"https:\/\/klf.fr\/fr\/annecy\/cours-francais-adultes\/preparation-aux-examens\/","name":"Pr\u00e9paration aux examens Premium \u00e0 Annecy - Keep Learning French","isPartOf":{"@id":"https:\/\/klf.fr\/fr\/#website"},"primaryImageOfPage":{"@id":"https:\/\/klf.fr\/fr\/annecy\/cours-francais-adultes\/preparation-aux-examens\/#primaryimage"},"image":{"@id":"https:\/\/klf.fr\/fr\/annecy\/cours-francais-adultes\/preparation-aux-examens\/#primaryimage"},"thumbnailUrl":"https:\/\/klf.fr\/wp-content\/uploads\/2024\/11\/05_KLF_ANNECY_207_websize-1536x1024-1.jpg","datePublished":"2026-04-30T19:08:35+00:00","dateModified":"2026-04-30T19:08:40+00:00","description":"Pr\u00e9parez le DELF B2 ou le DALF C1 \u00e0 IFALPES Annecy avec notre programme Premium. 26 cours en groupe + 4 cours particuliers\/semaine, examens blancs et suivi personnalis\u00e9.","breadcrumb":{"@id":"https:\/\/klf.fr\/fr\/annecy\/cours-francais-adultes\/preparation-aux-examens\/#breadcrumb"},"inLanguage":"fr-FR","potentialAction":[{"@type":"ReadAction","target":["https:\/\/klf.fr\/fr\/annecy\/cours-francais-adultes\/preparation-aux-examens\/"]}]},{"@type":"ImageObject","inLanguage":"fr-FR","@id":"https:\/\/klf.fr\/fr\/annecy\/cours-francais-adultes\/preparation-aux-examens\/#primaryimage","url":"https:\/\/klf.fr\/wp-content\/uploads\/2024\/11\/05_KLF_ANNECY_207_websize-1536x1024-1.jpg","contentUrl":"https:\/\/klf.fr\/wp-content\/uploads\/2024\/11\/05_KLF_ANNECY_207_websize-1536x1024-1.jpg","width":1536,"height":1024,"caption":"Exam Preparation French courses in Ifalpes Annecy"},{"@type":"BreadcrumbList","@id":"https:\/\/klf.fr\/fr\/annecy\/cours-francais-adultes\/preparation-aux-examens\/#breadcrumb","itemListElement":[{"@type":"ListItem","position":1,"name":"Home","item":"https:\/\/klf.fr\/fr\/home-2\/"},{"@type":"ListItem","position":2,"name":"Apprendre le fran\u00e7ais \u00e0 Annecy","item":"https:\/\/klf.fr\/fr\/annecy\/"},{"@type":"ListItem","position":3,"name":"Cours de fran\u00e7ais pour les adultes &#8211; Annecy","item":"https:\/\/klf.fr\/fr\/annecy\/cours-francais-adultes\/"},{"@type":"ListItem","position":4,"name":"Pr\u00e9paration aux examens Premium \u00e0 Annecy"}]},{"@type":"WebSite","@id":"https:\/\/klf.fr\/fr\/#website","url":"https:\/\/klf.fr\/fr\/","name":"Keep Learning French","description":"Groupe d&#039;\u00e9coles de FLE en France.","publisher":{"@id":"https:\/\/klf.fr\/fr\/#organization"},"potentialAction":[{"@type":"SearchAction","target":{"@type":"EntryPoint","urlTemplate":"https:\/\/klf.fr\/fr\/?s={search_term_string}"},"query-input":{"@type":"PropertyValueSpecification","valueRequired":true,"valueName":"search_term_string"}}],"inLanguage":"fr-FR"},{"@type":["Organization","Place"],"@id":"https:\/\/klf.fr\/fr\/#organization","name":"Keep Learning French","url":"https:\/\/klf.fr\/fr\/","logo":{"@id":"https:\/\/klf.fr\/fr\/annecy\/cours-francais-adultes\/preparation-aux-examens\/#local-main-organization-logo"},"image":{"@id":"https:\/\/klf.fr\/fr\/annecy\/cours-francais-adultes\/preparation-aux-examens\/#local-main-organization-logo"},"sameAs":["https:\/\/linkedin.com\/school\/keep-learning-french\/"],"telephone":[],"openingHoursSpecification":[{"@type":"OpeningHoursSpecification","dayOfWeek":["Monday","Tuesday","Wednesday","Thursday","Friday","Saturday","Sunday"],"opens":"09:00","closes":"17:00"}]},{"@type":"ImageObject","inLanguage":"fr-FR","@id":"https:\/\/klf.fr\/fr\/annecy\/cours-francais-adultes\/preparation-aux-examens\/#local-main-organization-logo","url":"https:\/\/klf.fr\/wp-content\/uploads\/2020\/09\/klf-favicon.png","contentUrl":"https:\/\/klf.fr\/wp-content\/uploads\/2020\/09\/klf-favicon.png","width":200,"height":200,"caption":"Keep Learning French"}]}},"_links":{"self":[{"href":"https:\/\/klf.fr\/fr\/wp-json\/wp\/v2\/pages\/46126","targetHints":{"allow":["GET"]}}],"collection":[{"href":"https:\/\/klf.fr\/fr\/wp-json\/wp\/v2\/pages"}],"about":[{"href":"https:\/\/klf.fr\/fr\/wp-json\/wp\/v2\/types\/page"}],"author":[{"embeddable":true,"href":"https:\/\/klf.fr\/fr\/wp-json\/wp\/v2\/users\/15"}],"replies":[{"embeddable":true,"href":"https:\/\/klf.fr\/fr\/wp-json\/wp\/v2\/comments?post=46126"}],"version-history":[{"count":2,"href":"https:\/\/klf.fr\/fr\/wp-json\/wp\/v2\/pages\/46126\/revisions"}],"predecessor-version":[{"id":46128,"href":"https:\/\/klf.fr\/fr\/wp-json\/wp\/v2\/pages\/46126\/revisions\/46128"}],"up":[{"embeddable":true,"href":"https:\/\/klf.fr\/fr\/wp-json\/wp\/v2\/pages\/30818"}],"wp:featuredmedia":[{"embeddable":true,"href":"https:\/\/klf.fr\/fr\/wp-json\/wp\/v2\/media\/25082"}],"wp:attachment":[{"href":"https:\/\/klf.fr\/fr\/wp-json\/wp\/v2\/media?parent=46126"}],"wp:term":[{"taxonomy":"language-product","embeddable":true,"href":"https:\/\/klf.fr\/fr\/wp-json\/wp\/v2\/language-product?post=46126"},{"taxonomy":"type-product","embeddable":true,"href":"https:\/\/klf.fr\/fr\/wp-json\/wp\/v2\/type-product?post=46126"},{"taxonomy":"city-product","embeddable":true,"href":"https:\/\/klf.fr\/fr\/wp-json\/wp\/v2\/city-product?post=46126"},{"taxonomy":"course-category","embeddable":true,"href":"https:\/\/klf.fr\/fr\/wp-json\/wp\/v2\/course-category?post=46126"},{"taxonomy":"folder","embeddable":true,"href":"https:\/\/klf.fr\/fr\/wp-json\/wp\/v2\/folder?post=46126"}],"curies":[{"name":"wp","href":"https:\/\/api.w.org\/{rel}","templated":true}]}}