{"id":45373,"date":"2026-03-30T12:16:01","date_gmt":"2026-03-30T10:16:01","guid":{"rendered":"https:\/\/klf.fr\/toulouse\/cours-francais-adultes\/cours-francais-soir-toulouse\/"},"modified":"2026-03-31T16:06:42","modified_gmt":"2026-03-31T14:06:42","slug":"cours-francais-soir-toulouse","status":"publish","type":"page","link":"https:\/\/klf.fr\/fr\/toulouse\/cours-francais-adultes\/cours-francais-soir-toulouse\/","title":{"rendered":"Cours de fran\u00e7ais du soir \u00e0 Toulouse"},"content":{"rendered":"\t\t<div data-elementor-type=\"wp-page\" data-elementor-id=\"45373\" class=\"elementor elementor-45373 elementor-26601\" data-elementor-post-type=\"page\">\n\t\t\t\t<div class=\"elementor-element elementor-element-3134d62 e-flex e-con-boxed e-con e-parent\" data-id=\"3134d62\" data-element_type=\"container\" data-e-type=\"container\" data-settings=\"{&quot;ekit_has_onepagescroll_dot&quot;:&quot;yes&quot;}\">\n\t\t\t\t\t<div class=\"e-con-inner\">\n\t\t<div class=\"elementor-element elementor-element-6cb52ed e-con-full e-flex e-con e-child\" data-id=\"6cb52ed\" data-element_type=\"container\" data-e-type=\"container\" data-settings=\"{&quot;ekit_has_onepagescroll_dot&quot;:&quot;yes&quot;}\">\n\t\t\t\t<div class=\"elementor-element elementor-element-904953a elementor-widget elementor-widget-breadcrumbs\" data-id=\"904953a\" data-element_type=\"widget\" data-e-type=\"widget\" data-settings=\"{&quot;ekit_we_effect_on&quot;:&quot;none&quot;}\" data-widget_type=\"breadcrumbs.default\">\n\t\t\t\t\t<p id=\"breadcrumbs\"><span><span><a href=\"https:\/\/klf.fr\/fr\/home-2\/\">Home<\/a><\/span><\/span><\/p>\t\t\t\t<\/div>\n\t\t<div class=\"elementor-element elementor-element-1625346 e-con-full e-flex e-con e-child\" data-id=\"1625346\" data-element_type=\"container\" data-e-type=\"container\" data-settings=\"{&quot;ekit_has_onepagescroll_dot&quot;:&quot;yes&quot;}\">\n\t\t<div class=\"elementor-element elementor-element-9185ba1 e-con-full e-flex e-con e-child\" data-id=\"9185ba1\" data-element_type=\"container\" data-e-type=\"container\" data-settings=\"{&quot;background_background&quot;:&quot;classic&quot;,&quot;ekit_has_onepagescroll_dot&quot;:&quot;yes&quot;}\">\n\t\t\t\t<div class=\"elementor-element elementor-element-b8850d8 elementor-widget elementor-widget-heading\" data-id=\"b8850d8\" data-element_type=\"widget\" data-e-type=\"widget\" data-settings=\"{&quot;ekit_we_effect_on&quot;:&quot;none&quot;}\" data-widget_type=\"heading.default\">\n\t\t\t\t\t<h1 class=\"elementor-heading-title elementor-size-default\">Cours de fran\u00e7ais du soir \u00e0 Toulouse<\/h1>\t\t\t\t<\/div>\n\t\t\t\t<div class=\"elementor-element elementor-element-2fbfa61 elementor-widget elementor-widget-text-editor\" data-id=\"2fbfa61\" data-element_type=\"widget\" data-e-type=\"widget\" data-settings=\"{&quot;ekit_we_effect_on&quot;:&quot;none&quot;}\" data-widget_type=\"text-editor.default\">\n\t\t\t\t\t\t\t\t\t<p>Am\u00e9liorez votre fran\u00e7ais apr\u00e8s le travail ou apr\u00e8s vos cours gr\u00e2ce \u00e0 notre cours de fran\u00e7ais du soir \u00e0 Toulouse. Con\u00e7u pour les adultes vivant \u00e0 Toulouse ou dans ses environs, ce programme en pr\u00e9sentiel combine un emploi du temps pratique avec un apprentissage interactif en classe. <\/p><p>Avec deux s\u00e9ances en soir\u00e9e par semaine, de petits groupes et un fort accent sur la communication en situations r\u00e9elles, c\u2019est une formule id\u00e9ale pour les apprenants qui souhaitent progresser r\u00e9guli\u00e8rement en fran\u00e7ais sans suivre de cours en journ\u00e9e.<br><br><\/p>\t\t\t\t\t\t\t\t<\/div>\n\t\t\t\t<div class=\"elementor-element elementor-element-97df1bc elementor-widget elementor-widget-button\" data-id=\"97df1bc\" data-element_type=\"widget\" data-e-type=\"widget\" data-settings=\"{&quot;ekit_we_effect_on&quot;:&quot;none&quot;}\" data-widget_type=\"button.default\">\n\t\t\t\t\t\t\t\t\t\t<a class=\"elementor-button elementor-button-link elementor-size-sm\" href=\"https:\/\/cix3cixx3x3.typeform.com\/to\/n7W7ZHjX\">\n\t\t\t\t\t\t<span class=\"elementor-button-content-wrapper\">\n\t\t\t\t\t\t\t\t\t<span class=\"elementor-button-text\">Testez votre niveau de fran\u00e7ais<\/span>\n\t\t\t\t\t<\/span>\n\t\t\t\t\t<\/a>\n\t\t\t\t\t\t\t\t<\/div>\n\t\t\t\t<\/div>\n\t\t<div class=\"elementor-element elementor-element-034cec2 e-con-full e-flex e-con e-child\" data-id=\"034cec2\" data-element_type=\"container\" data-e-type=\"container\" data-settings=\"{&quot;ekit_has_onepagescroll_dot&quot;:&quot;yes&quot;}\">\n\t\t<div class=\"elementor-element elementor-element-0cc0f3c e-con-full e-flex e-con e-child\" data-id=\"0cc0f3c\" data-element_type=\"container\" data-e-type=\"container\" data-settings=\"{&quot;ekit_has_onepagescroll_dot&quot;:&quot;yes&quot;}\">\n\t\t<div class=\"elementor-element elementor-element-5a84744 e-con-full e-flex e-con e-child\" data-id=\"5a84744\" data-element_type=\"container\" data-e-type=\"container\" data-settings=\"{&quot;ekit_has_onepagescroll_dot&quot;:&quot;yes&quot;}\">\n\t\t<div class=\"elementor-element elementor-element-0ede9b8 e-con-full e-flex e-con e-child\" data-id=\"0ede9b8\" data-element_type=\"container\" data-e-type=\"container\" data-settings=\"{&quot;ekit_has_onepagescroll_dot&quot;:&quot;yes&quot;}\">\n\t\t\t\t<div class=\"elementor-element elementor-element-e8bd806 elementor-widget elementor-widget-heading\" data-id=\"e8bd806\" data-element_type=\"widget\" data-e-type=\"widget\" data-settings=\"{&quot;ekit_we_effect_on&quot;:&quot;none&quot;}\" data-widget_type=\"heading.default\">\n\t\t\t\t\t<h2 class=\"elementor-heading-title elementor-size-default\">\u00e0 partir de<\/h2>\t\t\t\t<\/div>\n\t\t\t\t<div class=\"elementor-element elementor-element-ae195db elementor-widget elementor-widget-elementskit-heading\" data-id=\"ae195db\" data-element_type=\"widget\" data-e-type=\"widget\" data-settings=\"{&quot;ekit_we_effect_on&quot;:&quot;none&quot;}\" data-widget_type=\"elementskit-heading.default\">\n\t\t\t\t\t<div class=\"ekit-wid-con\" ><div class=\"ekit-heading elementskit-section-title-wraper text_left   ekit_heading_tablet-   ekit_heading_mobile-\"><h2 class=\"ekit-heading--title elementskit-section-title \"><span><span>500\u20ac<\/span><\/span> \/ 12 Semaines<\/h2><\/div><\/div>\t\t\t\t<\/div>\n\t\t\t\t<div class=\"elementor-element elementor-element-a7e4c0c elementor-widget elementor-widget-heading\" data-id=\"a7e4c0c\" data-element_type=\"widget\" data-e-type=\"widget\" data-settings=\"{&quot;ekit_we_effect_on&quot;:&quot;none&quot;}\" data-widget_type=\"heading.default\">\n\t\t\t\t\t<h2 class=\"elementor-heading-title elementor-size-default\">Comprend :<\/h2>\t\t\t\t<\/div>\n\t\t\t\t<div class=\"elementor-element elementor-element-6da3fbd elementor-align-start elementor-icon-list--layout-traditional elementor-list-item-link-full_width elementor-widget elementor-widget-icon-list\" data-id=\"6da3fbd\" data-element_type=\"widget\" data-e-type=\"widget\" data-settings=\"{&quot;ekit_we_effect_on&quot;:&quot;none&quot;}\" data-widget_type=\"icon-list.default\">\n\t\t\t\t\t\t\t<ul class=\"elementor-icon-list-items\">\n\t\t\t\t\t\t\t<li class=\"elementor-icon-list-item\">\n\t\t\t\t\t\t\t\t\t\t\t<span class=\"elementor-icon-list-icon\">\n\t\t\t\t\t\t\t<i aria-hidden=\"true\" class=\"icon icon-book\"><\/i>\t\t\t\t\t\t<\/span>\n\t\t\t\t\t\t\t\t\t\t<span class=\"elementor-icon-list-text\">Le\u00e7ons\/semaine : 4 (45 minutes chacune)<\/span>\n\t\t\t\t\t\t\t\t\t<\/li>\n\t\t\t\t\t\t\t\t<li class=\"elementor-icon-list-item\">\n\t\t\t\t\t\t\t\t\t\t\t<span class=\"elementor-icon-list-icon\">\n\t\t\t\t\t\t\t<i aria-hidden=\"true\" class=\"far fa-user\"><\/i>\t\t\t\t\t\t<\/span>\n\t\t\t\t\t\t\t\t\t\t<span class=\"elementor-icon-list-text\">\u00c9l\u00e8ves\/classe : 8-14 (Moyenne 8)<\/span>\n\t\t\t\t\t\t\t\t\t<\/li>\n\t\t\t\t\t\t\t\t<li class=\"elementor-icon-list-item\">\n\t\t\t\t\t\t\t\t\t\t\t<span class=\"elementor-icon-list-icon\">\n\t\t\t\t\t\t\t<i aria-hidden=\"true\" class=\"fas fa-level-up-alt\"><\/i>\t\t\t\t\t\t<\/span>\n\t\t\t\t\t\t\t\t\t\t<span class=\"elementor-icon-list-text\">A2 - B2<\/span>\n\t\t\t\t\t\t\t\t\t<\/li>\n\t\t\t\t\t\t\t\t<li class=\"elementor-icon-list-item\">\n\t\t\t\t\t\t\t\t\t\t\t<span class=\"elementor-icon-list-icon\">\n\t\t\t\t\t\t\t<i aria-hidden=\"true\" class=\"fas fa-running\"><\/i>\t\t\t\t\t\t<\/span>\n\t\t\t\t\t\t\t\t\t\t<span class=\"elementor-icon-list-text\">\u00c2ge minimum : 16<\/span>\n\t\t\t\t\t\t\t\t\t<\/li>\n\t\t\t\t\t\t\t\t<li class=\"elementor-icon-list-item\">\n\t\t\t\t\t\t\t\t\t\t\t<span class=\"elementor-icon-list-icon\">\n\t\t\t\t\t\t\t<i aria-hidden=\"true\" class=\"far fa-calendar-alt\"><\/i>\t\t\t\t\t\t<\/span>\n\t\t\t\t\t\t\t\t\t\t<span class=\"elementor-icon-list-text\">Les lundis et mercredis de 19h00 \u00e0 20h30<\/span>\n\t\t\t\t\t\t\t\t\t<\/li>\n\t\t\t\t\t\t\t\t<li class=\"elementor-icon-list-item\">\n\t\t\t\t\t\t\t\t\t\t\t<span class=\"elementor-icon-list-icon\">\n\t\t\t\t\t\t\t<i aria-hidden=\"true\" class=\"far fa-calendar-check\"><\/i>\t\t\t\t\t\t<\/span>\n\t\t\t\t\t\t\t\t\t\t<span class=\"elementor-icon-list-text\">Rentr\u00e9e une fois par mois, le lundi<\/span>\n\t\t\t\t\t\t\t\t\t<\/li>\n\t\t\t\t\t\t<\/ul>\n\t\t\t\t\t\t<\/div>\n\t\t<div class=\"elementor-element elementor-element-bcf92ff e-con-full e-flex e-con e-child\" data-id=\"bcf92ff\" data-element_type=\"container\" data-e-type=\"container\" data-settings=\"{&quot;ekit_has_onepagescroll_dot&quot;:&quot;yes&quot;}\">\n\t\t\t\t<div class=\"elementor-element elementor-element-a774c22 elementor-widget elementor-widget-heading\" data-id=\"a774c22\" data-element_type=\"widget\" data-e-type=\"widget\" data-settings=\"{&quot;ekit_we_effect_on&quot;:&quot;none&quot;}\" data-widget_type=\"heading.default\">\n\t\t\t\t\t<h2 class=\"elementor-heading-title elementor-size-default\">Inclus :<\/h2>\t\t\t\t<\/div>\n\t\t\t\t<div class=\"elementor-element elementor-element-772c990 elementor-align-start elementor-icon-list--layout-traditional elementor-list-item-link-full_width elementor-widget elementor-widget-icon-list\" data-id=\"772c990\" data-element_type=\"widget\" data-e-type=\"widget\" data-settings=\"{&quot;ekit_we_effect_on&quot;:&quot;none&quot;}\" data-widget_type=\"icon-list.default\">\n\t\t\t\t\t\t\t<ul class=\"elementor-icon-list-items\">\n\t\t\t\t\t\t\t<li class=\"elementor-icon-list-item\">\n\t\t\t\t\t\t\t\t\t\t\t<span class=\"elementor-icon-list-icon\">\n\t\t\t\t\t\t\t<i aria-hidden=\"true\" class=\"far fa-address-card\"><\/i>\t\t\t\t\t\t<\/span>\n\t\t\t\t\t\t\t\t\t\t<span class=\"elementor-icon-list-text\">Test d'\u00e9valuation<\/span>\n\t\t\t\t\t\t\t\t\t<\/li>\n\t\t\t\t\t\t\t\t<li class=\"elementor-icon-list-item\">\n\t\t\t\t\t\t\t\t\t\t\t<span class=\"elementor-icon-list-icon\">\n\t\t\t\t\t\t\t<i aria-hidden=\"true\" class=\"fas fa-chalkboard-teacher\"><\/i>\t\t\t\t\t\t<\/span>\n\t\t\t\t\t\t\t\t\t\t<span class=\"elementor-icon-list-text\">Soutien p\u00e9dagogique de la part de votre professeur<\/span>\n\t\t\t\t\t\t\t\t\t<\/li>\n\t\t\t\t\t\t<\/ul>\n\t\t\t\t\t\t<\/div>\n\t\t<div class=\"elementor-element elementor-element-463bf8e e-con-full e-flex e-con e-child\" data-id=\"463bf8e\" data-element_type=\"container\" data-e-type=\"container\" data-settings=\"{&quot;ekit_has_onepagescroll_dot&quot;:&quot;yes&quot;}\">\n\t\t\t\t<div class=\"elementor-element elementor-element-bfd9a5e elementor-align-center elementor-widget elementor-widget-elementskit-button\" data-id=\"bfd9a5e\" data-element_type=\"widget\" data-e-type=\"widget\" data-settings=\"{&quot;ekit_we_effect_on&quot;:&quot;none&quot;}\" data-widget_type=\"elementskit-button.default\">\n\t\t\t\t\t<div class=\"ekit-wid-con\" >\t\t<div class=\"ekit-btn-wraper\">\n\t\t\t\t\t\t\t<a href=\"https:\/\/klf.fr\/toulouse\/french-course-in-toulouse-booking\/\" target=\"_blank\" class=\"elementskit-btn  whitespace--normal\" id=\"\">\n\t\t\t\t\tR\u00e9server\t\t\t\t<\/a>\n\t\t\t\t\t<\/div>\n        <\/div>\t\t\t\t<\/div>\n\t\t\t\t<\/div>\n\t\t\t\t<\/div>\n\t\t\t\t<\/div>\n\t\t\t\t<\/div>\n\t\t\t\t<\/div>\n\t\t\t\t<\/div>\n\t\t\t\t<\/div>\n\t\t\t\t<\/div>\n\t\t\t\t\t<\/div>\n\t\t\t\t<\/div>\n\t\t<div class=\"elementor-element elementor-element-b150066 e-flex e-con-boxed e-con e-parent\" data-id=\"b150066\" data-element_type=\"container\" data-e-type=\"container\" data-settings=\"{&quot;ekit_has_onepagescroll_dot&quot;:&quot;yes&quot;}\">\n\t\t\t\t\t<div class=\"e-con-inner\">\n\t\t<div class=\"elementor-element elementor-element-6b7ea8f e-con-full e-flex e-con e-child\" data-id=\"6b7ea8f\" data-element_type=\"container\" data-e-type=\"container\" data-settings=\"{&quot;ekit_has_onepagescroll_dot&quot;:&quot;yes&quot;}\">\n\t\t\t\t<div class=\"elementor-element elementor-element-55a41ab elementor-widget elementor-widget-heading\" data-id=\"55a41ab\" data-element_type=\"widget\" data-e-type=\"widget\" data-settings=\"{&quot;ekit_we_effect_on&quot;:&quot;none&quot;}\" data-widget_type=\"heading.default\">\n\t\t\t\t\t<h2 class=\"elementor-heading-title elementor-size-default\">Horaires du soir flexibles<\/h2>\t\t\t\t<\/div>\n\t\t\t\t<div class=\"elementor-element elementor-element-91bda28 elementor-widget elementor-widget-heading\" data-id=\"91bda28\" data-element_type=\"widget\" data-e-type=\"widget\" data-settings=\"{&quot;ekit_we_effect_on&quot;:&quot;none&quot;}\" data-widget_type=\"heading.default\">\n\t\t\t\t\t<h2 class=\"elementor-heading-title elementor-size-default\"> Cours du soir flexibles<\/h2>\t\t\t\t<\/div>\n\t\t\t\t<div class=\"elementor-element elementor-element-208ab76 elementor-widget elementor-widget-text-editor\" data-id=\"208ab76\" data-element_type=\"widget\" data-e-type=\"widget\" data-settings=\"{&quot;ekit_we_effect_on&quot;:&quot;none&quot;}\" data-widget_type=\"text-editor.default\">\n\t\t\t\t\t\t\t\t\t<p>Rejoignez notre cours de fran\u00e7ais du soir flexible \u00e0 Toulouse chez Langue Onze, con\u00e7u pour les professionnels, les \u00e9tudiants, les expatri\u00e9s et les habitants de la ville ayant un emploi du temps charg\u00e9 en journ\u00e9e. Ouvert aux apprenants de niveau A2 \u00e0 B2, ce cours de fran\u00e7ais en pr\u00e9sentiel a lieu deux fois par semaine, les lundis et mercredis de 19h00 \u00e0 20h30, en petits groupes internationaux. <\/p><p>Le programme s\u2019\u00e9tend sur 12 semaines minimum, avec des rentr\u00e9es chaque mois, ce qui en fait une solution pratique pour les adultes qui souhaitent am\u00e9liorer leur fran\u00e7ais de fa\u00e7on r\u00e9guli\u00e8re tout en conservant leur rythme habituel. Avec 4 le\u00e7ons par semaine, le cours met l\u2019accent sur la communication dans des situations de la vie r\u00e9elle, afin de vous aider \u00e0 gagner en confiance \u00e0 l\u2019oral, en compr\u00e9hension, en vocabulaire et dans les \u00e9changes du quotidien en fran\u00e7ais. <\/p><p>Dispens\u00e9s en face \u00e0 face \u00e0 Toulouse, et non en ligne, ces cours du soir reposent sur une approche p\u00e9dagogique communicative qui favorise la participation active et une progression concr\u00e8te. Les groupes restent \u00e0 taille humaine, avec 14 \u00e9tudiants maximum, afin que chaque apprenant b\u00e9n\u00e9ficie d\u2019une attention personnalis\u00e9e et d\u2019une pratique orale r\u00e9guli\u00e8re. <\/p><p>Apprendre le fran\u00e7ais apr\u00e8s le travail ne doit pas \u00eatre une contrainte. Ce cours du soir vous offre une mani\u00e8re sereine, r\u00e9guli\u00e8re et efficace de renforcer votre fran\u00e7ais, de rencontrer de nouvelles personnes \u00e0 Toulouse et de vous sentir plus \u00e0 l\u2019aise dans l\u2019usage de la langue au quotidien. <\/p>\t\t\t\t\t\t\t\t<\/div>\n\t\t\t\t<div class=\"elementor-element elementor-element-75aebbb elementor-widget elementor-widget-heading\" data-id=\"75aebbb\" data-element_type=\"widget\" data-e-type=\"widget\" data-settings=\"{&quot;ekit_we_effect_on&quot;:&quot;none&quot;}\" data-widget_type=\"heading.default\">\n\t\t\t\t\t<p class=\"elementor-heading-title elementor-size-default\">Objectifs :<\/p>\t\t\t\t<\/div>\n\t\t\t\t<div class=\"elementor-element elementor-element-2922a65 elementor-icon-list--layout-traditional elementor-list-item-link-full_width elementor-widget elementor-widget-icon-list\" data-id=\"2922a65\" data-element_type=\"widget\" data-e-type=\"widget\" data-settings=\"{&quot;ekit_we_effect_on&quot;:&quot;none&quot;}\" data-widget_type=\"icon-list.default\">\n\t\t\t\t\t\t\t<ul class=\"elementor-icon-list-items\">\n\t\t\t\t\t\t\t<li class=\"elementor-icon-list-item\">\n\t\t\t\t\t\t\t\t\t\t\t<span class=\"elementor-icon-list-icon\">\n\t\t\t\t\t\t\t<i aria-hidden=\"true\" class=\"far fa-check-square\"><\/i>\t\t\t\t\t\t<\/span>\n\t\t\t\t\t\t\t\t\t\t<span class=\"elementor-icon-list-text\">Horaire flexible : Cours du soir deux fois par semaine pendant une heure et demie.<\/span>\n\t\t\t\t\t\t\t\t\t<\/li>\n\t\t\t\t\t\t\t\t<li class=\"elementor-icon-list-item\">\n\t\t\t\t\t\t\t\t\t\t\t<span class=\"elementor-icon-list-icon\">\n\t\t\t\t\t\t\t<i aria-hidden=\"true\" class=\"far fa-check-square\"><\/i>\t\t\t\t\t\t<\/span>\n\t\t\t\t\t\t\t\t\t\t<span class=\"elementor-icon-list-text\">Niveaux : adapt\u00e9 aux apprenants du niveau A2 au niveau B2.<\/span>\n\t\t\t\t\t\t\t\t\t<\/li>\n\t\t\t\t\t\t\t\t<li class=\"elementor-icon-list-item\">\n\t\t\t\t\t\t\t\t\t\t\t<span class=\"elementor-icon-list-icon\">\n\t\t\t\t\t\t\t<i aria-hidden=\"true\" class=\"far fa-check-square\"><\/i>\t\t\t\t\t\t<\/span>\n\t\t\t\t\t\t\t\t\t\t<span class=\"elementor-icon-list-text\">Apprentissage interactif : L\u2019accent est mis sur la communication pratique, en mettant l\u2019accent sur des situations r\u00e9elles du quotidien.<\/span>\n\t\t\t\t\t\t\t\t\t<\/li>\n\t\t\t\t\t\t\t\t<li class=\"elementor-icon-list-item\">\n\t\t\t\t\t\t\t\t\t\t\t<span class=\"elementor-icon-list-icon\">\n\t\t\t\t\t\t\t<i aria-hidden=\"true\" class=\"far fa-check-square\"><\/i>\t\t\t\t\t\t<\/span>\n\t\t\t\t\t\t\t\t\t\t<span class=\"elementor-icon-list-text\">Progressez en fran\u00e7ais \u00e0 un rythme compatible avec un mode de vie actif.<\/span>\n\t\t\t\t\t\t\t\t\t<\/li>\n\t\t\t\t\t\t\t\t<li class=\"elementor-icon-list-item\">\n\t\t\t\t\t\t\t\t\t\t\t<span class=\"elementor-icon-list-icon\">\n\t\t\t\t\t\t\t<i aria-hidden=\"true\" class=\"far fa-check-square\"><\/i>\t\t\t\t\t\t<\/span>\n\t\t\t\t\t\t\t\t\t\t<span class=\"elementor-icon-list-text\">Enrichissez votre vocabulaire, gagnez en confiance et corrigez votre grammaire<\/span>\n\t\t\t\t\t\t\t\t\t<\/li>\n\t\t\t\t\t\t\t\t<li class=\"elementor-icon-list-item\">\n\t\t\t\t\t\t\t\t\t\t\t<span class=\"elementor-icon-list-icon\">\n\t\t\t\t\t\t\t<i aria-hidden=\"true\" class=\"far fa-check-square\"><\/i>\t\t\t\t\t\t<\/span>\n\t\t\t\t\t\t\t\t\t\t<span class=\"elementor-icon-list-text\"> S\u00e9ances de groupe personnalis\u00e9es : Les petites classes assurent une attention individuelle et cr\u00e9ent un environnement d\u2019apprentissage propice \u00e0 la progression.<\/span>\n\t\t\t\t\t\t\t\t\t<\/li>\n\t\t\t\t\t\t<\/ul>\n\t\t\t\t\t\t<\/div>\n\t\t\t\t<div class=\"elementor-element elementor-element-0c5e5c9 elementor-widget elementor-widget-heading\" data-id=\"0c5e5c9\" data-element_type=\"widget\" data-e-type=\"widget\" data-settings=\"{&quot;ekit_we_effect_on&quot;:&quot;none&quot;}\" data-widget_type=\"heading.default\">\n\t\t\t\t\t<p class=\"elementor-heading-title elementor-size-default\">Qu'allez-vous apprendre ?<\/p>\t\t\t\t<\/div>\n\t\t\t\t<div class=\"elementor-element elementor-element-25a94a01 elementor-icon-list--layout-traditional elementor-list-item-link-full_width elementor-widget elementor-widget-icon-list\" data-id=\"25a94a01\" data-element_type=\"widget\" data-e-type=\"widget\" data-settings=\"{&quot;ekit_we_effect_on&quot;:&quot;none&quot;}\" data-widget_type=\"icon-list.default\">\n\t\t\t\t\t\t\t<ul class=\"elementor-icon-list-items\">\n\t\t\t\t\t\t\t<li class=\"elementor-icon-list-item\">\n\t\t\t\t\t\t\t\t\t\t\t<span class=\"elementor-icon-list-icon\">\n\t\t\t\t\t\t\t<i aria-hidden=\"true\" class=\"fas fa-arrow-right\"><\/i>\t\t\t\t\t\t<\/span>\n\t\t\t\t\t\t\t\t\t\t<span class=\"elementor-icon-list-text\"><b>Conversation en fran\u00e7ais : <\/b>Am\u00e9liorez votre expression orale et votre compr\u00e9hension orale gr\u00e2ce \u00e0 des activit\u00e9s interactives.<\/span>\n\t\t\t\t\t\t\t\t\t<\/li>\n\t\t\t\t\t\t\t\t<li class=\"elementor-icon-list-item\">\n\t\t\t\t\t\t\t\t\t\t\t<span class=\"elementor-icon-list-icon\">\n\t\t\t\t\t\t\t<i aria-hidden=\"true\" class=\"fas fa-arrow-right\"><\/i>\t\t\t\t\t\t<\/span>\n\t\t\t\t\t\t\t\t\t\t<span class=\"elementor-icon-list-text\"><b>Grammaire et vocabulaire :<\/b> Construisez une base solide en grammaire fran\u00e7aise et \u00e9largissez votre vocabulaire.<\/span>\n\t\t\t\t\t\t\t\t\t<\/li>\n\t\t\t\t\t\t\t\t<li class=\"elementor-icon-list-item\">\n\t\t\t\t\t\t\t\t\t\t\t<span class=\"elementor-icon-list-icon\">\n\t\t\t\t\t\t\t<i aria-hidden=\"true\" class=\"fas fa-arrow-right\"><\/i>\t\t\t\t\t\t<\/span>\n\t\t\t\t\t\t\t\t\t\t<span class=\"elementor-icon-list-text\"><b>Communication au quotidien :<\/b> Apprenez \u00e0 g\u00e9rer des situations courantes telles que se pr\u00e9senter, commander dans un caf\u00e9 ou demander son chemin.<\/span>\n\t\t\t\t\t\t\t\t\t<\/li>\n\t\t\t\t\t\t\t\t<li class=\"elementor-icon-list-item\">\n\t\t\t\t\t\t\t\t\t\t\t<span class=\"elementor-icon-list-icon\">\n\t\t\t\t\t\t\t<i aria-hidden=\"true\" class=\"fas fa-arrow-right\"><\/i>\t\t\t\t\t\t<\/span>\n\t\t\t\t\t\t\t\t\t\t<span class=\"elementor-icon-list-text\">Ouverture culturelle : d\u00e9couvrez les coutumes et traditions fran\u00e7aises pour cr\u00e9er un lien plus authentique avec les habitants.<\/span>\n\t\t\t\t\t\t\t\t\t<\/li>\n\t\t\t\t\t\t<\/ul>\n\t\t\t\t\t\t<\/div>\n\t\t\t\t<div class=\"elementor-element elementor-element-d094713 elementor-widget elementor-widget-html\" data-id=\"d094713\" data-element_type=\"widget\" data-e-type=\"widget\" data-settings=\"{&quot;ekit_we_effect_on&quot;:&quot;none&quot;}\" data-widget_type=\"html.default\">\n\t\t\t\t\t<div class=\"klf2026-wrapper\">\n\n  <div class=\"klf2026-title\">Cours de fran\u00e7ais du soir 2026<\/div>\n\n  <div class=\"klf2026-table-wrap\">\n    <table class=\"klf2026-table\">\n      <thead>\n        <tr>\n          <th style=\"vertical-align: middle;\">Cours<\/th>\n          <th style=\"vertical-align: middle;\">Le\u00e7ons par semaine<\/th>\n          <th style=\"vertical-align: middle;\">12 semaines<\/th>\n          <th style=\"vertical-align: middle;\">Frais d'inscription<\/th>\n          <th style=\"vertical-align: middle;\">\u00c2ge minimum<\/th>\n          <th style=\"vertical-align: middle;\">Niveaux<\/th>\n          <th style=\"vertical-align: middle;\">Horaires<\/th>\n        <\/tr>\n      <\/thead>\n\n      <tbody>\n        <tr>\n          <td class=\"klf-course-name\" style=\"vertical-align: middle;\">Cours de fran\u00e7ais du soir<\/td>\n<td class=\"klf-lessons\" style=\"vertical-align: middle;\">4<\/td> <span class=\"klf-price-tag\">le\u00e7ons par semaine<\/span>\n          <td style=\"vertical-align: middle;\">\n            <div class=\"klf-price-wrap\">\n              <span class=\"klf-price-main\">500 \u20ac<\/span>\n            <\/div>\n          <\/td>\n          <td style=\"vertical-align: middle;\">80 \u20ac<\/td>\n<td style=\"vertical-align: middle;\">16 ans et plus<\/td>\n<td style=\"vertical-align: middle;\">A2 \u00e0 B2<\/td>\n<td style=\"vertical-align: middle;\">Les lundis et les mercredis<br>de 19 h \u00e0 20 h 30<\/td>\n        <\/tr>\n      <\/tbody>\n    <\/table>\n  <\/div>\n\n<\/div>\t\t\t\t<\/div>\n\t\t\t\t<div class=\"elementor-element elementor-element-044cc24 elementor-widget elementor-widget-heading\" data-id=\"044cc24\" data-element_type=\"widget\" data-e-type=\"widget\" data-settings=\"{&quot;ekit_we_effect_on&quot;:&quot;none&quot;}\" data-widget_type=\"heading.default\">\n\t\t\t\t\t<p class=\"elementor-heading-title elementor-size-default\">Plus d'informations <\/p>\t\t\t\t<\/div>\n\t\t\t\t<div class=\"elementor-element elementor-element-9b438b1 elementor-widget__width-inherit elementor-invisible elementor-widget elementor-widget-eael-adv-accordion\" data-id=\"9b438b1\" data-element_type=\"widget\" data-e-type=\"widget\" data-settings=\"{&quot;_animation&quot;:&quot;fadeInRight&quot;,&quot;ekit_we_effect_on&quot;:&quot;none&quot;}\" data-widget_type=\"eael-adv-accordion.default\">\n\t\t\t\t\t            <div class=\"eael-adv-accordion\" id=\"eael-adv-accordion-9b438b1\" data-scroll-on-click=\"no\" data-scroll-speed=\"300\" data-accordion-id=\"9b438b1\" data-accordion-type=\"accordion\" data-toogle-speed=\"300\">\n            <div class=\"eael-accordion-list\">\n\t\t\t\t\t<div id=\"-qui-sadresse-le-cours-de-franais-du-soir-toulouse-\" class=\"elementor-tab-title eael-accordion-header\" tabindex=\"0\" data-tab=\"1\" aria-controls=\"elementor-tab-content-1621\"><span class=\"eael-accordion-tab-title\">\u00c0 qui s\u2019adresse le cours de fran\u00e7ais du soir \u00e0 Toulouse ?<\/span><span class=\"eael-advanced-accordion-icon-closed\"><i aria-hidden=\"true\" class=\"fa-accordion-icon fas fa-plus\"><\/i><\/span><span class=\"eael-advanced-accordion-icon-opened\"><i aria-hidden=\"true\" class=\"fa-accordion-icon fas fa-minus\"><\/i><\/span><\/div><div id=\"elementor-tab-content-1621\" class=\"eael-accordion-content clearfix\" data-tab=\"1\" aria-labelledby=\"-qui-sadresse-le-cours-de-franais-du-soir-toulouse-\"><p>Ce cours de fran\u00e7ais du soir \u00e0 Toulouse s\u2019adresse aux adultes qui souhaitent apprendre ou am\u00e9liorer leur fran\u00e7ais en dehors des horaires de journ\u00e9e. Il convient particuli\u00e8rement aux professionnels, aux \u00e9tudiants, aux expatri\u00e9s et aux habitants de Toulouse ayant un emploi du temps charg\u00e9 en journ\u00e9e. <\/p>\n<\/div>\n\t\t\t\t\t<\/div><div class=\"eael-accordion-list\">\n\t\t\t\t\t<div id=\"le-cours-de-franais-du-soir-est-il-en-ligne-ou-en-prsentiel-\" class=\"elementor-tab-title eael-accordion-header\" tabindex=\"0\" data-tab=\"2\" aria-controls=\"elementor-tab-content-1622\"><span class=\"eael-accordion-tab-title\">Le cours de fran\u00e7ais du soir est-il en ligne ou en pr\u00e9sentiel ?<\/span><span class=\"eael-advanced-accordion-icon-closed\"><i aria-hidden=\"true\" class=\"fa-accordion-icon fas fa-plus\"><\/i><\/span><span class=\"eael-advanced-accordion-icon-opened\"><i aria-hidden=\"true\" class=\"fa-accordion-icon fas fa-minus\"><\/i><\/span><\/div><div id=\"elementor-tab-content-1622\" class=\"eael-accordion-content clearfix\" data-tab=\"2\" aria-labelledby=\"le-cours-de-franais-du-soir-est-il-en-ligne-ou-en-prsentiel-\"><p>Le cours est en pr\u00e9sentiel \u00e0 Toulouse. Il se d\u00e9roule en classe \u00e0 Langue Onze Toulouse et n\u2019est plus propos\u00e9 sous forme de cours du soir en ligne. La page actuelle de KLF Toulouse pr\u00e9sente bien ce format avec des cours du soir en classe.  <\/p>\n<\/div>\n\t\t\t\t\t<\/div><div class=\"eael-accordion-list\">\n\t\t\t\t\t<div id=\"comment-le-cours-est-il-organis-\" class=\"elementor-tab-title eael-accordion-header\" tabindex=\"0\" data-tab=\"3\" aria-controls=\"elementor-tab-content-1623\"><span class=\"eael-accordion-tab-title\">Comment le cours est-il organis\u00e9 ?<\/span><span class=\"eael-advanced-accordion-icon-closed\"><i aria-hidden=\"true\" class=\"fa-accordion-icon fas fa-plus\"><\/i><\/span><span class=\"eael-advanced-accordion-icon-opened\"><i aria-hidden=\"true\" class=\"fa-accordion-icon fas fa-minus\"><\/i><\/span><\/div><div id=\"elementor-tab-content-1623\" class=\"eael-accordion-content clearfix\" data-tab=\"3\" aria-labelledby=\"comment-le-cours-est-il-organis-\"><p>Le programme comprend 4 le\u00e7ons par semaine pendant 12 semaines, avec des cours organis\u00e9s les lundis et mercredis de 19h00 \u00e0 20h30. Cet emploi du temps est con\u00e7u pour s\u2019adapter au travail, aux \u00e9tudes ou \u00e0 toute autre activit\u00e9 en journ\u00e9e. <\/p>\n<\/div>\n\t\t\t\t\t<\/div><div class=\"eael-accordion-list\">\n\t\t\t\t\t<div id=\"quels-progrs-puis-je-esprer-\" class=\"elementor-tab-title eael-accordion-header\" tabindex=\"0\" data-tab=\"4\" aria-controls=\"elementor-tab-content-1624\"><span class=\"eael-accordion-tab-title\">Quels progr\u00e8s puis-je esp\u00e9rer ?<\/span><span class=\"eael-advanced-accordion-icon-closed\"><i aria-hidden=\"true\" class=\"fa-accordion-icon fas fa-plus\"><\/i><\/span><span class=\"eael-advanced-accordion-icon-opened\"><i aria-hidden=\"true\" class=\"fa-accordion-icon fas fa-minus\"><\/i><\/span><\/div><div id=\"elementor-tab-content-1624\" class=\"eael-accordion-content clearfix\" data-tab=\"4\" aria-labelledby=\"quels-progrs-puis-je-esprer-\"><p>Ce cours repose sur une pratique r\u00e9guli\u00e8re et sur la communication. En petits groupes, les participants travaillent l\u2019expression orale, la compr\u00e9hension, le vocabulaire et le fran\u00e7ais pratique dans des situations de la vie r\u00e9elle, ce qui permet une progression utile et r\u00e9guli\u00e8re dans le temps. La p\u00e9dagogie de Langue Onze met \u00e9galement l\u2019accent sur l\u2019interaction et la communication en petits groupes.  <\/p>\n<\/div>\n\t\t\t\t\t<\/div><\/div>\t\t\t\t<\/div>\n\t\t\t\t<div class=\"elementor-element elementor-element-6721709 elementor-widget__width-inherit elementor-invisible elementor-widget elementor-widget-eael-adv-accordion\" data-id=\"6721709\" data-element_type=\"widget\" data-e-type=\"widget\" data-settings=\"{&quot;_animation&quot;:&quot;fadeInRight&quot;,&quot;ekit_we_effect_on&quot;:&quot;none&quot;}\" data-widget_type=\"eael-adv-accordion.default\">\n\t\t\t\t\t            <div class=\"eael-adv-accordion\" id=\"eael-adv-accordion-6721709\" data-scroll-on-click=\"no\" data-scroll-speed=\"300\" data-accordion-id=\"6721709\" data-accordion-type=\"accordion\" data-toogle-speed=\"300\">\n            <div class=\"eael-accordion-list\">\n\t\t\t\t\t<div id=\"je-travaille-tous-les-jours-comment-puis-je-amliorer-mon-franais-toulouse-\" class=\"elementor-tab-title eael-accordion-header\" tabindex=\"0\" data-tab=\"1\" aria-controls=\"elementor-tab-content-1081\"><span class=\"eael-accordion-tab-title\">Je travaille tous les jours, comment puis-je am\u00e9liorer mon fran\u00e7ais \u00e0 Toulouse ?<\/span><span class=\"eael-advanced-accordion-icon-closed\"><i aria-hidden=\"true\" class=\"fa-accordion-icon fas fa-plus\"><\/i><\/span><span class=\"eael-advanced-accordion-icon-opened\"><i aria-hidden=\"true\" class=\"fa-accordion-icon fas fa-minus\"><\/i><\/span><\/div><div id=\"elementor-tab-content-1081\" class=\"eael-accordion-content clearfix\" data-tab=\"1\" aria-labelledby=\"je-travaille-tous-les-jours-comment-puis-je-amliorer-mon-franais-toulouse-\"><p>M\u00eame avec un emploi du temps charg\u00e9, il est tout \u00e0 fait possible d\u2019am\u00e9liorer votre fran\u00e7ais. Les cours de fran\u00e7ais du soir \u00e0 Toulouse sont sp\u00e9cialement con\u00e7us pour les personnes qui travaillent en journ\u00e9e. Vous \u00e9tudiez deux soirs par semaine, dans un format court, efficace et adapt\u00e9 aux professionnels comme aux expatri\u00e9s. Ce rythme vous permet de progresser sans pression, tout en conservant suffisamment de temps pour votre vie personnelle et professionnelle. En combinant ces cours du soir \u00e0 Toulouse avec quelques habitudes simples au quotidien, vous pourrez constater des progr\u00e8s rapides et concrets.    <\/p>\n<\/div>\n\t\t\t\t\t<\/div><div class=\"eael-accordion-list\">\n\t\t\t\t\t<div id=\"est-ce-que-je-vais-vraiment-progresser-avec-des-cours-du-soir-brbr\" class=\"elementor-tab-title eael-accordion-header\" tabindex=\"0\" data-tab=\"2\" aria-controls=\"elementor-tab-content-1082\"><span class=\"eael-accordion-tab-title\">Est-ce que je vais vraiment progresser avec des cours du soir ?<br><br><\/span><span class=\"eael-advanced-accordion-icon-closed\"><i aria-hidden=\"true\" class=\"fa-accordion-icon fas fa-plus\"><\/i><\/span><span class=\"eael-advanced-accordion-icon-opened\"><i aria-hidden=\"true\" class=\"fa-accordion-icon fas fa-minus\"><\/i><\/span><\/div><div id=\"elementor-tab-content-1082\" class=\"eael-accordion-content clearfix\" data-tab=\"2\" aria-labelledby=\"est-ce-que-je-vais-vraiment-progresser-avec-des-cours-du-soir-brbr\"><p>Oui, les cours de fran\u00e7ais du soir permettent une progression r\u00e9elle, m\u00eame si vous ne pouvez pas \u00e9tudier en journ\u00e9e. Les groupes sont r\u00e9duits, ce qui favorise les \u00e9changes, la participation et la pratique orale. Les professeurs adaptent le contenu au niveau de chaque groupe, de A2 \u00e0 B2, et vous b\u00e9n\u00e9ficiez d\u2019un accompagnement p\u00e9dagogique personnalis\u00e9. Avec deux cours par semaine et une pratique r\u00e9guli\u00e8re en dehors de la classe, vous renforcerez votre grammaire, votre vocabulaire et votre aisance \u00e0 l\u2019oral. De nombreux apprenants constatent des progr\u00e8s visibles apr\u00e8s seulement quelques semaines.    <\/p>\n<\/div>\n\t\t\t\t\t<\/div><\/div>\t\t\t\t<\/div>\n\t\t<div class=\"elementor-element elementor-element-ffca16b e-con-full e-flex e-con e-child\" data-id=\"ffca16b\" data-element_type=\"container\" data-e-type=\"container\" data-settings=\"{&quot;ekit_has_onepagescroll_dot&quot;:&quot;yes&quot;}\">\n\t\t\t\t<div class=\"elementor-element elementor-element-a870157 elementor-widget elementor-widget-heading\" data-id=\"a870157\" data-element_type=\"widget\" data-e-type=\"widget\" data-settings=\"{&quot;ekit_we_effect_on&quot;:&quot;none&quot;}\" data-widget_type=\"heading.default\">\n\t\t\t\t\t<p class=\"elementor-heading-title elementor-size-default\">Avez-vous une question ?<\/p>\t\t\t\t<\/div>\n\t\t\t\t<div class=\"elementor-element elementor-element-898ecd0 elementor-widget elementor-widget-hubspot-form\" data-id=\"898ecd0\" data-element_type=\"widget\" data-e-type=\"widget\" data-settings=\"{&quot;ekit_we_effect_on&quot;:&quot;none&quot;}\" data-widget_type=\"hubspot-form.default\">\n\t\t\t\t<div class=\"elementor-widget-container\">\n\t\t\t\t\t\n\t\t\t\t\t\t<script>\n\t\t\t\t\t\t\twindow.hsFormsOnReady = window.hsFormsOnReady || [];\n\t\t\t\t\t\t\twindow.hsFormsOnReady.push(()=>{\n\t\t\t\t\t\t\t\thbspt.forms.create({\n\t\t\t\t\t\t\t\t\tportalId: 2851295,\n\t\t\t\t\t\t\t\t\tformId: \"a53c5b23-ee85-469c-ba95-952cd8863def\",\n\t\t\t\t\t\t\t\t\ttarget: \"#hbspt-form-1777495382000-6736676531\",\n\t\t\t\t\t\t\t\t\tregion: \"na1\",\n\t\t\t\t\t\t\t\t\t\n\t\t\t\t\t\t\t})});\n\t\t\t\t\t\t<\/script>\n\t\t\t\t\t\t<div class=\"hbspt-form\" id=\"hbspt-form-1777495382000-6736676531\"><\/div>\t\t\t\t<\/div>\n\t\t\t\t<\/div>\n\t\t\t\t<\/div>\n\t\t\t\t<\/div>\n\t\t\t\t\t<\/div>\n\t\t\t\t<\/div>\n\t\t\t\t<\/div>\n\t\t","protected":false},"excerpt":{"rendered":"<p>Cours de fran\u00e7ais du soir \u00e0 Toulouse Am\u00e9liorez votre fran\u00e7ais apr\u00e8s le travail ou apr\u00e8s vos cours gr\u00e2ce \u00e0 notre cours de fran\u00e7ais du soir \u00e0 Toulouse. Con\u00e7u pour les adultes vivant \u00e0 Toulouse ou dans ses environs, ce programme en pr\u00e9sentiel combine un emploi du temps pratique avec un apprentissage interactif en classe. Avec [&hellip;]<\/p>\n","protected":false},"author":15,"featured_media":0,"parent":34421,"menu_order":0,"comment_status":"closed","ping_status":"closed","template":"elementor_header_footer","meta":{"content-type":"","footnotes":""},"language-product":[],"type-product":[],"city-product":[],"course-category":[],"folder":[220],"class_list":["post-45373","page","type-page","status-publish","hentry"],"yoast_head":"<!-- This site is optimized with the Yoast SEO Premium plugin v27.4 (Yoast SEO v27.4) - https:\/\/yoast.com\/product\/yoast-seo-premium-wordpress\/ -->\n<title>Cours de fran\u00e7ais du soir \u00e0 Toulouse - Keep Learning French<\/title>\n<meta name=\"description\" content=\"Rejoignez notre cours de fran\u00e7ais du soir \u00e0 Toulouse chez KLF Langue Onze. Des cours du soir en pr\u00e9sentiel, deux fois par semaine, pour les adultes ayant un emploi du temps charg\u00e9 en journ\u00e9e. Petits groupes, fran\u00e7ais pratique, progr\u00e8s concrets.\" \/>\n<meta name=\"robots\" content=\"index, follow, max-snippet:-1, max-image-preview:large, max-video-preview:-1\" \/>\n<link rel=\"canonical\" href=\"https:\/\/klf.fr\/fr\/toulouse\/cours-francais-adultes\/cours-francais-soir-toulouse\/\" \/>\n<meta property=\"og:locale\" content=\"fr_FR\" \/>\n<meta property=\"og:type\" content=\"article\" \/>\n<meta property=\"og:title\" content=\"Cours de fran\u00e7ais du soir \u00e0 Toulouse\" \/>\n<meta property=\"og:description\" content=\"Rejoignez notre cours de fran\u00e7ais du soir \u00e0 Toulouse chez KLF Langue Onze. Des cours du soir en pr\u00e9sentiel, deux fois par semaine, pour les adultes ayant un emploi du temps charg\u00e9 en journ\u00e9e. Petits groupes, fran\u00e7ais pratique, progr\u00e8s concrets.\" \/>\n<meta property=\"og:url\" content=\"https:\/\/klf.fr\/fr\/toulouse\/cours-francais-adultes\/cours-francais-soir-toulouse\/\" \/>\n<meta property=\"og:site_name\" content=\"Keep Learning French\" \/>\n<meta property=\"article:modified_time\" content=\"2026-03-31T14:06:42+00:00\" \/>\n<meta name=\"twitter:card\" content=\"summary_large_image\" \/>\n<meta name=\"twitter:label1\" content=\"Dur\u00e9e de lecture estim\u00e9e\" \/>\n\t<meta name=\"twitter:data1\" content=\"6 minutes\" \/>\n<script type=\"application\/ld+json\" class=\"yoast-schema-graph\">{\"@context\":\"https:\\\/\\\/schema.org\",\"@graph\":[{\"@type\":\"WebPage\",\"@id\":\"https:\\\/\\\/klf.fr\\\/fr\\\/toulouse\\\/cours-francais-adultes\\\/cours-francais-soir-toulouse\\\/\",\"url\":\"https:\\\/\\\/klf.fr\\\/fr\\\/toulouse\\\/cours-francais-adultes\\\/cours-francais-soir-toulouse\\\/\",\"name\":\"Cours de fran\u00e7ais du soir \u00e0 Toulouse - Keep Learning French\",\"isPartOf\":{\"@id\":\"https:\\\/\\\/klf.fr\\\/fr\\\/#website\"},\"datePublished\":\"2026-03-30T10:16:01+00:00\",\"dateModified\":\"2026-03-31T14:06:42+00:00\",\"description\":\"Rejoignez notre cours de fran\u00e7ais du soir \u00e0 Toulouse chez KLF Langue Onze. Des cours du soir en pr\u00e9sentiel, deux fois par semaine, pour les adultes ayant un emploi du temps charg\u00e9 en journ\u00e9e. Petits groupes, fran\u00e7ais pratique, progr\u00e8s concrets.\",\"breadcrumb\":{\"@id\":\"https:\\\/\\\/klf.fr\\\/fr\\\/toulouse\\\/cours-francais-adultes\\\/cours-francais-soir-toulouse\\\/#breadcrumb\"},\"inLanguage\":\"fr-FR\",\"potentialAction\":[{\"@type\":\"ReadAction\",\"target\":[\"https:\\\/\\\/klf.fr\\\/fr\\\/toulouse\\\/cours-francais-adultes\\\/cours-francais-soir-toulouse\\\/\"]}]},{\"@type\":\"BreadcrumbList\",\"@id\":\"https:\\\/\\\/klf.fr\\\/fr\\\/toulouse\\\/cours-francais-adultes\\\/cours-francais-soir-toulouse\\\/#breadcrumb\",\"itemListElement\":[{\"@type\":\"ListItem\",\"position\":1,\"name\":\"Home\",\"item\":\"https:\\\/\\\/klf.fr\\\/fr\\\/home-2\\\/\"},{\"@type\":\"ListItem\",\"position\":2,\"name\":\"Apprendre le fran\u00e7ais \u00e0 Toulouse\",\"item\":\"https:\\\/\\\/klf.fr\\\/fr\\\/toulouse\\\/\"},{\"@type\":\"ListItem\",\"position\":3,\"name\":\"Cours de fran\u00e7ais \u00e0 Toulouse\",\"item\":\"https:\\\/\\\/klf.fr\\\/fr\\\/toulouse\\\/cours-francais-adultes\\\/\"},{\"@type\":\"ListItem\",\"position\":4,\"name\":\"Cours de fran\u00e7ais du soir \u00e0 Toulouse\"}]},{\"@type\":\"WebSite\",\"@id\":\"https:\\\/\\\/klf.fr\\\/fr\\\/#website\",\"url\":\"https:\\\/\\\/klf.fr\\\/fr\\\/\",\"name\":\"Keep Learning French\",\"description\":\"Groupe d&#039;\u00e9coles de FLE en France.\",\"publisher\":{\"@id\":\"https:\\\/\\\/klf.fr\\\/fr\\\/#organization\"},\"potentialAction\":[{\"@type\":\"SearchAction\",\"target\":{\"@type\":\"EntryPoint\",\"urlTemplate\":\"https:\\\/\\\/klf.fr\\\/fr\\\/?s={search_term_string}\"},\"query-input\":{\"@type\":\"PropertyValueSpecification\",\"valueRequired\":true,\"valueName\":\"search_term_string\"}}],\"inLanguage\":\"fr-FR\"},{\"@type\":[\"Organization\",\"Place\"],\"@id\":\"https:\\\/\\\/klf.fr\\\/fr\\\/#organization\",\"name\":\"Keep Learning French\",\"url\":\"https:\\\/\\\/klf.fr\\\/fr\\\/\",\"logo\":{\"@id\":\"https:\\\/\\\/klf.fr\\\/fr\\\/toulouse\\\/cours-francais-adultes\\\/cours-francais-soir-toulouse\\\/#local-main-organization-logo\"},\"image\":{\"@id\":\"https:\\\/\\\/klf.fr\\\/fr\\\/toulouse\\\/cours-francais-adultes\\\/cours-francais-soir-toulouse\\\/#local-main-organization-logo\"},\"sameAs\":[\"https:\\\/\\\/linkedin.com\\\/school\\\/keep-learning-french\\\/\"],\"telephone\":[],\"openingHoursSpecification\":[{\"@type\":\"OpeningHoursSpecification\",\"dayOfWeek\":[\"Monday\",\"Tuesday\",\"Wednesday\",\"Thursday\",\"Friday\",\"Saturday\",\"Sunday\"],\"opens\":\"09:00\",\"closes\":\"17:00\"}]},{\"@type\":\"ImageObject\",\"inLanguage\":\"fr-FR\",\"@id\":\"https:\\\/\\\/klf.fr\\\/fr\\\/toulouse\\\/cours-francais-adultes\\\/cours-francais-soir-toulouse\\\/#local-main-organization-logo\",\"url\":\"https:\\\/\\\/klf.fr\\\/wp-content\\\/uploads\\\/2020\\\/09\\\/klf-favicon.png\",\"contentUrl\":\"https:\\\/\\\/klf.fr\\\/wp-content\\\/uploads\\\/2020\\\/09\\\/klf-favicon.png\",\"width\":200,\"height\":200,\"caption\":\"Keep Learning French\"}]}<\/script>\n<!-- \/ Yoast SEO Premium plugin. -->","yoast_head_json":{"title":"Cours de fran\u00e7ais du soir \u00e0 Toulouse - Keep Learning French","description":"Rejoignez notre cours de fran\u00e7ais du soir \u00e0 Toulouse chez KLF Langue Onze. Des cours du soir en pr\u00e9sentiel, deux fois par semaine, pour les adultes ayant un emploi du temps charg\u00e9 en journ\u00e9e. Petits groupes, fran\u00e7ais pratique, progr\u00e8s concrets.","robots":{"index":"index","follow":"follow","max-snippet":"max-snippet:-1","max-image-preview":"max-image-preview:large","max-video-preview":"max-video-preview:-1"},"canonical":"https:\/\/klf.fr\/fr\/toulouse\/cours-francais-adultes\/cours-francais-soir-toulouse\/","og_locale":"fr_FR","og_type":"article","og_title":"Cours de fran\u00e7ais du soir \u00e0 Toulouse","og_description":"Rejoignez notre cours de fran\u00e7ais du soir \u00e0 Toulouse chez KLF Langue Onze. Des cours du soir en pr\u00e9sentiel, deux fois par semaine, pour les adultes ayant un emploi du temps charg\u00e9 en journ\u00e9e. Petits groupes, fran\u00e7ais pratique, progr\u00e8s concrets.","og_url":"https:\/\/klf.fr\/fr\/toulouse\/cours-francais-adultes\/cours-francais-soir-toulouse\/","og_site_name":"Keep Learning French","article_modified_time":"2026-03-31T14:06:42+00:00","twitter_card":"summary_large_image","twitter_misc":{"Dur\u00e9e de lecture estim\u00e9e":"6 minutes"},"schema":{"@context":"https:\/\/schema.org","@graph":[{"@type":"WebPage","@id":"https:\/\/klf.fr\/fr\/toulouse\/cours-francais-adultes\/cours-francais-soir-toulouse\/","url":"https:\/\/klf.fr\/fr\/toulouse\/cours-francais-adultes\/cours-francais-soir-toulouse\/","name":"Cours de fran\u00e7ais du soir \u00e0 Toulouse - Keep Learning French","isPartOf":{"@id":"https:\/\/klf.fr\/fr\/#website"},"datePublished":"2026-03-30T10:16:01+00:00","dateModified":"2026-03-31T14:06:42+00:00","description":"Rejoignez notre cours de fran\u00e7ais du soir \u00e0 Toulouse chez KLF Langue Onze. Des cours du soir en pr\u00e9sentiel, deux fois par semaine, pour les adultes ayant un emploi du temps charg\u00e9 en journ\u00e9e. Petits groupes, fran\u00e7ais pratique, progr\u00e8s concrets.","breadcrumb":{"@id":"https:\/\/klf.fr\/fr\/toulouse\/cours-francais-adultes\/cours-francais-soir-toulouse\/#breadcrumb"},"inLanguage":"fr-FR","potentialAction":[{"@type":"ReadAction","target":["https:\/\/klf.fr\/fr\/toulouse\/cours-francais-adultes\/cours-francais-soir-toulouse\/"]}]},{"@type":"BreadcrumbList","@id":"https:\/\/klf.fr\/fr\/toulouse\/cours-francais-adultes\/cours-francais-soir-toulouse\/#breadcrumb","itemListElement":[{"@type":"ListItem","position":1,"name":"Home","item":"https:\/\/klf.fr\/fr\/home-2\/"},{"@type":"ListItem","position":2,"name":"Apprendre le fran\u00e7ais \u00e0 Toulouse","item":"https:\/\/klf.fr\/fr\/toulouse\/"},{"@type":"ListItem","position":3,"name":"Cours de fran\u00e7ais \u00e0 Toulouse","item":"https:\/\/klf.fr\/fr\/toulouse\/cours-francais-adultes\/"},{"@type":"ListItem","position":4,"name":"Cours de fran\u00e7ais du soir \u00e0 Toulouse"}]},{"@type":"WebSite","@id":"https:\/\/klf.fr\/fr\/#website","url":"https:\/\/klf.fr\/fr\/","name":"Keep Learning French","description":"Groupe d&#039;\u00e9coles de FLE en France.","publisher":{"@id":"https:\/\/klf.fr\/fr\/#organization"},"potentialAction":[{"@type":"SearchAction","target":{"@type":"EntryPoint","urlTemplate":"https:\/\/klf.fr\/fr\/?s={search_term_string}"},"query-input":{"@type":"PropertyValueSpecification","valueRequired":true,"valueName":"search_term_string"}}],"inLanguage":"fr-FR"},{"@type":["Organization","Place"],"@id":"https:\/\/klf.fr\/fr\/#organization","name":"Keep Learning French","url":"https:\/\/klf.fr\/fr\/","logo":{"@id":"https:\/\/klf.fr\/fr\/toulouse\/cours-francais-adultes\/cours-francais-soir-toulouse\/#local-main-organization-logo"},"image":{"@id":"https:\/\/klf.fr\/fr\/toulouse\/cours-francais-adultes\/cours-francais-soir-toulouse\/#local-main-organization-logo"},"sameAs":["https:\/\/linkedin.com\/school\/keep-learning-french\/"],"telephone":[],"openingHoursSpecification":[{"@type":"OpeningHoursSpecification","dayOfWeek":["Monday","Tuesday","Wednesday","Thursday","Friday","Saturday","Sunday"],"opens":"09:00","closes":"17:00"}]},{"@type":"ImageObject","inLanguage":"fr-FR","@id":"https:\/\/klf.fr\/fr\/toulouse\/cours-francais-adultes\/cours-francais-soir-toulouse\/#local-main-organization-logo","url":"https:\/\/klf.fr\/wp-content\/uploads\/2020\/09\/klf-favicon.png","contentUrl":"https:\/\/klf.fr\/wp-content\/uploads\/2020\/09\/klf-favicon.png","width":200,"height":200,"caption":"Keep Learning French"}]}},"_links":{"self":[{"href":"https:\/\/klf.fr\/fr\/wp-json\/wp\/v2\/pages\/45373","targetHints":{"allow":["GET"]}}],"collection":[{"href":"https:\/\/klf.fr\/fr\/wp-json\/wp\/v2\/pages"}],"about":[{"href":"https:\/\/klf.fr\/fr\/wp-json\/wp\/v2\/types\/page"}],"author":[{"embeddable":true,"href":"https:\/\/klf.fr\/fr\/wp-json\/wp\/v2\/users\/15"}],"replies":[{"embeddable":true,"href":"https:\/\/klf.fr\/fr\/wp-json\/wp\/v2\/comments?post=45373"}],"version-history":[{"count":0,"href":"https:\/\/klf.fr\/fr\/wp-json\/wp\/v2\/pages\/45373\/revisions"}],"up":[{"embeddable":true,"href":"https:\/\/klf.fr\/fr\/wp-json\/wp\/v2\/pages\/34421"}],"wp:attachment":[{"href":"https:\/\/klf.fr\/fr\/wp-json\/wp\/v2\/media?parent=45373"}],"wp:term":[{"taxonomy":"language-product","embeddable":true,"href":"https:\/\/klf.fr\/fr\/wp-json\/wp\/v2\/language-product?post=45373"},{"taxonomy":"type-product","embeddable":true,"href":"https:\/\/klf.fr\/fr\/wp-json\/wp\/v2\/type-product?post=45373"},{"taxonomy":"city-product","embeddable":true,"href":"https:\/\/klf.fr\/fr\/wp-json\/wp\/v2\/city-product?post=45373"},{"taxonomy":"course-category","embeddable":true,"href":"https:\/\/klf.fr\/fr\/wp-json\/wp\/v2\/course-category?post=45373"},{"taxonomy":"folder","embeddable":true,"href":"https:\/\/klf.fr\/fr\/wp-json\/wp\/v2\/folder?post=45373"}],"curies":[{"name":"wp","href":"https:\/\/api.w.org\/{rel}","templated":true}]}}