{"id":37570,"date":"2025-05-28T12:33:29","date_gmt":"2025-05-28T10:33:29","guid":{"rendered":"https:\/\/klf.fr\/bordeaux\/a-propos-de-bordeaux\/notre-equipe\/"},"modified":"2025-12-09T15:56:24","modified_gmt":"2025-12-09T14:56:24","slug":"notre-equipe","status":"publish","type":"page","link":"https:\/\/klf.fr\/fr\/bordeaux\/a-propos-de-bordeaux\/notre-equipe\/","title":{"rendered":"Notre \u00e9quipe"},"content":{"rendered":"\t\t<div data-elementor-type=\"wp-page\" data-elementor-id=\"37570\" class=\"elementor elementor-37570 elementor-36714\" data-elementor-post-type=\"page\">\n\t\t\t\t<div class=\"elementor-element elementor-element-69e9bbb1 e-flex e-con-boxed e-con e-parent\" data-id=\"69e9bbb1\" data-element_type=\"container\" data-e-type=\"container\" data-settings=\"{&quot;background_background&quot;:&quot;classic&quot;,&quot;ekit_has_onepagescroll_dot&quot;:&quot;yes&quot;}\">\n\t\t\t\t\t<div class=\"e-con-inner\">\n\t\t\t\t<div class=\"elementor-element elementor-element-20b91e55 elementor-widget elementor-widget-elementskit-breadcrumb\" data-id=\"20b91e55\" data-element_type=\"widget\" data-e-type=\"widget\" data-settings=\"{&quot;ekit_we_effect_on&quot;:&quot;none&quot;}\" data-widget_type=\"elementskit-breadcrumb.default\">\n\t\t\t\t<div class=\"elementor-widget-container\">\n\t\t\t\t\t<div class=\"ekit-wid-con\" ><ol class=\"ekit-breadcrumb\"><li class=\"ekit_breadcrumbs_start\"><a href=\"https:\/\/klf.fr\/fr\/\">Home<\/a><\/li> <li class=\"brd_sep\"> &raquo; <\/li> <li><a href=\"https:\/\/klf.fr\/fr\/bordeaux\/\" title=\"Apprendre le fran\u00e7ais \u00e0 Bordeaux\">Apprendre le fran\u00e7ais \u00e0 Bordeaux<\/a><\/li> <li class=\"brd_sep\"> &raquo; <\/li> <li><a href=\"https:\/\/klf.fr\/fr\/bordeaux\/a-propos-de-bordeaux\/\" title=\"A propos de Bordeaux\">A propos de Bordeaux<\/a><\/li> <li class=\"brd_sep\"> &raquo; <\/li>  <li>Notre \u00e9quipe<\/li><\/ol><\/div>\t\t\t\t<\/div>\n\t\t\t\t<\/div>\n\t\t\t\t<div class=\"elementor-element elementor-element-53c5d9e2 elementor-widget__width-inherit elementor-widget elementor-widget-elementskit-heading\" data-id=\"53c5d9e2\" data-element_type=\"widget\" data-e-type=\"widget\" data-settings=\"{&quot;ekit_we_effect_on&quot;:&quot;none&quot;}\" data-widget_type=\"elementskit-heading.default\">\n\t\t\t\t\t<div class=\"ekit-wid-con\" ><div class=\"ekit-heading elementskit-section-title-wraper text_left   ekit_heading_tablet-   ekit_heading_mobile-text_left\"><h2 class=\"ekit-heading--title elementskit-section-title \">Notre \u00e9quipe<\/h2><\/div><\/div>\t\t\t\t<\/div>\n\t\t\t\t\t<\/div>\n\t\t\t\t<\/div>\n\t\t<div class=\"elementor-element elementor-element-78e02e87 e-flex e-con-boxed e-con e-parent\" data-id=\"78e02e87\" data-element_type=\"container\" data-e-type=\"container\" data-settings=\"{&quot;ekit_has_onepagescroll_dot&quot;:&quot;yes&quot;}\">\n\t\t\t\t\t<div class=\"e-con-inner\">\n\t\t<div class=\"elementor-element elementor-element-66c7c340 e-con-full e-flex e-con e-child\" data-id=\"66c7c340\" data-element_type=\"container\" data-e-type=\"container\" data-settings=\"{&quot;ekit_has_onepagescroll_dot&quot;:&quot;yes&quot;}\">\n\t\t\t\t<div class=\"elementor-element elementor-element-576a0521 elementor-widget elementor-widget-image\" data-id=\"576a0521\" data-element_type=\"widget\" data-e-type=\"widget\" data-settings=\"{&quot;ekit_we_effect_on&quot;:&quot;none&quot;}\" data-widget_type=\"image.default\">\n\t\t\t\t\t\t\t\t\t\t\t\t\t\t\t<img fetchpriority=\"high\" decoding=\"async\" width=\"1024\" height=\"1024\" src=\"https:\/\/klf.fr\/wp-content\/uploads\/2025\/04\/design-sans-titre-1-1024x1024-1.jpg\" class=\"attachment-full size-full wp-image-36488\" alt=\"Lea , meet the team\" srcset=\"https:\/\/klf.fr\/wp-content\/uploads\/2025\/04\/design-sans-titre-1-1024x1024-1.jpg 1024w, https:\/\/klf.fr\/wp-content\/uploads\/2025\/04\/design-sans-titre-1-1024x1024-1-300x300.jpg 300w, https:\/\/klf.fr\/wp-content\/uploads\/2025\/04\/design-sans-titre-1-1024x1024-1-150x150.jpg 150w, https:\/\/klf.fr\/wp-content\/uploads\/2025\/04\/design-sans-titre-1-1024x1024-1-768x768.jpg 768w\" sizes=\"(max-width: 1024px) 100vw, 1024px\" \/>\t\t\t\t\t\t\t\t\t\t\t\t\t\t\t<\/div>\n\t\t\t\t<div class=\"elementor-element elementor-element-5d833c3a elementor-widget elementor-widget-elementskit-heading\" data-id=\"5d833c3a\" data-element_type=\"widget\" data-e-type=\"widget\" data-settings=\"{&quot;ekit_we_effect_on&quot;:&quot;none&quot;}\" data-widget_type=\"elementskit-heading.default\">\n\t\t\t\t\t<div class=\"ekit-wid-con\" ><div class=\"ekit-heading elementskit-section-title-wraper text_center   ekit_heading_tablet-   ekit_heading_mobile-\"><a href=\"#\"><h3 class=\"ekit-heading--title elementskit-section-title \">Lea Vandenbussche<\/h3><\/a><h6 class=\"ekit-heading--subtitle elementskit-section-subtitle   ekit-heading__subtitle-has-border\">\n\t\t\t\t\t\tDirectrice\n\t\t\t\t\t<\/h6><\/div><\/div>\t\t\t\t<\/div>\n\t\t\t\t<\/div>\n\t\t<div class=\"elementor-element elementor-element-79fddbb6 e-con-full e-flex e-con e-child\" data-id=\"79fddbb6\" data-element_type=\"container\" data-e-type=\"container\" data-settings=\"{&quot;ekit_has_onepagescroll_dot&quot;:&quot;yes&quot;}\">\n\t\t\t\t<div class=\"elementor-element elementor-element-3056f10e elementor-widget elementor-widget-image\" data-id=\"3056f10e\" data-element_type=\"widget\" data-e-type=\"widget\" data-settings=\"{&quot;ekit_we_effect_on&quot;:&quot;none&quot;}\" data-widget_type=\"image.default\">\n\t\t\t\t\t\t\t\t\t\t\t\t\t\t\t<img decoding=\"async\" width=\"600\" height=\"600\" src=\"https:\/\/klf.fr\/wp-content\/uploads\/2025\/04\/Design-sans-titre-55-1.png\" class=\"attachment-large size-large wp-image-36729\" alt=\"Alessia Guide , KLF Bordeaux meet the team\" srcset=\"https:\/\/klf.fr\/wp-content\/uploads\/2025\/04\/Design-sans-titre-55-1.png 600w, https:\/\/klf.fr\/wp-content\/uploads\/2025\/04\/Design-sans-titre-55-1-300x300.png 300w, https:\/\/klf.fr\/wp-content\/uploads\/2025\/04\/Design-sans-titre-55-1-150x150.png 150w\" sizes=\"(max-width: 600px) 100vw, 600px\" \/>\t\t\t\t\t\t\t\t\t\t\t\t\t\t\t<\/div>\n\t\t\t\t<div class=\"elementor-element elementor-element-4c8d2e44 elementor-widget elementor-widget-elementskit-heading\" data-id=\"4c8d2e44\" data-element_type=\"widget\" data-e-type=\"widget\" data-settings=\"{&quot;ekit_we_effect_on&quot;:&quot;none&quot;}\" data-widget_type=\"elementskit-heading.default\">\n\t\t\t\t\t<div class=\"ekit-wid-con\" ><div class=\"ekit-heading elementskit-section-title-wraper text_center   ekit_heading_tablet-   ekit_heading_mobile-\"><a href=\"#\"><h3 class=\"ekit-heading--title elementskit-section-title \">Alessia Guida<\/h3><\/a><h6 class=\"ekit-heading--subtitle elementskit-section-subtitle   ekit-heading__subtitle-has-border\">\n\t\t\t\t\t\tCoordinatrice s\u00e9jours et h\u00e9bergement\n\t\t\t\t\t<\/h6><\/div><\/div>\t\t\t\t<\/div>\n\t\t\t\t<\/div>\n\t\t<div class=\"elementor-element elementor-element-e10223d e-con-full e-flex e-con e-child\" data-id=\"e10223d\" data-element_type=\"container\" data-e-type=\"container\" data-settings=\"{&quot;ekit_has_onepagescroll_dot&quot;:&quot;yes&quot;}\">\n\t\t\t\t<div class=\"elementor-element elementor-element-134ae4c elementor-widget elementor-widget-image\" data-id=\"134ae4c\" data-element_type=\"widget\" data-e-type=\"widget\" data-settings=\"{&quot;ekit_we_effect_on&quot;:&quot;none&quot;}\" data-widget_type=\"image.default\">\n\t\t\t\t\t\t\t\t\t\t\t\t\t\t\t<img decoding=\"async\" width=\"600\" height=\"600\" src=\"https:\/\/klf.fr\/wp-content\/uploads\/2025\/08\/Sans-titre-2.png\" class=\"attachment-large size-large wp-image-39176\" alt=\"Loralyn Person\" srcset=\"https:\/\/klf.fr\/wp-content\/uploads\/2025\/08\/Sans-titre-2.png 600w, https:\/\/klf.fr\/wp-content\/uploads\/2025\/08\/Sans-titre-2-300x300.png 300w, https:\/\/klf.fr\/wp-content\/uploads\/2025\/08\/Sans-titre-2-150x150.png 150w\" sizes=\"(max-width: 600px) 100vw, 600px\" \/>\t\t\t\t\t\t\t\t\t\t\t\t\t\t\t<\/div>\n\t\t\t\t<div class=\"elementor-element elementor-element-4300b16 elementor-widget elementor-widget-elementskit-heading\" data-id=\"4300b16\" data-element_type=\"widget\" data-e-type=\"widget\" data-settings=\"{&quot;ekit_we_effect_on&quot;:&quot;none&quot;}\" data-widget_type=\"elementskit-heading.default\">\n\t\t\t\t\t<div class=\"ekit-wid-con\" ><div class=\"ekit-heading elementskit-section-title-wraper text_center   ekit_heading_tablet-   ekit_heading_mobile-\"><a href=\"#\"><h3 class=\"ekit-heading--title elementskit-section-title \">Loralyn Person<\/h3><\/a><h6 class=\"ekit-heading--subtitle elementskit-section-subtitle   ekit-heading__subtitle-has-border\">\n\t\t\t\t\t\tCoordinatrice s\u00e9jours et h\u00e9bergement\n\t\t\t\t\t<\/h6><\/div><\/div>\t\t\t\t<\/div>\n\t\t\t\t<\/div>\n\t\t\t\t\t<\/div>\n\t\t\t\t<\/div>\n\t\t<div class=\"elementor-element elementor-element-13969485 e-flex e-con-boxed e-con e-parent\" data-id=\"13969485\" data-element_type=\"container\" data-e-type=\"container\" data-settings=\"{&quot;ekit_has_onepagescroll_dot&quot;:&quot;yes&quot;}\">\n\t\t\t\t\t<div class=\"e-con-inner\">\n\t\t<div class=\"elementor-element elementor-element-142e6f0 e-con-full e-flex e-con e-child\" data-id=\"142e6f0\" data-element_type=\"container\" data-e-type=\"container\" data-settings=\"{&quot;ekit_has_onepagescroll_dot&quot;:&quot;yes&quot;}\">\n\t\t\t\t<div class=\"elementor-element elementor-element-e100b02 elementor-widget elementor-widget-image\" data-id=\"e100b02\" data-element_type=\"widget\" data-e-type=\"widget\" data-settings=\"{&quot;ekit_we_effect_on&quot;:&quot;none&quot;}\" data-widget_type=\"image.default\">\n\t\t\t\t\t\t\t\t\t\t\t\t\t\t\t<img loading=\"lazy\" decoding=\"async\" width=\"600\" height=\"600\" src=\"https:\/\/klf.fr\/wp-content\/uploads\/2025\/04\/Design-sans-titre-57.webp\" class=\"attachment-large size-large wp-image-36720\" alt=\"Pierre Carlo Vigneri , KLF Meet the Team\" srcset=\"https:\/\/klf.fr\/wp-content\/uploads\/2025\/04\/Design-sans-titre-57.webp 600w, https:\/\/klf.fr\/wp-content\/uploads\/2025\/04\/Design-sans-titre-57-300x300.webp 300w, https:\/\/klf.fr\/wp-content\/uploads\/2025\/04\/Design-sans-titre-57-150x150.webp 150w\" sizes=\"(max-width: 600px) 100vw, 600px\" \/>\t\t\t\t\t\t\t\t\t\t\t\t\t\t\t<\/div>\n\t\t\t\t<div class=\"elementor-element elementor-element-47ce0eaa elementor-widget elementor-widget-elementskit-heading\" data-id=\"47ce0eaa\" data-element_type=\"widget\" data-e-type=\"widget\" data-settings=\"{&quot;ekit_we_effect_on&quot;:&quot;none&quot;}\" data-widget_type=\"elementskit-heading.default\">\n\t\t\t\t\t<div class=\"ekit-wid-con\" ><div class=\"ekit-heading elementskit-section-title-wraper text_center   ekit_heading_tablet-   ekit_heading_mobile-\"><a href=\"#\"><h3 class=\"ekit-heading--title elementskit-section-title \">Pierre-Carlo Vigneri<\/h3><\/a><h6 class=\"ekit-heading--subtitle elementskit-section-subtitle   ekit-heading__subtitle-has-border\">\n\t\t\t\t\t\tCoordinateur s\u00e9jours groupes\n\t\t\t\t\t<\/h6><\/div><\/div>\t\t\t\t<\/div>\n\t\t\t\t<\/div>\n\t\t<div class=\"elementor-element elementor-element-5ccc9158 e-con-full e-flex e-con e-child\" data-id=\"5ccc9158\" data-element_type=\"container\" data-e-type=\"container\" data-settings=\"{&quot;ekit_has_onepagescroll_dot&quot;:&quot;yes&quot;}\">\n\t\t\t\t<div class=\"elementor-element elementor-element-2027d5b elementor-widget elementor-widget-image\" data-id=\"2027d5b\" data-element_type=\"widget\" data-e-type=\"widget\" data-settings=\"{&quot;ekit_we_effect_on&quot;:&quot;none&quot;}\" data-widget_type=\"image.default\">\n\t\t\t\t\t\t\t\t\t\t\t\t\t\t\t<img loading=\"lazy\" decoding=\"async\" width=\"600\" height=\"600\" src=\"https:\/\/klf.fr\/wp-content\/uploads\/2025\/04\/Design-sans-titre-56.png\" class=\"attachment-full size-full wp-image-36732\" alt=\"Amandine Monte Klf Bordeaux Meet the team\" srcset=\"https:\/\/klf.fr\/wp-content\/uploads\/2025\/04\/Design-sans-titre-56.png 600w, https:\/\/klf.fr\/wp-content\/uploads\/2025\/04\/Design-sans-titre-56-300x300.png 300w, https:\/\/klf.fr\/wp-content\/uploads\/2025\/04\/Design-sans-titre-56-150x150.png 150w\" sizes=\"(max-width: 600px) 100vw, 600px\" \/>\t\t\t\t\t\t\t\t\t\t\t\t\t\t\t<\/div>\n\t\t\t\t<div class=\"elementor-element elementor-element-61ad4ff7 elementor-widget elementor-widget-elementskit-heading\" data-id=\"61ad4ff7\" data-element_type=\"widget\" data-e-type=\"widget\" data-settings=\"{&quot;ekit_we_effect_on&quot;:&quot;none&quot;}\" data-widget_type=\"elementskit-heading.default\">\n\t\t\t\t\t<div class=\"ekit-wid-con\" ><div class=\"ekit-heading elementskit-section-title-wraper text_center   ekit_heading_tablet-   ekit_heading_mobile-\"><a href=\"#\"><h3 class=\"ekit-heading--title elementskit-section-title \">Amandine Monte<\/h3><\/a><h6 class=\"ekit-heading--subtitle elementskit-section-subtitle   ekit-heading__subtitle-has-border\">\n\t\t\t\t\t\tComptabilit\u00e9 et R\u00e9seaux Sociaux\n\t\t\t\t\t<\/h6><\/div><\/div>\t\t\t\t<\/div>\n\t\t\t\t<\/div>\n\t\t<div class=\"elementor-element elementor-element-65857b21 e-con-full e-flex e-con e-child\" data-id=\"65857b21\" data-element_type=\"container\" data-e-type=\"container\" data-settings=\"{&quot;ekit_has_onepagescroll_dot&quot;:&quot;yes&quot;}\">\n\t\t\t\t<div class=\"elementor-element elementor-element-53a7460b elementor-widget elementor-widget-image\" data-id=\"53a7460b\" data-element_type=\"widget\" data-e-type=\"widget\" data-settings=\"{&quot;ekit_we_effect_on&quot;:&quot;none&quot;}\" data-widget_type=\"image.default\">\n\t\t\t\t\t\t\t\t\t\t\t\t\t\t\t<img loading=\"lazy\" decoding=\"async\" width=\"164\" height=\"164\" src=\"https:\/\/klf.fr\/wp-content\/uploads\/2025\/12\/Sans-titre-1.png\" class=\"attachment-full size-full wp-image-42531\" alt=\"\" srcset=\"https:\/\/klf.fr\/wp-content\/uploads\/2025\/12\/Sans-titre-1.png 164w, https:\/\/klf.fr\/wp-content\/uploads\/2025\/12\/Sans-titre-1-150x150.png 150w\" sizes=\"(max-width: 164px) 100vw, 164px\" \/>\t\t\t\t\t\t\t\t\t\t\t\t\t\t\t<\/div>\n\t\t\t\t<div class=\"elementor-element elementor-element-58f82e24 elementor-widget elementor-widget-elementskit-heading\" data-id=\"58f82e24\" data-element_type=\"widget\" data-e-type=\"widget\" data-settings=\"{&quot;ekit_we_effect_on&quot;:&quot;none&quot;}\" data-widget_type=\"elementskit-heading.default\">\n\t\t\t\t\t<div class=\"ekit-wid-con\" ><div class=\"ekit-heading elementskit-section-title-wraper text_center   ekit_heading_tablet-   ekit_heading_mobile-\"><a href=\"#\"><h3 class=\"ekit-heading--title elementskit-section-title \">Zo\u00e9 Whitead<\/h3><\/a><h6 class=\"ekit-heading--subtitle elementskit-section-subtitle   ekit-heading__subtitle-has-border\">\n\t\t\t\t\t\tR\u00e9f\u00e9rent accueil et examens\n\t\t\t\t\t<\/h6><\/div><\/div>\t\t\t\t<\/div>\n\t\t\t\t<\/div>\n\t\t<div class=\"elementor-element elementor-element-38df3d1 e-con-full e-flex e-con e-child\" data-id=\"38df3d1\" data-element_type=\"container\" data-e-type=\"container\" data-settings=\"{&quot;ekit_has_onepagescroll_dot&quot;:&quot;yes&quot;}\">\n\t\t\t\t<div class=\"elementor-element elementor-element-c80f3c5 elementor-widget elementor-widget-image\" data-id=\"c80f3c5\" data-element_type=\"widget\" data-e-type=\"widget\" data-settings=\"{&quot;ekit_we_effect_on&quot;:&quot;none&quot;}\" data-widget_type=\"image.default\">\n\t\t\t\t\t\t\t\t\t\t\t\t\t\t\t<img loading=\"lazy\" decoding=\"async\" width=\"800\" height=\"800\" src=\"https:\/\/klf.fr\/wp-content\/uploads\/2025\/04\/design-sans-titre-9-1024x1024-1.webp\" class=\"attachment-large size-large wp-image-36723\" alt=\"Charlene Gueroult , Klf Bordeaux Meet the team\" srcset=\"https:\/\/klf.fr\/wp-content\/uploads\/2025\/04\/design-sans-titre-9-1024x1024-1.webp 1024w, https:\/\/klf.fr\/wp-content\/uploads\/2025\/04\/design-sans-titre-9-1024x1024-1-300x300.webp 300w, https:\/\/klf.fr\/wp-content\/uploads\/2025\/04\/design-sans-titre-9-1024x1024-1-150x150.webp 150w, https:\/\/klf.fr\/wp-content\/uploads\/2025\/04\/design-sans-titre-9-1024x1024-1-768x768.webp 768w\" sizes=\"(max-width: 800px) 100vw, 800px\" \/>\t\t\t\t\t\t\t\t\t\t\t\t\t\t\t<\/div>\n\t\t\t\t<div class=\"elementor-element elementor-element-73b8935 elementor-widget elementor-widget-elementskit-heading\" data-id=\"73b8935\" data-element_type=\"widget\" data-e-type=\"widget\" data-settings=\"{&quot;ekit_we_effect_on&quot;:&quot;none&quot;}\" data-widget_type=\"elementskit-heading.default\">\n\t\t\t\t\t<div class=\"ekit-wid-con\" ><div class=\"ekit-heading elementskit-section-title-wraper text_center   ekit_heading_tablet-   ekit_heading_mobile-\"><a href=\"#\"><h3 class=\"ekit-heading--title elementskit-section-title \">Charlene Gueroult<\/h3><\/a><h6 class=\"ekit-heading--subtitle elementskit-section-subtitle   ekit-heading__subtitle-has-border\">\n\t\t\t\t\t\tResponsable p\u00e9dagogique\n\t\t\t\t\t<\/h6><\/div><\/div>\t\t\t\t<\/div>\n\t\t\t\t<\/div>\n\t\t\t\t\t<\/div>\n\t\t\t\t<\/div>\n\t\t<div class=\"elementor-element elementor-element-5ae7b237 e-flex e-con-boxed e-con e-parent\" data-id=\"5ae7b237\" data-element_type=\"container\" data-e-type=\"container\" data-settings=\"{&quot;ekit_has_onepagescroll_dot&quot;:&quot;yes&quot;}\">\n\t\t\t\t\t<div class=\"e-con-inner\">\n\t\t\t\t<div class=\"elementor-element elementor-element-729a9894 elementor-widget elementor-widget-spacer\" data-id=\"729a9894\" data-element_type=\"widget\" data-e-type=\"widget\" data-settings=\"{&quot;ekit_we_effect_on&quot;:&quot;none&quot;}\" data-widget_type=\"spacer.default\">\n\t\t\t\t\t\t\t<div class=\"elementor-spacer\">\n\t\t\t<div class=\"elementor-spacer-inner\"><\/div>\n\t\t<\/div>\n\t\t\t\t\t\t<\/div>\n\t\t\t\t\t<\/div>\n\t\t\t\t<\/div>\n\t\t<div class=\"elementor-element elementor-element-25ee050 e-flex e-con-boxed e-con e-parent\" data-id=\"25ee050\" data-element_type=\"container\" data-e-type=\"container\" data-settings=\"{&quot;ekit_has_onepagescroll_dot&quot;:&quot;yes&quot;}\">\n\t\t\t\t\t<div class=\"e-con-inner\">\n\t\t\t\t<div class=\"elementor-element elementor-element-32dfd825 elementor-widget__width-initial elementor-widget elementor-widget-elementskit-heading\" data-id=\"32dfd825\" data-element_type=\"widget\" data-e-type=\"widget\" data-settings=\"{&quot;ekit_we_effect_on&quot;:&quot;none&quot;}\" data-widget_type=\"elementskit-heading.default\">\n\t\t\t\t\t<div class=\"ekit-wid-con\" ><div class=\"ekit-heading elementskit-section-title-wraper text_center   ekit_heading_tablet-   ekit_heading_mobile-\"><h2 class=\"ekit-heading--title elementskit-section-title \">Nos professeurs de fran\u00e7ais<\/h2><\/div><\/div>\t\t\t\t<\/div>\n\t\t\t\t\t<\/div>\n\t\t\t\t<\/div>\n\t\t<div class=\"elementor-element elementor-element-71f4211c e-flex e-con-boxed e-con e-parent\" data-id=\"71f4211c\" data-element_type=\"container\" data-e-type=\"container\" data-settings=\"{&quot;ekit_has_onepagescroll_dot&quot;:&quot;yes&quot;}\">\n\t\t\t\t\t<div class=\"e-con-inner\">\n\t\t<div class=\"elementor-element elementor-element-10f3137c e-con-full e-flex e-con e-child\" data-id=\"10f3137c\" data-element_type=\"container\" data-e-type=\"container\" data-settings=\"{&quot;ekit_has_onepagescroll_dot&quot;:&quot;yes&quot;}\">\n\t\t\t\t<div class=\"elementor-element elementor-element-4664bc62 elementor-widget elementor-widget-image\" data-id=\"4664bc62\" data-element_type=\"widget\" data-e-type=\"widget\" data-settings=\"{&quot;ekit_we_effect_on&quot;:&quot;none&quot;}\" data-widget_type=\"image.default\">\n\t\t\t\t\t\t\t\t\t\t\t\t\t\t\t<img loading=\"lazy\" decoding=\"async\" width=\"800\" height=\"800\" src=\"https:\/\/klf.fr\/wp-content\/uploads\/2025\/04\/design-sans-titre-10-1024x1024-1.jpg\" class=\"attachment-large size-large wp-image-36741\" alt=\"Amandine Duriez KLF Bordeaux Teacher\" srcset=\"https:\/\/klf.fr\/wp-content\/uploads\/2025\/04\/design-sans-titre-10-1024x1024-1.jpg 1024w, https:\/\/klf.fr\/wp-content\/uploads\/2025\/04\/design-sans-titre-10-1024x1024-1-300x300.jpg 300w, https:\/\/klf.fr\/wp-content\/uploads\/2025\/04\/design-sans-titre-10-1024x1024-1-150x150.jpg 150w, https:\/\/klf.fr\/wp-content\/uploads\/2025\/04\/design-sans-titre-10-1024x1024-1-768x768.jpg 768w\" sizes=\"(max-width: 800px) 100vw, 800px\" \/>\t\t\t\t\t\t\t\t\t\t\t\t\t\t\t<\/div>\n\t\t\t\t<div class=\"elementor-element elementor-element-408e0079 elementor-widget elementor-widget-elementskit-heading\" data-id=\"408e0079\" data-element_type=\"widget\" data-e-type=\"widget\" data-settings=\"{&quot;ekit_we_effect_on&quot;:&quot;none&quot;}\" data-widget_type=\"elementskit-heading.default\">\n\t\t\t\t\t<div class=\"ekit-wid-con\" ><div class=\"ekit-heading elementskit-section-title-wraper text_center   ekit_heading_tablet-   ekit_heading_mobile-\"><a href=\"#\"><h3 class=\"ekit-heading--title elementskit-section-title \">Amandine Duriez<\/h3><\/a><h6 class=\"ekit-heading--subtitle elementskit-section-subtitle   ekit-heading__subtitle-has-border\">\n\t\t\t\t\t\tProfesseure\n\t\t\t\t\t<\/h6><\/div><\/div>\t\t\t\t<\/div>\n\t\t\t\t<\/div>\n\t\t<div class=\"elementor-element elementor-element-9c61177 e-con-full e-flex e-con e-child\" data-id=\"9c61177\" data-element_type=\"container\" data-e-type=\"container\" data-settings=\"{&quot;ekit_has_onepagescroll_dot&quot;:&quot;yes&quot;}\">\n\t\t\t\t<div class=\"elementor-element elementor-element-79f79ca elementor-widget elementor-widget-image\" data-id=\"79f79ca\" data-element_type=\"widget\" data-e-type=\"widget\" data-settings=\"{&quot;ekit_we_effect_on&quot;:&quot;none&quot;}\" data-widget_type=\"image.default\">\n\t\t\t\t\t\t\t\t\t\t\t\t\t\t\t<img loading=\"lazy\" decoding=\"async\" width=\"800\" height=\"800\" src=\"https:\/\/klf.fr\/wp-content\/uploads\/2025\/04\/design-sans-titre-15-1024x1024-1.jpg\" class=\"attachment-large size-large wp-image-36760\" alt=\"Jeremie Desfougeres KLF Bordeaux Teacher\" srcset=\"https:\/\/klf.fr\/wp-content\/uploads\/2025\/04\/design-sans-titre-15-1024x1024-1.jpg 1024w, https:\/\/klf.fr\/wp-content\/uploads\/2025\/04\/design-sans-titre-15-1024x1024-1-300x300.jpg 300w, https:\/\/klf.fr\/wp-content\/uploads\/2025\/04\/design-sans-titre-15-1024x1024-1-150x150.jpg 150w, https:\/\/klf.fr\/wp-content\/uploads\/2025\/04\/design-sans-titre-15-1024x1024-1-768x768.jpg 768w\" sizes=\"(max-width: 800px) 100vw, 800px\" \/>\t\t\t\t\t\t\t\t\t\t\t\t\t\t\t<\/div>\n\t\t\t\t<div class=\"elementor-element elementor-element-a476e67 elementor-widget elementor-widget-elementskit-heading\" data-id=\"a476e67\" data-element_type=\"widget\" data-e-type=\"widget\" data-settings=\"{&quot;ekit_we_effect_on&quot;:&quot;none&quot;}\" data-widget_type=\"elementskit-heading.default\">\n\t\t\t\t\t<div class=\"ekit-wid-con\" ><div class=\"ekit-heading elementskit-section-title-wraper text_center   ekit_heading_tablet-   ekit_heading_mobile-\"><a href=\"#\"><h3 class=\"ekit-heading--title elementskit-section-title \">Jeremie Desfougeres<\/h3><\/a><h6 class=\"ekit-heading--subtitle elementskit-section-subtitle   ekit-heading__subtitle-has-border\">\n\t\t\t\t\t\tProfesseure\n\t\t\t\t\t<\/h6><\/div><\/div>\t\t\t\t<\/div>\n\t\t\t\t<\/div>\n\t\t<div class=\"elementor-element elementor-element-7430fe9 e-con-full e-flex e-con e-child\" data-id=\"7430fe9\" data-element_type=\"container\" data-e-type=\"container\" data-settings=\"{&quot;ekit_has_onepagescroll_dot&quot;:&quot;yes&quot;}\">\n\t\t\t\t<div class=\"elementor-element elementor-element-595caeef elementor-widget elementor-widget-image\" data-id=\"595caeef\" data-element_type=\"widget\" data-e-type=\"widget\" data-settings=\"{&quot;ekit_we_effect_on&quot;:&quot;none&quot;}\" data-widget_type=\"image.default\">\n\t\t\t\t\t\t\t\t\t\t\t\t\t\t\t<img loading=\"lazy\" decoding=\"async\" width=\"1024\" height=\"1024\" src=\"https:\/\/klf.fr\/wp-content\/uploads\/2025\/04\/design-sans-titre-14-1024x1024-1.jpg\" class=\"attachment-full size-full wp-image-36747\" alt=\"Marion Le Bail KLF Bordeaux Teacher\" srcset=\"https:\/\/klf.fr\/wp-content\/uploads\/2025\/04\/design-sans-titre-14-1024x1024-1.jpg 1024w, https:\/\/klf.fr\/wp-content\/uploads\/2025\/04\/design-sans-titre-14-1024x1024-1-300x300.jpg 300w, https:\/\/klf.fr\/wp-content\/uploads\/2025\/04\/design-sans-titre-14-1024x1024-1-150x150.jpg 150w, https:\/\/klf.fr\/wp-content\/uploads\/2025\/04\/design-sans-titre-14-1024x1024-1-768x768.jpg 768w\" sizes=\"(max-width: 1024px) 100vw, 1024px\" \/>\t\t\t\t\t\t\t\t\t\t\t\t\t\t\t<\/div>\n\t\t\t\t<div class=\"elementor-element elementor-element-15289cca elementor-widget elementor-widget-elementskit-heading\" data-id=\"15289cca\" data-element_type=\"widget\" data-e-type=\"widget\" data-settings=\"{&quot;ekit_we_effect_on&quot;:&quot;none&quot;}\" data-widget_type=\"elementskit-heading.default\">\n\t\t\t\t\t<div class=\"ekit-wid-con\" ><div class=\"ekit-heading elementskit-section-title-wraper text_center   ekit_heading_tablet-   ekit_heading_mobile-\"><a href=\"#\"><h3 class=\"ekit-heading--title elementskit-section-title \">Marion Le Bail<\/h3><\/a><h6 class=\"ekit-heading--subtitle elementskit-section-subtitle   ekit-heading__subtitle-has-border\">\n\t\t\t\t\t\tProfesseure\n\t\t\t\t\t<\/h6><\/div><\/div>\t\t\t\t<\/div>\n\t\t\t\t<\/div>\n\t\t\t\t\t<\/div>\n\t\t\t\t<\/div>\n\t\t<div class=\"elementor-element elementor-element-cf787af e-flex e-con-boxed e-con e-parent\" data-id=\"cf787af\" data-element_type=\"container\" data-e-type=\"container\" data-settings=\"{&quot;ekit_has_onepagescroll_dot&quot;:&quot;yes&quot;}\">\n\t\t\t\t\t<div class=\"e-con-inner\">\n\t\t<div class=\"elementor-element elementor-element-a4d640f e-con-full e-flex e-con e-child\" data-id=\"a4d640f\" data-element_type=\"container\" data-e-type=\"container\" data-settings=\"{&quot;ekit_has_onepagescroll_dot&quot;:&quot;yes&quot;}\">\n\t\t\t\t<div class=\"elementor-element elementor-element-96cbbd2 elementor-widget elementor-widget-image\" data-id=\"96cbbd2\" data-element_type=\"widget\" data-e-type=\"widget\" data-settings=\"{&quot;ekit_we_effect_on&quot;:&quot;none&quot;}\" data-widget_type=\"image.default\">\n\t\t\t\t\t\t\t\t\t\t\t\t\t\t\t<img loading=\"lazy\" decoding=\"async\" width=\"300\" height=\"300\" src=\"https:\/\/klf.fr\/wp-content\/uploads\/2025\/05\/Noemie-Duqueyroix.png\" class=\"attachment-large size-large wp-image-37561\" alt=\"\" srcset=\"https:\/\/klf.fr\/wp-content\/uploads\/2025\/05\/Noemie-Duqueyroix.png 300w, https:\/\/klf.fr\/wp-content\/uploads\/2025\/05\/Noemie-Duqueyroix-150x150.png 150w\" sizes=\"(max-width: 300px) 100vw, 300px\" \/>\t\t\t\t\t\t\t\t\t\t\t\t\t\t\t<\/div>\n\t\t\t\t<div class=\"elementor-element elementor-element-b2caa10 elementor-widget elementor-widget-elementskit-heading\" data-id=\"b2caa10\" data-element_type=\"widget\" data-e-type=\"widget\" data-settings=\"{&quot;ekit_we_effect_on&quot;:&quot;none&quot;}\" data-widget_type=\"elementskit-heading.default\">\n\t\t\t\t\t<div class=\"ekit-wid-con\" ><div class=\"ekit-heading elementskit-section-title-wraper text_center   ekit_heading_tablet-   ekit_heading_mobile-\"><a href=\"#\"><h3 class=\"ekit-heading--title elementskit-section-title \">No\u00e9mie Duqueyroix<\/h3><\/a><h6 class=\"ekit-heading--subtitle elementskit-section-subtitle   ekit-heading__subtitle-has-border\">\n\t\t\t\t\t\tProfesseure\n\t\t\t\t\t<\/h6><\/div><\/div>\t\t\t\t<\/div>\n\t\t\t\t<\/div>\n\t\t<div class=\"elementor-element elementor-element-e78d0dd e-con-full e-flex e-con e-child\" data-id=\"e78d0dd\" data-element_type=\"container\" data-e-type=\"container\" data-settings=\"{&quot;ekit_has_onepagescroll_dot&quot;:&quot;yes&quot;}\">\n\t\t\t\t<div class=\"elementor-element elementor-element-6dba237 elementor-widget elementor-widget-image\" data-id=\"6dba237\" data-element_type=\"widget\" data-e-type=\"widget\" data-settings=\"{&quot;ekit_we_effect_on&quot;:&quot;none&quot;}\" data-widget_type=\"image.default\">\n\t\t\t\t\t\t\t\t\t\t\t\t\t\t\t<img loading=\"lazy\" decoding=\"async\" width=\"300\" height=\"300\" src=\"https:\/\/klf.fr\/wp-content\/uploads\/2025\/05\/Pauline-Houlbert.png\" class=\"attachment-large size-large wp-image-37564\" alt=\"\" srcset=\"https:\/\/klf.fr\/wp-content\/uploads\/2025\/05\/Pauline-Houlbert.png 300w, https:\/\/klf.fr\/wp-content\/uploads\/2025\/05\/Pauline-Houlbert-150x150.png 150w\" sizes=\"(max-width: 300px) 100vw, 300px\" \/>\t\t\t\t\t\t\t\t\t\t\t\t\t\t\t<\/div>\n\t\t\t\t<div class=\"elementor-element elementor-element-39955f6 elementor-widget elementor-widget-elementskit-heading\" data-id=\"39955f6\" data-element_type=\"widget\" data-e-type=\"widget\" data-settings=\"{&quot;ekit_we_effect_on&quot;:&quot;none&quot;}\" data-widget_type=\"elementskit-heading.default\">\n\t\t\t\t\t<div class=\"ekit-wid-con\" ><div class=\"ekit-heading elementskit-section-title-wraper text_center   ekit_heading_tablet-   ekit_heading_mobile-\"><a href=\"#\"><h3 class=\"ekit-heading--title elementskit-section-title \">Pauline Houlbert<\/h3><\/a><h6 class=\"ekit-heading--subtitle elementskit-section-subtitle   ekit-heading__subtitle-has-border\">\n\t\t\t\t\t\tProfesseure\n\t\t\t\t\t<\/h6><\/div><\/div>\t\t\t\t<\/div>\n\t\t\t\t<\/div>\n\t\t\t\t\t<\/div>\n\t\t\t\t<\/div>\n\t\t\t\t<\/div>\n\t\t","protected":false},"excerpt":{"rendered":"<p>Home Notre \u00e9quipe Lea Vandenbussche Directrice Alessia Guida Coordinatrice s\u00e9jours et h\u00e9bergement Loralyn Person Coordinatrice s\u00e9jours et h\u00e9bergement Pierre-Carlo Vigneri Coordinateur s\u00e9jours groupes Amandine Monte Comptabilit\u00e9 et R\u00e9seaux Sociaux Zo\u00e9 Whitead R\u00e9f\u00e9rent accueil et examens Charlene Gueroult Responsable p\u00e9dagogique Nos professeurs de fran\u00e7ais Amandine Duriez Professeure Jeremie Desfougeres Professeure Marion Le Bail Professeure No\u00e9mie Duqueyroix [&hellip;]<\/p>\n","protected":false},"author":11,"featured_media":0,"parent":31361,"menu_order":0,"comment_status":"closed","ping_status":"closed","template":"","meta":{"content-type":"","footnotes":""},"language-product":[],"type-product":[],"city-product":[],"course-category":[],"folder":[],"class_list":["post-37570","page","type-page","status-publish","hentry"],"yoast_head":"<!-- This site is optimized with the Yoast SEO Premium plugin v27.4 (Yoast SEO v27.4) - https:\/\/yoast.com\/product\/yoast-seo-premium-wordpress\/ -->\n<title>Notre \u00e9quipe - Keep Learning French<\/title>\n<meta name=\"robots\" content=\"index, follow, max-snippet:-1, max-image-preview:large, max-video-preview:-1\" \/>\n<link rel=\"canonical\" href=\"https:\/\/klf.fr\/fr\/bordeaux\/a-propos-de-bordeaux\/notre-equipe\/\" \/>\n<meta property=\"og:locale\" content=\"fr_FR\" \/>\n<meta property=\"og:type\" content=\"article\" \/>\n<meta property=\"og:title\" content=\"Notre \u00e9quipe\" \/>\n<meta property=\"og:description\" content=\"Home Notre \u00e9quipe Lea Vandenbussche Directrice Alessia Guida Coordinatrice s\u00e9jours et h\u00e9bergement Loralyn Person Coordinatrice s\u00e9jours et h\u00e9bergement Pierre-Carlo Vigneri Coordinateur s\u00e9jours groupes Amandine Monte Comptabilit\u00e9 et R\u00e9seaux Sociaux Zo\u00e9 Whitead R\u00e9f\u00e9rent accueil et examens Charlene Gueroult Responsable p\u00e9dagogique Nos professeurs de fran\u00e7ais Amandine Duriez Professeure Jeremie Desfougeres Professeure Marion Le Bail Professeure No\u00e9mie Duqueyroix [&hellip;]\" \/>\n<meta property=\"og:url\" content=\"https:\/\/klf.fr\/fr\/bordeaux\/a-propos-de-bordeaux\/notre-equipe\/\" \/>\n<meta property=\"og:site_name\" content=\"Keep Learning French\" \/>\n<meta property=\"article:modified_time\" content=\"2025-12-09T14:56:24+00:00\" \/>\n<meta property=\"og:image\" content=\"https:\/\/klf.fr\/wp-content\/uploads\/2025\/04\/design-sans-titre-1-1024x1024-1.jpg\" \/>\n\t<meta property=\"og:image:width\" content=\"1024\" \/>\n\t<meta property=\"og:image:height\" content=\"1024\" \/>\n\t<meta property=\"og:image:type\" content=\"image\/jpeg\" \/>\n<meta name=\"twitter:card\" content=\"summary_large_image\" \/>\n<script type=\"application\/ld+json\" class=\"yoast-schema-graph\">{\"@context\":\"https:\\\/\\\/schema.org\",\"@graph\":[{\"@type\":\"WebPage\",\"@id\":\"https:\\\/\\\/klf.fr\\\/fr\\\/bordeaux\\\/a-propos-de-bordeaux\\\/notre-equipe\\\/\",\"url\":\"https:\\\/\\\/klf.fr\\\/fr\\\/bordeaux\\\/a-propos-de-bordeaux\\\/notre-equipe\\\/\",\"name\":\"Notre \u00e9quipe - Keep Learning French\",\"isPartOf\":{\"@id\":\"https:\\\/\\\/klf.fr\\\/fr\\\/#website\"},\"primaryImageOfPage\":{\"@id\":\"https:\\\/\\\/klf.fr\\\/fr\\\/bordeaux\\\/a-propos-de-bordeaux\\\/notre-equipe\\\/#primaryimage\"},\"image\":{\"@id\":\"https:\\\/\\\/klf.fr\\\/fr\\\/bordeaux\\\/a-propos-de-bordeaux\\\/notre-equipe\\\/#primaryimage\"},\"thumbnailUrl\":\"https:\\\/\\\/klf.fr\\\/wp-content\\\/uploads\\\/2025\\\/04\\\/design-sans-titre-1-1024x1024-1.jpg\",\"datePublished\":\"2025-05-28T10:33:29+00:00\",\"dateModified\":\"2025-12-09T14:56:24+00:00\",\"breadcrumb\":{\"@id\":\"https:\\\/\\\/klf.fr\\\/fr\\\/bordeaux\\\/a-propos-de-bordeaux\\\/notre-equipe\\\/#breadcrumb\"},\"inLanguage\":\"fr-FR\",\"potentialAction\":[{\"@type\":\"ReadAction\",\"target\":[\"https:\\\/\\\/klf.fr\\\/fr\\\/bordeaux\\\/a-propos-de-bordeaux\\\/notre-equipe\\\/\"]}]},{\"@type\":\"ImageObject\",\"inLanguage\":\"fr-FR\",\"@id\":\"https:\\\/\\\/klf.fr\\\/fr\\\/bordeaux\\\/a-propos-de-bordeaux\\\/notre-equipe\\\/#primaryimage\",\"url\":\"https:\\\/\\\/klf.fr\\\/wp-content\\\/uploads\\\/2025\\\/04\\\/design-sans-titre-1-1024x1024-1.jpg\",\"contentUrl\":\"https:\\\/\\\/klf.fr\\\/wp-content\\\/uploads\\\/2025\\\/04\\\/design-sans-titre-1-1024x1024-1.jpg\"},{\"@type\":\"BreadcrumbList\",\"@id\":\"https:\\\/\\\/klf.fr\\\/fr\\\/bordeaux\\\/a-propos-de-bordeaux\\\/notre-equipe\\\/#breadcrumb\",\"itemListElement\":[{\"@type\":\"ListItem\",\"position\":1,\"name\":\"Home\",\"item\":\"https:\\\/\\\/klf.fr\\\/fr\\\/home-2\\\/\"},{\"@type\":\"ListItem\",\"position\":2,\"name\":\"Apprendre le fran\u00e7ais \u00e0 Bordeaux\",\"item\":\"https:\\\/\\\/klf.fr\\\/fr\\\/bordeaux\\\/\"},{\"@type\":\"ListItem\",\"position\":3,\"name\":\"A propos de Bordeaux\",\"item\":\"https:\\\/\\\/klf.fr\\\/fr\\\/bordeaux\\\/a-propos-de-bordeaux\\\/\"},{\"@type\":\"ListItem\",\"position\":4,\"name\":\"Notre \u00e9quipe\"}]},{\"@type\":\"WebSite\",\"@id\":\"https:\\\/\\\/klf.fr\\\/fr\\\/#website\",\"url\":\"https:\\\/\\\/klf.fr\\\/fr\\\/\",\"name\":\"Keep Learning French\",\"description\":\"Groupe d&#039;\u00e9coles de FLE en France.\",\"publisher\":{\"@id\":\"https:\\\/\\\/klf.fr\\\/fr\\\/#organization\"},\"potentialAction\":[{\"@type\":\"SearchAction\",\"target\":{\"@type\":\"EntryPoint\",\"urlTemplate\":\"https:\\\/\\\/klf.fr\\\/fr\\\/?s={search_term_string}\"},\"query-input\":{\"@type\":\"PropertyValueSpecification\",\"valueRequired\":true,\"valueName\":\"search_term_string\"}}],\"inLanguage\":\"fr-FR\"},{\"@type\":[\"Organization\",\"Place\"],\"@id\":\"https:\\\/\\\/klf.fr\\\/fr\\\/#organization\",\"name\":\"Keep Learning French\",\"url\":\"https:\\\/\\\/klf.fr\\\/fr\\\/\",\"logo\":{\"@id\":\"https:\\\/\\\/klf.fr\\\/fr\\\/bordeaux\\\/a-propos-de-bordeaux\\\/notre-equipe\\\/#local-main-organization-logo\"},\"image\":{\"@id\":\"https:\\\/\\\/klf.fr\\\/fr\\\/bordeaux\\\/a-propos-de-bordeaux\\\/notre-equipe\\\/#local-main-organization-logo\"},\"sameAs\":[\"https:\\\/\\\/linkedin.com\\\/school\\\/keep-learning-french\\\/\"],\"telephone\":[],\"openingHoursSpecification\":[{\"@type\":\"OpeningHoursSpecification\",\"dayOfWeek\":[\"Monday\",\"Tuesday\",\"Wednesday\",\"Thursday\",\"Friday\",\"Saturday\",\"Sunday\"],\"opens\":\"09:00\",\"closes\":\"17:00\"}]},{\"@type\":\"ImageObject\",\"inLanguage\":\"fr-FR\",\"@id\":\"https:\\\/\\\/klf.fr\\\/fr\\\/bordeaux\\\/a-propos-de-bordeaux\\\/notre-equipe\\\/#local-main-organization-logo\",\"url\":\"https:\\\/\\\/klf.fr\\\/wp-content\\\/uploads\\\/2020\\\/09\\\/klf-favicon.png\",\"contentUrl\":\"https:\\\/\\\/klf.fr\\\/wp-content\\\/uploads\\\/2020\\\/09\\\/klf-favicon.png\",\"width\":200,\"height\":200,\"caption\":\"Keep Learning French\"}]}<\/script>\n<!-- \/ Yoast SEO Premium plugin. -->","yoast_head_json":{"title":"Notre \u00e9quipe - Keep Learning French","robots":{"index":"index","follow":"follow","max-snippet":"max-snippet:-1","max-image-preview":"max-image-preview:large","max-video-preview":"max-video-preview:-1"},"canonical":"https:\/\/klf.fr\/fr\/bordeaux\/a-propos-de-bordeaux\/notre-equipe\/","og_locale":"fr_FR","og_type":"article","og_title":"Notre \u00e9quipe","og_description":"Home Notre \u00e9quipe Lea Vandenbussche Directrice Alessia Guida Coordinatrice s\u00e9jours et h\u00e9bergement Loralyn Person Coordinatrice s\u00e9jours et h\u00e9bergement Pierre-Carlo Vigneri Coordinateur s\u00e9jours groupes Amandine Monte Comptabilit\u00e9 et R\u00e9seaux Sociaux Zo\u00e9 Whitead R\u00e9f\u00e9rent accueil et examens Charlene Gueroult Responsable p\u00e9dagogique Nos professeurs de fran\u00e7ais Amandine Duriez Professeure Jeremie Desfougeres Professeure Marion Le Bail Professeure No\u00e9mie Duqueyroix [&hellip;]","og_url":"https:\/\/klf.fr\/fr\/bordeaux\/a-propos-de-bordeaux\/notre-equipe\/","og_site_name":"Keep Learning French","article_modified_time":"2025-12-09T14:56:24+00:00","og_image":[{"width":1024,"height":1024,"url":"https:\/\/klf.fr\/wp-content\/uploads\/2025\/04\/design-sans-titre-1-1024x1024-1.jpg","type":"image\/jpeg"}],"twitter_card":"summary_large_image","schema":{"@context":"https:\/\/schema.org","@graph":[{"@type":"WebPage","@id":"https:\/\/klf.fr\/fr\/bordeaux\/a-propos-de-bordeaux\/notre-equipe\/","url":"https:\/\/klf.fr\/fr\/bordeaux\/a-propos-de-bordeaux\/notre-equipe\/","name":"Notre \u00e9quipe - Keep Learning French","isPartOf":{"@id":"https:\/\/klf.fr\/fr\/#website"},"primaryImageOfPage":{"@id":"https:\/\/klf.fr\/fr\/bordeaux\/a-propos-de-bordeaux\/notre-equipe\/#primaryimage"},"image":{"@id":"https:\/\/klf.fr\/fr\/bordeaux\/a-propos-de-bordeaux\/notre-equipe\/#primaryimage"},"thumbnailUrl":"https:\/\/klf.fr\/wp-content\/uploads\/2025\/04\/design-sans-titre-1-1024x1024-1.jpg","datePublished":"2025-05-28T10:33:29+00:00","dateModified":"2025-12-09T14:56:24+00:00","breadcrumb":{"@id":"https:\/\/klf.fr\/fr\/bordeaux\/a-propos-de-bordeaux\/notre-equipe\/#breadcrumb"},"inLanguage":"fr-FR","potentialAction":[{"@type":"ReadAction","target":["https:\/\/klf.fr\/fr\/bordeaux\/a-propos-de-bordeaux\/notre-equipe\/"]}]},{"@type":"ImageObject","inLanguage":"fr-FR","@id":"https:\/\/klf.fr\/fr\/bordeaux\/a-propos-de-bordeaux\/notre-equipe\/#primaryimage","url":"https:\/\/klf.fr\/wp-content\/uploads\/2025\/04\/design-sans-titre-1-1024x1024-1.jpg","contentUrl":"https:\/\/klf.fr\/wp-content\/uploads\/2025\/04\/design-sans-titre-1-1024x1024-1.jpg"},{"@type":"BreadcrumbList","@id":"https:\/\/klf.fr\/fr\/bordeaux\/a-propos-de-bordeaux\/notre-equipe\/#breadcrumb","itemListElement":[{"@type":"ListItem","position":1,"name":"Home","item":"https:\/\/klf.fr\/fr\/home-2\/"},{"@type":"ListItem","position":2,"name":"Apprendre le fran\u00e7ais \u00e0 Bordeaux","item":"https:\/\/klf.fr\/fr\/bordeaux\/"},{"@type":"ListItem","position":3,"name":"A propos de Bordeaux","item":"https:\/\/klf.fr\/fr\/bordeaux\/a-propos-de-bordeaux\/"},{"@type":"ListItem","position":4,"name":"Notre \u00e9quipe"}]},{"@type":"WebSite","@id":"https:\/\/klf.fr\/fr\/#website","url":"https:\/\/klf.fr\/fr\/","name":"Keep Learning French","description":"Groupe d&#039;\u00e9coles de FLE en France.","publisher":{"@id":"https:\/\/klf.fr\/fr\/#organization"},"potentialAction":[{"@type":"SearchAction","target":{"@type":"EntryPoint","urlTemplate":"https:\/\/klf.fr\/fr\/?s={search_term_string}"},"query-input":{"@type":"PropertyValueSpecification","valueRequired":true,"valueName":"search_term_string"}}],"inLanguage":"fr-FR"},{"@type":["Organization","Place"],"@id":"https:\/\/klf.fr\/fr\/#organization","name":"Keep Learning French","url":"https:\/\/klf.fr\/fr\/","logo":{"@id":"https:\/\/klf.fr\/fr\/bordeaux\/a-propos-de-bordeaux\/notre-equipe\/#local-main-organization-logo"},"image":{"@id":"https:\/\/klf.fr\/fr\/bordeaux\/a-propos-de-bordeaux\/notre-equipe\/#local-main-organization-logo"},"sameAs":["https:\/\/linkedin.com\/school\/keep-learning-french\/"],"telephone":[],"openingHoursSpecification":[{"@type":"OpeningHoursSpecification","dayOfWeek":["Monday","Tuesday","Wednesday","Thursday","Friday","Saturday","Sunday"],"opens":"09:00","closes":"17:00"}]},{"@type":"ImageObject","inLanguage":"fr-FR","@id":"https:\/\/klf.fr\/fr\/bordeaux\/a-propos-de-bordeaux\/notre-equipe\/#local-main-organization-logo","url":"https:\/\/klf.fr\/wp-content\/uploads\/2020\/09\/klf-favicon.png","contentUrl":"https:\/\/klf.fr\/wp-content\/uploads\/2020\/09\/klf-favicon.png","width":200,"height":200,"caption":"Keep Learning French"}]}},"_links":{"self":[{"href":"https:\/\/klf.fr\/fr\/wp-json\/wp\/v2\/pages\/37570","targetHints":{"allow":["GET"]}}],"collection":[{"href":"https:\/\/klf.fr\/fr\/wp-json\/wp\/v2\/pages"}],"about":[{"href":"https:\/\/klf.fr\/fr\/wp-json\/wp\/v2\/types\/page"}],"author":[{"embeddable":true,"href":"https:\/\/klf.fr\/fr\/wp-json\/wp\/v2\/users\/11"}],"replies":[{"embeddable":true,"href":"https:\/\/klf.fr\/fr\/wp-json\/wp\/v2\/comments?post=37570"}],"version-history":[{"count":0,"href":"https:\/\/klf.fr\/fr\/wp-json\/wp\/v2\/pages\/37570\/revisions"}],"up":[{"embeddable":true,"href":"https:\/\/klf.fr\/fr\/wp-json\/wp\/v2\/pages\/31361"}],"wp:attachment":[{"href":"https:\/\/klf.fr\/fr\/wp-json\/wp\/v2\/media?parent=37570"}],"wp:term":[{"taxonomy":"language-product","embeddable":true,"href":"https:\/\/klf.fr\/fr\/wp-json\/wp\/v2\/language-product?post=37570"},{"taxonomy":"type-product","embeddable":true,"href":"https:\/\/klf.fr\/fr\/wp-json\/wp\/v2\/type-product?post=37570"},{"taxonomy":"city-product","embeddable":true,"href":"https:\/\/klf.fr\/fr\/wp-json\/wp\/v2\/city-product?post=37570"},{"taxonomy":"course-category","embeddable":true,"href":"https:\/\/klf.fr\/fr\/wp-json\/wp\/v2\/course-category?post=37570"},{"taxonomy":"folder","embeddable":true,"href":"https:\/\/klf.fr\/fr\/wp-json\/wp\/v2\/folder?post=37570"}],"curies":[{"name":"wp","href":"https:\/\/api.w.org\/{rel}","templated":true}]}}