{"id":33856,"date":"2025-02-19T16:04:19","date_gmt":"2025-02-19T15:04:19","guid":{"rendered":"https:\/\/klf.fr\/bordeaux\/cours-francais-bordeaux\/corso-di-francese-bildunsurlaub-bordeaux\/"},"modified":"2026-03-25T08:42:19","modified_gmt":"2026-03-25T07:42:19","slug":"corso-di-francese-bildunsurlaub-bordeaux","status":"publish","type":"page","link":"https:\/\/klf.fr\/fr\/bordeaux\/cours-de-francais\/corso-di-francese-bildunsurlaub-bordeaux\/","title":{"rendered":"Cours de fran\u00e7ais Bildunsurlaub &#8211; Bordeaux"},"content":{"rendered":"\t\t<div data-elementor-type=\"wp-page\" data-elementor-id=\"33856\" class=\"elementor elementor-33856 elementor-25789\" data-elementor-post-type=\"page\">\n\t\t\t\t<div class=\"elementor-element elementor-element-6647ff9 e-flex e-con-boxed e-con e-parent\" data-id=\"6647ff9\" data-element_type=\"container\" data-e-type=\"container\" data-settings=\"{&quot;ekit_has_onepagescroll_dot&quot;:&quot;yes&quot;}\">\n\t\t\t\t\t<div class=\"e-con-inner\">\n\t\t<div class=\"elementor-element elementor-element-19f02b4 e-con-full e-flex e-con e-child\" data-id=\"19f02b4\" data-element_type=\"container\" data-e-type=\"container\" data-settings=\"{&quot;ekit_has_onepagescroll_dot&quot;:&quot;yes&quot;}\">\n\t\t\t\t<div class=\"elementor-element elementor-element-5356445 elementor-widget elementor-widget-breadcrumbs\" data-id=\"5356445\" data-element_type=\"widget\" data-e-type=\"widget\" data-settings=\"{&quot;ekit_we_effect_on&quot;:&quot;none&quot;}\" data-widget_type=\"breadcrumbs.default\">\n\t\t\t\t\t<p id=\"breadcrumbs\"><span><span><a href=\"https:\/\/klf.fr\/fr\/home-2\/\">Home<\/a><\/span><\/span><\/p>\t\t\t\t<\/div>\n\t\t<div class=\"elementor-element elementor-element-63f9825 e-con-full e-flex e-con e-child\" data-id=\"63f9825\" data-element_type=\"container\" data-e-type=\"container\" data-settings=\"{&quot;ekit_has_onepagescroll_dot&quot;:&quot;yes&quot;}\">\n\t\t<div class=\"elementor-element elementor-element-161ed84 e-con-full e-flex e-con e-child\" data-id=\"161ed84\" data-element_type=\"container\" data-e-type=\"container\" data-settings=\"{&quot;background_background&quot;:&quot;classic&quot;,&quot;ekit_has_onepagescroll_dot&quot;:&quot;yes&quot;}\">\n\t\t\t\t<div class=\"elementor-element elementor-element-bb0f8f9 elementor-widget elementor-widget-heading\" data-id=\"bb0f8f9\" data-element_type=\"widget\" data-e-type=\"widget\" data-settings=\"{&quot;ekit_we_effect_on&quot;:&quot;none&quot;}\" data-widget_type=\"heading.default\">\n\t\t\t\t\t<h1 class=\"elementor-heading-title elementor-size-default\"> Cours de Francais Bildungsurlaub <\/h1>\t\t\t\t<\/div>\n\t\t\t\t<div class=\"elementor-element elementor-element-8f3f044 elementor-widget elementor-widget-text-editor\" data-id=\"8f3f044\" data-element_type=\"widget\" data-e-type=\"widget\" data-settings=\"{&quot;ekit_we_effect_on&quot;:&quot;none&quot;}\" data-widget_type=\"text-editor.default\">\n\t\t\t\t\t\t\t\t\t<p class=\"p1\">Notre cours de<b> fran\u00e7ais Bildungsurlaub<\/b> est con\u00e7u pour les professionnels qui souhaitent am\u00e9liorer leurs comp\u00e9tences en fran\u00e7ais pendant leur cong\u00e9 de formation. Ce programme combine un enseignement intensif de la langue et une immersion culturelle, ce qui permet des progr\u00e8s rapides dans un laps de temps court. <\/p>\t\t\t\t\t\t\t\t<\/div>\n\t\t\t\t<div class=\"elementor-element elementor-element-e36723a elementor-widget elementor-widget-button\" data-id=\"e36723a\" data-element_type=\"widget\" data-e-type=\"widget\" data-settings=\"{&quot;ekit_we_effect_on&quot;:&quot;none&quot;}\" data-widget_type=\"button.default\">\n\t\t\t\t\t\t\t\t\t\t<a class=\"elementor-button elementor-button-link elementor-size-sm\" href=\"https:\/\/cix3cixx3x3.typeform.com\/to\/uI1fYF4u\">\n\t\t\t\t\t\t<span class=\"elementor-button-content-wrapper\">\n\t\t\t\t\t\t\t\t\t<span class=\"elementor-button-text\">Testez votre niveau de fran\u00e7ais<\/span>\n\t\t\t\t\t<\/span>\n\t\t\t\t\t<\/a>\n\t\t\t\t\t\t\t\t<\/div>\n\t\t\t\t<\/div>\n\t\t<div class=\"elementor-element elementor-element-1e457ef e-con-full e-flex e-con e-child\" data-id=\"1e457ef\" data-element_type=\"container\" data-e-type=\"container\" data-settings=\"{&quot;ekit_has_onepagescroll_dot&quot;:&quot;yes&quot;}\">\n\t\t<div class=\"elementor-element elementor-element-2952d0f e-con-full e-flex e-con e-child\" data-id=\"2952d0f\" data-element_type=\"container\" data-e-type=\"container\" data-settings=\"{&quot;ekit_has_onepagescroll_dot&quot;:&quot;yes&quot;}\">\n\t\t<div class=\"elementor-element elementor-element-aff7553 e-con-full e-flex e-con e-child\" data-id=\"aff7553\" data-element_type=\"container\" data-e-type=\"container\" data-settings=\"{&quot;ekit_has_onepagescroll_dot&quot;:&quot;yes&quot;}\">\n\t\t<div class=\"elementor-element elementor-element-8eb47c1 e-con-full e-flex e-con e-child\" data-id=\"8eb47c1\" data-element_type=\"container\" data-e-type=\"container\" data-settings=\"{&quot;ekit_has_onepagescroll_dot&quot;:&quot;yes&quot;}\">\n\t\t\t\t<div class=\"elementor-element elementor-element-44f1c4c elementor-widget elementor-widget-heading\" data-id=\"44f1c4c\" data-element_type=\"widget\" data-e-type=\"widget\" data-settings=\"{&quot;ekit_we_effect_on&quot;:&quot;none&quot;}\" data-widget_type=\"heading.default\">\n\t\t\t\t\t<h2 class=\"elementor-heading-title elementor-size-default\">\u00e0 partir de<\/h2>\t\t\t\t<\/div>\n\t\t\t\t<div class=\"elementor-element elementor-element-8073189 elementor-widget elementor-widget-elementskit-heading\" data-id=\"8073189\" data-element_type=\"widget\" data-e-type=\"widget\" data-settings=\"{&quot;ekit_we_effect_on&quot;:&quot;none&quot;}\" data-widget_type=\"elementskit-heading.default\">\n\t\t\t\t\t<div class=\"ekit-wid-con\" ><div class=\"ekit-heading elementskit-section-title-wraper text_left   ekit_heading_tablet-   ekit_heading_mobile-\"><h2 class=\"ekit-heading--title elementskit-section-title \"><span><span>365 \u20ac<\/span><\/span> \/ Semaine<\/h2><\/div><\/div>\t\t\t\t<\/div>\n\t\t\t\t<div class=\"elementor-element elementor-element-91b32aa elementor-widget elementor-widget-heading\" data-id=\"91b32aa\" data-element_type=\"widget\" data-e-type=\"widget\" data-settings=\"{&quot;ekit_we_effect_on&quot;:&quot;none&quot;}\" data-widget_type=\"heading.default\">\n\t\t\t\t\t<h2 class=\"elementor-heading-title elementor-size-default\">Comprend :<\/h2>\t\t\t\t<\/div>\n\t\t\t\t<div class=\"elementor-element elementor-element-d2c4776 elementor-align-start elementor-icon-list--layout-traditional elementor-list-item-link-full_width elementor-widget elementor-widget-icon-list\" data-id=\"d2c4776\" data-element_type=\"widget\" data-e-type=\"widget\" data-settings=\"{&quot;ekit_we_effect_on&quot;:&quot;none&quot;}\" data-widget_type=\"icon-list.default\">\n\t\t\t\t\t\t\t<ul class=\"elementor-icon-list-items\">\n\t\t\t\t\t\t\t<li class=\"elementor-icon-list-item\">\n\t\t\t\t\t\t\t\t\t\t\t<span class=\"elementor-icon-list-icon\">\n\t\t\t\t\t\t\t<i aria-hidden=\"true\" class=\"icon icon-book\"><\/i>\t\t\t\t\t\t<\/span>\n\t\t\t\t\t\t\t\t\t\t<span class=\"elementor-icon-list-text\">Nombre d'heures par semaine : 30 ou 40 (45 minutes chacune)<\/span>\n\t\t\t\t\t\t\t\t\t<\/li>\n\t\t\t\t\t\t\t\t<li class=\"elementor-icon-list-item\">\n\t\t\t\t\t\t\t\t\t\t\t<span class=\"elementor-icon-list-icon\">\n\t\t\t\t\t\t\t<i aria-hidden=\"true\" class=\"far fa-user\"><\/i>\t\t\t\t\t\t<\/span>\n\t\t\t\t\t\t\t\t\t\t<span class=\"elementor-icon-list-text\">\u00c9l\u00e8ves\/classe : 8-14 (Moyenne 8)<\/span>\n\t\t\t\t\t\t\t\t\t<\/li>\n\t\t\t\t\t\t\t\t<li class=\"elementor-icon-list-item\">\n\t\t\t\t\t\t\t\t\t\t\t<span class=\"elementor-icon-list-icon\">\n\t\t\t\t\t\t\t<i aria-hidden=\"true\" class=\"fas fa-level-up-alt\"><\/i>\t\t\t\t\t\t<\/span>\n\t\t\t\t\t\t\t\t\t\t<span class=\"elementor-icon-list-text\">A2 - C1<\/span>\n\t\t\t\t\t\t\t\t\t<\/li>\n\t\t\t\t\t\t\t\t<li class=\"elementor-icon-list-item\">\n\t\t\t\t\t\t\t\t\t\t\t<span class=\"elementor-icon-list-icon\">\n\t\t\t\t\t\t\t<i aria-hidden=\"true\" class=\"fas fa-running\"><\/i>\t\t\t\t\t\t<\/span>\n\t\t\t\t\t\t\t\t\t\t<span class=\"elementor-icon-list-text\">\u00c2ge minimum : 20 ans<\/span>\n\t\t\t\t\t\t\t\t\t<\/li>\n\t\t\t\t\t\t\t\t<li class=\"elementor-icon-list-item\">\n\t\t\t\t\t\t\t\t\t\t\t<span class=\"elementor-icon-list-icon\">\n\t\t\t\t\t\t\t<i aria-hidden=\"true\" class=\"far fa-calendar-alt\"><\/i>\t\t\t\t\t\t<\/span>\n\t\t\t\t\t\t\t\t\t\t<span class=\"elementor-icon-list-text\">D\u00e9but de cours chaque lundi<\/span>\n\t\t\t\t\t\t\t\t\t<\/li>\n\t\t\t\t\t\t\t\t<li class=\"elementor-icon-list-item\">\n\t\t\t\t\t\t\t\t\t\t\t<span class=\"elementor-icon-list-icon\">\n\t\t\t\t\t\t\t<i aria-hidden=\"true\" class=\"far fa-calendar-check\"><\/i>\t\t\t\t\t\t<\/span>\n\t\t\t\t\t\t\t\t\t\t<span class=\"elementor-icon-list-text\"> Dates sp\u00e9cifiques pour les d\u00e9butants<\/span>\n\t\t\t\t\t\t\t\t\t<\/li>\n\t\t\t\t\t\t<\/ul>\n\t\t\t\t\t\t<\/div>\n\t\t<div class=\"elementor-element elementor-element-3ca653a e-con-full e-flex e-con e-child\" data-id=\"3ca653a\" data-element_type=\"container\" data-e-type=\"container\" data-settings=\"{&quot;ekit_has_onepagescroll_dot&quot;:&quot;yes&quot;}\">\n\t\t\t\t<div class=\"elementor-element elementor-element-fe56cf7 elementor-widget elementor-widget-heading\" data-id=\"fe56cf7\" data-element_type=\"widget\" data-e-type=\"widget\" data-settings=\"{&quot;ekit_we_effect_on&quot;:&quot;none&quot;}\" data-widget_type=\"heading.default\">\n\t\t\t\t\t<h2 class=\"elementor-heading-title elementor-size-default\">Inclus :<\/h2>\t\t\t\t<\/div>\n\t\t\t\t<div class=\"elementor-element elementor-element-b490998 elementor-align-start elementor-icon-list--layout-traditional elementor-list-item-link-full_width elementor-widget elementor-widget-icon-list\" data-id=\"b490998\" data-element_type=\"widget\" data-e-type=\"widget\" data-settings=\"{&quot;ekit_we_effect_on&quot;:&quot;none&quot;}\" data-widget_type=\"icon-list.default\">\n\t\t\t\t\t\t\t<ul class=\"elementor-icon-list-items\">\n\t\t\t\t\t\t\t<li class=\"elementor-icon-list-item\">\n\t\t\t\t\t\t\t\t\t\t\t<span class=\"elementor-icon-list-icon\">\n\t\t\t\t\t\t\t<i aria-hidden=\"true\" class=\"far fa-address-card\"><\/i>\t\t\t\t\t\t<\/span>\n\t\t\t\t\t\t\t\t\t\t<span class=\"elementor-icon-list-text\">Test d'\u00e9valuation<\/span>\n\t\t\t\t\t\t\t\t\t<\/li>\n\t\t\t\t\t\t\t\t<li class=\"elementor-icon-list-item\">\n\t\t\t\t\t\t\t\t\t\t\t<span class=\"elementor-icon-list-icon\">\n\t\t\t\t\t\t\t<i aria-hidden=\"true\" class=\"fas fa-book\"><\/i>\t\t\t\t\t\t<\/span>\n\t\t\t\t\t\t\t\t\t\t<span class=\"elementor-icon-list-text\">Road-Book KLF<\/span>\n\t\t\t\t\t\t\t\t\t<\/li>\n\t\t\t\t\t\t\t\t<li class=\"elementor-icon-list-item\">\n\t\t\t\t\t\t\t\t\t\t\t<span class=\"elementor-icon-list-icon\">\n\t\t\t\t\t\t\t<i aria-hidden=\"true\" class=\"icon icon-construction\"><\/i>\t\t\t\t\t\t<\/span>\n\t\t\t\t\t\t\t\t\t\t<span class=\"elementor-icon-list-text\">Ateliers<\/span>\n\t\t\t\t\t\t\t\t\t<\/li>\n\t\t\t\t\t\t\t\t<li class=\"elementor-icon-list-item\">\n\t\t\t\t\t\t\t\t\t\t\t<span class=\"elementor-icon-list-icon\">\n\t\t\t\t\t\t\t<i aria-hidden=\"true\" class=\"fas fa-hands-helping\"><\/i>\t\t\t\t\t\t<\/span>\n\t\t\t\t\t\t\t\t\t\t<span class=\"elementor-icon-list-text\">Pack de bienvenue<\/span>\n\t\t\t\t\t\t\t\t\t<\/li>\n\t\t\t\t\t\t\t\t<li class=\"elementor-icon-list-item\">\n\t\t\t\t\t\t\t\t\t\t\t<span class=\"elementor-icon-list-icon\">\n\t\t\t\t\t\t\t<i aria-hidden=\"true\" class=\"fas fa-chalkboard-teacher\"><\/i>\t\t\t\t\t\t<\/span>\n\t\t\t\t\t\t\t\t\t\t<span class=\"elementor-icon-list-text\">Tutorat hebdomadaire<\/span>\n\t\t\t\t\t\t\t\t\t<\/li>\n\t\t\t\t\t\t<\/ul>\n\t\t\t\t\t\t<\/div>\n\t\t<div class=\"elementor-element elementor-element-ca45f0d e-con-full e-flex e-con e-child\" data-id=\"ca45f0d\" data-element_type=\"container\" data-e-type=\"container\" data-settings=\"{&quot;ekit_has_onepagescroll_dot&quot;:&quot;yes&quot;}\">\n\t\t\t\t<div class=\"elementor-element elementor-element-d6d2168 elementor-align-center elementor-widget elementor-widget-elementskit-button\" data-id=\"d6d2168\" data-element_type=\"widget\" data-e-type=\"widget\" data-settings=\"{&quot;ekit_we_effect_on&quot;:&quot;none&quot;}\" data-widget_type=\"elementskit-button.default\">\n\t\t\t\t\t<div class=\"ekit-wid-con\" >\t\t<div class=\"ekit-btn-wraper\">\n\t\t\t\t\t\t\t<a href=\"https:\/\/klf.fr\/bordeaux\/french-courses-in-bordeaux-booking\/\" target=\"_blank\" class=\"elementskit-btn  whitespace--normal\" id=\"\">\n\t\t\t\t\tR\u00e9server\t\t\t\t<\/a>\n\t\t\t\t\t<\/div>\n        <\/div>\t\t\t\t<\/div>\n\t\t\t\t<\/div>\n\t\t\t\t<\/div>\n\t\t\t\t<\/div>\n\t\t\t\t<\/div>\n\t\t\t\t<\/div>\n\t\t\t\t<\/div>\n\t\t\t\t<\/div>\n\t\t\t\t<\/div>\n\t\t\t\t\t<\/div>\n\t\t\t\t<\/div>\n\t\t<div class=\"elementor-element elementor-element-8a6340c e-flex e-con-boxed e-con e-parent\" data-id=\"8a6340c\" data-element_type=\"container\" data-e-type=\"container\" data-settings=\"{&quot;ekit_has_onepagescroll_dot&quot;:&quot;yes&quot;}\">\n\t\t\t\t\t<div class=\"e-con-inner\">\n\t\t<div class=\"elementor-element elementor-element-72ac29d e-con-full e-flex e-con e-child\" data-id=\"72ac29d\" data-element_type=\"container\" data-e-type=\"container\" data-settings=\"{&quot;ekit_has_onepagescroll_dot&quot;:&quot;yes&quot;}\">\n\t\t\t\t<div class=\"elementor-element elementor-element-d347199 elementor-widget elementor-widget-heading\" data-id=\"d347199\" data-element_type=\"widget\" data-e-type=\"widget\" data-settings=\"{&quot;ekit_we_effect_on&quot;:&quot;none&quot;}\" data-widget_type=\"heading.default\">\n\t\t\t\t\t<h2 class=\"elementor-heading-title elementor-size-default\">Bildungsurlaub<\/h2>\t\t\t\t<\/div>\n\t\t\t\t<div class=\"elementor-element elementor-element-dc5152f elementor-widget elementor-widget-heading\" data-id=\"dc5152f\" data-element_type=\"widget\" data-e-type=\"widget\" data-settings=\"{&quot;ekit_we_effect_on&quot;:&quot;none&quot;}\" data-widget_type=\"heading.default\">\n\t\t\t\t\t<h2 class=\"elementor-heading-title elementor-size-default\">Qu'est-ce que le cong\u00e9-\u00e9ducation ?<\/h2>\t\t\t\t<\/div>\n\t\t\t\t<div class=\"elementor-element elementor-element-c157399 elementor-widget elementor-widget-text-editor\" data-id=\"c157399\" data-element_type=\"widget\" data-e-type=\"widget\" data-settings=\"{&quot;ekit_we_effect_on&quot;:&quot;none&quot;}\" data-widget_type=\"text-editor.default\">\n\t\t\t\t\t\t\t\t\t<div class=\"relative big-container mx-auto py-20\"><div class=\"container mx-auto pt-[30px] pb-8 relative z-20 px-4 md:px-0\"><div class=\"sm:pt-5 pt-[15px] text-white md:w-4\/5\"><p class=\"p1\">Notre cours de<b> fran\u00e7ais Bildungsurlaub offre <\/b>une approche structur\u00e9e et immersive de la ma\u00eetrise de la langue fran\u00e7aise. Con\u00e7u sp\u00e9cifiquement pour les employ\u00e9s allemands, ce programme s&rsquo;aligne sur les politiques de cong\u00e9 de formation des L\u00e4nder allemands, assurant une int\u00e9gration transparente dans votre plan de d\u00e9veloppement professionnel. <\/p><p>Le Bildungsurlaub est un cong\u00e9 de formation subventionn\u00e9 destin\u00e9 \u00e0 la formation professionnelle et encadr\u00e9 par les L\u00e4nder allemands.<\/p><p>Les salari\u00e9s allemands ont la possibilit\u00e9 de choisir un programme propos\u00e9 par KLF Bordeaux, car notre \u00e9cole de fran\u00e7ais \u00e0 Bordeaux est agr\u00e9\u00e9e dans le cadre de ce dispositif.<\/p><ul><li>Le cours intensif Bildungsurlaub, avec 30 le\u00e7ons par semaine, comprend : cours de fran\u00e7ais g\u00e9n\u00e9ral, ateliers th\u00e9matiques, activit\u00e9s d\u2019accompagnement p\u00e9dagogique et sorties culturelles.<\/li><\/ul><\/div><\/div><\/div>\t\t\t\t\t\t\t\t<\/div>\n\t\t\t\t<div class=\"elementor-element elementor-element-32e5d1f elementor-widget elementor-widget-image\" data-id=\"32e5d1f\" data-element_type=\"widget\" data-e-type=\"widget\" data-settings=\"{&quot;ekit_we_effect_on&quot;:&quot;none&quot;}\" data-widget_type=\"image.default\">\n\t\t\t\t\t\t\t\t\t\t\t\t\t\t\t\t<a href=\"https:\/\/www.bildungsurlaub-sprachkurs.de\/sprachschule\/newdeal-institut-bordeaux\/\" target=\"_blank\">\n\t\t\t\t\t\t\t<img decoding=\"async\" width=\"357\" height=\"94\" src=\"https:\/\/klf.fr\/wp-content\/uploads\/2026\/03\/logo-bildungurlaub-sprachreisen-text.webp\" class=\"attachment-large size-large wp-image-44840\" alt=\"\" srcset=\"https:\/\/klf.fr\/wp-content\/uploads\/2026\/03\/logo-bildungurlaub-sprachreisen-text.webp 357w, https:\/\/klf.fr\/wp-content\/uploads\/2026\/03\/logo-bildungurlaub-sprachreisen-text-300x79.png 300w\" sizes=\"(max-width: 357px) 100vw, 357px\" \/>\t\t\t\t\t\t\t\t<\/a>\n\t\t\t\t\t\t\t\t\t\t\t\t\t\t\t<\/div>\n\t\t\t\t<div class=\"elementor-element elementor-element-60ef30f elementor-widget elementor-widget-heading\" data-id=\"60ef30f\" data-element_type=\"widget\" data-e-type=\"widget\" data-settings=\"{&quot;ekit_we_effect_on&quot;:&quot;none&quot;}\" data-widget_type=\"heading.default\">\n\t\t\t\t\t<p class=\"elementor-heading-title elementor-size-default\">Objectifs :<\/p>\t\t\t\t<\/div>\n\t\t\t\t<div class=\"elementor-element elementor-element-35a179c elementor-icon-list--layout-traditional elementor-list-item-link-full_width elementor-widget elementor-widget-icon-list\" data-id=\"35a179c\" data-element_type=\"widget\" data-e-type=\"widget\" data-settings=\"{&quot;ekit_we_effect_on&quot;:&quot;none&quot;}\" data-widget_type=\"icon-list.default\">\n\t\t\t\t\t\t\t<ul class=\"elementor-icon-list-items\">\n\t\t\t\t\t\t\t<li class=\"elementor-icon-list-item\">\n\t\t\t\t\t\t\t\t\t\t\t<span class=\"elementor-icon-list-icon\">\n\t\t\t\t\t\t\t<i aria-hidden=\"true\" class=\"far fa-check-square\"><\/i>\t\t\t\t\t\t<\/span>\n\t\t\t\t\t\t\t\t\t\t<span class=\"elementor-icon-list-text\">Modules d\u2019apprentissage intensif : 30 le\u00e7ons par semaine, comprenant des cours de fran\u00e7ais g\u00e9n\u00e9ral<\/span>\n\t\t\t\t\t\t\t\t\t<\/li>\n\t\t\t\t\t\t\t\t<li class=\"elementor-icon-list-item\">\n\t\t\t\t\t\t\t\t\t\t\t<span class=\"elementor-icon-list-icon\">\n\t\t\t\t\t\t\t<i aria-hidden=\"true\" class=\"far fa-check-square\"><\/i>\t\t\t\t\t\t<\/span>\n\t\t\t\t\t\t\t\t\t\t<span class=\"elementor-icon-list-text\">Horaires flexibles : Les cours commencent tous les lundis.<\/span>\n\t\t\t\t\t\t\t\t\t<\/li>\n\t\t\t\t\t\t\t\t<li class=\"elementor-icon-list-item\">\n\t\t\t\t\t\t\t\t\t\t\t<span class=\"elementor-icon-list-icon\">\n\t\t\t\t\t\t\t<i aria-hidden=\"true\" class=\"far fa-check-square\"><\/i>\t\t\t\t\t\t<\/span>\n\t\t\t\t\t\t\t\t\t\t<span class=\"elementor-icon-list-text\">Classes \u00e0 effectif r\u00e9duit : cours en groupe avec un maximum de 14 \u00e9l\u00e8ves par classe pour un suivi personnalis\u00e9.<\/span>\n\t\t\t\t\t\t\t\t\t<\/li>\n\t\t\t\t\t\t\t\t<li class=\"elementor-icon-list-item\">\n\t\t\t\t\t\t\t\t\t\t\t<span class=\"elementor-icon-list-icon\">\n\t\t\t\t\t\t\t<i aria-hidden=\"true\" class=\"far fa-check-square\"><\/i>\t\t\t\t\t\t<\/span>\n\t\t\t\t\t\t\t\t\t\t<span class=\"elementor-icon-list-text\">Un soutien complet : profitez de tests de niveau, de tutoriels hebdomadaires et de certificats de fin de cours pour suivre et valider vos progr\u00e8s.<\/span>\n\t\t\t\t\t\t\t\t\t<\/li>\n\t\t\t\t\t\t<\/ul>\n\t\t\t\t\t\t<\/div>\n\t\t\t\t<div class=\"elementor-element elementor-element-791d5e7 elementor-widget elementor-widget-html\" data-id=\"791d5e7\" data-element_type=\"widget\" data-e-type=\"widget\" data-settings=\"{&quot;ekit_we_effect_on&quot;:&quot;none&quot;}\" data-widget_type=\"html.default\">\n\t\t\t\t\t<div class=\"klf2026-wrapper\">\r\n\r\n  <div class=\"klf2026-title\">Bildungsurlaub 2026<\/div>\r\n\r\n  <div class=\"klf2026-table-wrap\">\r\n    <table class=\"klf2026-table\">\r\n      <thead>\r\n        <tr>\r\n          <th>Cours<\/th>\r\n          <th>Le\u00e7ons<\/th>\r\n          <th>1 semaine<\/th>\r\n          <th>2 semaines<\/th>\r\n          <th>Frais d'inscription<\/th>\r\n          <th>Dates de d\u00e9but<\/th>\r\n        <\/tr>\r\n      <\/thead>\r\n\r\n      <tbody>\r\n\r\n        <!-- Bildungsurlaub 30 -->\r\n        <tr>\r\n          <td class=\"klf-course-name\">Bildungsurlaub 30<\/td>\r\n          <td class=\"klf-lessons\">30 par semaine<\/td>\r\n          <td>365 \u20ac<\/td>\r\n          <td>730 \u20ac<\/td>\r\n          <td>80 \u20ac<\/td>\r\n          <td>Tous les lundis, toute l'ann\u00e9e<\/td>\r\n        <\/tr>\r\n\r\n      <\/tbody>\r\n    <\/table>\r\n  <\/div>\r\n\r\n<\/div>\r\n\t\t\t\t<\/div>\n\t\t\t\t<div class=\"elementor-element elementor-element-726e145 elementor-widget elementor-widget-heading\" data-id=\"726e145\" data-element_type=\"widget\" data-e-type=\"widget\" data-settings=\"{&quot;ekit_we_effect_on&quot;:&quot;none&quot;}\" data-widget_type=\"heading.default\">\n\t\t\t\t\t<p class=\"elementor-heading-title elementor-size-default\">Plus d'informations <\/p>\t\t\t\t<\/div>\n\t\t\t\t<div class=\"elementor-element elementor-element-ae48054 elementor-widget__width-inherit elementor-invisible elementor-widget elementor-widget-eael-adv-accordion\" data-id=\"ae48054\" data-element_type=\"widget\" data-e-type=\"widget\" data-settings=\"{&quot;_animation&quot;:&quot;fadeInRight&quot;,&quot;ekit_we_effect_on&quot;:&quot;none&quot;}\" data-widget_type=\"eael-adv-accordion.default\">\n\t\t\t\t\t            <div class=\"eael-adv-accordion\" id=\"eael-adv-accordion-ae48054\" data-scroll-on-click=\"no\" data-scroll-speed=\"300\" data-accordion-id=\"ae48054\" data-accordion-type=\"accordion\" data-toogle-speed=\"300\">\n            <div class=\"eael-accordion-list\">\n\t\t\t\t\t<div id=\"qui-peut-participer-ce-programme-\" class=\"elementor-tab-title eael-accordion-header\" tabindex=\"0\" data-tab=\"1\" aria-controls=\"elementor-tab-content-1821\"><span class=\"eael-accordion-tab-title\">Qui peut participer \u00e0 ce programme ?<\/span><span class=\"eael-advanced-accordion-icon-closed\"><i aria-hidden=\"true\" class=\"fa-accordion-icon fas fa-plus\"><\/i><\/span><span class=\"eael-advanced-accordion-icon-opened\"><i aria-hidden=\"true\" class=\"fa-accordion-icon fas fa-minus\"><\/i><\/span><\/div><div id=\"elementor-tab-content-1821\" class=\"eael-accordion-content clearfix\" data-tab=\"1\" aria-labelledby=\"qui-peut-participer-ce-programme-\"><p class=\"p1\">Le cours est destin\u00e9 aux employ\u00e9s allemands \u00e9ligibles au Bildungsurlaub ainsi qu\u2019\u00e0 toute personne d\u00e9sireuse de vivre une exp\u00e9rience d\u2019apprentissage immersif et intensif du fran\u00e7ais.<\/p>\n<\/div>\n\t\t\t\t\t<\/div><div class=\"eael-accordion-list\">\n\t\t\t\t\t<div id=\"quel-est-le-niveau-de-franais-requis-\" class=\"elementor-tab-title eael-accordion-header\" tabindex=\"0\" data-tab=\"2\" aria-controls=\"elementor-tab-content-1822\"><span class=\"eael-accordion-tab-title\">Quel est le niveau de fran\u00e7ais requis ?<\/span><span class=\"eael-advanced-accordion-icon-closed\"><i aria-hidden=\"true\" class=\"fa-accordion-icon fas fa-plus\"><\/i><\/span><span class=\"eael-advanced-accordion-icon-opened\"><i aria-hidden=\"true\" class=\"fa-accordion-icon fas fa-minus\"><\/i><\/span><\/div><div id=\"elementor-tab-content-1822\" class=\"eael-accordion-content clearfix\" data-tab=\"2\" aria-labelledby=\"quel-est-le-niveau-de-franais-requis-\"><p class=\"p1\">Ce cours convient \u00e0 tous les niveaux, des d\u00e9butants absolus aux apprenants avanc\u00e9s, avec un programme personnalis\u00e9 en fonction de vos besoins. <\/p>\n<\/div>\n\t\t\t\t\t<\/div><div class=\"eael-accordion-list\">\n\t\t\t\t\t<div id=\"quest-ce-qui-est-inclus-dans-le-prix-du-cours-\" class=\"elementor-tab-title eael-accordion-header\" tabindex=\"0\" data-tab=\"3\" aria-controls=\"elementor-tab-content-1823\"><span class=\"eael-accordion-tab-title\">Qu'est-ce qui est inclus dans le prix du cours ?<\/span><span class=\"eael-advanced-accordion-icon-closed\"><i aria-hidden=\"true\" class=\"fa-accordion-icon fas fa-plus\"><\/i><\/span><span class=\"eael-advanced-accordion-icon-opened\"><i aria-hidden=\"true\" class=\"fa-accordion-icon fas fa-minus\"><\/i><\/span><\/div><div id=\"elementor-tab-content-1823\" class=\"eael-accordion-content clearfix\" data-tab=\"3\" aria-labelledby=\"quest-ce-qui-est-inclus-dans-le-prix-du-cours-\"><p class=\"p1\">-Cours de fran\u00e7ais quotidiens (programme intensif)<\/p>\n<p class=\"p1\">-Mat\u00e9riel et ressources p\u00e9dagogiques<\/p>\n<p class=\"p1\">-Certificat de fin d&rsquo;\u00e9tudes<\/p>\n<p class=\"p1\">-Activit\u00e9s culturelles optionnelles (des frais suppl\u00e9mentaires peuvent s&rsquo;appliquer pour certaines excursions)<\/p>\n<\/div>\n\t\t\t\t\t<\/div><div class=\"eael-accordion-list\">\n\t\t\t\t\t<div id=\"-le-cours-offre-t-il-une-certification-la-fin-\" class=\"elementor-tab-title eael-accordion-header active-default\" tabindex=\"0\" data-tab=\"4\" aria-controls=\"elementor-tab-content-1824\"><span class=\"eael-accordion-tab-title\"> Le cours offre-t-il une certification \u00e0 la fin ?<\/span><span class=\"eael-advanced-accordion-icon-closed\"><i aria-hidden=\"true\" class=\"fa-accordion-icon fas fa-plus\"><\/i><\/span><span class=\"eael-advanced-accordion-icon-opened\"><i aria-hidden=\"true\" class=\"fa-accordion-icon fas fa-minus\"><\/i><\/span><\/div><div id=\"elementor-tab-content-1824\" class=\"eael-accordion-content clearfix active-default\" data-tab=\"4\" aria-labelledby=\"-le-cours-offre-t-il-une-certification-la-fin-\"><p class=\"p1\">Oui, vous avez la possibilit\u00e9 de passer un examen final pour \u00e9valuer vos progr\u00e8s. De plus, vous pouvez \u00e9galement vous inscrire \u00e0 des examens reconnus, tels que le TCF ou le TEF, afin d\u2019obtenir une certification officielle. <\/p>\n<\/div>\n\t\t\t\t\t<\/div><\/div>\t\t\t\t<\/div>\n\t\t<div class=\"elementor-element elementor-element-23446df e-con-full e-flex e-con e-child\" data-id=\"23446df\" data-element_type=\"container\" data-e-type=\"container\" data-settings=\"{&quot;ekit_has_onepagescroll_dot&quot;:&quot;yes&quot;}\">\n\t\t\t\t<div class=\"elementor-element elementor-element-0fbdf50 elementor-widget elementor-widget-heading\" data-id=\"0fbdf50\" data-element_type=\"widget\" data-e-type=\"widget\" data-settings=\"{&quot;ekit_we_effect_on&quot;:&quot;none&quot;}\" data-widget_type=\"heading.default\">\n\t\t\t\t\t<p class=\"elementor-heading-title elementor-size-default\">Avez-vous une question ?<\/p>\t\t\t\t<\/div>\n\t\t\t\t<div class=\"elementor-element elementor-element-5b4318e elementor-widget elementor-widget-hubspot-form\" data-id=\"5b4318e\" data-element_type=\"widget\" data-e-type=\"widget\" data-settings=\"{&quot;ekit_we_effect_on&quot;:&quot;none&quot;}\" data-widget_type=\"hubspot-form.default\">\n\t\t\t\t<div class=\"elementor-widget-container\">\n\t\t\t\t\t\n\t\t\t\t\t\t<script>\n\t\t\t\t\t\t\twindow.hsFormsOnReady = window.hsFormsOnReady || [];\n\t\t\t\t\t\t\twindow.hsFormsOnReady.push(()=>{\n\t\t\t\t\t\t\t\thbspt.forms.create({\n\t\t\t\t\t\t\t\t\tportalId: 2851295,\n\t\t\t\t\t\t\t\t\tformId: \"88f2cb22-4241-411a-910f-42421ebe1d13\",\n\t\t\t\t\t\t\t\t\ttarget: \"#hbspt-form-1777715551000-9818738248\",\n\t\t\t\t\t\t\t\t\tregion: \"na1\",\n\t\t\t\t\t\t\t\t\t\n\t\t\t\t\t\t\t})});\n\t\t\t\t\t\t<\/script>\n\t\t\t\t\t\t<div class=\"hbspt-form\" id=\"hbspt-form-1777715551000-9818738248\"><\/div>\t\t\t\t<\/div>\n\t\t\t\t<\/div>\n\t\t\t\t<\/div>\n\t\t\t\t<\/div>\n\t\t\t\t\t<\/div>\n\t\t\t\t<\/div>\n\t\t\t\t<\/div>\n\t\t","protected":false},"excerpt":{"rendered":"<p>Cours de Francais Bildungsurlaub Notre cours de fran\u00e7ais Bildungsurlaub est con\u00e7u pour les professionnels qui souhaitent am\u00e9liorer leurs comp\u00e9tences en fran\u00e7ais pendant leur cong\u00e9 de formation. Ce programme combine un enseignement intensif de la langue et une immersion culturelle, ce qui permet des progr\u00e8s rapides dans un laps de temps court. Testez votre niveau de [&hellip;]<\/p>\n","protected":false},"author":11,"featured_media":25597,"parent":30937,"menu_order":0,"comment_status":"closed","ping_status":"closed","template":"elementor_header_footer","meta":{"content-type":"","footnotes":""},"language-product":[],"type-product":[],"city-product":[],"course-category":[],"folder":[],"class_list":["post-33856","page","type-page","status-publish","has-post-thumbnail","hentry"],"yoast_head":"<!-- This site is optimized with the Yoast SEO Premium plugin v27.4 (Yoast SEO v27.4) - https:\/\/yoast.com\/product\/yoast-seo-premium-wordpress\/ -->\n<title>Cours de fran\u00e7ais Bildunsurlaub - Bordeaux - Keep Learning French<\/title>\n<meta name=\"robots\" content=\"index, follow, max-snippet:-1, max-image-preview:large, max-video-preview:-1\" \/>\n<link rel=\"canonical\" href=\"https:\/\/klf.fr\/fr\/bordeaux\/cours-de-francais\/corso-di-francese-bildunsurlaub-bordeaux\/\" \/>\n<meta property=\"og:locale\" content=\"fr_FR\" \/>\n<meta property=\"og:type\" content=\"article\" \/>\n<meta property=\"og:title\" content=\"Cours de fran\u00e7ais Bildunsurlaub - Bordeaux\" \/>\n<meta property=\"og:description\" content=\"Cours de Francais Bildungsurlaub Notre cours de fran\u00e7ais Bildungsurlaub est con\u00e7u pour les professionnels qui souhaitent am\u00e9liorer leurs comp\u00e9tences en fran\u00e7ais pendant leur cong\u00e9 de formation. Ce programme combine un enseignement intensif de la langue et une immersion culturelle, ce qui permet des progr\u00e8s rapides dans un laps de temps court. Testez votre niveau de [&hellip;]\" \/>\n<meta property=\"og:url\" content=\"https:\/\/klf.fr\/fr\/bordeaux\/cours-de-francais\/corso-di-francese-bildunsurlaub-bordeaux\/\" \/>\n<meta property=\"og:site_name\" content=\"Keep Learning French\" \/>\n<meta property=\"article:modified_time\" content=\"2026-03-25T07:42:19+00:00\" \/>\n<meta property=\"og:image\" content=\"https:\/\/klf.fr\/wp-content\/uploads\/2026\/03\/logo-bildungurlaub-sprachreisen-text.webp\" \/>\n\t<meta property=\"og:image:width\" content=\"357\" \/>\n\t<meta property=\"og:image:height\" content=\"94\" \/>\n\t<meta property=\"og:image:type\" content=\"image\/webp\" \/>\n<meta name=\"twitter:card\" content=\"summary_large_image\" \/>\n<meta name=\"twitter:label1\" content=\"Dur\u00e9e de lecture estim\u00e9e\" \/>\n\t<meta name=\"twitter:data1\" content=\"3 minutes\" \/>\n<script type=\"application\/ld+json\" class=\"yoast-schema-graph\">{\"@context\":\"https:\\\/\\\/schema.org\",\"@graph\":[{\"@type\":\"WebPage\",\"@id\":\"https:\\\/\\\/klf.fr\\\/fr\\\/bordeaux\\\/cours-de-francais\\\/corso-di-francese-bildunsurlaub-bordeaux\\\/\",\"url\":\"https:\\\/\\\/klf.fr\\\/fr\\\/bordeaux\\\/cours-de-francais\\\/corso-di-francese-bildunsurlaub-bordeaux\\\/\",\"name\":\"Cours de fran\u00e7ais Bildunsurlaub - Bordeaux - Keep Learning French\",\"isPartOf\":{\"@id\":\"https:\\\/\\\/klf.fr\\\/fr\\\/#website\"},\"primaryImageOfPage\":{\"@id\":\"https:\\\/\\\/klf.fr\\\/fr\\\/bordeaux\\\/cours-de-francais\\\/corso-di-francese-bildunsurlaub-bordeaux\\\/#primaryimage\"},\"image\":{\"@id\":\"https:\\\/\\\/klf.fr\\\/fr\\\/bordeaux\\\/cours-de-francais\\\/corso-di-francese-bildunsurlaub-bordeaux\\\/#primaryimage\"},\"thumbnailUrl\":\"https:\\\/\\\/klf.fr\\\/wp-content\\\/uploads\\\/2024\\\/11\\\/02_KLF_TOULOUSE_251_websize.jpg\",\"datePublished\":\"2025-02-19T15:04:19+00:00\",\"dateModified\":\"2026-03-25T07:42:19+00:00\",\"breadcrumb\":{\"@id\":\"https:\\\/\\\/klf.fr\\\/fr\\\/bordeaux\\\/cours-de-francais\\\/corso-di-francese-bildunsurlaub-bordeaux\\\/#breadcrumb\"},\"inLanguage\":\"fr-FR\",\"potentialAction\":[{\"@type\":\"ReadAction\",\"target\":[\"https:\\\/\\\/klf.fr\\\/fr\\\/bordeaux\\\/cours-de-francais\\\/corso-di-francese-bildunsurlaub-bordeaux\\\/\"]}]},{\"@type\":\"ImageObject\",\"inLanguage\":\"fr-FR\",\"@id\":\"https:\\\/\\\/klf.fr\\\/fr\\\/bordeaux\\\/cours-de-francais\\\/corso-di-francese-bildunsurlaub-bordeaux\\\/#primaryimage\",\"url\":\"https:\\\/\\\/klf.fr\\\/wp-content\\\/uploads\\\/2024\\\/11\\\/02_KLF_TOULOUSE_251_websize.jpg\",\"contentUrl\":\"https:\\\/\\\/klf.fr\\\/wp-content\\\/uploads\\\/2024\\\/11\\\/02_KLF_TOULOUSE_251_websize.jpg\",\"width\":2048,\"height\":1365,\"caption\":\"Intensive French courses special Bildunsurlaub in Toulouse with Langue Onze\"},{\"@type\":\"BreadcrumbList\",\"@id\":\"https:\\\/\\\/klf.fr\\\/fr\\\/bordeaux\\\/cours-de-francais\\\/corso-di-francese-bildunsurlaub-bordeaux\\\/#breadcrumb\",\"itemListElement\":[{\"@type\":\"ListItem\",\"position\":1,\"name\":\"Home\",\"item\":\"https:\\\/\\\/klf.fr\\\/fr\\\/home-2\\\/\"},{\"@type\":\"ListItem\",\"position\":2,\"name\":\"Apprendre le fran\u00e7ais \u00e0 Bordeaux\",\"item\":\"https:\\\/\\\/klf.fr\\\/fr\\\/bordeaux\\\/\"},{\"@type\":\"ListItem\",\"position\":3,\"name\":\"Cours de fran\u00e7ais \u00e0 Bordeaux\",\"item\":\"https:\\\/\\\/klf.fr\\\/fr\\\/bordeaux\\\/cours-de-francais\\\/\"},{\"@type\":\"ListItem\",\"position\":4,\"name\":\"Cours de fran\u00e7ais Bildunsurlaub &#8211; Bordeaux\"}]},{\"@type\":\"WebSite\",\"@id\":\"https:\\\/\\\/klf.fr\\\/fr\\\/#website\",\"url\":\"https:\\\/\\\/klf.fr\\\/fr\\\/\",\"name\":\"Keep Learning French\",\"description\":\"Groupe d&#039;\u00e9coles de FLE en France.\",\"publisher\":{\"@id\":\"https:\\\/\\\/klf.fr\\\/fr\\\/#organization\"},\"potentialAction\":[{\"@type\":\"SearchAction\",\"target\":{\"@type\":\"EntryPoint\",\"urlTemplate\":\"https:\\\/\\\/klf.fr\\\/fr\\\/?s={search_term_string}\"},\"query-input\":{\"@type\":\"PropertyValueSpecification\",\"valueRequired\":true,\"valueName\":\"search_term_string\"}}],\"inLanguage\":\"fr-FR\"},{\"@type\":[\"Organization\",\"Place\"],\"@id\":\"https:\\\/\\\/klf.fr\\\/fr\\\/#organization\",\"name\":\"Keep Learning French\",\"url\":\"https:\\\/\\\/klf.fr\\\/fr\\\/\",\"logo\":{\"@id\":\"https:\\\/\\\/klf.fr\\\/fr\\\/bordeaux\\\/cours-de-francais\\\/corso-di-francese-bildunsurlaub-bordeaux\\\/#local-main-organization-logo\"},\"image\":{\"@id\":\"https:\\\/\\\/klf.fr\\\/fr\\\/bordeaux\\\/cours-de-francais\\\/corso-di-francese-bildunsurlaub-bordeaux\\\/#local-main-organization-logo\"},\"sameAs\":[\"https:\\\/\\\/linkedin.com\\\/school\\\/keep-learning-french\\\/\"],\"telephone\":[],\"openingHoursSpecification\":[{\"@type\":\"OpeningHoursSpecification\",\"dayOfWeek\":[\"Monday\",\"Tuesday\",\"Wednesday\",\"Thursday\",\"Friday\",\"Saturday\",\"Sunday\"],\"opens\":\"09:00\",\"closes\":\"17:00\"}]},{\"@type\":\"ImageObject\",\"inLanguage\":\"fr-FR\",\"@id\":\"https:\\\/\\\/klf.fr\\\/fr\\\/bordeaux\\\/cours-de-francais\\\/corso-di-francese-bildunsurlaub-bordeaux\\\/#local-main-organization-logo\",\"url\":\"https:\\\/\\\/klf.fr\\\/wp-content\\\/uploads\\\/2020\\\/09\\\/klf-favicon.png\",\"contentUrl\":\"https:\\\/\\\/klf.fr\\\/wp-content\\\/uploads\\\/2020\\\/09\\\/klf-favicon.png\",\"width\":200,\"height\":200,\"caption\":\"Keep Learning French\"}]}<\/script>\n<!-- \/ Yoast SEO Premium plugin. -->","yoast_head_json":{"title":"Cours de fran\u00e7ais Bildunsurlaub - Bordeaux - Keep Learning French","robots":{"index":"index","follow":"follow","max-snippet":"max-snippet:-1","max-image-preview":"max-image-preview:large","max-video-preview":"max-video-preview:-1"},"canonical":"https:\/\/klf.fr\/fr\/bordeaux\/cours-de-francais\/corso-di-francese-bildunsurlaub-bordeaux\/","og_locale":"fr_FR","og_type":"article","og_title":"Cours de fran\u00e7ais Bildunsurlaub - Bordeaux","og_description":"Cours de Francais Bildungsurlaub Notre cours de fran\u00e7ais Bildungsurlaub est con\u00e7u pour les professionnels qui souhaitent am\u00e9liorer leurs comp\u00e9tences en fran\u00e7ais pendant leur cong\u00e9 de formation. Ce programme combine un enseignement intensif de la langue et une immersion culturelle, ce qui permet des progr\u00e8s rapides dans un laps de temps court. Testez votre niveau de [&hellip;]","og_url":"https:\/\/klf.fr\/fr\/bordeaux\/cours-de-francais\/corso-di-francese-bildunsurlaub-bordeaux\/","og_site_name":"Keep Learning French","article_modified_time":"2026-03-25T07:42:19+00:00","og_image":[{"width":357,"height":94,"url":"https:\/\/klf.fr\/wp-content\/uploads\/2026\/03\/logo-bildungurlaub-sprachreisen-text.webp","type":"image\/webp"}],"twitter_card":"summary_large_image","twitter_misc":{"Dur\u00e9e de lecture estim\u00e9e":"3 minutes"},"schema":{"@context":"https:\/\/schema.org","@graph":[{"@type":"WebPage","@id":"https:\/\/klf.fr\/fr\/bordeaux\/cours-de-francais\/corso-di-francese-bildunsurlaub-bordeaux\/","url":"https:\/\/klf.fr\/fr\/bordeaux\/cours-de-francais\/corso-di-francese-bildunsurlaub-bordeaux\/","name":"Cours de fran\u00e7ais Bildunsurlaub - Bordeaux - Keep Learning French","isPartOf":{"@id":"https:\/\/klf.fr\/fr\/#website"},"primaryImageOfPage":{"@id":"https:\/\/klf.fr\/fr\/bordeaux\/cours-de-francais\/corso-di-francese-bildunsurlaub-bordeaux\/#primaryimage"},"image":{"@id":"https:\/\/klf.fr\/fr\/bordeaux\/cours-de-francais\/corso-di-francese-bildunsurlaub-bordeaux\/#primaryimage"},"thumbnailUrl":"https:\/\/klf.fr\/wp-content\/uploads\/2024\/11\/02_KLF_TOULOUSE_251_websize.jpg","datePublished":"2025-02-19T15:04:19+00:00","dateModified":"2026-03-25T07:42:19+00:00","breadcrumb":{"@id":"https:\/\/klf.fr\/fr\/bordeaux\/cours-de-francais\/corso-di-francese-bildunsurlaub-bordeaux\/#breadcrumb"},"inLanguage":"fr-FR","potentialAction":[{"@type":"ReadAction","target":["https:\/\/klf.fr\/fr\/bordeaux\/cours-de-francais\/corso-di-francese-bildunsurlaub-bordeaux\/"]}]},{"@type":"ImageObject","inLanguage":"fr-FR","@id":"https:\/\/klf.fr\/fr\/bordeaux\/cours-de-francais\/corso-di-francese-bildunsurlaub-bordeaux\/#primaryimage","url":"https:\/\/klf.fr\/wp-content\/uploads\/2024\/11\/02_KLF_TOULOUSE_251_websize.jpg","contentUrl":"https:\/\/klf.fr\/wp-content\/uploads\/2024\/11\/02_KLF_TOULOUSE_251_websize.jpg","width":2048,"height":1365,"caption":"Intensive French courses special Bildunsurlaub in Toulouse with Langue Onze"},{"@type":"BreadcrumbList","@id":"https:\/\/klf.fr\/fr\/bordeaux\/cours-de-francais\/corso-di-francese-bildunsurlaub-bordeaux\/#breadcrumb","itemListElement":[{"@type":"ListItem","position":1,"name":"Home","item":"https:\/\/klf.fr\/fr\/home-2\/"},{"@type":"ListItem","position":2,"name":"Apprendre le fran\u00e7ais \u00e0 Bordeaux","item":"https:\/\/klf.fr\/fr\/bordeaux\/"},{"@type":"ListItem","position":3,"name":"Cours de fran\u00e7ais \u00e0 Bordeaux","item":"https:\/\/klf.fr\/fr\/bordeaux\/cours-de-francais\/"},{"@type":"ListItem","position":4,"name":"Cours de fran\u00e7ais Bildunsurlaub &#8211; Bordeaux"}]},{"@type":"WebSite","@id":"https:\/\/klf.fr\/fr\/#website","url":"https:\/\/klf.fr\/fr\/","name":"Keep Learning French","description":"Groupe d&#039;\u00e9coles de FLE en France.","publisher":{"@id":"https:\/\/klf.fr\/fr\/#organization"},"potentialAction":[{"@type":"SearchAction","target":{"@type":"EntryPoint","urlTemplate":"https:\/\/klf.fr\/fr\/?s={search_term_string}"},"query-input":{"@type":"PropertyValueSpecification","valueRequired":true,"valueName":"search_term_string"}}],"inLanguage":"fr-FR"},{"@type":["Organization","Place"],"@id":"https:\/\/klf.fr\/fr\/#organization","name":"Keep Learning French","url":"https:\/\/klf.fr\/fr\/","logo":{"@id":"https:\/\/klf.fr\/fr\/bordeaux\/cours-de-francais\/corso-di-francese-bildunsurlaub-bordeaux\/#local-main-organization-logo"},"image":{"@id":"https:\/\/klf.fr\/fr\/bordeaux\/cours-de-francais\/corso-di-francese-bildunsurlaub-bordeaux\/#local-main-organization-logo"},"sameAs":["https:\/\/linkedin.com\/school\/keep-learning-french\/"],"telephone":[],"openingHoursSpecification":[{"@type":"OpeningHoursSpecification","dayOfWeek":["Monday","Tuesday","Wednesday","Thursday","Friday","Saturday","Sunday"],"opens":"09:00","closes":"17:00"}]},{"@type":"ImageObject","inLanguage":"fr-FR","@id":"https:\/\/klf.fr\/fr\/bordeaux\/cours-de-francais\/corso-di-francese-bildunsurlaub-bordeaux\/#local-main-organization-logo","url":"https:\/\/klf.fr\/wp-content\/uploads\/2020\/09\/klf-favicon.png","contentUrl":"https:\/\/klf.fr\/wp-content\/uploads\/2020\/09\/klf-favicon.png","width":200,"height":200,"caption":"Keep Learning French"}]}},"_links":{"self":[{"href":"https:\/\/klf.fr\/fr\/wp-json\/wp\/v2\/pages\/33856","targetHints":{"allow":["GET"]}}],"collection":[{"href":"https:\/\/klf.fr\/fr\/wp-json\/wp\/v2\/pages"}],"about":[{"href":"https:\/\/klf.fr\/fr\/wp-json\/wp\/v2\/types\/page"}],"author":[{"embeddable":true,"href":"https:\/\/klf.fr\/fr\/wp-json\/wp\/v2\/users\/11"}],"replies":[{"embeddable":true,"href":"https:\/\/klf.fr\/fr\/wp-json\/wp\/v2\/comments?post=33856"}],"version-history":[{"count":0,"href":"https:\/\/klf.fr\/fr\/wp-json\/wp\/v2\/pages\/33856\/revisions"}],"up":[{"embeddable":true,"href":"https:\/\/klf.fr\/fr\/wp-json\/wp\/v2\/pages\/30937"}],"wp:featuredmedia":[{"embeddable":true,"href":"https:\/\/klf.fr\/fr\/wp-json\/wp\/v2\/media\/25597"}],"wp:attachment":[{"href":"https:\/\/klf.fr\/fr\/wp-json\/wp\/v2\/media?parent=33856"}],"wp:term":[{"taxonomy":"language-product","embeddable":true,"href":"https:\/\/klf.fr\/fr\/wp-json\/wp\/v2\/language-product?post=33856"},{"taxonomy":"type-product","embeddable":true,"href":"https:\/\/klf.fr\/fr\/wp-json\/wp\/v2\/type-product?post=33856"},{"taxonomy":"city-product","embeddable":true,"href":"https:\/\/klf.fr\/fr\/wp-json\/wp\/v2\/city-product?post=33856"},{"taxonomy":"course-category","embeddable":true,"href":"https:\/\/klf.fr\/fr\/wp-json\/wp\/v2\/course-category?post=33856"},{"taxonomy":"folder","embeddable":true,"href":"https:\/\/klf.fr\/fr\/wp-json\/wp\/v2\/folder?post=33856"}],"curies":[{"name":"wp","href":"https:\/\/api.w.org\/{rel}","templated":true}]}}