{"id":33848,"date":"2025-02-19T15:42:59","date_gmt":"2025-02-19T14:42:59","guid":{"rendered":"https:\/\/klf.fr\/bordeaux\/cours-francais-bordeaux\/corso-di-francese-commerciale\/"},"modified":"2026-04-23T14:53:03","modified_gmt":"2026-04-23T12:53:03","slug":"corso-di-francese-commerciale","status":"publish","type":"page","link":"https:\/\/klf.fr\/fr\/bordeaux\/cours-de-francais\/corso-di-francese-commerciale\/","title":{"rendered":"Corso di francese commerciale &#8211; Bordeaux"},"content":{"rendered":"\t\t<div data-elementor-type=\"wp-page\" data-elementor-id=\"33848\" class=\"elementor elementor-33848 elementor-25829\" data-elementor-post-type=\"page\">\n\t\t\t\t<div class=\"elementor-element elementor-element-a176281 e-flex e-con-boxed e-con e-parent\" data-id=\"a176281\" data-element_type=\"container\" data-e-type=\"container\" data-settings=\"{&quot;ekit_has_onepagescroll_dot&quot;:&quot;yes&quot;}\">\n\t\t\t\t\t<div class=\"e-con-inner\">\n\t\t<div class=\"elementor-element elementor-element-1939610 e-con-full e-flex e-con e-child\" data-id=\"1939610\" data-element_type=\"container\" data-e-type=\"container\" data-settings=\"{&quot;ekit_has_onepagescroll_dot&quot;:&quot;yes&quot;}\">\n\t\t\t\t<div class=\"elementor-element elementor-element-6ebe3df elementor-widget elementor-widget-breadcrumbs\" data-id=\"6ebe3df\" data-element_type=\"widget\" data-e-type=\"widget\" data-settings=\"{&quot;ekit_we_effect_on&quot;:&quot;none&quot;}\" data-widget_type=\"breadcrumbs.default\">\n\t\t\t\t\t<p id=\"breadcrumbs\"><span><span><a href=\"https:\/\/klf.fr\/fr\/home-2\/\">Home<\/a><\/span><\/span><\/p>\t\t\t\t<\/div>\n\t\t<div class=\"elementor-element elementor-element-22c3887 e-con-full e-flex e-con e-child\" data-id=\"22c3887\" data-element_type=\"container\" data-e-type=\"container\" data-settings=\"{&quot;ekit_has_onepagescroll_dot&quot;:&quot;yes&quot;}\">\n\t\t<div class=\"elementor-element elementor-element-646613a e-con-full e-flex e-con e-child\" data-id=\"646613a\" data-element_type=\"container\" data-e-type=\"container\" data-settings=\"{&quot;background_background&quot;:&quot;classic&quot;,&quot;ekit_has_onepagescroll_dot&quot;:&quot;yes&quot;}\">\n\t\t\t\t<div class=\"elementor-element elementor-element-2a46f63 elementor-widget elementor-widget-heading\" data-id=\"2a46f63\" data-element_type=\"widget\" data-e-type=\"widget\" data-settings=\"{&quot;ekit_we_effect_on&quot;:&quot;none&quot;}\" data-widget_type=\"heading.default\">\n\t\t\t\t\t<h1 class=\"elementor-heading-title elementor-size-default\">Cours de fran\u00e7ais des affaires \u00e0 Bordeaux<\/h1>\t\t\t\t<\/div>\n\t\t\t\t<div class=\"elementor-element elementor-element-7791f9e elementor-widget elementor-widget-text-editor\" data-id=\"7791f9e\" data-element_type=\"widget\" data-e-type=\"widget\" data-settings=\"{&quot;ekit_we_effect_on&quot;:&quot;none&quot;}\" data-widget_type=\"text-editor.default\">\n\t\t\t\t\t\t\t\t\t<p class=\"p1\">D\u00e9veloppez la confiance n\u00e9cessaire pour exceller dans les milieux professionnels francophones avec notre <b>cours de fran\u00e7ais des affaires<\/b>. Con\u00e7u sur mesure pour r\u00e9pondre aux besoins sp\u00e9cifiques de votre secteur d\u2019activit\u00e9, ce programme individuel met l\u2019accent sur la communication pratique, le vocabulaire professionnel et l\u2019aisance culturelle. Vous apprendrez \u00e0 naviguer efficacement dans les environnements commerciaux internationaux, \u00e0 renforcer vos comp\u00e9tences linguistiques et \u00e0 vous adapter aux nuances culturelles pour r\u00e9ussir dans un contexte professionnel francophone. <\/p>\t\t\t\t\t\t\t\t<\/div>\n\t\t\t\t<div class=\"elementor-element elementor-element-07538c6 elementor-widget elementor-widget-button\" data-id=\"07538c6\" data-element_type=\"widget\" data-e-type=\"widget\" data-settings=\"{&quot;ekit_we_effect_on&quot;:&quot;none&quot;}\" data-widget_type=\"button.default\">\n\t\t\t\t\t\t\t\t\t\t<a class=\"elementor-button elementor-button-link elementor-size-sm\" href=\"https:\/\/cix3cixx3x3.typeform.com\/to\/uI1fYF4u\">\n\t\t\t\t\t\t<span class=\"elementor-button-content-wrapper\">\n\t\t\t\t\t\t\t\t\t<span class=\"elementor-button-text\">Testez votre niveau de fran\u00e7ais<\/span>\n\t\t\t\t\t<\/span>\n\t\t\t\t\t<\/a>\n\t\t\t\t\t\t\t\t<\/div>\n\t\t\t\t<\/div>\n\t\t<div class=\"elementor-element elementor-element-dccbd32 e-con-full e-flex e-con e-child\" data-id=\"dccbd32\" data-element_type=\"container\" data-e-type=\"container\" data-settings=\"{&quot;ekit_has_onepagescroll_dot&quot;:&quot;yes&quot;}\">\n\t\t<div class=\"elementor-element elementor-element-e9e0fa5 e-con-full e-flex e-con e-child\" data-id=\"e9e0fa5\" data-element_type=\"container\" data-e-type=\"container\" data-settings=\"{&quot;ekit_has_onepagescroll_dot&quot;:&quot;yes&quot;}\">\n\t\t<div class=\"elementor-element elementor-element-356b4fe e-con-full e-flex e-con e-child\" data-id=\"356b4fe\" data-element_type=\"container\" data-e-type=\"container\" data-settings=\"{&quot;ekit_has_onepagescroll_dot&quot;:&quot;yes&quot;}\">\n\t\t<div class=\"elementor-element elementor-element-3466781 e-con-full e-flex e-con e-child\" data-id=\"3466781\" data-element_type=\"container\" data-e-type=\"container\" data-settings=\"{&quot;ekit_has_onepagescroll_dot&quot;:&quot;yes&quot;}\">\n\t\t\t\t<div class=\"elementor-element elementor-element-05b1f4d elementor-widget elementor-widget-heading\" data-id=\"05b1f4d\" data-element_type=\"widget\" data-e-type=\"widget\" data-settings=\"{&quot;ekit_we_effect_on&quot;:&quot;none&quot;}\" data-widget_type=\"heading.default\">\n\t\t\t\t\t<h2 class=\"elementor-heading-title elementor-size-default\">\u00e0 partir de<\/h2>\t\t\t\t<\/div>\n\t\t\t\t<div class=\"elementor-element elementor-element-41896ae elementor-widget elementor-widget-elementskit-heading\" data-id=\"41896ae\" data-element_type=\"widget\" data-e-type=\"widget\" data-settings=\"{&quot;ekit_we_effect_on&quot;:&quot;none&quot;}\" data-widget_type=\"elementskit-heading.default\">\n\t\t\t\t\t<div class=\"ekit-wid-con\" ><div class=\"ekit-heading elementskit-section-title-wraper text_left   ekit_heading_tablet-   ekit_heading_mobile-\"><h2 class=\"ekit-heading--title elementskit-section-title \"><span><span>342\u20ac<\/span><\/span> \/ 6 Le\u00e7ons<\/h2><\/div><\/div>\t\t\t\t<\/div>\n\t\t\t\t<div class=\"elementor-element elementor-element-f327e19 elementor-widget elementor-widget-heading\" data-id=\"f327e19\" data-element_type=\"widget\" data-e-type=\"widget\" data-settings=\"{&quot;ekit_we_effect_on&quot;:&quot;none&quot;}\" data-widget_type=\"heading.default\">\n\t\t\t\t\t<h2 class=\"elementor-heading-title elementor-size-default\">Comprend :<\/h2>\t\t\t\t<\/div>\n\t\t\t\t<div class=\"elementor-element elementor-element-c0a3342 elementor-align-start elementor-icon-list--layout-traditional elementor-list-item-link-full_width elementor-widget elementor-widget-icon-list\" data-id=\"c0a3342\" data-element_type=\"widget\" data-e-type=\"widget\" data-settings=\"{&quot;ekit_we_effect_on&quot;:&quot;none&quot;}\" data-widget_type=\"icon-list.default\">\n\t\t\t\t\t\t\t<ul class=\"elementor-icon-list-items\">\n\t\t\t\t\t\t\t<li class=\"elementor-icon-list-item\">\n\t\t\t\t\t\t\t\t\t\t\t<span class=\"elementor-icon-list-icon\">\n\t\t\t\t\t\t\t<i aria-hidden=\"true\" class=\"icon icon-book\"><\/i>\t\t\t\t\t\t<\/span>\n\t\t\t\t\t\t\t\t\t\t<span class=\"elementor-icon-list-text\">Cours par semaine : 6 ou 12<\/span>\n\t\t\t\t\t\t\t\t\t<\/li>\n\t\t\t\t\t\t\t\t<li class=\"elementor-icon-list-item\">\n\t\t\t\t\t\t\t\t\t\t\t<span class=\"elementor-icon-list-icon\">\n\t\t\t\t\t\t\t<i aria-hidden=\"true\" class=\"far fa-user\"><\/i>\t\t\t\t\t\t<\/span>\n\t\t\t\t\t\t\t\t\t\t<span class=\"elementor-icon-list-text\">1 enseignant pour 1 \u00e9l\u00e8ve<\/span>\n\t\t\t\t\t\t\t\t\t<\/li>\n\t\t\t\t\t\t\t\t<li class=\"elementor-icon-list-item\">\n\t\t\t\t\t\t\t\t\t\t\t<span class=\"elementor-icon-list-icon\">\n\t\t\t\t\t\t\t<i aria-hidden=\"true\" class=\"fas fa-level-up-alt\"><\/i>\t\t\t\t\t\t<\/span>\n\t\t\t\t\t\t\t\t\t\t<span class=\"elementor-icon-list-text\">Convient \u00e0 tous les niveaux<\/span>\n\t\t\t\t\t\t\t\t\t<\/li>\n\t\t\t\t\t\t\t\t<li class=\"elementor-icon-list-item\">\n\t\t\t\t\t\t\t\t\t\t\t<span class=\"elementor-icon-list-icon\">\n\t\t\t\t\t\t\t<i aria-hidden=\"true\" class=\"fas fa-running\"><\/i>\t\t\t\t\t\t<\/span>\n\t\t\t\t\t\t\t\t\t\t<span class=\"elementor-icon-list-text\">Minimum Ages : 16<\/span>\n\t\t\t\t\t\t\t\t\t<\/li>\n\t\t\t\t\t\t\t\t<li class=\"elementor-icon-list-item\">\n\t\t\t\t\t\t\t\t\t\t\t<span class=\"elementor-icon-list-icon\">\n\t\t\t\t\t\t\t<i aria-hidden=\"true\" class=\"far fa-clock\"><\/i>\t\t\t\t\t\t<\/span>\n\t\t\t\t\t\t\t\t\t\t<span class=\"elementor-icon-list-text\">45 minutes par cours<\/span>\n\t\t\t\t\t\t\t\t\t<\/li>\n\t\t\t\t\t\t<\/ul>\n\t\t\t\t\t\t<\/div>\n\t\t<div class=\"elementor-element elementor-element-a8aa2f4 e-con-full e-flex e-con e-child\" data-id=\"a8aa2f4\" data-element_type=\"container\" data-e-type=\"container\" data-settings=\"{&quot;ekit_has_onepagescroll_dot&quot;:&quot;yes&quot;}\">\n\t\t\t\t<div class=\"elementor-element elementor-element-1c687c1 elementor-widget elementor-widget-heading\" data-id=\"1c687c1\" data-element_type=\"widget\" data-e-type=\"widget\" data-settings=\"{&quot;ekit_we_effect_on&quot;:&quot;none&quot;}\" data-widget_type=\"heading.default\">\n\t\t\t\t\t<h2 class=\"elementor-heading-title elementor-size-default\">Inclus :<\/h2>\t\t\t\t<\/div>\n\t\t\t\t<div class=\"elementor-element elementor-element-fe73809 elementor-align-start elementor-icon-list--layout-traditional elementor-list-item-link-full_width elementor-widget elementor-widget-icon-list\" data-id=\"fe73809\" data-element_type=\"widget\" data-e-type=\"widget\" data-settings=\"{&quot;ekit_we_effect_on&quot;:&quot;none&quot;}\" data-widget_type=\"icon-list.default\">\n\t\t\t\t\t\t\t<ul class=\"elementor-icon-list-items\">\n\t\t\t\t\t\t\t<li class=\"elementor-icon-list-item\">\n\t\t\t\t\t\t\t\t\t\t\t<span class=\"elementor-icon-list-icon\">\n\t\t\t\t\t\t\t<i aria-hidden=\"true\" class=\"far fa-address-card\"><\/i>\t\t\t\t\t\t<\/span>\n\t\t\t\t\t\t\t\t\t\t<span class=\"elementor-icon-list-text\">Test d'\u00e9valuation<\/span>\n\t\t\t\t\t\t\t\t\t<\/li>\n\t\t\t\t\t\t\t\t<li class=\"elementor-icon-list-item\">\n\t\t\t\t\t\t\t\t\t\t\t<span class=\"elementor-icon-list-icon\">\n\t\t\t\t\t\t\t<i aria-hidden=\"true\" class=\"fas fa-book\"><\/i>\t\t\t\t\t\t<\/span>\n\t\t\t\t\t\t\t\t\t\t<span class=\"elementor-icon-list-text\">Road-Book KLF<\/span>\n\t\t\t\t\t\t\t\t\t<\/li>\n\t\t\t\t\t\t\t\t<li class=\"elementor-icon-list-item\">\n\t\t\t\t\t\t\t\t\t\t\t<span class=\"elementor-icon-list-icon\">\n\t\t\t\t\t\t\t<i aria-hidden=\"true\" class=\"fas fa-chalkboard-teacher\"><\/i>\t\t\t\t\t\t<\/span>\n\t\t\t\t\t\t\t\t\t\t<span class=\"elementor-icon-list-text\">Tutorat hebdomadaire<\/span>\n\t\t\t\t\t\t\t\t\t<\/li>\n\t\t\t\t\t\t<\/ul>\n\t\t\t\t\t\t<\/div>\n\t\t\t\t<div class=\"elementor-element elementor-element-634d790 elementor-widget elementor-widget-heading\" data-id=\"634d790\" data-element_type=\"widget\" data-e-type=\"widget\" data-settings=\"{&quot;ekit_we_effect_on&quot;:&quot;none&quot;}\" data-widget_type=\"heading.default\">\n\t\t\t\t\t<h2 class=\"elementor-heading-title elementor-size-default\">Disponibilit\u00e9 :<\/h2>\t\t\t\t<\/div>\n\t\t\t\t<div class=\"elementor-element elementor-element-c2fbdd4 elementor-align-start elementor-icon-list--layout-traditional elementor-list-item-link-full_width elementor-widget elementor-widget-icon-list\" data-id=\"c2fbdd4\" data-element_type=\"widget\" data-e-type=\"widget\" data-settings=\"{&quot;ekit_we_effect_on&quot;:&quot;none&quot;}\" data-widget_type=\"icon-list.default\">\n\t\t\t\t\t\t\t<ul class=\"elementor-icon-list-items\">\n\t\t\t\t\t\t\t<li class=\"elementor-icon-list-item\">\n\t\t\t\t\t\t\t\t\t\t\t<span class=\"elementor-icon-list-icon\">\n\t\t\t\t\t\t\t<i aria-hidden=\"true\" class=\"fas fa-users\"><\/i>\t\t\t\t\t\t<\/span>\n\t\t\t\t\t\t\t\t\t\t<span class=\"elementor-icon-list-text\">En personne<\/span>\n\t\t\t\t\t\t\t\t\t<\/li>\n\t\t\t\t\t\t\t\t<li class=\"elementor-icon-list-item\">\n\t\t\t\t\t\t\t\t\t\t\t<span class=\"elementor-icon-list-icon\">\n\t\t\t\t\t\t\t<i aria-hidden=\"true\" class=\"icon icon-screen\"><\/i>\t\t\t\t\t\t<\/span>\n\t\t\t\t\t\t\t\t\t\t<span class=\"elementor-icon-list-text\">En ligne<\/span>\n\t\t\t\t\t\t\t\t\t<\/li>\n\t\t\t\t\t\t<\/ul>\n\t\t\t\t\t\t<\/div>\n\t\t<div class=\"elementor-element elementor-element-aa0cf89 e-con-full e-flex e-con e-child\" data-id=\"aa0cf89\" data-element_type=\"container\" data-e-type=\"container\" data-settings=\"{&quot;ekit_has_onepagescroll_dot&quot;:&quot;yes&quot;}\">\n\t\t\t\t<div class=\"elementor-element elementor-element-9555a15 elementor-align-center elementor-widget elementor-widget-elementskit-button\" data-id=\"9555a15\" data-element_type=\"widget\" data-e-type=\"widget\" data-settings=\"{&quot;ekit_we_effect_on&quot;:&quot;none&quot;}\" data-widget_type=\"elementskit-button.default\">\n\t\t\t\t\t<div class=\"ekit-wid-con\" >\t\t<div class=\"ekit-btn-wraper\">\n\t\t\t\t\t\t\t<a href=\"https:\/\/klf.fr\/bordeaux\/french-courses-in-bordeaux-booking\/\" target=\"_blank\" class=\"elementskit-btn  whitespace--normal\" id=\"\">\n\t\t\t\t\tR\u00e9server\t\t\t\t<\/a>\n\t\t\t\t\t<\/div>\n        <\/div>\t\t\t\t<\/div>\n\t\t\t\t<\/div>\n\t\t\t\t<\/div>\n\t\t\t\t<\/div>\n\t\t\t\t<\/div>\n\t\t\t\t<\/div>\n\t\t\t\t<\/div>\n\t\t\t\t<\/div>\n\t\t\t\t<\/div>\n\t\t\t\t\t<\/div>\n\t\t\t\t<\/div>\n\t\t<div class=\"elementor-element elementor-element-872172a e-flex e-con-boxed e-con e-parent\" data-id=\"872172a\" data-element_type=\"container\" data-e-type=\"container\" data-settings=\"{&quot;ekit_has_onepagescroll_dot&quot;:&quot;yes&quot;}\">\n\t\t\t\t\t<div class=\"e-con-inner\">\n\t\t<div class=\"elementor-element elementor-element-b90f8a3 e-con-full e-flex e-con e-child\" data-id=\"b90f8a3\" data-element_type=\"container\" data-e-type=\"container\" data-settings=\"{&quot;ekit_has_onepagescroll_dot&quot;:&quot;yes&quot;}\">\n\t\t\t\t<div class=\"elementor-element elementor-element-f53bf57 elementor-widget elementor-widget-heading\" data-id=\"f53bf57\" data-element_type=\"widget\" data-e-type=\"widget\" data-settings=\"{&quot;ekit_we_effect_on&quot;:&quot;none&quot;}\" data-widget_type=\"heading.default\">\n\t\t\t\t\t<h2 class=\"elementor-heading-title elementor-size-default\">Le fran\u00e7ais des affaires<\/h2>\t\t\t\t<\/div>\n\t\t\t\t<div class=\"elementor-element elementor-element-1f809fe elementor-widget elementor-widget-heading\" data-id=\"1f809fe\" data-element_type=\"widget\" data-e-type=\"widget\" data-settings=\"{&quot;ekit_we_effect_on&quot;:&quot;none&quot;}\" data-widget_type=\"heading.default\">\n\t\t\t\t\t<h2 class=\"elementor-heading-title elementor-size-default\">Cours de fran\u00e7ais des affaires<\/h2>\t\t\t\t<\/div>\n\t\t\t\t<div class=\"elementor-element elementor-element-fb50a95 elementor-widget elementor-widget-text-editor\" data-id=\"fb50a95\" data-element_type=\"widget\" data-e-type=\"widget\" data-settings=\"{&quot;ekit_we_effect_on&quot;:&quot;none&quot;}\" data-widget_type=\"text-editor.default\">\n\t\t\t\t\t\t\t\t\t<p class=\"p1\">Acqu\u00e9rez aisance et professionnalisme gr\u00e2ce \u00e0 notre <b>cours de fran\u00e7ais des affaires<\/b>, con\u00e7u pour r\u00e9pondre aux besoins particuliers des professionnels de tous secteurs. Que vous ayez besoin de vous exprimer avec clart\u00e9 lors de r\u00e9unions, de r\u00e9aliser des pr\u00e9sentations percutantes ou de r\u00e9diger des courriels professionnels en fran\u00e7ais, ce cours est id\u00e9al pour vous. <\/p>\n<p class=\"p1\">Ax\u00e9 sur les progr\u00e8s personnels, ce cours int\u00e8gre des situations r\u00e9elles, vous permettant ainsi d\u2019acqu\u00e9rir des comp\u00e9tences pratiques imm\u00e9diatement transf\u00e9rables \u00e0 votre environnement professionnel.<\/p>\t\t\t\t\t\t\t\t<\/div>\n\t\t\t\t<div class=\"elementor-element elementor-element-724a78d elementor-widget elementor-widget-heading\" data-id=\"724a78d\" data-element_type=\"widget\" data-e-type=\"widget\" data-settings=\"{&quot;ekit_we_effect_on&quot;:&quot;none&quot;}\" data-widget_type=\"heading.default\">\n\t\t\t\t\t<p class=\"elementor-heading-title elementor-size-default\">Objectifs :<\/p>\t\t\t\t<\/div>\n\t\t\t\t<div class=\"elementor-element elementor-element-2a0f1064 elementor-icon-list--layout-traditional elementor-list-item-link-full_width elementor-widget elementor-widget-icon-list\" data-id=\"2a0f1064\" data-element_type=\"widget\" data-e-type=\"widget\" data-settings=\"{&quot;ekit_we_effect_on&quot;:&quot;none&quot;}\" data-widget_type=\"icon-list.default\">\n\t\t\t\t\t\t\t<ul class=\"elementor-icon-list-items\">\n\t\t\t\t\t\t\t<li class=\"elementor-icon-list-item\">\n\t\t\t\t\t\t\t\t\t\t\t<span class=\"elementor-icon-list-icon\">\n\t\t\t\t\t\t\t<i aria-hidden=\"true\" class=\"far fa-check-square\"><\/i>\t\t\t\t\t\t<\/span>\n\t\t\t\t\t\t\t\t\t\t<span class=\"elementor-icon-list-text\">Un coaching individuel et personnalis\u00e9 adapt\u00e9 \u00e0 vos besoins professionnels.<\/span>\n\t\t\t\t\t\t\t\t\t<\/li>\n\t\t\t\t\t\t\t\t<li class=\"elementor-icon-list-item\">\n\t\t\t\t\t\t\t\t\t\t\t<span class=\"elementor-icon-list-icon\">\n\t\t\t\t\t\t\t<i aria-hidden=\"true\" class=\"far fa-check-square\"><\/i>\t\t\t\t\t\t<\/span>\n\t\t\t\t\t\t\t\t\t\t<span class=\"elementor-icon-list-text\">Des documents sp\u00e9cialis\u00e9s par secteur et des simulations r\u00e9alistes du monde professionnel.<\/span>\n\t\t\t\t\t\t\t\t\t<\/li>\n\t\t\t\t\t\t\t\t<li class=\"elementor-icon-list-item\">\n\t\t\t\t\t\t\t\t\t\t\t<span class=\"elementor-icon-list-icon\">\n\t\t\t\t\t\t\t<i aria-hidden=\"true\" class=\"far fa-check-square\"><\/i>\t\t\t\t\t\t<\/span>\n\t\t\t\t\t\t\t\t\t\t<span class=\"elementor-icon-list-text\">Des horaires flexibles pour correspondre \u00e0 vos contraintes professionnelles.<\/span>\n\t\t\t\t\t\t\t\t\t<\/li>\n\t\t\t\t\t\t\t\t<li class=\"elementor-icon-list-item\">\n\t\t\t\t\t\t\t\t\t\t\t<span class=\"elementor-icon-list-icon\">\n\t\t\t\t\t\t\t<i aria-hidden=\"true\" class=\"far fa-check-square\"><\/i>\t\t\t\t\t\t<\/span>\n\t\t\t\t\t\t\t\t\t\t<span class=\"elementor-icon-list-text\">Un feedback d\u00e9taill\u00e9 et un suivi personnalis\u00e9 pour garantir votre progression.<\/span>\n\t\t\t\t\t\t\t\t\t<\/li>\n\t\t\t\t\t\t<\/ul>\n\t\t\t\t\t\t<\/div>\n\t\t\t\t<div class=\"elementor-element elementor-element-457865f elementor-widget elementor-widget-html\" data-id=\"457865f\" data-element_type=\"widget\" data-e-type=\"widget\" data-settings=\"{&quot;ekit_we_effect_on&quot;:&quot;none&quot;}\" data-widget_type=\"html.default\">\n\t\t\t\t\t<div class=\"klf2026-wrapper\">\r\n\r\n  <div class=\"klf2026-title\">Cours particuliers 2026<\/div>\r\n\r\n  <div class=\"klf2026-table-wrap\">\r\n    <table class=\"klf2026-table\">\r\n      <thead>\r\n        <tr>\r\n          <th>Pack de cours<\/th>\r\n          <th>Le\u00e7ons par semaine<\/th>\r\n          <th>Prix<\/th>\r\n          <th>\u00c2ge minimum<\/th>\r\n          <th>Niveaux<\/th>\r\n          <th>Dates de d\u00e9but<\/th>\r\n        <\/tr>\r\n      <\/thead>\r\n\r\n      <tbody>\r\n\r\n        <!-- Pack 6 Private Lessons -->\r\n        <tr>\r\n          <td class=\"klf-course-name\">\r\n Pack de 6 cours particuliers<br>           \r\n          <\/td>\r\n          <td class=\"klf-lessons\">6<\/td>\r\n          <td>342,00 \u20ac<\/td>\r\n          <td>16 +<\/td>\r\n          <td>A0 \u00e0 C2<\/td>\r\n          <td>Tous les lundis, toute l'ann\u00e9e<\/td>\r\n        <\/tr>\r\n\r\n        <!-- Pack 12 Private Lessons -->\r\n        <tr>\r\n          <td class=\"klf-course-name\">\r\n Pack de 12 cours particuliers<br>            \r\n          <\/td>\r\n          <td class=\"klf-lessons\">12<\/td>\r\n          <td>670,00 \u20ac<\/td>\r\n          <td>16 +<\/td>\r\n          <td>A0 \u00e0 C2<\/td>\r\n          <td>Tous les lundis, toute l'ann\u00e9e<\/td>\r\n        <\/tr>\r\n\r\n        <!-- Extra Lesson -->\r\n        <tr>\r\n          <td class=\"klf-course-name\">\r\n Cours suppl\u00e9mentaire<br>          \r\n          <\/td>\r\n          <td class=\"klf-lessons\">1<\/td>\r\n          <td>54,00 \u20ac<\/td>\r\n          <td>16 +<\/td>\r\n          <td>A0 \u00e0 C2<\/td>\r\n          <td>Tous les lundis, toute l'ann\u00e9e<\/td>\r\n        <\/tr>\r\n\r\n      <\/tbody>\r\n    <\/table>\r\n  <\/div>\r\n\r\n<\/div>\r\n\t\t\t\t<\/div>\n\t\t\t\t<div class=\"elementor-element elementor-element-e9dd1e4 elementor-widget elementor-widget-heading\" data-id=\"e9dd1e4\" data-element_type=\"widget\" data-e-type=\"widget\" data-settings=\"{&quot;ekit_we_effect_on&quot;:&quot;none&quot;}\" data-widget_type=\"heading.default\">\n\t\t\t\t\t<p class=\"elementor-heading-title elementor-size-default\">Plus d'informations <\/p>\t\t\t\t<\/div>\n\t\t\t\t<div class=\"elementor-element elementor-element-11e94c6 elementor-widget__width-inherit elementor-invisible elementor-widget elementor-widget-eael-adv-accordion\" data-id=\"11e94c6\" data-element_type=\"widget\" data-e-type=\"widget\" data-settings=\"{&quot;_animation&quot;:&quot;fadeInRight&quot;,&quot;ekit_we_effect_on&quot;:&quot;none&quot;}\" data-widget_type=\"eael-adv-accordion.default\">\n\t\t\t\t\t            <div class=\"eael-adv-accordion\" id=\"eael-adv-accordion-11e94c6\" data-scroll-on-click=\"no\" data-scroll-speed=\"300\" data-accordion-id=\"11e94c6\" data-accordion-type=\"accordion\" data-toogle-speed=\"300\">\n            <div class=\"eael-accordion-list\">\n\t\t\t\t\t<div id=\"quest-ce-quun-cours-de-franais-des-affaires-\" class=\"elementor-tab-title eael-accordion-header\" tabindex=\"0\" data-tab=\"1\" aria-controls=\"elementor-tab-content-1871\"><span class=\"eael-accordion-tab-title\">Qu'est-ce qu'un cours de fran\u00e7ais des affaires ?<\/span><span class=\"eael-advanced-accordion-icon-closed\"><i aria-hidden=\"true\" class=\"fa-accordion-icon fas fa-plus\"><\/i><\/span><span class=\"eael-advanced-accordion-icon-opened\"><i aria-hidden=\"true\" class=\"fa-accordion-icon fas fa-minus\"><\/i><\/span><\/div><div id=\"elementor-tab-content-1871\" class=\"eael-accordion-content clearfix\" data-tab=\"1\" aria-labelledby=\"quest-ce-quun-cours-de-franais-des-affaires-\"><p class=\"p1\">Un cours de fran\u00e7ais des affaires est con\u00e7u pour fournir aux professionnels les comp\u00e9tences linguistiques essentielles \u00e0 une communication efficace dans les milieux de travail francophones.<\/p>\n<\/div>\n\t\t\t\t\t<\/div><div class=\"eael-accordion-list\">\n\t\t\t\t\t<div id=\"qui-peut-bnficier-dun-cours-de-franais-des-affaires-\" class=\"elementor-tab-title eael-accordion-header\" tabindex=\"0\" data-tab=\"2\" aria-controls=\"elementor-tab-content-1872\"><span class=\"eael-accordion-tab-title\">Qui peut b\u00e9n\u00e9ficier d'un cours de fran\u00e7ais des affaires ?<\/span><span class=\"eael-advanced-accordion-icon-closed\"><i aria-hidden=\"true\" class=\"fa-accordion-icon fas fa-plus\"><\/i><\/span><span class=\"eael-advanced-accordion-icon-opened\"><i aria-hidden=\"true\" class=\"fa-accordion-icon fas fa-minus\"><\/i><\/span><\/div><div id=\"elementor-tab-content-1872\" class=\"eael-accordion-content clearfix\" data-tab=\"2\" aria-labelledby=\"qui-peut-bnficier-dun-cours-de-franais-des-affaires-\"><p class=\"p1\">Tout professionnel ayant besoin de communiquer en fran\u00e7ais dans le cadre de son travail, y compris dans les domaines de l&rsquo;entreprise, du droit, de la m\u00e9decine ou d&rsquo;autres domaines sp\u00e9cialis\u00e9s.<\/p>\n<\/div>\n\t\t\t\t\t<\/div><div class=\"eael-accordion-list\">\n\t\t\t\t\t<div id=\"les-dbutants-peuvent-ils-sinscrire-un-cours-de-franais-des-affaires-\" class=\"elementor-tab-title eael-accordion-header\" tabindex=\"0\" data-tab=\"3\" aria-controls=\"elementor-tab-content-1873\"><span class=\"eael-accordion-tab-title\">Les d\u00e9butants peuvent-ils s'inscrire \u00e0 un cours de fran\u00e7ais des affaires ?<\/span><span class=\"eael-advanced-accordion-icon-closed\"><i aria-hidden=\"true\" class=\"fa-accordion-icon fas fa-plus\"><\/i><\/span><span class=\"eael-advanced-accordion-icon-opened\"><i aria-hidden=\"true\" class=\"fa-accordion-icon fas fa-minus\"><\/i><\/span><\/div><div id=\"elementor-tab-content-1873\" class=\"eael-accordion-content clearfix\" data-tab=\"3\" aria-labelledby=\"les-dbutants-peuvent-ils-sinscrire-un-cours-de-franais-des-affaires-\"><p class=\"p1\">Oui, des cours sont disponibles pour tous les niveaux, des d\u00e9butants aux apprenants avanc\u00e9s.<\/p>\n<\/div>\n\t\t\t\t\t<\/div><div class=\"eael-accordion-list\">\n\t\t\t\t\t<div id=\"quel-type-de-certification-est-fourni-\" class=\"elementor-tab-title eael-accordion-header\" tabindex=\"0\" data-tab=\"4\" aria-controls=\"elementor-tab-content-1874\"><span class=\"eael-accordion-tab-title\">Quel type de certification est fourni ?<\/span><span class=\"eael-advanced-accordion-icon-closed\"><i aria-hidden=\"true\" class=\"fa-accordion-icon fas fa-plus\"><\/i><\/span><span class=\"eael-advanced-accordion-icon-opened\"><i aria-hidden=\"true\" class=\"fa-accordion-icon fas fa-minus\"><\/i><\/span><\/div><div id=\"elementor-tab-content-1874\" class=\"eael-accordion-content clearfix\" data-tab=\"4\" aria-labelledby=\"quel-type-de-certification-est-fourni-\"><p class=\"p1\">\u00c0 la fin de la formation, un certificat attestant de vos comp\u00e9tences et de votre participation vous sera d\u00e9livr\u00e9.<\/p>\n<\/div>\n\t\t\t\t\t<\/div><div class=\"eael-accordion-list\">\n\t\t\t\t\t<div id=\"existe-t-il-des-cours-de-franais-des-affaires-en-ligne-\" class=\"elementor-tab-title eael-accordion-header active-default\" tabindex=\"0\" data-tab=\"5\" aria-controls=\"elementor-tab-content-1875\"><span class=\"eael-accordion-tab-title\">Existe-t-il des cours de fran\u00e7ais des affaires en ligne ?<\/span><span class=\"eael-advanced-accordion-icon-closed\"><i aria-hidden=\"true\" class=\"fa-accordion-icon fas fa-plus\"><\/i><\/span><span class=\"eael-advanced-accordion-icon-opened\"><i aria-hidden=\"true\" class=\"fa-accordion-icon fas fa-minus\"><\/i><\/span><\/div><div id=\"elementor-tab-content-1875\" class=\"eael-accordion-content clearfix active-default\" data-tab=\"5\" aria-labelledby=\"existe-t-il-des-cours-de-franais-des-affaires-en-ligne-\"><p class=\"p1\">Oui, des options en ligne sont propos\u00e9es pour ceux qui pr\u00e9f\u00e8rent l&rsquo;apprentissage \u00e0 distance.<\/p>\n<\/div>\n\t\t\t\t\t<\/div><\/div>\t\t\t\t<\/div>\n\t\t<div class=\"elementor-element elementor-element-e0a360b e-con-full e-flex e-con e-child\" data-id=\"e0a360b\" data-element_type=\"container\" data-e-type=\"container\" data-settings=\"{&quot;ekit_has_onepagescroll_dot&quot;:&quot;yes&quot;}\">\n\t\t\t\t<div class=\"elementor-element elementor-element-eb5738b elementor-widget elementor-widget-heading\" data-id=\"eb5738b\" data-element_type=\"widget\" data-e-type=\"widget\" data-settings=\"{&quot;ekit_we_effect_on&quot;:&quot;none&quot;}\" data-widget_type=\"heading.default\">\n\t\t\t\t\t<p class=\"elementor-heading-title elementor-size-default\">Avez-vous une question ?<\/p>\t\t\t\t<\/div>\n\t\t\t\t<div class=\"elementor-element elementor-element-e1be2fa elementor-widget elementor-widget-hubspot-form\" data-id=\"e1be2fa\" data-element_type=\"widget\" data-e-type=\"widget\" data-settings=\"{&quot;ekit_we_effect_on&quot;:&quot;none&quot;}\" data-widget_type=\"hubspot-form.default\">\n\t\t\t\t<div class=\"elementor-widget-container\">\n\t\t\t\t\t\n\t\t\t\t\t\t<script>\n\t\t\t\t\t\t\twindow.hsFormsOnReady = window.hsFormsOnReady || [];\n\t\t\t\t\t\t\twindow.hsFormsOnReady.push(()=>{\n\t\t\t\t\t\t\t\thbspt.forms.create({\n\t\t\t\t\t\t\t\t\tportalId: 2851295,\n\t\t\t\t\t\t\t\t\tformId: \"88f2cb22-4241-411a-910f-42421ebe1d13\",\n\t\t\t\t\t\t\t\t\ttarget: \"#hbspt-form-1777714620000-4685953664\",\n\t\t\t\t\t\t\t\t\tregion: \"na1\",\n\t\t\t\t\t\t\t\t\t\n\t\t\t\t\t\t\t})});\n\t\t\t\t\t\t<\/script>\n\t\t\t\t\t\t<div class=\"hbspt-form\" id=\"hbspt-form-1777714620000-4685953664\"><\/div>\t\t\t\t<\/div>\n\t\t\t\t<\/div>\n\t\t\t\t<\/div>\n\t\t\t\t<\/div>\n\t\t\t\t\t<\/div>\n\t\t\t\t<\/div>\n\t\t\t\t<\/div>\n\t\t","protected":false},"excerpt":{"rendered":"<p>Cours de fran\u00e7ais des affaires \u00e0 Bordeaux D\u00e9veloppez la confiance n\u00e9cessaire pour exceller dans les milieux professionnels francophones avec notre cours de fran\u00e7ais des affaires. Con\u00e7u sur mesure pour r\u00e9pondre aux besoins sp\u00e9cifiques de votre secteur d\u2019activit\u00e9, ce programme individuel met l\u2019accent sur la communication pratique, le vocabulaire professionnel et l\u2019aisance culturelle. Vous apprendrez \u00e0 [&hellip;]<\/p>\n","protected":false},"author":11,"featured_media":25152,"parent":30937,"menu_order":0,"comment_status":"closed","ping_status":"closed","template":"elementor_header_footer","meta":{"content-type":"","footnotes":""},"language-product":[],"type-product":[],"city-product":[],"course-category":[],"folder":[],"class_list":["post-33848","page","type-page","status-publish","has-post-thumbnail","hentry"],"yoast_head":"<!-- This site is optimized with the Yoast SEO Premium plugin v27.4 (Yoast SEO v27.4) - https:\/\/yoast.com\/product\/yoast-seo-premium-wordpress\/ -->\n<title>Corso di francese commerciale - Bordeaux - Keep Learning French<\/title>\n<meta name=\"robots\" content=\"index, follow, max-snippet:-1, max-image-preview:large, max-video-preview:-1\" \/>\n<link rel=\"canonical\" href=\"https:\/\/klf.fr\/fr\/bordeaux\/cours-de-francais\/corso-di-francese-commerciale\/\" \/>\n<meta property=\"og:locale\" content=\"fr_FR\" \/>\n<meta property=\"og:type\" content=\"article\" \/>\n<meta property=\"og:title\" content=\"Corso di francese commerciale - Bordeaux\" \/>\n<meta property=\"og:description\" content=\"Cours de fran\u00e7ais des affaires \u00e0 Bordeaux D\u00e9veloppez la confiance n\u00e9cessaire pour exceller dans les milieux professionnels francophones avec notre cours de fran\u00e7ais des affaires. Con\u00e7u sur mesure pour r\u00e9pondre aux besoins sp\u00e9cifiques de votre secteur d\u2019activit\u00e9, ce programme individuel met l\u2019accent sur la communication pratique, le vocabulaire professionnel et l\u2019aisance culturelle. Vous apprendrez \u00e0 [&hellip;]\" \/>\n<meta property=\"og:url\" content=\"https:\/\/klf.fr\/fr\/bordeaux\/cours-de-francais\/corso-di-francese-commerciale\/\" \/>\n<meta property=\"og:site_name\" content=\"Keep Learning French\" \/>\n<meta property=\"article:modified_time\" content=\"2026-04-23T12:53:03+00:00\" \/>\n<meta property=\"og:image\" content=\"https:\/\/klf.fr\/wp-content\/uploads\/2024\/11\/01_KLF_BORDEAUX_216_websize-1.jpg\" \/>\n\t<meta property=\"og:image:width\" content=\"2048\" \/>\n\t<meta property=\"og:image:height\" content=\"1366\" \/>\n\t<meta property=\"og:image:type\" content=\"image\/jpeg\" \/>\n<meta name=\"twitter:card\" content=\"summary_large_image\" \/>\n<meta name=\"twitter:label1\" content=\"Dur\u00e9e de lecture estim\u00e9e\" \/>\n\t<meta name=\"twitter:data1\" content=\"3 minutes\" \/>\n<script type=\"application\/ld+json\" class=\"yoast-schema-graph\">{\"@context\":\"https:\\\/\\\/schema.org\",\"@graph\":[{\"@type\":\"WebPage\",\"@id\":\"https:\\\/\\\/klf.fr\\\/fr\\\/bordeaux\\\/cours-de-francais\\\/corso-di-francese-commerciale\\\/\",\"url\":\"https:\\\/\\\/klf.fr\\\/fr\\\/bordeaux\\\/cours-de-francais\\\/corso-di-francese-commerciale\\\/\",\"name\":\"Corso di francese commerciale - Bordeaux - Keep Learning French\",\"isPartOf\":{\"@id\":\"https:\\\/\\\/klf.fr\\\/fr\\\/#website\"},\"primaryImageOfPage\":{\"@id\":\"https:\\\/\\\/klf.fr\\\/fr\\\/bordeaux\\\/cours-de-francais\\\/corso-di-francese-commerciale\\\/#primaryimage\"},\"image\":{\"@id\":\"https:\\\/\\\/klf.fr\\\/fr\\\/bordeaux\\\/cours-de-francais\\\/corso-di-francese-commerciale\\\/#primaryimage\"},\"thumbnailUrl\":\"https:\\\/\\\/klf.fr\\\/wp-content\\\/uploads\\\/2024\\\/11\\\/01_KLF_BORDEAUX_216_websize-1.jpg\",\"datePublished\":\"2025-02-19T14:42:59+00:00\",\"dateModified\":\"2026-04-23T12:53:03+00:00\",\"breadcrumb\":{\"@id\":\"https:\\\/\\\/klf.fr\\\/fr\\\/bordeaux\\\/cours-de-francais\\\/corso-di-francese-commerciale\\\/#breadcrumb\"},\"inLanguage\":\"fr-FR\",\"potentialAction\":[{\"@type\":\"ReadAction\",\"target\":[\"https:\\\/\\\/klf.fr\\\/fr\\\/bordeaux\\\/cours-de-francais\\\/corso-di-francese-commerciale\\\/\"]}]},{\"@type\":\"ImageObject\",\"inLanguage\":\"fr-FR\",\"@id\":\"https:\\\/\\\/klf.fr\\\/fr\\\/bordeaux\\\/cours-de-francais\\\/corso-di-francese-commerciale\\\/#primaryimage\",\"url\":\"https:\\\/\\\/klf.fr\\\/wp-content\\\/uploads\\\/2024\\\/11\\\/01_KLF_BORDEAUX_216_websize-1.jpg\",\"contentUrl\":\"https:\\\/\\\/klf.fr\\\/wp-content\\\/uploads\\\/2024\\\/11\\\/01_KLF_BORDEAUX_216_websize-1.jpg\",\"width\":2048,\"height\":1366,\"caption\":\"Individual Business French courses in Newdeal Institut Bordeaux\"},{\"@type\":\"BreadcrumbList\",\"@id\":\"https:\\\/\\\/klf.fr\\\/fr\\\/bordeaux\\\/cours-de-francais\\\/corso-di-francese-commerciale\\\/#breadcrumb\",\"itemListElement\":[{\"@type\":\"ListItem\",\"position\":1,\"name\":\"Home\",\"item\":\"https:\\\/\\\/klf.fr\\\/fr\\\/home-2\\\/\"},{\"@type\":\"ListItem\",\"position\":2,\"name\":\"Apprendre le fran\u00e7ais \u00e0 Bordeaux\",\"item\":\"https:\\\/\\\/klf.fr\\\/fr\\\/bordeaux\\\/\"},{\"@type\":\"ListItem\",\"position\":3,\"name\":\"Cours de fran\u00e7ais \u00e0 Bordeaux\",\"item\":\"https:\\\/\\\/klf.fr\\\/fr\\\/bordeaux\\\/cours-de-francais\\\/\"},{\"@type\":\"ListItem\",\"position\":4,\"name\":\"Corso di francese commerciale &#8211; Bordeaux\"}]},{\"@type\":\"WebSite\",\"@id\":\"https:\\\/\\\/klf.fr\\\/fr\\\/#website\",\"url\":\"https:\\\/\\\/klf.fr\\\/fr\\\/\",\"name\":\"Keep Learning French\",\"description\":\"Groupe d&#039;\u00e9coles de FLE en France.\",\"publisher\":{\"@id\":\"https:\\\/\\\/klf.fr\\\/fr\\\/#organization\"},\"potentialAction\":[{\"@type\":\"SearchAction\",\"target\":{\"@type\":\"EntryPoint\",\"urlTemplate\":\"https:\\\/\\\/klf.fr\\\/fr\\\/?s={search_term_string}\"},\"query-input\":{\"@type\":\"PropertyValueSpecification\",\"valueRequired\":true,\"valueName\":\"search_term_string\"}}],\"inLanguage\":\"fr-FR\"},{\"@type\":[\"Organization\",\"Place\"],\"@id\":\"https:\\\/\\\/klf.fr\\\/fr\\\/#organization\",\"name\":\"Keep Learning French\",\"url\":\"https:\\\/\\\/klf.fr\\\/fr\\\/\",\"logo\":{\"@id\":\"https:\\\/\\\/klf.fr\\\/fr\\\/bordeaux\\\/cours-de-francais\\\/corso-di-francese-commerciale\\\/#local-main-organization-logo\"},\"image\":{\"@id\":\"https:\\\/\\\/klf.fr\\\/fr\\\/bordeaux\\\/cours-de-francais\\\/corso-di-francese-commerciale\\\/#local-main-organization-logo\"},\"sameAs\":[\"https:\\\/\\\/linkedin.com\\\/school\\\/keep-learning-french\\\/\"],\"telephone\":[],\"openingHoursSpecification\":[{\"@type\":\"OpeningHoursSpecification\",\"dayOfWeek\":[\"Monday\",\"Tuesday\",\"Wednesday\",\"Thursday\",\"Friday\",\"Saturday\",\"Sunday\"],\"opens\":\"09:00\",\"closes\":\"17:00\"}]},{\"@type\":\"ImageObject\",\"inLanguage\":\"fr-FR\",\"@id\":\"https:\\\/\\\/klf.fr\\\/fr\\\/bordeaux\\\/cours-de-francais\\\/corso-di-francese-commerciale\\\/#local-main-organization-logo\",\"url\":\"https:\\\/\\\/klf.fr\\\/wp-content\\\/uploads\\\/2020\\\/09\\\/klf-favicon.png\",\"contentUrl\":\"https:\\\/\\\/klf.fr\\\/wp-content\\\/uploads\\\/2020\\\/09\\\/klf-favicon.png\",\"width\":200,\"height\":200,\"caption\":\"Keep Learning French\"}]}<\/script>\n<!-- \/ Yoast SEO Premium plugin. -->","yoast_head_json":{"title":"Corso di francese commerciale - Bordeaux - Keep Learning French","robots":{"index":"index","follow":"follow","max-snippet":"max-snippet:-1","max-image-preview":"max-image-preview:large","max-video-preview":"max-video-preview:-1"},"canonical":"https:\/\/klf.fr\/fr\/bordeaux\/cours-de-francais\/corso-di-francese-commerciale\/","og_locale":"fr_FR","og_type":"article","og_title":"Corso di francese commerciale - Bordeaux","og_description":"Cours de fran\u00e7ais des affaires \u00e0 Bordeaux D\u00e9veloppez la confiance n\u00e9cessaire pour exceller dans les milieux professionnels francophones avec notre cours de fran\u00e7ais des affaires. Con\u00e7u sur mesure pour r\u00e9pondre aux besoins sp\u00e9cifiques de votre secteur d\u2019activit\u00e9, ce programme individuel met l\u2019accent sur la communication pratique, le vocabulaire professionnel et l\u2019aisance culturelle. Vous apprendrez \u00e0 [&hellip;]","og_url":"https:\/\/klf.fr\/fr\/bordeaux\/cours-de-francais\/corso-di-francese-commerciale\/","og_site_name":"Keep Learning French","article_modified_time":"2026-04-23T12:53:03+00:00","og_image":[{"width":2048,"height":1366,"url":"https:\/\/klf.fr\/wp-content\/uploads\/2024\/11\/01_KLF_BORDEAUX_216_websize-1.jpg","type":"image\/jpeg"}],"twitter_card":"summary_large_image","twitter_misc":{"Dur\u00e9e de lecture estim\u00e9e":"3 minutes"},"schema":{"@context":"https:\/\/schema.org","@graph":[{"@type":"WebPage","@id":"https:\/\/klf.fr\/fr\/bordeaux\/cours-de-francais\/corso-di-francese-commerciale\/","url":"https:\/\/klf.fr\/fr\/bordeaux\/cours-de-francais\/corso-di-francese-commerciale\/","name":"Corso di francese commerciale - Bordeaux - Keep Learning French","isPartOf":{"@id":"https:\/\/klf.fr\/fr\/#website"},"primaryImageOfPage":{"@id":"https:\/\/klf.fr\/fr\/bordeaux\/cours-de-francais\/corso-di-francese-commerciale\/#primaryimage"},"image":{"@id":"https:\/\/klf.fr\/fr\/bordeaux\/cours-de-francais\/corso-di-francese-commerciale\/#primaryimage"},"thumbnailUrl":"https:\/\/klf.fr\/wp-content\/uploads\/2024\/11\/01_KLF_BORDEAUX_216_websize-1.jpg","datePublished":"2025-02-19T14:42:59+00:00","dateModified":"2026-04-23T12:53:03+00:00","breadcrumb":{"@id":"https:\/\/klf.fr\/fr\/bordeaux\/cours-de-francais\/corso-di-francese-commerciale\/#breadcrumb"},"inLanguage":"fr-FR","potentialAction":[{"@type":"ReadAction","target":["https:\/\/klf.fr\/fr\/bordeaux\/cours-de-francais\/corso-di-francese-commerciale\/"]}]},{"@type":"ImageObject","inLanguage":"fr-FR","@id":"https:\/\/klf.fr\/fr\/bordeaux\/cours-de-francais\/corso-di-francese-commerciale\/#primaryimage","url":"https:\/\/klf.fr\/wp-content\/uploads\/2024\/11\/01_KLF_BORDEAUX_216_websize-1.jpg","contentUrl":"https:\/\/klf.fr\/wp-content\/uploads\/2024\/11\/01_KLF_BORDEAUX_216_websize-1.jpg","width":2048,"height":1366,"caption":"Individual Business French courses in Newdeal Institut Bordeaux"},{"@type":"BreadcrumbList","@id":"https:\/\/klf.fr\/fr\/bordeaux\/cours-de-francais\/corso-di-francese-commerciale\/#breadcrumb","itemListElement":[{"@type":"ListItem","position":1,"name":"Home","item":"https:\/\/klf.fr\/fr\/home-2\/"},{"@type":"ListItem","position":2,"name":"Apprendre le fran\u00e7ais \u00e0 Bordeaux","item":"https:\/\/klf.fr\/fr\/bordeaux\/"},{"@type":"ListItem","position":3,"name":"Cours de fran\u00e7ais \u00e0 Bordeaux","item":"https:\/\/klf.fr\/fr\/bordeaux\/cours-de-francais\/"},{"@type":"ListItem","position":4,"name":"Corso di francese commerciale &#8211; Bordeaux"}]},{"@type":"WebSite","@id":"https:\/\/klf.fr\/fr\/#website","url":"https:\/\/klf.fr\/fr\/","name":"Keep Learning French","description":"Groupe d&#039;\u00e9coles de FLE en France.","publisher":{"@id":"https:\/\/klf.fr\/fr\/#organization"},"potentialAction":[{"@type":"SearchAction","target":{"@type":"EntryPoint","urlTemplate":"https:\/\/klf.fr\/fr\/?s={search_term_string}"},"query-input":{"@type":"PropertyValueSpecification","valueRequired":true,"valueName":"search_term_string"}}],"inLanguage":"fr-FR"},{"@type":["Organization","Place"],"@id":"https:\/\/klf.fr\/fr\/#organization","name":"Keep Learning French","url":"https:\/\/klf.fr\/fr\/","logo":{"@id":"https:\/\/klf.fr\/fr\/bordeaux\/cours-de-francais\/corso-di-francese-commerciale\/#local-main-organization-logo"},"image":{"@id":"https:\/\/klf.fr\/fr\/bordeaux\/cours-de-francais\/corso-di-francese-commerciale\/#local-main-organization-logo"},"sameAs":["https:\/\/linkedin.com\/school\/keep-learning-french\/"],"telephone":[],"openingHoursSpecification":[{"@type":"OpeningHoursSpecification","dayOfWeek":["Monday","Tuesday","Wednesday","Thursday","Friday","Saturday","Sunday"],"opens":"09:00","closes":"17:00"}]},{"@type":"ImageObject","inLanguage":"fr-FR","@id":"https:\/\/klf.fr\/fr\/bordeaux\/cours-de-francais\/corso-di-francese-commerciale\/#local-main-organization-logo","url":"https:\/\/klf.fr\/wp-content\/uploads\/2020\/09\/klf-favicon.png","contentUrl":"https:\/\/klf.fr\/wp-content\/uploads\/2020\/09\/klf-favicon.png","width":200,"height":200,"caption":"Keep Learning French"}]}},"_links":{"self":[{"href":"https:\/\/klf.fr\/fr\/wp-json\/wp\/v2\/pages\/33848","targetHints":{"allow":["GET"]}}],"collection":[{"href":"https:\/\/klf.fr\/fr\/wp-json\/wp\/v2\/pages"}],"about":[{"href":"https:\/\/klf.fr\/fr\/wp-json\/wp\/v2\/types\/page"}],"author":[{"embeddable":true,"href":"https:\/\/klf.fr\/fr\/wp-json\/wp\/v2\/users\/11"}],"replies":[{"embeddable":true,"href":"https:\/\/klf.fr\/fr\/wp-json\/wp\/v2\/comments?post=33848"}],"version-history":[{"count":0,"href":"https:\/\/klf.fr\/fr\/wp-json\/wp\/v2\/pages\/33848\/revisions"}],"up":[{"embeddable":true,"href":"https:\/\/klf.fr\/fr\/wp-json\/wp\/v2\/pages\/30937"}],"wp:featuredmedia":[{"embeddable":true,"href":"https:\/\/klf.fr\/fr\/wp-json\/wp\/v2\/media\/25152"}],"wp:attachment":[{"href":"https:\/\/klf.fr\/fr\/wp-json\/wp\/v2\/media?parent=33848"}],"wp:term":[{"taxonomy":"language-product","embeddable":true,"href":"https:\/\/klf.fr\/fr\/wp-json\/wp\/v2\/language-product?post=33848"},{"taxonomy":"type-product","embeddable":true,"href":"https:\/\/klf.fr\/fr\/wp-json\/wp\/v2\/type-product?post=33848"},{"taxonomy":"city-product","embeddable":true,"href":"https:\/\/klf.fr\/fr\/wp-json\/wp\/v2\/city-product?post=33848"},{"taxonomy":"course-category","embeddable":true,"href":"https:\/\/klf.fr\/fr\/wp-json\/wp\/v2\/course-category?post=33848"},{"taxonomy":"folder","embeddable":true,"href":"https:\/\/klf.fr\/fr\/wp-json\/wp\/v2\/folder?post=33848"}],"curies":[{"name":"wp","href":"https:\/\/api.w.org\/{rel}","templated":true}]}}