{"id":31877,"date":"2025-01-24T08:52:27","date_gmt":"2025-01-24T07:52:27","guid":{"rendered":"https:\/\/klf.fr\/bordeaux\/cours-francais-bordeaux\/cours-francais-intensif-bordeaux\/"},"modified":"2026-04-28T20:43:13","modified_gmt":"2026-04-28T18:43:13","slug":"cours-francais-intensif-bordeaux","status":"publish","type":"page","link":"https:\/\/klf.fr\/fr\/bordeaux\/cours-de-francais\/cours-francais-intensif-bordeaux\/","title":{"rendered":"Cours de fran\u00e7ais Intensif \u00e0 Bordeaux"},"content":{"rendered":"\t\t<div data-elementor-type=\"wp-page\" data-elementor-id=\"31877\" class=\"elementor elementor-31877 elementor-2538\" data-elementor-post-type=\"page\">\n\t\t\t\t<div class=\"elementor-element elementor-element-38accb5f e-flex e-con-boxed e-con e-parent\" data-id=\"38accb5f\" data-element_type=\"container\" data-e-type=\"container\" data-settings=\"{&quot;ekit_has_onepagescroll_dot&quot;:&quot;yes&quot;}\">\n\t\t\t\t\t<div class=\"e-con-inner\">\n\t\t<div class=\"elementor-element elementor-element-e312caf e-con-full e-flex e-con e-child\" data-id=\"e312caf\" data-element_type=\"container\" data-e-type=\"container\" data-settings=\"{&quot;ekit_has_onepagescroll_dot&quot;:&quot;yes&quot;}\">\n\t\t\t\t<div class=\"elementor-element elementor-element-59de91d6 elementor-widget elementor-widget-breadcrumbs\" data-id=\"59de91d6\" data-element_type=\"widget\" data-e-type=\"widget\" data-settings=\"{&quot;ekit_we_effect_on&quot;:&quot;none&quot;}\" data-widget_type=\"breadcrumbs.default\">\n\t\t\t\t\t<p id=\"breadcrumbs\"><span><span><a href=\"https:\/\/klf.fr\/fr\/home-2\/\">Home<\/a><\/span><\/span><\/p>\t\t\t\t<\/div>\n\t\t<div class=\"elementor-element elementor-element-6e9368f5 e-con-full e-flex e-con e-child\" data-id=\"6e9368f5\" data-element_type=\"container\" data-e-type=\"container\" data-settings=\"{&quot;ekit_has_onepagescroll_dot&quot;:&quot;yes&quot;}\">\n\t\t<div class=\"elementor-element elementor-element-3e515457 e-con-full e-flex e-con e-child\" data-id=\"3e515457\" data-element_type=\"container\" data-e-type=\"container\" data-settings=\"{&quot;background_background&quot;:&quot;classic&quot;,&quot;ekit_has_onepagescroll_dot&quot;:&quot;yes&quot;}\">\n\t\t\t\t<div class=\"elementor-element elementor-element-4b1b44ed elementor-widget elementor-widget-heading\" data-id=\"4b1b44ed\" data-element_type=\"widget\" data-e-type=\"widget\" data-settings=\"{&quot;ekit_we_effect_on&quot;:&quot;none&quot;}\" data-widget_type=\"heading.default\">\n\t\t\t\t\t<h1 class=\"elementor-heading-title elementor-size-default\">Cours de fran\u00e7ais Intensif \u00e0 Bordeaux.<\/h1>\t\t\t\t<\/div>\n\t\t\t\t<div class=\"elementor-element elementor-element-b93aa01 elementor-widget elementor-widget-text-editor\" data-id=\"b93aa01\" data-element_type=\"widget\" data-e-type=\"widget\" data-settings=\"{&quot;ekit_we_effect_on&quot;:&quot;none&quot;}\" data-widget_type=\"text-editor.default\">\n\t\t\t\t\t\t\t\t\t<p>Looking to rapidly improve your French language skills?<a href=\"https:\/\/klf.fr\/fr\/bordeaux\/cours-francais-bordeaux\/standard-program-in-bordeaux\/\"> Standard French Course<\/a> seems too slow for you? Join our French Intensive. If you can only spend a limited time in Bordeaux, this course will help you boost your French quickly. You will be able to benefit from 26 French lessons per week. Remember to join the <a href=\"https:\/\/klf.fr\/fr\/toulouse\/activites-culturelles-toulouse\/cultural-activities-2\/\">Cultural Activities<\/a> which will reinforce the content of the classes.     <\/p>\t\t\t\t\t\t\t\t<\/div>\n\t\t\t\t<div class=\"elementor-element elementor-element-641297d6 elementor-widget elementor-widget-button\" data-id=\"641297d6\" data-element_type=\"widget\" data-e-type=\"widget\" data-settings=\"{&quot;ekit_we_effect_on&quot;:&quot;none&quot;}\" data-widget_type=\"button.default\">\n\t\t\t\t\t\t\t\t\t\t<a class=\"elementor-button elementor-button-link elementor-size-sm\" href=\"https:\/\/cix3cixx3x3.typeform.com\/to\/uI1fYF4u\">\n\t\t\t\t\t\t<span class=\"elementor-button-content-wrapper\">\n\t\t\t\t\t\t\t\t\t<span class=\"elementor-button-text\">Testez votre niveau de fran\u00e7ais<\/span>\n\t\t\t\t\t<\/span>\n\t\t\t\t\t<\/a>\n\t\t\t\t\t\t\t\t<\/div>\n\t\t\t\t<\/div>\n\t\t<div class=\"elementor-element elementor-element-4d0790d3 e-con-full e-flex e-con e-child\" data-id=\"4d0790d3\" data-element_type=\"container\" data-e-type=\"container\" data-settings=\"{&quot;ekit_has_onepagescroll_dot&quot;:&quot;yes&quot;}\">\n\t\t<div class=\"elementor-element elementor-element-4da01725 e-con-full e-flex e-con e-child\" data-id=\"4da01725\" data-element_type=\"container\" data-e-type=\"container\" data-settings=\"{&quot;ekit_has_onepagescroll_dot&quot;:&quot;yes&quot;}\">\n\t\t<div class=\"elementor-element elementor-element-16319a49 e-con-full e-flex e-con e-child\" data-id=\"16319a49\" data-element_type=\"container\" data-e-type=\"container\" data-settings=\"{&quot;ekit_has_onepagescroll_dot&quot;:&quot;yes&quot;}\">\n\t\t<div class=\"elementor-element elementor-element-2aae6237 e-con-full e-flex e-con e-child\" data-id=\"2aae6237\" data-element_type=\"container\" data-e-type=\"container\" data-settings=\"{&quot;ekit_has_onepagescroll_dot&quot;:&quot;yes&quot;}\">\n\t\t\t\t<div class=\"elementor-element elementor-element-6471b531 elementor-widget elementor-widget-heading\" data-id=\"6471b531\" data-element_type=\"widget\" data-e-type=\"widget\" data-settings=\"{&quot;ekit_we_effect_on&quot;:&quot;none&quot;}\" data-widget_type=\"heading.default\">\n\t\t\t\t\t<h2 class=\"elementor-heading-title elementor-size-default\">\u00e0 partir de<\/h2>\t\t\t\t<\/div>\n\t\t\t\t<div class=\"elementor-element elementor-element-75c4797 elementor-widget elementor-widget-elementskit-heading\" data-id=\"75c4797\" data-element_type=\"widget\" data-e-type=\"widget\" data-settings=\"{&quot;ekit_we_effect_on&quot;:&quot;none&quot;}\" data-widget_type=\"elementskit-heading.default\">\n\t\t\t\t\t<div class=\"ekit-wid-con\" ><div class=\"ekit-heading elementskit-section-title-wraper text_left   ekit_heading_tablet-   ekit_heading_mobile-\"><h2 class=\"ekit-heading--title elementskit-section-title \"><span><span>\u20ac250<\/span><\/span> \/ Semaine<\/h2><\/div><\/div>\t\t\t\t<\/div>\n\t\t\t\t<div class=\"elementor-element elementor-element-1f2fa35 elementor-widget elementor-widget-heading\" data-id=\"1f2fa35\" data-element_type=\"widget\" data-e-type=\"widget\" data-settings=\"{&quot;ekit_we_effect_on&quot;:&quot;none&quot;}\" data-widget_type=\"heading.default\">\n\t\t\t\t\t<h2 class=\"elementor-heading-title elementor-size-default\">Comprend :<\/h2>\t\t\t\t<\/div>\n\t\t\t\t<div class=\"elementor-element elementor-element-b470c43 elementor-align-start elementor-icon-list--layout-traditional elementor-list-item-link-full_width elementor-widget elementor-widget-icon-list\" data-id=\"b470c43\" data-element_type=\"widget\" data-e-type=\"widget\" data-settings=\"{&quot;ekit_we_effect_on&quot;:&quot;none&quot;}\" data-widget_type=\"icon-list.default\">\n\t\t\t\t\t\t\t<ul class=\"elementor-icon-list-items\">\n\t\t\t\t\t\t\t<li class=\"elementor-icon-list-item\">\n\t\t\t\t\t\t\t\t\t\t\t<span class=\"elementor-icon-list-icon\">\n\t\t\t\t\t\t\t<i aria-hidden=\"true\" class=\"icon icon-book\"><\/i>\t\t\t\t\t\t<\/span>\n\t\t\t\t\t\t\t\t\t\t<span class=\"elementor-icon-list-text\">Le\u00e7ons\/semaine : 26 (45 minutes)<\/span>\n\t\t\t\t\t\t\t\t\t<\/li>\n\t\t\t\t\t\t\t\t<li class=\"elementor-icon-list-item\">\n\t\t\t\t\t\t\t\t\t\t\t<span class=\"elementor-icon-list-icon\">\n\t\t\t\t\t\t\t<i aria-hidden=\"true\" class=\"far fa-user\"><\/i>\t\t\t\t\t\t<\/span>\n\t\t\t\t\t\t\t\t\t\t<span class=\"elementor-icon-list-text\">\u00c9l\u00e8ves\/classe : 8-14 (Moyenne 8)<\/span>\n\t\t\t\t\t\t\t\t\t<\/li>\n\t\t\t\t\t\t\t\t<li class=\"elementor-icon-list-item\">\n\t\t\t\t\t\t\t\t\t\t\t<span class=\"elementor-icon-list-icon\">\n\t\t\t\t\t\t\t<i aria-hidden=\"true\" class=\"fas fa-level-up-alt\"><\/i>\t\t\t\t\t\t<\/span>\n\t\t\t\t\t\t\t\t\t\t<span class=\"elementor-icon-list-text\">A0 - C1<\/span>\n\t\t\t\t\t\t\t\t\t<\/li>\n\t\t\t\t\t\t\t\t<li class=\"elementor-icon-list-item\">\n\t\t\t\t\t\t\t\t\t\t\t<span class=\"elementor-icon-list-icon\">\n\t\t\t\t\t\t\t<i aria-hidden=\"true\" class=\"fas fa-running\"><\/i>\t\t\t\t\t\t<\/span>\n\t\t\t\t\t\t\t\t\t\t<span class=\"elementor-icon-list-text\">\u00c2ge minimum : 16<\/span>\n\t\t\t\t\t\t\t\t\t<\/li>\n\t\t\t\t\t\t\t\t<li class=\"elementor-icon-list-item\">\n\t\t\t\t\t\t\t\t\t\t\t<span class=\"elementor-icon-list-icon\">\n\t\t\t\t\t\t\t<i aria-hidden=\"true\" class=\"far fa-calendar-alt\"><\/i>\t\t\t\t\t\t<\/span>\n\t\t\t\t\t\t\t\t\t\t<span class=\"elementor-icon-list-text\">D\u00e9but de cours chaque lundi<\/span>\n\t\t\t\t\t\t\t\t\t<\/li>\n\t\t\t\t\t\t\t\t<li class=\"elementor-icon-list-item\">\n\t\t\t\t\t\t\t\t\t\t\t<span class=\"elementor-icon-list-icon\">\n\t\t\t\t\t\t\t<i aria-hidden=\"true\" class=\"far fa-calendar-check\"><\/i>\t\t\t\t\t\t<\/span>\n\t\t\t\t\t\t\t\t\t\t<span class=\"elementor-icon-list-text\"> Dates sp\u00e9cifiques pour les d\u00e9butants<\/span>\n\t\t\t\t\t\t\t\t\t<\/li>\n\t\t\t\t\t\t<\/ul>\n\t\t\t\t\t\t<\/div>\n\t\t<div class=\"elementor-element elementor-element-27e21bd0 e-con-full e-flex e-con e-child\" data-id=\"27e21bd0\" data-element_type=\"container\" data-e-type=\"container\" data-settings=\"{&quot;ekit_has_onepagescroll_dot&quot;:&quot;yes&quot;}\">\n\t\t\t\t<div class=\"elementor-element elementor-element-5b7137f6 elementor-widget elementor-widget-heading\" data-id=\"5b7137f6\" data-element_type=\"widget\" data-e-type=\"widget\" data-settings=\"{&quot;ekit_we_effect_on&quot;:&quot;none&quot;}\" data-widget_type=\"heading.default\">\n\t\t\t\t\t<h2 class=\"elementor-heading-title elementor-size-default\">Inclus :<\/h2>\t\t\t\t<\/div>\n\t\t\t\t<div class=\"elementor-element elementor-element-8907edd elementor-align-start elementor-icon-list--layout-traditional elementor-list-item-link-full_width elementor-widget elementor-widget-icon-list\" data-id=\"8907edd\" data-element_type=\"widget\" data-e-type=\"widget\" data-settings=\"{&quot;ekit_we_effect_on&quot;:&quot;none&quot;}\" data-widget_type=\"icon-list.default\">\n\t\t\t\t\t\t\t<ul class=\"elementor-icon-list-items\">\n\t\t\t\t\t\t\t<li class=\"elementor-icon-list-item\">\n\t\t\t\t\t\t\t\t\t\t\t<span class=\"elementor-icon-list-icon\">\n\t\t\t\t\t\t\t<i aria-hidden=\"true\" class=\"far fa-address-card\"><\/i>\t\t\t\t\t\t<\/span>\n\t\t\t\t\t\t\t\t\t\t<span class=\"elementor-icon-list-text\">Test d'\u00e9valuation<\/span>\n\t\t\t\t\t\t\t\t\t<\/li>\n\t\t\t\t\t\t\t\t<li class=\"elementor-icon-list-item\">\n\t\t\t\t\t\t\t\t\t\t\t<span class=\"elementor-icon-list-icon\">\n\t\t\t\t\t\t\t<i aria-hidden=\"true\" class=\"fas fa-book\"><\/i>\t\t\t\t\t\t<\/span>\n\t\t\t\t\t\t\t\t\t\t<span class=\"elementor-icon-list-text\">Road-Book KLF<\/span>\n\t\t\t\t\t\t\t\t\t<\/li>\n\t\t\t\t\t\t\t\t<li class=\"elementor-icon-list-item\">\n\t\t\t\t\t\t\t\t\t\t\t<span class=\"elementor-icon-list-icon\">\n\t\t\t\t\t\t\t<i aria-hidden=\"true\" class=\"icon icon-construction\"><\/i>\t\t\t\t\t\t<\/span>\n\t\t\t\t\t\t\t\t\t\t<span class=\"elementor-icon-list-text\">Ateliers<\/span>\n\t\t\t\t\t\t\t\t\t<\/li>\n\t\t\t\t\t\t\t\t<li class=\"elementor-icon-list-item\">\n\t\t\t\t\t\t\t\t\t\t\t<span class=\"elementor-icon-list-icon\">\n\t\t\t\t\t\t\t<i aria-hidden=\"true\" class=\"fas fa-hands-helping\"><\/i>\t\t\t\t\t\t<\/span>\n\t\t\t\t\t\t\t\t\t\t<span class=\"elementor-icon-list-text\">Pack de bienvenue<\/span>\n\t\t\t\t\t\t\t\t\t<\/li>\n\t\t\t\t\t\t\t\t<li class=\"elementor-icon-list-item\">\n\t\t\t\t\t\t\t\t\t\t\t<span class=\"elementor-icon-list-icon\">\n\t\t\t\t\t\t\t<i aria-hidden=\"true\" class=\"fas fa-chalkboard-teacher\"><\/i>\t\t\t\t\t\t<\/span>\n\t\t\t\t\t\t\t\t\t\t<span class=\"elementor-icon-list-text\">Tutorat hebdomadaire<\/span>\n\t\t\t\t\t\t\t\t\t<\/li>\n\t\t\t\t\t\t<\/ul>\n\t\t\t\t\t\t<\/div>\n\t\t<div class=\"elementor-element elementor-element-3066f613 e-con-full e-flex e-con e-child\" data-id=\"3066f613\" data-element_type=\"container\" data-e-type=\"container\" data-settings=\"{&quot;ekit_has_onepagescroll_dot&quot;:&quot;yes&quot;}\">\n\t\t\t\t<div class=\"elementor-element elementor-element-847a6b2 elementor-align-center elementor-widget elementor-widget-elementskit-button\" data-id=\"847a6b2\" data-element_type=\"widget\" data-e-type=\"widget\" data-settings=\"{&quot;ekit_we_effect_on&quot;:&quot;none&quot;}\" data-widget_type=\"elementskit-button.default\">\n\t\t\t\t\t<div class=\"ekit-wid-con\" >\t\t<div class=\"ekit-btn-wraper\">\n\t\t\t\t\t\t\t<a href=\"https:\/\/klf.fr\/fr\/bordeaux\/cours-francais-bordeaux-reservation\/\" target=\"_blank\" class=\"elementskit-btn  whitespace--normal\" id=\"\">\n\t\t\t\t\tR\u00e9server\t\t\t\t<\/a>\n\t\t\t\t\t<\/div>\n        <\/div>\t\t\t\t<\/div>\n\t\t\t\t<\/div>\n\t\t\t\t<\/div>\n\t\t\t\t<\/div>\n\t\t\t\t<\/div>\n\t\t\t\t<\/div>\n\t\t\t\t<\/div>\n\t\t\t\t<\/div>\n\t\t\t\t<\/div>\n\t\t\t\t\t<\/div>\n\t\t\t\t<\/div>\n\t\t<div class=\"elementor-element elementor-element-44003537 e-flex e-con-boxed e-con e-parent\" data-id=\"44003537\" data-element_type=\"container\" data-e-type=\"container\" data-settings=\"{&quot;ekit_has_onepagescroll_dot&quot;:&quot;yes&quot;}\">\n\t\t\t\t\t<div class=\"e-con-inner\">\n\t\t<div class=\"elementor-element elementor-element-542b043f e-con-full e-flex e-con e-child\" data-id=\"542b043f\" data-element_type=\"container\" data-e-type=\"container\" data-settings=\"{&quot;ekit_has_onepagescroll_dot&quot;:&quot;yes&quot;}\">\n\t\t\t\t<div class=\"elementor-element elementor-element-39e21d06 elementor-widget elementor-widget-heading\" data-id=\"39e21d06\" data-element_type=\"widget\" data-e-type=\"widget\" data-settings=\"{&quot;ekit_we_effect_on&quot;:&quot;none&quot;}\" data-widget_type=\"heading.default\">\n\t\t\t\t\t<h2 class=\"elementor-heading-title elementor-size-default\">Cours de fran\u00e7ais intensif<\/h2>\t\t\t\t<\/div>\n\t\t\t\t<div class=\"elementor-element elementor-element-50dd9a5b elementor-widget elementor-widget-heading\" data-id=\"50dd9a5b\" data-element_type=\"widget\" data-e-type=\"widget\" data-settings=\"{&quot;ekit_we_effect_on&quot;:&quot;none&quot;}\" data-widget_type=\"heading.default\">\n\t\t\t\t\t<h2 class=\"elementor-heading-title elementor-size-default\">Misez sur la pratique et la communication<\/h2>\t\t\t\t<\/div>\n\t\t\t\t<div class=\"elementor-element elementor-element-70768267 elementor-widget elementor-widget-text-editor\" data-id=\"70768267\" data-element_type=\"widget\" data-e-type=\"widget\" data-settings=\"{&quot;ekit_we_effect_on&quot;:&quot;none&quot;}\" data-widget_type=\"text-editor.default\">\n\t\t\t\t\t\t\t\t\t<div class=\"relative big-container mx-auto py-20\"><div class=\"container mx-auto pt-[30px] pb-8 relative z-20 px-4 md:px-0\"><div class=\"sm:pt-5 pt-[15px] text-white md:w-4\/5\"><div class=\"relative big-container mx-auto py-20\"><div class=\"container mx-auto pt-[30px] pb-8 relative z-20 px-4 md:px-0\"><div class=\"sm:pt-5 pt-[15px] text-white md:w-4\/5\"><p>Le cours intensif de fran\u00e7ais est notre programme le plus populaire. Il vous permet de progresser en fran\u00e7ais \u00e0 un bon rythme, tout en profitant de votre vie sociale et du programme culturel propos\u00e9 dans votre destination. Cette formule comprend 20 cours de fran\u00e7ais ainsi que trois ateliers de 1 h 30 par semaine, soit 19 h 30 d\u2019enseignement au total.  <\/p><p>Ce cours intensif dans notre \u00e9cole de fran\u00e7ais au c\u0153ur de Bordeaux vous permettra de progresser rapidement tout en prenant le temps de d\u00e9couvrir la Nouvelle-Aquitaine. Ce cours de fran\u00e7ais \u00e0 Bordeaux vous offre une v\u00e9ritable immersion linguistique et culturelle, id\u00e9ale pour am\u00e9liorer votre niveau de fran\u00e7ais plus vite. <\/p><\/div><\/div><\/div><\/div><\/div><\/div>\t\t\t\t\t\t\t\t<\/div>\n\t\t\t\t<div class=\"elementor-element elementor-element-32da50d3 elementor-widget elementor-widget-heading\" data-id=\"32da50d3\" data-element_type=\"widget\" data-e-type=\"widget\" data-settings=\"{&quot;ekit_we_effect_on&quot;:&quot;none&quot;}\" data-widget_type=\"heading.default\">\n\t\t\t\t\t<p class=\"elementor-heading-title elementor-size-default\">Objectifs :<\/p>\t\t\t\t<\/div>\n\t\t\t\t<div class=\"elementor-element elementor-element-c53112d elementor-icon-list--layout-traditional elementor-list-item-link-full_width elementor-widget elementor-widget-icon-list\" data-id=\"c53112d\" data-element_type=\"widget\" data-e-type=\"widget\" data-settings=\"{&quot;ekit_we_effect_on&quot;:&quot;none&quot;}\" data-widget_type=\"icon-list.default\">\n\t\t\t\t\t\t\t<ul class=\"elementor-icon-list-items\">\n\t\t\t\t\t\t\t<li class=\"elementor-icon-list-item\">\n\t\t\t\t\t\t\t\t\t\t\t<span class=\"elementor-icon-list-icon\">\n\t\t\t\t\t\t\t<i aria-hidden=\"true\" class=\"far fa-check-square\"><\/i>\t\t\t\t\t\t<\/span>\n\t\t\t\t\t\t\t\t\t\t<span class=\"elementor-icon-list-text\">D\u00e9velopper l'aisance \u00e0 l'oral et \u00e0 l'\u00e9crit<\/span>\n\t\t\t\t\t\t\t\t\t<\/li>\n\t\t\t\t\t\t\t\t<li class=\"elementor-icon-list-item\">\n\t\t\t\t\t\t\t\t\t\t\t<span class=\"elementor-icon-list-icon\">\n\t\t\t\t\t\t\t<i aria-hidden=\"true\" class=\"far fa-check-square\"><\/i>\t\t\t\t\t\t<\/span>\n\t\t\t\t\t\t\t\t\t\t<span class=\"elementor-icon-list-text\">Se familiariser avec les sons de la langue en \u00e9changeant avec des locuteurs natifs.<\/span>\n\t\t\t\t\t\t\t\t\t<\/li>\n\t\t\t\t\t\t\t\t<li class=\"elementor-icon-list-item\">\n\t\t\t\t\t\t\t\t\t\t\t<span class=\"elementor-icon-list-icon\">\n\t\t\t\t\t\t\t<i aria-hidden=\"true\" class=\"far fa-check-square\"><\/i>\t\t\t\t\t\t<\/span>\n\t\t\t\t\t\t\t\t\t\t<span class=\"elementor-icon-list-text\">S'exprimer avec aisance et pr\u00e9cision sur tous les sujets<\/span>\n\t\t\t\t\t\t\t\t\t<\/li>\n\t\t\t\t\t\t\t\t<li class=\"elementor-icon-list-item\">\n\t\t\t\t\t\t\t\t\t\t\t<span class=\"elementor-icon-list-icon\">\n\t\t\t\t\t\t\t<i aria-hidden=\"true\" class=\"far fa-check-square\"><\/i>\t\t\t\t\t\t<\/span>\n\t\t\t\t\t\t\t\t\t\t<span class=\"elementor-icon-list-text\">D\u00e9veloppez vos comp\u00e9tences pour une communication plus efficace.<\/span>\n\t\t\t\t\t\t\t\t\t<\/li>\n\t\t\t\t\t\t\t\t<li class=\"elementor-icon-list-item\">\n\t\t\t\t\t\t\t\t\t\t\t<span class=\"elementor-icon-list-icon\">\n\t\t\t\t\t\t\t<i aria-hidden=\"true\" class=\"far fa-check-square\"><\/i>\t\t\t\t\t\t<\/span>\n\t\t\t\t\t\t\t\t\t\t<span class=\"elementor-icon-list-text\">Certifiez votre niveau de fran\u00e7ais apr\u00e8s 9 semaines<\/span>\n\t\t\t\t\t\t\t\t\t<\/li>\n\t\t\t\t\t\t<\/ul>\n\t\t\t\t\t\t<\/div>\n\t\t\t\t<div class=\"elementor-element elementor-element-9b0970c elementor-widget elementor-widget-html\" data-id=\"9b0970c\" data-element_type=\"widget\" data-e-type=\"widget\" data-settings=\"{&quot;ekit_we_effect_on&quot;:&quot;none&quot;}\" data-widget_type=\"html.default\">\n\t\t\t\t\t<div class=\"klf2026-wrapper\">\r\n\r\n  <div class=\"klf2026-title\">Cours de fran\u00e7ais intensif 2026<\/div>\r\n\r\n  <div class=\"klf2026-table-wrap\">\r\n    <table class=\"klf2026-table\">\r\n      <thead>\r\n        <tr>\r\n          <th>Cours<\/th>\r\n          <th>Le\u00e7ons<\/th>\r\n          <th>1 semaine<\/th>\r\n          <th>2 semaines<\/th>\r\n          <th>3 semaines<\/th>\r\n          <th>4 semaines<\/th>\r\n          <th>5\u201311 semaines<\/th>\r\n          <th>12+ semaines<\/th>\r\n          <th>Frais d'inscription<\/th>\r\n        <\/tr>\r\n      <\/thead>\r\n\r\n      <tbody>\r\n       \r\n        <!-- Intensive French -->\r\n        <tr>\r\n          <td class=\"klf-course-name\">Cours de fran\u00e7ais intensif<\/td>\r\n<td class=\"klf-lessons\">26 semaines<\/td>\r\n\r\n          <td>329 \u20ac<\/td>\r\n<td>658 \u20ac<\/td>\r\n<td>987 \u20ac<\/td>\r\n<td>1 316 \u20ac<\/td>\r\n\r\n          <td>\r\n            <div class=\"klf-price-wrap\">\r\n              <span class=\"klf-price-main\">299 \u20ac<\/span>\r\n              \r\n            <\/div>\r\n          <\/td>\r\n\r\n          <td>\r\n            <div class=\"klf-price-wrap\">\r\n              <span class=\"klf-price-main\">250 \u20ac<\/span>\r\n              \r\n            <\/div>\r\n          <\/td>\r\n\r\n          <td>80 \u20ac<\/td>\r\n        <\/tr>\r\n      <\/tbody>\r\n    <\/table>\r\n  <\/div>\r\n\r\n<\/div>\r\n\t\t\t\t<\/div>\n\t\t\t\t<div class=\"elementor-element elementor-element-522925bf elementor-widget elementor-widget-heading\" data-id=\"522925bf\" data-element_type=\"widget\" data-e-type=\"widget\" data-settings=\"{&quot;ekit_we_effect_on&quot;:&quot;none&quot;}\" data-widget_type=\"heading.default\">\n\t\t\t\t\t<p class=\"elementor-heading-title elementor-size-default\">Plus d'informations <\/p>\t\t\t\t<\/div>\n\t\t\t\t<div class=\"elementor-element elementor-element-9ca7c3f elementor-widget__width-inherit elementor-invisible elementor-widget elementor-widget-eael-adv-accordion\" data-id=\"9ca7c3f\" data-element_type=\"widget\" data-e-type=\"widget\" data-settings=\"{&quot;_animation&quot;:&quot;fadeInRight&quot;,&quot;ekit_we_effect_on&quot;:&quot;none&quot;}\" data-widget_type=\"eael-adv-accordion.default\">\n\t\t\t\t\t            <div class=\"eael-adv-accordion\" id=\"eael-adv-accordion-9ca7c3f\" data-scroll-on-click=\"no\" data-scroll-speed=\"300\" data-accordion-id=\"9ca7c3f\" data-accordion-type=\"accordion\" data-toogle-speed=\"300\">\n            <div class=\"eael-accordion-list\">\n\t\t\t\t\t<div id=\"quel-est-le-contenu-du-cours-\" class=\"elementor-tab-title eael-accordion-header\" tabindex=\"0\" data-tab=\"1\" aria-controls=\"elementor-tab-content-1641\"><span class=\"eael-accordion-tab-title\">Quel est le contenu du cours ?<\/span><span class=\"eael-advanced-accordion-icon-closed\"><i aria-hidden=\"true\" class=\"fa-accordion-icon fas fa-plus\"><\/i><\/span><span class=\"eael-advanced-accordion-icon-opened\"><i aria-hidden=\"true\" class=\"fa-accordion-icon fas fa-minus\"><\/i><\/span><\/div><div id=\"elementor-tab-content-1641\" class=\"eael-accordion-content clearfix\" data-tab=\"1\" aria-labelledby=\"quel-est-le-contenu-du-cours-\"><p>Le programme intensif est con\u00e7u pour renforcer les quatre comp\u00e9tences essentielles en communication : compr\u00e9hension orale, expression orale, compr\u00e9hension \u00e9crite et expression \u00e9crite. En compl\u00e9ment, des ateliers pratiques sont organis\u00e9s pour vous permettre de progresser encore davantage en fran\u00e7ais. <\/p>\n<\/div>\n\t\t\t\t\t<\/div><div class=\"eael-accordion-list\">\n\t\t\t\t\t<div id=\"quel-est-le-programme-type-dune-semaine-\" class=\"elementor-tab-title eael-accordion-header\" tabindex=\"0\" data-tab=\"2\" aria-controls=\"elementor-tab-content-1642\"><span class=\"eael-accordion-tab-title\">Quel est le programme type d'une semaine ?<\/span><span class=\"eael-advanced-accordion-icon-closed\"><i aria-hidden=\"true\" class=\"fa-accordion-icon fas fa-plus\"><\/i><\/span><span class=\"eael-advanced-accordion-icon-opened\"><i aria-hidden=\"true\" class=\"fa-accordion-icon fas fa-minus\"><\/i><\/span><\/div><div id=\"elementor-tab-content-1642\" class=\"eael-accordion-content clearfix\" data-tab=\"2\" aria-labelledby=\"quel-est-le-programme-type-dune-semaine-\"><p>Les cours se composent de quatre le\u00e7ons quotidiennes de 45 minutes, dispens\u00e9es du lundi au vendredi, le matin ou l\u2019apr\u00e8s-midi en fonction de votre niveau. Ces cours sont compl\u00e9t\u00e9s par des ateliers, organis\u00e9s en blocs de deux sessions de 45 minutes. Vos temps libres et les week-ends sont d\u00e9di\u00e9s aux loisirs, que vous soyez en autonomie ou que vous choisissiez de profiter du riche programme d\u2019activit\u00e9s propos\u00e9 par le r\u00e9seau KLF.  <\/p>\n<\/div>\n\t\t\t\t\t<\/div><div class=\"eael-accordion-list\">\n\t\t\t\t\t<div id=\"quel-niveau-dois-je-avoir-pour-minscrire-au-programme-intensif-\" class=\"elementor-tab-title eael-accordion-header\" tabindex=\"0\" data-tab=\"3\" aria-controls=\"elementor-tab-content-1643\"><span class=\"eael-accordion-tab-title\">Quel niveau dois-je avoir pour m'inscrire au programme intensif ?<\/span><span class=\"eael-advanced-accordion-icon-closed\"><i aria-hidden=\"true\" class=\"fa-accordion-icon fas fa-plus\"><\/i><\/span><span class=\"eael-advanced-accordion-icon-opened\"><i aria-hidden=\"true\" class=\"fa-accordion-icon fas fa-minus\"><\/i><\/span><\/div><div id=\"elementor-tab-content-1643\" class=\"eael-accordion-content clearfix\" data-tab=\"3\" aria-labelledby=\"quel-niveau-dois-je-avoir-pour-minscrire-au-programme-intensif-\"><p>Nos cours sont ouverts \u00e0 tous, du d\u00e9butant complet au niveau C1. Les \u00e9tudiants sont regroup\u00e9s par niveaux homog\u00e8nes, d\u00e9termin\u00e9s gr\u00e2ce \u00e0 une \u00e9valuation r\u00e9alis\u00e9e lors de l\u2019inscription. <\/p>\n<\/div>\n\t\t\t\t\t<\/div><\/div>\t\t\t\t<\/div>\n\t\t<div class=\"elementor-element elementor-element-7dc7a68a e-con-full e-flex e-con e-child\" data-id=\"7dc7a68a\" data-element_type=\"container\" data-e-type=\"container\" data-settings=\"{&quot;ekit_has_onepagescroll_dot&quot;:&quot;yes&quot;}\">\n\t\t\t\t<div class=\"elementor-element elementor-element-5384b533 elementor-widget elementor-widget-heading\" data-id=\"5384b533\" data-element_type=\"widget\" data-e-type=\"widget\" data-settings=\"{&quot;ekit_we_effect_on&quot;:&quot;none&quot;}\" data-widget_type=\"heading.default\">\n\t\t\t\t\t<p class=\"elementor-heading-title elementor-size-default\">Avez-vous une question ?<\/p>\t\t\t\t<\/div>\n\t\t\t\t<div class=\"elementor-element elementor-element-3ab5848 elementor-widget elementor-widget-hubspot-form\" data-id=\"3ab5848\" data-element_type=\"widget\" data-e-type=\"widget\" data-settings=\"{&quot;ekit_we_effect_on&quot;:&quot;none&quot;}\" data-widget_type=\"hubspot-form.default\">\n\t\t\t\t<div class=\"elementor-widget-container\">\n\t\t\t\t\t\n\t\t\t\t\t\t<script>\n\t\t\t\t\t\t\twindow.hsFormsOnReady = window.hsFormsOnReady || [];\n\t\t\t\t\t\t\twindow.hsFormsOnReady.push(()=>{\n\t\t\t\t\t\t\t\thbspt.forms.create({\n\t\t\t\t\t\t\t\t\tportalId: 2851295,\n\t\t\t\t\t\t\t\t\tformId: \"88f2cb22-4241-411a-910f-42421ebe1d13\",\n\t\t\t\t\t\t\t\t\ttarget: \"#hbspt-form-1777713527000-5310952208\",\n\t\t\t\t\t\t\t\t\tregion: \"na1\",\n\t\t\t\t\t\t\t\t\t\n\t\t\t\t\t\t\t})});\n\t\t\t\t\t\t<\/script>\n\t\t\t\t\t\t<div class=\"hbspt-form\" id=\"hbspt-form-1777713527000-5310952208\"><\/div>\t\t\t\t<\/div>\n\t\t\t\t<\/div>\n\t\t\t\t<\/div>\n\t\t\t\t<\/div>\n\t\t\t\t\t<\/div>\n\t\t\t\t<\/div>\n\t\t\t\t<\/div>\n\t\t","protected":false},"excerpt":{"rendered":"<p>Cours de fran\u00e7ais Intensif \u00e0 Bordeaux. Looking to rapidly improve your French language skills? Standard French Course seems too slow for you? Join our French Intensive. If you can only spend a limited time in Bordeaux, this course will help you boost your French quickly. You will be able to benefit from 26 French lessons [&hellip;]<\/p>\n","protected":false},"author":11,"featured_media":25164,"parent":30937,"menu_order":2,"comment_status":"closed","ping_status":"closed","template":"elementor_header_footer","meta":{"content-type":"","footnotes":""},"language-product":[],"type-product":[],"city-product":[],"course-category":[],"folder":[],"class_list":["post-31877","page","type-page","status-publish","has-post-thumbnail","hentry"],"yoast_head":"<!-- This site is optimized with the Yoast SEO Premium plugin v27.4 (Yoast SEO v27.4) - https:\/\/yoast.com\/product\/yoast-seo-premium-wordpress\/ -->\n<title>Cours de fran\u00e7ais Intensif \u00e0 Bordeaux - Keep Learning French<\/title>\n<meta name=\"robots\" content=\"index, follow, max-snippet:-1, max-image-preview:large, max-video-preview:-1\" \/>\n<link rel=\"canonical\" href=\"https:\/\/klf.fr\/fr\/bordeaux\/cours-de-francais\/cours-francais-intensif-bordeaux\/\" \/>\n<meta property=\"og:locale\" content=\"fr_FR\" \/>\n<meta property=\"og:type\" content=\"article\" \/>\n<meta property=\"og:title\" content=\"Cours de fran\u00e7ais Intensif \u00e0 Bordeaux\" \/>\n<meta property=\"og:description\" content=\"Cours de fran\u00e7ais Intensif \u00e0 Bordeaux. Looking to rapidly improve your French language skills? Standard French Course seems too slow for you? Join our French Intensive. If you can only spend a limited time in Bordeaux, this course will help you boost your French quickly. You will be able to benefit from 26 French lessons [&hellip;]\" \/>\n<meta property=\"og:url\" content=\"https:\/\/klf.fr\/fr\/bordeaux\/cours-de-francais\/cours-francais-intensif-bordeaux\/\" \/>\n<meta property=\"og:site_name\" content=\"Keep Learning French\" \/>\n<meta property=\"article:modified_time\" content=\"2026-04-28T18:43:13+00:00\" \/>\n<meta property=\"og:image\" content=\"https:\/\/klf.fr\/wp-content\/uploads\/2024\/11\/01_KLF_BORDEAUX_269_websize.jpg\" \/>\n\t<meta property=\"og:image:width\" content=\"2048\" \/>\n\t<meta property=\"og:image:height\" content=\"1365\" \/>\n\t<meta property=\"og:image:type\" content=\"image\/jpeg\" \/>\n<meta name=\"twitter:card\" content=\"summary_large_image\" \/>\n<meta name=\"twitter:label1\" content=\"Dur\u00e9e de lecture estim\u00e9e\" \/>\n\t<meta name=\"twitter:data1\" content=\"3 minutes\" \/>\n<script type=\"application\/ld+json\" class=\"yoast-schema-graph\">{\"@context\":\"https:\\\/\\\/schema.org\",\"@graph\":[{\"@type\":\"WebPage\",\"@id\":\"https:\\\/\\\/klf.fr\\\/fr\\\/bordeaux\\\/cours-de-francais\\\/cours-francais-intensif-bordeaux\\\/\",\"url\":\"https:\\\/\\\/klf.fr\\\/fr\\\/bordeaux\\\/cours-de-francais\\\/cours-francais-intensif-bordeaux\\\/\",\"name\":\"Cours de fran\u00e7ais Intensif \u00e0 Bordeaux - Keep Learning French\",\"isPartOf\":{\"@id\":\"https:\\\/\\\/klf.fr\\\/fr\\\/#website\"},\"primaryImageOfPage\":{\"@id\":\"https:\\\/\\\/klf.fr\\\/fr\\\/bordeaux\\\/cours-de-francais\\\/cours-francais-intensif-bordeaux\\\/#primaryimage\"},\"image\":{\"@id\":\"https:\\\/\\\/klf.fr\\\/fr\\\/bordeaux\\\/cours-de-francais\\\/cours-francais-intensif-bordeaux\\\/#primaryimage\"},\"thumbnailUrl\":\"https:\\\/\\\/klf.fr\\\/wp-content\\\/uploads\\\/2024\\\/11\\\/01_KLF_BORDEAUX_269_websize.jpg\",\"datePublished\":\"2025-01-24T07:52:27+00:00\",\"dateModified\":\"2026-04-28T18:43:13+00:00\",\"breadcrumb\":{\"@id\":\"https:\\\/\\\/klf.fr\\\/fr\\\/bordeaux\\\/cours-de-francais\\\/cours-francais-intensif-bordeaux\\\/#breadcrumb\"},\"inLanguage\":\"fr-FR\",\"potentialAction\":[{\"@type\":\"ReadAction\",\"target\":[\"https:\\\/\\\/klf.fr\\\/fr\\\/bordeaux\\\/cours-de-francais\\\/cours-francais-intensif-bordeaux\\\/\"]}]},{\"@type\":\"ImageObject\",\"inLanguage\":\"fr-FR\",\"@id\":\"https:\\\/\\\/klf.fr\\\/fr\\\/bordeaux\\\/cours-de-francais\\\/cours-francais-intensif-bordeaux\\\/#primaryimage\",\"url\":\"https:\\\/\\\/klf.fr\\\/wp-content\\\/uploads\\\/2024\\\/11\\\/01_KLF_BORDEAUX_269_websize.jpg\",\"contentUrl\":\"https:\\\/\\\/klf.fr\\\/wp-content\\\/uploads\\\/2024\\\/11\\\/01_KLF_BORDEAUX_269_websize.jpg\",\"width\":2048,\"height\":1365,\"caption\":\"Intensive French courses in Bordeaux\"},{\"@type\":\"BreadcrumbList\",\"@id\":\"https:\\\/\\\/klf.fr\\\/fr\\\/bordeaux\\\/cours-de-francais\\\/cours-francais-intensif-bordeaux\\\/#breadcrumb\",\"itemListElement\":[{\"@type\":\"ListItem\",\"position\":1,\"name\":\"Home\",\"item\":\"https:\\\/\\\/klf.fr\\\/fr\\\/home-2\\\/\"},{\"@type\":\"ListItem\",\"position\":2,\"name\":\"Apprendre le fran\u00e7ais \u00e0 Bordeaux\",\"item\":\"https:\\\/\\\/klf.fr\\\/fr\\\/bordeaux\\\/\"},{\"@type\":\"ListItem\",\"position\":3,\"name\":\"Cours de fran\u00e7ais \u00e0 Bordeaux\",\"item\":\"https:\\\/\\\/klf.fr\\\/fr\\\/bordeaux\\\/cours-de-francais\\\/\"},{\"@type\":\"ListItem\",\"position\":4,\"name\":\"Cours de fran\u00e7ais Intensif \u00e0 Bordeaux\"}]},{\"@type\":\"WebSite\",\"@id\":\"https:\\\/\\\/klf.fr\\\/fr\\\/#website\",\"url\":\"https:\\\/\\\/klf.fr\\\/fr\\\/\",\"name\":\"Keep Learning French\",\"description\":\"Groupe d&#039;\u00e9coles de FLE en France.\",\"publisher\":{\"@id\":\"https:\\\/\\\/klf.fr\\\/fr\\\/#organization\"},\"potentialAction\":[{\"@type\":\"SearchAction\",\"target\":{\"@type\":\"EntryPoint\",\"urlTemplate\":\"https:\\\/\\\/klf.fr\\\/fr\\\/?s={search_term_string}\"},\"query-input\":{\"@type\":\"PropertyValueSpecification\",\"valueRequired\":true,\"valueName\":\"search_term_string\"}}],\"inLanguage\":\"fr-FR\"},{\"@type\":[\"Organization\",\"Place\"],\"@id\":\"https:\\\/\\\/klf.fr\\\/fr\\\/#organization\",\"name\":\"Keep Learning French\",\"url\":\"https:\\\/\\\/klf.fr\\\/fr\\\/\",\"logo\":{\"@id\":\"https:\\\/\\\/klf.fr\\\/fr\\\/bordeaux\\\/cours-de-francais\\\/cours-francais-intensif-bordeaux\\\/#local-main-organization-logo\"},\"image\":{\"@id\":\"https:\\\/\\\/klf.fr\\\/fr\\\/bordeaux\\\/cours-de-francais\\\/cours-francais-intensif-bordeaux\\\/#local-main-organization-logo\"},\"sameAs\":[\"https:\\\/\\\/linkedin.com\\\/school\\\/keep-learning-french\\\/\"],\"telephone\":[],\"openingHoursSpecification\":[{\"@type\":\"OpeningHoursSpecification\",\"dayOfWeek\":[\"Monday\",\"Tuesday\",\"Wednesday\",\"Thursday\",\"Friday\",\"Saturday\",\"Sunday\"],\"opens\":\"09:00\",\"closes\":\"17:00\"}]},{\"@type\":\"ImageObject\",\"inLanguage\":\"fr-FR\",\"@id\":\"https:\\\/\\\/klf.fr\\\/fr\\\/bordeaux\\\/cours-de-francais\\\/cours-francais-intensif-bordeaux\\\/#local-main-organization-logo\",\"url\":\"https:\\\/\\\/klf.fr\\\/wp-content\\\/uploads\\\/2020\\\/09\\\/klf-favicon.png\",\"contentUrl\":\"https:\\\/\\\/klf.fr\\\/wp-content\\\/uploads\\\/2020\\\/09\\\/klf-favicon.png\",\"width\":200,\"height\":200,\"caption\":\"Keep Learning French\"}]}<\/script>\n<!-- \/ Yoast SEO Premium plugin. -->","yoast_head_json":{"title":"Cours de fran\u00e7ais Intensif \u00e0 Bordeaux - Keep Learning French","robots":{"index":"index","follow":"follow","max-snippet":"max-snippet:-1","max-image-preview":"max-image-preview:large","max-video-preview":"max-video-preview:-1"},"canonical":"https:\/\/klf.fr\/fr\/bordeaux\/cours-de-francais\/cours-francais-intensif-bordeaux\/","og_locale":"fr_FR","og_type":"article","og_title":"Cours de fran\u00e7ais Intensif \u00e0 Bordeaux","og_description":"Cours de fran\u00e7ais Intensif \u00e0 Bordeaux. Looking to rapidly improve your French language skills? Standard French Course seems too slow for you? Join our French Intensive. If you can only spend a limited time in Bordeaux, this course will help you boost your French quickly. You will be able to benefit from 26 French lessons [&hellip;]","og_url":"https:\/\/klf.fr\/fr\/bordeaux\/cours-de-francais\/cours-francais-intensif-bordeaux\/","og_site_name":"Keep Learning French","article_modified_time":"2026-04-28T18:43:13+00:00","og_image":[{"width":2048,"height":1365,"url":"https:\/\/klf.fr\/wp-content\/uploads\/2024\/11\/01_KLF_BORDEAUX_269_websize.jpg","type":"image\/jpeg"}],"twitter_card":"summary_large_image","twitter_misc":{"Dur\u00e9e de lecture estim\u00e9e":"3 minutes"},"schema":{"@context":"https:\/\/schema.org","@graph":[{"@type":"WebPage","@id":"https:\/\/klf.fr\/fr\/bordeaux\/cours-de-francais\/cours-francais-intensif-bordeaux\/","url":"https:\/\/klf.fr\/fr\/bordeaux\/cours-de-francais\/cours-francais-intensif-bordeaux\/","name":"Cours de fran\u00e7ais Intensif \u00e0 Bordeaux - Keep Learning French","isPartOf":{"@id":"https:\/\/klf.fr\/fr\/#website"},"primaryImageOfPage":{"@id":"https:\/\/klf.fr\/fr\/bordeaux\/cours-de-francais\/cours-francais-intensif-bordeaux\/#primaryimage"},"image":{"@id":"https:\/\/klf.fr\/fr\/bordeaux\/cours-de-francais\/cours-francais-intensif-bordeaux\/#primaryimage"},"thumbnailUrl":"https:\/\/klf.fr\/wp-content\/uploads\/2024\/11\/01_KLF_BORDEAUX_269_websize.jpg","datePublished":"2025-01-24T07:52:27+00:00","dateModified":"2026-04-28T18:43:13+00:00","breadcrumb":{"@id":"https:\/\/klf.fr\/fr\/bordeaux\/cours-de-francais\/cours-francais-intensif-bordeaux\/#breadcrumb"},"inLanguage":"fr-FR","potentialAction":[{"@type":"ReadAction","target":["https:\/\/klf.fr\/fr\/bordeaux\/cours-de-francais\/cours-francais-intensif-bordeaux\/"]}]},{"@type":"ImageObject","inLanguage":"fr-FR","@id":"https:\/\/klf.fr\/fr\/bordeaux\/cours-de-francais\/cours-francais-intensif-bordeaux\/#primaryimage","url":"https:\/\/klf.fr\/wp-content\/uploads\/2024\/11\/01_KLF_BORDEAUX_269_websize.jpg","contentUrl":"https:\/\/klf.fr\/wp-content\/uploads\/2024\/11\/01_KLF_BORDEAUX_269_websize.jpg","width":2048,"height":1365,"caption":"Intensive French courses in Bordeaux"},{"@type":"BreadcrumbList","@id":"https:\/\/klf.fr\/fr\/bordeaux\/cours-de-francais\/cours-francais-intensif-bordeaux\/#breadcrumb","itemListElement":[{"@type":"ListItem","position":1,"name":"Home","item":"https:\/\/klf.fr\/fr\/home-2\/"},{"@type":"ListItem","position":2,"name":"Apprendre le fran\u00e7ais \u00e0 Bordeaux","item":"https:\/\/klf.fr\/fr\/bordeaux\/"},{"@type":"ListItem","position":3,"name":"Cours de fran\u00e7ais \u00e0 Bordeaux","item":"https:\/\/klf.fr\/fr\/bordeaux\/cours-de-francais\/"},{"@type":"ListItem","position":4,"name":"Cours de fran\u00e7ais Intensif \u00e0 Bordeaux"}]},{"@type":"WebSite","@id":"https:\/\/klf.fr\/fr\/#website","url":"https:\/\/klf.fr\/fr\/","name":"Keep Learning French","description":"Groupe d&#039;\u00e9coles de FLE en France.","publisher":{"@id":"https:\/\/klf.fr\/fr\/#organization"},"potentialAction":[{"@type":"SearchAction","target":{"@type":"EntryPoint","urlTemplate":"https:\/\/klf.fr\/fr\/?s={search_term_string}"},"query-input":{"@type":"PropertyValueSpecification","valueRequired":true,"valueName":"search_term_string"}}],"inLanguage":"fr-FR"},{"@type":["Organization","Place"],"@id":"https:\/\/klf.fr\/fr\/#organization","name":"Keep Learning French","url":"https:\/\/klf.fr\/fr\/","logo":{"@id":"https:\/\/klf.fr\/fr\/bordeaux\/cours-de-francais\/cours-francais-intensif-bordeaux\/#local-main-organization-logo"},"image":{"@id":"https:\/\/klf.fr\/fr\/bordeaux\/cours-de-francais\/cours-francais-intensif-bordeaux\/#local-main-organization-logo"},"sameAs":["https:\/\/linkedin.com\/school\/keep-learning-french\/"],"telephone":[],"openingHoursSpecification":[{"@type":"OpeningHoursSpecification","dayOfWeek":["Monday","Tuesday","Wednesday","Thursday","Friday","Saturday","Sunday"],"opens":"09:00","closes":"17:00"}]},{"@type":"ImageObject","inLanguage":"fr-FR","@id":"https:\/\/klf.fr\/fr\/bordeaux\/cours-de-francais\/cours-francais-intensif-bordeaux\/#local-main-organization-logo","url":"https:\/\/klf.fr\/wp-content\/uploads\/2020\/09\/klf-favicon.png","contentUrl":"https:\/\/klf.fr\/wp-content\/uploads\/2020\/09\/klf-favicon.png","width":200,"height":200,"caption":"Keep Learning French"}]}},"_links":{"self":[{"href":"https:\/\/klf.fr\/fr\/wp-json\/wp\/v2\/pages\/31877","targetHints":{"allow":["GET"]}}],"collection":[{"href":"https:\/\/klf.fr\/fr\/wp-json\/wp\/v2\/pages"}],"about":[{"href":"https:\/\/klf.fr\/fr\/wp-json\/wp\/v2\/types\/page"}],"author":[{"embeddable":true,"href":"https:\/\/klf.fr\/fr\/wp-json\/wp\/v2\/users\/11"}],"replies":[{"embeddable":true,"href":"https:\/\/klf.fr\/fr\/wp-json\/wp\/v2\/comments?post=31877"}],"version-history":[{"count":1,"href":"https:\/\/klf.fr\/fr\/wp-json\/wp\/v2\/pages\/31877\/revisions"}],"predecessor-version":[{"id":46069,"href":"https:\/\/klf.fr\/fr\/wp-json\/wp\/v2\/pages\/31877\/revisions\/46069"}],"up":[{"embeddable":true,"href":"https:\/\/klf.fr\/fr\/wp-json\/wp\/v2\/pages\/30937"}],"wp:featuredmedia":[{"embeddable":true,"href":"https:\/\/klf.fr\/fr\/wp-json\/wp\/v2\/media\/25164"}],"wp:attachment":[{"href":"https:\/\/klf.fr\/fr\/wp-json\/wp\/v2\/media?parent=31877"}],"wp:term":[{"taxonomy":"language-product","embeddable":true,"href":"https:\/\/klf.fr\/fr\/wp-json\/wp\/v2\/language-product?post=31877"},{"taxonomy":"type-product","embeddable":true,"href":"https:\/\/klf.fr\/fr\/wp-json\/wp\/v2\/type-product?post=31877"},{"taxonomy":"city-product","embeddable":true,"href":"https:\/\/klf.fr\/fr\/wp-json\/wp\/v2\/city-product?post=31877"},{"taxonomy":"course-category","embeddable":true,"href":"https:\/\/klf.fr\/fr\/wp-json\/wp\/v2\/course-category?post=31877"},{"taxonomy":"folder","embeddable":true,"href":"https:\/\/klf.fr\/fr\/wp-json\/wp\/v2\/folder?post=31877"}],"curies":[{"name":"wp","href":"https:\/\/api.w.org\/{rel}","templated":true}]}}