{"id":31873,"date":"2025-01-23T17:25:49","date_gmt":"2025-01-23T16:25:49","guid":{"rendered":"https:\/\/klf.fr\/bordeaux\/cours-francais-bordeaux\/standard-program-in-bordeaux\/"},"modified":"2026-04-15T12:17:30","modified_gmt":"2026-04-15T10:17:30","slug":"programme-standard-bordeaux","status":"publish","type":"page","link":"https:\/\/klf.fr\/fr\/bordeaux\/cours-de-francais\/programme-standard-bordeaux\/","title":{"rendered":"Programme standard \u00e0 Bordeaux"},"content":{"rendered":"\t\t<div data-elementor-type=\"wp-page\" data-elementor-id=\"31873\" class=\"elementor elementor-31873 elementor-2554\" data-elementor-post-type=\"page\">\n\t\t\t\t<div class=\"elementor-element elementor-element-56aaf227 e-flex e-con-boxed e-con e-parent\" data-id=\"56aaf227\" data-element_type=\"container\" data-e-type=\"container\" data-settings=\"{&quot;ekit_has_onepagescroll_dot&quot;:&quot;yes&quot;}\">\n\t\t\t\t\t<div class=\"e-con-inner\">\n\t\t<div class=\"elementor-element elementor-element-567d6940 e-con-full e-flex e-con e-child\" data-id=\"567d6940\" data-element_type=\"container\" data-e-type=\"container\" data-settings=\"{&quot;ekit_has_onepagescroll_dot&quot;:&quot;yes&quot;}\">\n\t\t\t\t<div class=\"elementor-element elementor-element-74e8a3d9 elementor-widget elementor-widget-breadcrumbs\" data-id=\"74e8a3d9\" data-element_type=\"widget\" data-e-type=\"widget\" data-settings=\"{&quot;ekit_we_effect_on&quot;:&quot;none&quot;}\" data-widget_type=\"breadcrumbs.default\">\n\t\t\t\t\t<p id=\"breadcrumbs\"><span><span><a href=\"https:\/\/klf.fr\/fr\/home-2\/\">Home<\/a><\/span><\/span><\/p>\t\t\t\t<\/div>\n\t\t<div class=\"elementor-element elementor-element-561be261 e-con-full e-flex e-con e-child\" data-id=\"561be261\" data-element_type=\"container\" data-e-type=\"container\" data-settings=\"{&quot;ekit_has_onepagescroll_dot&quot;:&quot;yes&quot;}\">\n\t\t<div class=\"elementor-element elementor-element-525a13d1 e-con-full e-flex e-con e-child\" data-id=\"525a13d1\" data-element_type=\"container\" data-e-type=\"container\" data-settings=\"{&quot;background_background&quot;:&quot;classic&quot;,&quot;ekit_has_onepagescroll_dot&quot;:&quot;yes&quot;}\">\n\t\t\t\t<div class=\"elementor-element elementor-element-795f16ee elementor-widget elementor-widget-heading\" data-id=\"795f16ee\" data-element_type=\"widget\" data-e-type=\"widget\" data-settings=\"{&quot;ekit_we_effect_on&quot;:&quot;none&quot;}\" data-widget_type=\"heading.default\">\n\t\t\t\t\t<h1 class=\"elementor-heading-title elementor-size-default\">Cours de fran\u00e7ais standard \u00e0 Bordeaux<\/h1>\t\t\t\t<\/div>\n\t\t\t\t<div class=\"elementor-element elementor-element-461110fe elementor-widget elementor-widget-text-editor\" data-id=\"461110fe\" data-element_type=\"widget\" data-e-type=\"widget\" data-settings=\"{&quot;ekit_we_effect_on&quot;:&quot;none&quot;}\" data-widget_type=\"text-editor.default\">\n\t\t\t\t\t\t\t\t\t<p>Apprenez ou perfectionnez votre fran\u00e7ais en quelques semaines ! Ce cours standard vous permettra de d\u00e9velopper vos comp\u00e9tences en fran\u00e7ais \u00e9crit et oral avec 20 le\u00e7ons par semaine \u00e0 un rythme r\u00e9gulier. La dur\u00e9e id\u00e9ale pour ce programme est d\u2019au moins 2 semaines. Si vous souhaitez progresser plus rapidement, nous vous sugg\u00e9rons de d\u00e9couvrir nos programmes <a href=\"https:\/\/klf.fr\/fr\/bordeaux\/cours-francais-bordeaux\/cours-francais-intensif-bordeaux\/\">Intensif<\/a> ou <a href=\"https:\/\/klf.fr\/fr\/bordeaux\/cours-de-francais\/cours-francais-super-intensif-bordeaux\/\">Super Intensif<\/a>.   <\/p>\t\t\t\t\t\t\t\t<\/div>\n\t\t\t\t<div class=\"elementor-element elementor-element-2be48386 elementor-widget elementor-widget-button\" data-id=\"2be48386\" data-element_type=\"widget\" data-e-type=\"widget\" data-settings=\"{&quot;ekit_we_effect_on&quot;:&quot;none&quot;}\" data-widget_type=\"button.default\">\n\t\t\t\t\t\t\t\t\t\t<a class=\"elementor-button elementor-button-link elementor-size-sm\" href=\"https:\/\/cix3cixx3x3.typeform.com\/to\/uI1fYF4u\">\n\t\t\t\t\t\t<span class=\"elementor-button-content-wrapper\">\n\t\t\t\t\t\t\t\t\t<span class=\"elementor-button-text\">Testez votre niveau de fran\u00e7ais<\/span>\n\t\t\t\t\t<\/span>\n\t\t\t\t\t<\/a>\n\t\t\t\t\t\t\t\t<\/div>\n\t\t\t\t<\/div>\n\t\t<div class=\"elementor-element elementor-element-36b49eeb e-con-full e-flex e-con e-child\" data-id=\"36b49eeb\" data-element_type=\"container\" data-e-type=\"container\" data-settings=\"{&quot;ekit_has_onepagescroll_dot&quot;:&quot;yes&quot;}\">\n\t\t<div class=\"elementor-element elementor-element-59c986bd e-con-full e-flex e-con e-child\" data-id=\"59c986bd\" data-element_type=\"container\" data-e-type=\"container\" data-settings=\"{&quot;ekit_has_onepagescroll_dot&quot;:&quot;yes&quot;}\">\n\t\t<div class=\"elementor-element elementor-element-387d3998 e-con-full e-flex e-con e-child\" data-id=\"387d3998\" data-element_type=\"container\" data-e-type=\"container\" data-settings=\"{&quot;ekit_has_onepagescroll_dot&quot;:&quot;yes&quot;}\">\n\t\t<div class=\"elementor-element elementor-element-62f8a6e e-con-full e-flex e-con e-child\" data-id=\"62f8a6e\" data-element_type=\"container\" data-e-type=\"container\" data-settings=\"{&quot;ekit_has_onepagescroll_dot&quot;:&quot;yes&quot;}\">\n\t\t\t\t<div class=\"elementor-element elementor-element-10b6494a elementor-widget elementor-widget-heading\" data-id=\"10b6494a\" data-element_type=\"widget\" data-e-type=\"widget\" data-settings=\"{&quot;ekit_we_effect_on&quot;:&quot;none&quot;}\" data-widget_type=\"heading.default\">\n\t\t\t\t\t<h2 class=\"elementor-heading-title elementor-size-default\">\u00e0 partir de<\/h2>\t\t\t\t<\/div>\n\t\t\t\t<div class=\"elementor-element elementor-element-887c263 elementor-widget elementor-widget-elementskit-heading\" data-id=\"887c263\" data-element_type=\"widget\" data-e-type=\"widget\" data-settings=\"{&quot;ekit_we_effect_on&quot;:&quot;none&quot;}\" data-widget_type=\"elementskit-heading.default\">\n\t\t\t\t\t<div class=\"ekit-wid-con\" ><div class=\"ekit-heading elementskit-section-title-wraper text_left   ekit_heading_tablet-   ekit_heading_mobile-\"><h2 class=\"ekit-heading--title elementskit-section-title \"><span><span>\u20ac220<\/span><\/span> \/ Semaine<\/h2><\/div><\/div>\t\t\t\t<\/div>\n\t\t\t\t<div class=\"elementor-element elementor-element-62b306aa elementor-widget elementor-widget-heading\" data-id=\"62b306aa\" data-element_type=\"widget\" data-e-type=\"widget\" data-settings=\"{&quot;ekit_we_effect_on&quot;:&quot;none&quot;}\" data-widget_type=\"heading.default\">\n\t\t\t\t\t<h2 class=\"elementor-heading-title elementor-size-default\">Comprend :<\/h2>\t\t\t\t<\/div>\n\t\t\t\t<div class=\"elementor-element elementor-element-6cc80bf elementor-align-start elementor-icon-list--layout-traditional elementor-list-item-link-full_width elementor-widget elementor-widget-icon-list\" data-id=\"6cc80bf\" data-element_type=\"widget\" data-e-type=\"widget\" data-settings=\"{&quot;ekit_we_effect_on&quot;:&quot;none&quot;}\" data-widget_type=\"icon-list.default\">\n\t\t\t\t\t\t\t<ul class=\"elementor-icon-list-items\">\n\t\t\t\t\t\t\t<li class=\"elementor-icon-list-item\">\n\t\t\t\t\t\t\t\t\t\t\t<span class=\"elementor-icon-list-icon\">\n\t\t\t\t\t\t\t<i aria-hidden=\"true\" class=\"icon icon-book\"><\/i>\t\t\t\t\t\t<\/span>\n\t\t\t\t\t\t\t\t\t\t<span class=\"elementor-icon-list-text\">Le\u00e7ons\/semaine : 20 (45 minutes)<\/span>\n\t\t\t\t\t\t\t\t\t<\/li>\n\t\t\t\t\t\t\t\t<li class=\"elementor-icon-list-item\">\n\t\t\t\t\t\t\t\t\t\t\t<span class=\"elementor-icon-list-icon\">\n\t\t\t\t\t\t\t<i aria-hidden=\"true\" class=\"far fa-user\"><\/i>\t\t\t\t\t\t<\/span>\n\t\t\t\t\t\t\t\t\t\t<span class=\"elementor-icon-list-text\">\u00c9l\u00e8ves\/classe : 8-14 (Moyenne 8)<\/span>\n\t\t\t\t\t\t\t\t\t<\/li>\n\t\t\t\t\t\t\t\t<li class=\"elementor-icon-list-item\">\n\t\t\t\t\t\t\t\t\t\t\t<span class=\"elementor-icon-list-icon\">\n\t\t\t\t\t\t\t<i aria-hidden=\"true\" class=\"fas fa-level-up-alt\"><\/i>\t\t\t\t\t\t<\/span>\n\t\t\t\t\t\t\t\t\t\t<span class=\"elementor-icon-list-text\">A0 - C1<\/span>\n\t\t\t\t\t\t\t\t\t<\/li>\n\t\t\t\t\t\t\t\t<li class=\"elementor-icon-list-item\">\n\t\t\t\t\t\t\t\t\t\t\t<span class=\"elementor-icon-list-icon\">\n\t\t\t\t\t\t\t<i aria-hidden=\"true\" class=\"fas fa-running\"><\/i>\t\t\t\t\t\t<\/span>\n\t\t\t\t\t\t\t\t\t\t<span class=\"elementor-icon-list-text\">\u00c2ge minimum : 16<\/span>\n\t\t\t\t\t\t\t\t\t<\/li>\n\t\t\t\t\t\t\t\t<li class=\"elementor-icon-list-item\">\n\t\t\t\t\t\t\t\t\t\t\t<span class=\"elementor-icon-list-icon\">\n\t\t\t\t\t\t\t<i aria-hidden=\"true\" class=\"far fa-calendar-alt\"><\/i>\t\t\t\t\t\t<\/span>\n\t\t\t\t\t\t\t\t\t\t<span class=\"elementor-icon-list-text\">D\u00e9but de cours chaque lundi<\/span>\n\t\t\t\t\t\t\t\t\t<\/li>\n\t\t\t\t\t\t\t\t<li class=\"elementor-icon-list-item\">\n\t\t\t\t\t\t\t\t\t\t\t<span class=\"elementor-icon-list-icon\">\n\t\t\t\t\t\t\t<i aria-hidden=\"true\" class=\"far fa-calendar-check\"><\/i>\t\t\t\t\t\t<\/span>\n\t\t\t\t\t\t\t\t\t\t<span class=\"elementor-icon-list-text\"> Dates sp\u00e9cifiques pour les d\u00e9butants<\/span>\n\t\t\t\t\t\t\t\t\t<\/li>\n\t\t\t\t\t\t<\/ul>\n\t\t\t\t\t\t<\/div>\n\t\t<div class=\"elementor-element elementor-element-795c9bb3 e-con-full e-flex e-con e-child\" data-id=\"795c9bb3\" data-element_type=\"container\" data-e-type=\"container\" data-settings=\"{&quot;ekit_has_onepagescroll_dot&quot;:&quot;yes&quot;}\">\n\t\t\t\t<div class=\"elementor-element elementor-element-47d0165f elementor-widget elementor-widget-heading\" data-id=\"47d0165f\" data-element_type=\"widget\" data-e-type=\"widget\" data-settings=\"{&quot;ekit_we_effect_on&quot;:&quot;none&quot;}\" data-widget_type=\"heading.default\">\n\t\t\t\t\t<h2 class=\"elementor-heading-title elementor-size-default\">Inclus :<\/h2>\t\t\t\t<\/div>\n\t\t\t\t<div class=\"elementor-element elementor-element-cc0317d elementor-align-start elementor-icon-list--layout-traditional elementor-list-item-link-full_width elementor-widget elementor-widget-icon-list\" data-id=\"cc0317d\" data-element_type=\"widget\" data-e-type=\"widget\" data-settings=\"{&quot;ekit_we_effect_on&quot;:&quot;none&quot;}\" data-widget_type=\"icon-list.default\">\n\t\t\t\t\t\t\t<ul class=\"elementor-icon-list-items\">\n\t\t\t\t\t\t\t<li class=\"elementor-icon-list-item\">\n\t\t\t\t\t\t\t\t\t\t\t<span class=\"elementor-icon-list-icon\">\n\t\t\t\t\t\t\t<i aria-hidden=\"true\" class=\"far fa-address-card\"><\/i>\t\t\t\t\t\t<\/span>\n\t\t\t\t\t\t\t\t\t\t<span class=\"elementor-icon-list-text\">Test d'\u00e9valuation<\/span>\n\t\t\t\t\t\t\t\t\t<\/li>\n\t\t\t\t\t\t\t\t<li class=\"elementor-icon-list-item\">\n\t\t\t\t\t\t\t\t\t\t\t<span class=\"elementor-icon-list-icon\">\n\t\t\t\t\t\t\t<i aria-hidden=\"true\" class=\"fas fa-book\"><\/i>\t\t\t\t\t\t<\/span>\n\t\t\t\t\t\t\t\t\t\t<span class=\"elementor-icon-list-text\">Road-Book KLF<\/span>\n\t\t\t\t\t\t\t\t\t<\/li>\n\t\t\t\t\t\t\t\t<li class=\"elementor-icon-list-item\">\n\t\t\t\t\t\t\t\t\t\t\t<span class=\"elementor-icon-list-icon\">\n\t\t\t\t\t\t\t<i aria-hidden=\"true\" class=\"icon icon-construction\"><\/i>\t\t\t\t\t\t<\/span>\n\t\t\t\t\t\t\t\t\t\t<span class=\"elementor-icon-list-text\">Ateliers<\/span>\n\t\t\t\t\t\t\t\t\t<\/li>\n\t\t\t\t\t\t\t\t<li class=\"elementor-icon-list-item\">\n\t\t\t\t\t\t\t\t\t\t\t<span class=\"elementor-icon-list-icon\">\n\t\t\t\t\t\t\t<i aria-hidden=\"true\" class=\"fas fa-hands-helping\"><\/i>\t\t\t\t\t\t<\/span>\n\t\t\t\t\t\t\t\t\t\t<span class=\"elementor-icon-list-text\">Pack de bienvenue<\/span>\n\t\t\t\t\t\t\t\t\t<\/li>\n\t\t\t\t\t\t\t\t<li class=\"elementor-icon-list-item\">\n\t\t\t\t\t\t\t\t\t\t\t<span class=\"elementor-icon-list-icon\">\n\t\t\t\t\t\t\t<i aria-hidden=\"true\" class=\"fas fa-chalkboard-teacher\"><\/i>\t\t\t\t\t\t<\/span>\n\t\t\t\t\t\t\t\t\t\t<span class=\"elementor-icon-list-text\">Tutorat hebdomadaire<\/span>\n\t\t\t\t\t\t\t\t\t<\/li>\n\t\t\t\t\t\t<\/ul>\n\t\t\t\t\t\t<\/div>\n\t\t<div class=\"elementor-element elementor-element-7e08f4fe e-con-full e-flex e-con e-child\" data-id=\"7e08f4fe\" data-element_type=\"container\" data-e-type=\"container\" data-settings=\"{&quot;ekit_has_onepagescroll_dot&quot;:&quot;yes&quot;}\">\n\t\t\t\t<div class=\"elementor-element elementor-element-7f3cdafc elementor-align-center elementor-widget elementor-widget-elementskit-button\" data-id=\"7f3cdafc\" data-element_type=\"widget\" data-e-type=\"widget\" data-settings=\"{&quot;ekit_we_effect_on&quot;:&quot;none&quot;}\" data-widget_type=\"elementskit-button.default\">\n\t\t\t\t\t<div class=\"ekit-wid-con\" >\t\t<div class=\"ekit-btn-wraper\">\n\t\t\t\t\t\t\t<a href=\"https:\/\/klf.fr\/fr\/bordeaux\/cours-francais-bordeaux-reservation\/\" target=\"_blank\" class=\"elementskit-btn  whitespace--normal\" id=\"\">\n\t\t\t\t\tR\u00e9server\t\t\t\t<\/a>\n\t\t\t\t\t<\/div>\n        <\/div>\t\t\t\t<\/div>\n\t\t\t\t<\/div>\n\t\t\t\t<\/div>\n\t\t\t\t<\/div>\n\t\t\t\t<\/div>\n\t\t\t\t<\/div>\n\t\t\t\t<\/div>\n\t\t\t\t<\/div>\n\t\t\t\t<\/div>\n\t\t\t\t\t<\/div>\n\t\t\t\t<\/div>\n\t\t<div class=\"elementor-element elementor-element-17d8871a e-flex e-con-boxed e-con e-parent\" data-id=\"17d8871a\" data-element_type=\"container\" data-e-type=\"container\" data-settings=\"{&quot;ekit_has_onepagescroll_dot&quot;:&quot;yes&quot;}\">\n\t\t\t\t\t<div class=\"e-con-inner\">\n\t\t<div class=\"elementor-element elementor-element-6cee2022 e-con-full e-flex e-con e-child\" data-id=\"6cee2022\" data-element_type=\"container\" data-e-type=\"container\" data-settings=\"{&quot;ekit_has_onepagescroll_dot&quot;:&quot;yes&quot;}\">\n\t\t\t\t<div class=\"elementor-element elementor-element-224991f5 elementor-widget elementor-widget-heading\" data-id=\"224991f5\" data-element_type=\"widget\" data-e-type=\"widget\" data-settings=\"{&quot;ekit_we_effect_on&quot;:&quot;none&quot;}\" data-widget_type=\"heading.default\">\n\t\t\t\t\t<h2 class=\"elementor-heading-title elementor-size-default\">Standard French Course<\/h2>\t\t\t\t<\/div>\n\t\t\t\t<div class=\"elementor-element elementor-element-9b1b4e6 elementor-widget elementor-widget-heading\" data-id=\"9b1b4e6\" data-element_type=\"widget\" data-e-type=\"widget\" data-settings=\"{&quot;ekit_we_effect_on&quot;:&quot;none&quot;}\" data-widget_type=\"heading.default\">\n\t\t\t\t\t<h2 class=\"elementor-heading-title elementor-size-default\">Le juste \u00e9quilibre entre cours de fran\u00e7ais et activit\u00e9s<\/h2>\t\t\t\t<\/div>\n\t\t\t\t<div class=\"elementor-element elementor-element-77c2495a elementor-widget elementor-widget-text-editor\" data-id=\"77c2495a\" data-element_type=\"widget\" data-e-type=\"widget\" data-settings=\"{&quot;ekit_we_effect_on&quot;:&quot;none&quot;}\" data-widget_type=\"text-editor.default\">\n\t\t\t\t\t\t\t\t\t<div class=\"relative big-container mx-auto py-20\"><div class=\"container mx-auto pt-[30px] pb-8 relative z-20 px-4 md:px-0\"><div class=\"sm:pt-5 pt-[15px] text-white md:w-4\/5\"><div class=\"relative big-container mx-auto py-20\"><div class=\"container mx-auto pt-[30px] pb-8 relative z-20 px-4 md:px-0\"><div class=\"sm:pt-5 pt-[15px] text-white md:w-4\/5\"><p>Le Programme Standard vous propose un cours complet pour renforcer vos comp\u00e9tences orales et \u00e9crites, ainsi que votre capacit\u00e9 \u00e0 interagir en fran\u00e7ais. Vous b\u00e9n\u00e9ficierez de 20 le\u00e7ons par semaine (soit 15 heures de cours au total). Afin de trouver un bon \u00e9quilibre entre apprentissage et immersion culturelle, nous vous conseillons de participer aux sorties et activit\u00e9s culturelles organis\u00e9es par l\u2019\u00e9cole. <a href=\"https:\/\/klf.fr\/fr\/bordeaux\/programme-culturel\/\"> Consultez le programme culturel ici <\/a><\/p><\/div><\/div><\/div><\/div><\/div><\/div>\t\t\t\t\t\t\t\t<\/div>\n\t\t\t\t<div class=\"elementor-element elementor-element-31f1df4e elementor-widget elementor-widget-heading\" data-id=\"31f1df4e\" data-element_type=\"widget\" data-e-type=\"widget\" data-settings=\"{&quot;ekit_we_effect_on&quot;:&quot;none&quot;}\" data-widget_type=\"heading.default\">\n\t\t\t\t\t<p class=\"elementor-heading-title elementor-size-default\">Objectifs :<\/p>\t\t\t\t<\/div>\n\t\t\t\t<div class=\"elementor-element elementor-element-d87aa55 elementor-icon-list--layout-traditional elementor-list-item-link-full_width elementor-widget elementor-widget-icon-list\" data-id=\"d87aa55\" data-element_type=\"widget\" data-e-type=\"widget\" data-settings=\"{&quot;ekit_we_effect_on&quot;:&quot;none&quot;}\" data-widget_type=\"icon-list.default\">\n\t\t\t\t\t\t\t<ul class=\"elementor-icon-list-items\">\n\t\t\t\t\t\t\t<li class=\"elementor-icon-list-item\">\n\t\t\t\t\t\t\t\t\t\t\t<span class=\"elementor-icon-list-icon\">\n\t\t\t\t\t\t\t<i aria-hidden=\"true\" class=\"far fa-check-square\"><\/i>\t\t\t\t\t\t<\/span>\n\t\t\t\t\t\t\t\t\t\t<span class=\"elementor-icon-list-text\">D\u00e9velopper l'aisance \u00e0 l'oral et \u00e0 l'\u00e9crit<\/span>\n\t\t\t\t\t\t\t\t\t<\/li>\n\t\t\t\t\t\t\t\t<li class=\"elementor-icon-list-item\">\n\t\t\t\t\t\t\t\t\t\t\t<span class=\"elementor-icon-list-icon\">\n\t\t\t\t\t\t\t<i aria-hidden=\"true\" class=\"far fa-check-square\"><\/i>\t\t\t\t\t\t<\/span>\n\t\t\t\t\t\t\t\t\t\t<span class=\"elementor-icon-list-text\">Se familiariser avec les sons de la langue en \u00e9changeant avec des locuteurs natifs.<\/span>\n\t\t\t\t\t\t\t\t\t<\/li>\n\t\t\t\t\t\t\t\t<li class=\"elementor-icon-list-item\">\n\t\t\t\t\t\t\t\t\t\t\t<span class=\"elementor-icon-list-icon\">\n\t\t\t\t\t\t\t<i aria-hidden=\"true\" class=\"far fa-check-square\"><\/i>\t\t\t\t\t\t<\/span>\n\t\t\t\t\t\t\t\t\t\t<span class=\"elementor-icon-list-text\">Am\u00e9liorer ses comp\u00e9tences linguistiques<\/span>\n\t\t\t\t\t\t\t\t\t<\/li>\n\t\t\t\t\t\t\t\t<li class=\"elementor-icon-list-item\">\n\t\t\t\t\t\t\t\t\t\t\t<span class=\"elementor-icon-list-icon\">\n\t\t\t\t\t\t\t<i aria-hidden=\"true\" class=\"far fa-check-square\"><\/i>\t\t\t\t\t\t<\/span>\n\t\t\t\t\t\t\t\t\t\t<span class=\"elementor-icon-list-text\">S'immerger dans la culture fran\u00e7aise<\/span>\n\t\t\t\t\t\t\t\t\t<\/li>\n\t\t\t\t\t\t\t\t<li class=\"elementor-icon-list-item\">\n\t\t\t\t\t\t\t\t\t\t\t<span class=\"elementor-icon-list-icon\">\n\t\t\t\t\t\t\t<i aria-hidden=\"true\" class=\"far fa-check-square\"><\/i>\t\t\t\t\t\t<\/span>\n\t\t\t\t\t\t\t\t\t\t<span class=\"elementor-icon-list-text\">Participer \u00e0 des activit\u00e9s culturelles en parall\u00e8le des cours<\/span>\n\t\t\t\t\t\t\t\t\t<\/li>\n\t\t\t\t\t\t<\/ul>\n\t\t\t\t\t\t<\/div>\n\t\t\t\t<div class=\"elementor-element elementor-element-4ed61b8b elementor-widget elementor-widget-html\" data-id=\"4ed61b8b\" data-element_type=\"widget\" data-e-type=\"widget\" data-settings=\"{&quot;ekit_we_effect_on&quot;:&quot;none&quot;}\" data-widget_type=\"html.default\">\n\t\t\t\t\t<div class=\"klf2026-wrapper\">\r\n\r\n  <div class=\"klf2026-title\">Standard French Course<\/div>\r\n\r\n  <div class=\"klf2026-table-wrap\">\r\n    <table class=\"klf2026-table\">\r\n      <thead>\r\n        <tr>\r\n          <th>Cours<\/th>\r\n          <th>Le\u00e7ons<\/th>\r\n          <th>1 semaine<\/th>\r\n          <th>2 semaines<\/th>\r\n          <th>3 semaines<\/th>\r\n          <th>4 semaines<\/th>\r\n          <th>5\u201311 semaines<\/span><\/th>\r\n          <th>12+ semaines<\/span><\/th>\r\n          <th>Frais d'inscription<\/th>\r\n        <\/tr>\r\n      <\/thead>\r\n\r\n      <tbody>\r\n        <tr>\r\n          <td class=\"klf-course-name\">Fran\u00e7ais standard<\/td>\r\n<td class=\"klf-lessons\">20 <span class=\"klf-price-tag\">semaine<\/span><\/td>\r\n\r\n          <td>269 \u20ac<\/td>\r\n<td>538 \u20ac<\/td>\r\n<td>807 \u20ac<\/td>\r\n<td>1 076 \u20ac<\/td>\r\n\r\n          <!-- 5\u201311 weeks -->\r\n          <td>\r\n            <div class=\"klf-price-wrap\">\r\n              <span class=\"klf-price-main\">249 \u20ac<\/span>\r\n              \r\n            <\/div>\r\n          <\/td>\r\n\r\n          <!-- 12+ weeks -->\r\n          <td>\r\n            <div class=\"klf-price-wrap\">\r\n              <span class=\"klf-price-main\">220 \u20ac<\/span>\r\n             \r\n            <\/div>\r\n          <\/td>\r\n\r\n          <td>80 \u20ac<\/td>\r\n        <\/tr>\r\n      <\/tbody>\r\n    <\/table>\r\n  <\/div>\r\n\r\n<\/div>\r\n\t\t\t\t<\/div>\n\t\t\t\t<div class=\"elementor-element elementor-element-76059a45 elementor-widget elementor-widget-heading\" data-id=\"76059a45\" data-element_type=\"widget\" data-e-type=\"widget\" data-settings=\"{&quot;ekit_we_effect_on&quot;:&quot;none&quot;}\" data-widget_type=\"heading.default\">\n\t\t\t\t\t<p class=\"elementor-heading-title elementor-size-default\">Plus d'informations <\/p>\t\t\t\t<\/div>\n\t\t\t\t<div class=\"elementor-element elementor-element-e10630c elementor-widget__width-inherit elementor-invisible elementor-widget elementor-widget-eael-adv-accordion\" data-id=\"e10630c\" data-element_type=\"widget\" data-e-type=\"widget\" data-settings=\"{&quot;_animation&quot;:&quot;fadeInRight&quot;,&quot;ekit_we_effect_on&quot;:&quot;none&quot;}\" data-widget_type=\"eael-adv-accordion.default\">\n\t\t\t\t\t            <div class=\"eael-adv-accordion\" id=\"eael-adv-accordion-e10630c\" data-scroll-on-click=\"no\" data-scroll-speed=\"300\" data-accordion-id=\"e10630c\" data-accordion-type=\"accordion\" data-toogle-speed=\"300\">\n            <div class=\"eael-accordion-list\">\n\t\t\t\t\t<div id=\"est-il-possible-de-choisir-plusieurs-destinations-pour-mon-parcours-standard-\" class=\"elementor-tab-title eael-accordion-header\" tabindex=\"0\" data-tab=\"1\" aria-controls=\"elementor-tab-content-2351\"><span class=\"eael-accordion-tab-title\">Est-il possible de choisir plusieurs destinations pour mon parcours standard ?<\/span><span class=\"eael-advanced-accordion-icon-closed\"><i aria-hidden=\"true\" class=\"fa-accordion-icon fas fa-plus\"><\/i><\/span><span class=\"eael-advanced-accordion-icon-opened\"><i aria-hidden=\"true\" class=\"fa-accordion-icon fas fa-minus\"><\/i><\/span><\/div><div id=\"elementor-tab-content-2351\" class=\"eael-accordion-content clearfix\" data-tab=\"1\" aria-labelledby=\"est-il-possible-de-choisir-plusieurs-destinations-pour-mon-parcours-standard-\"><p>Oui ! Toutes nos \u00e9coles offrent le m\u00eame programme d\u2019enseignement simultan\u00e9ment, vous permettant ainsi de vivre une exp\u00e9rience de s\u00e9jour linguistique multi-destinations. Commencez votre cours \u00e0 Bordeaux, poursuivez \u00e0 Toulouse et terminez \u00e0 Montpellier ! Les frais d\u2019inscription ne sont pay\u00e9s qu\u2019une seule fois.   <\/p>\n<\/div>\n\t\t\t\t\t<\/div><div class=\"eael-accordion-list\">\n\t\t\t\t\t<div id=\"quel-est-le-programme-dune-semaine-type-\" class=\"elementor-tab-title eael-accordion-header\" tabindex=\"0\" data-tab=\"2\" aria-controls=\"elementor-tab-content-2352\"><span class=\"eael-accordion-tab-title\">Quel est le programme d'une semaine type ?<\/span><span class=\"eael-advanced-accordion-icon-closed\"><i aria-hidden=\"true\" class=\"fa-accordion-icon fas fa-plus\"><\/i><\/span><span class=\"eael-advanced-accordion-icon-opened\"><i aria-hidden=\"true\" class=\"fa-accordion-icon fas fa-minus\"><\/i><\/span><\/div><div id=\"elementor-tab-content-2352\" class=\"eael-accordion-content clearfix\" data-tab=\"2\" aria-labelledby=\"quel-est-le-programme-dune-semaine-type-\"><p>Les cours se composent de 4 le\u00e7ons quotidiennes de 45 minutes, du lundi au vendredi, programm\u00e9es le matin ou l\u2019apr\u00e8s-midi selon votre niveau. Les demi-journ\u00e9es libres et les week-ends sont d\u00e9di\u00e9s aux loisirs, que vous soyez en autonomie ou que vous choisissiez de participer aux activit\u00e9s organis\u00e9es par les \u00e9coles du r\u00e9seau KLF. <\/p>\n<\/div>\n\t\t\t\t\t<\/div><div class=\"eael-accordion-list\">\n\t\t\t\t\t<div id=\"quel-niveau-dois-je-avoir-pour-minscrire-au-programme-standard-\" class=\"elementor-tab-title eael-accordion-header\" tabindex=\"0\" data-tab=\"3\" aria-controls=\"elementor-tab-content-2353\"><span class=\"eael-accordion-tab-title\">Quel niveau dois-je avoir pour m'inscrire au programme standard ?<\/span><span class=\"eael-advanced-accordion-icon-closed\"><i aria-hidden=\"true\" class=\"fa-accordion-icon fas fa-plus\"><\/i><\/span><span class=\"eael-advanced-accordion-icon-opened\"><i aria-hidden=\"true\" class=\"fa-accordion-icon fas fa-minus\"><\/i><\/span><\/div><div id=\"elementor-tab-content-2353\" class=\"eael-accordion-content clearfix\" data-tab=\"3\" aria-labelledby=\"quel-niveau-dois-je-avoir-pour-minscrire-au-programme-standard-\"><p>Nos cours s\u2019adressent \u00e0 tous les niveaux, du d\u00e9butant complet au niveau C1. Les classes sont organis\u00e9es en fonction du niveau de chaque \u00e9tudiant, d\u00e9termin\u00e9 par un test d\u2019\u00e9valuation r\u00e9alis\u00e9 lors de l\u2019inscription. <\/p>\n<\/div>\n\t\t\t\t\t<\/div><div class=\"eael-accordion-list\">\n\t\t\t\t\t<div id=\"-puis-je-prolonger-mon-cours-standard-une-fois-quil-a-commenc-\" class=\"elementor-tab-title eael-accordion-header\" tabindex=\"0\" data-tab=\"4\" aria-controls=\"elementor-tab-content-2354\"><span class=\"eael-accordion-tab-title\"> Puis-je prolonger mon cours standard une fois qu'il a commenc\u00e9 ?<\/span><span class=\"eael-advanced-accordion-icon-closed\"><i aria-hidden=\"true\" class=\"fa-accordion-icon fas fa-plus\"><\/i><\/span><span class=\"eael-advanced-accordion-icon-opened\"><i aria-hidden=\"true\" class=\"fa-accordion-icon fas fa-minus\"><\/i><\/span><\/div><div id=\"elementor-tab-content-2354\" class=\"eael-accordion-content clearfix\" data-tab=\"4\" aria-labelledby=\"-puis-je-prolonger-mon-cours-standard-une-fois-quil-a-commenc-\"><p><span style=\"font-weight: 400\">Oui, vous pouvez prolonger votre cours, mais nous vous recommandons de nous informer au moins le lundi de la semaine pr\u00e9c\u00e9dant votre changement afin de garantir votre place. <\/span><\/p>\n<\/div>\n\t\t\t\t\t<\/div><div class=\"eael-accordion-list\">\n\t\t\t\t\t<div id=\"dois-je-choisir-un-autre-cours-si-je-manque-de-temps-\" class=\"elementor-tab-title eael-accordion-header\" tabindex=\"0\" data-tab=\"5\" aria-controls=\"elementor-tab-content-2355\"><span class=\"eael-accordion-tab-title\">Dois-je choisir un autre cours si je manque de temps ?<\/span><span class=\"eael-advanced-accordion-icon-closed\"><i aria-hidden=\"true\" class=\"fa-accordion-icon fas fa-plus\"><\/i><\/span><span class=\"eael-advanced-accordion-icon-opened\"><i aria-hidden=\"true\" class=\"fa-accordion-icon fas fa-minus\"><\/i><\/span><\/div><div id=\"elementor-tab-content-2355\" class=\"eael-accordion-content clearfix\" data-tab=\"5\" aria-labelledby=\"dois-je-choisir-un-autre-cours-si-je-manque-de-temps-\"><p><span style=\"font-weight: 400\">C&rsquo;est une d\u00e9cision personnelle qui d\u00e9pend de vos besoins et de vos attentes, mais si vous pr\u00e9voyez de rester moins de 4 \u00e0 6 semaines, nous vous recommandons le cours intensif.<\/span><\/p>\n<\/div>\n\t\t\t\t\t<\/div><div class=\"eael-accordion-list\">\n\t\t\t\t\t<div id=\"je-suis-totalement-dbutant-en-franais-puis-je-commencer-mon-cours-standard-nimporte-quel-lundi-de-lanne-\" class=\"elementor-tab-title eael-accordion-header\" tabindex=\"0\" data-tab=\"6\" aria-controls=\"elementor-tab-content-2356\"><span class=\"eael-accordion-tab-title\">Je suis totalement d\u00e9butant en fran\u00e7ais, puis-je commencer mon cours standard n'importe quel lundi de l'ann\u00e9e ? <\/span><span class=\"eael-advanced-accordion-icon-closed\"><i aria-hidden=\"true\" class=\"fa-accordion-icon fas fa-plus\"><\/i><\/span><span class=\"eael-advanced-accordion-icon-opened\"><i aria-hidden=\"true\" class=\"fa-accordion-icon fas fa-minus\"><\/i><\/span><\/div><div id=\"elementor-tab-content-2356\" class=\"eael-accordion-content clearfix\" data-tab=\"6\" aria-labelledby=\"je-suis-totalement-dbutant-en-franais-puis-je-commencer-mon-cours-standard-nimporte-quel-lundi-de-lanne-\"><p><span style=\"font-weight: 400\">Les d\u00e9butants absolus doivent commencer \u00e0 des dates sp\u00e9cifiques. Veuillez v\u00e9rifier les dates avant de vous inscrire. <\/span><\/p>\n<\/div>\n\t\t\t\t\t<\/div><\/div>\t\t\t\t<\/div>\n\t\t<div class=\"elementor-element elementor-element-2ffa668d e-con-full e-flex e-con e-child\" data-id=\"2ffa668d\" data-element_type=\"container\" data-e-type=\"container\" data-settings=\"{&quot;ekit_has_onepagescroll_dot&quot;:&quot;yes&quot;}\">\n\t\t\t\t<div class=\"elementor-element elementor-element-5768287b elementor-widget elementor-widget-heading\" data-id=\"5768287b\" data-element_type=\"widget\" data-e-type=\"widget\" data-settings=\"{&quot;ekit_we_effect_on&quot;:&quot;none&quot;}\" data-widget_type=\"heading.default\">\n\t\t\t\t\t<p class=\"elementor-heading-title elementor-size-default\">Avez-vous une question ?<\/p>\t\t\t\t<\/div>\n\t\t\t\t<div class=\"elementor-element elementor-element-82b61bc elementor-widget elementor-widget-hubspot-form\" data-id=\"82b61bc\" data-element_type=\"widget\" data-e-type=\"widget\" data-settings=\"{&quot;ekit_we_effect_on&quot;:&quot;none&quot;}\" data-widget_type=\"hubspot-form.default\">\n\t\t\t\t<div class=\"elementor-widget-container\">\n\t\t\t\t\t\n\t\t\t\t\t\t<script>\n\t\t\t\t\t\t\twindow.hsFormsOnReady = window.hsFormsOnReady || [];\n\t\t\t\t\t\t\twindow.hsFormsOnReady.push(()=>{\n\t\t\t\t\t\t\t\thbspt.forms.create({\n\t\t\t\t\t\t\t\t\tportalId: 2851295,\n\t\t\t\t\t\t\t\t\tformId: \"88f2cb22-4241-411a-910f-42421ebe1d13\",\n\t\t\t\t\t\t\t\t\ttarget: \"#hbspt-form-1777716293000-0864907718\",\n\t\t\t\t\t\t\t\t\tregion: \"na1\",\n\t\t\t\t\t\t\t\t\t\n\t\t\t\t\t\t\t})});\n\t\t\t\t\t\t<\/script>\n\t\t\t\t\t\t<div class=\"hbspt-form\" id=\"hbspt-form-1777716293000-0864907718\"><\/div>\t\t\t\t<\/div>\n\t\t\t\t<\/div>\n\t\t\t\t<\/div>\n\t\t\t\t<\/div>\n\t\t\t\t\t<\/div>\n\t\t\t\t<\/div>\n\t\t\t\t<\/div>\n\t\t","protected":false},"excerpt":{"rendered":"<p>Cours de fran\u00e7ais standard \u00e0 Bordeaux Apprenez ou perfectionnez votre fran\u00e7ais en quelques semaines ! Ce cours standard vous permettra de d\u00e9velopper vos comp\u00e9tences en fran\u00e7ais \u00e9crit et oral avec 20 le\u00e7ons par semaine \u00e0 un rythme r\u00e9gulier. La dur\u00e9e id\u00e9ale pour ce programme est d\u2019au moins 2 semaines. Si vous souhaitez progresser plus rapidement, [&hellip;]<\/p>\n","protected":false},"author":11,"featured_media":25158,"parent":30937,"menu_order":1,"comment_status":"closed","ping_status":"closed","template":"elementor_header_footer","meta":{"content-type":"","footnotes":""},"language-product":[],"type-product":[],"city-product":[],"course-category":[],"folder":[],"class_list":["post-31873","page","type-page","status-publish","has-post-thumbnail","hentry"],"yoast_head":"<!-- This site is optimized with the Yoast SEO Premium plugin v27.4 (Yoast SEO v27.4) - https:\/\/yoast.com\/product\/yoast-seo-premium-wordpress\/ -->\n<title>Programme standard \u00e0 Bordeaux - Keep Learning French<\/title>\n<meta name=\"robots\" content=\"index, follow, max-snippet:-1, max-image-preview:large, max-video-preview:-1\" \/>\n<link rel=\"canonical\" href=\"https:\/\/klf.fr\/fr\/bordeaux\/cours-de-francais\/programme-standard-bordeaux\/\" \/>\n<meta property=\"og:locale\" content=\"fr_FR\" \/>\n<meta property=\"og:type\" content=\"article\" \/>\n<meta property=\"og:title\" content=\"Programme standard \u00e0 Bordeaux\" \/>\n<meta property=\"og:description\" content=\"Cours de fran\u00e7ais standard \u00e0 Bordeaux Apprenez ou perfectionnez votre fran\u00e7ais en quelques semaines ! Ce cours standard vous permettra de d\u00e9velopper vos comp\u00e9tences en fran\u00e7ais \u00e9crit et oral avec 20 le\u00e7ons par semaine \u00e0 un rythme r\u00e9gulier. La dur\u00e9e id\u00e9ale pour ce programme est d\u2019au moins 2 semaines. Si vous souhaitez progresser plus rapidement, [&hellip;]\" \/>\n<meta property=\"og:url\" content=\"https:\/\/klf.fr\/fr\/bordeaux\/cours-de-francais\/programme-standard-bordeaux\/\" \/>\n<meta property=\"og:site_name\" content=\"Keep Learning French\" \/>\n<meta property=\"article:modified_time\" content=\"2026-04-15T10:17:30+00:00\" \/>\n<meta name=\"twitter:card\" content=\"summary_large_image\" \/>\n<meta name=\"twitter:label1\" content=\"Dur\u00e9e de lecture estim\u00e9e\" \/>\n\t<meta name=\"twitter:data1\" content=\"3 minutes\" \/>\n<script type=\"application\/ld+json\" class=\"yoast-schema-graph\">{\"@context\":\"https:\\\/\\\/schema.org\",\"@graph\":[{\"@type\":\"WebPage\",\"@id\":\"https:\\\/\\\/klf.fr\\\/fr\\\/bordeaux\\\/cours-de-francais\\\/programme-standard-bordeaux\\\/\",\"url\":\"https:\\\/\\\/klf.fr\\\/fr\\\/bordeaux\\\/cours-de-francais\\\/programme-standard-bordeaux\\\/\",\"name\":\"Programme standard \u00e0 Bordeaux - Keep Learning French\",\"isPartOf\":{\"@id\":\"https:\\\/\\\/klf.fr\\\/fr\\\/#website\"},\"primaryImageOfPage\":{\"@id\":\"https:\\\/\\\/klf.fr\\\/fr\\\/bordeaux\\\/cours-de-francais\\\/programme-standard-bordeaux\\\/#primaryimage\"},\"image\":{\"@id\":\"https:\\\/\\\/klf.fr\\\/fr\\\/bordeaux\\\/cours-de-francais\\\/programme-standard-bordeaux\\\/#primaryimage\"},\"thumbnailUrl\":\"https:\\\/\\\/klf.fr\\\/wp-content\\\/uploads\\\/2024\\\/11\\\/01_KLF_BORDEAUX_236_websize.jpg\",\"datePublished\":\"2025-01-23T16:25:49+00:00\",\"dateModified\":\"2026-04-15T10:17:30+00:00\",\"breadcrumb\":{\"@id\":\"https:\\\/\\\/klf.fr\\\/fr\\\/bordeaux\\\/cours-de-francais\\\/programme-standard-bordeaux\\\/#breadcrumb\"},\"inLanguage\":\"fr-FR\",\"potentialAction\":[{\"@type\":\"ReadAction\",\"target\":[\"https:\\\/\\\/klf.fr\\\/fr\\\/bordeaux\\\/cours-de-francais\\\/programme-standard-bordeaux\\\/\"]}]},{\"@type\":\"ImageObject\",\"inLanguage\":\"fr-FR\",\"@id\":\"https:\\\/\\\/klf.fr\\\/fr\\\/bordeaux\\\/cours-de-francais\\\/programme-standard-bordeaux\\\/#primaryimage\",\"url\":\"https:\\\/\\\/klf.fr\\\/wp-content\\\/uploads\\\/2024\\\/11\\\/01_KLF_BORDEAUX_236_websize.jpg\",\"contentUrl\":\"https:\\\/\\\/klf.fr\\\/wp-content\\\/uploads\\\/2024\\\/11\\\/01_KLF_BORDEAUX_236_websize.jpg\",\"width\":2048,\"height\":1365,\"caption\":\"Standard French courses in Bordeaux\"},{\"@type\":\"BreadcrumbList\",\"@id\":\"https:\\\/\\\/klf.fr\\\/fr\\\/bordeaux\\\/cours-de-francais\\\/programme-standard-bordeaux\\\/#breadcrumb\",\"itemListElement\":[{\"@type\":\"ListItem\",\"position\":1,\"name\":\"Home\",\"item\":\"https:\\\/\\\/klf.fr\\\/fr\\\/home-2\\\/\"},{\"@type\":\"ListItem\",\"position\":2,\"name\":\"Apprendre le fran\u00e7ais \u00e0 Bordeaux\",\"item\":\"https:\\\/\\\/klf.fr\\\/fr\\\/bordeaux\\\/\"},{\"@type\":\"ListItem\",\"position\":3,\"name\":\"Cours de fran\u00e7ais \u00e0 Bordeaux\",\"item\":\"https:\\\/\\\/klf.fr\\\/fr\\\/bordeaux\\\/cours-de-francais\\\/\"},{\"@type\":\"ListItem\",\"position\":4,\"name\":\"Programme standard \u00e0 Bordeaux\"}]},{\"@type\":\"WebSite\",\"@id\":\"https:\\\/\\\/klf.fr\\\/fr\\\/#website\",\"url\":\"https:\\\/\\\/klf.fr\\\/fr\\\/\",\"name\":\"Keep Learning French\",\"description\":\"Groupe d&#039;\u00e9coles de FLE en France.\",\"publisher\":{\"@id\":\"https:\\\/\\\/klf.fr\\\/fr\\\/#organization\"},\"potentialAction\":[{\"@type\":\"SearchAction\",\"target\":{\"@type\":\"EntryPoint\",\"urlTemplate\":\"https:\\\/\\\/klf.fr\\\/fr\\\/?s={search_term_string}\"},\"query-input\":{\"@type\":\"PropertyValueSpecification\",\"valueRequired\":true,\"valueName\":\"search_term_string\"}}],\"inLanguage\":\"fr-FR\"},{\"@type\":[\"Organization\",\"Place\"],\"@id\":\"https:\\\/\\\/klf.fr\\\/fr\\\/#organization\",\"name\":\"Keep Learning French\",\"url\":\"https:\\\/\\\/klf.fr\\\/fr\\\/\",\"logo\":{\"@id\":\"https:\\\/\\\/klf.fr\\\/fr\\\/bordeaux\\\/cours-de-francais\\\/programme-standard-bordeaux\\\/#local-main-organization-logo\"},\"image\":{\"@id\":\"https:\\\/\\\/klf.fr\\\/fr\\\/bordeaux\\\/cours-de-francais\\\/programme-standard-bordeaux\\\/#local-main-organization-logo\"},\"sameAs\":[\"https:\\\/\\\/linkedin.com\\\/school\\\/keep-learning-french\\\/\"],\"telephone\":[],\"openingHoursSpecification\":[{\"@type\":\"OpeningHoursSpecification\",\"dayOfWeek\":[\"Monday\",\"Tuesday\",\"Wednesday\",\"Thursday\",\"Friday\",\"Saturday\",\"Sunday\"],\"opens\":\"09:00\",\"closes\":\"17:00\"}]},{\"@type\":\"ImageObject\",\"inLanguage\":\"fr-FR\",\"@id\":\"https:\\\/\\\/klf.fr\\\/fr\\\/bordeaux\\\/cours-de-francais\\\/programme-standard-bordeaux\\\/#local-main-organization-logo\",\"url\":\"https:\\\/\\\/klf.fr\\\/wp-content\\\/uploads\\\/2020\\\/09\\\/klf-favicon.png\",\"contentUrl\":\"https:\\\/\\\/klf.fr\\\/wp-content\\\/uploads\\\/2020\\\/09\\\/klf-favicon.png\",\"width\":200,\"height\":200,\"caption\":\"Keep Learning French\"}]}<\/script>\n<!-- \/ Yoast SEO Premium plugin. -->","yoast_head_json":{"title":"Programme standard \u00e0 Bordeaux - Keep Learning French","robots":{"index":"index","follow":"follow","max-snippet":"max-snippet:-1","max-image-preview":"max-image-preview:large","max-video-preview":"max-video-preview:-1"},"canonical":"https:\/\/klf.fr\/fr\/bordeaux\/cours-de-francais\/programme-standard-bordeaux\/","og_locale":"fr_FR","og_type":"article","og_title":"Programme standard \u00e0 Bordeaux","og_description":"Cours de fran\u00e7ais standard \u00e0 Bordeaux Apprenez ou perfectionnez votre fran\u00e7ais en quelques semaines ! Ce cours standard vous permettra de d\u00e9velopper vos comp\u00e9tences en fran\u00e7ais \u00e9crit et oral avec 20 le\u00e7ons par semaine \u00e0 un rythme r\u00e9gulier. La dur\u00e9e id\u00e9ale pour ce programme est d\u2019au moins 2 semaines. Si vous souhaitez progresser plus rapidement, [&hellip;]","og_url":"https:\/\/klf.fr\/fr\/bordeaux\/cours-de-francais\/programme-standard-bordeaux\/","og_site_name":"Keep Learning French","article_modified_time":"2026-04-15T10:17:30+00:00","twitter_card":"summary_large_image","twitter_misc":{"Dur\u00e9e de lecture estim\u00e9e":"3 minutes"},"schema":{"@context":"https:\/\/schema.org","@graph":[{"@type":"WebPage","@id":"https:\/\/klf.fr\/fr\/bordeaux\/cours-de-francais\/programme-standard-bordeaux\/","url":"https:\/\/klf.fr\/fr\/bordeaux\/cours-de-francais\/programme-standard-bordeaux\/","name":"Programme standard \u00e0 Bordeaux - Keep Learning French","isPartOf":{"@id":"https:\/\/klf.fr\/fr\/#website"},"primaryImageOfPage":{"@id":"https:\/\/klf.fr\/fr\/bordeaux\/cours-de-francais\/programme-standard-bordeaux\/#primaryimage"},"image":{"@id":"https:\/\/klf.fr\/fr\/bordeaux\/cours-de-francais\/programme-standard-bordeaux\/#primaryimage"},"thumbnailUrl":"https:\/\/klf.fr\/wp-content\/uploads\/2024\/11\/01_KLF_BORDEAUX_236_websize.jpg","datePublished":"2025-01-23T16:25:49+00:00","dateModified":"2026-04-15T10:17:30+00:00","breadcrumb":{"@id":"https:\/\/klf.fr\/fr\/bordeaux\/cours-de-francais\/programme-standard-bordeaux\/#breadcrumb"},"inLanguage":"fr-FR","potentialAction":[{"@type":"ReadAction","target":["https:\/\/klf.fr\/fr\/bordeaux\/cours-de-francais\/programme-standard-bordeaux\/"]}]},{"@type":"ImageObject","inLanguage":"fr-FR","@id":"https:\/\/klf.fr\/fr\/bordeaux\/cours-de-francais\/programme-standard-bordeaux\/#primaryimage","url":"https:\/\/klf.fr\/wp-content\/uploads\/2024\/11\/01_KLF_BORDEAUX_236_websize.jpg","contentUrl":"https:\/\/klf.fr\/wp-content\/uploads\/2024\/11\/01_KLF_BORDEAUX_236_websize.jpg","width":2048,"height":1365,"caption":"Standard French courses in Bordeaux"},{"@type":"BreadcrumbList","@id":"https:\/\/klf.fr\/fr\/bordeaux\/cours-de-francais\/programme-standard-bordeaux\/#breadcrumb","itemListElement":[{"@type":"ListItem","position":1,"name":"Home","item":"https:\/\/klf.fr\/fr\/home-2\/"},{"@type":"ListItem","position":2,"name":"Apprendre le fran\u00e7ais \u00e0 Bordeaux","item":"https:\/\/klf.fr\/fr\/bordeaux\/"},{"@type":"ListItem","position":3,"name":"Cours de fran\u00e7ais \u00e0 Bordeaux","item":"https:\/\/klf.fr\/fr\/bordeaux\/cours-de-francais\/"},{"@type":"ListItem","position":4,"name":"Programme standard \u00e0 Bordeaux"}]},{"@type":"WebSite","@id":"https:\/\/klf.fr\/fr\/#website","url":"https:\/\/klf.fr\/fr\/","name":"Keep Learning French","description":"Groupe d&#039;\u00e9coles de FLE en France.","publisher":{"@id":"https:\/\/klf.fr\/fr\/#organization"},"potentialAction":[{"@type":"SearchAction","target":{"@type":"EntryPoint","urlTemplate":"https:\/\/klf.fr\/fr\/?s={search_term_string}"},"query-input":{"@type":"PropertyValueSpecification","valueRequired":true,"valueName":"search_term_string"}}],"inLanguage":"fr-FR"},{"@type":["Organization","Place"],"@id":"https:\/\/klf.fr\/fr\/#organization","name":"Keep Learning French","url":"https:\/\/klf.fr\/fr\/","logo":{"@id":"https:\/\/klf.fr\/fr\/bordeaux\/cours-de-francais\/programme-standard-bordeaux\/#local-main-organization-logo"},"image":{"@id":"https:\/\/klf.fr\/fr\/bordeaux\/cours-de-francais\/programme-standard-bordeaux\/#local-main-organization-logo"},"sameAs":["https:\/\/linkedin.com\/school\/keep-learning-french\/"],"telephone":[],"openingHoursSpecification":[{"@type":"OpeningHoursSpecification","dayOfWeek":["Monday","Tuesday","Wednesday","Thursday","Friday","Saturday","Sunday"],"opens":"09:00","closes":"17:00"}]},{"@type":"ImageObject","inLanguage":"fr-FR","@id":"https:\/\/klf.fr\/fr\/bordeaux\/cours-de-francais\/programme-standard-bordeaux\/#local-main-organization-logo","url":"https:\/\/klf.fr\/wp-content\/uploads\/2020\/09\/klf-favicon.png","contentUrl":"https:\/\/klf.fr\/wp-content\/uploads\/2020\/09\/klf-favicon.png","width":200,"height":200,"caption":"Keep Learning French"}]}},"_links":{"self":[{"href":"https:\/\/klf.fr\/fr\/wp-json\/wp\/v2\/pages\/31873","targetHints":{"allow":["GET"]}}],"collection":[{"href":"https:\/\/klf.fr\/fr\/wp-json\/wp\/v2\/pages"}],"about":[{"href":"https:\/\/klf.fr\/fr\/wp-json\/wp\/v2\/types\/page"}],"author":[{"embeddable":true,"href":"https:\/\/klf.fr\/fr\/wp-json\/wp\/v2\/users\/11"}],"replies":[{"embeddable":true,"href":"https:\/\/klf.fr\/fr\/wp-json\/wp\/v2\/comments?post=31873"}],"version-history":[{"count":0,"href":"https:\/\/klf.fr\/fr\/wp-json\/wp\/v2\/pages\/31873\/revisions"}],"up":[{"embeddable":true,"href":"https:\/\/klf.fr\/fr\/wp-json\/wp\/v2\/pages\/30937"}],"wp:featuredmedia":[{"embeddable":true,"href":"https:\/\/klf.fr\/fr\/wp-json\/wp\/v2\/media\/25158"}],"wp:attachment":[{"href":"https:\/\/klf.fr\/fr\/wp-json\/wp\/v2\/media?parent=31873"}],"wp:term":[{"taxonomy":"language-product","embeddable":true,"href":"https:\/\/klf.fr\/fr\/wp-json\/wp\/v2\/language-product?post=31873"},{"taxonomy":"type-product","embeddable":true,"href":"https:\/\/klf.fr\/fr\/wp-json\/wp\/v2\/type-product?post=31873"},{"taxonomy":"city-product","embeddable":true,"href":"https:\/\/klf.fr\/fr\/wp-json\/wp\/v2\/city-product?post=31873"},{"taxonomy":"course-category","embeddable":true,"href":"https:\/\/klf.fr\/fr\/wp-json\/wp\/v2\/course-category?post=31873"},{"taxonomy":"folder","embeddable":true,"href":"https:\/\/klf.fr\/fr\/wp-json\/wp\/v2\/folder?post=31873"}],"curies":[{"name":"wp","href":"https:\/\/api.w.org\/{rel}","templated":true}]}}