{"id":31852,"date":"2025-01-23T14:39:17","date_gmt":"2025-01-23T13:39:17","guid":{"rendered":"https:\/\/klf.fr\/annecy\/cours-francais-adultes\/beginners\/"},"modified":"2026-03-30T03:22:04","modified_gmt":"2026-03-30T01:22:04","slug":"debutants","status":"publish","type":"page","link":"https:\/\/klf.fr\/fr\/annecy\/cours-francais-adultes\/debutants\/","title":{"rendered":"Cours de fran\u00e7ais pour d\u00e9butants \u00e0 Annecy"},"content":{"rendered":"\t\t<div data-elementor-type=\"wp-page\" data-elementor-id=\"31852\" class=\"elementor elementor-31852 elementor-26745\" data-elementor-post-type=\"page\">\n\t\t\t\t<div class=\"elementor-element elementor-element-2a8f35e8 e-flex e-con-boxed e-con e-parent\" data-id=\"2a8f35e8\" data-element_type=\"container\" data-e-type=\"container\" data-settings=\"{&quot;ekit_has_onepagescroll_dot&quot;:&quot;yes&quot;}\">\n\t\t\t\t\t<div class=\"e-con-inner\">\n\t\t<div class=\"elementor-element elementor-element-1699f0a6 e-con-full e-flex e-con e-child\" data-id=\"1699f0a6\" data-element_type=\"container\" data-e-type=\"container\" data-settings=\"{&quot;ekit_has_onepagescroll_dot&quot;:&quot;yes&quot;}\">\n\t\t\t\t<div class=\"elementor-element elementor-element-6a0290bb elementor-widget elementor-widget-breadcrumbs\" data-id=\"6a0290bb\" data-element_type=\"widget\" data-e-type=\"widget\" data-settings=\"{&quot;ekit_we_effect_on&quot;:&quot;none&quot;}\" data-widget_type=\"breadcrumbs.default\">\n\t\t\t\t\t<p id=\"breadcrumbs\"><span><span><a href=\"https:\/\/klf.fr\/fr\/home-2\/\">Home<\/a><\/span><\/span><\/p>\t\t\t\t<\/div>\n\t\t<div class=\"elementor-element elementor-element-1c5ab8e0 e-con-full e-flex e-con e-child\" data-id=\"1c5ab8e0\" data-element_type=\"container\" data-e-type=\"container\" data-settings=\"{&quot;ekit_has_onepagescroll_dot&quot;:&quot;yes&quot;}\">\n\t\t<div class=\"elementor-element elementor-element-6b09e096 e-con-full e-flex e-con e-child\" data-id=\"6b09e096\" data-element_type=\"container\" data-e-type=\"container\" data-settings=\"{&quot;background_background&quot;:&quot;classic&quot;,&quot;ekit_has_onepagescroll_dot&quot;:&quot;yes&quot;}\">\n\t\t\t\t<div class=\"elementor-element elementor-element-5583880b elementor-widget elementor-widget-heading\" data-id=\"5583880b\" data-element_type=\"widget\" data-e-type=\"widget\" data-settings=\"{&quot;ekit_we_effect_on&quot;:&quot;none&quot;}\" data-widget_type=\"heading.default\">\n\t\t\t\t\t<h1 class=\"elementor-heading-title elementor-size-default\">Cours pour d\u00e9butants \u00e0 Annecy<\/h1>\t\t\t\t<\/div>\n\t\t\t\t<div class=\"elementor-element elementor-element-23e11204 elementor-widget elementor-widget-text-editor\" data-id=\"23e11204\" data-element_type=\"widget\" data-e-type=\"widget\" data-settings=\"{&quot;ekit_we_effect_on&quot;:&quot;none&quot;}\" data-widget_type=\"text-editor.default\">\n\t\t\t\t\t\t\t\t\t<p class=\"p1\">Que vous soyez compl\u00e8tement d\u00e9butant en fran\u00e7ais ou que vous n\u2019ayez qu\u2019une connaissance superficielle de la langue, notre cours pour d\u00e9butants est sp\u00e9cialement con\u00e7u pour vous permettre de d\u00e9velopper des bases solides en expression orale, compr\u00e9hension, lecture et \u00e9criture.<\/p>\t\t\t\t\t\t\t\t<\/div>\n\t\t\t\t<div class=\"elementor-element elementor-element-1be41c9f elementor-widget elementor-widget-button\" data-id=\"1be41c9f\" data-element_type=\"widget\" data-e-type=\"widget\" data-settings=\"{&quot;ekit_we_effect_on&quot;:&quot;none&quot;}\" data-widget_type=\"button.default\">\n\t\t\t\t\t\t\t\t\t\t<a class=\"elementor-button elementor-button-link elementor-size-sm\" href=\"https:\/\/cix3cixx3x3.typeform.com\/to\/NPYIjXud\">\n\t\t\t\t\t\t<span class=\"elementor-button-content-wrapper\">\n\t\t\t\t\t\t\t\t\t<span class=\"elementor-button-text\">Testez votre niveau de fran\u00e7ais<\/span>\n\t\t\t\t\t<\/span>\n\t\t\t\t\t<\/a>\n\t\t\t\t\t\t\t\t<\/div>\n\t\t\t\t<\/div>\n\t\t<div class=\"elementor-element elementor-element-7ea9cefb e-con-full e-flex e-con e-child\" data-id=\"7ea9cefb\" data-element_type=\"container\" data-e-type=\"container\" data-settings=\"{&quot;ekit_has_onepagescroll_dot&quot;:&quot;yes&quot;}\">\n\t\t<div class=\"elementor-element elementor-element-532a2c2b e-con-full e-flex e-con e-child\" data-id=\"532a2c2b\" data-element_type=\"container\" data-e-type=\"container\" data-settings=\"{&quot;ekit_has_onepagescroll_dot&quot;:&quot;yes&quot;}\">\n\t\t<div class=\"elementor-element elementor-element-4861ab65 e-con-full e-flex e-con e-child\" data-id=\"4861ab65\" data-element_type=\"container\" data-e-type=\"container\" data-settings=\"{&quot;ekit_has_onepagescroll_dot&quot;:&quot;yes&quot;}\">\n\t\t<div class=\"elementor-element elementor-element-516ae68 e-con-full e-flex e-con e-child\" data-id=\"516ae68\" data-element_type=\"container\" data-e-type=\"container\" data-settings=\"{&quot;ekit_has_onepagescroll_dot&quot;:&quot;yes&quot;}\">\n\t\t\t\t<div class=\"elementor-element elementor-element-6d2fc6e elementor-widget elementor-widget-heading\" data-id=\"6d2fc6e\" data-element_type=\"widget\" data-e-type=\"widget\" data-settings=\"{&quot;ekit_we_effect_on&quot;:&quot;none&quot;}\" data-widget_type=\"heading.default\">\n\t\t\t\t\t<h2 class=\"elementor-heading-title elementor-size-default\">\u00e0 partir de<\/h2>\t\t\t\t<\/div>\n\t\t\t\t<div class=\"elementor-element elementor-element-9c719cd elementor-widget elementor-widget-elementskit-heading\" data-id=\"9c719cd\" data-element_type=\"widget\" data-e-type=\"widget\" data-settings=\"{&quot;ekit_we_effect_on&quot;:&quot;none&quot;}\" data-widget_type=\"elementskit-heading.default\">\n\t\t\t\t\t<div class=\"ekit-wid-con\" ><div class=\"ekit-heading elementskit-section-title-wraper text_left   ekit_heading_tablet-   ekit_heading_mobile-\"><h2 class=\"ekit-heading--title elementskit-section-title \"><span><span>\u20ac49<\/span><\/span> \/ Module en ligne pour les d\u00e9butants<\/h2><\/div><\/div>\t\t\t\t<\/div>\n\t\t\t\t<div class=\"elementor-element elementor-element-3163f19a elementor-widget elementor-widget-heading\" data-id=\"3163f19a\" data-element_type=\"widget\" data-e-type=\"widget\" data-settings=\"{&quot;ekit_we_effect_on&quot;:&quot;none&quot;}\" data-widget_type=\"heading.default\">\n\t\t\t\t\t<h2 class=\"elementor-heading-title elementor-size-default\">Cours de fran\u00e7ais :<\/h2>\t\t\t\t<\/div>\n\t\t\t\t<div class=\"elementor-element elementor-element-12c607a3 elementor-align-start elementor-icon-list--layout-traditional elementor-list-item-link-full_width elementor-widget elementor-widget-icon-list\" data-id=\"12c607a3\" data-element_type=\"widget\" data-e-type=\"widget\" data-settings=\"{&quot;ekit_we_effect_on&quot;:&quot;none&quot;}\" data-widget_type=\"icon-list.default\">\n\t\t\t\t\t\t\t<ul class=\"elementor-icon-list-items\">\n\t\t\t\t\t\t\t<li class=\"elementor-icon-list-item\">\n\t\t\t\t\t\t\t\t\t\t\t<span class=\"elementor-icon-list-icon\">\n\t\t\t\t\t\t\t<i aria-hidden=\"true\" class=\"icon icon-book\"><\/i>\t\t\t\t\t\t<\/span>\n\t\t\t\t\t\t\t\t\t\t<span class=\"elementor-icon-list-text\">De 20 \u00e0 30 cours par semaine (45 minutes)<\/span>\n\t\t\t\t\t\t\t\t\t<\/li>\n\t\t\t\t\t\t\t\t<li class=\"elementor-icon-list-item\">\n\t\t\t\t\t\t\t\t\t\t\t<span class=\"elementor-icon-list-icon\">\n\t\t\t\t\t\t\t<i aria-hidden=\"true\" class=\"fas fa-level-up-alt\"><\/i>\t\t\t\t\t\t<\/span>\n\t\t\t\t\t\t\t\t\t\t<span class=\"elementor-icon-list-text\">\u00c0 partir de A0<\/span>\n\t\t\t\t\t\t\t\t\t<\/li>\n\t\t\t\t\t\t\t\t<li class=\"elementor-icon-list-item\">\n\t\t\t\t\t\t\t\t\t\t\t<span class=\"elementor-icon-list-icon\">\n\t\t\t\t\t\t\t<i aria-hidden=\"true\" class=\"fas fa-running\"><\/i>\t\t\t\t\t\t<\/span>\n\t\t\t\t\t\t\t\t\t\t<span class=\"elementor-icon-list-text\">Minimum Ages : 16<\/span>\n\t\t\t\t\t\t\t\t\t<\/li>\n\t\t\t\t\t\t<\/ul>\n\t\t\t\t\t\t<\/div>\n\t\t<div class=\"elementor-element elementor-element-28c6af1 e-con-full e-flex e-con e-child\" data-id=\"28c6af1\" data-element_type=\"container\" data-e-type=\"container\" data-settings=\"{&quot;ekit_has_onepagescroll_dot&quot;:&quot;yes&quot;}\">\n\t\t\t\t<div class=\"elementor-element elementor-element-72e1a72b elementor-widget elementor-widget-heading\" data-id=\"72e1a72b\" data-element_type=\"widget\" data-e-type=\"widget\" data-settings=\"{&quot;ekit_we_effect_on&quot;:&quot;none&quot;}\" data-widget_type=\"heading.default\">\n\t\t\t\t\t<h2 class=\"elementor-heading-title elementor-size-default\">Dates de d\u00e9but :<\/h2>\t\t\t\t<\/div>\n\t\t\t\t<div class=\"elementor-element elementor-element-1e12bfd elementor-widget elementor-widget-text-editor\" data-id=\"1e12bfd\" data-element_type=\"widget\" data-e-type=\"widget\" data-settings=\"{&quot;ekit_we_effect_on&quot;:&quot;none&quot;}\" data-widget_type=\"text-editor.default\">\n\t\t\t\t\t\t\t\t\t<p><strong>&#8211; 5 janvier 2026<\/strong><br><strong>&#8211; 2 mars 2026<\/strong><br><strong> &#8211; 27 avril 20256<\/strong><br><strong>&#8211; 29 juin 2026<\/strong><br><strong> &#8211; 3 ao\u00fbt 2026<\/strong><br><strong>&#8211; 31 ao\u00fbt 2026<\/strong><br><strong>&#8211; 26 octobre 2026<\/strong><\/p>\t\t\t\t\t\t\t\t<\/div>\n\t\t<div class=\"elementor-element elementor-element-630a4424 e-con-full e-flex e-con e-child\" data-id=\"630a4424\" data-element_type=\"container\" data-e-type=\"container\" data-settings=\"{&quot;ekit_has_onepagescroll_dot&quot;:&quot;yes&quot;}\">\n\t\t\t\t<div class=\"elementor-element elementor-element-175fb570 elementor-align-center elementor-widget elementor-widget-elementskit-button\" data-id=\"175fb570\" data-element_type=\"widget\" data-e-type=\"widget\" data-settings=\"{&quot;ekit_we_effect_on&quot;:&quot;none&quot;}\" data-widget_type=\"elementskit-button.default\">\n\t\t\t\t\t<div class=\"ekit-wid-con\" >\t\t<div class=\"ekit-btn-wraper\">\n\t\t\t\t\t\t\t<a href=\"https:\/\/klf.fr\/annecy\/french-courses-in-annecy-booking\/\" target=\"_blank\" class=\"elementskit-btn  whitespace--normal\" id=\"\">\n\t\t\t\t\tR\u00e9server\t\t\t\t<\/a>\n\t\t\t\t\t<\/div>\n        <\/div>\t\t\t\t<\/div>\n\t\t\t\t<\/div>\n\t\t\t\t<\/div>\n\t\t\t\t<\/div>\n\t\t\t\t<\/div>\n\t\t\t\t<\/div>\n\t\t\t\t<\/div>\n\t\t\t\t<\/div>\n\t\t\t\t<\/div>\n\t\t\t\t\t<\/div>\n\t\t\t\t<\/div>\n\t\t<div class=\"elementor-element elementor-element-5314945f e-flex e-con-boxed e-con e-parent\" data-id=\"5314945f\" data-element_type=\"container\" data-e-type=\"container\" data-settings=\"{&quot;ekit_has_onepagescroll_dot&quot;:&quot;yes&quot;}\">\n\t\t\t\t\t<div class=\"e-con-inner\">\n\t\t<div class=\"elementor-element elementor-element-54b771a0 e-con-full e-flex e-con e-child\" data-id=\"54b771a0\" data-element_type=\"container\" data-e-type=\"container\" data-settings=\"{&quot;ekit_has_onepagescroll_dot&quot;:&quot;yes&quot;}\">\n\t\t\t\t<div class=\"elementor-element elementor-element-6394a0c1 elementor-widget elementor-widget-heading\" data-id=\"6394a0c1\" data-element_type=\"widget\" data-e-type=\"widget\" data-settings=\"{&quot;ekit_we_effect_on&quot;:&quot;none&quot;}\" data-widget_type=\"heading.default\">\n\t\t\t\t\t<h2 class=\"elementor-heading-title elementor-size-default\">Cours de fran\u00e7ais pour d\u00e9butants<\/h2>\t\t\t\t<\/div>\n\t\t\t\t<div class=\"elementor-element elementor-element-22600418 elementor-widget elementor-widget-heading\" data-id=\"22600418\" data-element_type=\"widget\" data-e-type=\"widget\" data-settings=\"{&quot;ekit_we_effect_on&quot;:&quot;none&quot;}\" data-widget_type=\"heading.default\">\n\t\t\t\t\t<h2 class=\"elementor-heading-title elementor-size-default\"> Votre premier pas vers la fluidit\u00e9<\/h2>\t\t\t\t<\/div>\n\t\t\t\t<div class=\"elementor-element elementor-element-5d82426d elementor-widget elementor-widget-text-editor\" data-id=\"5d82426d\" data-element_type=\"widget\" data-e-type=\"widget\" data-settings=\"{&quot;ekit_we_effect_on&quot;:&quot;none&quot;}\" data-widget_type=\"text-editor.default\">\n\t\t\t\t\t\t\t\t\t<div class=\"relative big-container mx-auto py-20\"><div class=\"container mx-auto pt-[30px] pb-8 relative z-20 px-4 md:px-0\"><div class=\"sm:pt-5 pt-[15px] text-white md:w-4\/5\"><p class=\"p1\">\u00c0 notre \u00e9cole de fran\u00e7ais \u00e0 Annecy, nous savons qu\u2019apprendre une nouvelle langue peut repr\u00e9senter un v\u00e9ritable d\u00e9fi. C\u2019est pourquoi nos cours pour d\u00e9butants sont pens\u00e9s pour rendre l\u2019apprentissage \u00e0 la fois ludique, interactif et motivant. Avec l\u2019accompagnement de nos enseignants qualifi\u00e9s, des classes \u00e0 effectifs r\u00e9duits et de nombreuses occasions de pratique, vous gagnerez en confiance tout en progressant dans vos comp\u00e9tences linguistiques.  <\/p><\/div><\/div><\/div>\t\t\t\t\t\t\t\t<\/div>\n\t\t\t\t<div class=\"elementor-element elementor-element-5ae70449 elementor-widget elementor-widget-heading\" data-id=\"5ae70449\" data-element_type=\"widget\" data-e-type=\"widget\" data-settings=\"{&quot;ekit_we_effect_on&quot;:&quot;none&quot;}\" data-widget_type=\"heading.default\">\n\t\t\t\t\t<p class=\"elementor-heading-title elementor-size-default\">Objectifs :<\/p>\t\t\t\t<\/div>\n\t\t\t\t<div class=\"elementor-element elementor-element-7467b85 elementor-icon-list--layout-traditional elementor-list-item-link-full_width elementor-widget elementor-widget-icon-list\" data-id=\"7467b85\" data-element_type=\"widget\" data-e-type=\"widget\" data-settings=\"{&quot;ekit_we_effect_on&quot;:&quot;none&quot;}\" data-widget_type=\"icon-list.default\">\n\t\t\t\t\t\t\t<ul class=\"elementor-icon-list-items\">\n\t\t\t\t\t\t\t<li class=\"elementor-icon-list-item\">\n\t\t\t\t\t\t\t\t\t\t\t<span class=\"elementor-icon-list-icon\">\n\t\t\t\t\t\t\t<i aria-hidden=\"true\" class=\"far fa-check-square\"><\/i>\t\t\t\t\t\t<\/span>\n\t\t\t\t\t\t\t\t\t\t<span class=\"elementor-icon-list-text\">Des dates de d\u00e9but flexibles : Commencez votre cours aux dates pr\u00e9vues ou jusqu'\u00e0 2 ou 3 semaines plus tard gr\u00e2ce \u00e0 notre programme de pr\u00e9paration en ligne.<\/span>\n\t\t\t\t\t\t\t\t\t<\/li>\n\t\t\t\t\t\t\t\t<li class=\"elementor-icon-list-item\">\n\t\t\t\t\t\t\t\t\t\t\t<span class=\"elementor-icon-list-icon\">\n\t\t\t\t\t\t\t<i aria-hidden=\"true\" class=\"far fa-check-square\"><\/i>\t\t\t\t\t\t<\/span>\n\t\t\t\t\t\t\t\t\t\t<span class=\"elementor-icon-list-text\">Des outils interactifs et amusants : Plongez dans les le\u00e7ons \u00e0 l'aide d'images, de fichiers audio, de PDF t\u00e9l\u00e9chargeables et d'exercices autocorrectifs faciles.<\/span>\n\t\t\t\t\t\t\t\t\t<\/li>\n\t\t\t\t\t\t\t\t<li class=\"elementor-icon-list-item\">\n\t\t\t\t\t\t\t\t\t\t\t<span class=\"elementor-icon-list-icon\">\n\t\t\t\t\t\t\t<i aria-hidden=\"true\" class=\"far fa-check-square\"><\/i>\t\t\t\t\t\t<\/span>\n\t\t\t\t\t\t\t\t\t\t<span class=\"elementor-icon-list-text\">Suivez vos progr\u00e8s : Une \u00e9valuation finale vous permet de voir o\u00f9 vous en \u00eates et ce que vous avez accompli.<\/span>\n\t\t\t\t\t\t\t\t\t<\/li>\n\t\t\t\t\t\t\t\t<li class=\"elementor-icon-list-item\">\n\t\t\t\t\t\t\t\t\t\t\t<span class=\"elementor-icon-list-icon\">\n\t\t\t\t\t\t\t<i aria-hidden=\"true\" class=\"far fa-check-square\"><\/i>\t\t\t\t\t\t<\/span>\n\t\t\t\t\t\t\t\t\t\t<span class=\"elementor-icon-list-text\">Acc\u00e8s en ligne pendant 1 mois : L'acc\u00e8s illimit\u00e9 \u00e0 la plateforme vous permet de continuer \u00e0 am\u00e9liorer votre fran\u00e7ais, m\u00eame en dehors de la salle de classe.<\/span>\n\t\t\t\t\t\t\t\t\t<\/li>\n\t\t\t\t\t\t\t\t<li class=\"elementor-icon-list-item\">\n\t\t\t\t\t\t\t\t\t\t\t<span class=\"elementor-icon-list-icon\">\n\t\t\t\t\t\t\t<i aria-hidden=\"true\" class=\"far fa-check-square\"><\/i>\t\t\t\t\t\t<\/span>\n\t\t\t\t\t\t\t\t\t\t<span class=\"elementor-icon-list-text\">Comp\u00e9tences en fran\u00e7ais pour la vie quotidienne : Des le\u00e7ons pratiques pens\u00e9es pour vous aider \u00e0 parler fran\u00e7ais avec aisance, que ce soit dans des situations quotidiennes ou professionnelles.<\/span>\n\t\t\t\t\t\t\t\t\t<\/li>\n\t\t\t\t\t\t\t\t<li class=\"elementor-icon-list-item\">\n\t\t\t\t\t\t\t\t\t\t\t<span class=\"elementor-icon-list-icon\">\n\t\t\t\t\t\t\t<i aria-hidden=\"true\" class=\"far fa-check-square\"><\/i>\t\t\t\t\t\t<\/span>\n\t\t\t\t\t\t\t\t\t\t<span class=\"elementor-icon-list-text\">Comp\u00e9tences en fran\u00e7ais pour la vie quotidienne : Des le\u00e7ons pratiques pens\u00e9es pour vous aider \u00e0 parler fran\u00e7ais avec aisance, que ce soit dans des situations quotidiennes ou professionnelles.<\/span>\n\t\t\t\t\t\t\t\t\t<\/li>\n\t\t\t\t\t\t<\/ul>\n\t\t\t\t\t\t<\/div>\n\t\t\t\t<div class=\"elementor-element elementor-element-7334c3d elementor-widget elementor-widget-heading\" data-id=\"7334c3d\" data-element_type=\"widget\" data-e-type=\"widget\" data-settings=\"{&quot;ekit_we_effect_on&quot;:&quot;none&quot;}\" data-widget_type=\"heading.default\">\n\t\t\t\t\t<p class=\"elementor-heading-title elementor-size-default\">Qu'est-ce que vous allez apprendre :<\/p>\t\t\t\t<\/div>\n\t\t\t\t<div class=\"elementor-element elementor-element-32cc41d elementor-icon-list--layout-traditional elementor-list-item-link-full_width elementor-widget elementor-widget-icon-list\" data-id=\"32cc41d\" data-element_type=\"widget\" data-e-type=\"widget\" data-settings=\"{&quot;ekit_we_effect_on&quot;:&quot;none&quot;}\" data-widget_type=\"icon-list.default\">\n\t\t\t\t\t\t\t<ul class=\"elementor-icon-list-items\">\n\t\t\t\t\t\t\t<li class=\"elementor-icon-list-item\">\n\t\t\t\t\t\t\t\t\t\t\t<span class=\"elementor-icon-list-icon\">\n\t\t\t\t\t\t\t<i aria-hidden=\"true\" class=\"fas fa-arrow-right\"><\/i>\t\t\t\t\t\t<\/span>\n\t\t\t\t\t\t\t\t\t\t<span class=\"elementor-icon-list-text\"><b>Vocabulaire et grammaire essentiels : <\/b> Construisez votre arsenal linguistique pour g\u00e9rer des situations du quotidien comme les pr\u00e9sentations, les achats ou les sorties au restaurant.<\/span>\n\t\t\t\t\t\t\t\t\t<\/li>\n\t\t\t\t\t\t\t\t<li class=\"elementor-icon-list-item\">\n\t\t\t\t\t\t\t\t\t\t\t<span class=\"elementor-icon-list-icon\">\n\t\t\t\t\t\t\t<i aria-hidden=\"true\" class=\"fas fa-arrow-right\"><\/i>\t\t\t\t\t\t<\/span>\n\t\t\t\t\t\t\t\t\t\t<span class=\"elementor-icon-list-text\"><b>Pratique de la prononciation :<\/b> Parlez en toute confiance gr\u00e2ce aux conseils d'un expert sur la prononciation correcte.<\/span>\n\t\t\t\t\t\t\t\t\t<\/li>\n\t\t\t\t\t\t\t\t<li class=\"elementor-icon-list-item\">\n\t\t\t\t\t\t\t\t\t\t\t<span class=\"elementor-icon-list-icon\">\n\t\t\t\t\t\t\t<i aria-hidden=\"true\" class=\"fas fa-arrow-right\"><\/i>\t\t\t\t\t\t<\/span>\n\t\t\t\t\t\t\t\t\t\t<span class=\"elementor-icon-list-text\"><b>Comp\u00e9tences en conversation : <\/b> Acqu\u00e9rez des aptitudes pratiques \u00e0 l\u2019oral pour \u00e9changer facilement avec les locaux et vos camarades de classe.<\/span>\n\t\t\t\t\t\t\t\t\t<\/li>\n\t\t\t\t\t\t\t\t<li class=\"elementor-icon-list-item\">\n\t\t\t\t\t\t\t\t\t\t\t<span class=\"elementor-icon-list-icon\">\n\t\t\t\t\t\t\t<i aria-hidden=\"true\" class=\"fas fa-arrow-right\"><\/i>\t\t\t\t\t\t<\/span>\n\t\t\t\t\t\t\t\t\t\t<span class=\"elementor-icon-list-text\"><b>Connaissance de la culture :<\/b> approfondir la compr\u00e9hension des traditions, de l'\u00e9tiquette et du mode de vie fran\u00e7ais.<\/span>\n\t\t\t\t\t\t\t\t\t<\/li>\n\t\t\t\t\t\t<\/ul>\n\t\t\t\t\t\t<\/div>\n\t\t\t\t<div class=\"elementor-element elementor-element-6e88dd16 elementor-widget elementor-widget-heading\" data-id=\"6e88dd16\" data-element_type=\"widget\" data-e-type=\"widget\" data-settings=\"{&quot;ekit_we_effect_on&quot;:&quot;none&quot;}\" data-widget_type=\"heading.default\">\n\t\t\t\t\t<p class=\"elementor-heading-title elementor-size-default\">Plus d'informations <\/p>\t\t\t\t<\/div>\n\t\t\t\t<div class=\"elementor-element elementor-element-39c1ee7 elementor-widget__width-inherit elementor-invisible elementor-widget elementor-widget-eael-adv-accordion\" data-id=\"39c1ee7\" data-element_type=\"widget\" data-e-type=\"widget\" data-settings=\"{&quot;_animation&quot;:&quot;fadeInRight&quot;,&quot;ekit_we_effect_on&quot;:&quot;none&quot;}\" data-widget_type=\"eael-adv-accordion.default\">\n\t\t\t\t\t            <div class=\"eael-adv-accordion\" id=\"eael-adv-accordion-39c1ee7\" data-scroll-on-click=\"no\" data-scroll-speed=\"300\" data-accordion-id=\"39c1ee7\" data-accordion-type=\"accordion\" data-toogle-speed=\"300\">\n            <div class=\"eael-accordion-list\">\n\t\t\t\t\t<div id=\"que-comprend-le-cours-de-franais-pour-dbutants-\" class=\"elementor-tab-title eael-accordion-header\" tabindex=\"0\" data-tab=\"1\" aria-controls=\"elementor-tab-content-6051\"><span class=\"eael-accordion-tab-title\">Que comprend le cours de fran\u00e7ais pour d\u00e9butants ?<\/span><span class=\"eael-advanced-accordion-icon-closed\"><i aria-hidden=\"true\" class=\"fa-accordion-icon fas fa-plus\"><\/i><\/span><span class=\"eael-advanced-accordion-icon-opened\"><i aria-hidden=\"true\" class=\"fa-accordion-icon fas fa-minus\"><\/i><\/span><\/div><div id=\"elementor-tab-content-6051\" class=\"eael-accordion-content clearfix\" data-tab=\"1\" aria-labelledby=\"que-comprend-le-cours-de-franais-pour-dbutants-\"><p class=\"p1\">Unsere Kurse beinhalten :<\/p>\n<p class=\"p2\">\u2022\u00c9tude personnelle pour soutenir votre cours.<\/p>\n<p class=\"p2\">Acc\u00e8s \u00e0 une plateforme d&rsquo;apprentissage en ligne comprenant 8 modules interactifs couvrant la grammaire, le vocabulaire, la phon\u00e9tique et la communication.<\/p>\n<p class=\"p2\">-PDF t\u00e9l\u00e9chargeables, audioguides et exercices autocorrectifs.<\/p>\n<p class=\"p2\">-Une \u00e9valuation finale pour mesurer vos progr\u00e8s.<\/p>\n<\/div>\n\t\t\t\t\t<\/div><div class=\"eael-accordion-list\">\n\t\t\t\t\t<div id=\"puis-je-minscrire-au-cours-si-je-manque-la-date-de-dbut-\" class=\"elementor-tab-title eael-accordion-header\" tabindex=\"0\" data-tab=\"2\" aria-controls=\"elementor-tab-content-6052\"><span class=\"eael-accordion-tab-title\">Puis-je m'inscrire au cours si je manque la date de d\u00e9but ?<\/span><span class=\"eael-advanced-accordion-icon-closed\"><i aria-hidden=\"true\" class=\"fa-accordion-icon fas fa-plus\"><\/i><\/span><span class=\"eael-advanced-accordion-icon-opened\"><i aria-hidden=\"true\" class=\"fa-accordion-icon fas fa-minus\"><\/i><\/span><\/div><div id=\"elementor-tab-content-6052\" class=\"eael-accordion-content clearfix\" data-tab=\"2\" aria-labelledby=\"puis-je-minscrire-au-cours-si-je-manque-la-date-de-dbut-\"><p class=\"p1\">Oui, gr\u00e2ce \u00e0 nos dates de d\u00e9but flexibles, vous pouvez vous inscrire jusqu\u2019\u00e0 2 ou 3 semaines apr\u00e8s le lancement. Notre programme de pr\u00e9paration en ligne vous permettra de rester \u00e0 jour avec le contenu du cours. <\/p>\n<\/div>\n\t\t\t\t\t<\/div><div class=\"eael-accordion-list\">\n\t\t\t\t\t<div id=\"-comment-fonctionne-la-plate-forme-dapprentissage-en-ligne-\" class=\"elementor-tab-title eael-accordion-header\" tabindex=\"0\" data-tab=\"3\" aria-controls=\"elementor-tab-content-6053\"><span class=\"eael-accordion-tab-title\"> Comment fonctionne la plate-forme d'apprentissage en ligne ?<\/span><span class=\"eael-advanced-accordion-icon-closed\"><i aria-hidden=\"true\" class=\"fa-accordion-icon fas fa-plus\"><\/i><\/span><span class=\"eael-advanced-accordion-icon-opened\"><i aria-hidden=\"true\" class=\"fa-accordion-icon fas fa-minus\"><\/i><\/span><\/div><div id=\"elementor-tab-content-6053\" class=\"eael-accordion-content clearfix\" data-tab=\"3\" aria-labelledby=\"-comment-fonctionne-la-plate-forme-dapprentissage-en-ligne-\"><p class=\"p1\">Notre plateforme d\u2019apprentissage en ligne, accessible depuis un ordinateur de bureau ou une application mobile, propose des le\u00e7ons interactives avec supports visuels et audio, des ressources t\u00e9l\u00e9chargeables et des exercices autocorrectifs. De plus, vous profitez d\u2019un acc\u00e8s illimit\u00e9 pendant un mois pour poursuivre votre entra\u00eenement en dehors des cours.  <\/p>\n<\/div>\n\t\t\t\t\t<\/div><div class=\"eael-accordion-list\">\n\t\t\t\t\t<div id=\"serai-je-capable-de-communiquer-en-franais-aprs-le-cours-pour-dbutants-\" class=\"elementor-tab-title eael-accordion-header\" tabindex=\"0\" data-tab=\"4\" aria-controls=\"elementor-tab-content-6054\"><span class=\"eael-accordion-tab-title\">Serai-je capable de communiquer en fran\u00e7ais apr\u00e8s le cours pour d\u00e9butants ?<\/span><span class=\"eael-advanced-accordion-icon-closed\"><i aria-hidden=\"true\" class=\"fa-accordion-icon fas fa-plus\"><\/i><\/span><span class=\"eael-advanced-accordion-icon-opened\"><i aria-hidden=\"true\" class=\"fa-accordion-icon fas fa-minus\"><\/i><\/span><\/div><div id=\"elementor-tab-content-6054\" class=\"eael-accordion-content clearfix\" data-tab=\"4\" aria-labelledby=\"serai-je-capable-de-communiquer-en-franais-aprs-le-cours-pour-dbutants-\"><p class=\"p1\">Oui ! Nos cours sont sp\u00e9cialement con\u00e7us pour permettre aux d\u00e9butants de gagner rapidement en assurance dans l\u2019utilisation du fran\u00e7ais, que ce soit dans des situations quotidiennes ou professionnelles. <\/p>\n<\/div>\n\t\t\t\t\t<\/div><div class=\"eael-accordion-list\">\n\t\t\t\t\t<div id=\"-y-a-t-il-une-certification-la-fin-du-cours-de-franais-pour-dbutants-\" class=\"elementor-tab-title eael-accordion-header active-default\" tabindex=\"0\" data-tab=\"5\" aria-controls=\"elementor-tab-content-6055\"><span class=\"eael-accordion-tab-title\"> Y a-t-il une certification \u00e0 la fin du cours de fran\u00e7ais pour d\u00e9butants ?<\/span><span class=\"eael-advanced-accordion-icon-closed\"><i aria-hidden=\"true\" class=\"fa-accordion-icon fas fa-plus\"><\/i><\/span><span class=\"eael-advanced-accordion-icon-opened\"><i aria-hidden=\"true\" class=\"fa-accordion-icon fas fa-minus\"><\/i><\/span><\/div><div id=\"elementor-tab-content-6055\" class=\"eael-accordion-content clearfix active-default\" data-tab=\"5\" aria-labelledby=\"-y-a-t-il-une-certification-la-fin-du-cours-de-franais-pour-dbutants-\"><p class=\"p1\">Oui, vous avez la possibilit\u00e9 de passer un examen final pour \u00e9valuer vos progr\u00e8s. De plus, vous pouvez \u00e9galement vous inscrire \u00e0 des examens reconnus, tels que le TCF ou le TEF, afin d\u2019obtenir une certification officielle. <\/p>\n<\/div>\n\t\t\t\t\t<\/div><\/div>\t\t\t\t<\/div>\n\t\t<div class=\"elementor-element elementor-element-3b57e028 e-con-full e-flex e-con e-child\" data-id=\"3b57e028\" data-element_type=\"container\" data-e-type=\"container\" data-settings=\"{&quot;ekit_has_onepagescroll_dot&quot;:&quot;yes&quot;}\">\n\t\t\t\t<div class=\"elementor-element elementor-element-7bf953a2 elementor-widget elementor-widget-heading\" data-id=\"7bf953a2\" data-element_type=\"widget\" data-e-type=\"widget\" data-settings=\"{&quot;ekit_we_effect_on&quot;:&quot;none&quot;}\" data-widget_type=\"heading.default\">\n\t\t\t\t\t<p class=\"elementor-heading-title elementor-size-default\">Avez-vous une question ?<\/p>\t\t\t\t<\/div>\n\t\t\t\t<div class=\"elementor-element elementor-element-549deb3 elementor-widget elementor-widget-hubspot-form\" data-id=\"549deb3\" data-element_type=\"widget\" data-e-type=\"widget\" data-settings=\"{&quot;ekit_we_effect_on&quot;:&quot;none&quot;}\" data-widget_type=\"hubspot-form.default\">\n\t\t\t\t<div class=\"elementor-widget-container\">\n\t\t\t\t\t\n\t\t\t\t\t\t<script>\n\t\t\t\t\t\t\twindow.hsFormsOnReady = window.hsFormsOnReady || [];\n\t\t\t\t\t\t\twindow.hsFormsOnReady.push(()=>{\n\t\t\t\t\t\t\t\thbspt.forms.create({\n\t\t\t\t\t\t\t\t\tportalId: 2851295,\n\t\t\t\t\t\t\t\t\tformId: \"957e4d45-ebf6-41da-a37a-ef7a4ac60f42\",\n\t\t\t\t\t\t\t\t\ttarget: \"#hbspt-form-1777579176000-2262209896\",\n\t\t\t\t\t\t\t\t\tregion: \"na1\",\n\t\t\t\t\t\t\t\t\t\n\t\t\t\t\t\t\t})});\n\t\t\t\t\t\t<\/script>\n\t\t\t\t\t\t<div class=\"hbspt-form\" id=\"hbspt-form-1777579176000-2262209896\"><\/div>\t\t\t\t<\/div>\n\t\t\t\t<\/div>\n\t\t\t\t<\/div>\n\t\t\t\t<\/div>\n\t\t\t\t\t<\/div>\n\t\t\t\t<\/div>\n\t\t\t\t<\/div>\n\t\t","protected":false},"excerpt":{"rendered":"<p>Cours pour d\u00e9butants \u00e0 Annecy Que vous soyez compl\u00e8tement d\u00e9butant en fran\u00e7ais ou que vous n\u2019ayez qu\u2019une connaissance superficielle de la langue, notre cours pour d\u00e9butants est sp\u00e9cialement con\u00e7u pour vous permettre de d\u00e9velopper des bases solides en expression orale, compr\u00e9hension, lecture et \u00e9criture. Testez votre niveau de fran\u00e7ais \u00e0 partir de \u20ac49 \/ Module [&hellip;]<\/p>\n","protected":false},"author":15,"featured_media":25097,"parent":30818,"menu_order":8,"comment_status":"closed","ping_status":"closed","template":"elementor_header_footer","meta":{"content-type":"","footnotes":""},"language-product":[],"type-product":[205],"city-product":[200],"course-category":[],"folder":[],"class_list":["post-31852","page","type-page","status-publish","has-post-thumbnail","hentry","type-product-general-courses","city-product-annecy"],"yoast_head":"<!-- This site is optimized with the Yoast SEO Premium plugin v27.4 (Yoast SEO v27.4) - https:\/\/yoast.com\/product\/yoast-seo-premium-wordpress\/ -->\n<title>Cours de fran\u00e7ais pour d\u00e9butants \u00e0 Annecy - Keep Learning French<\/title>\n<meta name=\"robots\" content=\"index, follow, max-snippet:-1, max-image-preview:large, max-video-preview:-1\" \/>\n<link rel=\"canonical\" href=\"https:\/\/klf.fr\/fr\/annecy\/cours-francais-adultes\/debutants\/\" \/>\n<meta property=\"og:locale\" content=\"fr_FR\" \/>\n<meta property=\"og:type\" content=\"article\" \/>\n<meta property=\"og:title\" content=\"Cours de fran\u00e7ais pour d\u00e9butants \u00e0 Annecy\" \/>\n<meta property=\"og:description\" content=\"Cours pour d\u00e9butants \u00e0 Annecy Que vous soyez compl\u00e8tement d\u00e9butant en fran\u00e7ais ou que vous n\u2019ayez qu\u2019une connaissance superficielle de la langue, notre cours pour d\u00e9butants est sp\u00e9cialement con\u00e7u pour vous permettre de d\u00e9velopper des bases solides en expression orale, compr\u00e9hension, lecture et \u00e9criture. Testez votre niveau de fran\u00e7ais \u00e0 partir de \u20ac49 \/ Module [&hellip;]\" \/>\n<meta property=\"og:url\" content=\"https:\/\/klf.fr\/fr\/annecy\/cours-francais-adultes\/debutants\/\" \/>\n<meta property=\"og:site_name\" content=\"Keep Learning French\" \/>\n<meta property=\"article:modified_time\" content=\"2026-03-30T01:22:04+00:00\" \/>\n<meta property=\"og:image\" content=\"https:\/\/klf.fr\/wp-content\/uploads\/2024\/11\/9P7A9380-min.jpg\" \/>\n\t<meta property=\"og:image:width\" content=\"1200\" \/>\n\t<meta property=\"og:image:height\" content=\"800\" \/>\n\t<meta property=\"og:image:type\" content=\"image\/jpeg\" \/>\n<meta name=\"twitter:card\" content=\"summary_large_image\" \/>\n<meta name=\"twitter:label1\" content=\"Dur\u00e9e de lecture estim\u00e9e\" \/>\n\t<meta name=\"twitter:data1\" content=\"4 minutes\" \/>\n<script type=\"application\/ld+json\" class=\"yoast-schema-graph\">{\"@context\":\"https:\\\/\\\/schema.org\",\"@graph\":[{\"@type\":\"WebPage\",\"@id\":\"https:\\\/\\\/klf.fr\\\/fr\\\/annecy\\\/cours-francais-adultes\\\/debutants\\\/\",\"url\":\"https:\\\/\\\/klf.fr\\\/fr\\\/annecy\\\/cours-francais-adultes\\\/debutants\\\/\",\"name\":\"Cours de fran\u00e7ais pour d\u00e9butants \u00e0 Annecy - Keep Learning French\",\"isPartOf\":{\"@id\":\"https:\\\/\\\/klf.fr\\\/fr\\\/#website\"},\"primaryImageOfPage\":{\"@id\":\"https:\\\/\\\/klf.fr\\\/fr\\\/annecy\\\/cours-francais-adultes\\\/debutants\\\/#primaryimage\"},\"image\":{\"@id\":\"https:\\\/\\\/klf.fr\\\/fr\\\/annecy\\\/cours-francais-adultes\\\/debutants\\\/#primaryimage\"},\"thumbnailUrl\":\"https:\\\/\\\/klf.fr\\\/wp-content\\\/uploads\\\/2024\\\/11\\\/9P7A9380-min.jpg\",\"datePublished\":\"2025-01-23T13:39:17+00:00\",\"dateModified\":\"2026-03-30T01:22:04+00:00\",\"breadcrumb\":{\"@id\":\"https:\\\/\\\/klf.fr\\\/fr\\\/annecy\\\/cours-francais-adultes\\\/debutants\\\/#breadcrumb\"},\"inLanguage\":\"fr-FR\",\"potentialAction\":[{\"@type\":\"ReadAction\",\"target\":[\"https:\\\/\\\/klf.fr\\\/fr\\\/annecy\\\/cours-francais-adultes\\\/debutants\\\/\"]}]},{\"@type\":\"ImageObject\",\"inLanguage\":\"fr-FR\",\"@id\":\"https:\\\/\\\/klf.fr\\\/fr\\\/annecy\\\/cours-francais-adultes\\\/debutants\\\/#primaryimage\",\"url\":\"https:\\\/\\\/klf.fr\\\/wp-content\\\/uploads\\\/2024\\\/11\\\/9P7A9380-min.jpg\",\"contentUrl\":\"https:\\\/\\\/klf.fr\\\/wp-content\\\/uploads\\\/2024\\\/11\\\/9P7A9380-min.jpg\",\"width\":1200,\"height\":800,\"caption\":\"French courses for Beginers in Ifalpes Annecy\"},{\"@type\":\"BreadcrumbList\",\"@id\":\"https:\\\/\\\/klf.fr\\\/fr\\\/annecy\\\/cours-francais-adultes\\\/debutants\\\/#breadcrumb\",\"itemListElement\":[{\"@type\":\"ListItem\",\"position\":1,\"name\":\"Home\",\"item\":\"https:\\\/\\\/klf.fr\\\/fr\\\/home-2\\\/\"},{\"@type\":\"ListItem\",\"position\":2,\"name\":\"Apprendre le fran\u00e7ais \u00e0 Annecy\",\"item\":\"https:\\\/\\\/klf.fr\\\/fr\\\/annecy\\\/\"},{\"@type\":\"ListItem\",\"position\":3,\"name\":\"Cours de fran\u00e7ais pour les adultes &#8211; Annecy\",\"item\":\"https:\\\/\\\/klf.fr\\\/fr\\\/annecy\\\/cours-francais-adultes\\\/\"},{\"@type\":\"ListItem\",\"position\":4,\"name\":\"Cours de fran\u00e7ais pour d\u00e9butants \u00e0 Annecy\"}]},{\"@type\":\"WebSite\",\"@id\":\"https:\\\/\\\/klf.fr\\\/fr\\\/#website\",\"url\":\"https:\\\/\\\/klf.fr\\\/fr\\\/\",\"name\":\"Keep Learning French\",\"description\":\"Groupe d&#039;\u00e9coles de FLE en France.\",\"publisher\":{\"@id\":\"https:\\\/\\\/klf.fr\\\/fr\\\/#organization\"},\"potentialAction\":[{\"@type\":\"SearchAction\",\"target\":{\"@type\":\"EntryPoint\",\"urlTemplate\":\"https:\\\/\\\/klf.fr\\\/fr\\\/?s={search_term_string}\"},\"query-input\":{\"@type\":\"PropertyValueSpecification\",\"valueRequired\":true,\"valueName\":\"search_term_string\"}}],\"inLanguage\":\"fr-FR\"},{\"@type\":[\"Organization\",\"Place\"],\"@id\":\"https:\\\/\\\/klf.fr\\\/fr\\\/#organization\",\"name\":\"Keep Learning French\",\"url\":\"https:\\\/\\\/klf.fr\\\/fr\\\/\",\"logo\":{\"@id\":\"https:\\\/\\\/klf.fr\\\/fr\\\/annecy\\\/cours-francais-adultes\\\/debutants\\\/#local-main-organization-logo\"},\"image\":{\"@id\":\"https:\\\/\\\/klf.fr\\\/fr\\\/annecy\\\/cours-francais-adultes\\\/debutants\\\/#local-main-organization-logo\"},\"sameAs\":[\"https:\\\/\\\/linkedin.com\\\/school\\\/keep-learning-french\\\/\"],\"telephone\":[],\"openingHoursSpecification\":[{\"@type\":\"OpeningHoursSpecification\",\"dayOfWeek\":[\"Monday\",\"Tuesday\",\"Wednesday\",\"Thursday\",\"Friday\",\"Saturday\",\"Sunday\"],\"opens\":\"09:00\",\"closes\":\"17:00\"}]},{\"@type\":\"ImageObject\",\"inLanguage\":\"fr-FR\",\"@id\":\"https:\\\/\\\/klf.fr\\\/fr\\\/annecy\\\/cours-francais-adultes\\\/debutants\\\/#local-main-organization-logo\",\"url\":\"https:\\\/\\\/klf.fr\\\/wp-content\\\/uploads\\\/2020\\\/09\\\/klf-favicon.png\",\"contentUrl\":\"https:\\\/\\\/klf.fr\\\/wp-content\\\/uploads\\\/2020\\\/09\\\/klf-favicon.png\",\"width\":200,\"height\":200,\"caption\":\"Keep Learning French\"}]}<\/script>\n<!-- \/ Yoast SEO Premium plugin. -->","yoast_head_json":{"title":"Cours de fran\u00e7ais pour d\u00e9butants \u00e0 Annecy - Keep Learning French","robots":{"index":"index","follow":"follow","max-snippet":"max-snippet:-1","max-image-preview":"max-image-preview:large","max-video-preview":"max-video-preview:-1"},"canonical":"https:\/\/klf.fr\/fr\/annecy\/cours-francais-adultes\/debutants\/","og_locale":"fr_FR","og_type":"article","og_title":"Cours de fran\u00e7ais pour d\u00e9butants \u00e0 Annecy","og_description":"Cours pour d\u00e9butants \u00e0 Annecy Que vous soyez compl\u00e8tement d\u00e9butant en fran\u00e7ais ou que vous n\u2019ayez qu\u2019une connaissance superficielle de la langue, notre cours pour d\u00e9butants est sp\u00e9cialement con\u00e7u pour vous permettre de d\u00e9velopper des bases solides en expression orale, compr\u00e9hension, lecture et \u00e9criture. Testez votre niveau de fran\u00e7ais \u00e0 partir de \u20ac49 \/ Module [&hellip;]","og_url":"https:\/\/klf.fr\/fr\/annecy\/cours-francais-adultes\/debutants\/","og_site_name":"Keep Learning French","article_modified_time":"2026-03-30T01:22:04+00:00","og_image":[{"width":1200,"height":800,"url":"https:\/\/klf.fr\/wp-content\/uploads\/2024\/11\/9P7A9380-min.jpg","type":"image\/jpeg"}],"twitter_card":"summary_large_image","twitter_misc":{"Dur\u00e9e de lecture estim\u00e9e":"4 minutes"},"schema":{"@context":"https:\/\/schema.org","@graph":[{"@type":"WebPage","@id":"https:\/\/klf.fr\/fr\/annecy\/cours-francais-adultes\/debutants\/","url":"https:\/\/klf.fr\/fr\/annecy\/cours-francais-adultes\/debutants\/","name":"Cours de fran\u00e7ais pour d\u00e9butants \u00e0 Annecy - Keep Learning French","isPartOf":{"@id":"https:\/\/klf.fr\/fr\/#website"},"primaryImageOfPage":{"@id":"https:\/\/klf.fr\/fr\/annecy\/cours-francais-adultes\/debutants\/#primaryimage"},"image":{"@id":"https:\/\/klf.fr\/fr\/annecy\/cours-francais-adultes\/debutants\/#primaryimage"},"thumbnailUrl":"https:\/\/klf.fr\/wp-content\/uploads\/2024\/11\/9P7A9380-min.jpg","datePublished":"2025-01-23T13:39:17+00:00","dateModified":"2026-03-30T01:22:04+00:00","breadcrumb":{"@id":"https:\/\/klf.fr\/fr\/annecy\/cours-francais-adultes\/debutants\/#breadcrumb"},"inLanguage":"fr-FR","potentialAction":[{"@type":"ReadAction","target":["https:\/\/klf.fr\/fr\/annecy\/cours-francais-adultes\/debutants\/"]}]},{"@type":"ImageObject","inLanguage":"fr-FR","@id":"https:\/\/klf.fr\/fr\/annecy\/cours-francais-adultes\/debutants\/#primaryimage","url":"https:\/\/klf.fr\/wp-content\/uploads\/2024\/11\/9P7A9380-min.jpg","contentUrl":"https:\/\/klf.fr\/wp-content\/uploads\/2024\/11\/9P7A9380-min.jpg","width":1200,"height":800,"caption":"French courses for Beginers in Ifalpes Annecy"},{"@type":"BreadcrumbList","@id":"https:\/\/klf.fr\/fr\/annecy\/cours-francais-adultes\/debutants\/#breadcrumb","itemListElement":[{"@type":"ListItem","position":1,"name":"Home","item":"https:\/\/klf.fr\/fr\/home-2\/"},{"@type":"ListItem","position":2,"name":"Apprendre le fran\u00e7ais \u00e0 Annecy","item":"https:\/\/klf.fr\/fr\/annecy\/"},{"@type":"ListItem","position":3,"name":"Cours de fran\u00e7ais pour les adultes &#8211; Annecy","item":"https:\/\/klf.fr\/fr\/annecy\/cours-francais-adultes\/"},{"@type":"ListItem","position":4,"name":"Cours de fran\u00e7ais pour d\u00e9butants \u00e0 Annecy"}]},{"@type":"WebSite","@id":"https:\/\/klf.fr\/fr\/#website","url":"https:\/\/klf.fr\/fr\/","name":"Keep Learning French","description":"Groupe d&#039;\u00e9coles de FLE en France.","publisher":{"@id":"https:\/\/klf.fr\/fr\/#organization"},"potentialAction":[{"@type":"SearchAction","target":{"@type":"EntryPoint","urlTemplate":"https:\/\/klf.fr\/fr\/?s={search_term_string}"},"query-input":{"@type":"PropertyValueSpecification","valueRequired":true,"valueName":"search_term_string"}}],"inLanguage":"fr-FR"},{"@type":["Organization","Place"],"@id":"https:\/\/klf.fr\/fr\/#organization","name":"Keep Learning French","url":"https:\/\/klf.fr\/fr\/","logo":{"@id":"https:\/\/klf.fr\/fr\/annecy\/cours-francais-adultes\/debutants\/#local-main-organization-logo"},"image":{"@id":"https:\/\/klf.fr\/fr\/annecy\/cours-francais-adultes\/debutants\/#local-main-organization-logo"},"sameAs":["https:\/\/linkedin.com\/school\/keep-learning-french\/"],"telephone":[],"openingHoursSpecification":[{"@type":"OpeningHoursSpecification","dayOfWeek":["Monday","Tuesday","Wednesday","Thursday","Friday","Saturday","Sunday"],"opens":"09:00","closes":"17:00"}]},{"@type":"ImageObject","inLanguage":"fr-FR","@id":"https:\/\/klf.fr\/fr\/annecy\/cours-francais-adultes\/debutants\/#local-main-organization-logo","url":"https:\/\/klf.fr\/wp-content\/uploads\/2020\/09\/klf-favicon.png","contentUrl":"https:\/\/klf.fr\/wp-content\/uploads\/2020\/09\/klf-favicon.png","width":200,"height":200,"caption":"Keep Learning French"}]}},"_links":{"self":[{"href":"https:\/\/klf.fr\/fr\/wp-json\/wp\/v2\/pages\/31852","targetHints":{"allow":["GET"]}}],"collection":[{"href":"https:\/\/klf.fr\/fr\/wp-json\/wp\/v2\/pages"}],"about":[{"href":"https:\/\/klf.fr\/fr\/wp-json\/wp\/v2\/types\/page"}],"author":[{"embeddable":true,"href":"https:\/\/klf.fr\/fr\/wp-json\/wp\/v2\/users\/15"}],"replies":[{"embeddable":true,"href":"https:\/\/klf.fr\/fr\/wp-json\/wp\/v2\/comments?post=31852"}],"version-history":[{"count":0,"href":"https:\/\/klf.fr\/fr\/wp-json\/wp\/v2\/pages\/31852\/revisions"}],"up":[{"embeddable":true,"href":"https:\/\/klf.fr\/fr\/wp-json\/wp\/v2\/pages\/30818"}],"wp:featuredmedia":[{"embeddable":true,"href":"https:\/\/klf.fr\/fr\/wp-json\/wp\/v2\/media\/25097"}],"wp:attachment":[{"href":"https:\/\/klf.fr\/fr\/wp-json\/wp\/v2\/media?parent=31852"}],"wp:term":[{"taxonomy":"language-product","embeddable":true,"href":"https:\/\/klf.fr\/fr\/wp-json\/wp\/v2\/language-product?post=31852"},{"taxonomy":"type-product","embeddable":true,"href":"https:\/\/klf.fr\/fr\/wp-json\/wp\/v2\/type-product?post=31852"},{"taxonomy":"city-product","embeddable":true,"href":"https:\/\/klf.fr\/fr\/wp-json\/wp\/v2\/city-product?post=31852"},{"taxonomy":"course-category","embeddable":true,"href":"https:\/\/klf.fr\/fr\/wp-json\/wp\/v2\/course-category?post=31852"},{"taxonomy":"folder","embeddable":true,"href":"https:\/\/klf.fr\/fr\/wp-json\/wp\/v2\/folder?post=31852"}],"curies":[{"name":"wp","href":"https:\/\/api.w.org\/{rel}","templated":true}]}}