{"id":31822,"date":"2025-01-23T12:13:06","date_gmt":"2025-01-23T11:13:06","guid":{"rendered":"https:\/\/klf.fr\/annecy\/cours-francais-adultes\/french-premium-course\/"},"modified":"2026-03-30T03:21:09","modified_gmt":"2026-03-30T01:21:09","slug":"cours-francais-premium","status":"publish","type":"page","link":"https:\/\/klf.fr\/fr\/annecy\/cours-francais-adultes\/cours-francais-premium\/","title":{"rendered":"Cours de fran\u00e7ais intensif Premium"},"content":{"rendered":"\t\t<div data-elementor-type=\"wp-page\" data-elementor-id=\"31822\" class=\"elementor elementor-31822 elementor-21876\" data-elementor-post-type=\"page\">\n\t\t\t\t<div class=\"elementor-element elementor-element-1306dfd2 e-flex e-con-boxed e-con e-parent\" data-id=\"1306dfd2\" data-element_type=\"container\" data-e-type=\"container\" data-settings=\"{&quot;ekit_has_onepagescroll_dot&quot;:&quot;yes&quot;}\">\n\t\t\t\t\t<div class=\"e-con-inner\">\n\t\t<div class=\"elementor-element elementor-element-51ee80e2 e-con-full e-flex e-con e-child\" data-id=\"51ee80e2\" data-element_type=\"container\" data-e-type=\"container\" data-settings=\"{&quot;ekit_has_onepagescroll_dot&quot;:&quot;yes&quot;}\">\n\t\t\t\t<div class=\"elementor-element elementor-element-38c4bba9 elementor-widget elementor-widget-breadcrumbs\" data-id=\"38c4bba9\" data-element_type=\"widget\" data-e-type=\"widget\" data-settings=\"{&quot;ekit_we_effect_on&quot;:&quot;none&quot;}\" data-widget_type=\"breadcrumbs.default\">\n\t\t\t\t\t<p id=\"breadcrumbs\"><span><span><a href=\"https:\/\/klf.fr\/fr\/home-2\/\">Home<\/a><\/span><\/span><\/p>\t\t\t\t<\/div>\n\t\t<div class=\"elementor-element elementor-element-d7f7d6a e-con-full e-flex e-con e-child\" data-id=\"d7f7d6a\" data-element_type=\"container\" data-e-type=\"container\" data-settings=\"{&quot;ekit_has_onepagescroll_dot&quot;:&quot;yes&quot;}\">\n\t\t<div class=\"elementor-element elementor-element-3e6c067 e-con-full e-flex e-con e-child\" data-id=\"3e6c067\" data-element_type=\"container\" data-e-type=\"container\" data-settings=\"{&quot;background_background&quot;:&quot;classic&quot;,&quot;ekit_has_onepagescroll_dot&quot;:&quot;yes&quot;}\">\n\t\t\t\t<div class=\"elementor-element elementor-element-3661b47c elementor-widget elementor-widget-heading\" data-id=\"3661b47c\" data-element_type=\"widget\" data-e-type=\"widget\" data-settings=\"{&quot;ekit_we_effect_on&quot;:&quot;none&quot;}\" data-widget_type=\"heading.default\">\n\t\t\t\t\t<h1 class=\"elementor-heading-title elementor-size-default\">Cours de fran\u00e7ais intensif Premium<\/h1>\t\t\t\t<\/div>\n\t\t\t\t<div class=\"elementor-element elementor-element-68faab9c elementor-widget elementor-widget-text-editor\" data-id=\"68faab9c\" data-element_type=\"widget\" data-e-type=\"widget\" data-settings=\"{&quot;ekit_we_effect_on&quot;:&quot;none&quot;}\" data-widget_type=\"text-editor.default\">\n\t\t\t\t\t\t\t\t\t<p>Le cours intensif de fran\u00e7ais Premium offre 26 le\u00e7ons en groupes internationaux, favorisant les \u00e9changes avec des camarades de divers horizons tout en suivant un programme structur\u00e9. En compl\u00e9ment, vous b\u00e9n\u00e9ficierez de quatre le\u00e7ons individuelles par semaine avec un professeur d\u00e9di\u00e9, adapt\u00e9es \u00e0 vos besoins sp\u00e9cifiques. Cette approche combin\u00e9e vous permet de travailler sur des domaines pr\u00e9cis, qu\u2019il s\u2019agisse de perfectionner votre grammaire, d\u2019enrichir votre vocabulaire ou de d\u00e9velopper votre aisance g\u00e9n\u00e9rale.  <\/p>\t\t\t\t\t\t\t\t<\/div>\n\t\t\t\t<div class=\"elementor-element elementor-element-124449f5 elementor-widget elementor-widget-button\" data-id=\"124449f5\" data-element_type=\"widget\" data-e-type=\"widget\" data-settings=\"{&quot;ekit_we_effect_on&quot;:&quot;none&quot;}\" data-widget_type=\"button.default\">\n\t\t\t\t\t\t\t\t\t\t<a class=\"elementor-button elementor-button-link elementor-size-sm\" href=\"https:\/\/cix3cixx3x3.typeform.com\/to\/NPYIjXud\">\n\t\t\t\t\t\t<span class=\"elementor-button-content-wrapper\">\n\t\t\t\t\t\t\t\t\t<span class=\"elementor-button-text\">Testez votre niveau de fran\u00e7ais<\/span>\n\t\t\t\t\t<\/span>\n\t\t\t\t\t<\/a>\n\t\t\t\t\t\t\t\t<\/div>\n\t\t\t\t<\/div>\n\t\t<div class=\"elementor-element elementor-element-67fa1434 e-con-full e-flex e-con e-child\" data-id=\"67fa1434\" data-element_type=\"container\" data-e-type=\"container\" data-settings=\"{&quot;ekit_has_onepagescroll_dot&quot;:&quot;yes&quot;}\">\n\t\t<div class=\"elementor-element elementor-element-3e765fb e-con-full e-flex e-con e-child\" data-id=\"3e765fb\" data-element_type=\"container\" data-e-type=\"container\" data-settings=\"{&quot;ekit_has_onepagescroll_dot&quot;:&quot;yes&quot;}\">\n\t\t<div class=\"elementor-element elementor-element-33b3763a e-con-full e-flex e-con e-child\" data-id=\"33b3763a\" data-element_type=\"container\" data-e-type=\"container\" data-settings=\"{&quot;ekit_has_onepagescroll_dot&quot;:&quot;yes&quot;}\">\n\t\t<div class=\"elementor-element elementor-element-5d7c79bf e-con-full e-flex e-con e-child\" data-id=\"5d7c79bf\" data-element_type=\"container\" data-e-type=\"container\" data-settings=\"{&quot;ekit_has_onepagescroll_dot&quot;:&quot;yes&quot;}\">\n\t\t\t\t<div class=\"elementor-element elementor-element-ab67f61 elementor-widget elementor-widget-heading\" data-id=\"ab67f61\" data-element_type=\"widget\" data-e-type=\"widget\" data-settings=\"{&quot;ekit_we_effect_on&quot;:&quot;none&quot;}\" data-widget_type=\"heading.default\">\n\t\t\t\t\t<h2 class=\"elementor-heading-title elementor-size-default\">\u00e0 partir de<\/h2>\t\t\t\t<\/div>\n\t\t\t\t<div class=\"elementor-element elementor-element-545ccef8 elementor-widget elementor-widget-elementskit-heading\" data-id=\"545ccef8\" data-element_type=\"widget\" data-e-type=\"widget\" data-settings=\"{&quot;ekit_we_effect_on&quot;:&quot;none&quot;}\" data-widget_type=\"elementskit-heading.default\">\n\t\t\t\t\t<div class=\"ekit-wid-con\" ><div class=\"ekit-heading elementskit-section-title-wraper text_left   ekit_heading_tablet-   ekit_heading_mobile-\"><h2 class=\"ekit-heading--title elementskit-section-title \"><span><span>\u20ac505<\/span><\/span> \/ Semaine<\/h2><\/div><\/div>\t\t\t\t<\/div>\n\t\t\t\t<div class=\"elementor-element elementor-element-24ca08d3 elementor-widget elementor-widget-heading\" data-id=\"24ca08d3\" data-element_type=\"widget\" data-e-type=\"widget\" data-settings=\"{&quot;ekit_we_effect_on&quot;:&quot;none&quot;}\" data-widget_type=\"heading.default\">\n\t\t\t\t\t<h2 class=\"elementor-heading-title elementor-size-default\">Comprend :<\/h2>\t\t\t\t<\/div>\n\t\t\t\t<div class=\"elementor-element elementor-element-8609ae5 elementor-align-start elementor-icon-list--layout-traditional elementor-list-item-link-full_width elementor-widget elementor-widget-icon-list\" data-id=\"8609ae5\" data-element_type=\"widget\" data-e-type=\"widget\" data-settings=\"{&quot;ekit_we_effect_on&quot;:&quot;none&quot;}\" data-widget_type=\"icon-list.default\">\n\t\t\t\t\t\t\t<ul class=\"elementor-icon-list-items\">\n\t\t\t\t\t\t\t<li class=\"elementor-icon-list-item\">\n\t\t\t\t\t\t\t\t\t\t\t<span class=\"elementor-icon-list-icon\">\n\t\t\t\t\t\t\t<i aria-hidden=\"true\" class=\"icon icon-book\"><\/i>\t\t\t\t\t\t<\/span>\n\t\t\t\t\t\t\t\t\t\t<span class=\"elementor-icon-list-text\">Le\u00e7ons\/semaine : 26 en groupe + 4 priv\u00e9es (45 minutes chacune)<\/span>\n\t\t\t\t\t\t\t\t\t<\/li>\n\t\t\t\t\t\t\t\t<li class=\"elementor-icon-list-item\">\n\t\t\t\t\t\t\t\t\t\t\t<span class=\"elementor-icon-list-icon\">\n\t\t\t\t\t\t\t<i aria-hidden=\"true\" class=\"far fa-user\"><\/i>\t\t\t\t\t\t<\/span>\n\t\t\t\t\t\t\t\t\t\t<span class=\"elementor-icon-list-text\">\u00c9l\u00e8ves\/classe : 8-14 (Moyenne 8)<\/span>\n\t\t\t\t\t\t\t\t\t<\/li>\n\t\t\t\t\t\t\t\t<li class=\"elementor-icon-list-item\">\n\t\t\t\t\t\t\t\t\t\t\t<span class=\"elementor-icon-list-icon\">\n\t\t\t\t\t\t\t<i aria-hidden=\"true\" class=\"fas fa-level-up-alt\"><\/i>\t\t\t\t\t\t<\/span>\n\t\t\t\t\t\t\t\t\t\t<span class=\"elementor-icon-list-text\">A0 - C1<\/span>\n\t\t\t\t\t\t\t\t\t<\/li>\n\t\t\t\t\t\t\t\t<li class=\"elementor-icon-list-item\">\n\t\t\t\t\t\t\t\t\t\t\t<span class=\"elementor-icon-list-icon\">\n\t\t\t\t\t\t\t<i aria-hidden=\"true\" class=\"fas fa-running\"><\/i>\t\t\t\t\t\t<\/span>\n\t\t\t\t\t\t\t\t\t\t<span class=\"elementor-icon-list-text\">\u00c2ge minimum : 16<\/span>\n\t\t\t\t\t\t\t\t\t<\/li>\n\t\t\t\t\t\t\t\t<li class=\"elementor-icon-list-item\">\n\t\t\t\t\t\t\t\t\t\t\t<span class=\"elementor-icon-list-icon\">\n\t\t\t\t\t\t\t<i aria-hidden=\"true\" class=\"far fa-calendar-alt\"><\/i>\t\t\t\t\t\t<\/span>\n\t\t\t\t\t\t\t\t\t\t<span class=\"elementor-icon-list-text\">D\u00e9but de cours chaque lundi<\/span>\n\t\t\t\t\t\t\t\t\t<\/li>\n\t\t\t\t\t\t\t\t<li class=\"elementor-icon-list-item\">\n\t\t\t\t\t\t\t\t\t\t\t<span class=\"elementor-icon-list-icon\">\n\t\t\t\t\t\t\t<i aria-hidden=\"true\" class=\"far fa-calendar-check\"><\/i>\t\t\t\t\t\t<\/span>\n\t\t\t\t\t\t\t\t\t\t<span class=\"elementor-icon-list-text\"> Dates sp\u00e9cifiques pour les d\u00e9butants<\/span>\n\t\t\t\t\t\t\t\t\t<\/li>\n\t\t\t\t\t\t<\/ul>\n\t\t\t\t\t\t<\/div>\n\t\t<div class=\"elementor-element elementor-element-7809dc19 e-con-full e-flex e-con e-child\" data-id=\"7809dc19\" data-element_type=\"container\" data-e-type=\"container\" data-settings=\"{&quot;ekit_has_onepagescroll_dot&quot;:&quot;yes&quot;}\">\n\t\t\t\t<div class=\"elementor-element elementor-element-1f942570 elementor-widget elementor-widget-heading\" data-id=\"1f942570\" data-element_type=\"widget\" data-e-type=\"widget\" data-settings=\"{&quot;ekit_we_effect_on&quot;:&quot;none&quot;}\" data-widget_type=\"heading.default\">\n\t\t\t\t\t<h2 class=\"elementor-heading-title elementor-size-default\">Inclus :<\/h2>\t\t\t\t<\/div>\n\t\t\t\t<div class=\"elementor-element elementor-element-e7106ad elementor-align-start elementor-icon-list--layout-traditional elementor-list-item-link-full_width elementor-widget elementor-widget-icon-list\" data-id=\"e7106ad\" data-element_type=\"widget\" data-e-type=\"widget\" data-settings=\"{&quot;ekit_we_effect_on&quot;:&quot;none&quot;}\" data-widget_type=\"icon-list.default\">\n\t\t\t\t\t\t\t<ul class=\"elementor-icon-list-items\">\n\t\t\t\t\t\t\t<li class=\"elementor-icon-list-item\">\n\t\t\t\t\t\t\t\t\t\t\t<span class=\"elementor-icon-list-icon\">\n\t\t\t\t\t\t\t<i aria-hidden=\"true\" class=\"far fa-address-card\"><\/i>\t\t\t\t\t\t<\/span>\n\t\t\t\t\t\t\t\t\t\t<span class=\"elementor-icon-list-text\">Test d'\u00e9valuation<\/span>\n\t\t\t\t\t\t\t\t\t<\/li>\n\t\t\t\t\t\t\t\t<li class=\"elementor-icon-list-item\">\n\t\t\t\t\t\t\t\t\t\t\t<span class=\"elementor-icon-list-icon\">\n\t\t\t\t\t\t\t<i aria-hidden=\"true\" class=\"fas fa-book\"><\/i>\t\t\t\t\t\t<\/span>\n\t\t\t\t\t\t\t\t\t\t<span class=\"elementor-icon-list-text\">Road-Book KLF<\/span>\n\t\t\t\t\t\t\t\t\t<\/li>\n\t\t\t\t\t\t\t\t<li class=\"elementor-icon-list-item\">\n\t\t\t\t\t\t\t\t\t\t\t<span class=\"elementor-icon-list-icon\">\n\t\t\t\t\t\t\t<i aria-hidden=\"true\" class=\"icon icon-construction\"><\/i>\t\t\t\t\t\t<\/span>\n\t\t\t\t\t\t\t\t\t\t<span class=\"elementor-icon-list-text\">Ateliers<\/span>\n\t\t\t\t\t\t\t\t\t<\/li>\n\t\t\t\t\t\t\t\t<li class=\"elementor-icon-list-item\">\n\t\t\t\t\t\t\t\t\t\t\t<span class=\"elementor-icon-list-icon\">\n\t\t\t\t\t\t\t<i aria-hidden=\"true\" class=\"fas fa-hands-helping\"><\/i>\t\t\t\t\t\t<\/span>\n\t\t\t\t\t\t\t\t\t\t<span class=\"elementor-icon-list-text\">Pack de bienvenue<\/span>\n\t\t\t\t\t\t\t\t\t<\/li>\n\t\t\t\t\t\t\t\t<li class=\"elementor-icon-list-item\">\n\t\t\t\t\t\t\t\t\t\t\t<span class=\"elementor-icon-list-icon\">\n\t\t\t\t\t\t\t<i aria-hidden=\"true\" class=\"fas fa-chalkboard-teacher\"><\/i>\t\t\t\t\t\t<\/span>\n\t\t\t\t\t\t\t\t\t\t<span class=\"elementor-icon-list-text\">Tutorat hebdomadaire<\/span>\n\t\t\t\t\t\t\t\t\t<\/li>\n\t\t\t\t\t\t<\/ul>\n\t\t\t\t\t\t<\/div>\n\t\t<div class=\"elementor-element elementor-element-75d0c45 e-con-full e-flex e-con e-child\" data-id=\"75d0c45\" data-element_type=\"container\" data-e-type=\"container\" data-settings=\"{&quot;ekit_has_onepagescroll_dot&quot;:&quot;yes&quot;}\">\n\t\t\t\t<div class=\"elementor-element elementor-element-10b9fa57 elementor-align-center elementor-widget elementor-widget-elementskit-button\" data-id=\"10b9fa57\" data-element_type=\"widget\" data-e-type=\"widget\" data-settings=\"{&quot;ekit_we_effect_on&quot;:&quot;none&quot;}\" data-widget_type=\"elementskit-button.default\">\n\t\t\t\t\t<div class=\"ekit-wid-con\" >\t\t<div class=\"ekit-btn-wraper\">\n\t\t\t\t\t\t\t<a href=\"https:\/\/klf.fr\/annecy\/french-courses-in-annecy-booking\/\" target=\"_blank\" class=\"elementskit-btn  whitespace--normal\" id=\"\">\n\t\t\t\t\tR\u00e9server\t\t\t\t<\/a>\n\t\t\t\t\t<\/div>\n        <\/div>\t\t\t\t<\/div>\n\t\t\t\t<\/div>\n\t\t\t\t<\/div>\n\t\t\t\t<\/div>\n\t\t\t\t<\/div>\n\t\t\t\t<\/div>\n\t\t\t\t<\/div>\n\t\t\t\t<\/div>\n\t\t\t\t<\/div>\n\t\t\t\t\t<\/div>\n\t\t\t\t<\/div>\n\t\t<div class=\"elementor-element elementor-element-799db369 e-flex e-con-boxed e-con e-parent\" data-id=\"799db369\" data-element_type=\"container\" data-e-type=\"container\" data-settings=\"{&quot;ekit_has_onepagescroll_dot&quot;:&quot;yes&quot;}\">\n\t\t\t\t\t<div class=\"e-con-inner\">\n\t\t<div class=\"elementor-element elementor-element-4bc0b0cb e-con-full e-flex e-con e-child\" data-id=\"4bc0b0cb\" data-element_type=\"container\" data-e-type=\"container\" data-settings=\"{&quot;ekit_has_onepagescroll_dot&quot;:&quot;yes&quot;}\">\n\t\t\t\t<div class=\"elementor-element elementor-element-58bf74f6 elementor-widget elementor-widget-heading\" data-id=\"58bf74f6\" data-element_type=\"widget\" data-e-type=\"widget\" data-settings=\"{&quot;ekit_we_effect_on&quot;:&quot;none&quot;}\" data-widget_type=\"heading.default\">\n\t\t\t\t\t<h2 class=\"elementor-heading-title elementor-size-default\">Cours de fran\u00e7ais intensif Premium<\/h2>\t\t\t\t<\/div>\n\t\t\t\t<div class=\"elementor-element elementor-element-523e712b elementor-widget elementor-widget-heading\" data-id=\"523e712b\" data-element_type=\"widget\" data-e-type=\"widget\" data-settings=\"{&quot;ekit_we_effect_on&quot;:&quot;none&quot;}\" data-widget_type=\"heading.default\">\n\t\t\t\t\t<h2 class=\"elementor-heading-title elementor-size-default\">Programme de fran\u00e7ais sur mesure<\/h2>\t\t\t\t<\/div>\n\t\t\t\t<div class=\"elementor-element elementor-element-438003d7 elementor-widget elementor-widget-text-editor\" data-id=\"438003d7\" data-element_type=\"widget\" data-e-type=\"widget\" data-settings=\"{&quot;ekit_we_effect_on&quot;:&quot;none&quot;}\" data-widget_type=\"text-editor.default\">\n\t\t\t\t\t\t\t\t\t<div class=\"relative big-container mx-auto py-20\"><div class=\"container mx-auto pt-[30px] pb-8 relative z-20 px-4 md:px-0\"><div class=\"sm:pt-5 pt-[15px] text-white md:w-4\/5\"><div class=\"elementor-element elementor-element-41a54e58 elementor-widget elementor-widget-eael-dual-color-header\" data-id=\"41a54e58\" data-element_type=\"widget\" data-settings=\"{\"ekit_we_effect_on\":\"none\"}\" data-widget_type=\"eael-dual-color-header.default\"><div class=\"eael-dual-header\"><p>Le cours Intensif Premium est id\u00e9al pour ceux qui appr\u00e9cient l\u2019\u00e9nergie dynamique d\u2019un apprentissage en groupe tout en souhaitant b\u00e9n\u00e9ficier d\u2019un accompagnement personnalis\u00e9. Avec 26 le\u00e7ons en groupes internationaux, vous progresserez aux c\u00f4t\u00e9s de vos camarades tout en partageant une exp\u00e9rience enrichissante. \u00c0 cela s\u2019ajoutent quatre le\u00e7ons priv\u00e9es chaque semaine, con\u00e7ues pour r\u00e9pondre pr\u00e9cis\u00e9ment \u00e0 vos besoins, qu\u2019il s\u2019agisse de perfectionner votre phon\u00e9tique, d\u2019am\u00e9liorer votre grammaire ou de vous concentrer sur d\u2019autres aspects sp\u00e9cifiques de votre apprentissage du fran\u00e7ais. Cette formule offre un \u00e9quilibre parfait entre interaction collective et attention individualis\u00e9e pour une progression optimale.   <\/p><\/div><\/div><div class=\"elementor-element elementor-element-113a87ad elementor-widget elementor-widget-heading\" data-id=\"113a87ad\" data-element_type=\"widget\" data-settings=\"{\"ekit_we_effect_on\":\"none\"}\" data-widget_type=\"heading.default\"> <\/div><\/div><\/div><\/div>\t\t\t\t\t\t\t\t<\/div>\n\t\t\t\t<div class=\"elementor-element elementor-element-4587dac4 elementor-widget elementor-widget-heading\" data-id=\"4587dac4\" data-element_type=\"widget\" data-e-type=\"widget\" data-settings=\"{&quot;ekit_we_effect_on&quot;:&quot;none&quot;}\" data-widget_type=\"heading.default\">\n\t\t\t\t\t<p class=\"elementor-heading-title elementor-size-default\">Objectifs :<\/p>\t\t\t\t<\/div>\n\t\t\t\t<div class=\"elementor-element elementor-element-ba1c33a elementor-icon-list--layout-traditional elementor-list-item-link-full_width elementor-widget elementor-widget-icon-list\" data-id=\"ba1c33a\" data-element_type=\"widget\" data-e-type=\"widget\" data-settings=\"{&quot;ekit_we_effect_on&quot;:&quot;none&quot;}\" data-widget_type=\"icon-list.default\">\n\t\t\t\t\t\t\t<ul class=\"elementor-icon-list-items\">\n\t\t\t\t\t\t\t<li class=\"elementor-icon-list-item\">\n\t\t\t\t\t\t\t\t\t\t\t<span class=\"elementor-icon-list-icon\">\n\t\t\t\t\t\t\t<i aria-hidden=\"true\" class=\"far fa-check-square\"><\/i>\t\t\t\t\t\t<\/span>\n\t\t\t\t\t\t\t\t\t\t<span class=\"elementor-icon-list-text\">Am\u00e9liorer votre capacit\u00e9 \u00e0 vous exprimer clairement et avec assurance<\/span>\n\t\t\t\t\t\t\t\t\t<\/li>\n\t\t\t\t\t\t\t\t<li class=\"elementor-icon-list-item\">\n\t\t\t\t\t\t\t\t\t\t\t<span class=\"elementor-icon-list-icon\">\n\t\t\t\t\t\t\t<i aria-hidden=\"true\" class=\"far fa-check-square\"><\/i>\t\t\t\t\t\t<\/span>\n\t\t\t\t\t\t\t\t\t\t<span class=\"elementor-icon-list-text\">Se concentrer sur les d\u00e9fis sp\u00e9cifiques de la prononciation pour d\u00e9velopper un fran\u00e7ais plus naturel et plus pr\u00e9cis.<\/span>\n\t\t\t\t\t\t\t\t\t<\/li>\n\t\t\t\t\t\t\t\t<li class=\"elementor-icon-list-item\">\n\t\t\t\t\t\t\t\t\t\t\t<span class=\"elementor-icon-list-icon\">\n\t\t\t\t\t\t\t<i aria-hidden=\"true\" class=\"far fa-check-square\"><\/i>\t\t\t\t\t\t<\/span>\n\t\t\t\t\t\t\t\t\t\t<span class=\"elementor-icon-list-text\">Mieux comprendre les r\u00e8gles et les structures de la grammaire fran\u00e7aise<\/span>\n\t\t\t\t\t\t\t\t\t<\/li>\n\t\t\t\t\t\t\t\t<li class=\"elementor-icon-list-item\">\n\t\t\t\t\t\t\t\t\t\t\t<span class=\"elementor-icon-list-icon\">\n\t\t\t\t\t\t\t<i aria-hidden=\"true\" class=\"far fa-check-square\"><\/i>\t\t\t\t\t\t<\/span>\n\t\t\t\t\t\t\t\t\t\t<span class=\"elementor-icon-list-text\">Acqu\u00e9rir un vocabulaire pertinent adapt\u00e9 \u00e0 votre domaine professionnel ou \u00e0 vos int\u00e9r\u00eats personnels<\/span>\n\t\t\t\t\t\t\t\t\t<\/li>\n\t\t\t\t\t\t<\/ul>\n\t\t\t\t\t\t<\/div>\n\t\t\t\t<div class=\"elementor-element elementor-element-c9c8121 elementor-widget elementor-widget-html\" data-id=\"c9c8121\" data-element_type=\"widget\" data-e-type=\"widget\" data-settings=\"{&quot;ekit_we_effect_on&quot;:&quot;none&quot;}\" data-widget_type=\"html.default\">\n\t\t\t\t\t<div class=\"klf2026-wrapper\">\r\n\r\n  <div class=\"klf2026-title\">Cours de fran\u00e7ais intensif Premium<\/div>\r\n\r\n  <div class=\"klf2026-table-wrap\">\r\n    <table class=\"klf2026-table\">\r\n      <thead>\r\n        <tr>\r\n          <th>Cours<\/th>\r\n          <th>Le\u00e7ons<\/th>\r\n          <th>1 semaine<\/th>\r\n          <th>2 semaines<\/th>\r\n          <th>3 semaines<\/th>\r\n          <th>4 semaines<\/th>\r\n          <th>5\u201311 semaines<\/th>\r\n          <th>12+ semaines<\/th>\r\n          <th>Frais d'inscription<\/th>\r\n        <\/tr>\r\n      <\/thead>\r\n\r\n      <tbody>\r\n\r\n\r\n        <!-- Premium Intensive -->\r\n        <tr>\r\n          <td class=\"klf-course-name\">Cours de fran\u00e7ais intensif Premium<\/td>\r\n<td class=\"klf-lessons\">30 <span class=\"klf-price-tag\">(26 + 4 particuliers)<\/span><\/td>\r\n\r\n          <td>560 \u20ac<\/td>\r\n<td>1 120 \u20ac<\/td>\r\n<td>1 680 \u20ac<\/td>\r\n<td>2 240 \u20ac<\/td>\r\n\r\n          <!-- 5\u201311 weeks -->\r\n          <td>\r\n            <div class=\"klf-price-wrap\">\r\n              <span class=\"klf-price-main\">505 \u20ac<\/span>\r\n            <\/div>\r\n          <\/td>\r\n\r\n          <!-- 12+ weeks -->\r\n          <td>\r\n            <div class=\"klf-price-wrap\">\r\n              <span class=\"klf-price-main\">505 \u20ac<\/span>\r\n            <\/div>\r\n          <\/td>\r\n\r\n          <td>80 \u20ac<\/td>\r\n        <\/tr>\r\n\r\n      <\/tbody>\r\n    <\/table>\r\n  <\/div>\r\n\r\n<\/div>\r\n\t\t\t\t<\/div>\n\t\t\t\t<div class=\"elementor-element elementor-element-540c61ed elementor-widget elementor-widget-heading\" data-id=\"540c61ed\" data-element_type=\"widget\" data-e-type=\"widget\" data-settings=\"{&quot;ekit_we_effect_on&quot;:&quot;none&quot;}\" data-widget_type=\"heading.default\">\n\t\t\t\t\t<p class=\"elementor-heading-title elementor-size-default\">Plus d'informations <\/p>\t\t\t\t<\/div>\n\t\t\t\t<div class=\"elementor-element elementor-element-572615a elementor-widget__width-inherit elementor-invisible elementor-widget elementor-widget-eael-adv-accordion\" data-id=\"572615a\" data-element_type=\"widget\" data-e-type=\"widget\" data-settings=\"{&quot;_animation&quot;:&quot;fadeInRight&quot;,&quot;ekit_we_effect_on&quot;:&quot;none&quot;}\" data-widget_type=\"eael-adv-accordion.default\">\n\t\t\t\t\t            <div class=\"eael-adv-accordion\" id=\"eael-adv-accordion-572615a\" data-scroll-on-click=\"no\" data-scroll-speed=\"300\" data-accordion-id=\"572615a\" data-accordion-type=\"accordion\" data-toogle-speed=\"300\">\n            <div class=\"eael-accordion-list\">\n\t\t\t\t\t<div id=\"quel-est-le-contenu-du-cours-\" class=\"elementor-tab-title eael-accordion-header\" tabindex=\"0\" data-tab=\"1\" aria-controls=\"elementor-tab-content-9131\"><span class=\"eael-accordion-tab-title\">Quel est le contenu du cours ?<\/span><span class=\"eael-advanced-accordion-icon-closed\"><i aria-hidden=\"true\" class=\"fa-accordion-icon fas fa-plus\"><\/i><\/span><span class=\"eael-advanced-accordion-icon-opened\"><i aria-hidden=\"true\" class=\"fa-accordion-icon fas fa-minus\"><\/i><\/span><\/div><div id=\"elementor-tab-content-9131\" class=\"eael-accordion-content clearfix\" data-tab=\"1\" aria-labelledby=\"quel-est-le-contenu-du-cours-\"><div>\n<div>\n<div>\n<p>Les cours de fran\u00e7ais g\u00e9n\u00e9ral suivent la m\u00eame structure que le programme standard. Les le\u00e7ons particuli\u00e8res sont propos\u00e9es sous forme de packs de 6 sessions de 45 minutes par semaine, et peuvent \u00eatre dispens\u00e9es en ligne ou en pr\u00e9sentiel dans nos \u00e9coles.  <\/p>\n<\/div>\n<\/div>\n<\/div>\n<\/div>\n\t\t\t\t\t<\/div><div class=\"eael-accordion-list\">\n\t\t\t\t\t<div id=\"quel-est-le-programme-type-dune-semaine-\" class=\"elementor-tab-title eael-accordion-header\" tabindex=\"0\" data-tab=\"2\" aria-controls=\"elementor-tab-content-9132\"><span class=\"eael-accordion-tab-title\">Quel est le programme type d'une semaine ?<\/span><span class=\"eael-advanced-accordion-icon-closed\"><i aria-hidden=\"true\" class=\"fa-accordion-icon fas fa-plus\"><\/i><\/span><span class=\"eael-advanced-accordion-icon-opened\"><i aria-hidden=\"true\" class=\"fa-accordion-icon fas fa-minus\"><\/i><\/span><\/div><div id=\"elementor-tab-content-9132\" class=\"eael-accordion-content clearfix\" data-tab=\"2\" aria-labelledby=\"quel-est-le-programme-type-dune-semaine-\"><p>Les cours de fran\u00e7ais g\u00e9n\u00e9ral se d\u00e9roulent soit le matin, soit l\u2019apr\u00e8s-midi. Quant aux le\u00e7ons particuli\u00e8res de fran\u00e7ais, elles peuvent \u00eatre planifi\u00e9es \u00e0 tout moment de la semaine, en fonction des cr\u00e9neaux horaires disponibles et de vos pr\u00e9f\u00e9rences. <\/p>\n<\/div>\n\t\t\t\t\t<\/div><div class=\"eael-accordion-list\">\n\t\t\t\t\t<div id=\"quel-niveau-dois-je-avoir-pour-minscrire-au-programme-combine-\" class=\"elementor-tab-title eael-accordion-header\" tabindex=\"0\" data-tab=\"3\" aria-controls=\"elementor-tab-content-9133\"><span class=\"eael-accordion-tab-title\">Quel niveau dois-je avoir pour m'inscrire au programme Combine ?<\/span><span class=\"eael-advanced-accordion-icon-closed\"><i aria-hidden=\"true\" class=\"fa-accordion-icon fas fa-plus\"><\/i><\/span><span class=\"eael-advanced-accordion-icon-opened\"><i aria-hidden=\"true\" class=\"fa-accordion-icon fas fa-minus\"><\/i><\/span><\/div><div id=\"elementor-tab-content-9133\" class=\"eael-accordion-content clearfix\" data-tab=\"3\" aria-labelledby=\"quel-niveau-dois-je-avoir-pour-minscrire-au-programme-combine-\"><p>Le programme premium convient \u00e0 tous les niveaux, des d\u00e9butants (A1) aux \u00e9tudiants les plus avanc\u00e9s (C2).<\/p>\n<\/div>\n\t\t\t\t\t<\/div><\/div>\t\t\t\t<\/div>\n\t\t<div class=\"elementor-element elementor-element-406abb83 e-con-full e-flex e-con e-child\" data-id=\"406abb83\" data-element_type=\"container\" data-e-type=\"container\" data-settings=\"{&quot;ekit_has_onepagescroll_dot&quot;:&quot;yes&quot;}\">\n\t\t\t\t<div class=\"elementor-element elementor-element-67b4ed44 elementor-widget elementor-widget-heading\" data-id=\"67b4ed44\" data-element_type=\"widget\" data-e-type=\"widget\" data-settings=\"{&quot;ekit_we_effect_on&quot;:&quot;none&quot;}\" data-widget_type=\"heading.default\">\n\t\t\t\t\t<p class=\"elementor-heading-title elementor-size-default\">Avez-vous une question ?<\/p>\t\t\t\t<\/div>\n\t\t\t\t<div class=\"elementor-element elementor-element-4cc9758 elementor-widget elementor-widget-hubspot-form\" data-id=\"4cc9758\" data-element_type=\"widget\" data-e-type=\"widget\" data-settings=\"{&quot;ekit_we_effect_on&quot;:&quot;none&quot;}\" data-widget_type=\"hubspot-form.default\">\n\t\t\t\t<div class=\"elementor-widget-container\">\n\t\t\t\t\t\n\t\t\t\t\t\t<script>\n\t\t\t\t\t\t\twindow.hsFormsOnReady = window.hsFormsOnReady || [];\n\t\t\t\t\t\t\twindow.hsFormsOnReady.push(()=>{\n\t\t\t\t\t\t\t\thbspt.forms.create({\n\t\t\t\t\t\t\t\t\tportalId: 2851295,\n\t\t\t\t\t\t\t\t\tformId: \"957e4d45-ebf6-41da-a37a-ef7a4ac60f42\",\n\t\t\t\t\t\t\t\t\ttarget: \"#hbspt-form-1777722157000-6790994130\",\n\t\t\t\t\t\t\t\t\tregion: \"na1\",\n\t\t\t\t\t\t\t\t\t\n\t\t\t\t\t\t\t})});\n\t\t\t\t\t\t<\/script>\n\t\t\t\t\t\t<div class=\"hbspt-form\" id=\"hbspt-form-1777722157000-6790994130\"><\/div>\t\t\t\t<\/div>\n\t\t\t\t<\/div>\n\t\t\t\t<\/div>\n\t\t\t\t<\/div>\n\t\t\t\t\t<\/div>\n\t\t\t\t<\/div>\n\t\t\t\t<\/div>\n\t\t","protected":false},"excerpt":{"rendered":"<p>Cours de fran\u00e7ais intensif Premium Le cours intensif de fran\u00e7ais Premium offre 26 le\u00e7ons en groupes internationaux, favorisant les \u00e9changes avec des camarades de divers horizons tout en suivant un programme structur\u00e9. En compl\u00e9ment, vous b\u00e9n\u00e9ficierez de quatre le\u00e7ons individuelles par semaine avec un professeur d\u00e9di\u00e9, adapt\u00e9es \u00e0 vos besoins sp\u00e9cifiques. Cette approche combin\u00e9e vous [&hellip;]<\/p>\n","protected":false},"author":11,"featured_media":8010,"parent":30818,"menu_order":4,"comment_status":"closed","ping_status":"closed","template":"elementor_header_footer","meta":{"content-type":"","footnotes":""},"language-product":[],"type-product":[205],"city-product":[200],"course-category":[],"folder":[],"class_list":["post-31822","page","type-page","status-publish","has-post-thumbnail","hentry","type-product-general-courses","city-product-annecy"],"yoast_head":"<!-- This site is optimized with the Yoast SEO Premium plugin v27.4 (Yoast SEO v27.4) - https:\/\/yoast.com\/product\/yoast-seo-premium-wordpress\/ -->\n<title>Cours de fran\u00e7ais intensif Premium - Keep Learning French<\/title>\n<meta name=\"description\" content=\"Apprenez le fran\u00e7ais avec 30 le\u00e7ons par semaine (26 en groupe + 4 cours particuliers). Petits groupes, professeurs experts et apprentissage immersif \u00e0 Annecy. Rejoignez notre cours d\u00e8s aujourd\u2019hui !\" \/>\n<meta name=\"robots\" content=\"index, follow, max-snippet:-1, max-image-preview:large, max-video-preview:-1\" \/>\n<link rel=\"canonical\" href=\"https:\/\/klf.fr\/fr\/annecy\/cours-francais-adultes\/cours-francais-premium\/\" \/>\n<meta property=\"og:locale\" content=\"fr_FR\" \/>\n<meta property=\"og:type\" content=\"article\" \/>\n<meta property=\"og:title\" content=\"Cours de fran\u00e7ais intensif Premium\" \/>\n<meta property=\"og:description\" content=\"Apprenez le fran\u00e7ais avec 30 le\u00e7ons par semaine (26 en groupe + 4 cours particuliers). Petits groupes, professeurs experts et apprentissage immersif \u00e0 Annecy. Rejoignez notre cours d\u00e8s aujourd\u2019hui !\" \/>\n<meta property=\"og:url\" content=\"https:\/\/klf.fr\/fr\/annecy\/cours-francais-adultes\/cours-francais-premium\/\" \/>\n<meta property=\"og:site_name\" content=\"Keep Learning French\" \/>\n<meta property=\"article:modified_time\" content=\"2026-03-30T01:21:09+00:00\" \/>\n<meta property=\"og:image\" content=\"https:\/\/klf.fr\/wp-content\/uploads\/2024\/05\/super-intensive-e1716452116280.jpeg\" \/>\n\t<meta property=\"og:image:width\" content=\"400\" \/>\n\t<meta property=\"og:image:height\" content=\"300\" \/>\n\t<meta property=\"og:image:type\" content=\"image\/jpeg\" \/>\n<meta name=\"twitter:card\" content=\"summary_large_image\" \/>\n<meta name=\"twitter:label1\" content=\"Dur\u00e9e de lecture estim\u00e9e\" \/>\n\t<meta name=\"twitter:data1\" content=\"3 minutes\" \/>\n<script type=\"application\/ld+json\" class=\"yoast-schema-graph\">{\"@context\":\"https:\\\/\\\/schema.org\",\"@graph\":[{\"@type\":\"WebPage\",\"@id\":\"https:\\\/\\\/klf.fr\\\/fr\\\/annecy\\\/cours-francais-adultes\\\/cours-francais-premium\\\/\",\"url\":\"https:\\\/\\\/klf.fr\\\/fr\\\/annecy\\\/cours-francais-adultes\\\/cours-francais-premium\\\/\",\"name\":\"Cours de fran\u00e7ais intensif Premium - Keep Learning French\",\"isPartOf\":{\"@id\":\"https:\\\/\\\/klf.fr\\\/fr\\\/#website\"},\"primaryImageOfPage\":{\"@id\":\"https:\\\/\\\/klf.fr\\\/fr\\\/annecy\\\/cours-francais-adultes\\\/cours-francais-premium\\\/#primaryimage\"},\"image\":{\"@id\":\"https:\\\/\\\/klf.fr\\\/fr\\\/annecy\\\/cours-francais-adultes\\\/cours-francais-premium\\\/#primaryimage\"},\"thumbnailUrl\":\"https:\\\/\\\/klf.fr\\\/wp-content\\\/uploads\\\/2024\\\/05\\\/super-intensive-e1716452116280.jpeg\",\"datePublished\":\"2025-01-23T11:13:06+00:00\",\"dateModified\":\"2026-03-30T01:21:09+00:00\",\"description\":\"Apprenez le fran\u00e7ais avec 30 le\u00e7ons par semaine (26 en groupe + 4 cours particuliers). Petits groupes, professeurs experts et apprentissage immersif \u00e0 Annecy. Rejoignez notre cours d\u00e8s aujourd\u2019hui !\",\"breadcrumb\":{\"@id\":\"https:\\\/\\\/klf.fr\\\/fr\\\/annecy\\\/cours-francais-adultes\\\/cours-francais-premium\\\/#breadcrumb\"},\"inLanguage\":\"fr-FR\",\"potentialAction\":[{\"@type\":\"ReadAction\",\"target\":[\"https:\\\/\\\/klf.fr\\\/fr\\\/annecy\\\/cours-francais-adultes\\\/cours-francais-premium\\\/\"]}]},{\"@type\":\"ImageObject\",\"inLanguage\":\"fr-FR\",\"@id\":\"https:\\\/\\\/klf.fr\\\/fr\\\/annecy\\\/cours-francais-adultes\\\/cours-francais-premium\\\/#primaryimage\",\"url\":\"https:\\\/\\\/klf.fr\\\/wp-content\\\/uploads\\\/2024\\\/05\\\/super-intensive-e1716452116280.jpeg\",\"contentUrl\":\"https:\\\/\\\/klf.fr\\\/wp-content\\\/uploads\\\/2024\\\/05\\\/super-intensive-e1716452116280.jpeg\",\"width\":400,\"height\":300},{\"@type\":\"BreadcrumbList\",\"@id\":\"https:\\\/\\\/klf.fr\\\/fr\\\/annecy\\\/cours-francais-adultes\\\/cours-francais-premium\\\/#breadcrumb\",\"itemListElement\":[{\"@type\":\"ListItem\",\"position\":1,\"name\":\"Home\",\"item\":\"https:\\\/\\\/klf.fr\\\/fr\\\/home-2\\\/\"},{\"@type\":\"ListItem\",\"position\":2,\"name\":\"Apprendre le fran\u00e7ais \u00e0 Annecy\",\"item\":\"https:\\\/\\\/klf.fr\\\/fr\\\/annecy\\\/\"},{\"@type\":\"ListItem\",\"position\":3,\"name\":\"Cours de fran\u00e7ais pour les adultes &#8211; Annecy\",\"item\":\"https:\\\/\\\/klf.fr\\\/fr\\\/annecy\\\/cours-francais-adultes\\\/\"},{\"@type\":\"ListItem\",\"position\":4,\"name\":\"Cours de fran\u00e7ais intensif Premium\"}]},{\"@type\":\"WebSite\",\"@id\":\"https:\\\/\\\/klf.fr\\\/fr\\\/#website\",\"url\":\"https:\\\/\\\/klf.fr\\\/fr\\\/\",\"name\":\"Keep Learning French\",\"description\":\"Groupe d&#039;\u00e9coles de FLE en France.\",\"publisher\":{\"@id\":\"https:\\\/\\\/klf.fr\\\/fr\\\/#organization\"},\"potentialAction\":[{\"@type\":\"SearchAction\",\"target\":{\"@type\":\"EntryPoint\",\"urlTemplate\":\"https:\\\/\\\/klf.fr\\\/fr\\\/?s={search_term_string}\"},\"query-input\":{\"@type\":\"PropertyValueSpecification\",\"valueRequired\":true,\"valueName\":\"search_term_string\"}}],\"inLanguage\":\"fr-FR\"},{\"@type\":[\"Organization\",\"Place\"],\"@id\":\"https:\\\/\\\/klf.fr\\\/fr\\\/#organization\",\"name\":\"Keep Learning French\",\"url\":\"https:\\\/\\\/klf.fr\\\/fr\\\/\",\"logo\":{\"@id\":\"https:\\\/\\\/klf.fr\\\/fr\\\/annecy\\\/cours-francais-adultes\\\/cours-francais-premium\\\/#local-main-organization-logo\"},\"image\":{\"@id\":\"https:\\\/\\\/klf.fr\\\/fr\\\/annecy\\\/cours-francais-adultes\\\/cours-francais-premium\\\/#local-main-organization-logo\"},\"sameAs\":[\"https:\\\/\\\/linkedin.com\\\/school\\\/keep-learning-french\\\/\"],\"telephone\":[],\"openingHoursSpecification\":[{\"@type\":\"OpeningHoursSpecification\",\"dayOfWeek\":[\"Monday\",\"Tuesday\",\"Wednesday\",\"Thursday\",\"Friday\",\"Saturday\",\"Sunday\"],\"opens\":\"09:00\",\"closes\":\"17:00\"}]},{\"@type\":\"ImageObject\",\"inLanguage\":\"fr-FR\",\"@id\":\"https:\\\/\\\/klf.fr\\\/fr\\\/annecy\\\/cours-francais-adultes\\\/cours-francais-premium\\\/#local-main-organization-logo\",\"url\":\"https:\\\/\\\/klf.fr\\\/wp-content\\\/uploads\\\/2020\\\/09\\\/klf-favicon.png\",\"contentUrl\":\"https:\\\/\\\/klf.fr\\\/wp-content\\\/uploads\\\/2020\\\/09\\\/klf-favicon.png\",\"width\":200,\"height\":200,\"caption\":\"Keep Learning French\"}]}<\/script>\n<!-- \/ Yoast SEO Premium plugin. -->","yoast_head_json":{"title":"Cours de fran\u00e7ais intensif Premium - Keep Learning French","description":"Apprenez le fran\u00e7ais avec 30 le\u00e7ons par semaine (26 en groupe + 4 cours particuliers). Petits groupes, professeurs experts et apprentissage immersif \u00e0 Annecy. Rejoignez notre cours d\u00e8s aujourd\u2019hui !","robots":{"index":"index","follow":"follow","max-snippet":"max-snippet:-1","max-image-preview":"max-image-preview:large","max-video-preview":"max-video-preview:-1"},"canonical":"https:\/\/klf.fr\/fr\/annecy\/cours-francais-adultes\/cours-francais-premium\/","og_locale":"fr_FR","og_type":"article","og_title":"Cours de fran\u00e7ais intensif Premium","og_description":"Apprenez le fran\u00e7ais avec 30 le\u00e7ons par semaine (26 en groupe + 4 cours particuliers). Petits groupes, professeurs experts et apprentissage immersif \u00e0 Annecy. Rejoignez notre cours d\u00e8s aujourd\u2019hui !","og_url":"https:\/\/klf.fr\/fr\/annecy\/cours-francais-adultes\/cours-francais-premium\/","og_site_name":"Keep Learning French","article_modified_time":"2026-03-30T01:21:09+00:00","og_image":[{"width":400,"height":300,"url":"https:\/\/klf.fr\/wp-content\/uploads\/2024\/05\/super-intensive-e1716452116280.jpeg","type":"image\/jpeg"}],"twitter_card":"summary_large_image","twitter_misc":{"Dur\u00e9e de lecture estim\u00e9e":"3 minutes"},"schema":{"@context":"https:\/\/schema.org","@graph":[{"@type":"WebPage","@id":"https:\/\/klf.fr\/fr\/annecy\/cours-francais-adultes\/cours-francais-premium\/","url":"https:\/\/klf.fr\/fr\/annecy\/cours-francais-adultes\/cours-francais-premium\/","name":"Cours de fran\u00e7ais intensif Premium - Keep Learning French","isPartOf":{"@id":"https:\/\/klf.fr\/fr\/#website"},"primaryImageOfPage":{"@id":"https:\/\/klf.fr\/fr\/annecy\/cours-francais-adultes\/cours-francais-premium\/#primaryimage"},"image":{"@id":"https:\/\/klf.fr\/fr\/annecy\/cours-francais-adultes\/cours-francais-premium\/#primaryimage"},"thumbnailUrl":"https:\/\/klf.fr\/wp-content\/uploads\/2024\/05\/super-intensive-e1716452116280.jpeg","datePublished":"2025-01-23T11:13:06+00:00","dateModified":"2026-03-30T01:21:09+00:00","description":"Apprenez le fran\u00e7ais avec 30 le\u00e7ons par semaine (26 en groupe + 4 cours particuliers). Petits groupes, professeurs experts et apprentissage immersif \u00e0 Annecy. Rejoignez notre cours d\u00e8s aujourd\u2019hui !","breadcrumb":{"@id":"https:\/\/klf.fr\/fr\/annecy\/cours-francais-adultes\/cours-francais-premium\/#breadcrumb"},"inLanguage":"fr-FR","potentialAction":[{"@type":"ReadAction","target":["https:\/\/klf.fr\/fr\/annecy\/cours-francais-adultes\/cours-francais-premium\/"]}]},{"@type":"ImageObject","inLanguage":"fr-FR","@id":"https:\/\/klf.fr\/fr\/annecy\/cours-francais-adultes\/cours-francais-premium\/#primaryimage","url":"https:\/\/klf.fr\/wp-content\/uploads\/2024\/05\/super-intensive-e1716452116280.jpeg","contentUrl":"https:\/\/klf.fr\/wp-content\/uploads\/2024\/05\/super-intensive-e1716452116280.jpeg","width":400,"height":300},{"@type":"BreadcrumbList","@id":"https:\/\/klf.fr\/fr\/annecy\/cours-francais-adultes\/cours-francais-premium\/#breadcrumb","itemListElement":[{"@type":"ListItem","position":1,"name":"Home","item":"https:\/\/klf.fr\/fr\/home-2\/"},{"@type":"ListItem","position":2,"name":"Apprendre le fran\u00e7ais \u00e0 Annecy","item":"https:\/\/klf.fr\/fr\/annecy\/"},{"@type":"ListItem","position":3,"name":"Cours de fran\u00e7ais pour les adultes &#8211; Annecy","item":"https:\/\/klf.fr\/fr\/annecy\/cours-francais-adultes\/"},{"@type":"ListItem","position":4,"name":"Cours de fran\u00e7ais intensif Premium"}]},{"@type":"WebSite","@id":"https:\/\/klf.fr\/fr\/#website","url":"https:\/\/klf.fr\/fr\/","name":"Keep Learning French","description":"Groupe d&#039;\u00e9coles de FLE en France.","publisher":{"@id":"https:\/\/klf.fr\/fr\/#organization"},"potentialAction":[{"@type":"SearchAction","target":{"@type":"EntryPoint","urlTemplate":"https:\/\/klf.fr\/fr\/?s={search_term_string}"},"query-input":{"@type":"PropertyValueSpecification","valueRequired":true,"valueName":"search_term_string"}}],"inLanguage":"fr-FR"},{"@type":["Organization","Place"],"@id":"https:\/\/klf.fr\/fr\/#organization","name":"Keep Learning French","url":"https:\/\/klf.fr\/fr\/","logo":{"@id":"https:\/\/klf.fr\/fr\/annecy\/cours-francais-adultes\/cours-francais-premium\/#local-main-organization-logo"},"image":{"@id":"https:\/\/klf.fr\/fr\/annecy\/cours-francais-adultes\/cours-francais-premium\/#local-main-organization-logo"},"sameAs":["https:\/\/linkedin.com\/school\/keep-learning-french\/"],"telephone":[],"openingHoursSpecification":[{"@type":"OpeningHoursSpecification","dayOfWeek":["Monday","Tuesday","Wednesday","Thursday","Friday","Saturday","Sunday"],"opens":"09:00","closes":"17:00"}]},{"@type":"ImageObject","inLanguage":"fr-FR","@id":"https:\/\/klf.fr\/fr\/annecy\/cours-francais-adultes\/cours-francais-premium\/#local-main-organization-logo","url":"https:\/\/klf.fr\/wp-content\/uploads\/2020\/09\/klf-favicon.png","contentUrl":"https:\/\/klf.fr\/wp-content\/uploads\/2020\/09\/klf-favicon.png","width":200,"height":200,"caption":"Keep Learning French"}]}},"_links":{"self":[{"href":"https:\/\/klf.fr\/fr\/wp-json\/wp\/v2\/pages\/31822","targetHints":{"allow":["GET"]}}],"collection":[{"href":"https:\/\/klf.fr\/fr\/wp-json\/wp\/v2\/pages"}],"about":[{"href":"https:\/\/klf.fr\/fr\/wp-json\/wp\/v2\/types\/page"}],"author":[{"embeddable":true,"href":"https:\/\/klf.fr\/fr\/wp-json\/wp\/v2\/users\/11"}],"replies":[{"embeddable":true,"href":"https:\/\/klf.fr\/fr\/wp-json\/wp\/v2\/comments?post=31822"}],"version-history":[{"count":0,"href":"https:\/\/klf.fr\/fr\/wp-json\/wp\/v2\/pages\/31822\/revisions"}],"up":[{"embeddable":true,"href":"https:\/\/klf.fr\/fr\/wp-json\/wp\/v2\/pages\/30818"}],"wp:featuredmedia":[{"embeddable":true,"href":"https:\/\/klf.fr\/fr\/wp-json\/wp\/v2\/media\/8010"}],"wp:attachment":[{"href":"https:\/\/klf.fr\/fr\/wp-json\/wp\/v2\/media?parent=31822"}],"wp:term":[{"taxonomy":"language-product","embeddable":true,"href":"https:\/\/klf.fr\/fr\/wp-json\/wp\/v2\/language-product?post=31822"},{"taxonomy":"type-product","embeddable":true,"href":"https:\/\/klf.fr\/fr\/wp-json\/wp\/v2\/type-product?post=31822"},{"taxonomy":"city-product","embeddable":true,"href":"https:\/\/klf.fr\/fr\/wp-json\/wp\/v2\/city-product?post=31822"},{"taxonomy":"course-category","embeddable":true,"href":"https:\/\/klf.fr\/fr\/wp-json\/wp\/v2\/course-category?post=31822"},{"taxonomy":"folder","embeddable":true,"href":"https:\/\/klf.fr\/fr\/wp-json\/wp\/v2\/folder?post=31822"}],"curies":[{"name":"wp","href":"https:\/\/api.w.org\/{rel}","templated":true}]}}