{"id":31018,"date":"2025-01-20T17:32:13","date_gmt":"2025-01-20T16:32:13","guid":{"rendered":"https:\/\/klf.fr\/reservation\/"},"modified":"2025-01-30T15:03:20","modified_gmt":"2025-01-30T14:03:20","slug":"reservation","status":"publish","type":"page","link":"https:\/\/klf.fr\/fr\/sejour-linguistique-jeunes-bordeaux\/reservation\/","title":{"rendered":"R\u00e9servation S\u00e9jour Linguistique d&rsquo;\u00e9t\u00e9 pour les jeunes \u00e0 Bordeaux"},"content":{"rendered":"\t\t<div data-elementor-type=\"wp-page\" data-elementor-id=\"31018\" class=\"elementor elementor-31018\" data-elementor-post-type=\"page\">\n\t\t\t\t<div class=\"elementor-element elementor-element-aa6495c e-con-full e-flex e-con e-parent\" data-id=\"aa6495c\" data-element_type=\"container\" data-e-type=\"container\" data-settings=\"{&quot;background_background&quot;:&quot;classic&quot;,&quot;ekit_has_onepagescroll_dot&quot;:&quot;yes&quot;}\">\n\t\t<div class=\"elementor-element elementor-element-80042dc e-con-full e-flex e-con e-child\" data-id=\"80042dc\" data-element_type=\"container\" data-e-type=\"container\" data-settings=\"{&quot;background_background&quot;:&quot;gradient&quot;,&quot;ekit_has_onepagescroll_dot&quot;:&quot;yes&quot;}\">\n\t\t<div class=\"elementor-element elementor-element-a5b4819 e-con-full e-flex e-con e-child\" data-id=\"a5b4819\" data-element_type=\"container\" data-e-type=\"container\" data-settings=\"{&quot;ekit_has_onepagescroll_dot&quot;:&quot;yes&quot;}\">\n\t\t\t\t<div class=\"elementor-element elementor-element-3f8a123 elementor-widget elementor-widget-spacer\" data-id=\"3f8a123\" data-element_type=\"widget\" data-e-type=\"widget\" data-settings=\"{&quot;ekit_we_effect_on&quot;:&quot;none&quot;}\" data-widget_type=\"spacer.default\">\n\t\t\t\t\t\t\t<div class=\"elementor-spacer\">\n\t\t\t<div class=\"elementor-spacer-inner\"><\/div>\n\t\t<\/div>\n\t\t\t\t\t\t<\/div>\n\t\t\t\t<div class=\"elementor-element elementor-element-d016b49 elementor-widget elementor-widget-heading\" data-id=\"d016b49\" data-element_type=\"widget\" data-e-type=\"widget\" data-settings=\"{&quot;ekit_we_effect_on&quot;:&quot;none&quot;}\" data-widget_type=\"heading.default\">\n\t\t\t\t\t<h2 class=\"elementor-heading-title elementor-size-default\">R\u00e9servation<br>S\u00e9jour Linguistique d'\u00e9t\u00e9 \u00e0 Bordeaux <\/h2>\t\t\t\t<\/div>\n\t\t\t\t<div class=\"elementor-element elementor-element-1c4e17e elementor-widget elementor-widget-text-editor\" data-id=\"1c4e17e\" data-element_type=\"widget\" data-e-type=\"widget\" data-settings=\"{&quot;ekit_we_effect_on&quot;:&quot;none&quot;}\" data-widget_type=\"text-editor.default\">\n\t\t\t\t\t\t\t\t\t<p class=\"p1\">Inscrivez votre enfant \u00e0 son prochain cours de fran\u00e7ais \u00e0 Bordeaux, en France. Nous sommes impatients de les accueillir dans notre s\u00e9jour linguistique d&rsquo;\u00e9t\u00e9 ! <\/p>\n\t\t\t\t\t\t\t\t<\/div>\n\t\t\t\t<\/div>\n\t\t<div class=\"elementor-element elementor-element-db98828 e-con-full e-flex e-con e-child\" data-id=\"db98828\" data-element_type=\"container\" data-e-type=\"container\" data-settings=\"{&quot;ekit_has_onepagescroll_dot&quot;:&quot;yes&quot;}\">\n\t\t\t\t<\/div>\n\t\t\t\t<\/div>\n\t\t\t\t<\/div>\n\t\t<div class=\"elementor-element elementor-element-3ecb88c e-flex e-con-boxed e-con e-parent\" data-id=\"3ecb88c\" data-element_type=\"container\" data-e-type=\"container\" data-settings=\"{&quot;ekit_has_onepagescroll_dot&quot;:&quot;yes&quot;}\">\n\t\t\t\t\t<div class=\"e-con-inner\">\n\t\t\t\t<div class=\"elementor-element elementor-element-549bfd4 elementor-widget elementor-widget-elementskit-breadcrumb\" data-id=\"549bfd4\" data-element_type=\"widget\" data-e-type=\"widget\" data-settings=\"{&quot;ekit_we_effect_on&quot;:&quot;none&quot;}\" data-widget_type=\"elementskit-breadcrumb.default\">\n\t\t\t\t<div class=\"elementor-widget-container\">\n\t\t\t\t\t<div class=\"ekit-wid-con\" ><ol class=\"ekit-breadcrumb\"><li class=\"ekit_breadcrumbs_start\"><a href=\"https:\/\/klf.fr\/fr\/\">Home<\/a><\/li> <li class=\"brd_sep\"> &raquo; <\/li> <li><a href=\"https:\/\/klf.fr\/fr\/sejour-linguistique-jeunes-bordeaux\/\" title=\"S\u00e9jour Linguistique en fran\u00e7ais pour les adolescents \u00e0 Bordeaux\">S\u00e9jour Linguistique en fran\u00e7ais pour les adolescents \u00e0 Bordeaux<\/a><\/li> <li class=\"brd_sep\"> &raquo; <\/li>  <li>R\u00e9servation S\u00e9jour Linguistique d&rsquo;\u00e9t\u00e9 pour les jeunes \u00e0 Bordeaux<\/li><\/ol><\/div>\t\t\t\t<\/div>\n\t\t\t\t<\/div>\n\t\t\t\t<div class=\"elementor-element elementor-element-bb25a49 elementor-widget elementor-widget-shortcode\" data-id=\"bb25a49\" data-element_type=\"widget\" data-e-type=\"widget\" data-settings=\"{&quot;ekit_we_effect_on&quot;:&quot;none&quot;}\" data-widget_type=\"shortcode.default\">\n\t\t\t\t\t\t\t<div class=\"elementor-shortcode\"><noscript>Veuillez activer JavaScript pour continuer \u00e0 remplir ce formulaire.<\/noscript>\n<fidelo-widget><\/fidelo-widget>\n<script src=\"https:\/\/proxy.fidelo.com\/app\/widget\/1.0\/klf\/js\/widget.js?c=LA2V6P2KS9E9DDSB&amp;l=en\"><\/script>\n<\/div>\n\t\t\t\t\t\t<\/div>\n\t\t\t\t<div class=\"elementor-element elementor-element-4448855 elementor-widget-divider--view-line elementor-widget elementor-widget-divider\" data-id=\"4448855\" data-element_type=\"widget\" data-e-type=\"widget\" data-settings=\"{&quot;ekit_we_effect_on&quot;:&quot;none&quot;}\" data-widget_type=\"divider.default\">\n\t\t\t\t\t\t\t<div class=\"elementor-divider\">\n\t\t\t<span class=\"elementor-divider-separator\">\n\t\t\t\t\t\t<\/span>\n\t\t<\/div>\n\t\t\t\t\t\t<\/div>\n\t\t\t\t<div class=\"elementor-element elementor-element-a91aea0 elementor-widget elementor-widget-text-editor\" data-id=\"a91aea0\" data-element_type=\"widget\" data-e-type=\"widget\" data-settings=\"{&quot;ekit_we_effect_on&quot;:&quot;none&quot;}\" data-widget_type=\"text-editor.default\">\n\t\t\t\t\t\t\t\t\tPour les r\u00e9servations de derni\u00e8re minute (moins de 4 jours avant le d\u00e9but des cours), merci de nous contacter au pr\u00e9alable \u00e0 l\u2019adresse contact@klf.fr afin de v\u00e9rifier les disponibilit\u00e9s. <br>\n<br> *Note : Les \u00e9coles seront ferm\u00e9es les jours f\u00e9ri\u00e9s suivants : 21\/04\/25 &#8211; 01\/05\/25 &#8211; 08\/05\/25 &#8211; 09\/06\/25 &#8211; 14\/07\/25 &#8211; 15\/08\/25 &#8211; 11\/11\/25 Les cours ne seront pas report\u00e9s ni rattrap\u00e9s. Conform\u00e9ment \u00e0 nos conditions g\u00e9n\u00e9rales l&rsquo;\u00e9cole sera donc ferm\u00e9e et aucun cours de rattrapage ne sera propos\u00e9\u00a0\u00bb. <br>\n<br> * Pour les d\u00e9butants complets, niveau A0, des cours sp\u00e9cifiques sont pr\u00e9vus. <br>\n<br> *L &lsquo; inscription ne sera consid\u00e9r\u00e9e comme valide que lorsque le paiement aura \u00e9t\u00e9 re\u00e7u.\t\t\t\t\t\t\t\t<\/div>\n\t\t\t\t\t<\/div>\n\t\t\t\t<\/div>\n\t\t\t\t<\/div>\n\t\t","protected":false},"excerpt":{"rendered":"<p>R\u00e9servationS\u00e9jour Linguistique d&rsquo;\u00e9t\u00e9 \u00e0 Bordeaux Inscrivez votre enfant \u00e0 son prochain cours de fran\u00e7ais \u00e0 Bordeaux, en France. Nous sommes impatients de les accueillir dans notre s\u00e9jour linguistique d&rsquo;\u00e9t\u00e9 ! Home Veuillez activer JavaScript pour continuer \u00e0 remplir ce formulaire. Pour les r\u00e9servations de derni\u00e8re minute (moins de 4 jours avant le d\u00e9but des cours), [&hellip;]<\/p>\n","protected":false},"author":11,"featured_media":0,"parent":31327,"menu_order":0,"comment_status":"closed","ping_status":"closed","template":"elementor_header_footer","meta":{"content-type":"","footnotes":""},"language-product":[],"type-product":[],"city-product":[],"course-category":[],"folder":[],"class_list":["post-31018","page","type-page","status-publish","hentry"],"yoast_head":"<!-- This site is optimized with the Yoast SEO Premium plugin v27.4 (Yoast SEO v27.4) - https:\/\/yoast.com\/product\/yoast-seo-premium-wordpress\/ -->\n<title>R\u00e9servation S\u00e9jour Linguistique d&#039;\u00e9t\u00e9 pour les jeunes \u00e0 Bordeaux - Keep Learning French<\/title>\n<meta name=\"robots\" content=\"index, follow, max-snippet:-1, max-image-preview:large, max-video-preview:-1\" \/>\n<link rel=\"canonical\" href=\"https:\/\/klf.fr\/fr\/sejour-linguistique-jeunes-bordeaux\/reservation\/\" \/>\n<meta property=\"og:locale\" content=\"fr_FR\" \/>\n<meta property=\"og:type\" content=\"article\" \/>\n<meta property=\"og:title\" content=\"R\u00e9servation S\u00e9jour Linguistique d&#039;\u00e9t\u00e9 pour les jeunes \u00e0 Bordeaux\" \/>\n<meta property=\"og:description\" content=\"R\u00e9servationS\u00e9jour Linguistique d&rsquo;\u00e9t\u00e9 \u00e0 Bordeaux Inscrivez votre enfant \u00e0 son prochain cours de fran\u00e7ais \u00e0 Bordeaux, en France. Nous sommes impatients de les accueillir dans notre s\u00e9jour linguistique d&rsquo;\u00e9t\u00e9 ! Home Veuillez activer JavaScript pour continuer \u00e0 remplir ce formulaire. Pour les r\u00e9servations de derni\u00e8re minute (moins de 4 jours avant le d\u00e9but des cours), [&hellip;]\" \/>\n<meta property=\"og:url\" content=\"https:\/\/klf.fr\/fr\/sejour-linguistique-jeunes-bordeaux\/reservation\/\" \/>\n<meta property=\"og:site_name\" content=\"Keep Learning French\" \/>\n<meta property=\"article:modified_time\" content=\"2025-01-30T14:03:20+00:00\" \/>\n<meta name=\"twitter:card\" content=\"summary_large_image\" \/>\n<meta name=\"twitter:label1\" content=\"Dur\u00e9e de lecture estim\u00e9e\" \/>\n\t<meta name=\"twitter:data1\" content=\"1 minute\" \/>\n<script type=\"application\/ld+json\" class=\"yoast-schema-graph\">{\"@context\":\"https:\\\/\\\/schema.org\",\"@graph\":[{\"@type\":\"WebPage\",\"@id\":\"https:\\\/\\\/klf.fr\\\/fr\\\/sejour-linguistique-jeunes-bordeaux\\\/reservation\\\/\",\"url\":\"https:\\\/\\\/klf.fr\\\/fr\\\/sejour-linguistique-jeunes-bordeaux\\\/reservation\\\/\",\"name\":\"R\u00e9servation S\u00e9jour Linguistique d'\u00e9t\u00e9 pour les jeunes \u00e0 Bordeaux - Keep Learning French\",\"isPartOf\":{\"@id\":\"https:\\\/\\\/klf.fr\\\/fr\\\/#website\"},\"datePublished\":\"2025-01-20T16:32:13+00:00\",\"dateModified\":\"2025-01-30T14:03:20+00:00\",\"breadcrumb\":{\"@id\":\"https:\\\/\\\/klf.fr\\\/fr\\\/sejour-linguistique-jeunes-bordeaux\\\/reservation\\\/#breadcrumb\"},\"inLanguage\":\"fr-FR\",\"potentialAction\":[{\"@type\":\"ReadAction\",\"target\":[\"https:\\\/\\\/klf.fr\\\/fr\\\/sejour-linguistique-jeunes-bordeaux\\\/reservation\\\/\"]}]},{\"@type\":\"BreadcrumbList\",\"@id\":\"https:\\\/\\\/klf.fr\\\/fr\\\/sejour-linguistique-jeunes-bordeaux\\\/reservation\\\/#breadcrumb\",\"itemListElement\":[{\"@type\":\"ListItem\",\"position\":1,\"name\":\"Home\",\"item\":\"https:\\\/\\\/klf.fr\\\/fr\\\/home-2\\\/\"},{\"@type\":\"ListItem\",\"position\":2,\"name\":\"S\u00e9jour Linguistique en fran\u00e7ais pour les adolescents \u00e0 Bordeaux\",\"item\":\"https:\\\/\\\/klf.fr\\\/fr\\\/sejour-linguistique-jeunes-bordeaux\\\/\"},{\"@type\":\"ListItem\",\"position\":3,\"name\":\"R\u00e9servation S\u00e9jour Linguistique d&#8217;\u00e9t\u00e9 pour les jeunes \u00e0 Bordeaux\"}]},{\"@type\":\"WebSite\",\"@id\":\"https:\\\/\\\/klf.fr\\\/fr\\\/#website\",\"url\":\"https:\\\/\\\/klf.fr\\\/fr\\\/\",\"name\":\"Keep Learning French\",\"description\":\"Groupe d&#039;\u00e9coles de FLE en France.\",\"publisher\":{\"@id\":\"https:\\\/\\\/klf.fr\\\/fr\\\/#organization\"},\"potentialAction\":[{\"@type\":\"SearchAction\",\"target\":{\"@type\":\"EntryPoint\",\"urlTemplate\":\"https:\\\/\\\/klf.fr\\\/fr\\\/?s={search_term_string}\"},\"query-input\":{\"@type\":\"PropertyValueSpecification\",\"valueRequired\":true,\"valueName\":\"search_term_string\"}}],\"inLanguage\":\"fr-FR\"},{\"@type\":[\"Organization\",\"Place\"],\"@id\":\"https:\\\/\\\/klf.fr\\\/fr\\\/#organization\",\"name\":\"Keep Learning French\",\"url\":\"https:\\\/\\\/klf.fr\\\/fr\\\/\",\"logo\":{\"@id\":\"https:\\\/\\\/klf.fr\\\/fr\\\/sejour-linguistique-jeunes-bordeaux\\\/reservation\\\/#local-main-organization-logo\"},\"image\":{\"@id\":\"https:\\\/\\\/klf.fr\\\/fr\\\/sejour-linguistique-jeunes-bordeaux\\\/reservation\\\/#local-main-organization-logo\"},\"sameAs\":[\"https:\\\/\\\/linkedin.com\\\/school\\\/keep-learning-french\\\/\"],\"telephone\":[],\"openingHoursSpecification\":[{\"@type\":\"OpeningHoursSpecification\",\"dayOfWeek\":[\"Monday\",\"Tuesday\",\"Wednesday\",\"Thursday\",\"Friday\",\"Saturday\",\"Sunday\"],\"opens\":\"09:00\",\"closes\":\"17:00\"}]},{\"@type\":\"ImageObject\",\"inLanguage\":\"fr-FR\",\"@id\":\"https:\\\/\\\/klf.fr\\\/fr\\\/sejour-linguistique-jeunes-bordeaux\\\/reservation\\\/#local-main-organization-logo\",\"url\":\"https:\\\/\\\/klf.fr\\\/wp-content\\\/uploads\\\/2020\\\/09\\\/klf-favicon.png\",\"contentUrl\":\"https:\\\/\\\/klf.fr\\\/wp-content\\\/uploads\\\/2020\\\/09\\\/klf-favicon.png\",\"width\":200,\"height\":200,\"caption\":\"Keep Learning French\"}]}<\/script>\n<!-- \/ Yoast SEO Premium plugin. -->","yoast_head_json":{"title":"R\u00e9servation S\u00e9jour Linguistique d'\u00e9t\u00e9 pour les jeunes \u00e0 Bordeaux - Keep Learning French","robots":{"index":"index","follow":"follow","max-snippet":"max-snippet:-1","max-image-preview":"max-image-preview:large","max-video-preview":"max-video-preview:-1"},"canonical":"https:\/\/klf.fr\/fr\/sejour-linguistique-jeunes-bordeaux\/reservation\/","og_locale":"fr_FR","og_type":"article","og_title":"R\u00e9servation S\u00e9jour Linguistique d'\u00e9t\u00e9 pour les jeunes \u00e0 Bordeaux","og_description":"R\u00e9servationS\u00e9jour Linguistique d&rsquo;\u00e9t\u00e9 \u00e0 Bordeaux Inscrivez votre enfant \u00e0 son prochain cours de fran\u00e7ais \u00e0 Bordeaux, en France. Nous sommes impatients de les accueillir dans notre s\u00e9jour linguistique d&rsquo;\u00e9t\u00e9 ! Home Veuillez activer JavaScript pour continuer \u00e0 remplir ce formulaire. Pour les r\u00e9servations de derni\u00e8re minute (moins de 4 jours avant le d\u00e9but des cours), [&hellip;]","og_url":"https:\/\/klf.fr\/fr\/sejour-linguistique-jeunes-bordeaux\/reservation\/","og_site_name":"Keep Learning French","article_modified_time":"2025-01-30T14:03:20+00:00","twitter_card":"summary_large_image","twitter_misc":{"Dur\u00e9e de lecture estim\u00e9e":"1 minute"},"schema":{"@context":"https:\/\/schema.org","@graph":[{"@type":"WebPage","@id":"https:\/\/klf.fr\/fr\/sejour-linguistique-jeunes-bordeaux\/reservation\/","url":"https:\/\/klf.fr\/fr\/sejour-linguistique-jeunes-bordeaux\/reservation\/","name":"R\u00e9servation S\u00e9jour Linguistique d'\u00e9t\u00e9 pour les jeunes \u00e0 Bordeaux - Keep Learning French","isPartOf":{"@id":"https:\/\/klf.fr\/fr\/#website"},"datePublished":"2025-01-20T16:32:13+00:00","dateModified":"2025-01-30T14:03:20+00:00","breadcrumb":{"@id":"https:\/\/klf.fr\/fr\/sejour-linguistique-jeunes-bordeaux\/reservation\/#breadcrumb"},"inLanguage":"fr-FR","potentialAction":[{"@type":"ReadAction","target":["https:\/\/klf.fr\/fr\/sejour-linguistique-jeunes-bordeaux\/reservation\/"]}]},{"@type":"BreadcrumbList","@id":"https:\/\/klf.fr\/fr\/sejour-linguistique-jeunes-bordeaux\/reservation\/#breadcrumb","itemListElement":[{"@type":"ListItem","position":1,"name":"Home","item":"https:\/\/klf.fr\/fr\/home-2\/"},{"@type":"ListItem","position":2,"name":"S\u00e9jour Linguistique en fran\u00e7ais pour les adolescents \u00e0 Bordeaux","item":"https:\/\/klf.fr\/fr\/sejour-linguistique-jeunes-bordeaux\/"},{"@type":"ListItem","position":3,"name":"R\u00e9servation S\u00e9jour Linguistique d&#8217;\u00e9t\u00e9 pour les jeunes \u00e0 Bordeaux"}]},{"@type":"WebSite","@id":"https:\/\/klf.fr\/fr\/#website","url":"https:\/\/klf.fr\/fr\/","name":"Keep Learning French","description":"Groupe d&#039;\u00e9coles de FLE en France.","publisher":{"@id":"https:\/\/klf.fr\/fr\/#organization"},"potentialAction":[{"@type":"SearchAction","target":{"@type":"EntryPoint","urlTemplate":"https:\/\/klf.fr\/fr\/?s={search_term_string}"},"query-input":{"@type":"PropertyValueSpecification","valueRequired":true,"valueName":"search_term_string"}}],"inLanguage":"fr-FR"},{"@type":["Organization","Place"],"@id":"https:\/\/klf.fr\/fr\/#organization","name":"Keep Learning French","url":"https:\/\/klf.fr\/fr\/","logo":{"@id":"https:\/\/klf.fr\/fr\/sejour-linguistique-jeunes-bordeaux\/reservation\/#local-main-organization-logo"},"image":{"@id":"https:\/\/klf.fr\/fr\/sejour-linguistique-jeunes-bordeaux\/reservation\/#local-main-organization-logo"},"sameAs":["https:\/\/linkedin.com\/school\/keep-learning-french\/"],"telephone":[],"openingHoursSpecification":[{"@type":"OpeningHoursSpecification","dayOfWeek":["Monday","Tuesday","Wednesday","Thursday","Friday","Saturday","Sunday"],"opens":"09:00","closes":"17:00"}]},{"@type":"ImageObject","inLanguage":"fr-FR","@id":"https:\/\/klf.fr\/fr\/sejour-linguistique-jeunes-bordeaux\/reservation\/#local-main-organization-logo","url":"https:\/\/klf.fr\/wp-content\/uploads\/2020\/09\/klf-favicon.png","contentUrl":"https:\/\/klf.fr\/wp-content\/uploads\/2020\/09\/klf-favicon.png","width":200,"height":200,"caption":"Keep Learning French"}]}},"_links":{"self":[{"href":"https:\/\/klf.fr\/fr\/wp-json\/wp\/v2\/pages\/31018","targetHints":{"allow":["GET"]}}],"collection":[{"href":"https:\/\/klf.fr\/fr\/wp-json\/wp\/v2\/pages"}],"about":[{"href":"https:\/\/klf.fr\/fr\/wp-json\/wp\/v2\/types\/page"}],"author":[{"embeddable":true,"href":"https:\/\/klf.fr\/fr\/wp-json\/wp\/v2\/users\/11"}],"replies":[{"embeddable":true,"href":"https:\/\/klf.fr\/fr\/wp-json\/wp\/v2\/comments?post=31018"}],"version-history":[{"count":0,"href":"https:\/\/klf.fr\/fr\/wp-json\/wp\/v2\/pages\/31018\/revisions"}],"up":[{"embeddable":true,"href":"https:\/\/klf.fr\/fr\/wp-json\/wp\/v2\/pages\/31327"}],"wp:attachment":[{"href":"https:\/\/klf.fr\/fr\/wp-json\/wp\/v2\/media?parent=31018"}],"wp:term":[{"taxonomy":"language-product","embeddable":true,"href":"https:\/\/klf.fr\/fr\/wp-json\/wp\/v2\/language-product?post=31018"},{"taxonomy":"type-product","embeddable":true,"href":"https:\/\/klf.fr\/fr\/wp-json\/wp\/v2\/type-product?post=31018"},{"taxonomy":"city-product","embeddable":true,"href":"https:\/\/klf.fr\/fr\/wp-json\/wp\/v2\/city-product?post=31018"},{"taxonomy":"course-category","embeddable":true,"href":"https:\/\/klf.fr\/fr\/wp-json\/wp\/v2\/course-category?post=31018"},{"taxonomy":"folder","embeddable":true,"href":"https:\/\/klf.fr\/fr\/wp-json\/wp\/v2\/folder?post=31018"}],"curies":[{"name":"wp","href":"https:\/\/api.w.org\/{rel}","templated":true}]}}