{"id":30937,"date":"2025-01-17T16:32:35","date_gmt":"2025-01-17T15:32:35","guid":{"rendered":"https:\/\/klf.fr\/bordeaux\/cours-francais-bordeaux\/"},"modified":"2026-03-24T12:48:24","modified_gmt":"2026-03-24T11:48:24","slug":"cours-de-francais","status":"publish","type":"page","link":"https:\/\/klf.fr\/fr\/bordeaux\/cours-de-francais\/","title":{"rendered":"Cours de fran\u00e7ais \u00e0 Bordeaux"},"content":{"rendered":"\t\t<div data-elementor-type=\"wp-page\" data-elementor-id=\"30937\" class=\"elementor elementor-30937 elementor-2427\" data-elementor-post-type=\"page\">\n\t\t\t\t<div class=\"elementor-element elementor-element-d824dca e-con-full e-flex e-con e-parent\" data-id=\"d824dca\" data-element_type=\"container\" data-e-type=\"container\" data-settings=\"{&quot;background_background&quot;:&quot;gradient&quot;,&quot;shape_divider_bottom&quot;:&quot;waves&quot;,&quot;shape_divider_bottom_negative&quot;:&quot;yes&quot;,&quot;ekit_has_onepagescroll_dot&quot;:&quot;yes&quot;}\">\n\t\t\t\t<div class=\"elementor-shape elementor-shape-bottom\" aria-hidden=\"true\" data-negative=\"true\">\n\t\t\t<svg xmlns=\"http:\/\/www.w3.org\/2000\/svg\" viewBox=\"0 0 1000 100\" preserveAspectRatio=\"none\">\n\t<path class=\"elementor-shape-fill\" d=\"M790.5,93.1c-59.3-5.3-116.8-18-192.6-50c-29.6-12.7-76.9-31-100.5-35.9c-23.6-4.9-52.6-7.8-75.5-5.3\n\tc-10.2,1.1-22.6,1.4-50.1,7.4c-27.2,6.3-58.2,16.6-79.4,24.7c-41.3,15.9-94.9,21.9-134,22.6C72,58.2,0,25.8,0,25.8V100h1000V65.3\n\tc0,0-51.5,19.4-106.2,25.7C839.5,97,814.1,95.2,790.5,93.1z\"\/>\n<\/svg>\t\t<\/div>\n\t\t<div class=\"elementor-element elementor-element-caaee46 e-con-full e-flex e-con e-child\" data-id=\"caaee46\" data-element_type=\"container\" data-e-type=\"container\" data-settings=\"{&quot;ekit_has_onepagescroll_dot&quot;:&quot;yes&quot;}\">\n\t\t\t\t<div class=\"elementor-element elementor-element-86b36f2 elementor-widget elementor-widget-heading\" data-id=\"86b36f2\" data-element_type=\"widget\" data-e-type=\"widget\" data-settings=\"{&quot;ekit_we_effect_on&quot;:&quot;none&quot;}\" data-widget_type=\"heading.default\">\n\t\t\t\t\t<span class=\"elementor-heading-title elementor-size-default\">Newdeal Institut<\/span>\t\t\t\t<\/div>\n\t\t\t\t<div class=\"elementor-element elementor-element-621d285 elementor-widget-mobile__width-inherit elementor-widget elementor-widget-eael-dual-color-header\" data-id=\"621d285\" data-element_type=\"widget\" data-e-type=\"widget\" data-settings=\"{&quot;motion_fx_motion_fx_scrolling&quot;:&quot;yes&quot;,&quot;motion_fx_scale_effect&quot;:&quot;yes&quot;,&quot;motion_fx_scale_direction&quot;:&quot;in-out-in&quot;,&quot;motion_fx_scale_speed&quot;:{&quot;unit&quot;:&quot;px&quot;,&quot;size&quot;:&quot;-1&quot;,&quot;sizes&quot;:[]},&quot;motion_fx_scale_range&quot;:{&quot;unit&quot;:&quot;%&quot;,&quot;size&quot;:&quot;&quot;,&quot;sizes&quot;:{&quot;start&quot;:&quot;0&quot;,&quot;end&quot;:&quot;70&quot;}},&quot;ekit_we_effect_on&quot;:&quot;none&quot;,&quot;motion_fx_devices&quot;:[&quot;widescreen&quot;,&quot;desktop&quot;,&quot;laptop&quot;,&quot;tablet&quot;,&quot;mobile&quot;]}\" data-widget_type=\"eael-dual-color-header.default\">\n\t\t\t\t\t\t\t\t<div class=\"eael-dual-header\">\n\t\t\t\t<h1 class=\"title eael-dch-title\"><span class=\"eael-dch-title-text eael-dch-title-lead lead solid-color\">Cours de fran\u00e7ais \u00e0 <\/span> <span class=\"eael-dch-title-text\">Bordeaux.<\/span><\/h1>\t\t\t\t\t<span class=\"eael-dch-svg-icon\"><\/span>\t\t\t\t\t\t\t<\/div>\n\n\t\t\t\t\t\t<\/div>\n\t\t\t\t<div class=\"elementor-element elementor-element-5178c56 elementor-widget elementor-widget-text-editor\" data-id=\"5178c56\" data-element_type=\"widget\" data-e-type=\"widget\" data-settings=\"{&quot;ekit_we_effect_on&quot;:&quot;none&quot;}\" data-widget_type=\"text-editor.default\">\n\t\t\t\t\t\t\t\t\t<p>Nos cours de fran\u00e7ais \u00e0 Bordeaux s\u2019adressent \u00e0 tous les niveaux, des d\u00e9butants aux apprenants avanc\u00e9s. Avant votre arriv\u00e9e, un test de niveau nous permet de constituer des groupes homog\u00e8nes, adapt\u00e9s \u00e0 vos comp\u00e9tences et \u00e0 vos objectifs. Vous int\u00e9grerez une classe correspondant \u00e0 votre niveau, o\u00f9 des professeurs qualifi\u00e9s et exp\u00e9riment\u00e9s vous guideront pour progresser, enrichir votre vocabulaire et am\u00e9liorer vos comp\u00e9tences linguistiques.   <\/p>\t\t\t\t\t\t\t\t<\/div>\n\t\t\t\t<div class=\"elementor-element elementor-element-b9e6fd1 elementor-icon-list--layout-inline elementor-list-item-link-full_width elementor-widget elementor-widget-icon-list\" data-id=\"b9e6fd1\" data-element_type=\"widget\" data-e-type=\"widget\" data-settings=\"{&quot;ekit_we_effect_on&quot;:&quot;none&quot;}\" data-widget_type=\"icon-list.default\">\n\t\t\t\t\t\t\t<ul class=\"elementor-icon-list-items elementor-inline-items\">\n\t\t\t\t\t\t\t<li class=\"elementor-icon-list-item elementor-inline-item\">\n\t\t\t\t\t\t\t\t\t\t\t<span class=\"elementor-icon-list-icon\">\n\t\t\t\t\t\t\t<i aria-hidden=\"true\" class=\"fas fa-graduation-cap\"><\/i>\t\t\t\t\t\t<\/span>\n\t\t\t\t\t\t\t\t\t\t<span class=\"elementor-icon-list-text\">Cours<\/span>\n\t\t\t\t\t\t\t\t\t<\/li>\n\t\t\t\t\t\t\t\t<li class=\"elementor-icon-list-item elementor-inline-item\">\n\t\t\t\t\t\t\t\t\t\t\t<span class=\"elementor-icon-list-icon\">\n\t\t\t\t\t\t\t<i aria-hidden=\"true\" class=\"fas fa-home\"><\/i>\t\t\t\t\t\t<\/span>\n\t\t\t\t\t\t\t\t\t\t<span class=\"elementor-icon-list-text\">H\u00e9bergement<\/span>\n\t\t\t\t\t\t\t\t\t<\/li>\n\t\t\t\t\t\t\t\t<li class=\"elementor-icon-list-item elementor-inline-item\">\n\t\t\t\t\t\t\t\t\t\t\t<span class=\"elementor-icon-list-icon\">\n\t\t\t\t\t\t\t<i aria-hidden=\"true\" class=\"fas fa-globe-africa\"><\/i>\t\t\t\t\t\t<\/span>\n\t\t\t\t\t\t\t\t\t\t<span class=\"elementor-icon-list-text\">Activit\u00e9s<\/span>\n\t\t\t\t\t\t\t\t\t<\/li>\n\t\t\t\t\t\t<\/ul>\n\t\t\t\t\t\t<\/div>\n\t\t\t\t<div class=\"elementor-element elementor-element-1158f45 elementor-widget elementor-widget-spacer\" data-id=\"1158f45\" data-element_type=\"widget\" data-e-type=\"widget\" data-settings=\"{&quot;ekit_we_effect_on&quot;:&quot;none&quot;}\" data-widget_type=\"spacer.default\">\n\t\t\t\t\t\t\t<div class=\"elementor-spacer\">\n\t\t\t<div class=\"elementor-spacer-inner\"><\/div>\n\t\t<\/div>\n\t\t\t\t\t\t<\/div>\n\t\t<div class=\"elementor-element elementor-element-229aed9 e-flex e-con-boxed elementor-invisible e-con e-child\" data-id=\"229aed9\" data-element_type=\"container\" data-e-type=\"container\" data-settings=\"{&quot;motion_fx_motion_fx_scrolling&quot;:&quot;yes&quot;,&quot;motion_fx_translateY_effect&quot;:&quot;yes&quot;,&quot;motion_fx_translateY_speed&quot;:{&quot;unit&quot;:&quot;px&quot;,&quot;size&quot;:&quot;2&quot;,&quot;sizes&quot;:[]},&quot;animation&quot;:&quot;fadeInDown&quot;,&quot;ekit_has_onepagescroll_dot&quot;:&quot;yes&quot;,&quot;motion_fx_translateY_affectedRange&quot;:{&quot;unit&quot;:&quot;%&quot;,&quot;size&quot;:&quot;&quot;,&quot;sizes&quot;:{&quot;start&quot;:0,&quot;end&quot;:100}},&quot;motion_fx_devices&quot;:[&quot;widescreen&quot;,&quot;desktop&quot;,&quot;laptop&quot;,&quot;tablet&quot;,&quot;mobile&quot;]}\">\n\t\t\t\t\t<div class=\"e-con-inner\">\n\t\t\t\t<div class=\"elementor-element elementor-element-2ee8a56 elementor-widget elementor-widget-button\" data-id=\"2ee8a56\" data-element_type=\"widget\" data-e-type=\"widget\" data-settings=\"{&quot;ekit_we_effect_on&quot;:&quot;none&quot;}\" data-widget_type=\"button.default\">\n\t\t\t\t\t\t\t\t\t\t<a class=\"elementor-button elementor-button-link elementor-size-sm elementor-animation-grow\" href=\"https:\/\/klf.fr\/bordeaux\/french-courses-in-bordeaux-booking\/\">\n\t\t\t\t\t\t<span class=\"elementor-button-content-wrapper\">\n\t\t\t\t\t\t\t\t\t<span class=\"elementor-button-text\">R\u00e9server<\/span>\n\t\t\t\t\t<\/span>\n\t\t\t\t\t<\/a>\n\t\t\t\t\t\t\t\t<\/div>\n\t\t\t\t<div class=\"elementor-element elementor-element-600870d elementor-widget elementor-widget-button\" data-id=\"600870d\" data-element_type=\"widget\" data-e-type=\"widget\" data-settings=\"{&quot;ekit_we_effect_on&quot;:&quot;none&quot;}\" data-widget_type=\"button.default\">\n\t\t\t\t\t\t\t\t\t\t<a class=\"elementor-button elementor-button-link elementor-size-sm elementor-animation-grow\" href=\"https:\/\/klf.fr\/fr\/bordeaux\/cours-francais-bordeaux-devis\/\">\n\t\t\t\t\t\t<span class=\"elementor-button-content-wrapper\">\n\t\t\t\t\t\t\t\t\t<span class=\"elementor-button-text\">Devis<\/span>\n\t\t\t\t\t<\/span>\n\t\t\t\t\t<\/a>\n\t\t\t\t\t\t\t\t<\/div>\n\t\t\t\t\t<\/div>\n\t\t\t\t<\/div>\n\t\t\t\t<\/div>\n\t\t<div class=\"elementor-element elementor-element-7e90cc6 e-con-full e-flex e-con e-child\" data-id=\"7e90cc6\" data-element_type=\"container\" data-e-type=\"container\" data-settings=\"{&quot;background_background&quot;:&quot;classic&quot;,&quot;ekit_has_onepagescroll_dot&quot;:&quot;yes&quot;}\">\n\t\t\t\t<div class=\"elementor-element elementor-element-075d103 elementor-widget elementor-widget-spacer\" data-id=\"075d103\" data-element_type=\"widget\" data-e-type=\"widget\" data-settings=\"{&quot;ekit_we_effect_on&quot;:&quot;none&quot;}\" data-widget_type=\"spacer.default\">\n\t\t\t\t\t\t\t<div class=\"elementor-spacer\">\n\t\t\t<div class=\"elementor-spacer-inner\"><\/div>\n\t\t<\/div>\n\t\t\t\t\t\t<\/div>\n\t\t\t\t<\/div>\n\t\t\t\t<\/div>\n\t\t<div class=\"elementor-element elementor-element-4917ee1c e-flex e-con-boxed e-con e-parent\" data-id=\"4917ee1c\" data-element_type=\"container\" data-e-type=\"container\" data-settings=\"{&quot;ekit_has_onepagescroll_dot&quot;:&quot;yes&quot;}\">\n\t\t\t\t\t<div class=\"e-con-inner\">\n\t\t\t\t<div class=\"elementor-element elementor-element-46aab506 elementor-widget elementor-widget-spacer\" data-id=\"46aab506\" data-element_type=\"widget\" data-e-type=\"widget\" data-settings=\"{&quot;ekit_we_effect_on&quot;:&quot;none&quot;}\" data-widget_type=\"spacer.default\">\n\t\t\t\t\t\t\t<div class=\"elementor-spacer\">\n\t\t\t<div class=\"elementor-spacer-inner\"><\/div>\n\t\t<\/div>\n\t\t\t\t\t\t<\/div>\n\t\t\t\t\t<\/div>\n\t\t\t\t<\/div>\n\t\t<div class=\"elementor-element elementor-element-6a6f984c e-flex e-con-boxed e-con e-parent\" data-id=\"6a6f984c\" data-element_type=\"container\" data-e-type=\"container\" data-settings=\"{&quot;ekit_has_onepagescroll_dot&quot;:&quot;yes&quot;}\">\n\t\t\t\t\t<div class=\"e-con-inner\">\n\t\t\t\t<div class=\"elementor-element elementor-element-136bfdcd eael-dual-header-content-align-left eael-dual-header-content-laptop-align-left elementor-widget elementor-widget-eael-dual-color-header\" data-id=\"136bfdcd\" data-element_type=\"widget\" data-e-type=\"widget\" data-settings=\"{&quot;ekit_we_effect_on&quot;:&quot;none&quot;}\" data-widget_type=\"eael-dual-color-header.default\">\n\t\t\t\t\t\t\t\t<div class=\"eael-dual-header\">\n\t\t\t\t<h2 class=\"title eael-dch-title\"><span class=\"eael-dch-title-text eael-dch-title-lead lead solid-color\">General<\/span> <span class=\"eael-dch-title-text\">Cours de fran\u00e7ais<\/span><\/h2>\t\t\t\t\t<span class=\"subtext\"><p>Choisissez le cours de fran\u00e7ais qui s\u2019adapte le mieux \u00e0 vos besoins et \u00e0 votre emploi du temps. Qu\u2019il s\u2019agisse du programme Standard, Intensif ou Super-Intensif, nos sessions d\u00e9butent chaque lundi et offrent des cours en groupe pour tous les niveaux.  <\/p><\/span>\n\t\t\t\t\t\t\t<\/div>\n\n\t\t\t\t\t\t<\/div>\n\t\t\t\t\t<\/div>\n\t\t\t\t<\/div>\n\t\t<div data-pa-eq-height=\"{&quot;targetType&quot;:&quot;widget&quot;,&quot;target&quot;:&quot;&quot;,&quot;trigger&quot;:&quot;load&quot;,&quot;enableOn&quot;:[&quot;desktop&quot;,&quot;tablet&quot;,&quot;mobile&quot;,&quot;widescreen&quot;,&quot;laptop&quot;,&quot;tablet_extra&quot;,&quot;mobile_extra&quot;]}\" class=\"elementor-element elementor-element-52cf1fbb premium-equal-height-yes e-flex e-con-boxed e-con e-parent\" data-id=\"52cf1fbb\" data-element_type=\"container\" data-e-type=\"container\" data-settings=\"{&quot;premium_eq_height_switcher&quot;:&quot;yes&quot;,&quot;ekit_has_onepagescroll_dot&quot;:&quot;yes&quot;}\">\n\t\t\t\t\t<div class=\"e-con-inner\">\n\t\t<div class=\"elementor-element elementor-element-613725c3 e-con-full e-flex e-con e-child\" data-id=\"613725c3\" data-element_type=\"container\" data-e-type=\"container\" data-settings=\"{&quot;ekit_has_onepagescroll_dot&quot;:&quot;yes&quot;}\">\n\t\t\t\t<div class=\"elementor-element elementor-element-5694c0f2 elementor-widget elementor-widget-image\" data-id=\"5694c0f2\" data-element_type=\"widget\" data-e-type=\"widget\" data-settings=\"{&quot;ekit_we_effect_on&quot;:&quot;none&quot;}\" data-widget_type=\"image.default\">\n\t\t\t\t\t\t\t\t\t\t\t\t\t\t\t\t<a href=\"https:\/\/klf.fr\/fr\/bordeaux\/cours-de-francais\/standard-program-in-bordeaux\/\" target=\"_blank\">\n\t\t\t\t\t\t\t<img decoding=\"async\" src=\"https:\/\/klf.fr\/wp-content\/uploads\/elementor\/thumbs\/01_KLF_BORDEAUX_236_websize-qxl1api8zwvrw987b0prn7sf439xj9623n76et79dk.jpg\" title=\"01_KLF_BORDEAUX_236_websize\" alt=\"Standard French courses in Bordeaux\" loading=\"lazy\" \/>\t\t\t\t\t\t\t\t<\/a>\n\t\t\t\t\t\t\t\t\t\t\t\t\t\t\t<\/div>\n\t\t<div class=\"elementor-element elementor-element-627c0687 e-flex e-con-boxed e-con e-child\" data-id=\"627c0687\" data-element_type=\"container\" data-e-type=\"container\" data-settings=\"{&quot;ekit_has_onepagescroll_dot&quot;:&quot;yes&quot;}\">\n\t\t\t\t\t<div class=\"e-con-inner\">\n\t\t\t\t<div class=\"elementor-element elementor-element-5a89e46c elementor-widget elementor-widget-heading\" data-id=\"5a89e46c\" data-element_type=\"widget\" data-e-type=\"widget\" data-settings=\"{&quot;ekit_we_effect_on&quot;:&quot;none&quot;}\" data-widget_type=\"heading.default\">\n\t\t\t\t\t<h3 class=\"elementor-heading-title elementor-size-default\">Programmes Standard<\/h3>\t\t\t\t<\/div>\n\t\t\t\t<div class=\"elementor-element elementor-element-4317d988 elementor-widget elementor-widget-text-editor\" data-id=\"4317d988\" data-element_type=\"widget\" data-e-type=\"widget\" data-settings=\"{&quot;ekit_we_effect_on&quot;:&quot;none&quot;}\" data-widget_type=\"text-editor.default\">\n\t\t\t\t\t\t\t\t\t<p>Le cours de fran\u00e7ais Standard comprend 20 le\u00e7ons par semaine, combinant grammaire et communication. Il est parfait pour ceux qui souhaitent progresser tout en profitant d\u2019un \u00e9quilibre entre apprentissage et temps libre. <\/p>\t\t\t\t\t\t\t\t<\/div>\n\t\t\t\t<div class=\"elementor-element elementor-element-8d3317e elementor-icon-list--layout-inline elementor-list-item-link-full_width elementor-widget elementor-widget-icon-list\" data-id=\"8d3317e\" data-element_type=\"widget\" data-e-type=\"widget\" data-settings=\"{&quot;ekit_we_effect_on&quot;:&quot;none&quot;}\" data-widget_type=\"icon-list.default\">\n\t\t\t\t\t\t\t<ul class=\"elementor-icon-list-items elementor-inline-items\">\n\t\t\t\t\t\t\t<li class=\"elementor-icon-list-item elementor-inline-item\">\n\t\t\t\t\t\t\t\t\t\t\t<span class=\"elementor-icon-list-icon\">\n\t\t\t\t\t\t\t<i aria-hidden=\"true\" class=\"fas fa-book\"><\/i>\t\t\t\t\t\t<\/span>\n\t\t\t\t\t\t\t\t\t\t<span class=\"elementor-icon-list-text\">20 Le\u00e7ons\/Semaine<\/span>\n\t\t\t\t\t\t\t\t\t<\/li>\n\t\t\t\t\t\t\t\t<li class=\"elementor-icon-list-item elementor-inline-item\">\n\t\t\t\t\t\t\t\t\t\t\t<span class=\"elementor-icon-list-icon\">\n\t\t\t\t\t\t\t<i aria-hidden=\"true\" class=\"far fa-calendar-alt\"><\/i>\t\t\t\t\t\t<\/span>\n\t\t\t\t\t\t\t\t\t\t<span class=\"elementor-icon-list-text\">Tous les lundis<\/span>\n\t\t\t\t\t\t\t\t\t<\/li>\n\t\t\t\t\t\t<\/ul>\n\t\t\t\t\t\t<\/div>\n\t\t\t\t<div class=\"elementor-element elementor-element-53b35c70 elementor-widget-divider--view-line elementor-widget elementor-widget-divider\" data-id=\"53b35c70\" data-element_type=\"widget\" data-e-type=\"widget\" data-settings=\"{&quot;ekit_we_effect_on&quot;:&quot;none&quot;}\" data-widget_type=\"divider.default\">\n\t\t\t\t\t\t\t<div class=\"elementor-divider\">\n\t\t\t<span class=\"elementor-divider-separator\">\n\t\t\t\t\t\t<\/span>\n\t\t<\/div>\n\t\t\t\t\t\t<\/div>\n\t\t<div class=\"elementor-element elementor-element-58bbc0bd e-con-full e-flex e-con e-child\" data-id=\"58bbc0bd\" data-element_type=\"container\" data-e-type=\"container\" data-settings=\"{&quot;ekit_has_onepagescroll_dot&quot;:&quot;yes&quot;}\">\n\t\t<div class=\"elementor-element elementor-element-7b9ea3b7 e-con-full e-flex e-con e-child\" data-id=\"7b9ea3b7\" data-element_type=\"container\" data-e-type=\"container\" data-settings=\"{&quot;ekit_has_onepagescroll_dot&quot;:&quot;yes&quot;}\">\n\t\t\t\t<div class=\"elementor-element elementor-element-16851926 elementor-widget-mobile__width-inherit elementor-widget elementor-widget-heading\" data-id=\"16851926\" data-element_type=\"widget\" data-e-type=\"widget\" data-settings=\"{&quot;ekit_we_effect_on&quot;:&quot;none&quot;}\" data-widget_type=\"heading.default\">\n\t\t\t\t\t<span class=\"elementor-heading-title elementor-size-default\">A partir de : 180 \u20ac\/semaine\n<\/span>\t\t\t\t<\/div>\n\t\t\t\t<\/div>\n\t\t<div class=\"elementor-element elementor-element-23a8127c e-con-full e-flex e-con e-child\" data-id=\"23a8127c\" data-element_type=\"container\" data-e-type=\"container\" data-settings=\"{&quot;ekit_has_onepagescroll_dot&quot;:&quot;yes&quot;}\">\n\t\t\t\t<div class=\"elementor-element elementor-element-7d87436c elementor-align-right elementor-widget elementor-widget-button\" data-id=\"7d87436c\" data-element_type=\"widget\" data-e-type=\"widget\" data-settings=\"{&quot;ekit_we_effect_on&quot;:&quot;none&quot;}\" data-widget_type=\"button.default\">\n\t\t\t\t\t\t\t\t\t\t<a class=\"elementor-button elementor-button-link elementor-size-sm elementor-animation-shrink\" href=\"https:\/\/klf.fr\/fr\/bordeaux\/cours-de-francais\/standard-program-in-bordeaux\/\">\n\t\t\t\t\t\t<span class=\"elementor-button-content-wrapper\">\n\t\t\t\t\t\t\t\t\t<span class=\"elementor-button-text\">Plus d'informations<\/span>\n\t\t\t\t\t<\/span>\n\t\t\t\t\t<\/a>\n\t\t\t\t\t\t\t\t<\/div>\n\t\t\t\t<\/div>\n\t\t\t\t<\/div>\n\t\t\t\t\t<\/div>\n\t\t\t\t<\/div>\n\t\t\t\t<\/div>\n\t\t<div class=\"elementor-element elementor-element-69a932bf e-con-full e-flex e-con e-child\" data-id=\"69a932bf\" data-element_type=\"container\" data-e-type=\"container\" data-settings=\"{&quot;ekit_has_onepagescroll_dot&quot;:&quot;yes&quot;}\">\n\t\t\t\t<div class=\"elementor-element elementor-element-2e37634a elementor-widget__width-initial elementor-widget elementor-widget-image\" data-id=\"2e37634a\" data-element_type=\"widget\" data-e-type=\"widget\" data-settings=\"{&quot;ekit_we_effect_on&quot;:&quot;none&quot;}\" data-widget_type=\"image.default\">\n\t\t\t\t\t\t\t\t\t\t\t\t\t\t\t\t<a href=\"https:\/\/klf.fr\/fr\/bordeaux\/cours-de-francais\/cours-francais-intensif-bordeaux\/\" target=\"_blank\">\n\t\t\t\t\t\t\t<img decoding=\"async\" src=\"https:\/\/klf.fr\/wp-content\/uploads\/elementor\/thumbs\/01_KLF_BORDEAUX_269_websize-r5pds4wn3edq2c81x0qwhal3f7tpg9sifr4b9pwofs.jpg\" title=\"01_KLF_BORDEAUX_269_websize\" alt=\"Intensive French courses in Bordeaux\" loading=\"lazy\" \/>\t\t\t\t\t\t\t\t<\/a>\n\t\t\t\t\t\t\t\t\t\t\t\t\t\t\t<\/div>\n\t\t<div class=\"elementor-element elementor-element-34776a24 e-flex e-con-boxed e-con e-child\" data-id=\"34776a24\" data-element_type=\"container\" data-e-type=\"container\" data-settings=\"{&quot;ekit_has_onepagescroll_dot&quot;:&quot;yes&quot;}\">\n\t\t\t\t\t<div class=\"e-con-inner\">\n\t\t\t\t<div class=\"elementor-element elementor-element-112afe83 elementor-widget elementor-widget-heading\" data-id=\"112afe83\" data-element_type=\"widget\" data-e-type=\"widget\" data-settings=\"{&quot;ekit_we_effect_on&quot;:&quot;none&quot;}\" data-widget_type=\"heading.default\">\n\t\t\t\t\t<h3 class=\"elementor-heading-title elementor-size-default\">Programme intensif<\/h3>\t\t\t\t<\/div>\n\t\t\t\t<div class=\"elementor-element elementor-element-3e1a8f4d elementor-widget elementor-widget-text-editor\" data-id=\"3e1a8f4d\" data-element_type=\"widget\" data-e-type=\"widget\" data-settings=\"{&quot;ekit_we_effect_on&quot;:&quot;none&quot;}\" data-widget_type=\"text-editor.default\">\n\t\t\t\t\t\t\t\t\t<p>Rejoignez notre cours de fran\u00e7ais Intensif, comprenant 26 sessions par semaine, id\u00e9al pour allier apprentissage approfondi et immersion culturelle en France. Les petits groupes permettent une attention personnalis\u00e9e, adapt\u00e9e \u00e0 tous les niveaux. Que vous soyez d\u00e9butant ou souhaitiez perfectionner vos comp\u00e9tences, ce programme est con\u00e7u pour enrichir votre exp\u00e9rience linguistique et culturelle.   <\/p>\t\t\t\t\t\t\t\t<\/div>\n\t\t\t\t<div class=\"elementor-element elementor-element-fcdf5ce elementor-icon-list--layout-inline elementor-list-item-link-full_width elementor-widget elementor-widget-icon-list\" data-id=\"fcdf5ce\" data-element_type=\"widget\" data-e-type=\"widget\" data-settings=\"{&quot;ekit_we_effect_on&quot;:&quot;none&quot;}\" data-widget_type=\"icon-list.default\">\n\t\t\t\t\t\t\t<ul class=\"elementor-icon-list-items elementor-inline-items\">\n\t\t\t\t\t\t\t<li class=\"elementor-icon-list-item elementor-inline-item\">\n\t\t\t\t\t\t\t\t\t\t\t<span class=\"elementor-icon-list-icon\">\n\t\t\t\t\t\t\t<i aria-hidden=\"true\" class=\"fas fa-book\"><\/i>\t\t\t\t\t\t<\/span>\n\t\t\t\t\t\t\t\t\t\t<span class=\"elementor-icon-list-text\">26 Le\u00e7ons\/Semaine<\/span>\n\t\t\t\t\t\t\t\t\t<\/li>\n\t\t\t\t\t\t\t\t<li class=\"elementor-icon-list-item elementor-inline-item\">\n\t\t\t\t\t\t\t\t\t\t\t<span class=\"elementor-icon-list-icon\">\n\t\t\t\t\t\t\t<i aria-hidden=\"true\" class=\"far fa-calendar-alt\"><\/i>\t\t\t\t\t\t<\/span>\n\t\t\t\t\t\t\t\t\t\t<span class=\"elementor-icon-list-text\">Tous les lundis<\/span>\n\t\t\t\t\t\t\t\t\t<\/li>\n\t\t\t\t\t\t<\/ul>\n\t\t\t\t\t\t<\/div>\n\t\t\t\t<div class=\"elementor-element elementor-element-3134bb73 elementor-widget-divider--view-line elementor-widget elementor-widget-divider\" data-id=\"3134bb73\" data-element_type=\"widget\" data-e-type=\"widget\" data-settings=\"{&quot;ekit_we_effect_on&quot;:&quot;none&quot;}\" data-widget_type=\"divider.default\">\n\t\t\t\t\t\t\t<div class=\"elementor-divider\">\n\t\t\t<span class=\"elementor-divider-separator\">\n\t\t\t\t\t\t<\/span>\n\t\t<\/div>\n\t\t\t\t\t\t<\/div>\n\t\t<div class=\"elementor-element elementor-element-2eed0004 e-con-full e-flex e-con e-child\" data-id=\"2eed0004\" data-element_type=\"container\" data-e-type=\"container\" data-settings=\"{&quot;ekit_has_onepagescroll_dot&quot;:&quot;yes&quot;}\">\n\t\t<div class=\"elementor-element elementor-element-368253fb e-con-full e-flex e-con e-child\" data-id=\"368253fb\" data-element_type=\"container\" data-e-type=\"container\" data-settings=\"{&quot;ekit_has_onepagescroll_dot&quot;:&quot;yes&quot;}\">\n\t\t\t\t<div class=\"elementor-element elementor-element-5e4a3c3f elementor-widget-mobile__width-inherit elementor-widget elementor-widget-heading\" data-id=\"5e4a3c3f\" data-element_type=\"widget\" data-e-type=\"widget\" data-settings=\"{&quot;ekit_we_effect_on&quot;:&quot;none&quot;}\" data-widget_type=\"heading.default\">\n\t\t\t\t\t<span class=\"elementor-heading-title elementor-size-default\">A partir de : \u20ac197\/semaine\n<\/span>\t\t\t\t<\/div>\n\t\t\t\t<\/div>\n\t\t<div class=\"elementor-element elementor-element-39daabe6 e-con-full e-flex e-con e-child\" data-id=\"39daabe6\" data-element_type=\"container\" data-e-type=\"container\" data-settings=\"{&quot;ekit_has_onepagescroll_dot&quot;:&quot;yes&quot;}\">\n\t\t\t\t<div class=\"elementor-element elementor-element-774459db elementor-align-right elementor-widget elementor-widget-button\" data-id=\"774459db\" data-element_type=\"widget\" data-e-type=\"widget\" data-settings=\"{&quot;ekit_we_effect_on&quot;:&quot;none&quot;}\" data-widget_type=\"button.default\">\n\t\t\t\t\t\t\t\t\t\t<a class=\"elementor-button elementor-button-link elementor-size-sm elementor-animation-shrink\" href=\"https:\/\/klf.fr\/fr\/bordeaux\/cours-de-francais\/cours-francais-intensif-bordeaux\/\">\n\t\t\t\t\t\t<span class=\"elementor-button-content-wrapper\">\n\t\t\t\t\t\t\t\t\t<span class=\"elementor-button-text\">Plus d'informations<\/span>\n\t\t\t\t\t<\/span>\n\t\t\t\t\t<\/a>\n\t\t\t\t\t\t\t\t<\/div>\n\t\t\t\t<\/div>\n\t\t\t\t<\/div>\n\t\t\t\t\t<\/div>\n\t\t\t\t<\/div>\n\t\t\t\t<\/div>\n\t\t<div class=\"elementor-element elementor-element-216e3b02 e-con-full e-flex e-con e-child\" data-id=\"216e3b02\" data-element_type=\"container\" data-e-type=\"container\" data-settings=\"{&quot;ekit_has_onepagescroll_dot&quot;:&quot;yes&quot;}\">\n\t\t\t\t<div data-premium-element-link=\"{&quot;type&quot;:&quot;url&quot;,&quot;link&quot;:{&quot;url&quot;:&quot;https:\\\/\\\/klf.fr\\\/bordeaux\\\/french-courses-in-bordeaux\\\/french-premium-course\\\/&quot;,&quot;is_external&quot;:&quot;&quot;,&quot;nofollow&quot;:&quot;&quot;,&quot;custom_attributes&quot;:&quot;&quot;},&quot;href&quot;:&quot;https:\\\/\\\/klf.fr\\\/bordeaux\\\/french-courses-in-bordeaux\\\/french-premium-course\\\/&quot;}\" style=\"cursor: pointer\" class=\"elementor-element elementor-element-47d6b5b9 elementor-widget__width-initial premium-wrapper-link-yes elementor-widget elementor-widget-image\" data-id=\"47d6b5b9\" data-element_type=\"widget\" data-e-type=\"widget\" data-settings=\"{&quot;ekit_we_effect_on&quot;:&quot;none&quot;}\" data-widget_type=\"image.default\">\n\t\t\t\t\t\t\t\t\t\t\t\t\t\t\t\t<a href=\"https:\/\/klf.fr\/fr\/bordeaux\/cours-de-francais\/french-premium-course\/\" target=\"_blank\">\n\t\t\t\t\t\t\t<img decoding=\"async\" src=\"https:\/\/klf.fr\/wp-content\/uploads\/elementor\/thumbs\/01_KLF_BORDEAUX_253_websize-qxl1asbs6cdkfsitvz1056kz7zrqva3ir6pawv27co.jpg\" title=\"01_KLF_BORDEAUX_253_websize\" alt=\"Intensive Premium French courses in Bordeaux\" loading=\"lazy\" \/>\t\t\t\t\t\t\t\t<\/a>\n\t\t\t\t\t\t\t\t\t\t\t\t\t\t\t<\/div>\n\t\t<div class=\"elementor-element elementor-element-146c3434 e-flex e-con-boxed e-con e-child\" data-id=\"146c3434\" data-element_type=\"container\" data-e-type=\"container\" data-settings=\"{&quot;ekit_has_onepagescroll_dot&quot;:&quot;yes&quot;}\">\n\t\t\t\t\t<div class=\"e-con-inner\">\n\t\t\t\t<div class=\"elementor-element elementor-element-7b94f526 elementor-widget elementor-widget-heading\" data-id=\"7b94f526\" data-element_type=\"widget\" data-e-type=\"widget\" data-settings=\"{&quot;ekit_we_effect_on&quot;:&quot;none&quot;}\" data-widget_type=\"heading.default\">\n\t\t\t\t\t<h3 class=\"elementor-heading-title elementor-size-default\">Fran\u00e7ais intensif Premium<\/h3>\t\t\t\t<\/div>\n\t\t\t\t<div class=\"elementor-element elementor-element-3c2b0aff elementor-widget elementor-widget-text-editor\" data-id=\"3c2b0aff\" data-element_type=\"widget\" data-e-type=\"widget\" data-settings=\"{&quot;ekit_we_effect_on&quot;:&quot;none&quot;}\" data-widget_type=\"text-editor.default\">\n\t\t\t\t\t\t\t\t\t<p class=\"p1\">Rejoignez notre cours de fran\u00e7ais Premium \u00e0 Bordeaux, qui combine 26 sessions hebdomadaires en groupe avec 4 le\u00e7ons priv\u00e9es, pour une exp\u00e9rience d\u2019apprentissage optimis\u00e9e. Gr\u00e2ce aux petits groupes et \u00e0 un accompagnement personnalis\u00e9, ce programme convient parfaitement \u00e0 tous les niveaux et r\u00e9pond \u00e0 vos besoins sp\u00e9cifiques. <\/p>\t\t\t\t\t\t\t\t<\/div>\n\t\t\t\t<div class=\"elementor-element elementor-element-5d81a23 elementor-icon-list--layout-inline elementor-list-item-link-full_width elementor-widget elementor-widget-icon-list\" data-id=\"5d81a23\" data-element_type=\"widget\" data-e-type=\"widget\" data-settings=\"{&quot;ekit_we_effect_on&quot;:&quot;none&quot;}\" data-widget_type=\"icon-list.default\">\n\t\t\t\t\t\t\t<ul class=\"elementor-icon-list-items elementor-inline-items\">\n\t\t\t\t\t\t\t<li class=\"elementor-icon-list-item elementor-inline-item\">\n\t\t\t\t\t\t\t\t\t\t\t<span class=\"elementor-icon-list-icon\">\n\t\t\t\t\t\t\t<i aria-hidden=\"true\" class=\"fas fa-book\"><\/i>\t\t\t\t\t\t<\/span>\n\t\t\t\t\t\t\t\t\t\t<span class=\"elementor-icon-list-text\">26 Le\u00e7ons\/Semaine<\/span>\n\t\t\t\t\t\t\t\t\t<\/li>\n\t\t\t\t\t\t\t\t<li class=\"elementor-icon-list-item elementor-inline-item\">\n\t\t\t\t\t\t\t\t\t\t\t<span class=\"elementor-icon-list-icon\">\n\t\t\t\t\t\t\t<i aria-hidden=\"true\" class=\"far fa-calendar-alt\"><\/i>\t\t\t\t\t\t<\/span>\n\t\t\t\t\t\t\t\t\t\t<span class=\"elementor-icon-list-text\">Tous les lundis<\/span>\n\t\t\t\t\t\t\t\t\t<\/li>\n\t\t\t\t\t\t<\/ul>\n\t\t\t\t\t\t<\/div>\n\t\t\t\t<div class=\"elementor-element elementor-element-6b8c4872 elementor-widget-divider--view-line elementor-widget elementor-widget-divider\" data-id=\"6b8c4872\" data-element_type=\"widget\" data-e-type=\"widget\" data-settings=\"{&quot;ekit_we_effect_on&quot;:&quot;none&quot;}\" data-widget_type=\"divider.default\">\n\t\t\t\t\t\t\t<div class=\"elementor-divider\">\n\t\t\t<span class=\"elementor-divider-separator\">\n\t\t\t\t\t\t<\/span>\n\t\t<\/div>\n\t\t\t\t\t\t<\/div>\n\t\t<div class=\"elementor-element elementor-element-759608dd e-con-full e-flex e-con e-child\" data-id=\"759608dd\" data-element_type=\"container\" data-e-type=\"container\" data-settings=\"{&quot;ekit_has_onepagescroll_dot&quot;:&quot;yes&quot;}\">\n\t\t<div class=\"elementor-element elementor-element-7709e7ea e-con-full e-flex e-con e-child\" data-id=\"7709e7ea\" data-element_type=\"container\" data-e-type=\"container\" data-settings=\"{&quot;ekit_has_onepagescroll_dot&quot;:&quot;yes&quot;}\">\n\t\t\t\t<div class=\"elementor-element elementor-element-778d28dc elementor-widget-mobile__width-inherit elementor-widget elementor-widget-heading\" data-id=\"778d28dc\" data-element_type=\"widget\" data-e-type=\"widget\" data-settings=\"{&quot;ekit_we_effect_on&quot;:&quot;none&quot;}\" data-widget_type=\"heading.default\">\n\t\t\t\t\t<span class=\"elementor-heading-title elementor-size-default\">from: 520\u20ac\/week\n<\/span>\t\t\t\t<\/div>\n\t\t\t\t<\/div>\n\t\t<div class=\"elementor-element elementor-element-3b3ac16a e-con-full e-flex e-con e-child\" data-id=\"3b3ac16a\" data-element_type=\"container\" data-e-type=\"container\" data-settings=\"{&quot;ekit_has_onepagescroll_dot&quot;:&quot;yes&quot;}\">\n\t\t\t\t<div class=\"elementor-element elementor-element-5d37320e elementor-align-right elementor-widget elementor-widget-button\" data-id=\"5d37320e\" data-element_type=\"widget\" data-e-type=\"widget\" data-settings=\"{&quot;ekit_we_effect_on&quot;:&quot;none&quot;}\" data-widget_type=\"button.default\">\n\t\t\t\t\t\t\t\t\t\t<a class=\"elementor-button elementor-button-link elementor-size-sm elementor-animation-shrink\" href=\"https:\/\/klf.fr\/fr\/bordeaux\/cours-de-francais\/french-premium-course\/\">\n\t\t\t\t\t\t<span class=\"elementor-button-content-wrapper\">\n\t\t\t\t\t\t\t\t\t<span class=\"elementor-button-text\">Plus d'informations<\/span>\n\t\t\t\t\t<\/span>\n\t\t\t\t\t<\/a>\n\t\t\t\t\t\t\t\t<\/div>\n\t\t\t\t<\/div>\n\t\t\t\t<\/div>\n\t\t\t\t\t<\/div>\n\t\t\t\t<\/div>\n\t\t\t\t<\/div>\n\t\t\t\t\t<\/div>\n\t\t\t\t<\/div>\n\t\t<div class=\"elementor-element elementor-element-38a7d3c1 e-flex e-con-boxed e-con e-parent\" data-id=\"38a7d3c1\" data-element_type=\"container\" data-e-type=\"container\" data-settings=\"{&quot;ekit_has_onepagescroll_dot&quot;:&quot;yes&quot;}\">\n\t\t\t\t\t<div class=\"e-con-inner\">\n\t\t\t\t<div class=\"elementor-element elementor-element-34223b6c eael-dual-header-content-align-left eael-dual-header-content-laptop-align-left elementor-widget elementor-widget-eael-dual-color-header\" data-id=\"34223b6c\" data-element_type=\"widget\" data-e-type=\"widget\" data-settings=\"{&quot;ekit_we_effect_on&quot;:&quot;none&quot;}\" data-widget_type=\"eael-dual-color-header.default\">\n\t\t\t\t\t\t\t\t<div class=\"eael-dual-header\">\n\t\t\t\t<h2 class=\"title eael-dch-title\"><span class=\"eael-dch-title-text eael-dch-title-lead lead solid-color\">Specifique<\/span> <span class=\"eael-dch-title-text\">Cours de fran\u00e7ais<\/span><\/h2>\t\t\t\t\t<span class=\"subtext\"><p>Inscrivez-vous \u00e0 un programme certifiant ou dipl\u00f4mant dans l\u2019une de nos \u00e9coles KLF et vivez une exp\u00e9rience immersive unique. Partagez plusieurs mois en France aux c\u00f4t\u00e9s d\u2019\u00e9tudiants internationaux, tout en d\u00e9veloppant vos comp\u00e9tences linguistiques et culturelles. <\/p><\/span>\n\t\t\t\t\t\t\t<\/div>\n\n\t\t\t\t\t\t<\/div>\n\t\t\t\t\t<\/div>\n\t\t\t\t<\/div>\n\t\t<div class=\"elementor-element elementor-element-7e795bb8 e-flex e-con-boxed e-con e-parent\" data-id=\"7e795bb8\" data-element_type=\"container\" data-e-type=\"container\" data-settings=\"{&quot;ekit_has_onepagescroll_dot&quot;:&quot;yes&quot;}\">\n\t\t\t\t\t<div class=\"e-con-inner\">\n\t\t<div data-premium-element-link=\"{&quot;type&quot;:&quot;url&quot;,&quot;link&quot;:{&quot;url&quot;:&quot;https:\\\/\\\/klf.fr\\\/bordeaux\\\/french-courses-in-bordeaux\\\/french-exam-preparation-bordeaux\\\/&quot;,&quot;is_external&quot;:&quot;&quot;,&quot;nofollow&quot;:&quot;&quot;,&quot;custom_attributes&quot;:&quot;&quot;},&quot;href&quot;:&quot;https:\\\/\\\/klf.fr\\\/bordeaux\\\/french-courses-in-bordeaux\\\/french-exam-preparation-bordeaux\\\/&quot;}\" style=\"cursor: pointer\" class=\"elementor-element elementor-element-57d3e04b e-con-full premium-wrapper-link-yes e-flex e-con e-child\" data-id=\"57d3e04b\" data-element_type=\"container\" data-e-type=\"container\" data-settings=\"{&quot;ekit_has_onepagescroll_dot&quot;:&quot;yes&quot;}\">\n\t\t\t\t<div data-premium-element-link=\"{&quot;type&quot;:&quot;url&quot;,&quot;link&quot;:{&quot;url&quot;:&quot;https:\\\/\\\/klf.fr\\\/bordeaux\\\/french-courses-in-bordeaux\\\/french-exam-preparation-bordeaux\\\/&quot;,&quot;is_external&quot;:&quot;&quot;,&quot;nofollow&quot;:&quot;&quot;,&quot;custom_attributes&quot;:&quot;&quot;},&quot;href&quot;:&quot;https:\\\/\\\/klf.fr\\\/bordeaux\\\/french-courses-in-bordeaux\\\/french-exam-preparation-bordeaux\\\/&quot;}\" style=\"cursor: pointer\" class=\"elementor-element elementor-element-6ae10db5 elementor-widget__width-initial premium-wrapper-link-yes elementor-widget elementor-widget-image\" data-id=\"6ae10db5\" data-element_type=\"widget\" data-e-type=\"widget\" data-settings=\"{&quot;ekit_we_effect_on&quot;:&quot;none&quot;}\" data-widget_type=\"image.default\">\n\t\t\t\t\t\t\t\t\t\t\t\t\t\t\t\t<a href=\"https:\/\/klf.fr\/fr\/bordeaux\/cours-de-francais\/french-exam-preparation-bordeaux\/\" target=\"_blank\">\n\t\t\t\t\t\t\t<img decoding=\"async\" src=\"https:\/\/klf.fr\/wp-content\/uploads\/elementor\/thumbs\/01_KLF_BORDEAUX_283_websize-qxl1ax0yil62h4xa33ys75w3v68v8tzwsof290w3zs.jpg\" title=\"01_KLF_BORDEAUX_283_websize\" alt=\"French Exam preparation french courses\" loading=\"lazy\" \/>\t\t\t\t\t\t\t\t<\/a>\n\t\t\t\t\t\t\t\t\t\t\t\t\t\t\t<\/div>\n\t\t<div class=\"elementor-element elementor-element-6618fe29 e-flex e-con-boxed e-con e-child\" data-id=\"6618fe29\" data-element_type=\"container\" data-e-type=\"container\" data-settings=\"{&quot;ekit_has_onepagescroll_dot&quot;:&quot;yes&quot;}\">\n\t\t\t\t\t<div class=\"e-con-inner\">\n\t\t\t\t<div class=\"elementor-element elementor-element-740cc74 elementor-widget elementor-widget-heading\" data-id=\"740cc74\" data-element_type=\"widget\" data-e-type=\"widget\" data-settings=\"{&quot;ekit_we_effect_on&quot;:&quot;none&quot;}\" data-widget_type=\"heading.default\">\n\t\t\t\t\t<h3 class=\"elementor-heading-title elementor-size-default\">Pr\u00e9paration \u00e0 l'examen de fran\u00e7ais<\/h3>\t\t\t\t<\/div>\n\t\t\t\t<div class=\"elementor-element elementor-element-e5bd2c elementor-widget elementor-widget-text-editor\" data-id=\"e5bd2c\" data-element_type=\"widget\" data-e-type=\"widget\" data-settings=\"{&quot;ekit_we_effect_on&quot;:&quot;none&quot;}\" data-widget_type=\"text-editor.default\">\n\t\t\t\t\t\t\t\t\t<p class=\"p1\">Pr\u00e9parez-vous aux examens DELF\/DALF \u00e0 Bordeaux avec notre cours de fran\u00e7ais Premium, combinant des cours collectifs dynamiques et des sessions priv\u00e9es personnalis\u00e9es pour une formation intensive sur mesure.<\/p>\t\t\t\t\t\t\t\t<\/div>\n\t\t\t\t<div class=\"elementor-element elementor-element-0716da8 elementor-icon-list--layout-inline elementor-list-item-link-full_width elementor-widget elementor-widget-icon-list\" data-id=\"0716da8\" data-element_type=\"widget\" data-e-type=\"widget\" data-settings=\"{&quot;ekit_we_effect_on&quot;:&quot;none&quot;}\" data-widget_type=\"icon-list.default\">\n\t\t\t\t\t\t\t<ul class=\"elementor-icon-list-items elementor-inline-items\">\n\t\t\t\t\t\t\t<li class=\"elementor-icon-list-item elementor-inline-item\">\n\t\t\t\t\t\t\t\t\t\t\t<span class=\"elementor-icon-list-icon\">\n\t\t\t\t\t\t\t<i aria-hidden=\"true\" class=\"fas fa-book\"><\/i>\t\t\t\t\t\t<\/span>\n\t\t\t\t\t\t\t\t\t\t<span class=\"elementor-icon-list-text\">26 le\u00e7ons + 4 le\u00e7ons priv\u00e9es\/semaine<\/span>\n\t\t\t\t\t\t\t\t\t<\/li>\n\t\t\t\t\t\t\t\t<li class=\"elementor-icon-list-item elementor-inline-item\">\n\t\t\t\t\t\t\t\t\t\t\t<span class=\"elementor-icon-list-icon\">\n\t\t\t\t\t\t\t<i aria-hidden=\"true\" class=\"far fa-calendar-alt\"><\/i>\t\t\t\t\t\t<\/span>\n\t\t\t\t\t\t\t\t\t\t<span class=\"elementor-icon-list-text\">Tous les lundis<\/span>\n\t\t\t\t\t\t\t\t\t<\/li>\n\t\t\t\t\t\t<\/ul>\n\t\t\t\t\t\t<\/div>\n\t\t\t\t<div class=\"elementor-element elementor-element-36d84533 elementor-widget-divider--view-line elementor-widget elementor-widget-divider\" data-id=\"36d84533\" data-element_type=\"widget\" data-e-type=\"widget\" data-settings=\"{&quot;ekit_we_effect_on&quot;:&quot;none&quot;}\" data-widget_type=\"divider.default\">\n\t\t\t\t\t\t\t<div class=\"elementor-divider\">\n\t\t\t<span class=\"elementor-divider-separator\">\n\t\t\t\t\t\t<\/span>\n\t\t<\/div>\n\t\t\t\t\t\t<\/div>\n\t\t<div class=\"elementor-element elementor-element-13829063 e-con-full e-flex e-con e-child\" data-id=\"13829063\" data-element_type=\"container\" data-e-type=\"container\" data-settings=\"{&quot;ekit_has_onepagescroll_dot&quot;:&quot;yes&quot;}\">\n\t\t<div class=\"elementor-element elementor-element-4074fe7a e-con-full e-flex e-con e-child\" data-id=\"4074fe7a\" data-element_type=\"container\" data-e-type=\"container\" data-settings=\"{&quot;ekit_has_onepagescroll_dot&quot;:&quot;yes&quot;}\">\n\t\t\t\t<div class=\"elementor-element elementor-element-e02ce0a elementor-widget-mobile__width-inherit elementor-widget elementor-widget-heading\" data-id=\"e02ce0a\" data-element_type=\"widget\" data-e-type=\"widget\" data-settings=\"{&quot;ekit_we_effect_on&quot;:&quot;none&quot;}\" data-widget_type=\"heading.default\">\n\t\t\t\t\t<span class=\"elementor-heading-title elementor-size-default\">from: 520\u20ac\/week\n<\/span>\t\t\t\t<\/div>\n\t\t\t\t<\/div>\n\t\t<div class=\"elementor-element elementor-element-50b6af72 e-con-full e-flex e-con e-child\" data-id=\"50b6af72\" data-element_type=\"container\" data-e-type=\"container\" data-settings=\"{&quot;ekit_has_onepagescroll_dot&quot;:&quot;yes&quot;}\">\n\t\t\t\t<div class=\"elementor-element elementor-element-0ae4789 elementor-align-right elementor-widget elementor-widget-button\" data-id=\"0ae4789\" data-element_type=\"widget\" data-e-type=\"widget\" data-settings=\"{&quot;ekit_we_effect_on&quot;:&quot;none&quot;}\" data-widget_type=\"button.default\">\n\t\t\t\t\t\t\t\t\t\t<a class=\"elementor-button elementor-button-link elementor-size-sm elementor-animation-shrink\" href=\"https:\/\/klf.fr\/fr\/bordeaux\/cours-de-francais\/french-exam-preparation-bordeaux\/\">\n\t\t\t\t\t\t<span class=\"elementor-button-content-wrapper\">\n\t\t\t\t\t\t\t\t\t<span class=\"elementor-button-text\">Plus d'informations<\/span>\n\t\t\t\t\t<\/span>\n\t\t\t\t\t<\/a>\n\t\t\t\t\t\t\t\t<\/div>\n\t\t\t\t<\/div>\n\t\t\t\t<\/div>\n\t\t\t\t\t<\/div>\n\t\t\t\t<\/div>\n\t\t\t\t<\/div>\n\t\t<div class=\"elementor-element elementor-element-b65aa4b e-con-full e-flex e-con e-child\" data-id=\"b65aa4b\" data-element_type=\"container\" data-e-type=\"container\" data-settings=\"{&quot;ekit_has_onepagescroll_dot&quot;:&quot;yes&quot;}\">\n\t\t\t\t<div data-wrapper-link=\"{&quot;url&quot;:&quot;https:\\\/\\\/klf.fr\\\/bordeaux\\\/french-courses-in-bordeaux\\\/french-au-pair-course\\\/&quot;,&quot;is_external&quot;:&quot;&quot;,&quot;nofollow&quot;:&quot;&quot;,&quot;custom_attributes&quot;:&quot;&quot;}\" style=\"cursor: pointer\" class=\"elementor-element elementor-element-4918aa5 elementor-widget__width-initial elementor-widget elementor-widget-image\" data-id=\"4918aa5\" data-element_type=\"widget\" data-e-type=\"widget\" data-settings=\"{&quot;ekit_we_effect_on&quot;:&quot;none&quot;}\" data-widget_type=\"image.default\">\n\t\t\t\t\t\t\t\t\t\t\t\t\t\t\t\t<a href=\"https:\/\/klf.fr\/fr\/bordeaux\/cours-de-francais\/cours-francais-au-pair\/\" target=\"_blank\">\n\t\t\t\t\t\t\t<img decoding=\"async\" src=\"https:\/\/klf.fr\/wp-content\/uploads\/elementor\/thumbs\/01_KLF_BORDEAUX_192_websize-1-qxl1adad4zsza14obsiz1adlpttvg4ftd49j8foi48.jpg\" title=\"01_KLF_BORDEAUX_192_websize\" alt=\"Au Pair French courses in Bordeaux\" loading=\"lazy\" \/>\t\t\t\t\t\t\t\t<\/a>\n\t\t\t\t\t\t\t\t\t\t\t\t\t\t\t<\/div>\n\t\t<div class=\"elementor-element elementor-element-b65c8e9 e-flex e-con-boxed e-con e-child\" data-id=\"b65c8e9\" data-element_type=\"container\" data-e-type=\"container\" data-settings=\"{&quot;ekit_has_onepagescroll_dot&quot;:&quot;yes&quot;}\">\n\t\t\t\t\t<div class=\"e-con-inner\">\n\t\t\t\t<div class=\"elementor-element elementor-element-47180f7 elementor-widget elementor-widget-heading\" data-id=\"47180f7\" data-element_type=\"widget\" data-e-type=\"widget\" data-settings=\"{&quot;ekit_we_effect_on&quot;:&quot;none&quot;}\" data-widget_type=\"heading.default\">\n\t\t\t\t\t<h3 class=\"elementor-heading-title elementor-size-default\">Cours de fran\u00e7ais au pair<\/h3>\t\t\t\t<\/div>\n\t\t\t\t<div class=\"elementor-element elementor-element-732f070 elementor-widget elementor-widget-text-editor\" data-id=\"732f070\" data-element_type=\"widget\" data-e-type=\"widget\" data-settings=\"{&quot;ekit_we_effect_on&quot;:&quot;none&quot;}\" data-widget_type=\"text-editor.default\">\n\t\t\t\t\t\t\t\t\t<p>Notre programme Au-pair \u00e0 Bordeaux offre l\u2019opportunit\u00e9 unique de travailler comme au pair tout en suivant des cours de fran\u00e7ais adapt\u00e9s \u00e0 vos besoins. Explorez la phon\u00e9tique, la conversation, la grammaire et la culture \u00e0 travers des le\u00e7ons interactives, con\u00e7ues pour enrichir votre exp\u00e9rience linguistique et culturelle.  <\/p>\t\t\t\t\t\t\t\t<\/div>\n\t\t\t\t<div class=\"elementor-element elementor-element-28a7c43 elementor-icon-list--layout-inline elementor-list-item-link-full_width elementor-widget elementor-widget-icon-list\" data-id=\"28a7c43\" data-element_type=\"widget\" data-e-type=\"widget\" data-settings=\"{&quot;ekit_we_effect_on&quot;:&quot;none&quot;}\" data-widget_type=\"icon-list.default\">\n\t\t\t\t\t\t\t<ul class=\"elementor-icon-list-items elementor-inline-items\">\n\t\t\t\t\t\t\t<li class=\"elementor-icon-list-item elementor-inline-item\">\n\t\t\t\t\t\t\t\t\t\t\t<span class=\"elementor-icon-list-icon\">\n\t\t\t\t\t\t\t<i aria-hidden=\"true\" class=\"fas fa-book\"><\/i>\t\t\t\t\t\t<\/span>\n\t\t\t\t\t\t\t\t\t\t<span class=\"elementor-icon-list-text\">16 Lesson\/Week<\/span>\n\t\t\t\t\t\t\t\t\t<\/li>\n\t\t\t\t\t\t\t\t<li class=\"elementor-icon-list-item elementor-inline-item\">\n\t\t\t\t\t\t\t\t\t\t\t<span class=\"elementor-icon-list-icon\">\n\t\t\t\t\t\t\t<i aria-hidden=\"true\" class=\"far fa-calendar-alt\"><\/i>\t\t\t\t\t\t<\/span>\n\t\t\t\t\t\t\t\t\t\t<span class=\"elementor-icon-list-text\">Tous les lundis<\/span>\n\t\t\t\t\t\t\t\t\t<\/li>\n\t\t\t\t\t\t<\/ul>\n\t\t\t\t\t\t<\/div>\n\t\t\t\t<div class=\"elementor-element elementor-element-1b27828 elementor-widget-divider--view-line elementor-widget elementor-widget-divider\" data-id=\"1b27828\" data-element_type=\"widget\" data-e-type=\"widget\" data-settings=\"{&quot;ekit_we_effect_on&quot;:&quot;none&quot;}\" data-widget_type=\"divider.default\">\n\t\t\t\t\t\t\t<div class=\"elementor-divider\">\n\t\t\t<span class=\"elementor-divider-separator\">\n\t\t\t\t\t\t<\/span>\n\t\t<\/div>\n\t\t\t\t\t\t<\/div>\n\t\t<div class=\"elementor-element elementor-element-6b814ab e-con-full e-flex e-con e-child\" data-id=\"6b814ab\" data-element_type=\"container\" data-e-type=\"container\" data-settings=\"{&quot;ekit_has_onepagescroll_dot&quot;:&quot;yes&quot;}\">\n\t\t<div class=\"elementor-element elementor-element-2161bea e-con-full e-flex e-con e-child\" data-id=\"2161bea\" data-element_type=\"container\" data-e-type=\"container\" data-settings=\"{&quot;ekit_has_onepagescroll_dot&quot;:&quot;yes&quot;}\">\n\t\t\t\t<div class=\"elementor-element elementor-element-e863274 elementor-widget-mobile__width-inherit elementor-widget elementor-widget-heading\" data-id=\"e863274\" data-element_type=\"widget\" data-e-type=\"widget\" data-settings=\"{&quot;ekit_we_effect_on&quot;:&quot;none&quot;}\" data-widget_type=\"heading.default\">\n\t\t\t\t\t<span class=\"elementor-heading-title elementor-size-default\">660 \u20ac\/ 12 semaines\n<\/span>\t\t\t\t<\/div>\n\t\t\t\t<\/div>\n\t\t<div class=\"elementor-element elementor-element-d4bf363 e-con-full e-flex e-con e-child\" data-id=\"d4bf363\" data-element_type=\"container\" data-e-type=\"container\" data-settings=\"{&quot;ekit_has_onepagescroll_dot&quot;:&quot;yes&quot;}\">\n\t\t\t\t<div class=\"elementor-element elementor-element-c3529df elementor-align-right elementor-widget elementor-widget-button\" data-id=\"c3529df\" data-element_type=\"widget\" data-e-type=\"widget\" data-settings=\"{&quot;ekit_we_effect_on&quot;:&quot;none&quot;}\" data-widget_type=\"button.default\">\n\t\t\t\t\t\t\t\t\t\t<a class=\"elementor-button elementor-button-link elementor-size-sm elementor-animation-shrink\" href=\"https:\/\/klf.fr\/fr\/bordeaux\/cours-de-francais\/cours-francais-au-pair\/\">\n\t\t\t\t\t\t<span class=\"elementor-button-content-wrapper\">\n\t\t\t\t\t\t\t\t\t<span class=\"elementor-button-text\">Plus d'informations<\/span>\n\t\t\t\t\t<\/span>\n\t\t\t\t\t<\/a>\n\t\t\t\t\t\t\t\t<\/div>\n\t\t\t\t<\/div>\n\t\t\t\t<\/div>\n\t\t\t\t\t<\/div>\n\t\t\t\t<\/div>\n\t\t\t\t<\/div>\n\t\t<div class=\"elementor-element elementor-element-79b95874 e-con-full e-flex e-con e-child\" data-id=\"79b95874\" data-element_type=\"container\" data-e-type=\"container\" data-settings=\"{&quot;ekit_has_onepagescroll_dot&quot;:&quot;yes&quot;}\">\n\t\t\t\t<div class=\"elementor-element elementor-element-3ea912ad elementor-widget elementor-widget-image\" data-id=\"3ea912ad\" data-element_type=\"widget\" data-e-type=\"widget\" data-settings=\"{&quot;ekit_we_effect_on&quot;:&quot;none&quot;}\" data-widget_type=\"image.default\">\n\t\t\t\t\t\t\t\t\t\t\t\t\t\t\t\t<a href=\"https:\/\/klf.fr\/fr\/bordeaux\/cours-de-francais\/french-course-for-beginners\/\" target=\"_blank\">\n\t\t\t\t\t\t\t<img decoding=\"async\" src=\"https:\/\/klf.fr\/wp-content\/uploads\/elementor\/thumbs\/01_KLF_BORDEAUX_199_websize-qxl19y8xhpugjkbsq6xl4wo1vx0ac15ubwa3hsboe0.jpg\" title=\"01_KLF_BORDEAUX_199_websize\" alt=\"French beginner preparation french courses\" loading=\"lazy\" \/>\t\t\t\t\t\t\t\t<\/a>\n\t\t\t\t\t\t\t\t\t\t\t\t\t\t\t<\/div>\n\t\t<div class=\"elementor-element elementor-element-4dee1cb8 e-flex e-con-boxed e-con e-child\" data-id=\"4dee1cb8\" data-element_type=\"container\" data-e-type=\"container\" data-settings=\"{&quot;ekit_has_onepagescroll_dot&quot;:&quot;yes&quot;}\">\n\t\t\t\t\t<div class=\"e-con-inner\">\n\t\t\t\t<div class=\"elementor-element elementor-element-768c1814 elementor-widget elementor-widget-heading\" data-id=\"768c1814\" data-element_type=\"widget\" data-e-type=\"widget\" data-settings=\"{&quot;ekit_we_effect_on&quot;:&quot;none&quot;}\" data-widget_type=\"heading.default\">\n\t\t\t\t\t<h3 class=\"elementor-heading-title elementor-size-default\">Cours de fran\u00e7ais pour d\u00e9butants<\/h3>\t\t\t\t<\/div>\n\t\t\t\t<div class=\"elementor-element elementor-element-52dff40b elementor-widget elementor-widget-text-editor\" data-id=\"52dff40b\" data-element_type=\"widget\" data-e-type=\"widget\" data-settings=\"{&quot;ekit_we_effect_on&quot;:&quot;none&quot;}\" data-widget_type=\"text-editor.default\">\n\t\t\t\t\t\t\t\t\t<p class=\"p1\">Notre cours de fran\u00e7ais pour d\u00e9butants est sp\u00e9cialement con\u00e7u pour ceux qui d\u00e9couvrent la langue pour la premi\u00e8re fois. Ce programme met l\u2019accent sur l\u2019acquisition des comp\u00e9tences essentielles, afin de vous donner une base solide pour communiquer efficacement d\u00e8s le d\u00e9part. <\/p>\t\t\t\t\t\t\t\t<\/div>\n\t\t\t\t<div class=\"elementor-element elementor-element-ecb8334 elementor-icon-list--layout-inline elementor-list-item-link-full_width elementor-widget elementor-widget-icon-list\" data-id=\"ecb8334\" data-element_type=\"widget\" data-e-type=\"widget\" data-settings=\"{&quot;ekit_we_effect_on&quot;:&quot;none&quot;}\" data-widget_type=\"icon-list.default\">\n\t\t\t\t\t\t\t<ul class=\"elementor-icon-list-items elementor-inline-items\">\n\t\t\t\t\t\t\t<li class=\"elementor-icon-list-item elementor-inline-item\">\n\t\t\t\t\t\t\t\t\t\t\t<span class=\"elementor-icon-list-icon\">\n\t\t\t\t\t\t\t<i aria-hidden=\"true\" class=\"fas fa-book\"><\/i>\t\t\t\t\t\t<\/span>\n\t\t\t\t\t\t\t\t\t\t<span class=\"elementor-icon-list-text\">Plate-forme d'apprentissage en ligne<\/span>\n\t\t\t\t\t\t\t\t\t<\/li>\n\t\t\t\t\t\t\t\t<li class=\"elementor-icon-list-item elementor-inline-item\">\n\t\t\t\t\t\t\t\t\t\t\t<span class=\"elementor-icon-list-icon\">\n\t\t\t\t\t\t\t<i aria-hidden=\"true\" class=\"far fa-calendar-alt\"><\/i>\t\t\t\t\t\t<\/span>\n\t\t\t\t\t\t\t\t\t\t<span class=\"elementor-icon-list-text\">Dates de d\u00e9but sp\u00e9cifiques<\/span>\n\t\t\t\t\t\t\t\t\t<\/li>\n\t\t\t\t\t\t<\/ul>\n\t\t\t\t\t\t<\/div>\n\t\t\t\t<div class=\"elementor-element elementor-element-24aa5d66 elementor-widget-divider--view-line elementor-widget elementor-widget-divider\" data-id=\"24aa5d66\" data-element_type=\"widget\" data-e-type=\"widget\" data-settings=\"{&quot;ekit_we_effect_on&quot;:&quot;none&quot;}\" data-widget_type=\"divider.default\">\n\t\t\t\t\t\t\t<div class=\"elementor-divider\">\n\t\t\t<span class=\"elementor-divider-separator\">\n\t\t\t\t\t\t<\/span>\n\t\t<\/div>\n\t\t\t\t\t\t<\/div>\n\t\t<div class=\"elementor-element elementor-element-1835d701 e-con-full e-flex e-con e-child\" data-id=\"1835d701\" data-element_type=\"container\" data-e-type=\"container\" data-settings=\"{&quot;ekit_has_onepagescroll_dot&quot;:&quot;yes&quot;}\">\n\t\t<div class=\"elementor-element elementor-element-32fab0f e-con-full e-flex e-con e-child\" data-id=\"32fab0f\" data-element_type=\"container\" data-e-type=\"container\" data-settings=\"{&quot;ekit_has_onepagescroll_dot&quot;:&quot;yes&quot;}\">\n\t\t\t\t<div class=\"elementor-element elementor-element-57307d6 elementor-widget-mobile__width-inherit elementor-widget elementor-widget-heading\" data-id=\"57307d6\" data-element_type=\"widget\" data-e-type=\"widget\" data-settings=\"{&quot;ekit_we_effect_on&quot;:&quot;none&quot;}\" data-widget_type=\"heading.default\">\n\t\t\t\t\t<div class=\"elementor-heading-title elementor-size-default\">Plate-forme en ligne : <br>en option \u00e0 \u20ac49\n<\/div>\t\t\t\t<\/div>\n\t\t\t\t<\/div>\n\t\t<div class=\"elementor-element elementor-element-b6b3962 e-con-full e-flex e-con e-child\" data-id=\"b6b3962\" data-element_type=\"container\" data-e-type=\"container\" data-settings=\"{&quot;ekit_has_onepagescroll_dot&quot;:&quot;yes&quot;}\">\n\t\t\t\t<div class=\"elementor-element elementor-element-686795f9 elementor-align-right elementor-widget elementor-widget-button\" data-id=\"686795f9\" data-element_type=\"widget\" data-e-type=\"widget\" data-settings=\"{&quot;ekit_we_effect_on&quot;:&quot;none&quot;}\" data-widget_type=\"button.default\">\n\t\t\t\t\t\t\t\t\t\t<a class=\"elementor-button elementor-button-link elementor-size-sm elementor-animation-shrink\" href=\"https:\/\/klf.fr\/fr\/bordeaux\/cours-de-francais\/french-course-for-beginners\/\">\n\t\t\t\t\t\t<span class=\"elementor-button-content-wrapper\">\n\t\t\t\t\t\t\t\t\t<span class=\"elementor-button-text\">Plus d'informations<\/span>\n\t\t\t\t\t<\/span>\n\t\t\t\t\t<\/a>\n\t\t\t\t\t\t\t\t<\/div>\n\t\t\t\t<\/div>\n\t\t\t\t<\/div>\n\t\t\t\t\t<\/div>\n\t\t\t\t<\/div>\n\t\t\t\t<\/div>\n\t\t\t\t\t<\/div>\n\t\t\t\t<\/div>\n\t\t<div class=\"elementor-element elementor-element-d0a3195 e-flex e-con-boxed e-con e-parent\" data-id=\"d0a3195\" data-element_type=\"container\" data-e-type=\"container\" data-settings=\"{&quot;ekit_has_onepagescroll_dot&quot;:&quot;yes&quot;}\">\n\t\t\t\t\t<div class=\"e-con-inner\">\n\t\t<div class=\"elementor-element elementor-element-7e20bcc8 e-con-full e-flex e-con e-child\" data-id=\"7e20bcc8\" data-element_type=\"container\" data-e-type=\"container\" data-settings=\"{&quot;ekit_has_onepagescroll_dot&quot;:&quot;yes&quot;}\">\n\t\t\t\t<div class=\"elementor-element elementor-element-6ea02468 elementor-widget__width-initial elementor-widget elementor-widget-image\" data-id=\"6ea02468\" data-element_type=\"widget\" data-e-type=\"widget\" data-settings=\"{&quot;ekit_we_effect_on&quot;:&quot;none&quot;}\" data-widget_type=\"image.default\">\n\t\t\t\t\t\t\t\t\t\t\t\t\t\t\t\t<a href=\"https:\/\/klf.fr\/french-courses-for-groups\/\" target=\"_blank\">\n\t\t\t\t\t\t\t<img decoding=\"async\" src=\"https:\/\/klf.fr\/wp-content\/uploads\/elementor\/thumbs\/groupe-italien_-qxl1b4jon6uamq12wmb5jlhyy03incg14v6m5gk33s.jpg\" title=\"groupe-italien_\" alt=\"french courses for groups in Bordeaux with newdeal institut\" loading=\"lazy\" \/>\t\t\t\t\t\t\t\t<\/a>\n\t\t\t\t\t\t\t\t\t\t\t\t\t\t\t<\/div>\n\t\t<div class=\"elementor-element elementor-element-8b9d25 e-flex e-con-boxed e-con e-child\" data-id=\"8b9d25\" data-element_type=\"container\" data-e-type=\"container\" data-settings=\"{&quot;ekit_has_onepagescroll_dot&quot;:&quot;yes&quot;}\">\n\t\t\t\t\t<div class=\"e-con-inner\">\n\t\t\t\t<div class=\"elementor-element elementor-element-1a7e8008 elementor-widget elementor-widget-heading\" data-id=\"1a7e8008\" data-element_type=\"widget\" data-e-type=\"widget\" data-settings=\"{&quot;ekit_we_effect_on&quot;:&quot;none&quot;}\" data-widget_type=\"heading.default\">\n\t\t\t\t\t<h3 class=\"elementor-heading-title elementor-size-default\">Cours de fran\u00e7ais pour les groupes<\/h3>\t\t\t\t<\/div>\n\t\t\t\t<div class=\"elementor-element elementor-element-6686e061 elementor-widget elementor-widget-text-editor\" data-id=\"6686e061\" data-element_type=\"widget\" data-e-type=\"widget\" data-settings=\"{&quot;ekit_we_effect_on&quot;:&quot;none&quot;}\" data-widget_type=\"text-editor.default\">\n\t\t\t\t\t\t\t\t\t<div class=\"eael-infobox\"><div class=\"infobox-content\"><p class=\"p1\">Nous proposons des cours de fran\u00e7ais personnalis\u00e9s pour les groupes scolaires, avec des options sur mesure pour l\u2019h\u00e9bergement, les le\u00e7ons et les activit\u00e9s. Notre objectif est de r\u00e9pondre pr\u00e9cis\u00e9ment \u00e0 vos besoins et de garantir une exp\u00e9rience d\u2019apprentissage enrichissante et adapt\u00e9e.<\/p><\/div><\/div>\t\t\t\t\t\t\t\t<\/div>\n\t\t\t\t<div class=\"elementor-element elementor-element-1d61548 elementor-icon-list--layout-traditional elementor-list-item-link-full_width elementor-widget elementor-widget-icon-list\" data-id=\"1d61548\" data-element_type=\"widget\" data-e-type=\"widget\" data-settings=\"{&quot;ekit_we_effect_on&quot;:&quot;none&quot;}\" data-widget_type=\"icon-list.default\">\n\t\t\t\t\t\t\t<ul class=\"elementor-icon-list-items\">\n\t\t\t\t\t\t\t<li class=\"elementor-icon-list-item\">\n\t\t\t\t\t\t\t\t\t\t\t<span class=\"elementor-icon-list-icon\">\n\t\t\t\t\t\t\t<i aria-hidden=\"true\" class=\"fas fa-book\"><\/i>\t\t\t\t\t\t<\/span>\n\t\t\t\t\t\t\t\t\t\t<span class=\"elementor-icon-list-text\">26 Le\u00e7ons \/ semaine<\/span>\n\t\t\t\t\t\t\t\t\t<\/li>\n\t\t\t\t\t\t\t\t<li class=\"elementor-icon-list-item\">\n\t\t\t\t\t\t\t\t\t\t\t<span class=\"elementor-icon-list-icon\">\n\t\t\t\t\t\t\t<i aria-hidden=\"true\" class=\"far fa-calendar-alt\"><\/i>\t\t\t\t\t\t<\/span>\n\t\t\t\t\t\t\t\t\t\t<span class=\"elementor-icon-list-text\">Tous les lundis<\/span>\n\t\t\t\t\t\t\t\t\t<\/li>\n\t\t\t\t\t\t<\/ul>\n\t\t\t\t\t\t<\/div>\n\t\t\t\t<div class=\"elementor-element elementor-element-2eff59aa elementor-widget-divider--view-line elementor-widget elementor-widget-divider\" data-id=\"2eff59aa\" data-element_type=\"widget\" data-e-type=\"widget\" data-settings=\"{&quot;ekit_we_effect_on&quot;:&quot;none&quot;}\" data-widget_type=\"divider.default\">\n\t\t\t\t\t\t\t<div class=\"elementor-divider\">\n\t\t\t<span class=\"elementor-divider-separator\">\n\t\t\t\t\t\t<\/span>\n\t\t<\/div>\n\t\t\t\t\t\t<\/div>\n\t\t<div class=\"elementor-element elementor-element-7fcd42f9 e-con-full e-flex e-con e-child\" data-id=\"7fcd42f9\" data-element_type=\"container\" data-e-type=\"container\" data-settings=\"{&quot;ekit_has_onepagescroll_dot&quot;:&quot;yes&quot;}\">\n\t\t<div class=\"elementor-element elementor-element-17780e38 e-con-full e-flex e-con e-child\" data-id=\"17780e38\" data-element_type=\"container\" data-e-type=\"container\" data-settings=\"{&quot;ekit_has_onepagescroll_dot&quot;:&quot;yes&quot;}\">\n\t\t\t\t<div class=\"elementor-element elementor-element-fd59fa0 elementor-widget-mobile__width-inherit elementor-widget elementor-widget-heading\" data-id=\"fd59fa0\" data-element_type=\"widget\" data-e-type=\"widget\" data-settings=\"{&quot;ekit_we_effect_on&quot;:&quot;none&quot;}\" data-widget_type=\"heading.default\">\n\t\t\t\t\t<span class=\"elementor-heading-title elementor-size-default\">Programme sur mesure<\/span>\t\t\t\t<\/div>\n\t\t\t\t<\/div>\n\t\t<div class=\"elementor-element elementor-element-2f1c398b e-con-full e-flex e-con e-child\" data-id=\"2f1c398b\" data-element_type=\"container\" data-e-type=\"container\" data-settings=\"{&quot;ekit_has_onepagescroll_dot&quot;:&quot;yes&quot;}\">\n\t\t\t\t<div class=\"elementor-element elementor-element-cb9378e elementor-align-right elementor-widget elementor-widget-button\" data-id=\"cb9378e\" data-element_type=\"widget\" data-e-type=\"widget\" data-settings=\"{&quot;ekit_we_effect_on&quot;:&quot;none&quot;}\" data-widget_type=\"button.default\">\n\t\t\t\t\t\t\t\t\t\t<a class=\"elementor-button elementor-button-link elementor-size-sm elementor-animation-shrink\" href=\"https:\/\/klf.fr\/french-courses-for-groups\/\">\n\t\t\t\t\t\t<span class=\"elementor-button-content-wrapper\">\n\t\t\t\t\t\t\t\t\t<span class=\"elementor-button-text\">Plus d'informations<\/span>\n\t\t\t\t\t<\/span>\n\t\t\t\t\t<\/a>\n\t\t\t\t\t\t\t\t<\/div>\n\t\t\t\t<\/div>\n\t\t\t\t<\/div>\n\t\t\t\t\t<\/div>\n\t\t\t\t<\/div>\n\t\t\t\t<\/div>\n\t\t<div class=\"elementor-element elementor-element-067b289 e-con-full e-flex e-con e-child\" data-id=\"067b289\" data-element_type=\"container\" data-e-type=\"container\" data-settings=\"{&quot;ekit_has_onepagescroll_dot&quot;:&quot;yes&quot;}\">\n\t\t\t\t<\/div>\n\t\t<div class=\"elementor-element elementor-element-0a4934e e-con-full e-flex e-con e-child\" data-id=\"0a4934e\" data-element_type=\"container\" data-e-type=\"container\" data-settings=\"{&quot;ekit_has_onepagescroll_dot&quot;:&quot;yes&quot;}\">\n\t\t\t\t<\/div>\n\t\t\t\t\t<\/div>\n\t\t\t\t<\/div>\n\t\t<div class=\"elementor-element elementor-element-2f4b960a e-flex e-con-boxed e-con e-parent\" data-id=\"2f4b960a\" data-element_type=\"container\" data-e-type=\"container\" data-settings=\"{&quot;ekit_has_onepagescroll_dot&quot;:&quot;yes&quot;}\">\n\t\t\t\t\t<div class=\"e-con-inner\">\n\t\t\t\t<div class=\"elementor-element elementor-element-e591790 eael-dual-header-content-align-left eael-dual-header-content-laptop-align-left elementor-widget elementor-widget-eael-dual-color-header\" data-id=\"e591790\" data-element_type=\"widget\" data-e-type=\"widget\" data-settings=\"{&quot;ekit_we_effect_on&quot;:&quot;none&quot;}\" data-widget_type=\"eael-dual-color-header.default\">\n\t\t\t\t\t\t\t\t<div class=\"eael-dual-header\">\n\t\t\t\t<h2 class=\"title eael-dch-title\"><span class=\"eael-dch-title-text eael-dch-title-lead lead solid-color\">En ligne<\/span> <span class=\"eael-dch-title-text\">Cours de fran\u00e7ais<\/span><\/h2>\t\t\t\t\t<span class=\"subtext\"><p class=\"p1\">Newdeal Institut Bordeaux, membre du groupe KLF, se sp\u00e9cialise dans l\u2019enseignement du fran\u00e7ais en ligne, offrant des cours flexibles accessibles depuis chez vous, votre lieu de travail ou votre \u00e9cole. Pour une exp\u00e9rience encore plus enrichissante, vous avez la possibilit\u00e9 de compl\u00e9ter ces cours par un s\u00e9jour immersif \u00e0 Bordeaux.<\/p><\/span>\n\t\t\t\t\t\t\t<\/div>\n\n\t\t\t\t\t\t<\/div>\n\t\t\t\t\t<\/div>\n\t\t\t\t<\/div>\n\t\t<div class=\"elementor-element elementor-element-3deff228 e-flex e-con-boxed e-con e-parent\" data-id=\"3deff228\" data-element_type=\"container\" data-e-type=\"container\" data-settings=\"{&quot;ekit_has_onepagescroll_dot&quot;:&quot;yes&quot;}\">\n\t\t\t\t\t<div class=\"e-con-inner\">\n\t\t<div data-premium-element-link=\"{&quot;type&quot;:&quot;url&quot;,&quot;link&quot;:{&quot;url&quot;:&quot;https:\\\/\\\/klf.fr\\\/bordeaux\\\/french-courses-in-bordeaux\\\/evening-french-course\\\/&quot;,&quot;is_external&quot;:&quot;&quot;,&quot;nofollow&quot;:&quot;&quot;,&quot;custom_attributes&quot;:&quot;&quot;},&quot;href&quot;:&quot;https:\\\/\\\/klf.fr\\\/bordeaux\\\/french-courses-in-bordeaux\\\/evening-french-course\\\/&quot;}\" style=\"cursor: pointer\" class=\"elementor-element elementor-element-771e37b6 e-con-full premium-wrapper-link-yes e-flex e-con e-child\" data-id=\"771e37b6\" data-element_type=\"container\" data-e-type=\"container\" data-settings=\"{&quot;ekit_has_onepagescroll_dot&quot;:&quot;yes&quot;}\">\n\t\t\t\t<div class=\"elementor-element elementor-element-d6c9e1d elementor-widget__width-initial elementor-widget elementor-widget-image\" data-id=\"d6c9e1d\" data-element_type=\"widget\" data-e-type=\"widget\" data-settings=\"{&quot;ekit_we_effect_on&quot;:&quot;none&quot;}\" data-widget_type=\"image.default\">\n\t\t\t\t\t\t\t\t\t\t\t\t\t\t\t\t<a href=\"https:\/\/klf.fr\/fr\/lyon\/cours-de-franc-lyon\/evening-french-course\/\" target=\"_blank\">\n\t\t\t\t\t\t\t<img decoding=\"async\" src=\"https:\/\/klf.fr\/wp-content\/uploads\/elementor\/thumbs\/cours-en-ligne-a1-a2-qxl1azuhp0nv0o7wo2a0p4onz2qokuxdg7x6r2r1yw.jpg\" title=\"cours-en-ligne-a1-a2\" alt=\"Evening French courses in Newdeal Institut Bordeaux\" loading=\"lazy\" \/>\t\t\t\t\t\t\t\t<\/a>\n\t\t\t\t\t\t\t\t\t\t\t\t\t\t\t<\/div>\n\t\t<div class=\"elementor-element elementor-element-50e86758 e-flex e-con-boxed e-con e-child\" data-id=\"50e86758\" data-element_type=\"container\" data-e-type=\"container\" data-settings=\"{&quot;ekit_has_onepagescroll_dot&quot;:&quot;yes&quot;}\">\n\t\t\t\t\t<div class=\"e-con-inner\">\n\t\t\t\t<div class=\"elementor-element elementor-element-260b4038 elementor-widget elementor-widget-heading\" data-id=\"260b4038\" data-element_type=\"widget\" data-e-type=\"widget\" data-settings=\"{&quot;ekit_we_effect_on&quot;:&quot;none&quot;}\" data-widget_type=\"heading.default\">\n\t\t\t\t\t<h3 class=\"elementor-heading-title elementor-size-default\">Cours du soir en ligne<\/h3>\t\t\t\t<\/div>\n\t\t\t\t<div class=\"elementor-element elementor-element-414f2740 elementor-widget elementor-widget-text-editor\" data-id=\"414f2740\" data-element_type=\"widget\" data-e-type=\"widget\" data-settings=\"{&quot;ekit_we_effect_on&quot;:&quot;none&quot;}\" data-widget_type=\"text-editor.default\">\n\t\t\t\t\t\t\t\t\t<p class=\"p1\">Rejoignez les cours du soir de fran\u00e7ais de Newdeal Institut Bordeaux, sp\u00e9cialement con\u00e7us pour les adultes au planning charg\u00e9. Avec 4 le\u00e7ons par semaine dans un environnement stimulant et bienveillant, ces cours vous permettent de d\u00e9velopper des comp\u00e9tences pratiques en communication, quel que soit votre niveau. <\/p>\t\t\t\t\t\t\t\t<\/div>\n\t\t\t\t<div class=\"elementor-element elementor-element-4bffbe5d elementor-icon-list--layout-traditional elementor-list-item-link-full_width elementor-widget elementor-widget-icon-list\" data-id=\"4bffbe5d\" data-element_type=\"widget\" data-e-type=\"widget\" data-settings=\"{&quot;ekit_we_effect_on&quot;:&quot;none&quot;}\" data-widget_type=\"icon-list.default\">\n\t\t\t\t\t\t\t<ul class=\"elementor-icon-list-items\">\n\t\t\t\t\t\t\t<li class=\"elementor-icon-list-item\">\n\t\t\t\t\t\t\t\t\t\t\t<span class=\"elementor-icon-list-icon\">\n\t\t\t\t\t\t\t<i aria-hidden=\"true\" class=\"fas fa-book\"><\/i>\t\t\t\t\t\t<\/span>\n\t\t\t\t\t\t\t\t\t\t<span class=\"elementor-icon-list-text\">4 le\u00e7ons par semaine<\/span>\n\t\t\t\t\t\t\t\t\t<\/li>\n\t\t\t\t\t\t\t\t<li class=\"elementor-icon-list-item\">\n\t\t\t\t\t\t\t\t\t\t\t<span class=\"elementor-icon-list-icon\">\n\t\t\t\t\t\t\t<i aria-hidden=\"true\" class=\"far fa-calendar-alt\"><\/i>\t\t\t\t\t\t<\/span>\n\t\t\t\t\t\t\t\t\t\t<span class=\"elementor-icon-list-text\">Les mardis et jeudis soirs<\/span>\n\t\t\t\t\t\t\t\t\t<\/li>\n\t\t\t\t\t\t<\/ul>\n\t\t\t\t\t\t<\/div>\n\t\t\t\t<div class=\"elementor-element elementor-element-235a5973 elementor-widget-divider--view-line elementor-widget elementor-widget-divider\" data-id=\"235a5973\" data-element_type=\"widget\" data-e-type=\"widget\" data-settings=\"{&quot;ekit_we_effect_on&quot;:&quot;none&quot;}\" data-widget_type=\"divider.default\">\n\t\t\t\t\t\t\t<div class=\"elementor-divider\">\n\t\t\t<span class=\"elementor-divider-separator\">\n\t\t\t\t\t\t<\/span>\n\t\t<\/div>\n\t\t\t\t\t\t<\/div>\n\t\t<div class=\"elementor-element elementor-element-18710704 e-con-full e-flex e-con e-child\" data-id=\"18710704\" data-element_type=\"container\" data-e-type=\"container\" data-settings=\"{&quot;ekit_has_onepagescroll_dot&quot;:&quot;yes&quot;}\">\n\t\t<div class=\"elementor-element elementor-element-11af5dfa e-con-full e-flex e-con e-child\" data-id=\"11af5dfa\" data-element_type=\"container\" data-e-type=\"container\" data-settings=\"{&quot;ekit_has_onepagescroll_dot&quot;:&quot;yes&quot;}\">\n\t\t\t\t<div class=\"elementor-element elementor-element-6c85df44 elementor-widget-mobile__width-inherit elementor-widget elementor-widget-heading\" data-id=\"6c85df44\" data-element_type=\"widget\" data-e-type=\"widget\" data-settings=\"{&quot;ekit_we_effect_on&quot;:&quot;none&quot;}\" data-widget_type=\"heading.default\">\n\t\t\t\t\t<span class=\"elementor-heading-title elementor-size-default\">A partir de : 310\u20ac\/8 semaines<\/span>\t\t\t\t<\/div>\n\t\t\t\t<\/div>\n\t\t<div class=\"elementor-element elementor-element-67712819 e-con-full e-flex e-con e-child\" data-id=\"67712819\" data-element_type=\"container\" data-e-type=\"container\" data-settings=\"{&quot;ekit_has_onepagescroll_dot&quot;:&quot;yes&quot;}\">\n\t\t\t\t<div class=\"elementor-element elementor-element-a6c74a1 elementor-align-right elementor-widget elementor-widget-button\" data-id=\"a6c74a1\" data-element_type=\"widget\" data-e-type=\"widget\" data-settings=\"{&quot;ekit_we_effect_on&quot;:&quot;none&quot;}\" data-widget_type=\"button.default\">\n\t\t\t\t\t\t\t\t\t\t<a class=\"elementor-button elementor-button-link elementor-size-sm elementor-animation-shrink\" href=\"https:\/\/klf.fr\/fr\/lyon\/cours-de-franc-lyon\/evening-french-course\/\">\n\t\t\t\t\t\t<span class=\"elementor-button-content-wrapper\">\n\t\t\t\t\t\t\t\t\t<span class=\"elementor-button-text\">Plus d'informations<\/span>\n\t\t\t\t\t<\/span>\n\t\t\t\t\t<\/a>\n\t\t\t\t\t\t\t\t<\/div>\n\t\t\t\t<\/div>\n\t\t\t\t<\/div>\n\t\t\t\t\t<\/div>\n\t\t\t\t<\/div>\n\t\t\t\t<\/div>\n\t\t<div class=\"elementor-element elementor-element-29bd642e e-con-full e-flex e-con e-child\" data-id=\"29bd642e\" data-element_type=\"container\" data-e-type=\"container\" data-settings=\"{&quot;ekit_has_onepagescroll_dot&quot;:&quot;yes&quot;}\">\n\t\t\t\t<div class=\"elementor-element elementor-element-68440caa elementor-widget__width-initial elementor-widget elementor-widget-image\" data-id=\"68440caa\" data-element_type=\"widget\" data-e-type=\"widget\" data-settings=\"{&quot;ekit_we_effect_on&quot;:&quot;none&quot;}\" data-widget_type=\"image.default\">\n\t\t\t\t\t\t\t\t\t\t\t\t\t\t\t\t<a href=\"https:\/\/klf.fr\/fr\/lyon\/cours-de-franc-lyon\/evening-french-course\/\" target=\"_blank\">\n\t\t\t\t\t\t\t<img decoding=\"async\" src=\"https:\/\/klf.fr\/wp-content\/uploads\/elementor\/thumbs\/fle-fake-cours-particulier-visio-scaled-1-qxl1b1q62oqfnw56d339u47l5uhf094u4h85pmo9mg.jpg\" title=\"fle-fake-cours-particulier-visio-scaled\" alt=\"Online private French courses in Newdeal Institut Bordeaux\" loading=\"lazy\" \/>\t\t\t\t\t\t\t\t<\/a>\n\t\t\t\t\t\t\t\t\t\t\t\t\t\t\t<\/div>\n\t\t<div class=\"elementor-element elementor-element-781c0828 e-flex e-con-boxed e-con e-child\" data-id=\"781c0828\" data-element_type=\"container\" data-e-type=\"container\" data-settings=\"{&quot;ekit_has_onepagescroll_dot&quot;:&quot;yes&quot;}\">\n\t\t\t\t\t<div class=\"e-con-inner\">\n\t\t\t\t<div class=\"elementor-element elementor-element-6f099d81 elementor-widget elementor-widget-heading\" data-id=\"6f099d81\" data-element_type=\"widget\" data-e-type=\"widget\" data-settings=\"{&quot;ekit_we_effect_on&quot;:&quot;none&quot;}\" data-widget_type=\"heading.default\">\n\t\t\t\t\t<h3 class=\"elementor-heading-title elementor-size-default\">Cours particuliers de fran\u00e7ais<\/h3>\t\t\t\t<\/div>\n\t\t\t\t<div class=\"elementor-element elementor-element-2c74e11f elementor-widget elementor-widget-text-editor\" data-id=\"2c74e11f\" data-element_type=\"widget\" data-e-type=\"widget\" data-settings=\"{&quot;ekit_we_effect_on&quot;:&quot;none&quot;}\" data-widget_type=\"text-editor.default\">\n\t\t\t\t\t\t\t\t\t<p class=\"p1\">Atteignez vos objectifs linguistiques avec nos cours priv\u00e9s de fran\u00e7ais en ligne, enti\u00e8rement personnalis\u00e9s pour r\u00e9pondre \u00e0 vos besoins sp\u00e9cifiques, qu\u2019il s\u2019agisse de perfectionner votre ma\u00eetrise de la langue, de progresser professionnellement ou de r\u00e9ussir acad\u00e9miquement.<\/p>\t\t\t\t\t\t\t\t<\/div>\n\t\t\t\t<div class=\"elementor-element elementor-element-863a9ac elementor-icon-list--layout-traditional elementor-list-item-link-full_width elementor-widget elementor-widget-icon-list\" data-id=\"863a9ac\" data-element_type=\"widget\" data-e-type=\"widget\" data-settings=\"{&quot;ekit_we_effect_on&quot;:&quot;none&quot;}\" data-widget_type=\"icon-list.default\">\n\t\t\t\t\t\t\t<ul class=\"elementor-icon-list-items\">\n\t\t\t\t\t\t\t<li class=\"elementor-icon-list-item\">\n\t\t\t\t\t\t\t\t\t\t\t<span class=\"elementor-icon-list-icon\">\n\t\t\t\t\t\t\t<i aria-hidden=\"true\" class=\"fas fa-book\"><\/i>\t\t\t\t\t\t<\/span>\n\t\t\t\t\t\t\t\t\t\t<span class=\"elementor-icon-list-text\">6 ou 12 le\u00e7ons particuli\u00e8res par semaine<\/span>\n\t\t\t\t\t\t\t\t\t<\/li>\n\t\t\t\t\t\t\t\t<li class=\"elementor-icon-list-item\">\n\t\t\t\t\t\t\t\t\t\t\t<span class=\"elementor-icon-list-icon\">\n\t\t\t\t\t\t\t<i aria-hidden=\"true\" class=\"far fa-calendar-alt\"><\/i>\t\t\t\t\t\t<\/span>\n\t\t\t\t\t\t\t\t\t\t<span class=\"elementor-icon-list-text\">Horaires flexibles<\/span>\n\t\t\t\t\t\t\t\t\t<\/li>\n\t\t\t\t\t\t<\/ul>\n\t\t\t\t\t\t<\/div>\n\t\t\t\t<div class=\"elementor-element elementor-element-70db1c75 elementor-widget-divider--view-line elementor-widget elementor-widget-divider\" data-id=\"70db1c75\" data-element_type=\"widget\" data-e-type=\"widget\" data-settings=\"{&quot;ekit_we_effect_on&quot;:&quot;none&quot;}\" data-widget_type=\"divider.default\">\n\t\t\t\t\t\t\t<div class=\"elementor-divider\">\n\t\t\t<span class=\"elementor-divider-separator\">\n\t\t\t\t\t\t<\/span>\n\t\t<\/div>\n\t\t\t\t\t\t<\/div>\n\t\t<div class=\"elementor-element elementor-element-38d445d4 e-con-full e-flex e-con e-child\" data-id=\"38d445d4\" data-element_type=\"container\" data-e-type=\"container\" data-settings=\"{&quot;ekit_has_onepagescroll_dot&quot;:&quot;yes&quot;}\">\n\t\t<div class=\"elementor-element elementor-element-171c701a e-con-full e-flex e-con e-child\" data-id=\"171c701a\" data-element_type=\"container\" data-e-type=\"container\" data-settings=\"{&quot;ekit_has_onepagescroll_dot&quot;:&quot;yes&quot;}\">\n\t\t\t\t<div class=\"elementor-element elementor-element-32419de8 elementor-widget-mobile__width-inherit elementor-widget elementor-widget-heading\" data-id=\"32419de8\" data-element_type=\"widget\" data-e-type=\"widget\" data-settings=\"{&quot;ekit_we_effect_on&quot;:&quot;none&quot;}\" data-widget_type=\"heading.default\">\n\t\t\t\t\t<span class=\"elementor-heading-title elementor-size-default\">From : 51\u20ac\/lesson\n<\/span>\t\t\t\t<\/div>\n\t\t\t\t<\/div>\n\t\t<div class=\"elementor-element elementor-element-1b129f58 e-con-full e-flex e-con e-child\" data-id=\"1b129f58\" data-element_type=\"container\" data-e-type=\"container\" data-settings=\"{&quot;ekit_has_onepagescroll_dot&quot;:&quot;yes&quot;}\">\n\t\t\t\t<div class=\"elementor-element elementor-element-e119063 elementor-align-right elementor-widget elementor-widget-button\" data-id=\"e119063\" data-element_type=\"widget\" data-e-type=\"widget\" data-settings=\"{&quot;ekit_we_effect_on&quot;:&quot;none&quot;}\" data-widget_type=\"button.default\">\n\t\t\t\t\t\t\t\t\t\t<a class=\"elementor-button elementor-button-link elementor-size-sm elementor-animation-shrink\" href=\"https:\/\/klf.fr\/fr\/lyon\/cours-de-franc-lyon\/evening-french-course\/\">\n\t\t\t\t\t\t<span class=\"elementor-button-content-wrapper\">\n\t\t\t\t\t\t\t\t\t<span class=\"elementor-button-text\">Plus d'informations<\/span>\n\t\t\t\t\t<\/span>\n\t\t\t\t\t<\/a>\n\t\t\t\t\t\t\t\t<\/div>\n\t\t\t\t<\/div>\n\t\t\t\t<\/div>\n\t\t\t\t\t<\/div>\n\t\t\t\t<\/div>\n\t\t\t\t<\/div>\n\t\t<div class=\"elementor-element elementor-element-3d05b08c e-con-full e-flex e-con e-child\" data-id=\"3d05b08c\" data-element_type=\"container\" data-e-type=\"container\" data-settings=\"{&quot;ekit_has_onepagescroll_dot&quot;:&quot;yes&quot;}\">\n\t\t\t\t<\/div>\n\t\t\t\t\t<\/div>\n\t\t\t\t<\/div>\n\t\t<div class=\"elementor-element elementor-element-754d9370 e-flex e-con-boxed e-con e-parent\" data-id=\"754d9370\" data-element_type=\"container\" data-e-type=\"container\" data-settings=\"{&quot;ekit_has_onepagescroll_dot&quot;:&quot;yes&quot;}\">\n\t\t\t\t\t<div class=\"e-con-inner\">\n\t\t\t\t<div class=\"elementor-element elementor-element-55fe2d4c eael-dual-header-content-align-left eael-dual-header-content-laptop-align-left elementor-widget elementor-widget-eael-dual-color-header\" data-id=\"55fe2d4c\" data-element_type=\"widget\" data-e-type=\"widget\" data-settings=\"{&quot;ekit_we_effect_on&quot;:&quot;none&quot;}\" data-widget_type=\"eael-dual-color-header.default\">\n\t\t\t\t\t\t\t\t<div class=\"eael-dual-header\">\n\t\t\t\t<h2 class=\"title eael-dch-title\"><span class=\"eael-dch-title-text eael-dch-title-lead lead solid-color\">Professionnel<\/span> <span class=\"eael-dch-title-text\">Cours de fran\u00e7ais<\/span><\/h2>\t\t\t\t\t<span class=\"subtext\"><p>Nos cours professionnels s&rsquo;adressent aux enseignants de fran\u00e7ais, aux travailleurs de tous les secteurs, ou aux employ\u00e9s allemands.<\/p><\/span>\n\t\t\t\t\t\t\t<\/div>\n\n\t\t\t\t\t\t<\/div>\n\t\t\t\t\t<\/div>\n\t\t\t\t<\/div>\n\t\t<div class=\"elementor-element elementor-element-77c1fcc9 e-flex e-con-boxed e-con e-parent\" data-id=\"77c1fcc9\" data-element_type=\"container\" data-e-type=\"container\" data-settings=\"{&quot;ekit_has_onepagescroll_dot&quot;:&quot;yes&quot;}\">\n\t\t\t\t\t<div class=\"e-con-inner\">\n\t\t<div class=\"elementor-element elementor-element-69a32891 e-con-full e-flex e-con e-child\" data-id=\"69a32891\" data-element_type=\"container\" data-e-type=\"container\" data-settings=\"{&quot;ekit_has_onepagescroll_dot&quot;:&quot;yes&quot;}\">\n\t\t\t\t<div class=\"elementor-element elementor-element-5195b37d elementor-widget__width-initial elementor-widget elementor-widget-image\" data-id=\"5195b37d\" data-element_type=\"widget\" data-e-type=\"widget\" data-settings=\"{&quot;ekit_we_effect_on&quot;:&quot;none&quot;}\" data-widget_type=\"image.default\">\n\t\t\t\t\t\t\t\t\t\t\t\t\t\t\t\t<a href=\"https:\/\/klf.fr\/fr\/bordeaux\/cours-de-francais\/corso-di-francese-commerciale\/\" target=\"_blank\">\n\t\t\t\t\t\t\t<img decoding=\"async\" src=\"https:\/\/klf.fr\/wp-content\/uploads\/elementor\/thumbs\/01_KLF_BORDEAUX_216_websize-1-qxl1akt2no39uwtr3vrzl8hagwst5p9o25hf2ndcqg.jpg\" title=\"Business KLF\" alt=\"Individual Business French courses in Newdeal Institut Bordeaux\" loading=\"lazy\" \/>\t\t\t\t\t\t\t\t<\/a>\n\t\t\t\t\t\t\t\t\t\t\t\t\t\t\t<\/div>\n\t\t<div class=\"elementor-element elementor-element-16e65984 e-flex e-con-boxed e-con e-child\" data-id=\"16e65984\" data-element_type=\"container\" data-e-type=\"container\" data-settings=\"{&quot;ekit_has_onepagescroll_dot&quot;:&quot;yes&quot;}\">\n\t\t\t\t\t<div class=\"e-con-inner\">\n\t\t\t\t<div class=\"elementor-element elementor-element-3357ef47 elementor-widget elementor-widget-heading\" data-id=\"3357ef47\" data-element_type=\"widget\" data-e-type=\"widget\" data-settings=\"{&quot;ekit_we_effect_on&quot;:&quot;none&quot;}\" data-widget_type=\"heading.default\">\n\t\t\t\t\t<h3 class=\"elementor-heading-title elementor-size-default\">Cours de fran\u00e7ais des affaires individuel<\/h3>\t\t\t\t<\/div>\n\t\t\t\t<div class=\"elementor-element elementor-element-7c545dd elementor-widget elementor-widget-text-editor\" data-id=\"7c545dd\" data-element_type=\"widget\" data-e-type=\"widget\" data-settings=\"{&quot;ekit_we_effect_on&quot;:&quot;none&quot;}\" data-widget_type=\"text-editor.default\">\n\t\t\t\t\t\t\t\t\t<p class=\"p1\">Renforcez vos comp\u00e9tences professionnelles avec les cours de fran\u00e7ais des affaires propos\u00e9s par Newdeal Institut Bordeaux. Profitez de le\u00e7ons individuelles personnalis\u00e9es, disponibles en ligne ou en pr\u00e9sentiel, con\u00e7ues pour s\u2019adapter aux exigences de votre milieu professionnel, \u00e0 votre emploi du temps et \u00e0 vos objectifs sp\u00e9cifiques.<\/p>\t\t\t\t\t\t\t\t<\/div>\n\t\t\t\t<div class=\"elementor-element elementor-element-3002973b elementor-icon-list--layout-inline elementor-list-item-link-full_width elementor-widget elementor-widget-icon-list\" data-id=\"3002973b\" data-element_type=\"widget\" data-e-type=\"widget\" data-settings=\"{&quot;ekit_we_effect_on&quot;:&quot;none&quot;}\" data-widget_type=\"icon-list.default\">\n\t\t\t\t\t\t\t<ul class=\"elementor-icon-list-items elementor-inline-items\">\n\t\t\t\t\t\t\t<li class=\"elementor-icon-list-item elementor-inline-item\">\n\t\t\t\t\t\t\t\t\t\t\t<span class=\"elementor-icon-list-icon\">\n\t\t\t\t\t\t\t<i aria-hidden=\"true\" class=\"fas fa-book\"><\/i>\t\t\t\t\t\t<\/span>\n\t\t\t\t\t\t\t\t\t\t<span class=\"elementor-icon-list-text\">Cours particuliers<\/span>\n\t\t\t\t\t\t\t\t\t<\/li>\n\t\t\t\t\t\t\t\t<li class=\"elementor-icon-list-item elementor-inline-item\">\n\t\t\t\t\t\t\t\t\t\t\t<span class=\"elementor-icon-list-icon\">\n\t\t\t\t\t\t\t<i aria-hidden=\"true\" class=\"far fa-calendar-alt\"><\/i>\t\t\t\t\t\t<\/span>\n\t\t\t\t\t\t\t\t\t\t<span class=\"elementor-icon-list-text\">Horaires flexibles<\/span>\n\t\t\t\t\t\t\t\t\t<\/li>\n\t\t\t\t\t\t<\/ul>\n\t\t\t\t\t\t<\/div>\n\t\t\t\t<div class=\"elementor-element elementor-element-1c7869bc elementor-widget-divider--view-line elementor-widget elementor-widget-divider\" data-id=\"1c7869bc\" data-element_type=\"widget\" data-e-type=\"widget\" data-settings=\"{&quot;ekit_we_effect_on&quot;:&quot;none&quot;}\" data-widget_type=\"divider.default\">\n\t\t\t\t\t\t\t<div class=\"elementor-divider\">\n\t\t\t<span class=\"elementor-divider-separator\">\n\t\t\t\t\t\t<\/span>\n\t\t<\/div>\n\t\t\t\t\t\t<\/div>\n\t\t<div class=\"elementor-element elementor-element-2af51c01 e-con-full e-flex e-con e-child\" data-id=\"2af51c01\" data-element_type=\"container\" data-e-type=\"container\" data-settings=\"{&quot;ekit_has_onepagescroll_dot&quot;:&quot;yes&quot;}\">\n\t\t<div class=\"elementor-element elementor-element-619ed0c8 e-con-full e-flex e-con e-child\" data-id=\"619ed0c8\" data-element_type=\"container\" data-e-type=\"container\" data-settings=\"{&quot;ekit_has_onepagescroll_dot&quot;:&quot;yes&quot;}\">\n\t\t\t\t<div class=\"elementor-element elementor-element-6089e6a0 elementor-widget-mobile__width-inherit elementor-widget__width-initial elementor-widget elementor-widget-heading\" data-id=\"6089e6a0\" data-element_type=\"widget\" data-e-type=\"widget\" data-settings=\"{&quot;ekit_we_effect_on&quot;:&quot;none&quot;}\" data-widget_type=\"heading.default\">\n\t\t\t\t\t<span class=\"elementor-heading-title elementor-size-default\">From : 51\u20ac\/lesson\n<\/span>\t\t\t\t<\/div>\n\t\t\t\t<\/div>\n\t\t<div class=\"elementor-element elementor-element-2cdf5455 e-con-full e-flex e-con e-child\" data-id=\"2cdf5455\" data-element_type=\"container\" data-e-type=\"container\" data-settings=\"{&quot;ekit_has_onepagescroll_dot&quot;:&quot;yes&quot;}\">\n\t\t\t\t<div class=\"elementor-element elementor-element-946ed40 elementor-align-right elementor-widget elementor-widget-button\" data-id=\"946ed40\" data-element_type=\"widget\" data-e-type=\"widget\" data-settings=\"{&quot;ekit_we_effect_on&quot;:&quot;none&quot;}\" data-widget_type=\"button.default\">\n\t\t\t\t\t\t\t\t\t\t<a class=\"elementor-button elementor-button-link elementor-size-sm elementor-animation-shrink\" href=\"https:\/\/klf.fr\/fr\/bordeaux\/cours-de-francais\/corso-di-francese-commerciale\/\">\n\t\t\t\t\t\t<span class=\"elementor-button-content-wrapper\">\n\t\t\t\t\t\t\t\t\t<span class=\"elementor-button-text\">Plus d'informations<\/span>\n\t\t\t\t\t<\/span>\n\t\t\t\t\t<\/a>\n\t\t\t\t\t\t\t\t<\/div>\n\t\t\t\t<\/div>\n\t\t\t\t<\/div>\n\t\t\t\t\t<\/div>\n\t\t\t\t<\/div>\n\t\t\t\t<\/div>\n\t\t<div data-premium-element-link=\"{&quot;type&quot;:&quot;url&quot;,&quot;link&quot;:{&quot;url&quot;:&quot;https:\\\/\\\/klf.fr\\\/bordeaux\\\/french-courses-in-bordeaux\\\/french-course-bildunsurlaub-bordeaux\\\/&quot;,&quot;is_external&quot;:&quot;&quot;,&quot;nofollow&quot;:&quot;&quot;,&quot;custom_attributes&quot;:&quot;&quot;},&quot;href&quot;:&quot;https:\\\/\\\/klf.fr\\\/bordeaux\\\/french-courses-in-bordeaux\\\/french-course-bildunsurlaub-bordeaux\\\/&quot;}\" style=\"cursor: pointer\" class=\"elementor-element elementor-element-38293a36 e-con-full premium-wrapper-link-yes e-flex e-con e-child\" data-id=\"38293a36\" data-element_type=\"container\" data-e-type=\"container\" data-settings=\"{&quot;ekit_has_onepagescroll_dot&quot;:&quot;yes&quot;}\">\n\t\t\t\t<div class=\"elementor-element elementor-element-1f8742e2 elementor-widget__width-initial elementor-widget elementor-widget-image\" data-id=\"1f8742e2\" data-element_type=\"widget\" data-e-type=\"widget\" data-settings=\"{&quot;ekit_we_effect_on&quot;:&quot;none&quot;}\" data-widget_type=\"image.default\">\n\t\t\t\t\t\t\t\t\t\t\t\t\t\t\t\t<a href=\"https:\/\/klf.fr\/fr\/bordeaux\/cours-de-francais\/corso-di-francese-bildunsurlaub-bordeaux\/\" target=\"_blank\">\n\t\t\t\t\t\t\t<img decoding=\"async\" src=\"https:\/\/klf.fr\/wp-content\/uploads\/elementor\/thumbs\/01_KLF_BORDEAUX_189_websize-1-qxl1abeorbqemt7emrppwauoj2350q8couyk9vrago.jpg\" title=\"01_KLF_BORDEAUX_189_websize\" alt=\"Individual Business French courses in Newdeal Institut Bordeaux\" loading=\"lazy\" \/>\t\t\t\t\t\t\t\t<\/a>\n\t\t\t\t\t\t\t\t\t\t\t\t\t\t\t<\/div>\n\t\t<div class=\"elementor-element elementor-element-31ccb43b e-flex e-con-boxed e-con e-child\" data-id=\"31ccb43b\" data-element_type=\"container\" data-e-type=\"container\" data-settings=\"{&quot;ekit_has_onepagescroll_dot&quot;:&quot;yes&quot;}\">\n\t\t\t\t\t<div class=\"e-con-inner\">\n\t\t\t\t<div class=\"elementor-element elementor-element-193d38e8 elementor-widget elementor-widget-heading\" data-id=\"193d38e8\" data-element_type=\"widget\" data-e-type=\"widget\" data-settings=\"{&quot;ekit_we_effect_on&quot;:&quot;none&quot;}\" data-widget_type=\"heading.default\">\n\t\t\t\t\t<h3 class=\"elementor-heading-title elementor-size-default\">Cours intensifs de fran\u00e7ais special Bildunsurlaub<\/h3>\t\t\t\t<\/div>\n\t\t\t\t<div class=\"elementor-element elementor-element-66785e34 elementor-widget elementor-widget-text-editor\" data-id=\"66785e34\" data-element_type=\"widget\" data-e-type=\"widget\" data-settings=\"{&quot;ekit_we_effect_on&quot;:&quot;none&quot;}\" data-widget_type=\"text-editor.default\">\n\t\t\t\t\t\t\t\t\t<p class=\"p1\">D\u00e9couvrez les cours de fran\u00e7ais accr\u00e9dit\u00e9s Bildungsurlaub propos\u00e9s par Newdeal Institut Bordeaux, sp\u00e9cialement con\u00e7us pour les salari\u00e9s allemands. Ces programmes intensifs ou super-intensifs combinent cours de langue, ateliers pratiques et immersion culturelle, pour une exp\u00e9rience d\u2019apprentissage compl\u00e8te et enrichissante. <\/p>\t\t\t\t\t\t\t\t<\/div>\n\t\t\t\t<div class=\"elementor-element elementor-element-50839334 elementor-icon-list--layout-inline elementor-list-item-link-full_width elementor-widget elementor-widget-icon-list\" data-id=\"50839334\" data-element_type=\"widget\" data-e-type=\"widget\" data-settings=\"{&quot;ekit_we_effect_on&quot;:&quot;none&quot;}\" data-widget_type=\"icon-list.default\">\n\t\t\t\t\t\t\t<ul class=\"elementor-icon-list-items elementor-inline-items\">\n\t\t\t\t\t\t\t<li class=\"elementor-icon-list-item elementor-inline-item\">\n\t\t\t\t\t\t\t\t\t\t\t<span class=\"elementor-icon-list-icon\">\n\t\t\t\t\t\t\t<i aria-hidden=\"true\" class=\"fas fa-book\"><\/i>\t\t\t\t\t\t<\/span>\n\t\t\t\t\t\t\t\t\t\t<span class=\"elementor-icon-list-text\">30 ou 40 le\u00e7ons par semaine<\/span>\n\t\t\t\t\t\t\t\t\t<\/li>\n\t\t\t\t\t\t\t\t<li class=\"elementor-icon-list-item elementor-inline-item\">\n\t\t\t\t\t\t\t\t\t\t\t<span class=\"elementor-icon-list-icon\">\n\t\t\t\t\t\t\t<i aria-hidden=\"true\" class=\"far fa-calendar-alt\"><\/i>\t\t\t\t\t\t<\/span>\n\t\t\t\t\t\t\t\t\t\t<span class=\"elementor-icon-list-text\">Tous les lundis<\/span>\n\t\t\t\t\t\t\t\t\t<\/li>\n\t\t\t\t\t\t<\/ul>\n\t\t\t\t\t\t<\/div>\n\t\t\t\t<div class=\"elementor-element elementor-element-2bff4aae elementor-widget-divider--view-line elementor-widget elementor-widget-divider\" data-id=\"2bff4aae\" data-element_type=\"widget\" data-e-type=\"widget\" data-settings=\"{&quot;ekit_we_effect_on&quot;:&quot;none&quot;}\" data-widget_type=\"divider.default\">\n\t\t\t\t\t\t\t<div class=\"elementor-divider\">\n\t\t\t<span class=\"elementor-divider-separator\">\n\t\t\t\t\t\t<\/span>\n\t\t<\/div>\n\t\t\t\t\t\t<\/div>\n\t\t<div class=\"elementor-element elementor-element-7448e096 e-con-full e-flex e-con e-child\" data-id=\"7448e096\" data-element_type=\"container\" data-e-type=\"container\" data-settings=\"{&quot;ekit_has_onepagescroll_dot&quot;:&quot;yes&quot;}\">\n\t\t<div class=\"elementor-element elementor-element-756fc8aa e-con-full e-flex e-con e-child\" data-id=\"756fc8aa\" data-element_type=\"container\" data-e-type=\"container\" data-settings=\"{&quot;ekit_has_onepagescroll_dot&quot;:&quot;yes&quot;}\">\n\t\t\t\t<div class=\"elementor-element elementor-element-331450ae elementor-widget-mobile__width-inherit elementor-widget__width-initial elementor-widget elementor-widget-heading\" data-id=\"331450ae\" data-element_type=\"widget\" data-e-type=\"widget\" data-settings=\"{&quot;ekit_we_effect_on&quot;:&quot;none&quot;}\" data-widget_type=\"heading.default\">\n\t\t\t\t\t<span class=\"elementor-heading-title elementor-size-default\">From : 340\u20ac\/lesson\n<\/span>\t\t\t\t<\/div>\n\t\t\t\t<\/div>\n\t\t<div class=\"elementor-element elementor-element-7a925205 e-con-full e-flex e-con e-child\" data-id=\"7a925205\" data-element_type=\"container\" data-e-type=\"container\" data-settings=\"{&quot;ekit_has_onepagescroll_dot&quot;:&quot;yes&quot;}\">\n\t\t\t\t<div class=\"elementor-element elementor-element-4999ef4 elementor-align-right elementor-widget elementor-widget-button\" data-id=\"4999ef4\" data-element_type=\"widget\" data-e-type=\"widget\" data-settings=\"{&quot;ekit_we_effect_on&quot;:&quot;none&quot;}\" data-widget_type=\"button.default\">\n\t\t\t\t\t\t\t\t\t\t<a class=\"elementor-button elementor-button-link elementor-size-sm elementor-animation-shrink\" href=\"https:\/\/klf.fr\/fr\/bordeaux\/cours-de-francais\/corso-di-francese-bildunsurlaub-bordeaux\/\">\n\t\t\t\t\t\t<span class=\"elementor-button-content-wrapper\">\n\t\t\t\t\t\t\t\t\t<span class=\"elementor-button-text\">Plus d'informations<\/span>\n\t\t\t\t\t<\/span>\n\t\t\t\t\t<\/a>\n\t\t\t\t\t\t\t\t<\/div>\n\t\t\t\t<\/div>\n\t\t\t\t<\/div>\n\t\t\t\t\t<\/div>\n\t\t\t\t<\/div>\n\t\t\t\t<\/div>\n\t\t<div class=\"elementor-element elementor-element-4beb833 e-con-full e-flex e-con e-child\" data-id=\"4beb833\" data-element_type=\"container\" data-e-type=\"container\" data-settings=\"{&quot;ekit_has_onepagescroll_dot&quot;:&quot;yes&quot;}\">\n\t\t\t\t<div class=\"elementor-element elementor-element-b2fb713 elementor-widget__width-initial elementor-widget elementor-widget-image\" data-id=\"b2fb713\" data-element_type=\"widget\" data-e-type=\"widget\" data-settings=\"{&quot;ekit_we_effect_on&quot;:&quot;none&quot;}\" data-widget_type=\"image.default\">\n\t\t\t\t\t\t\t\t\t\t\t\t\t\t\t\t<a href=\"https:\/\/klf.fr\/fr\/bordeaux\/cours-de-francais\/francais-pour-enseignants-bordeaux\/\" target=\"_blank\">\n\t\t\t\t\t\t\t<img decoding=\"async\" src=\"https:\/\/klf.fr\/wp-content\/uploads\/elementor\/thumbs\/01_KLF_BORDEAUX_219_websize-r5pdsyzh63iwdv0d1dqyp2zufjpgal3x7vzumko2wo.jpg\" title=\"01_KLF_BORDEAUX_219_websize\" alt=\"french courses for teachers in Newdeal Institut Bordeaux\" loading=\"lazy\" \/>\t\t\t\t\t\t\t\t<\/a>\n\t\t\t\t\t\t\t\t\t\t\t\t\t\t\t<\/div>\n\t\t<div class=\"elementor-element elementor-element-2b8f21a e-flex e-con-boxed e-con e-child\" data-id=\"2b8f21a\" data-element_type=\"container\" data-e-type=\"container\" data-settings=\"{&quot;ekit_has_onepagescroll_dot&quot;:&quot;yes&quot;}\">\n\t\t\t\t\t<div class=\"e-con-inner\">\n\t\t\t\t<div class=\"elementor-element elementor-element-8183163 elementor-widget elementor-widget-heading\" data-id=\"8183163\" data-element_type=\"widget\" data-e-type=\"widget\" data-settings=\"{&quot;ekit_we_effect_on&quot;:&quot;none&quot;}\" data-widget_type=\"heading.default\">\n\t\t\t\t\t<h3 class=\"elementor-heading-title elementor-size-default\">Cours de fran\u00e7ais pour professeurs de langues<\/h3>\t\t\t\t<\/div>\n\t\t\t\t<div class=\"elementor-element elementor-element-48bec9c elementor-widget elementor-widget-text-editor\" data-id=\"48bec9c\" data-element_type=\"widget\" data-e-type=\"widget\" data-settings=\"{&quot;ekit_we_effect_on&quot;:&quot;none&quot;}\" data-widget_type=\"text-editor.default\">\n\t\t\t\t\t\t\t\t\t<p class=\"p1\">Newdeal Institut Bordeaux propose des cours de fran\u00e7ais sp\u00e9cialement con\u00e7us pour les enseignants. Ces formations mettent l\u2019accent sur des strat\u00e9gies p\u00e9dagogiques innovantes, l\u2019am\u00e9lioration des comp\u00e9tences linguistiques et une immersion culturelle enrichissante, afin de perfectionner l\u2019enseignement du fran\u00e7ais langue \u00e9trang\u00e8re (FLE).<\/p>\t\t\t\t\t\t\t\t<\/div>\n\t\t\t\t<div class=\"elementor-element elementor-element-555b9d3 elementor-icon-list--layout-inline elementor-list-item-link-full_width elementor-widget elementor-widget-icon-list\" data-id=\"555b9d3\" data-element_type=\"widget\" data-e-type=\"widget\" data-settings=\"{&quot;ekit_we_effect_on&quot;:&quot;none&quot;}\" data-widget_type=\"icon-list.default\">\n\t\t\t\t\t\t\t<ul class=\"elementor-icon-list-items elementor-inline-items\">\n\t\t\t\t\t\t\t<li class=\"elementor-icon-list-item elementor-inline-item\">\n\t\t\t\t\t\t\t\t\t\t\t<span class=\"elementor-icon-list-icon\">\n\t\t\t\t\t\t\t<i aria-hidden=\"true\" class=\"fas fa-book\"><\/i>\t\t\t\t\t\t<\/span>\n\t\t\t\t\t\t\t\t\t\t<span class=\"elementor-icon-list-text\">A partir de 15 le\u00e7ons\/semaine<\/span>\n\t\t\t\t\t\t\t\t\t<\/li>\n\t\t\t\t\t\t\t\t<li class=\"elementor-icon-list-item elementor-inline-item\">\n\t\t\t\t\t\t\t\t\t\t\t<span class=\"elementor-icon-list-icon\">\n\t\t\t\t\t\t\t<i aria-hidden=\"true\" class=\"far fa-calendar-alt\"><\/i>\t\t\t\t\t\t<\/span>\n\t\t\t\t\t\t\t\t\t\t<span class=\"elementor-icon-list-text\">Sessions d'\u00e9quipe<\/span>\n\t\t\t\t\t\t\t\t\t<\/li>\n\t\t\t\t\t\t<\/ul>\n\t\t\t\t\t\t<\/div>\n\t\t\t\t<div class=\"elementor-element elementor-element-12b6a21 elementor-widget-divider--view-line elementor-widget elementor-widget-divider\" data-id=\"12b6a21\" data-element_type=\"widget\" data-e-type=\"widget\" data-settings=\"{&quot;ekit_we_effect_on&quot;:&quot;none&quot;}\" data-widget_type=\"divider.default\">\n\t\t\t\t\t\t\t<div class=\"elementor-divider\">\n\t\t\t<span class=\"elementor-divider-separator\">\n\t\t\t\t\t\t<\/span>\n\t\t<\/div>\n\t\t\t\t\t\t<\/div>\n\t\t<div class=\"elementor-element elementor-element-a70ca3c e-con-full e-flex e-con e-child\" data-id=\"a70ca3c\" data-element_type=\"container\" data-e-type=\"container\" data-settings=\"{&quot;ekit_has_onepagescroll_dot&quot;:&quot;yes&quot;}\">\n\t\t<div class=\"elementor-element elementor-element-e59a02a e-con-full e-flex e-con e-child\" data-id=\"e59a02a\" data-element_type=\"container\" data-e-type=\"container\" data-settings=\"{&quot;ekit_has_onepagescroll_dot&quot;:&quot;yes&quot;}\">\n\t\t\t\t<div class=\"elementor-element elementor-element-5ac8623 elementor-widget-mobile__width-inherit elementor-widget__width-initial elementor-widget elementor-widget-heading\" data-id=\"5ac8623\" data-element_type=\"widget\" data-e-type=\"widget\" data-settings=\"{&quot;ekit_we_effect_on&quot;:&quot;none&quot;}\" data-widget_type=\"heading.default\">\n\t\t\t\t\t<span class=\"elementor-heading-title elementor-size-default\">On request\n<\/span>\t\t\t\t<\/div>\n\t\t\t\t<\/div>\n\t\t<div class=\"elementor-element elementor-element-3587831 e-con-full e-flex e-con e-child\" data-id=\"3587831\" data-element_type=\"container\" data-e-type=\"container\" data-settings=\"{&quot;ekit_has_onepagescroll_dot&quot;:&quot;yes&quot;}\">\n\t\t\t\t<div class=\"elementor-element elementor-element-e6a99b1 elementor-align-right elementor-widget elementor-widget-button\" data-id=\"e6a99b1\" data-element_type=\"widget\" data-e-type=\"widget\" data-settings=\"{&quot;ekit_we_effect_on&quot;:&quot;none&quot;}\" data-widget_type=\"button.default\">\n\t\t\t\t\t\t\t\t\t\t<a class=\"elementor-button elementor-button-link elementor-size-sm elementor-animation-shrink\" href=\"https:\/\/klf.fr\/fr\/bordeaux\/cours-de-francais\/francais-pour-enseignants-bordeaux\/\" target=\"_blank\">\n\t\t\t\t\t\t<span class=\"elementor-button-content-wrapper\">\n\t\t\t\t\t\t\t\t\t<span class=\"elementor-button-text\">Plus d'informations<\/span>\n\t\t\t\t\t<\/span>\n\t\t\t\t\t<\/a>\n\t\t\t\t\t\t\t\t<\/div>\n\t\t\t\t<\/div>\n\t\t\t\t<\/div>\n\t\t\t\t\t<\/div>\n\t\t\t\t<\/div>\n\t\t\t\t<\/div>\n\t\t\t\t\t<\/div>\n\t\t\t\t<\/div>\n\t\t<div class=\"elementor-element elementor-element-7dfd745 e-flex e-con-boxed e-con e-parent\" data-id=\"7dfd745\" data-element_type=\"container\" data-e-type=\"container\" data-settings=\"{&quot;ekit_has_onepagescroll_dot&quot;:&quot;yes&quot;}\">\n\t\t\t\t\t<div class=\"e-con-inner\">\n\t\t\t\t<div class=\"elementor-element elementor-element-649243a2 eael-dual-header-content-align-left eael-dual-header-content-laptop-align-left elementor-widget elementor-widget-eael-dual-color-header\" data-id=\"649243a2\" data-element_type=\"widget\" data-e-type=\"widget\" data-settings=\"{&quot;ekit_we_effect_on&quot;:&quot;none&quot;}\" data-widget_type=\"eael-dual-color-header.default\">\n\t\t\t\t\t\t\t\t<div class=\"eael-dual-header\">\n\t\t\t\t<h2 class=\"title eael-dch-title\"><span class=\"eael-dch-title-text eael-dch-title-lead lead solid-color\">Cours de fran\u00e7ais<\/span> <span class=\"eael-dch-title-text\">pour les jeunes<\/span><\/h2>\t\t\t\t\t<span class=\"subtext\"><p>S\u00e9jours linguistiques d\u00a0\u00bb\u00e9t\u00e9 pour adolescents \u00e0 Bordeaux. <strong>Prochaine session : Du 29 juin au 27 juillet 2025.<\/strong><\/p><\/span>\n\t\t\t\t\t\t\t<\/div>\n\n\t\t\t\t\t\t<\/div>\n\t\t\t\t\t<\/div>\n\t\t\t\t<\/div>\n\t\t<div class=\"elementor-element elementor-element-9576261 e-flex e-con-boxed e-con e-parent\" data-id=\"9576261\" data-element_type=\"container\" data-e-type=\"container\" data-settings=\"{&quot;ekit_has_onepagescroll_dot&quot;:&quot;yes&quot;}\">\n\t\t\t\t\t<div class=\"e-con-inner\">\n\t\t<div class=\"elementor-element elementor-element-59f7f89e e-con-full e-flex e-con e-child\" data-id=\"59f7f89e\" data-element_type=\"container\" data-e-type=\"container\" data-settings=\"{&quot;ekit_has_onepagescroll_dot&quot;:&quot;yes&quot;}\">\n\t\t\t\t<div class=\"elementor-element elementor-element-480aec4c elementor-widget__width-initial elementor-widget elementor-widget-image\" data-id=\"480aec4c\" data-element_type=\"widget\" data-e-type=\"widget\" data-settings=\"{&quot;ekit_we_effect_on&quot;:&quot;none&quot;}\" data-widget_type=\"image.default\">\n\t\t\t\t\t\t\t\t\t\t\t\t\t\t\t\t<a href=\"https:\/\/klf.fr\/fr\/sejour-linguistique-jeunes-bordeaux\/\" target=\"_blank\">\n\t\t\t\t\t\t\t<img decoding=\"async\" src=\"https:\/\/klf.fr\/wp-content\/uploads\/elementor\/thumbs\/WhatsApp-Image-2024-07-23-at-14.15.31-1-e1732281419701-r5pfks90j9hr04wqdjnt6hs7xiat5wtn0kuvgm2rzs.jpeg\" title=\"French summer camp in Bordeaux\" alt=\"French summer camp in Bordeaux\" loading=\"lazy\" \/>\t\t\t\t\t\t\t\t<\/a>\n\t\t\t\t\t\t\t\t\t\t\t\t\t\t\t<\/div>\n\t\t<div class=\"elementor-element elementor-element-2ad6f272 e-flex e-con-boxed e-con e-child\" data-id=\"2ad6f272\" data-element_type=\"container\" data-e-type=\"container\" data-settings=\"{&quot;ekit_has_onepagescroll_dot&quot;:&quot;yes&quot;}\">\n\t\t\t\t\t<div class=\"e-con-inner\">\n\t\t\t\t<div class=\"elementor-element elementor-element-4d66f310 elementor-widget elementor-widget-heading\" data-id=\"4d66f310\" data-element_type=\"widget\" data-e-type=\"widget\" data-settings=\"{&quot;ekit_we_effect_on&quot;:&quot;none&quot;}\" data-widget_type=\"heading.default\">\n\t\t\t\t\t<h3 class=\"elementor-heading-title elementor-size-default\">S\u00e9jour linguistique de fran\u00e7ais pour les jeunes <\/h3>\t\t\t\t<\/div>\n\t\t\t\t<div class=\"elementor-element elementor-element-5a501b73 elementor-widget elementor-widget-text-editor\" data-id=\"5a501b73\" data-element_type=\"widget\" data-e-type=\"widget\" data-settings=\"{&quot;ekit_we_effect_on&quot;:&quot;none&quot;}\" data-widget_type=\"text-editor.default\">\n\t\t\t\t\t\t\t\t\t<div class=\"eael-infobox\"><div class=\"infobox-content\"><p>En plus de perfectionner leur ma\u00eetrise de la langue, les participants peuvent profiter du soleil sur de superbes plages et s\u2019adonner \u00e0 une vari\u00e9t\u00e9 d\u2019activit\u00e9s hebdomadaires captivantes, telles que le trampoline, les parcours accrobranche, les visites de sites historiques et le patinage sur glace.<\/p><\/div><\/div>\t\t\t\t\t\t\t\t<\/div>\n\t\t\t\t<div class=\"elementor-element elementor-element-77fc6eba elementor-icon-list--layout-inline elementor-list-item-link-full_width elementor-widget elementor-widget-icon-list\" data-id=\"77fc6eba\" data-element_type=\"widget\" data-e-type=\"widget\" data-settings=\"{&quot;ekit_we_effect_on&quot;:&quot;none&quot;}\" data-widget_type=\"icon-list.default\">\n\t\t\t\t\t\t\t<ul class=\"elementor-icon-list-items elementor-inline-items\">\n\t\t\t\t\t\t\t<li class=\"elementor-icon-list-item elementor-inline-item\">\n\t\t\t\t\t\t\t\t\t\t\t<span class=\"elementor-icon-list-icon\">\n\t\t\t\t\t\t\t<i aria-hidden=\"true\" class=\"fas fa-book\"><\/i>\t\t\t\t\t\t<\/span>\n\t\t\t\t\t\t\t\t\t\t<span class=\"elementor-icon-list-text\">20 Le\u00e7ons\/Semaine<\/span>\n\t\t\t\t\t\t\t\t\t<\/li>\n\t\t\t\t\t\t\t\t<li class=\"elementor-icon-list-item elementor-inline-item\">\n\t\t\t\t\t\t\t\t\t\t\t<span class=\"elementor-icon-list-icon\">\n\t\t\t\t\t\t\t<i aria-hidden=\"true\" class=\"far fa-calendar-alt\"><\/i>\t\t\t\t\t\t<\/span>\n\t\t\t\t\t\t\t\t\t\t<span class=\"elementor-icon-list-text\">Dates sp\u00e9cifiques l'\u00e9t\u00e9<\/span>\n\t\t\t\t\t\t\t\t\t<\/li>\n\t\t\t\t\t\t<\/ul>\n\t\t\t\t\t\t<\/div>\n\t\t\t\t<div class=\"elementor-element elementor-element-645f09df elementor-widget-divider--view-line elementor-widget elementor-widget-divider\" data-id=\"645f09df\" data-element_type=\"widget\" data-e-type=\"widget\" data-settings=\"{&quot;ekit_we_effect_on&quot;:&quot;none&quot;}\" data-widget_type=\"divider.default\">\n\t\t\t\t\t\t\t<div class=\"elementor-divider\">\n\t\t\t<span class=\"elementor-divider-separator\">\n\t\t\t\t\t\t<\/span>\n\t\t<\/div>\n\t\t\t\t\t\t<\/div>\n\t\t<div class=\"elementor-element elementor-element-670cd3ac e-con-full e-flex e-con e-child\" data-id=\"670cd3ac\" data-element_type=\"container\" data-e-type=\"container\" data-settings=\"{&quot;ekit_has_onepagescroll_dot&quot;:&quot;yes&quot;}\">\n\t\t<div class=\"elementor-element elementor-element-776d9e12 e-con-full e-flex e-con e-child\" data-id=\"776d9e12\" data-element_type=\"container\" data-e-type=\"container\" data-settings=\"{&quot;ekit_has_onepagescroll_dot&quot;:&quot;yes&quot;}\">\n\t\t\t\t<div class=\"elementor-element elementor-element-665a4603 elementor-widget-mobile__width-inherit elementor-widget__width-initial elementor-widget elementor-widget-heading\" data-id=\"665a4603\" data-element_type=\"widget\" data-e-type=\"widget\" data-settings=\"{&quot;ekit_we_effect_on&quot;:&quot;none&quot;}\" data-widget_type=\"heading.default\">\n\t\t\t\t\t<span class=\"elementor-heading-title elementor-size-default\">From : 995\u20ac\/week\n<\/span>\t\t\t\t<\/div>\n\t\t\t\t<\/div>\n\t\t<div class=\"elementor-element elementor-element-44819344 e-con-full e-flex e-con e-child\" data-id=\"44819344\" data-element_type=\"container\" data-e-type=\"container\" data-settings=\"{&quot;ekit_has_onepagescroll_dot&quot;:&quot;yes&quot;}\">\n\t\t\t\t<div class=\"elementor-element elementor-element-6ebef0f elementor-align-right elementor-widget elementor-widget-button\" data-id=\"6ebef0f\" data-element_type=\"widget\" data-e-type=\"widget\" data-settings=\"{&quot;ekit_we_effect_on&quot;:&quot;none&quot;}\" data-widget_type=\"button.default\">\n\t\t\t\t\t\t\t\t\t\t<a class=\"elementor-button elementor-button-link elementor-size-sm elementor-animation-shrink\" href=\"https:\/\/klf.fr\/fr\/sejour-linguistique-jeunes-bordeaux\/\">\n\t\t\t\t\t\t<span class=\"elementor-button-content-wrapper\">\n\t\t\t\t\t\t\t\t\t<span class=\"elementor-button-text\">Plus d'informations<\/span>\n\t\t\t\t\t<\/span>\n\t\t\t\t\t<\/a>\n\t\t\t\t\t\t\t\t<\/div>\n\t\t\t\t<\/div>\n\t\t\t\t<\/div>\n\t\t\t\t\t<\/div>\n\t\t\t\t<\/div>\n\t\t\t\t<\/div>\n\t\t<div class=\"elementor-element elementor-element-6ae66012 e-con-full e-flex e-con e-child\" data-id=\"6ae66012\" data-element_type=\"container\" data-e-type=\"container\" data-settings=\"{&quot;ekit_has_onepagescroll_dot&quot;:&quot;yes&quot;}\">\n\t\t\t\t<\/div>\n\t\t<div class=\"elementor-element elementor-element-3b6f2e9 e-con-full e-flex e-con e-child\" data-id=\"3b6f2e9\" data-element_type=\"container\" data-e-type=\"container\" data-settings=\"{&quot;ekit_has_onepagescroll_dot&quot;:&quot;yes&quot;}\">\n\t\t\t\t<\/div>\n\t\t\t\t\t<\/div>\n\t\t\t\t<\/div>\n\t\t<div class=\"elementor-element elementor-element-a90ab8 e-flex e-con-boxed e-con e-parent\" data-id=\"a90ab8\" data-element_type=\"container\" data-e-type=\"container\" data-settings=\"{&quot;ekit_has_onepagescroll_dot&quot;:&quot;yes&quot;}\">\n\t\t\t\t\t<div class=\"e-con-inner\">\n\t\t\t\t<div class=\"elementor-element elementor-element-5ca017a1 eael-dual-header-content-align-left elementor-widget elementor-widget-eael-dual-color-header\" data-id=\"5ca017a1\" data-element_type=\"widget\" data-e-type=\"widget\" data-settings=\"{&quot;ekit_we_effect_on&quot;:&quot;none&quot;}\" data-widget_type=\"eael-dual-color-header.default\">\n\t\t\t\t\t\t\t\t<div class=\"eael-dual-header\">\n\t\t\t\t<h2 class=\"title eael-dch-title\"><span class=\"eael-dch-title-text eael-dch-title-lead lead solid-color\">Langue fran\u00e7aise<\/span> <span class=\"eael-dch-title-text\">Certifications<\/span><\/h2>\t\t\t\t\t<span class=\"subtext\"><p>Notre \u00e9cole de Bordeaux est un centre officiel d\u2019examen pour les certifications de langue fran\u00e7aise les plus reconnues, telles que le DELF, le DALF et le TCF. Profitez de cette opportunit\u00e9 pour valider et certifier vos comp\u00e9tences en fran\u00e7ais, que ce soit pour des besoins acad\u00e9miques, professionnels ou personnels. Nos \u00e9quipes vous accompagnent dans la pr\u00e9paration et l\u2019inscription aux examens, pour vous permettre de r\u00e9ussir avec confiance. <\/p><\/span>\n\t\t\t\t\t\t\t<\/div>\n\n\t\t\t\t\t\t<\/div>\n\t\t\t\t\t<\/div>\n\t\t\t\t<\/div>\n\t\t<div class=\"elementor-element elementor-element-530f1c43 e-flex e-con-boxed e-con e-parent\" data-id=\"530f1c43\" data-element_type=\"container\" data-e-type=\"container\" id=\"frenchexam\" data-settings=\"{&quot;ekit_has_onepagescroll_dot&quot;:&quot;yes&quot;}\">\n\t\t\t\t\t<div class=\"e-con-inner\">\n\t\t<div class=\"elementor-element elementor-element-3dd2663c e-con-full e-flex e-con e-child\" data-id=\"3dd2663c\" data-element_type=\"container\" data-e-type=\"container\" data-settings=\"{&quot;ekit_has_onepagescroll_dot&quot;:&quot;yes&quot;}\">\n\t\t\t\t<div class=\"elementor-element elementor-element-16df8b3 elementor-widget elementor-widget-image\" data-id=\"16df8b3\" data-element_type=\"widget\" data-e-type=\"widget\" data-settings=\"{&quot;ekit_we_effect_on&quot;:&quot;none&quot;}\" data-widget_type=\"image.default\">\n\t\t\t\t\t\t\t\t\t\t\t\t\t\t\t\t<a href=\"https:\/\/klf.fr\/fr\/?page_id=33861\">\n\t\t\t\t\t\t\t<img fetchpriority=\"high\" decoding=\"async\" width=\"800\" height=\"534\" src=\"https:\/\/klf.fr\/wp-content\/uploads\/2024\/02\/Photo-haut-de-page-avec-logo-1___responsive_1403_936-1024x683.jpg\" class=\"attachment-large size-large wp-image-2315\" alt=\"DELF DALF\" srcset=\"https:\/\/klf.fr\/wp-content\/uploads\/2024\/02\/Photo-haut-de-page-avec-logo-1___responsive_1403_936-1024x683.jpg 1024w, https:\/\/klf.fr\/wp-content\/uploads\/2024\/02\/Photo-haut-de-page-avec-logo-1___responsive_1403_936-300x200.jpg 300w, https:\/\/klf.fr\/wp-content\/uploads\/2024\/02\/Photo-haut-de-page-avec-logo-1___responsive_1403_936-768x512.jpg 768w, https:\/\/klf.fr\/wp-content\/uploads\/2024\/02\/Photo-haut-de-page-avec-logo-1___responsive_1403_936.jpg 1403w\" sizes=\"(max-width: 800px) 100vw, 800px\" \/>\t\t\t\t\t\t\t\t<\/a>\n\t\t\t\t\t\t\t\t\t\t\t\t\t\t\t<\/div>\n\t\t<div class=\"elementor-element elementor-element-2bdc5bd5 e-flex e-con-boxed e-con e-child\" data-id=\"2bdc5bd5\" data-element_type=\"container\" data-e-type=\"container\" data-settings=\"{&quot;ekit_has_onepagescroll_dot&quot;:&quot;yes&quot;}\">\n\t\t\t\t\t<div class=\"e-con-inner\">\n\t\t\t\t<div class=\"elementor-element elementor-element-22901533 elementor-widget elementor-widget-heading\" data-id=\"22901533\" data-element_type=\"widget\" data-e-type=\"widget\" data-settings=\"{&quot;ekit_we_effect_on&quot;:&quot;none&quot;}\" data-widget_type=\"heading.default\">\n\t\t\t\t\t<h3 class=\"elementor-heading-title elementor-size-default\">Diplome DELF\/DALF<\/h3>\t\t\t\t<\/div>\n\t\t\t\t<div class=\"elementor-element elementor-element-699ab67a elementor-widget elementor-widget-text-editor\" data-id=\"699ab67a\" data-element_type=\"widget\" data-e-type=\"widget\" data-settings=\"{&quot;ekit_we_effect_on&quot;:&quot;none&quot;}\" data-widget_type=\"text-editor.default\">\n\t\t\t\t\t\t\t\t\t<div class=\"eael-infobox\"><div class=\"infobox-content\"><div class=\"eael-infobox\"><div class=\"infobox-content\"><p>Obtenez une certification de votre niveau de fran\u00e7ais langue \u00e9trang\u00e8re en passant l&rsquo; examen officiel du DELF ou du DALF dans notre \u00e9cole.<\/p><\/div><\/div><\/div><\/div>\t\t\t\t\t\t\t\t<\/div>\n\t\t\t\t<div class=\"elementor-element elementor-element-7f7c8df9 elementor-widget-divider--view-line elementor-widget elementor-widget-divider\" data-id=\"7f7c8df9\" data-element_type=\"widget\" data-e-type=\"widget\" data-settings=\"{&quot;ekit_we_effect_on&quot;:&quot;none&quot;}\" data-widget_type=\"divider.default\">\n\t\t\t\t\t\t\t<div class=\"elementor-divider\">\n\t\t\t<span class=\"elementor-divider-separator\">\n\t\t\t\t\t\t<\/span>\n\t\t<\/div>\n\t\t\t\t\t\t<\/div>\n\t\t<div class=\"elementor-element elementor-element-70d36482 e-con-full e-flex e-con e-child\" data-id=\"70d36482\" data-element_type=\"container\" data-e-type=\"container\" data-settings=\"{&quot;ekit_has_onepagescroll_dot&quot;:&quot;yes&quot;}\">\n\t\t<div class=\"elementor-element elementor-element-6f99c4ef e-con-full e-flex e-con e-child\" data-id=\"6f99c4ef\" data-element_type=\"container\" data-e-type=\"container\" data-settings=\"{&quot;ekit_has_onepagescroll_dot&quot;:&quot;yes&quot;}\">\n\t\t\t\t<div class=\"elementor-element elementor-element-f8ab9f4 elementor-widget-mobile__width-inherit elementor-widget__width-initial elementor-widget elementor-widget-heading\" data-id=\"f8ab9f4\" data-element_type=\"widget\" data-e-type=\"widget\" data-settings=\"{&quot;ekit_we_effect_on&quot;:&quot;none&quot;}\" data-widget_type=\"heading.default\">\n\t\t\t\t\t<span class=\"elementor-heading-title elementor-size-default\">A partir de : \u20ac125<\/span>\t\t\t\t<\/div>\n\t\t\t\t<\/div>\n\t\t<div class=\"elementor-element elementor-element-2e83d8f0 e-con-full e-flex e-con e-child\" data-id=\"2e83d8f0\" data-element_type=\"container\" data-e-type=\"container\" data-settings=\"{&quot;ekit_has_onepagescroll_dot&quot;:&quot;yes&quot;}\">\n\t\t\t\t<div class=\"elementor-element elementor-element-11091f97 elementor-align-right elementor-widget elementor-widget-button\" data-id=\"11091f97\" data-element_type=\"widget\" data-e-type=\"widget\" data-settings=\"{&quot;ekit_we_effect_on&quot;:&quot;none&quot;}\" data-widget_type=\"button.default\">\n\t\t\t\t\t\t\t\t\t\t<a class=\"elementor-button elementor-button-link elementor-size-sm elementor-animation-shrink\" href=\"https:\/\/klf.fr\/fr\/?page_id=33861\">\n\t\t\t\t\t\t<span class=\"elementor-button-content-wrapper\">\n\t\t\t\t\t\t\t\t\t<span class=\"elementor-button-text\">Plus d'informations<\/span>\n\t\t\t\t\t<\/span>\n\t\t\t\t\t<\/a>\n\t\t\t\t\t\t\t\t<\/div>\n\t\t\t\t<\/div>\n\t\t\t\t<\/div>\n\t\t\t\t\t<\/div>\n\t\t\t\t<\/div>\n\t\t\t\t<\/div>\n\t\t<div class=\"elementor-element elementor-element-3a138791 e-con-full e-flex e-con e-child\" data-id=\"3a138791\" data-element_type=\"container\" data-e-type=\"container\" data-settings=\"{&quot;ekit_has_onepagescroll_dot&quot;:&quot;yes&quot;}\">\n\t\t\t\t<div class=\"elementor-element elementor-element-301f6ea0 elementor-widget elementor-widget-image\" data-id=\"301f6ea0\" data-element_type=\"widget\" data-e-type=\"widget\" data-settings=\"{&quot;ekit_we_effect_on&quot;:&quot;none&quot;}\" data-widget_type=\"image.default\">\n\t\t\t\t\t\t\t\t\t\t\t\t\t\t\t\t<a href=\"https:\/\/klf.fr\/fr\/?page_id=33867\">\n\t\t\t\t\t\t\t<img decoding=\"async\" width=\"800\" height=\"534\" src=\"https:\/\/klf.fr\/wp-content\/uploads\/2024\/02\/Photo-avec-logo-TCF___responsive_1403_936-1-1024x683.jpg\" class=\"attachment-large size-large wp-image-2313\" alt=\"TCF\" srcset=\"https:\/\/klf.fr\/wp-content\/uploads\/2024\/02\/Photo-avec-logo-TCF___responsive_1403_936-1-1024x683.jpg 1024w, https:\/\/klf.fr\/wp-content\/uploads\/2024\/02\/Photo-avec-logo-TCF___responsive_1403_936-1-300x200.jpg 300w, https:\/\/klf.fr\/wp-content\/uploads\/2024\/02\/Photo-avec-logo-TCF___responsive_1403_936-1-768x512.jpg 768w, https:\/\/klf.fr\/wp-content\/uploads\/2024\/02\/Photo-avec-logo-TCF___responsive_1403_936-1.jpg 1403w\" sizes=\"(max-width: 800px) 100vw, 800px\" \/>\t\t\t\t\t\t\t\t<\/a>\n\t\t\t\t\t\t\t\t\t\t\t\t\t\t\t<\/div>\n\t\t<div class=\"elementor-element elementor-element-43bc6b55 e-flex e-con-boxed e-con e-child\" data-id=\"43bc6b55\" data-element_type=\"container\" data-e-type=\"container\" data-settings=\"{&quot;ekit_has_onepagescroll_dot&quot;:&quot;yes&quot;}\">\n\t\t\t\t\t<div class=\"e-con-inner\">\n\t\t\t\t<div class=\"elementor-element elementor-element-a412957 elementor-widget elementor-widget-heading\" data-id=\"a412957\" data-element_type=\"widget\" data-e-type=\"widget\" data-settings=\"{&quot;ekit_we_effect_on&quot;:&quot;none&quot;}\" data-widget_type=\"heading.default\">\n\t\t\t\t\t<h3 class=\"elementor-heading-title elementor-size-default\">Certification TCF<\/h3>\t\t\t\t<\/div>\n\t\t\t\t<div class=\"elementor-element elementor-element-6b126e17 elementor-widget elementor-widget-text-editor\" data-id=\"6b126e17\" data-element_type=\"widget\" data-e-type=\"widget\" data-settings=\"{&quot;ekit_we_effect_on&quot;:&quot;none&quot;}\" data-widget_type=\"text-editor.default\">\n\t\t\t\t\t\t\t\t\t<div class=\"eael-infobox\"><div class=\"infobox-content\"><div class=\"eael-infobox\"><div class=\"infobox-content\"><p>Le TCF a \u00e9t\u00e9 con\u00e7u par le minist\u00e8re fran\u00e7ais de l&rsquo;Education nationale pour certifier officiellement votre niveau de fran\u00e7ais.<\/p><\/div><\/div><\/div><\/div>\t\t\t\t\t\t\t\t<\/div>\n\t\t\t\t<div class=\"elementor-element elementor-element-7d9c1ba4 elementor-widget-divider--view-line elementor-widget elementor-widget-divider\" data-id=\"7d9c1ba4\" data-element_type=\"widget\" data-e-type=\"widget\" data-settings=\"{&quot;ekit_we_effect_on&quot;:&quot;none&quot;}\" data-widget_type=\"divider.default\">\n\t\t\t\t\t\t\t<div class=\"elementor-divider\">\n\t\t\t<span class=\"elementor-divider-separator\">\n\t\t\t\t\t\t<\/span>\n\t\t<\/div>\n\t\t\t\t\t\t<\/div>\n\t\t<div class=\"elementor-element elementor-element-3aab41ef e-con-full e-flex e-con e-child\" data-id=\"3aab41ef\" data-element_type=\"container\" data-e-type=\"container\" data-settings=\"{&quot;ekit_has_onepagescroll_dot&quot;:&quot;yes&quot;}\">\n\t\t<div class=\"elementor-element elementor-element-729dbb1d e-con-full e-flex e-con e-child\" data-id=\"729dbb1d\" data-element_type=\"container\" data-e-type=\"container\" data-settings=\"{&quot;ekit_has_onepagescroll_dot&quot;:&quot;yes&quot;}\">\n\t\t\t\t<div class=\"elementor-element elementor-element-6719103f elementor-widget-mobile__width-inherit elementor-widget__width-initial elementor-widget elementor-widget-heading\" data-id=\"6719103f\" data-element_type=\"widget\" data-e-type=\"widget\" data-settings=\"{&quot;ekit_we_effect_on&quot;:&quot;none&quot;}\" data-widget_type=\"heading.default\">\n\t\t\t\t\t<span class=\"elementor-heading-title elementor-size-default\">A partir de : 135\u20ac\n<\/span>\t\t\t\t<\/div>\n\t\t\t\t<\/div>\n\t\t<div class=\"elementor-element elementor-element-10e69c52 e-con-full e-flex e-con e-child\" data-id=\"10e69c52\" data-element_type=\"container\" data-e-type=\"container\" data-settings=\"{&quot;ekit_has_onepagescroll_dot&quot;:&quot;yes&quot;}\">\n\t\t\t\t<div class=\"elementor-element elementor-element-10d83d04 elementor-align-right elementor-widget elementor-widget-button\" data-id=\"10d83d04\" data-element_type=\"widget\" data-e-type=\"widget\" data-settings=\"{&quot;ekit_we_effect_on&quot;:&quot;none&quot;}\" data-widget_type=\"button.default\">\n\t\t\t\t\t\t\t\t\t\t<a class=\"elementor-button elementor-button-link elementor-size-sm elementor-animation-shrink\" href=\"https:\/\/klf.fr\/fr\/?page_id=33867\">\n\t\t\t\t\t\t<span class=\"elementor-button-content-wrapper\">\n\t\t\t\t\t\t\t\t\t<span class=\"elementor-button-text\">Plus d'informations<\/span>\n\t\t\t\t\t<\/span>\n\t\t\t\t\t<\/a>\n\t\t\t\t\t\t\t\t<\/div>\n\t\t\t\t<\/div>\n\t\t\t\t<\/div>\n\t\t\t\t\t<\/div>\n\t\t\t\t<\/div>\n\t\t\t\t<\/div>\n\t\t<div class=\"elementor-element elementor-element-5f9fd043 e-con-full e-flex e-con e-child\" data-id=\"5f9fd043\" data-element_type=\"container\" data-e-type=\"container\" data-settings=\"{&quot;ekit_has_onepagescroll_dot&quot;:&quot;yes&quot;}\">\n\t\t\t\t<div class=\"elementor-element elementor-element-54939518 elementor-widget elementor-widget-image\" data-id=\"54939518\" data-element_type=\"widget\" data-e-type=\"widget\" data-settings=\"{&quot;ekit_we_effect_on&quot;:&quot;none&quot;}\" data-widget_type=\"image.default\">\n\t\t\t\t\t\t\t\t\t\t\t\t\t\t\t\t<a href=\"https:\/\/klf.fr\/fr\/bordeaux\/cours-de-francais\/examens-officiels-de-francais-bordeaux\/\">\n\t\t\t\t\t\t\t<img decoding=\"async\" width=\"800\" height=\"534\" src=\"https:\/\/klf.fr\/wp-content\/uploads\/2024\/02\/Photo-haut-de-page-avec-logo-2___responsive_1403_936-1024x683.jpg\" class=\"attachment-large size-large wp-image-2317\" alt=\"TEF DEP CLOE\" srcset=\"https:\/\/klf.fr\/wp-content\/uploads\/2024\/02\/Photo-haut-de-page-avec-logo-2___responsive_1403_936-1024x683.jpg 1024w, https:\/\/klf.fr\/wp-content\/uploads\/2024\/02\/Photo-haut-de-page-avec-logo-2___responsive_1403_936-300x200.jpg 300w, https:\/\/klf.fr\/wp-content\/uploads\/2024\/02\/Photo-haut-de-page-avec-logo-2___responsive_1403_936-768x512.jpg 768w, https:\/\/klf.fr\/wp-content\/uploads\/2024\/02\/Photo-haut-de-page-avec-logo-2___responsive_1403_936.jpg 1403w\" sizes=\"(max-width: 800px) 100vw, 800px\" \/>\t\t\t\t\t\t\t\t<\/a>\n\t\t\t\t\t\t\t\t\t\t\t\t\t\t\t<\/div>\n\t\t<div class=\"elementor-element elementor-element-62a4471e e-flex e-con-boxed e-con e-child\" data-id=\"62a4471e\" data-element_type=\"container\" data-e-type=\"container\" data-settings=\"{&quot;ekit_has_onepagescroll_dot&quot;:&quot;yes&quot;}\">\n\t\t\t\t\t<div class=\"e-con-inner\">\n\t\t\t\t<div class=\"elementor-element elementor-element-4596479 elementor-widget elementor-widget-heading\" data-id=\"4596479\" data-element_type=\"widget\" data-e-type=\"widget\" data-settings=\"{&quot;ekit_we_effect_on&quot;:&quot;none&quot;}\" data-widget_type=\"heading.default\">\n\t\t\t\t\t<h3 class=\"elementor-heading-title elementor-size-default\">Autres certifications<\/h3>\t\t\t\t<\/div>\n\t\t\t\t<div class=\"elementor-element elementor-element-5f7ae83b elementor-widget elementor-widget-text-editor\" data-id=\"5f7ae83b\" data-element_type=\"widget\" data-e-type=\"widget\" data-settings=\"{&quot;ekit_we_effect_on&quot;:&quot;none&quot;}\" data-widget_type=\"text-editor.default\">\n\t\t\t\t\t\t\t\t\t<div class=\"eael-infobox\">\n<div class=\"infobox-content\">\n<div class=\"eael-infobox\">\n<div class=\"infobox-content\">\n<p>Nous proposons \u00e9galement les certifications TEF et CLOE, d\u00e9livr\u00e9es par les centres d\u2019\u00e9tudes linguistiques de la Chambre de Commerce. Ces certifications reconnues vous permettent de valider vos comp\u00e9tences en fran\u00e7ais pour des objectifs professionnels ou acad\u00e9miques, avec l\u2019assurance d\u2019une reconnaissance internationale.<\/p>\n<\/div>\n<\/div>\n<\/div>\n<\/div>\t\t\t\t\t\t\t\t<\/div>\n\t\t\t\t<div class=\"elementor-element elementor-element-33c08c00 elementor-widget-divider--view-line elementor-widget elementor-widget-divider\" data-id=\"33c08c00\" data-element_type=\"widget\" data-e-type=\"widget\" data-settings=\"{&quot;ekit_we_effect_on&quot;:&quot;none&quot;}\" data-widget_type=\"divider.default\">\n\t\t\t\t\t\t\t<div class=\"elementor-divider\">\n\t\t\t<span class=\"elementor-divider-separator\">\n\t\t\t\t\t\t<\/span>\n\t\t<\/div>\n\t\t\t\t\t\t<\/div>\n\t\t<div class=\"elementor-element elementor-element-5d8af322 e-con-full e-flex e-con e-child\" data-id=\"5d8af322\" data-element_type=\"container\" data-e-type=\"container\" data-settings=\"{&quot;ekit_has_onepagescroll_dot&quot;:&quot;yes&quot;}\">\n\t\t<div class=\"elementor-element elementor-element-5c0a648a e-con-full e-flex e-con e-child\" data-id=\"5c0a648a\" data-element_type=\"container\" data-e-type=\"container\" data-settings=\"{&quot;ekit_has_onepagescroll_dot&quot;:&quot;yes&quot;}\">\n\t\t\t\t<div class=\"elementor-element elementor-element-1b71c676 elementor-widget-mobile__width-inherit elementor-widget__width-initial elementor-widget elementor-widget-heading\" data-id=\"1b71c676\" data-element_type=\"widget\" data-e-type=\"widget\" data-settings=\"{&quot;ekit_we_effect_on&quot;:&quot;none&quot;}\" data-widget_type=\"heading.default\">\n\t\t\t\t\t<span class=\"elementor-heading-title elementor-size-default\">A partir de : 250\u20ac\n<\/span>\t\t\t\t<\/div>\n\t\t\t\t<\/div>\n\t\t<div class=\"elementor-element elementor-element-54e00cc5 e-con-full e-flex e-con e-child\" data-id=\"54e00cc5\" data-element_type=\"container\" data-e-type=\"container\" data-settings=\"{&quot;ekit_has_onepagescroll_dot&quot;:&quot;yes&quot;}\">\n\t\t\t\t<div class=\"elementor-element elementor-element-67fa8e18 elementor-align-right elementor-widget elementor-widget-button\" data-id=\"67fa8e18\" data-element_type=\"widget\" data-e-type=\"widget\" data-settings=\"{&quot;ekit_we_effect_on&quot;:&quot;none&quot;}\" data-widget_type=\"button.default\">\n\t\t\t\t\t\t\t\t\t\t<a class=\"elementor-button elementor-button-link elementor-size-sm elementor-animation-shrink\" href=\"https:\/\/klf.fr\/fr\/bordeaux\/cours-de-francais\/examens-officiels-de-francais-bordeaux\/\">\n\t\t\t\t\t\t<span class=\"elementor-button-content-wrapper\">\n\t\t\t\t\t\t\t\t\t<span class=\"elementor-button-text\">Plus d'informations<\/span>\n\t\t\t\t\t<\/span>\n\t\t\t\t\t<\/a>\n\t\t\t\t\t\t\t\t<\/div>\n\t\t\t\t<\/div>\n\t\t\t\t<\/div>\n\t\t\t\t\t<\/div>\n\t\t\t\t<\/div>\n\t\t\t\t<\/div>\n\t\t\t\t\t<\/div>\n\t\t\t\t<\/div>\n\t\t\t\t<\/div>\n\t\t","protected":false},"excerpt":{"rendered":"<p>Newdeal Institut Cours de fran\u00e7ais \u00e0 Bordeaux. Nos cours de fran\u00e7ais \u00e0 Bordeaux s\u2019adressent \u00e0 tous les niveaux, des d\u00e9butants aux apprenants avanc\u00e9s. Avant votre arriv\u00e9e, un test de niveau nous permet de constituer des groupes homog\u00e8nes, adapt\u00e9s \u00e0 vos comp\u00e9tences et \u00e0 vos objectifs. Vous int\u00e9grerez une classe correspondant \u00e0 votre niveau, o\u00f9 des [&hellip;]<\/p>\n","protected":false},"author":11,"featured_media":4218,"parent":27273,"menu_order":0,"comment_status":"closed","ping_status":"closed","template":"","meta":{"content-type":"","footnotes":""},"language-product":[],"type-product":[],"city-product":[],"course-category":[],"folder":[],"class_list":["post-30937","page","type-page","status-publish","has-post-thumbnail","hentry"],"yoast_head":"<!-- This site is optimized with the Yoast SEO Premium plugin v27.4 (Yoast SEO v27.4) - https:\/\/yoast.com\/product\/yoast-seo-premium-wordpress\/ -->\n<title>Cours de fran\u00e7ais \u00e0 Bordeaux - Keep Learning French<\/title>\n<meta name=\"robots\" content=\"index, follow, max-snippet:-1, max-image-preview:large, max-video-preview:-1\" \/>\n<link rel=\"canonical\" href=\"https:\/\/klf.fr\/fr\/bordeaux\/cours-de-francais\/\" \/>\n<meta property=\"og:locale\" content=\"fr_FR\" \/>\n<meta property=\"og:type\" content=\"article\" \/>\n<meta property=\"og:title\" content=\"Cours de fran\u00e7ais \u00e0 Bordeaux\" \/>\n<meta property=\"og:description\" content=\"Newdeal Institut Cours de fran\u00e7ais \u00e0 Bordeaux. Nos cours de fran\u00e7ais \u00e0 Bordeaux s\u2019adressent \u00e0 tous les niveaux, des d\u00e9butants aux apprenants avanc\u00e9s. Avant votre arriv\u00e9e, un test de niveau nous permet de constituer des groupes homog\u00e8nes, adapt\u00e9s \u00e0 vos comp\u00e9tences et \u00e0 vos objectifs. Vous int\u00e9grerez une classe correspondant \u00e0 votre niveau, o\u00f9 des [&hellip;]\" \/>\n<meta property=\"og:url\" content=\"https:\/\/klf.fr\/fr\/bordeaux\/cours-de-francais\/\" \/>\n<meta property=\"og:site_name\" content=\"Keep Learning French\" \/>\n<meta property=\"article:modified_time\" content=\"2026-03-24T11:48:24+00:00\" \/>\n<meta property=\"og:image\" content=\"https:\/\/klf.fr\/wp-content\/uploads\/2024\/03\/etudiants-e1710811254804.jpeg\" \/>\n\t<meta property=\"og:image:width\" content=\"1500\" \/>\n\t<meta property=\"og:image:height\" content=\"844\" \/>\n\t<meta property=\"og:image:type\" content=\"image\/jpeg\" \/>\n<meta name=\"twitter:card\" content=\"summary_large_image\" \/>\n<meta name=\"twitter:label1\" content=\"Dur\u00e9e de lecture estim\u00e9e\" \/>\n\t<meta name=\"twitter:data1\" content=\"7 minutes\" \/>\n<script type=\"application\/ld+json\" class=\"yoast-schema-graph\">{\"@context\":\"https:\\\/\\\/schema.org\",\"@graph\":[{\"@type\":\"WebPage\",\"@id\":\"https:\\\/\\\/klf.fr\\\/fr\\\/bordeaux\\\/cours-de-francais\\\/\",\"url\":\"https:\\\/\\\/klf.fr\\\/fr\\\/bordeaux\\\/cours-de-francais\\\/\",\"name\":\"Cours de fran\u00e7ais \u00e0 Bordeaux - Keep Learning French\",\"isPartOf\":{\"@id\":\"https:\\\/\\\/klf.fr\\\/fr\\\/#website\"},\"primaryImageOfPage\":{\"@id\":\"https:\\\/\\\/klf.fr\\\/fr\\\/bordeaux\\\/cours-de-francais\\\/#primaryimage\"},\"image\":{\"@id\":\"https:\\\/\\\/klf.fr\\\/fr\\\/bordeaux\\\/cours-de-francais\\\/#primaryimage\"},\"thumbnailUrl\":\"https:\\\/\\\/klf.fr\\\/wp-content\\\/uploads\\\/2024\\\/03\\\/etudiants-e1710811254804.jpeg\",\"datePublished\":\"2025-01-17T15:32:35+00:00\",\"dateModified\":\"2026-03-24T11:48:24+00:00\",\"breadcrumb\":{\"@id\":\"https:\\\/\\\/klf.fr\\\/fr\\\/bordeaux\\\/cours-de-francais\\\/#breadcrumb\"},\"inLanguage\":\"fr-FR\",\"potentialAction\":[{\"@type\":\"ReadAction\",\"target\":[\"https:\\\/\\\/klf.fr\\\/fr\\\/bordeaux\\\/cours-de-francais\\\/\"]}]},{\"@type\":\"ImageObject\",\"inLanguage\":\"fr-FR\",\"@id\":\"https:\\\/\\\/klf.fr\\\/fr\\\/bordeaux\\\/cours-de-francais\\\/#primaryimage\",\"url\":\"https:\\\/\\\/klf.fr\\\/wp-content\\\/uploads\\\/2024\\\/03\\\/etudiants-e1710811254804.jpeg\",\"contentUrl\":\"https:\\\/\\\/klf.fr\\\/wp-content\\\/uploads\\\/2024\\\/03\\\/etudiants-e1710811254804.jpeg\",\"width\":1500,\"height\":844},{\"@type\":\"BreadcrumbList\",\"@id\":\"https:\\\/\\\/klf.fr\\\/fr\\\/bordeaux\\\/cours-de-francais\\\/#breadcrumb\",\"itemListElement\":[{\"@type\":\"ListItem\",\"position\":1,\"name\":\"Home\",\"item\":\"https:\\\/\\\/klf.fr\\\/fr\\\/home-2\\\/\"},{\"@type\":\"ListItem\",\"position\":2,\"name\":\"Apprendre le fran\u00e7ais \u00e0 Bordeaux\",\"item\":\"https:\\\/\\\/klf.fr\\\/fr\\\/bordeaux\\\/\"},{\"@type\":\"ListItem\",\"position\":3,\"name\":\"Cours de fran\u00e7ais \u00e0 Bordeaux\"}]},{\"@type\":\"WebSite\",\"@id\":\"https:\\\/\\\/klf.fr\\\/fr\\\/#website\",\"url\":\"https:\\\/\\\/klf.fr\\\/fr\\\/\",\"name\":\"Keep Learning French\",\"description\":\"Groupe d&#039;\u00e9coles de FLE en France.\",\"publisher\":{\"@id\":\"https:\\\/\\\/klf.fr\\\/fr\\\/#organization\"},\"potentialAction\":[{\"@type\":\"SearchAction\",\"target\":{\"@type\":\"EntryPoint\",\"urlTemplate\":\"https:\\\/\\\/klf.fr\\\/fr\\\/?s={search_term_string}\"},\"query-input\":{\"@type\":\"PropertyValueSpecification\",\"valueRequired\":true,\"valueName\":\"search_term_string\"}}],\"inLanguage\":\"fr-FR\"},{\"@type\":[\"Organization\",\"Place\"],\"@id\":\"https:\\\/\\\/klf.fr\\\/fr\\\/#organization\",\"name\":\"Keep Learning French\",\"url\":\"https:\\\/\\\/klf.fr\\\/fr\\\/\",\"logo\":{\"@id\":\"https:\\\/\\\/klf.fr\\\/fr\\\/bordeaux\\\/cours-de-francais\\\/#local-main-organization-logo\"},\"image\":{\"@id\":\"https:\\\/\\\/klf.fr\\\/fr\\\/bordeaux\\\/cours-de-francais\\\/#local-main-organization-logo\"},\"sameAs\":[\"https:\\\/\\\/linkedin.com\\\/school\\\/keep-learning-french\\\/\"],\"telephone\":[],\"openingHoursSpecification\":[{\"@type\":\"OpeningHoursSpecification\",\"dayOfWeek\":[\"Monday\",\"Tuesday\",\"Wednesday\",\"Thursday\",\"Friday\",\"Saturday\",\"Sunday\"],\"opens\":\"09:00\",\"closes\":\"17:00\"}]},{\"@type\":\"ImageObject\",\"inLanguage\":\"fr-FR\",\"@id\":\"https:\\\/\\\/klf.fr\\\/fr\\\/bordeaux\\\/cours-de-francais\\\/#local-main-organization-logo\",\"url\":\"https:\\\/\\\/klf.fr\\\/wp-content\\\/uploads\\\/2020\\\/09\\\/klf-favicon.png\",\"contentUrl\":\"https:\\\/\\\/klf.fr\\\/wp-content\\\/uploads\\\/2020\\\/09\\\/klf-favicon.png\",\"width\":200,\"height\":200,\"caption\":\"Keep Learning French\"}]}<\/script>\n<!-- \/ Yoast SEO Premium plugin. -->","yoast_head_json":{"title":"Cours de fran\u00e7ais \u00e0 Bordeaux - Keep Learning French","robots":{"index":"index","follow":"follow","max-snippet":"max-snippet:-1","max-image-preview":"max-image-preview:large","max-video-preview":"max-video-preview:-1"},"canonical":"https:\/\/klf.fr\/fr\/bordeaux\/cours-de-francais\/","og_locale":"fr_FR","og_type":"article","og_title":"Cours de fran\u00e7ais \u00e0 Bordeaux","og_description":"Newdeal Institut Cours de fran\u00e7ais \u00e0 Bordeaux. Nos cours de fran\u00e7ais \u00e0 Bordeaux s\u2019adressent \u00e0 tous les niveaux, des d\u00e9butants aux apprenants avanc\u00e9s. Avant votre arriv\u00e9e, un test de niveau nous permet de constituer des groupes homog\u00e8nes, adapt\u00e9s \u00e0 vos comp\u00e9tences et \u00e0 vos objectifs. Vous int\u00e9grerez une classe correspondant \u00e0 votre niveau, o\u00f9 des [&hellip;]","og_url":"https:\/\/klf.fr\/fr\/bordeaux\/cours-de-francais\/","og_site_name":"Keep Learning French","article_modified_time":"2026-03-24T11:48:24+00:00","og_image":[{"width":1500,"height":844,"url":"https:\/\/klf.fr\/wp-content\/uploads\/2024\/03\/etudiants-e1710811254804.jpeg","type":"image\/jpeg"}],"twitter_card":"summary_large_image","twitter_misc":{"Dur\u00e9e de lecture estim\u00e9e":"7 minutes"},"schema":{"@context":"https:\/\/schema.org","@graph":[{"@type":"WebPage","@id":"https:\/\/klf.fr\/fr\/bordeaux\/cours-de-francais\/","url":"https:\/\/klf.fr\/fr\/bordeaux\/cours-de-francais\/","name":"Cours de fran\u00e7ais \u00e0 Bordeaux - Keep Learning French","isPartOf":{"@id":"https:\/\/klf.fr\/fr\/#website"},"primaryImageOfPage":{"@id":"https:\/\/klf.fr\/fr\/bordeaux\/cours-de-francais\/#primaryimage"},"image":{"@id":"https:\/\/klf.fr\/fr\/bordeaux\/cours-de-francais\/#primaryimage"},"thumbnailUrl":"https:\/\/klf.fr\/wp-content\/uploads\/2024\/03\/etudiants-e1710811254804.jpeg","datePublished":"2025-01-17T15:32:35+00:00","dateModified":"2026-03-24T11:48:24+00:00","breadcrumb":{"@id":"https:\/\/klf.fr\/fr\/bordeaux\/cours-de-francais\/#breadcrumb"},"inLanguage":"fr-FR","potentialAction":[{"@type":"ReadAction","target":["https:\/\/klf.fr\/fr\/bordeaux\/cours-de-francais\/"]}]},{"@type":"ImageObject","inLanguage":"fr-FR","@id":"https:\/\/klf.fr\/fr\/bordeaux\/cours-de-francais\/#primaryimage","url":"https:\/\/klf.fr\/wp-content\/uploads\/2024\/03\/etudiants-e1710811254804.jpeg","contentUrl":"https:\/\/klf.fr\/wp-content\/uploads\/2024\/03\/etudiants-e1710811254804.jpeg","width":1500,"height":844},{"@type":"BreadcrumbList","@id":"https:\/\/klf.fr\/fr\/bordeaux\/cours-de-francais\/#breadcrumb","itemListElement":[{"@type":"ListItem","position":1,"name":"Home","item":"https:\/\/klf.fr\/fr\/home-2\/"},{"@type":"ListItem","position":2,"name":"Apprendre le fran\u00e7ais \u00e0 Bordeaux","item":"https:\/\/klf.fr\/fr\/bordeaux\/"},{"@type":"ListItem","position":3,"name":"Cours de fran\u00e7ais \u00e0 Bordeaux"}]},{"@type":"WebSite","@id":"https:\/\/klf.fr\/fr\/#website","url":"https:\/\/klf.fr\/fr\/","name":"Keep Learning French","description":"Groupe d&#039;\u00e9coles de FLE en France.","publisher":{"@id":"https:\/\/klf.fr\/fr\/#organization"},"potentialAction":[{"@type":"SearchAction","target":{"@type":"EntryPoint","urlTemplate":"https:\/\/klf.fr\/fr\/?s={search_term_string}"},"query-input":{"@type":"PropertyValueSpecification","valueRequired":true,"valueName":"search_term_string"}}],"inLanguage":"fr-FR"},{"@type":["Organization","Place"],"@id":"https:\/\/klf.fr\/fr\/#organization","name":"Keep Learning French","url":"https:\/\/klf.fr\/fr\/","logo":{"@id":"https:\/\/klf.fr\/fr\/bordeaux\/cours-de-francais\/#local-main-organization-logo"},"image":{"@id":"https:\/\/klf.fr\/fr\/bordeaux\/cours-de-francais\/#local-main-organization-logo"},"sameAs":["https:\/\/linkedin.com\/school\/keep-learning-french\/"],"telephone":[],"openingHoursSpecification":[{"@type":"OpeningHoursSpecification","dayOfWeek":["Monday","Tuesday","Wednesday","Thursday","Friday","Saturday","Sunday"],"opens":"09:00","closes":"17:00"}]},{"@type":"ImageObject","inLanguage":"fr-FR","@id":"https:\/\/klf.fr\/fr\/bordeaux\/cours-de-francais\/#local-main-organization-logo","url":"https:\/\/klf.fr\/wp-content\/uploads\/2020\/09\/klf-favicon.png","contentUrl":"https:\/\/klf.fr\/wp-content\/uploads\/2020\/09\/klf-favicon.png","width":200,"height":200,"caption":"Keep Learning French"}]}},"_links":{"self":[{"href":"https:\/\/klf.fr\/fr\/wp-json\/wp\/v2\/pages\/30937","targetHints":{"allow":["GET"]}}],"collection":[{"href":"https:\/\/klf.fr\/fr\/wp-json\/wp\/v2\/pages"}],"about":[{"href":"https:\/\/klf.fr\/fr\/wp-json\/wp\/v2\/types\/page"}],"author":[{"embeddable":true,"href":"https:\/\/klf.fr\/fr\/wp-json\/wp\/v2\/users\/11"}],"replies":[{"embeddable":true,"href":"https:\/\/klf.fr\/fr\/wp-json\/wp\/v2\/comments?post=30937"}],"version-history":[{"count":0,"href":"https:\/\/klf.fr\/fr\/wp-json\/wp\/v2\/pages\/30937\/revisions"}],"up":[{"embeddable":true,"href":"https:\/\/klf.fr\/fr\/wp-json\/wp\/v2\/pages\/27273"}],"wp:featuredmedia":[{"embeddable":true,"href":"https:\/\/klf.fr\/fr\/wp-json\/wp\/v2\/media\/4218"}],"wp:attachment":[{"href":"https:\/\/klf.fr\/fr\/wp-json\/wp\/v2\/media?parent=30937"}],"wp:term":[{"taxonomy":"language-product","embeddable":true,"href":"https:\/\/klf.fr\/fr\/wp-json\/wp\/v2\/language-product?post=30937"},{"taxonomy":"type-product","embeddable":true,"href":"https:\/\/klf.fr\/fr\/wp-json\/wp\/v2\/type-product?post=30937"},{"taxonomy":"city-product","embeddable":true,"href":"https:\/\/klf.fr\/fr\/wp-json\/wp\/v2\/city-product?post=30937"},{"taxonomy":"course-category","embeddable":true,"href":"https:\/\/klf.fr\/fr\/wp-json\/wp\/v2\/course-category?post=30937"},{"taxonomy":"folder","embeddable":true,"href":"https:\/\/klf.fr\/fr\/wp-json\/wp\/v2\/folder?post=30937"}],"curies":[{"name":"wp","href":"https:\/\/api.w.org\/{rel}","templated":true}]}}