{"id":30826,"date":"2025-01-17T10:13:00","date_gmt":"2025-01-17T09:13:00","guid":{"rendered":"https:\/\/klf.fr\/annecy\/cultural-activities-annecy\/"},"modified":"2026-04-14T18:24:30","modified_gmt":"2026-04-14T16:24:30","slug":"activites-culturelles-annecy","status":"publish","type":"page","link":"https:\/\/klf.fr\/fr\/annecy\/activites-culturelles-annecy\/","title":{"rendered":"Activit\u00e9s culturelles Annecy"},"content":{"rendered":"\t\t<div data-elementor-type=\"wp-page\" data-elementor-id=\"30826\" class=\"elementor elementor-30826 elementor-3699\" data-elementor-post-type=\"page\">\n\t\t\t\t<div class=\"elementor-element elementor-element-7de3fd3 e-con-full e-flex e-con e-parent\" data-id=\"7de3fd3\" data-element_type=\"container\" data-e-type=\"container\" data-settings=\"{&quot;background_background&quot;:&quot;video&quot;,&quot;background_video_link&quot;:&quot;https:\\\/\\\/youtu.be\\\/qvbrRx6Vxkk&quot;,&quot;background_video_start&quot;:2,&quot;background_video_end&quot;:15,&quot;background_play_on_mobile&quot;:&quot;yes&quot;,&quot;background_privacy_mode&quot;:&quot;yes&quot;,&quot;ekit_has_onepagescroll_dot&quot;:&quot;yes&quot;}\">\n\t\t<div class=\"elementor-background-video-container\">\n\t\t\t\t\t\t\t<div class=\"elementor-background-video-embed\" role=\"presentation\"><\/div>\n\t\t\t\t\t\t<\/div><div class=\"elementor-element elementor-element-591fa5d0 e-con-full e-flex e-con e-child\" data-id=\"591fa5d0\" data-element_type=\"container\" data-e-type=\"container\" data-settings=\"{&quot;background_background&quot;:&quot;classic&quot;,&quot;ekit_has_onepagescroll_dot&quot;:&quot;yes&quot;}\">\n\t\t<div class=\"elementor-element elementor-element-7f0c0683 e-con-full e-flex e-con e-child\" data-id=\"7f0c0683\" data-element_type=\"container\" data-e-type=\"container\" data-settings=\"{&quot;ekit_has_onepagescroll_dot&quot;:&quot;yes&quot;}\">\n\t\t\t\t<div class=\"elementor-element elementor-element-3a1d3ec4 elementor-widget elementor-widget-heading\" data-id=\"3a1d3ec4\" data-element_type=\"widget\" data-e-type=\"widget\" data-settings=\"{&quot;ekit_we_effect_on&quot;:&quot;none&quot;}\" data-widget_type=\"heading.default\">\n\t\t\t\t\t<h2 class=\"elementor-heading-title elementor-size-default\">Venez \u00e0 la d\u00e9couverte d'Annecy , France <\/h2>\t\t\t\t<\/div>\n\t\t\t\t<div class=\"elementor-element elementor-element-7dd1a310 elementor-widget elementor-widget-heading\" data-id=\"7dd1a310\" data-element_type=\"widget\" data-e-type=\"widget\" data-settings=\"{&quot;ekit_we_effect_on&quot;:&quot;none&quot;}\" data-widget_type=\"heading.default\">\n\t\t\t\t\t<h1 class=\"elementor-heading-title elementor-size-default\">Apprenez le fran\u00e7ais \u00e0 Annecy tout en profitant de la culture et des activit\u00e9s de plein air<\/h1>\t\t\t\t<\/div>\n\t\t\t\t<div class=\"elementor-element elementor-element-4dcb9dff elementor-widget elementor-widget-text-editor\" data-id=\"4dcb9dff\" data-element_type=\"widget\" data-e-type=\"widget\" data-settings=\"{&quot;ekit_we_effect_on&quot;:&quot;none&quot;}\" data-widget_type=\"text-editor.default\">\n\t\t\t\t\t\t\t\t\tCombinez les meilleures exp\u00e9riences culturelles \u00e0 Annecy avec des cours de fran\u00e7ais immersifs con\u00e7us pour vous aider \u00e0 apprendre la langue tout en la vivant.\t\t\t\t\t\t\t\t<\/div>\n\t\t\t\t<div class=\"elementor-element elementor-element-4af29300 elementor-widget elementor-widget-button\" data-id=\"4af29300\" data-element_type=\"widget\" data-e-type=\"widget\" data-settings=\"{&quot;ekit_we_effect_on&quot;:&quot;none&quot;}\" data-widget_type=\"button.default\">\n\t\t\t\t\t\t\t\t\t\t<a class=\"elementor-button elementor-button-link elementor-size-sm\" href=\"#events\">\n\t\t\t\t\t\t<span class=\"elementor-button-content-wrapper\">\n\t\t\t\t\t\t\t\t\t<span class=\"elementor-button-text\">Programme culturel <\/span>\n\t\t\t\t\t<\/span>\n\t\t\t\t\t<\/a>\n\t\t\t\t\t\t\t\t<\/div>\n\t\t\t\t<\/div>\n\t\t<div class=\"elementor-element elementor-element-3897d3a3 e-con-full elementor-hidden-laptop elementor-hidden-tablet elementor-hidden-mobile e-flex e-con e-child\" data-id=\"3897d3a3\" data-element_type=\"container\" data-e-type=\"container\" data-settings=\"{&quot;ekit_has_onepagescroll_dot&quot;:&quot;yes&quot;}\">\n\t\t\t\t<\/div>\n\t\t\t\t<\/div>\n\t\t\t\t<\/div>\n\t\t<div class=\"elementor-element elementor-element-20df3ee2 e-con-full e-flex e-con e-parent\" data-id=\"20df3ee2\" data-element_type=\"container\" data-e-type=\"container\" data-settings=\"{&quot;ekit_has_onepagescroll_dot&quot;:&quot;yes&quot;}\">\n\t\t<div class=\"elementor-element elementor-element-74cf3dbf e-con-full e-flex e-con e-child\" data-id=\"74cf3dbf\" data-element_type=\"container\" data-e-type=\"container\" data-settings=\"{&quot;ekit_has_onepagescroll_dot&quot;:&quot;yes&quot;}\">\n\t\t<div class=\"elementor-element elementor-element-34cec12f e-con-full e-flex e-con e-child\" data-id=\"34cec12f\" data-element_type=\"container\" data-e-type=\"container\" data-settings=\"{&quot;ekit_has_onepagescroll_dot&quot;:&quot;yes&quot;}\">\n\t\t<div class=\"elementor-element elementor-element-600fd73f e-con-full e-flex e-con e-child\" data-id=\"600fd73f\" data-element_type=\"container\" data-e-type=\"container\" data-settings=\"{&quot;ekit_has_onepagescroll_dot&quot;:&quot;yes&quot;}\">\n\t\t\t\t<div class=\"elementor-element elementor-element-42846104 elementor-widget elementor-widget-heading\" data-id=\"42846104\" data-element_type=\"widget\" data-e-type=\"widget\" data-settings=\"{&quot;ekit_we_effect_on&quot;:&quot;none&quot;}\" data-widget_type=\"heading.default\">\n\t\t\t\t\t<h2 class=\"elementor-heading-title elementor-size-default\">Soleil et air frais<\/h2>\t\t\t\t<\/div>\n\t\t\t\t<div class=\"elementor-element elementor-element-a02235d elementor-widget elementor-widget-text-editor\" data-id=\"a02235d\" data-element_type=\"widget\" data-e-type=\"widget\" data-settings=\"{&quot;ekit_we_effect_on&quot;:&quot;none&quot;}\" data-widget_type=\"text-editor.default\">\n\t\t\t\t\t\t\t\t\t<p class=\"p1\">Profitez des journ\u00e9es ensoleill\u00e9es et de l\u2019air pur des Alpes \u00e0 Annecy, id\u00e9al pour randonner, faire du v\u00e9lo, nager et se d\u00e9tendre en pleine nature toute l\u2019ann\u00e9e.<\/p>\t\t\t\t\t\t\t\t<\/div>\n\t\t\t\t<\/div>\n\t\t<div class=\"elementor-element elementor-element-6b6be0f4 e-con-full e-flex e-con e-child\" data-id=\"6b6be0f4\" data-element_type=\"container\" data-e-type=\"container\" data-settings=\"{&quot;ekit_has_onepagescroll_dot&quot;:&quot;yes&quot;}\">\n\t\t\t\t<div class=\"elementor-element elementor-element-5e8f2927 elementor-widget elementor-widget-heading\" data-id=\"5e8f2927\" data-element_type=\"widget\" data-e-type=\"widget\" data-settings=\"{&quot;ekit_we_effect_on&quot;:&quot;none&quot;}\" data-widget_type=\"heading.default\">\n\t\t\t\t\t<h2 class=\"elementor-heading-title elementor-size-default\">Gastronomie et vins locaux<\/h2>\t\t\t\t<\/div>\n\t\t\t\t<div class=\"elementor-element elementor-element-53b82348 elementor-widget elementor-widget-text-editor\" data-id=\"53b82348\" data-element_type=\"widget\" data-e-type=\"widget\" data-settings=\"{&quot;ekit_we_effect_on&quot;:&quot;none&quot;}\" data-widget_type=\"text-editor.default\">\n\t\t\t\t\t\t\t\t\t<p class=\"p1\">D\u00e9gustez des sp\u00e9cialit\u00e9s alpines comme la tartiflette et la raclette, et savourez des vins de Savoie dans des restaurants chaleureux ou en terrasse, au bord du lac.<\/p>\t\t\t\t\t\t\t\t<\/div>\n\t\t\t\t<\/div>\n\t\t\t\t<\/div>\n\t\t<div class=\"elementor-element elementor-element-49a24dc8 e-con-full e-flex e-con e-child\" data-id=\"49a24dc8\" data-element_type=\"container\" data-e-type=\"container\" data-settings=\"{&quot;ekit_has_onepagescroll_dot&quot;:&quot;yes&quot;}\">\n\t\t<div class=\"elementor-element elementor-element-4e21a83e e-con-full e-flex e-con e-child\" data-id=\"4e21a83e\" data-element_type=\"container\" data-e-type=\"container\" data-settings=\"{&quot;ekit_has_onepagescroll_dot&quot;:&quot;yes&quot;}\">\n\t\t\t\t<div class=\"elementor-element elementor-element-afcf726 elementor-widget elementor-widget-heading\" data-id=\"afcf726\" data-element_type=\"widget\" data-e-type=\"widget\" data-settings=\"{&quot;ekit_we_effect_on&quot;:&quot;none&quot;}\" data-widget_type=\"heading.default\">\n\t\t\t\t\t<h2 class=\"elementor-heading-title elementor-size-default\">Art et culture locale<\/h2>\t\t\t\t<\/div>\n\t\t\t\t<div class=\"elementor-element elementor-element-7aa27451 elementor-widget elementor-widget-text-editor\" data-id=\"7aa27451\" data-element_type=\"widget\" data-e-type=\"widget\" data-settings=\"{&quot;ekit_we_effect_on&quot;:&quot;none&quot;}\" data-widget_type=\"text-editor.default\">\n\t\t\t\t\t\t\t\t\t<p class=\"p1\">Visitez le ch\u00e2teau d\u2019Annecy ou le Palais de l\u2019\u00cele, fl\u00e2nez sur les march\u00e9s au bord du lac, et profitez de concerts en plein air, de s\u00e9ances de cin\u00e9ma et de festivals saisonniers.<\/p>\t\t\t\t\t\t\t\t<\/div>\n\t\t\t\t<\/div>\n\t\t<div class=\"elementor-element elementor-element-314be510 e-con-full e-flex e-con e-child\" data-id=\"314be510\" data-element_type=\"container\" data-e-type=\"container\" data-settings=\"{&quot;background_background&quot;:&quot;classic&quot;,&quot;ekit_has_onepagescroll_dot&quot;:&quot;yes&quot;}\">\n\t\t\t\t<div class=\"elementor-element elementor-element-534fbab8 elementor-widget elementor-widget-heading\" data-id=\"534fbab8\" data-element_type=\"widget\" data-e-type=\"widget\" data-settings=\"{&quot;ekit_we_effect_on&quot;:&quot;none&quot;}\" data-widget_type=\"heading.default\">\n\t\t\t\t\t<h2 class=\"elementor-heading-title elementor-size-default\"> Lac &amp; Montagnes<\/h2>\t\t\t\t<\/div>\n\t\t\t\t<div class=\"elementor-element elementor-element-26a5b5ea elementor-widget elementor-widget-text-editor\" data-id=\"26a5b5ea\" data-element_type=\"widget\" data-e-type=\"widget\" data-settings=\"{&quot;ekit_we_effect_on&quot;:&quot;none&quot;}\" data-widget_type=\"text-editor.default\">\n\t\t\t\t\t\t\t\t\t<p class=\"p1\">Baignez-vous, faites du kayak ou embarquez pour une croisi\u00e8re sur le lac d\u2019Annecy, l\u2019un des plus propres d\u2019Europe, avec une vue splendide sur les Alpes tout autour.<\/p>\t\t\t\t\t\t\t\t<\/div>\n\t\t\t\t<\/div>\n\t\t\t\t<\/div>\n\t\t<div class=\"elementor-element elementor-element-271a952c e-con-full e-flex e-con e-child\" data-id=\"271a952c\" data-element_type=\"container\" data-e-type=\"container\" data-settings=\"{&quot;ekit_has_onepagescroll_dot&quot;:&quot;yes&quot;}\">\n\t\t<div class=\"elementor-element elementor-element-6d60ae8b e-con-full e-flex e-con e-child\" data-id=\"6d60ae8b\" data-element_type=\"container\" data-e-type=\"container\" data-settings=\"{&quot;ekit_has_onepagescroll_dot&quot;:&quot;yes&quot;}\">\n\t\t\t\t<div class=\"elementor-element elementor-element-ec2a211 elementor-widget elementor-widget-heading\" data-id=\"ec2a211\" data-element_type=\"widget\" data-e-type=\"widget\" data-settings=\"{&quot;ekit_we_effect_on&quot;:&quot;none&quot;}\" data-widget_type=\"heading.default\">\n\t\t\t\t\t<h2 class=\"elementor-heading-title elementor-size-default\">Histoire et vieille ville<\/h2>\t\t\t\t<\/div>\n\t\t\t\t<div class=\"elementor-element elementor-element-1a2640f elementor-widget elementor-widget-text-editor\" data-id=\"1a2640f\" data-element_type=\"widget\" data-e-type=\"widget\" data-settings=\"{&quot;ekit_we_effect_on&quot;:&quot;none&quot;}\" data-widget_type=\"text-editor.default\">\n\t\t\t\t\t\t\t\t\t<p class=\"p1\">Fl\u00e2nez dans les rues pav\u00e9es, traversez de charmants ponts et admirez les maisons aux couleurs pastel qui se refl\u00e8tent dans les c\u00e9l\u00e8bres canaux d\u2019Annecy.<\/p>\t\t\t\t\t\t\t\t<\/div>\n\t\t\t\t<\/div>\n\t\t<div class=\"elementor-element elementor-element-2014630e e-con-full e-flex e-con e-child\" data-id=\"2014630e\" data-element_type=\"container\" data-e-type=\"container\" data-settings=\"{&quot;ekit_has_onepagescroll_dot&quot;:&quot;yes&quot;}\">\n\t\t\t\t<div class=\"elementor-element elementor-element-5919c421 elementor-widget elementor-widget-heading\" data-id=\"5919c421\" data-element_type=\"widget\" data-e-type=\"widget\" data-settings=\"{&quot;ekit_we_effect_on&quot;:&quot;none&quot;}\" data-widget_type=\"heading.default\">\n\t\t\t\t\t<h2 class=\"elementor-heading-title elementor-size-default\"> Facile \u00e0 explorer<\/h2>\t\t\t\t<\/div>\n\t\t\t\t<div class=\"elementor-element elementor-element-7e00cd39 elementor-widget elementor-widget-text-editor\" data-id=\"7e00cd39\" data-element_type=\"widget\" data-e-type=\"widget\" data-settings=\"{&quot;ekit_we_effect_on&quot;:&quot;none&quot;}\" data-widget_type=\"text-editor.default\">\n\t\t\t\t\t\t\t\t\t<p class=\"p1\">Annecy est une ville calme et \u00e0 taille humaine, id\u00e9ale pour se d\u00e9placer \u00e0 pied ou \u00e0 v\u00e9lo le long du lac, \u00e0 travers les parcs et sur de paisibles sentiers de montagne.<\/p>\t\t\t\t\t\t\t\t<\/div>\n\t\t\t\t<\/div>\n\t\t\t\t<\/div>\n\t\t\t\t<\/div>\n\t\t<div class=\"elementor-element elementor-element-75154fc3 e-con-full e-flex e-con e-child\" data-id=\"75154fc3\" data-element_type=\"container\" data-e-type=\"container\" data-settings=\"{&quot;background_background&quot;:&quot;classic&quot;,&quot;ekit_has_onepagescroll_dot&quot;:&quot;yes&quot;}\">\n\t\t\t\t<div class=\"elementor-element elementor-element-4bf63b3c elementor-view-default elementor-widget elementor-widget-icon\" data-id=\"4bf63b3c\" data-element_type=\"widget\" data-e-type=\"widget\" data-settings=\"{&quot;ekit_we_effect_on&quot;:&quot;none&quot;}\" data-widget_type=\"icon.default\">\n\t\t\t\t\t\t\t<div class=\"elementor-icon-wrapper\">\n\t\t\t<div class=\"elementor-icon\">\n\t\t\t<i aria-hidden=\"true\" class=\"fas fa-question-circle\"><\/i>\t\t\t<\/div>\n\t\t<\/div>\n\t\t\t\t\t\t<\/div>\n\t\t\t\t<div class=\"elementor-element elementor-element-61e3d56d elementor-widget elementor-widget-heading\" data-id=\"61e3d56d\" data-element_type=\"widget\" data-e-type=\"widget\" data-settings=\"{&quot;ekit_we_effect_on&quot;:&quot;none&quot;}\" data-widget_type=\"heading.default\">\n\t\t\t\t\t<h2 class=\"elementor-heading-title elementor-size-default\">Pourquoi visiter Annecy ?<\/h2>\t\t\t\t<\/div>\n\t\t\t\t<div class=\"elementor-element elementor-element-5a4729ec elementor-widget elementor-widget-text-editor\" data-id=\"5a4729ec\" data-element_type=\"widget\" data-e-type=\"widget\" data-settings=\"{&quot;ekit_we_effect_on&quot;:&quot;none&quot;}\" data-widget_type=\"text-editor.default\">\n\t\t\t\t\t\t\t\t\t<p class=\"p1\">Annecy, c\u2019est le parfait \u00e9quilibre entre apprentissage du fran\u00e7ais, nature, culture et d\u00e9tente. Avec son lac digne d\u2019une carte postale, son riche patrimoine et son art de vivre en plein air, c\u2019est une destination id\u00e9ale pour apprendre le fran\u00e7ais et profiter d\u2019un rythme de vie plus doux et plus agr\u00e9able. <\/p>\t\t\t\t\t\t\t\t<\/div>\n\t\t\t\t<\/div>\n\t\t\t\t<\/div>\n\t\t<div class=\"elementor-element elementor-element-3a0cbfd6 e-con-full e-flex e-con e-parent\" data-id=\"3a0cbfd6\" data-element_type=\"container\" data-e-type=\"container\" data-settings=\"{&quot;ekit_has_onepagescroll_dot&quot;:&quot;yes&quot;}\">\n\t\t<div class=\"elementor-element elementor-element-2ee6e849 e-flex e-con-boxed e-con e-child\" data-id=\"2ee6e849\" data-element_type=\"container\" data-e-type=\"container\" data-settings=\"{&quot;ekit_has_onepagescroll_dot&quot;:&quot;yes&quot;}\">\n\t\t\t\t\t<div class=\"e-con-inner\">\n\t\t\t\t<div class=\"elementor-element elementor-element-378a2f20 elementor-widget elementor-widget-heading\" data-id=\"378a2f20\" data-element_type=\"widget\" data-e-type=\"widget\" data-settings=\"{&quot;ekit_we_effect_on&quot;:&quot;none&quot;}\" data-widget_type=\"heading.default\">\n\t\t\t\t\t<h2 class=\"elementor-heading-title elementor-size-default\">Notre programme mensuel<\/h2>\t\t\t\t<\/div>\n\t\t<div class=\"elementor-element elementor-element-79876342 e-con-full e-flex e-con e-child\" data-id=\"79876342\" data-element_type=\"container\" data-e-type=\"container\" data-settings=\"{&quot;background_background&quot;:&quot;classic&quot;,&quot;ekit_has_onepagescroll_dot&quot;:&quot;yes&quot;}\">\n\t\t<div class=\"elementor-element elementor-element-4a68c67a e-con-full e-flex e-con e-child\" data-id=\"4a68c67a\" data-element_type=\"container\" data-e-type=\"container\" id=\"events\" data-settings=\"{&quot;background_background&quot;:&quot;classic&quot;,&quot;ekit_has_onepagescroll_dot&quot;:&quot;yes&quot;}\">\n\t\t\t\t<div class=\"elementor-element elementor-element-e641b00 elementor-widget elementor-widget-html\" data-id=\"e641b00\" data-element_type=\"widget\" data-e-type=\"widget\" data-settings=\"{&quot;ekit_we_effect_on&quot;:&quot;none&quot;}\" data-widget_type=\"html.default\">\n\t\t\t\t\t<iframe src=\"https:\/\/calendar.google.com\/calendar\/embed?src=c_1167bbbc755ee8589ce344b2f58e3ed94e7b89d50a6482cab0b3285002b1f9ba%40group.calendar.google.com&amp;ctz=Europe%2FParis\" style=\"border: 0\" width=\"800\" height=\"600\" frameborder=\"0\" scrolling=\"no\"><\/iframe>\t\t\t\t<\/div>\n\t\t\t\t<\/div>\n\t\t\t\t<\/div>\n\t\t\t\t\t<\/div>\n\t\t\t\t<\/div>\n\t\t\t\t<\/div>\n\t\t<div class=\"elementor-element elementor-element-785ebf65 e-con-full e-flex e-con e-parent\" data-id=\"785ebf65\" data-element_type=\"container\" data-e-type=\"container\" data-settings=\"{&quot;ekit_has_onepagescroll_dot&quot;:&quot;yes&quot;}\">\n\t\t\t\t<div class=\"elementor-element elementor-element-659462b2 elementor-widget elementor-widget-spacer\" data-id=\"659462b2\" data-element_type=\"widget\" data-e-type=\"widget\" data-settings=\"{&quot;ekit_we_effect_on&quot;:&quot;none&quot;}\" data-widget_type=\"spacer.default\">\n\t\t\t\t\t\t\t<div class=\"elementor-spacer\">\n\t\t\t<div class=\"elementor-spacer-inner\"><\/div>\n\t\t<\/div>\n\t\t\t\t\t\t<\/div>\n\t\t\t\t<div class=\"elementor-element elementor-element-1dddc46d elementor-widget elementor-widget-heading\" data-id=\"1dddc46d\" data-element_type=\"widget\" data-e-type=\"widget\" data-settings=\"{&quot;ekit_we_effect_on&quot;:&quot;none&quot;}\" data-widget_type=\"heading.default\">\n\t\t\t\t\t<h2 class=\"elementor-heading-title elementor-size-default\">Vous ne savez pas o\u00f9 aller ?<\/h2>\t\t\t\t<\/div>\n\t\t\t\t<div class=\"elementor-element elementor-element-4694e081 elementor-widget elementor-widget-heading\" data-id=\"4694e081\" data-element_type=\"widget\" data-e-type=\"widget\" data-settings=\"{&quot;ekit_we_effect_on&quot;:&quot;none&quot;}\" data-widget_type=\"heading.default\">\n\t\t\t\t\t<h2 class=\"elementor-heading-title elementor-size-default\">Les incontournables \u00e0 visiter \u00e0 Annecy<\/h2>\t\t\t\t<\/div>\n\t\t\t\t<div class=\"elementor-element elementor-element-26288c5 elementor-widget elementor-widget-text-editor\" data-id=\"26288c5\" data-element_type=\"widget\" data-e-type=\"widget\" data-settings=\"{&quot;ekit_we_effect_on&quot;:&quot;none&quot;}\" data-widget_type=\"text-editor.default\">\n\t\t\t\t\t\t\t\t\t<p class=\"p1\">Annecy s\u00e9duit par sa beaut\u00e9 paisible et son charme simple. Entre vues sur le lac, ruelles anciennes et petits mus\u00e9es, voici quelques lieux \u00e0 ne pas manquer pendant votre s\u00e9jour. <\/p>\t\t\t\t\t\t\t\t<\/div>\n\t\t<div class=\"elementor-element elementor-element-fa9e5ec e-con-full e-flex e-con e-child\" data-id=\"fa9e5ec\" data-element_type=\"container\" data-e-type=\"container\" data-settings=\"{&quot;ekit_has_onepagescroll_dot&quot;:&quot;yes&quot;}\">\n\t\t\t\t<div class=\"elementor-element elementor-element-d6a2daf elementor-arrows-position-outside elementor-pagination-type-bullets elementor-pagination-position-outside elementor-widget elementor-widget-n-carousel\" data-id=\"d6a2daf\" data-element_type=\"widget\" data-e-type=\"widget\" data-settings=\"{&quot;carousel_items&quot;:[{&quot;slide_title&quot;:&quot;Slide #1&quot;,&quot;_id&quot;:&quot;d99b0cb&quot;},{&quot;slide_title&quot;:&quot;Slide #1&quot;,&quot;_id&quot;:&quot;0dc3372&quot;},{&quot;slide_title&quot;:&quot;Slide #1&quot;,&quot;_id&quot;:&quot;9f30d64&quot;},{&quot;slide_title&quot;:&quot;Slide #1&quot;,&quot;_id&quot;:&quot;2a0b2c2&quot;},{&quot;slide_title&quot;:&quot;Slide #1&quot;,&quot;_id&quot;:&quot;6864696&quot;},{&quot;slide_title&quot;:&quot;Slide #1&quot;,&quot;_id&quot;:&quot;7407325&quot;}],&quot;slides_to_show&quot;:&quot;3&quot;,&quot;image_spacing_custom&quot;:{&quot;unit&quot;:&quot;px&quot;,&quot;size&quot;:57,&quot;sizes&quot;:[]},&quot;slides_to_show_tablet&quot;:&quot;2&quot;,&quot;slides_to_show_mobile&quot;:&quot;1&quot;,&quot;autoplay&quot;:&quot;yes&quot;,&quot;autoplay_speed&quot;:5000,&quot;pause_on_hover&quot;:&quot;yes&quot;,&quot;pause_on_interaction&quot;:&quot;yes&quot;,&quot;infinite&quot;:&quot;yes&quot;,&quot;speed&quot;:500,&quot;offset_sides&quot;:&quot;none&quot;,&quot;arrows&quot;:&quot;yes&quot;,&quot;pagination&quot;:&quot;bullets&quot;,&quot;image_spacing_custom_widescreen&quot;:{&quot;unit&quot;:&quot;px&quot;,&quot;size&quot;:&quot;&quot;,&quot;sizes&quot;:[]},&quot;image_spacing_custom_laptop&quot;:{&quot;unit&quot;:&quot;px&quot;,&quot;size&quot;:&quot;&quot;,&quot;sizes&quot;:[]},&quot;image_spacing_custom_tablet&quot;:{&quot;unit&quot;:&quot;px&quot;,&quot;size&quot;:&quot;&quot;,&quot;sizes&quot;:[]},&quot;image_spacing_custom_mobile&quot;:{&quot;unit&quot;:&quot;px&quot;,&quot;size&quot;:&quot;&quot;,&quot;sizes&quot;:[]},&quot;ekit_we_effect_on&quot;:&quot;none&quot;}\" data-widget_type=\"nested-carousel.default\">\n\t\t\t\t\t\t\t<div class=\"e-n-carousel swiper\" role=\"region\" aria-roledescription=\"carousel\" aria-label=\"Carousel\" dir=\"ltr\">\n\t\t\t<div class=\"swiper-wrapper\" aria-live=\"off\">\n\t\t\t\t\t\t\t\t\t\t<div class=\"swiper-slide\" data-slide=\"1\" role=\"group\" aria-roledescription=\"slide\" aria-label=\"1 sur 6\">\n\t\t\t\t\t\t\t<div class=\"elementor-element elementor-element-5a104802 e-flex e-con-boxed e-con e-child\" data-id=\"5a104802\" data-element_type=\"container\" data-e-type=\"container\" data-settings=\"{&quot;ekit_has_onepagescroll_dot&quot;:&quot;yes&quot;}\">\n\t\t\t\t\t<div class=\"e-con-inner\">\n\t\t\t\t<div class=\"elementor-element elementor-element-79df0537 elementor-widget elementor-widget-image\" data-id=\"79df0537\" data-element_type=\"widget\" data-e-type=\"widget\" data-settings=\"{&quot;ekit_we_effect_on&quot;:&quot;none&quot;}\" data-widget_type=\"image.default\">\n\t\t\t\t\t\t\t\t\t\t\t\t\t\t\t<img decoding=\"async\" src=\"https:\/\/klf.fr\/wp-content\/uploads\/elementor\/thumbs\/412708-France-r5ahppnkmmp0rdf62k3xy4tnmyu2l2zgzs11cud1kw.webp\" title=\"412708-France\" alt=\"Chateau d\u2019Annecy historic castle in Annecy, France\" loading=\"lazy\" \/>\t\t\t\t\t\t\t\t\t\t\t\t\t\t\t<\/div>\n\t\t\t\t<div class=\"elementor-element elementor-element-1eccc2a2 elementor-widget elementor-widget-heading\" data-id=\"1eccc2a2\" data-element_type=\"widget\" data-e-type=\"widget\" data-settings=\"{&quot;ekit_we_effect_on&quot;:&quot;none&quot;}\" data-widget_type=\"heading.default\">\n\t\t\t\t\t<h2 class=\"elementor-heading-title elementor-size-default\">Ch\u00e2teau d\u2019Annecy\n<\/h2>\t\t\t\t<\/div>\n\t\t\t\t<div class=\"elementor-element elementor-element-229ccddd elementor-widget elementor-widget-text-editor\" data-id=\"229ccddd\" data-element_type=\"widget\" data-e-type=\"widget\" data-settings=\"{&quot;ekit_we_effect_on&quot;:&quot;none&quot;}\" data-widget_type=\"text-editor.default\">\n\t\t\t\t\t\t\t\t\t<p class=\"p1\">Ce ch\u00e2teau surplombe la ville et le lac. \u00c0 l\u2019int\u00e9rieur, vous trouverez des mus\u00e9es, des expositions et de superbes vues sur les Alpes. <\/p>\t\t\t\t\t\t\t\t<\/div>\n\t\t\t\t\t<\/div>\n\t\t\t\t<\/div>\n\t\t\t\t\t\t\t\t<\/div>\n\t\t\t\t\t\t\t\t\t\t\t<div class=\"swiper-slide\" data-slide=\"2\" role=\"group\" aria-roledescription=\"slide\" aria-label=\"2 sur 6\">\n\t\t\t\t\t\t\t<div class=\"elementor-element elementor-element-1c140bb4 e-flex e-con-boxed e-con e-child\" data-id=\"1c140bb4\" data-element_type=\"container\" data-e-type=\"container\" data-settings=\"{&quot;ekit_has_onepagescroll_dot&quot;:&quot;yes&quot;}\">\n\t\t\t\t\t<div class=\"e-con-inner\">\n\t\t\t\t<div class=\"elementor-element elementor-element-8d32955 elementor-widget elementor-widget-image\" data-id=\"8d32955\" data-element_type=\"widget\" data-e-type=\"widget\" data-settings=\"{&quot;ekit_we_effect_on&quot;:&quot;none&quot;}\" data-widget_type=\"image.default\">\n\t\t\t\t\t\t\t\t\t\t\t\t\t\t\t<img decoding=\"async\" src=\"https:\/\/klf.fr\/wp-content\/uploads\/elementor\/thumbs\/France-Annecy-Pont-des-Amours-Vasse-Canal-r5aht1ywxf9q1gkek046tagnoad1yc944bj6s9engg.webp\" title=\"France-Annecy-Pont-des-Amours-Vasse-Canal\" alt=\"Pont des Amours bridge with lake view in Annecy\" loading=\"lazy\" \/>\t\t\t\t\t\t\t\t\t\t\t\t\t\t\t<\/div>\n\t\t\t\t<div class=\"elementor-element elementor-element-416df661 elementor-widget elementor-widget-heading\" data-id=\"416df661\" data-element_type=\"widget\" data-e-type=\"widget\" data-settings=\"{&quot;ekit_we_effect_on&quot;:&quot;none&quot;}\" data-widget_type=\"heading.default\">\n\t\t\t\t\t<h2 class=\"elementor-heading-title elementor-size-default\">Pont des Amours<\/h2>\t\t\t\t<\/div>\n\t\t\t\t<div class=\"elementor-element elementor-element-299d4068 elementor-widget elementor-widget-text-editor\" data-id=\"299d4068\" data-element_type=\"widget\" data-e-type=\"widget\" data-settings=\"{&quot;ekit_we_effect_on&quot;:&quot;none&quot;}\" data-widget_type=\"text-editor.default\">\n\t\t\t\t\t\t\t\t\t<p class=\"p1\">Un pont en m\u00e9tal, tr\u00e8s appr\u00e9ci\u00e9 pour ses balades au calme, avec une jolie vue sur le lac et les canaux. Un symbole local, souvent associ\u00e9 au romantisme. <\/p>\t\t\t\t\t\t\t\t<\/div>\n\t\t\t\t\t<\/div>\n\t\t\t\t<\/div>\n\t\t\t\t\t\t\t\t<\/div>\n\t\t\t\t\t\t\t\t\t\t\t<div class=\"swiper-slide\" data-slide=\"3\" role=\"group\" aria-roledescription=\"slide\" aria-label=\"3 sur 6\">\n\t\t\t\t\t\t\t<div class=\"elementor-element elementor-element-7fe752f1 e-flex e-con-boxed e-con e-child\" data-id=\"7fe752f1\" data-element_type=\"container\" data-e-type=\"container\" data-settings=\"{&quot;ekit_has_onepagescroll_dot&quot;:&quot;yes&quot;}\">\n\t\t\t\t\t<div class=\"e-con-inner\">\n\t\t\t\t<div class=\"elementor-element elementor-element-f3e0c7d elementor-widget elementor-widget-image\" data-id=\"f3e0c7d\" data-element_type=\"widget\" data-e-type=\"widget\" data-settings=\"{&quot;ekit_we_effect_on&quot;:&quot;none&quot;}\" data-widget_type=\"image.default\">\n\t\t\t\t\t\t\t\t\t\t\t\t\t\t\t<img decoding=\"async\" src=\"https:\/\/klf.fr\/wp-content\/uploads\/elementor\/thumbs\/412906-Palais-De-L-Ile-r5ahwh3rspyaadljkzcbdxe1hri4yoty98zsnic2tc.webp\" title=\"Palais-De-L-Ile\" alt=\"Palais de l\u2019Ile Annecy art museum canal\" loading=\"lazy\" \/>\t\t\t\t\t\t\t\t\t\t\t\t\t\t\t<\/div>\n\t\t\t\t<div class=\"elementor-element elementor-element-63329ea5 elementor-widget elementor-widget-heading\" data-id=\"63329ea5\" data-element_type=\"widget\" data-e-type=\"widget\" data-settings=\"{&quot;ekit_we_effect_on&quot;:&quot;none&quot;}\" data-widget_type=\"heading.default\">\n\t\t\t\t\t<h2 class=\"elementor-heading-title elementor-size-default\"> Palais de l\u2019\u00cele<\/h2>\t\t\t\t<\/div>\n\t\t\t\t<div class=\"elementor-element elementor-element-a3692de elementor-widget elementor-widget-text-editor\" data-id=\"a3692de\" data-element_type=\"widget\" data-e-type=\"widget\" data-settings=\"{&quot;ekit_we_effect_on&quot;:&quot;none&quot;}\" data-widget_type=\"text-editor.default\">\n\t\t\t\t\t\t\t\t\t<p class=\"p1\">Au milieu d\u2019un canal, ce b\u00e2timent du XII\u1d49 si\u00e8cle accueille aujourd\u2019hui des expositions d\u2019art et d\u2019histoire, dans un d\u00e9cor digne d\u2019une carte postale.<\/p>\t\t\t\t\t\t\t\t<\/div>\n\t\t\t\t\t<\/div>\n\t\t\t\t<\/div>\n\t\t\t\t\t\t\t\t<\/div>\n\t\t\t\t\t\t\t\t\t\t\t<div class=\"swiper-slide\" data-slide=\"4\" role=\"group\" aria-roledescription=\"slide\" aria-label=\"4 sur 6\">\n\t\t\t\t\t\t\t<div class=\"elementor-element elementor-element-d11d65a e-flex e-con-boxed e-con e-child\" data-id=\"d11d65a\" data-element_type=\"container\" data-e-type=\"container\" data-settings=\"{&quot;ekit_has_onepagescroll_dot&quot;:&quot;yes&quot;}\">\n\t\t\t\t\t<div class=\"e-con-inner\">\n\t\t\t\t<div class=\"elementor-element elementor-element-3b7bbb26 elementor-widget elementor-widget-image\" data-id=\"3b7bbb26\" data-element_type=\"widget\" data-e-type=\"widget\" data-settings=\"{&quot;ekit_we_effect_on&quot;:&quot;none&quot;}\" data-widget_type=\"image.default\">\n\t\t\t\t\t\t\t\t\t\t\t\t\t\t\t<img decoding=\"async\" src=\"https:\/\/klf.fr\/wp-content\/uploads\/elementor\/thumbs\/La_Vieille_Ville_d_Annecy-Gilles_Piel-10270-1200x926-1-r5ai1jggmkvwuq8o065xtndgqijcfyxvmbjzr6tpa8.webp\" title=\"La_Vieille_Ville_d_Annecy-Gilles_Piel-10270-1200&#215;926\" alt=\"French words to use while travelling to Frace\" loading=\"lazy\" \/>\t\t\t\t\t\t\t\t\t\t\t\t\t\t\t<\/div>\n\t\t\t\t<div class=\"elementor-element elementor-element-326b2beb elementor-widget elementor-widget-heading\" data-id=\"326b2beb\" data-element_type=\"widget\" data-e-type=\"widget\" data-settings=\"{&quot;ekit_we_effect_on&quot;:&quot;none&quot;}\" data-widget_type=\"heading.default\">\n\t\t\t\t\t<h2 class=\"elementor-heading-title elementor-size-default\"> Vieille ville d\u2019Annecy<\/h2>\t\t\t\t<\/div>\n\t\t\t\t<div class=\"elementor-element elementor-element-3c1db01c elementor-widget elementor-widget-text-editor\" data-id=\"3c1db01c\" data-element_type=\"widget\" data-e-type=\"widget\" data-settings=\"{&quot;ekit_we_effect_on&quot;:&quot;none&quot;}\" data-widget_type=\"text-editor.default\">\n\t\t\t\t\t\t\t\t\t<p class=\"p1\">Ruelles \u00e9troites, maisons color\u00e9es, petites boutiques et caf\u00e9s : un quartier parfait pour se promener et prendre son temps.<\/p>\t\t\t\t\t\t\t\t<\/div>\n\t\t\t\t\t<\/div>\n\t\t\t\t<\/div>\n\t\t\t\t\t\t\t\t<\/div>\n\t\t\t\t\t\t\t\t\t\t\t<div class=\"swiper-slide\" data-slide=\"5\" role=\"group\" aria-roledescription=\"slide\" aria-label=\"5 sur 6\">\n\t\t\t\t\t\t\t<div class=\"elementor-element elementor-element-f9a0fd4 e-flex e-con-boxed e-con e-child\" data-id=\"f9a0fd4\" data-element_type=\"container\" data-e-type=\"container\" data-settings=\"{&quot;ekit_has_onepagescroll_dot&quot;:&quot;yes&quot;}\">\n\t\t\t\t\t<div class=\"e-con-inner\">\n\t\t\t\t<div class=\"elementor-element elementor-element-36fd0aa3 elementor-widget elementor-widget-image\" data-id=\"36fd0aa3\" data-element_type=\"widget\" data-e-type=\"widget\" data-settings=\"{&quot;ekit_we_effect_on&quot;:&quot;none&quot;}\" data-widget_type=\"image.default\">\n\t\t\t\t\t\t\t\t\t\t\t\t\t\t\t<img decoding=\"async\" src=\"https:\/\/klf.fr\/wp-content\/uploads\/elementor\/thumbs\/412964-Jardins-De-Ieurope-r5ai4cz14oqvom57je1naxr8w4mzja4w0a0fl2n6m8.webp\" title=\"412964-Jardins-De-Ieurope\" alt=\"A quiet green park by the lake, ideal for a peaceful stroll, reading on a bench,\" loading=\"lazy\" \/>\t\t\t\t\t\t\t\t\t\t\t\t\t\t\t<\/div>\n\t\t\t\t<div class=\"elementor-element elementor-element-64a1a275 elementor-widget elementor-widget-heading\" data-id=\"64a1a275\" data-element_type=\"widget\" data-e-type=\"widget\" data-settings=\"{&quot;ekit_we_effect_on&quot;:&quot;none&quot;}\" data-widget_type=\"heading.default\">\n\t\t\t\t\t<h2 class=\"elementor-heading-title elementor-size-default\">Jardins de l\u2019Europe<\/h2>\t\t\t\t<\/div>\n\t\t\t\t<div class=\"elementor-element elementor-element-60359931 elementor-widget elementor-widget-text-editor\" data-id=\"60359931\" data-element_type=\"widget\" data-e-type=\"widget\" data-settings=\"{&quot;ekit_we_effect_on&quot;:&quot;none&quot;}\" data-widget_type=\"text-editor.default\">\n\t\t\t\t\t\t\t\t\t<p class=\"p1\">Un parc calme au bord du lac, id\u00e9al pour une balade, lire sur un banc ou simplement admirer les montagnes en arri\u00e8re-plan.<\/p>\t\t\t\t\t\t\t\t<\/div>\n\t\t\t\t\t<\/div>\n\t\t\t\t<\/div>\n\t\t\t\t\t\t\t\t<\/div>\n\t\t\t\t\t\t\t\t\t\t\t<div class=\"swiper-slide\" data-slide=\"6\" role=\"group\" aria-roledescription=\"slide\" aria-label=\"6 sur 6\">\n\t\t\t\t\t\t\t<div class=\"elementor-element elementor-element-3f19185 e-flex e-con-boxed e-con e-child\" data-id=\"3f19185\" data-element_type=\"container\" data-e-type=\"container\" data-settings=\"{&quot;ekit_has_onepagescroll_dot&quot;:&quot;yes&quot;}\">\n\t\t\t\t\t<div class=\"e-con-inner\">\n\t\t\t\t<div class=\"elementor-element elementor-element-c071073 elementor-widget elementor-widget-image\" data-id=\"c071073\" data-element_type=\"widget\" data-e-type=\"widget\" data-settings=\"{&quot;ekit_we_effect_on&quot;:&quot;none&quot;}\" data-widget_type=\"image.default\">\n\t\t\t\t\t\t\t\t\t\t\t\t\t\t\t<img decoding=\"async\" src=\"https:\/\/klf.fr\/wp-content\/uploads\/elementor\/thumbs\/05_KLF_ANNECY_088-1-scaled-r5pfdcd4oz3ef6acs4wx4t34u5e7g5hxh98c93kpxc.jpg\" title=\"05_KLF_ANNECY_088 (1)\" alt=\"Camp d\u2019\u00e9t\u00e9 en fran\u00e7ais \u00e0 Annecy\" loading=\"lazy\" \/>\t\t\t\t\t\t\t\t\t\t\t\t\t\t\t<\/div>\n\t\t\t\t<div class=\"elementor-element elementor-element-1e72ebc elementor-widget elementor-widget-heading\" data-id=\"1e72ebc\" data-element_type=\"widget\" data-e-type=\"widget\" data-settings=\"{&quot;ekit_we_effect_on&quot;:&quot;none&quot;}\" data-widget_type=\"heading.default\">\n\t\t\t\t\t<h2 class=\"elementor-heading-title elementor-size-default\">Promenade du Lac<\/h2>\t\t\t\t<\/div>\n\t\t\t\t<div class=\"elementor-element elementor-element-9782469 elementor-widget elementor-widget-text-editor\" data-id=\"9782469\" data-element_type=\"widget\" data-e-type=\"widget\" data-settings=\"{&quot;ekit_we_effect_on&quot;:&quot;none&quot;}\" data-widget_type=\"text-editor.default\">\n\t\t\t\t\t\t\t\t\t<p class=\"p1\">Un chemin le long du lac, parfait pour marcher ou faire du v\u00e9lo tout en profitant de l\u2019air frais, de l\u2019eau tranquille et des panoramas alpins.<\/p>\t\t\t\t\t\t\t\t<\/div>\n\t\t\t\t\t<\/div>\n\t\t\t\t<\/div>\n\t\t\t\t\t\t\t\t<\/div>\n\t\t\t\t\t\t\t\t<\/div>\n\t\t<\/div>\n\t\t\t\t\t<div class=\"elementor-swiper-button elementor-swiper-button-prev\" role=\"button\" tabindex=\"0\" aria-label=\"Pr\u00e9c\u00e9dent\">\n\t\t\t\t<i aria-hidden=\"true\" class=\"eicon-chevron-left\"><\/i>\t\t\t<\/div>\n\t\t\t<div class=\"elementor-swiper-button elementor-swiper-button-next\" role=\"button\" tabindex=\"0\" aria-label=\"Suivant\">\n\t\t\t\t<i aria-hidden=\"true\" class=\"eicon-chevron-right\"><\/i>\t\t\t<\/div>\n\t\t\t\t\t<div class=\"swiper-pagination\"><\/div>\n\t\t\t\t\t\t<\/div>\n\t\t\t\t<\/div>\n\t\t\t\t<\/div>\n\t\t<div class=\"elementor-element elementor-element-52eeb0e0 e-con-full e-flex e-con e-parent\" data-id=\"52eeb0e0\" data-element_type=\"container\" data-e-type=\"container\" data-settings=\"{&quot;ekit_has_onepagescroll_dot&quot;:&quot;yes&quot;}\">\n\t\t\t\t<\/div>\n\t\t<div class=\"elementor-element elementor-element-28eaf6ef e-con-full e-flex e-con e-parent\" data-id=\"28eaf6ef\" data-element_type=\"container\" data-e-type=\"container\" data-settings=\"{&quot;ekit_has_onepagescroll_dot&quot;:&quot;yes&quot;}\">\n\t\t\t\t<div class=\"elementor-element elementor-element-426631e elementor-widget elementor-widget-heading\" data-id=\"426631e\" data-element_type=\"widget\" data-e-type=\"widget\" data-settings=\"{&quot;ekit_we_effect_on&quot;:&quot;none&quot;}\" data-widget_type=\"heading.default\">\n\t\t\t\t\t<h2 class=\"elementor-heading-title elementor-size-default\">Activit\u00e9s \u00e0 Annecy avec IFALPES<\/h2>\t\t\t\t<\/div>\n\t\t\t\t<div class=\"elementor-element elementor-element-5e753dc elementor-widget elementor-widget-text-editor\" data-id=\"5e753dc\" data-element_type=\"widget\" data-e-type=\"widget\" data-settings=\"{&quot;ekit_we_effect_on&quot;:&quot;none&quot;}\" data-widget_type=\"text-editor.default\">\n\t\t\t\t\t\t\t\t\t<p class=\"p1\">Annecy est un terrain de jeu id\u00e9al pour profiter d\u2019activit\u00e9s de plein air, d\u2019\u00e9v\u00e9nements culturels et de traditions locales toute l\u2019ann\u00e9e. \u00c0 IFALPES KLF, nous proposons chaque mois des activit\u00e9s pour d\u00e9couvrir la r\u00e9gion : randonn\u00e9es, ski, stand-up paddle, visites de mus\u00e9es, d\u00e9gustations, festivals\u2026 Une fa\u00e7on conviviale de vivre Annecy tout en pratiquant le fran\u00e7ais.  <b><\/b><\/p>\t\t\t\t\t\t\t\t<\/div>\n\t\t\t\t<div class=\"elementor-element elementor-element-7700537f elementor-widget-divider--view-line elementor-widget elementor-widget-divider\" data-id=\"7700537f\" data-element_type=\"widget\" data-e-type=\"widget\" data-settings=\"{&quot;ekit_we_effect_on&quot;:&quot;none&quot;}\" data-widget_type=\"divider.default\">\n\t\t\t\t\t\t\t<div class=\"elementor-divider\">\n\t\t\t<span class=\"elementor-divider-separator\">\n\t\t\t\t\t\t<\/span>\n\t\t<\/div>\n\t\t\t\t\t\t<\/div>\n\t\t\t\t<div class=\"elementor-element elementor-element-25ca18e8 e-n-tabs-mobile elementor-widget elementor-widget-n-tabs\" data-id=\"25ca18e8\" data-element_type=\"widget\" data-e-type=\"widget\" data-settings=\"{&quot;tabs_justify_horizontal&quot;:&quot;start&quot;,&quot;horizontal_scroll_mobile&quot;:&quot;disable&quot;,&quot;horizontal_scroll&quot;:&quot;disable&quot;,&quot;ekit_we_effect_on&quot;:&quot;none&quot;}\" data-widget_type=\"nested-tabs.default\">\n\t\t\t\t\t\t\t<div class=\"e-n-tabs\" data-widget-number=\"634001640\" aria-label=\"Onglets. Ouvrez des \u00e9l\u00e9ments avec Entrer ou Espace, fermez-les avec Echape et naviguez \u00e0 l&#039;aide des touches fl\u00e9ch\u00e9es.\">\n\t\t\t<div class=\"e-n-tabs-heading\" role=\"tablist\">\n\t\t\t\t\t<button id=\"e-n-tab-title-6340016401\" data-tab-title-id=\"e-n-tab-title-6340016401\" class=\"e-n-tab-title elementor-animation-shrink\" aria-selected=\"true\" data-tab-index=\"1\" role=\"tab\" tabindex=\"0\" aria-controls=\"e-n-tab-content-6340016401\" style=\"--n-tabs-title-order: 1;\">\n\t\t\t\t\t\t<span class=\"e-n-tab-title-text\">\n\t\t\t\tSports \/ Loisirs\t\t\t<\/span>\n\t\t<\/button>\n\t\t\t\t<button id=\"e-n-tab-title-6340016402\" data-tab-title-id=\"e-n-tab-title-6340016402\" class=\"e-n-tab-title elementor-animation-shrink\" aria-selected=\"false\" data-tab-index=\"2\" role=\"tab\" tabindex=\"-1\" aria-controls=\"e-n-tab-content-6340016402\" style=\"--n-tabs-title-order: 2;\">\n\t\t\t\t\t\t<span class=\"e-n-tab-title-text\">\n\t\t\t\tArt et culture\t\t\t<\/span>\n\t\t<\/button>\n\t\t\t\t\t<\/div>\n\t\t\t<div class=\"e-n-tabs-content\">\n\t\t\t\t<div id=\"e-n-tab-content-6340016401\" role=\"tabpanel\" aria-labelledby=\"e-n-tab-title-6340016401\" data-tab-index=\"1\" style=\"--n-tabs-title-order: 1;\" class=\"e-active elementor-element elementor-element-1b2deaca e-con-full e-flex e-con e-child\" data-id=\"1b2deaca\" data-element_type=\"container\" data-e-type=\"container\" data-settings=\"{&quot;ekit_has_onepagescroll_dot&quot;:&quot;yes&quot;}\">\n\t\t\t\t<div class=\"elementor-element elementor-element-65bffadd elementor-arrows-position-outside elementor-pagination-type-bullets elementor-pagination-position-outside elementor-widget elementor-widget-n-carousel\" data-id=\"65bffadd\" data-element_type=\"widget\" data-e-type=\"widget\" data-settings=\"{&quot;carousel_items&quot;:[{&quot;slide_title&quot;:&quot;Slide #1&quot;,&quot;_id&quot;:&quot;2a0b2c2&quot;},{&quot;slide_title&quot;:&quot;Slide #1&quot;,&quot;_id&quot;:&quot;6864696&quot;},{&quot;slide_title&quot;:&quot;Slide #1&quot;,&quot;_id&quot;:&quot;d99b0cb&quot;},{&quot;slide_title&quot;:&quot;Slide #1&quot;,&quot;_id&quot;:&quot;0dc3372&quot;},{&quot;slide_title&quot;:&quot;Slide #1&quot;,&quot;_id&quot;:&quot;9f30d64&quot;},{&quot;slide_title&quot;:&quot;Slide #1&quot;,&quot;_id&quot;:&quot;bf63e85&quot;}],&quot;slides_to_show&quot;:&quot;3&quot;,&quot;image_spacing_custom&quot;:{&quot;unit&quot;:&quot;px&quot;,&quot;size&quot;:57,&quot;sizes&quot;:[]},&quot;slides_to_show_tablet&quot;:&quot;2&quot;,&quot;slides_to_show_mobile&quot;:&quot;1&quot;,&quot;autoplay&quot;:&quot;yes&quot;,&quot;autoplay_speed&quot;:5000,&quot;pause_on_hover&quot;:&quot;yes&quot;,&quot;pause_on_interaction&quot;:&quot;yes&quot;,&quot;infinite&quot;:&quot;yes&quot;,&quot;speed&quot;:500,&quot;offset_sides&quot;:&quot;none&quot;,&quot;arrows&quot;:&quot;yes&quot;,&quot;pagination&quot;:&quot;bullets&quot;,&quot;image_spacing_custom_widescreen&quot;:{&quot;unit&quot;:&quot;px&quot;,&quot;size&quot;:&quot;&quot;,&quot;sizes&quot;:[]},&quot;image_spacing_custom_laptop&quot;:{&quot;unit&quot;:&quot;px&quot;,&quot;size&quot;:&quot;&quot;,&quot;sizes&quot;:[]},&quot;image_spacing_custom_tablet&quot;:{&quot;unit&quot;:&quot;px&quot;,&quot;size&quot;:&quot;&quot;,&quot;sizes&quot;:[]},&quot;image_spacing_custom_mobile&quot;:{&quot;unit&quot;:&quot;px&quot;,&quot;size&quot;:&quot;&quot;,&quot;sizes&quot;:[]},&quot;ekit_we_effect_on&quot;:&quot;none&quot;}\" data-widget_type=\"nested-carousel.default\">\n\t\t\t\t\t\t\t<div class=\"e-n-carousel swiper\" role=\"region\" aria-roledescription=\"carousel\" aria-label=\"Carousel\" dir=\"ltr\">\n\t\t\t<div class=\"swiper-wrapper\" aria-live=\"off\">\n\t\t\t\t\t\t\t\t\t\t<div class=\"swiper-slide\" data-slide=\"1\" role=\"group\" aria-roledescription=\"slide\" aria-label=\"1 sur 6\">\n\t\t\t\t\t\t\t<div class=\"elementor-element elementor-element-521a4af2 e-flex e-con-boxed e-con e-child\" data-id=\"521a4af2\" data-element_type=\"container\" data-e-type=\"container\" data-settings=\"{&quot;ekit_has_onepagescroll_dot&quot;:&quot;yes&quot;}\">\n\t\t\t\t\t<div class=\"e-con-inner\">\n\t\t\t\t<div class=\"elementor-element elementor-element-567ed8a5 elementor-widget elementor-widget-image\" data-id=\"567ed8a5\" data-element_type=\"widget\" data-e-type=\"widget\" data-settings=\"{&quot;ekit_we_effect_on&quot;:&quot;none&quot;}\" data-widget_type=\"image.default\">\n\t\t\t\t\t\t\t\t\t\t\t\t\t\t\t<img decoding=\"async\" src=\"https:\/\/klf.fr\/wp-content\/uploads\/elementor\/thumbs\/10730236-r5ans6b71fr54q3behneyi7dxw26kl9m12gnr0g1fk.webp\" title=\"10730236\" alt=\"10730236\" loading=\"lazy\" \/>\t\t\t\t\t\t\t\t\t\t\t\t\t\t\t<\/div>\n\t\t\t\t<div class=\"elementor-element elementor-element-365ca3cc elementor-widget elementor-widget-heading\" data-id=\"365ca3cc\" data-element_type=\"widget\" data-e-type=\"widget\" data-settings=\"{&quot;ekit_we_effect_on&quot;:&quot;none&quot;}\" data-widget_type=\"heading.default\">\n\t\t\t\t\t<h2 class=\"elementor-heading-title elementor-size-default\">VTT <\/h2>\t\t\t\t<\/div>\n\t\t\t\t<div class=\"elementor-element elementor-element-441ce7cc elementor-widget__width-initial elementor-widget elementor-widget-text-editor\" data-id=\"441ce7cc\" data-element_type=\"widget\" data-e-type=\"widget\" data-settings=\"{&quot;ekit_we_effect_on&quot;:&quot;none&quot;}\" data-widget_type=\"text-editor.default\">\n\t\t\t\t\t\t\t\t\t<p class=\"p1\">La r\u00e9gion autour offre des sites extraordinaires pour faire du canyoning. Que vous soyez habitu\u00e9 ou d\u00e9butant complet, vous trouverez toujours des conditions adapt\u00e9es \u00e0 votre niveau. Sensations fortes garanties !  <\/p>\t\t\t\t\t\t\t\t<\/div>\n\t\t\t\t\t<\/div>\n\t\t\t\t<\/div>\n\t\t\t\t\t\t\t\t<\/div>\n\t\t\t\t\t\t\t\t\t\t\t<div class=\"swiper-slide\" data-slide=\"2\" role=\"group\" aria-roledescription=\"slide\" aria-label=\"2 sur 6\">\n\t\t\t\t\t\t\t<div class=\"elementor-element elementor-element-4289fb6b e-flex e-con-boxed e-con e-child\" data-id=\"4289fb6b\" data-element_type=\"container\" data-e-type=\"container\" data-settings=\"{&quot;ekit_has_onepagescroll_dot&quot;:&quot;yes&quot;}\">\n\t\t\t\t\t<div class=\"e-con-inner\">\n\t\t\t\t<div class=\"elementor-element elementor-element-1b75453a elementor-widget elementor-widget-image\" data-id=\"1b75453a\" data-element_type=\"widget\" data-e-type=\"widget\" data-settings=\"{&quot;ekit_we_effect_on&quot;:&quot;none&quot;}\" data-widget_type=\"image.default\">\n\t\t\t\t\t\t\t\t\t\t\t\t\t\t\t<img decoding=\"async\" src=\"https:\/\/klf.fr\/wp-content\/uploads\/elementor\/thumbs\/44d8f7735d0dc4baae017923158c98c7-28761716-1407x940-1-r5p97kc067hv3cflt9rttrtv3aihb31vnjy1wseq0w.jpg\" title=\"44d8f7735d0dc4baae017923158c98c7-28761716-1407&#215;940\" alt=\"44d8f7735d0dc4baae017923158c98c7-28761716-1407x940\" loading=\"lazy\" \/>\t\t\t\t\t\t\t\t\t\t\t\t\t\t\t<\/div>\n\t\t\t\t<div class=\"elementor-element elementor-element-6a2355c elementor-widget elementor-widget-heading\" data-id=\"6a2355c\" data-element_type=\"widget\" data-e-type=\"widget\" data-settings=\"{&quot;ekit_we_effect_on&quot;:&quot;none&quot;}\" data-widget_type=\"heading.default\">\n\t\t\t\t\t<h2 class=\"elementor-heading-title elementor-size-default\">Rafting<\/h2>\t\t\t\t<\/div>\n\t\t\t\t<div class=\"elementor-element elementor-element-f54edd0 elementor-widget elementor-widget-text-editor\" data-id=\"f54edd0\" data-element_type=\"widget\" data-e-type=\"widget\" data-settings=\"{&quot;ekit_we_effect_on&quot;:&quot;none&quot;}\" data-widget_type=\"text-editor.default\">\n\t\t\t\t\t\t\t\t\t<p class=\"p1\">Qui dit montagnes, dit rivi\u00e8res, et donc de superbes spots pour faire du rafting, du canyoning ou du kayak lors de sorties en groupe, pleines de fun et d\u2019adr\u00e9naline.<\/p>\t\t\t\t\t\t\t\t<\/div>\n\t\t\t\t\t<\/div>\n\t\t\t\t<\/div>\n\t\t\t\t\t\t\t\t<\/div>\n\t\t\t\t\t\t\t\t\t\t\t<div class=\"swiper-slide\" data-slide=\"3\" role=\"group\" aria-roledescription=\"slide\" aria-label=\"3 sur 6\">\n\t\t\t\t\t\t\t<div class=\"elementor-element elementor-element-68092a24 e-flex e-con-boxed e-con e-child\" data-id=\"68092a24\" data-element_type=\"container\" data-e-type=\"container\" data-settings=\"{&quot;ekit_has_onepagescroll_dot&quot;:&quot;yes&quot;}\">\n\t\t\t\t\t<div class=\"e-con-inner\">\n\t\t\t\t<div class=\"elementor-element elementor-element-72bc116c elementor-widget elementor-widget-image\" data-id=\"72bc116c\" data-element_type=\"widget\" data-e-type=\"widget\" data-settings=\"{&quot;ekit_we_effect_on&quot;:&quot;none&quot;}\" data-widget_type=\"image.default\">\n\t\t\t\t\t\t\t\t\t\t\t\t\t\t\t<img decoding=\"async\" src=\"https:\/\/klf.fr\/wp-content\/uploads\/elementor\/thumbs\/Paddle-Annecy-r5phf6kpkg6agf15m1xv06aortg846muaq5hfm3d4w.jpeg\" title=\"Annecy\" alt=\"Annecy\" loading=\"lazy\" \/>\t\t\t\t\t\t\t\t\t\t\t\t\t\t\t<\/div>\n\t\t\t\t<div class=\"elementor-element elementor-element-34553004 elementor-widget elementor-widget-heading\" data-id=\"34553004\" data-element_type=\"widget\" data-e-type=\"widget\" data-settings=\"{&quot;ekit_we_effect_on&quot;:&quot;none&quot;}\" data-widget_type=\"heading.default\">\n\t\t\t\t\t<h2 class=\"elementor-heading-title elementor-size-default\">Stand Up Paddle<\/h2>\t\t\t\t<\/div>\n\t\t\t\t<div class=\"elementor-element elementor-element-1788b07e elementor-widget elementor-widget-text-editor\" data-id=\"1788b07e\" data-element_type=\"widget\" data-e-type=\"widget\" data-settings=\"{&quot;ekit_we_effect_on&quot;:&quot;none&quot;}\" data-widget_type=\"text-editor.default\">\n\t\t\t\t\t\t\t\t\t<p class=\"p1\">Pratiquez le stand up paddle sur l\u2019un des lacs les plus propres d\u2019Europe, entour\u00e9 de panoramas exceptionnels sur les Alpes. Vous pouvez m\u00eame participer \u00e0 la Glagla Race en hiver. <\/p>\t\t\t\t\t\t\t\t<\/div>\n\t\t\t\t\t<\/div>\n\t\t\t\t<\/div>\n\t\t\t\t\t\t\t\t<\/div>\n\t\t\t\t\t\t\t\t\t\t\t<div class=\"swiper-slide\" data-slide=\"4\" role=\"group\" aria-roledescription=\"slide\" aria-label=\"4 sur 6\">\n\t\t\t\t\t\t\t<div class=\"elementor-element elementor-element-439f7a30 e-flex e-con-boxed e-con e-child\" data-id=\"439f7a30\" data-element_type=\"container\" data-e-type=\"container\" data-settings=\"{&quot;ekit_has_onepagescroll_dot&quot;:&quot;yes&quot;}\">\n\t\t\t\t\t<div class=\"e-con-inner\">\n\t\t\t\t<div class=\"elementor-element elementor-element-67a034ee elementor-widget elementor-widget-image\" data-id=\"67a034ee\" data-element_type=\"widget\" data-e-type=\"widget\" data-settings=\"{&quot;ekit_we_effect_on&quot;:&quot;none&quot;}\" data-widget_type=\"image.default\">\n\t\t\t\t\t\t\t\t\t\t\t\t\t\t\t<img decoding=\"async\" src=\"https:\/\/klf.fr\/wp-content\/uploads\/elementor\/thumbs\/143553a18d498c12d0387936db80ce57-r2s699sotmq7wame3zwdxwqvuzeyk0wrrzlivt6kow.avif\" title=\"Hiking in Montpellier\" alt=\"Hiking in Montpellier\" loading=\"lazy\" \/>\t\t\t\t\t\t\t\t\t\t\t\t\t\t\t<\/div>\n\t\t\t\t<div class=\"elementor-element elementor-element-70bff497 elementor-widget elementor-widget-heading\" data-id=\"70bff497\" data-element_type=\"widget\" data-e-type=\"widget\" data-settings=\"{&quot;ekit_we_effect_on&quot;:&quot;none&quot;}\" data-widget_type=\"heading.default\">\n\t\t\t\t\t<h2 class=\"elementor-heading-title elementor-size-default\">Via Ferrata Adventures<\/h2>\t\t\t\t<\/div>\n\t\t\t\t<div class=\"elementor-element elementor-element-678f142e elementor-widget elementor-widget-text-editor\" data-id=\"678f142e\" data-element_type=\"widget\" data-e-type=\"widget\" data-settings=\"{&quot;ekit_we_effect_on&quot;:&quot;none&quot;}\" data-widget_type=\"text-editor.default\">\n\t\t\t\t\t\t\t\t\t<p class=\"p1\">Grimpez des itin\u00e9raires s\u00e9curis\u00e9s en montagne autour du lac d\u2019Annecy. Une activit\u00e9 \u00e0 la fois s\u00fbre et palpitante, accessible \u00e0 tous les niveaux, avec des vues inoubliables et une bonne dose d\u2019adr\u00e9naline. <\/p>\t\t\t\t\t\t\t\t<\/div>\n\t\t\t\t\t<\/div>\n\t\t\t\t<\/div>\n\t\t\t\t\t\t\t\t<\/div>\n\t\t\t\t\t\t\t\t\t\t\t<div class=\"swiper-slide\" data-slide=\"5\" role=\"group\" aria-roledescription=\"slide\" aria-label=\"5 sur 6\">\n\t\t\t\t\t\t\t<div class=\"elementor-element elementor-element-42937add e-flex e-con-boxed e-con e-child\" data-id=\"42937add\" data-element_type=\"container\" data-e-type=\"container\" data-settings=\"{&quot;ekit_has_onepagescroll_dot&quot;:&quot;yes&quot;}\">\n\t\t\t\t\t<div class=\"e-con-inner\">\n\t\t\t\t<div class=\"elementor-element elementor-element-2c779118 elementor-widget elementor-widget-image\" data-id=\"2c779118\" data-element_type=\"widget\" data-e-type=\"widget\" data-settings=\"{&quot;ekit_we_effect_on&quot;:&quot;none&quot;}\" data-widget_type=\"image.default\">\n\t\t\t\t\t\t\t\t\t\t\t\t\t\t\t<img decoding=\"async\" src=\"https:\/\/klf.fr\/wp-content\/uploads\/elementor\/thumbs\/1d841a24d208165fc00fb3da7029e6cf-12871652-1745x1163-1-r5p97tqe2juqbg1yadu3ipgh1585g2370ugwpk0sao.jpg\" title=\"1d841a24d208165fc00fb3da7029e6cf-12871652-1745&#215;1163\" alt=\"hiking in annecy\" loading=\"lazy\" \/>\t\t\t\t\t\t\t\t\t\t\t\t\t\t\t<\/div>\n\t\t\t\t<div class=\"elementor-element elementor-element-4e06406c elementor-widget elementor-widget-heading\" data-id=\"4e06406c\" data-element_type=\"widget\" data-e-type=\"widget\" data-settings=\"{&quot;ekit_we_effect_on&quot;:&quot;none&quot;}\" data-widget_type=\"heading.default\">\n\t\t\t\t\t<h2 class=\"elementor-heading-title elementor-size-default\">Randonn\u00e9es<\/h2>\t\t\t\t<\/div>\n\t\t\t\t<div class=\"elementor-element elementor-element-75986826 elementor-widget elementor-widget-text-editor\" data-id=\"75986826\" data-element_type=\"widget\" data-e-type=\"widget\" data-settings=\"{&quot;ekit_we_effect_on&quot;:&quot;none&quot;}\" data-widget_type=\"text-editor.default\">\n\t\t\t\t\t\t\t\t\t<p class=\"p1\">Annecy est un paradis pour les randonneurs. Choisissez entre des balades tranquilles au bord du lac ou des ascensions alpines plus sportives. Et apr\u00e8s l\u2019effort, rien de mieux qu\u2019une baignade dans le lac pour se rafra\u00eechir.  <\/p>\t\t\t\t\t\t\t\t<\/div>\n\t\t\t\t\t<\/div>\n\t\t\t\t<\/div>\n\t\t\t\t\t\t\t\t<\/div>\n\t\t\t\t\t\t\t\t\t\t\t<div class=\"swiper-slide\" data-slide=\"6\" role=\"group\" aria-roledescription=\"slide\" aria-label=\"6 sur 6\">\n\t\t\t\t\t\t\t<div class=\"elementor-element elementor-element-292e95e e-flex e-con-boxed e-con e-child\" data-id=\"292e95e\" data-element_type=\"container\" data-e-type=\"container\" data-settings=\"{&quot;ekit_has_onepagescroll_dot&quot;:&quot;yes&quot;}\">\n\t\t\t\t\t<div class=\"e-con-inner\">\n\t\t\t\t<div class=\"elementor-element elementor-element-d6ad393 elementor-widget elementor-widget-image\" data-id=\"d6ad393\" data-element_type=\"widget\" data-e-type=\"widget\" data-settings=\"{&quot;ekit_we_effect_on&quot;:&quot;none&quot;}\" data-widget_type=\"image.default\">\n\t\t\t\t\t\t\t\t\t\t\t\t\t\t\t<img decoding=\"async\" src=\"https:\/\/klf.fr\/wp-content\/uploads\/elementor\/thumbs\/Landed_Travel_Andes_Skiing_3-1-e1710037758814-qkzi3jtxt1bceftgpjvk56bmi4cgbbvdsfk4efokzk.webp\" title=\"Landed_Travel_Andes_Skiing_3-1\" alt=\"Landed_Travel_Andes_Skiing_3-1\" loading=\"lazy\" \/>\t\t\t\t\t\t\t\t\t\t\t\t\t\t\t<\/div>\n\t\t\t\t<div class=\"elementor-element elementor-element-2ffe67a elementor-widget elementor-widget-heading\" data-id=\"2ffe67a\" data-element_type=\"widget\" data-e-type=\"widget\" data-settings=\"{&quot;ekit_we_effect_on&quot;:&quot;none&quot;}\" data-widget_type=\"heading.default\">\n\t\t\t\t\t<h2 class=\"elementor-heading-title elementor-size-default\">Sortie ski<\/h2>\t\t\t\t<\/div>\n\t\t\t\t<div class=\"elementor-element elementor-element-efe6182 elementor-widget elementor-widget-text-editor\" data-id=\"efe6182\" data-element_type=\"widget\" data-e-type=\"widget\" data-settings=\"{&quot;ekit_we_effect_on&quot;:&quot;none&quot;}\" data-widget_type=\"text-editor.default\">\n\t\t\t\t\t\t\t\t\t<p class=\"p1\">L\u2019\u00e9quipe IFALPES peut vous guider vers des stations comme La Clusaz ou Le Grand Bornand, accessibles en peu de temps.<\/p>\t\t\t\t\t\t\t\t<\/div>\n\t\t\t\t\t<\/div>\n\t\t\t\t<\/div>\n\t\t\t\t\t\t\t\t<\/div>\n\t\t\t\t\t\t\t\t<\/div>\n\t\t<\/div>\n\t\t\t\t\t<div class=\"elementor-swiper-button elementor-swiper-button-prev\" role=\"button\" tabindex=\"0\" aria-label=\"Pr\u00e9c\u00e9dent\">\n\t\t\t\t<i aria-hidden=\"true\" class=\"eicon-chevron-left\"><\/i>\t\t\t<\/div>\n\t\t\t<div class=\"elementor-swiper-button elementor-swiper-button-next\" role=\"button\" tabindex=\"0\" aria-label=\"Suivant\">\n\t\t\t\t<i aria-hidden=\"true\" class=\"eicon-chevron-right\"><\/i>\t\t\t<\/div>\n\t\t\t\t\t<div class=\"swiper-pagination\"><\/div>\n\t\t\t\t\t\t<\/div>\n\t\t\t\t<\/div>\n\t\t<div id=\"e-n-tab-content-6340016402\" role=\"tabpanel\" aria-labelledby=\"e-n-tab-title-6340016402\" data-tab-index=\"2\" style=\"--n-tabs-title-order: 2;\" class=\" elementor-element elementor-element-13c35c3d e-con-full e-flex e-con e-child\" data-id=\"13c35c3d\" data-element_type=\"container\" data-e-type=\"container\" data-settings=\"{&quot;ekit_has_onepagescroll_dot&quot;:&quot;yes&quot;}\">\n\t\t\t\t<div class=\"elementor-element elementor-element-30a6b403 elementor-arrows-position-outside elementor-pagination-type-bullets elementor-pagination-position-outside elementor-widget elementor-widget-n-carousel\" data-id=\"30a6b403\" data-element_type=\"widget\" data-e-type=\"widget\" data-settings=\"{&quot;carousel_items&quot;:[{&quot;slide_title&quot;:&quot;Slide #1&quot;,&quot;_id&quot;:&quot;2a0b2c2&quot;},{&quot;slide_title&quot;:&quot;Slide #1&quot;,&quot;_id&quot;:&quot;6864696&quot;},{&quot;slide_title&quot;:&quot;Slide #1&quot;,&quot;_id&quot;:&quot;d99b0cb&quot;},{&quot;slide_title&quot;:&quot;Slide #1&quot;,&quot;_id&quot;:&quot;167fcad&quot;}],&quot;slides_to_show&quot;:&quot;3&quot;,&quot;image_spacing_custom&quot;:{&quot;unit&quot;:&quot;px&quot;,&quot;size&quot;:57,&quot;sizes&quot;:[]},&quot;slides_to_show_tablet&quot;:&quot;2&quot;,&quot;slides_to_show_mobile&quot;:&quot;1&quot;,&quot;autoplay&quot;:&quot;yes&quot;,&quot;autoplay_speed&quot;:5000,&quot;pause_on_hover&quot;:&quot;yes&quot;,&quot;pause_on_interaction&quot;:&quot;yes&quot;,&quot;infinite&quot;:&quot;yes&quot;,&quot;speed&quot;:500,&quot;offset_sides&quot;:&quot;none&quot;,&quot;arrows&quot;:&quot;yes&quot;,&quot;pagination&quot;:&quot;bullets&quot;,&quot;image_spacing_custom_widescreen&quot;:{&quot;unit&quot;:&quot;px&quot;,&quot;size&quot;:&quot;&quot;,&quot;sizes&quot;:[]},&quot;image_spacing_custom_laptop&quot;:{&quot;unit&quot;:&quot;px&quot;,&quot;size&quot;:&quot;&quot;,&quot;sizes&quot;:[]},&quot;image_spacing_custom_tablet&quot;:{&quot;unit&quot;:&quot;px&quot;,&quot;size&quot;:&quot;&quot;,&quot;sizes&quot;:[]},&quot;image_spacing_custom_mobile&quot;:{&quot;unit&quot;:&quot;px&quot;,&quot;size&quot;:&quot;&quot;,&quot;sizes&quot;:[]},&quot;ekit_we_effect_on&quot;:&quot;none&quot;}\" data-widget_type=\"nested-carousel.default\">\n\t\t\t\t\t\t\t<div class=\"e-n-carousel swiper\" role=\"region\" aria-roledescription=\"carousel\" aria-label=\"Carousel\" dir=\"ltr\">\n\t\t\t<div class=\"swiper-wrapper\" aria-live=\"off\">\n\t\t\t\t\t\t\t\t\t\t<div class=\"swiper-slide\" data-slide=\"1\" role=\"group\" aria-roledescription=\"slide\" aria-label=\"1 sur 4\">\n\t\t\t\t\t\t\t<div class=\"elementor-element elementor-element-74ffe7aa e-flex e-con-boxed e-con e-child\" data-id=\"74ffe7aa\" data-element_type=\"container\" data-e-type=\"container\" data-settings=\"{&quot;background_background&quot;:&quot;classic&quot;,&quot;ekit_has_onepagescroll_dot&quot;:&quot;yes&quot;}\">\n\t\t\t\t\t<div class=\"e-con-inner\">\n\t\t\t\t<div class=\"elementor-element elementor-element-190f2a6e elementor-widget elementor-widget-image\" data-id=\"190f2a6e\" data-element_type=\"widget\" data-e-type=\"widget\" data-settings=\"{&quot;ekit_we_effect_on&quot;:&quot;none&quot;}\" data-widget_type=\"image.default\">\n\t\t\t\t\t\t\t\t\t\t\t\t\t\t\t<img decoding=\"async\" src=\"https:\/\/klf.fr\/wp-content\/uploads\/elementor\/thumbs\/Fete-du-lac-Annecy-2022-Haute-Savoie-Maitre-artificier-Arts-et-Feux-et-Pyroemotions-Copyright-Vincent-Laganier-Light-ZOOM-Lumiere-r5p97843pd14wexcsmhofcwvda6pj0pd9vgqo6wu9s.jpg\" title=\"Fete-du-lac-Annecy-2022-Haute-Savoie-Maitre-artificier-Arts-et-Feux-et-Pyroemotions-Copyright-Vincent-Laganier-Light-ZOOM-Lumiere\" alt=\"La F\u00eate du Lac\" loading=\"lazy\" \/>\t\t\t\t\t\t\t\t\t\t\t\t\t\t\t<\/div>\n\t\t\t\t<div class=\"elementor-element elementor-element-7fe63cb1 elementor-widget elementor-widget-heading\" data-id=\"7fe63cb1\" data-element_type=\"widget\" data-e-type=\"widget\" data-settings=\"{&quot;ekit_we_effect_on&quot;:&quot;none&quot;}\" data-widget_type=\"heading.default\">\n\t\t\t\t\t<h2 class=\"elementor-heading-title elementor-size-default\">La F\u00eate du Lac<\/h2>\t\t\t\t<\/div>\n\t\t\t\t<div class=\"elementor-element elementor-element-7ff594ee elementor-widget elementor-widget-text-editor\" data-id=\"7ff594ee\" data-element_type=\"widget\" data-e-type=\"widget\" data-settings=\"{&quot;ekit_we_effect_on&quot;:&quot;none&quot;}\" data-widget_type=\"text-editor.default\">\n\t\t\t\t\t\t\t\t\t<p class=\"p1\">Cet \u00e9v\u00e9nement unique fait vivre des installations artistiques dans les lieux les plus embl\u00e9matiques d\u2019Annecy. Une fa\u00e7on originale de d\u00e9couvrir la ville \u00e0 travers le regard des artistes locaux. <\/p>\t\t\t\t\t\t\t\t<\/div>\n\t\t\t\t\t<\/div>\n\t\t\t\t<\/div>\n\t\t\t\t\t\t\t\t<\/div>\n\t\t\t\t\t\t\t\t\t\t\t<div class=\"swiper-slide\" data-slide=\"2\" role=\"group\" aria-roledescription=\"slide\" aria-label=\"2 sur 4\">\n\t\t\t\t\t\t\t<div class=\"elementor-element elementor-element-8e5a69c e-flex e-con-boxed e-con e-child\" data-id=\"8e5a69c\" data-element_type=\"container\" data-e-type=\"container\" data-settings=\"{&quot;ekit_has_onepagescroll_dot&quot;:&quot;yes&quot;}\">\n\t\t\t\t\t<div class=\"e-con-inner\">\n\t\t\t\t<div class=\"elementor-element elementor-element-7b36c55c elementor-widget elementor-widget-image\" data-id=\"7b36c55c\" data-element_type=\"widget\" data-e-type=\"widget\" data-settings=\"{&quot;ekit_we_effect_on&quot;:&quot;none&quot;}\" data-widget_type=\"image.default\">\n\t\t\t\t\t\t\t\t\t\t\t\t\t\t\t<img decoding=\"async\" src=\"https:\/\/klf.fr\/wp-content\/uploads\/elementor\/thumbs\/Ecrangeant-r5p96yppt0o9obb0bifeqfa9ffh1e1o1wkxvvfas00.jpg\" title=\"Ecrangeant\" alt=\"Festival International du Film d\u2019Animation\" loading=\"lazy\" \/>\t\t\t\t\t\t\t\t\t\t\t\t\t\t\t<\/div>\n\t\t\t\t<div class=\"elementor-element elementor-element-7730b98f elementor-widget elementor-widget-heading\" data-id=\"7730b98f\" data-element_type=\"widget\" data-e-type=\"widget\" data-settings=\"{&quot;ekit_we_effect_on&quot;:&quot;none&quot;}\" data-widget_type=\"heading.default\">\n\t\t\t\t\t<h2 class=\"elementor-heading-title elementor-size-default\">LE FESTIVAL INTERNATIONAL DU FILM D\u2019ANIMATION\n<\/h2>\t\t\t\t<\/div>\n\t\t\t\t<div class=\"elementor-element elementor-element-2cc00eda elementor-widget elementor-widget-text-editor\" data-id=\"2cc00eda\" data-element_type=\"widget\" data-e-type=\"widget\" data-settings=\"{&quot;ekit_we_effect_on&quot;:&quot;none&quot;}\" data-widget_type=\"text-editor.default\">\n\t\t\t\t\t\t\t\t\t<p class=\"p1\">Chaque mois de juin, Annecy devient la capitale mondiale du cin\u00e9ma d\u2019animation. D\u00e9couvrez des films en stop motion, des cr\u00e9ations 3D et des courts-m\u00e9trages cr\u00e9atifs venus du monde entier. <\/p>\t\t\t\t\t\t\t\t<\/div>\n\t\t\t\t\t<\/div>\n\t\t\t\t<\/div>\n\t\t\t\t\t\t\t\t<\/div>\n\t\t\t\t\t\t\t\t\t\t\t<div class=\"swiper-slide\" data-slide=\"3\" role=\"group\" aria-roledescription=\"slide\" aria-label=\"3 sur 4\">\n\t\t\t\t\t\t\t<div class=\"elementor-element elementor-element-538bd324 e-flex e-con-boxed e-con e-child\" data-id=\"538bd324\" data-element_type=\"container\" data-e-type=\"container\" data-settings=\"{&quot;ekit_has_onepagescroll_dot&quot;:&quot;yes&quot;}\">\n\t\t\t\t\t<div class=\"e-con-inner\">\n\t\t\t\t<div class=\"elementor-element elementor-element-27acaf85 elementor-widget elementor-widget-image\" data-id=\"27acaf85\" data-element_type=\"widget\" data-e-type=\"widget\" data-settings=\"{&quot;ekit_we_effect_on&quot;:&quot;none&quot;}\" data-widget_type=\"image.default\">\n\t\t\t\t\t\t\t\t\t\t\t\t\t\t\t<img decoding=\"async\" src=\"https:\/\/klf.fr\/wp-content\/uploads\/elementor\/thumbs\/vlcsnap-2018-07-03-15h47m20s851-r5aou9pq0pwhnsr9ygg3ie4wn2apizhzlma2xpyn9c.png\" title=\"vlcsnap-2018-07-03-15h47m20s851\" alt=\"vlcsnap-2018-07-03-15h47m20s851\" loading=\"lazy\" \/>\t\t\t\t\t\t\t\t\t\t\t\t\t\t\t<\/div>\n\t\t\t\t<div class=\"elementor-element elementor-element-d036b4e elementor-widget elementor-widget-heading\" data-id=\"d036b4e\" data-element_type=\"widget\" data-e-type=\"widget\" data-settings=\"{&quot;ekit_we_effect_on&quot;:&quot;none&quot;}\" data-widget_type=\"heading.default\">\n\t\t\t\t\t<h2 class=\"elementor-heading-title elementor-size-default\"> Le Festival des Paysages<\/h2>\t\t\t\t<\/div>\n\t\t\t\t<div class=\"elementor-element elementor-element-6e6401dd elementor-widget elementor-widget-text-editor\" data-id=\"6e6401dd\" data-element_type=\"widget\" data-e-type=\"widget\" data-settings=\"{&quot;ekit_we_effect_on&quot;:&quot;none&quot;}\" data-widget_type=\"text-editor.default\">\n\t\t\t\t\t\t\t\t\t<p class=\"p1\">Cet \u00e9v\u00e9nement unique fait vivre des installations artistiques dans les lieux les plus embl\u00e9matiques d\u2019Annecy. Une mani\u00e8re originale de d\u00e9couvrir la ville \u00e0 travers le regard des artistes locaux. <\/p>\t\t\t\t\t\t\t\t<\/div>\n\t\t\t\t\t<\/div>\n\t\t\t\t<\/div>\n\t\t\t\t\t\t\t\t<\/div>\n\t\t\t\t\t\t\t\t\t\t\t<div class=\"swiper-slide\" data-slide=\"4\" role=\"group\" aria-roledescription=\"slide\" aria-label=\"4 sur 4\">\n\t\t\t\t\t\t\t<div class=\"elementor-element elementor-element-f4caa3c e-flex e-con-boxed e-con e-child\" data-id=\"f4caa3c\" data-element_type=\"container\" data-e-type=\"container\" data-settings=\"{&quot;ekit_has_onepagescroll_dot&quot;:&quot;yes&quot;}\">\n\t\t\t\t\t<div class=\"e-con-inner\">\n\t\t\t\t<div class=\"elementor-element elementor-element-41854ac3 elementor-widget elementor-widget-image\" data-id=\"41854ac3\" data-element_type=\"widget\" data-e-type=\"widget\" data-settings=\"{&quot;ekit_we_effect_on&quot;:&quot;none&quot;}\" data-widget_type=\"image.default\">\n\t\t\t\t\t\t\t\t\t\t\t\t\t\t\t<img decoding=\"async\" src=\"https:\/\/klf.fr\/wp-content\/uploads\/elementor\/thumbs\/B9726454549Z.1_20210317154227_000GPUHPCF6Q.1-0-r5p96q963icortnaowrrlzf42ymqgrqgvf2ijxnbk0.jpg\" title=\"B9726454549Z.1_20210317154227_000+GPUHPCF6Q.1-0\" alt=\"B9726454549Z.1_20210317154227_000+GPUHPCF6Q.1-0\" loading=\"lazy\" \/>\t\t\t\t\t\t\t\t\t\t\t\t\t\t\t<\/div>\n\t\t\t\t<div class=\"elementor-element elementor-element-4798910a elementor-widget elementor-widget-heading\" data-id=\"4798910a\" data-element_type=\"widget\" data-e-type=\"widget\" data-settings=\"{&quot;ekit_we_effect_on&quot;:&quot;none&quot;}\" data-widget_type=\"heading.default\">\n\t\t\t\t\t<h2 class=\"elementor-heading-title elementor-size-default\">SAISON AU HARAS\n<\/h2>\t\t\t\t<\/div>\n\t\t\t\t<div class=\"elementor-element elementor-element-6825943c elementor-widget elementor-widget-text-editor\" data-id=\"6825943c\" data-element_type=\"widget\" data-e-type=\"widget\" data-settings=\"{&quot;ekit_we_effect_on&quot;:&quot;none&quot;}\" data-widget_type=\"text-editor.default\">\n\t\t\t\t\t\t\t\t\t<p class=\"p1\">En mai, profitez de concerts, de cin\u00e9ma en plein air et de th\u00e9\u00e2tre dans un parc du XIX\u1d49 si\u00e8cle au c\u0153ur d\u2019Annecy. Un lieu paisible et culturel, plein de belles surprises. <\/p>\t\t\t\t\t\t\t\t<\/div>\n\t\t\t\t\t<\/div>\n\t\t\t\t<\/div>\n\t\t\t\t\t\t\t\t<\/div>\n\t\t\t\t\t\t\t\t<\/div>\n\t\t<\/div>\n\t\t\t\t\t<div class=\"elementor-swiper-button elementor-swiper-button-prev\" role=\"button\" tabindex=\"0\" aria-label=\"Pr\u00e9c\u00e9dent\">\n\t\t\t\t<i aria-hidden=\"true\" class=\"eicon-chevron-left\"><\/i>\t\t\t<\/div>\n\t\t\t<div class=\"elementor-swiper-button elementor-swiper-button-next\" role=\"button\" tabindex=\"0\" aria-label=\"Suivant\">\n\t\t\t\t<i aria-hidden=\"true\" class=\"eicon-chevron-right\"><\/i>\t\t\t<\/div>\n\t\t\t\t\t<div class=\"swiper-pagination\"><\/div>\n\t\t\t\t\t\t<\/div>\n\t\t\t\t<\/div>\n\t\t\t\t\t<\/div>\n\t\t<\/div>\n\t\t\t\t\t\t<\/div>\n\t\t\t\t<\/div>\n\t\t<div class=\"elementor-element elementor-element-75287dc0 e-flex e-con-boxed e-con e-parent\" data-id=\"75287dc0\" data-element_type=\"container\" data-e-type=\"container\" data-settings=\"{&quot;ekit_has_onepagescroll_dot&quot;:&quot;yes&quot;}\">\n\t\t\t\t\t<div class=\"e-con-inner\">\n\t\t\t\t<div class=\"elementor-element elementor-element-533eb342 elementor-widget elementor-widget-heading\" data-id=\"533eb342\" data-element_type=\"widget\" data-e-type=\"widget\" data-settings=\"{&quot;ekit_we_effect_on&quot;:&quot;none&quot;}\" data-widget_type=\"heading.default\">\n\t\t\t\t\t<h2 class=\"elementor-heading-title elementor-size-default\">Pourquoi Annecy se d\u00e9marque ?\n<\/h2>\t\t\t\t<\/div>\n\t\t\t\t\t<\/div>\n\t\t\t\t<\/div>\n\t\t<div class=\"elementor-element elementor-element-5b33087c e-con-full e-flex e-con e-parent\" data-id=\"5b33087c\" data-element_type=\"container\" data-e-type=\"container\" data-settings=\"{&quot;ekit_has_onepagescroll_dot&quot;:&quot;yes&quot;}\">\n\t\t<div class=\"elementor-element elementor-element-6dad622b e-con-full e-flex e-con e-child\" data-id=\"6dad622b\" data-element_type=\"container\" data-e-type=\"container\" data-settings=\"{&quot;background_background&quot;:&quot;classic&quot;,&quot;ekit_has_onepagescroll_dot&quot;:&quot;yes&quot;}\">\n\t\t\t\t<div class=\"elementor-element elementor-element-179c1bf8 elementor-widget elementor-widget-heading\" data-id=\"179c1bf8\" data-element_type=\"widget\" data-e-type=\"widget\" data-settings=\"{&quot;ekit_we_effect_on&quot;:&quot;none&quot;}\" data-widget_type=\"heading.default\">\n\t\t\t\t\t<h2 class=\"elementor-heading-title elementor-size-default\">Proche de la nature<\/h2>\t\t\t\t<\/div>\n\t\t\t\t<div class=\"elementor-element elementor-element-7d50f393 elementor-widget elementor-widget-text-editor\" data-id=\"7d50f393\" data-element_type=\"widget\" data-e-type=\"widget\" data-settings=\"{&quot;ekit_we_effect_on&quot;:&quot;none&quot;}\" data-widget_type=\"text-editor.default\">\n\t\t\t\t\t\t\t\t\t<p class=\"p1\">Entre randonn\u00e9es dans les Alpes et stand up paddle sur le lac d\u2019Annecy, la nature est partout. L\u2019air pur, les montagnes et l\u2019eau rendent le quotidien plus calme et ressour\u00e7ant. <\/p>\t\t\t\t\t\t\t\t<\/div>\n\t\t\t\t<\/div>\n\t\t<div class=\"elementor-element elementor-element-67380a55 e-con-full e-flex e-con e-child\" data-id=\"67380a55\" data-element_type=\"container\" data-e-type=\"container\" data-settings=\"{&quot;background_background&quot;:&quot;classic&quot;,&quot;ekit_has_onepagescroll_dot&quot;:&quot;yes&quot;}\">\n\t\t\t\t<div class=\"elementor-element elementor-element-59c614c0 elementor-widget elementor-widget-heading\" data-id=\"59c614c0\" data-element_type=\"widget\" data-e-type=\"widget\" data-settings=\"{&quot;ekit_we_effect_on&quot;:&quot;none&quot;}\" data-widget_type=\"heading.default\">\n\t\t\t\t\t<h2 class=\"elementor-heading-title elementor-size-default\">Une destination id\u00e9ale pour \u00e9tudier<\/h2>\t\t\t\t<\/div>\n\t\t\t\t<div class=\"elementor-element elementor-element-23e7cc60 elementor-widget elementor-widget-text-editor\" data-id=\"23e7cc60\" data-element_type=\"widget\" data-e-type=\"widget\" data-settings=\"{&quot;ekit_we_effect_on&quot;:&quot;none&quot;}\" data-widget_type=\"text-editor.default\">\n\t\t\t\t\t\t\t\t\t<p class=\"p1\">Annecy est une ville paisible, s\u00fbre et inspirante, parfaite pour vous concentrer sur votre fran\u00e7ais tout en profitant d\u2019un rythme de vie plus doux et de qualit\u00e9.<\/p>\t\t\t\t\t\t\t\t<\/div>\n\t\t\t\t<\/div>\n\t\t<div class=\"elementor-element elementor-element-3d25f84c e-con-full e-flex e-con e-child\" data-id=\"3d25f84c\" data-element_type=\"container\" data-e-type=\"container\" data-settings=\"{&quot;background_background&quot;:&quot;classic&quot;,&quot;ekit_has_onepagescroll_dot&quot;:&quot;yes&quot;}\">\n\t\t\t\t<div class=\"elementor-element elementor-element-c9e8498 elementor-widget elementor-widget-heading\" data-id=\"c9e8498\" data-element_type=\"widget\" data-e-type=\"widget\" data-settings=\"{&quot;ekit_we_effect_on&quot;:&quot;none&quot;}\" data-widget_type=\"heading.default\">\n\t\t\t\t\t<h2 class=\"elementor-heading-title elementor-size-default\">Une vraie culture fran\u00e7aise au quotidien<\/h2>\t\t\t\t<\/div>\n\t\t\t\t<div class=\"elementor-element elementor-element-3bfcec5e elementor-widget elementor-widget-text-editor\" data-id=\"3bfcec5e\" data-element_type=\"widget\" data-e-type=\"widget\" data-settings=\"{&quot;ekit_we_effect_on&quot;:&quot;none&quot;}\" data-widget_type=\"text-editor.default\">\n\t\t\t\t\t\t\t\t\t<p class=\"p1\">March\u00e9s, festivals de musique, sp\u00e9cialit\u00e9s locales et vie de tous les jours : tout vous aide \u00e0 vivre la langue et \u00e0 la pratiquer naturellement.<\/p>\t\t\t\t\t\t\t\t<\/div>\n\t\t\t\t<\/div>\n\t\t\t\t<\/div>\n\t\t<div class=\"elementor-element elementor-element-c882f1d e-con-full e-flex e-con e-parent\" data-id=\"c882f1d\" data-element_type=\"container\" data-e-type=\"container\" data-settings=\"{&quot;ekit_has_onepagescroll_dot&quot;:&quot;yes&quot;}\">\n\t\t<div class=\"elementor-element elementor-element-33c6b47f e-con-full e-flex e-con e-child\" data-id=\"33c6b47f\" data-element_type=\"container\" data-e-type=\"container\" data-settings=\"{&quot;ekit_has_onepagescroll_dot&quot;:&quot;yes&quot;}\">\n\t\t\t\t<div class=\"elementor-element elementor-element-7480f389 elementor-widget elementor-widget-video\" data-id=\"7480f389\" data-element_type=\"widget\" data-e-type=\"widget\" data-settings=\"{&quot;youtube_url&quot;:&quot;https:\\\/\\\/www.youtube.com\\\/watch?v=b0j68VUsrLo&quot;,&quot;loop&quot;:&quot;yes&quot;,&quot;cc_load_policy&quot;:&quot;yes&quot;,&quot;yt_privacy&quot;:&quot;yes&quot;,&quot;lazy_load&quot;:&quot;yes&quot;,&quot;video_type&quot;:&quot;youtube&quot;,&quot;controls&quot;:&quot;yes&quot;,&quot;ekit_we_effect_on&quot;:&quot;none&quot;}\" data-widget_type=\"video.default\">\n\t\t\t\t\t\t\t<div class=\"elementor-wrapper elementor-open-inline\">\n\t\t\t<div class=\"elementor-video\"><\/div>\t\t<\/div>\n\t\t\t\t\t\t<\/div>\n\t\t\t\t<\/div>\n\t\t\t\t<\/div>\n\t\t<div class=\"elementor-element elementor-element-41ad0539 e-con-full e-flex e-con e-parent\" data-id=\"41ad0539\" data-element_type=\"container\" data-e-type=\"container\" data-settings=\"{&quot;ekit_has_onepagescroll_dot&quot;:&quot;yes&quot;}\">\n\t\t<div class=\"elementor-element elementor-element-43c8fa07 e-con-full e-flex e-con e-child\" data-id=\"43c8fa07\" data-element_type=\"container\" data-e-type=\"container\" data-settings=\"{&quot;ekit_has_onepagescroll_dot&quot;:&quot;yes&quot;}\">\n\t\t<div class=\"elementor-element elementor-element-2941b858 e-con-full e-flex e-con e-child\" data-id=\"2941b858\" data-element_type=\"container\" data-e-type=\"container\" data-settings=\"{&quot;ekit_has_onepagescroll_dot&quot;:&quot;yes&quot;}\">\n\t\t\t\t<div class=\"elementor-element elementor-element-42513396 elementor-widget elementor-widget-heading\" data-id=\"42513396\" data-element_type=\"widget\" data-e-type=\"widget\" data-settings=\"{&quot;ekit_we_effect_on&quot;:&quot;none&quot;}\" data-widget_type=\"heading.default\">\n\t\t\t\t\t<span class=\"elementor-heading-title elementor-size-default\">Les r\u00e9ponses \u00e0 vos questions<\/span>\t\t\t\t<\/div>\n\t\t\t\t<div class=\"elementor-element elementor-element-674d459b elementor-widget elementor-widget-heading\" data-id=\"674d459b\" data-element_type=\"widget\" data-e-type=\"widget\" data-settings=\"{&quot;ekit_we_effect_on&quot;:&quot;none&quot;}\" data-widget_type=\"heading.default\">\n\t\t\t\t\t<h2 class=\"elementor-heading-title elementor-size-default\">Questions fr\u00e9quemment pos\u00e9es<\/h2>\t\t\t\t<\/div>\n\t\t\t\t<div class=\"elementor-element elementor-element-385aea57 elementor-widget elementor-widget-text-editor\" data-id=\"385aea57\" data-element_type=\"widget\" data-e-type=\"widget\" data-settings=\"{&quot;ekit_we_effect_on&quot;:&quot;none&quot;}\" data-widget_type=\"text-editor.default\">\n\t\t\t\t\t\t\t\t\t<p class=\"p1\">Nos activit\u00e9s culturelles vous aident \u00e0 d\u00e9couvrir Annecy tout en utilisant le fran\u00e7ais au quotidien. Elles sont conviviales, sociales et pens\u00e9es pour soutenir votre apprentissage. <\/p>\t\t\t\t\t\t\t\t<\/div>\n\t\t\t\t<\/div>\n\t\t<div class=\"elementor-element elementor-element-49798a64 e-con-full e-flex e-con e-child\" data-id=\"49798a64\" data-element_type=\"container\" data-e-type=\"container\" data-settings=\"{&quot;ekit_has_onepagescroll_dot&quot;:&quot;yes&quot;}\">\n\t\t\t\t<div class=\"elementor-element elementor-element-5f51617f elementor-widget elementor-widget-button\" data-id=\"5f51617f\" data-element_type=\"widget\" data-e-type=\"widget\" data-settings=\"{&quot;ekit_we_effect_on&quot;:&quot;none&quot;}\" data-widget_type=\"button.default\">\n\t\t\t\t\t\t\t\t\t\t<a class=\"elementor-button elementor-button-link elementor-size-sm\" href=\"https:\/\/klf.fr\/fr\/annecy\/nous-contacter\/\">\n\t\t\t\t\t\t<span class=\"elementor-button-content-wrapper\">\n\t\t\t\t\t\t<span class=\"elementor-button-icon\">\n\t\t\t\t<i aria-hidden=\"true\" class=\"icon icon-contact\"><\/i>\t\t\t<\/span>\n\t\t\t\t\t\t\t\t\t<span class=\"elementor-button-text\">Contactez nous<\/span>\n\t\t\t\t\t<\/span>\n\t\t\t\t\t<\/a>\n\t\t\t\t\t\t\t\t<\/div>\n\t\t\t\t<div class=\"elementor-element elementor-element-2fa1d03f elementor-widget elementor-widget-button\" data-id=\"2fa1d03f\" data-element_type=\"widget\" data-e-type=\"widget\" data-settings=\"{&quot;ekit_we_effect_on&quot;:&quot;none&quot;}\" data-widget_type=\"button.default\">\n\t\t\t\t\t\t\t\t\t\t<a class=\"elementor-button elementor-button-link elementor-size-sm\" href=\"https:\/\/tawk.to\/chat\/66b0347d1601a2195ba0c1a2\/1i4hc078n\">\n\t\t\t\t\t\t<span class=\"elementor-button-content-wrapper\">\n\t\t\t\t\t\t<span class=\"elementor-button-icon\">\n\t\t\t\t<i aria-hidden=\"true\" class=\"icon icon-chat\"><\/i>\t\t\t<\/span>\n\t\t\t\t\t\t\t\t\t<span class=\"elementor-button-text\">Chat en direct<\/span>\n\t\t\t\t\t<\/span>\n\t\t\t\t\t<\/a>\n\t\t\t\t\t\t\t\t<\/div>\n\t\t\t\t<\/div>\n\t\t\t\t<\/div>\n\t\t<div class=\"elementor-element elementor-element-3bf1f102 e-con-full e-flex e-con e-child\" data-id=\"3bf1f102\" data-element_type=\"container\" data-e-type=\"container\" data-settings=\"{&quot;ekit_has_onepagescroll_dot&quot;:&quot;yes&quot;}\">\n\t\t\t\t<div class=\"elementor-element elementor-element-3149ce48 elementor-widget elementor-widget-elementskit-accordion\" data-id=\"3149ce48\" data-element_type=\"widget\" data-e-type=\"widget\" data-settings=\"{&quot;ekit_we_effect_on&quot;:&quot;none&quot;}\" data-widget_type=\"elementskit-accordion.default\">\n\t\t\t\t\t<div class=\"ekit-wid-con\" >\n        <div class=\"elementskit-accordion accoedion-primary\" id=\"accordion-69f5b0c84ef08\">\n\n            \n                <div class=\"elementskit-card \">\n                    <div class=\"elementskit-card-header\" id=\"primaryHeading-0-3149ce48\">\n                        <a href=\"#collapse-ca3873369f5b0c84ef08\" class=\"ekit-accordion--toggler elementskit-btn-link collapsed\" data-ekit-toggle=\"collapse\" data-target=\"#Collapse-ca3873369f5b0c84ef08\" aria-expanded=\"false\" aria-controls=\"Collapse-ca3873369f5b0c84ef08\">\n                            \n                            <span class=\"ekit-accordion-title\">Comment s\u2019inscrire \u00e0 une activit\u00e9 ?<\/span>\n\n                            \n                                <div class=\"ekit_accordion_icon_group\">\n                                    <div class=\"ekit_accordion_normal_icon\">\n                                        <!-- Normal Icon -->\n\t\t\t\t\t\t\t\t\t\t<i class=\"icon icon-down-arrow1\"><\/i>                                    <\/div>\n\n                                    <div class=\"ekit_accordion_active_icon\">\n                                        <!-- Active Icon -->\n\t\t\t\t\t\t\t\t\t\t<i class=\"icon icon-up-arrow\"><\/i>                                    <\/div>\n                                <\/div>\n\n                            \n                                                    <\/a>\n                    <\/div>\n\n                    <div id=\"Collapse-ca3873369f5b0c84ef08\" class=\" collapse\" aria-labelledby=\"primaryHeading-0-3149ce48\" data-parent=\"#accordion-69f5b0c84ef08\">\n\n                        <div class=\"elementskit-card-body ekit-accordion--content\">\n                            <p class=\"p1\">Vous recevez le programme au d\u00e9but de votre s\u00e9jour.<\/p>\n<p class=\"p1\">Ensuite, il suffit de vous inscrire \u00e0 l\u2019\u00e9cole ou en ligne, via le chat ou par e-mail. <\/p>\n                        <\/div>\n\n                    <\/div>\n\n                <\/div><!-- .elementskit-card END -->\n\n                \n                <div class=\"elementskit-card \">\n                    <div class=\"elementskit-card-header\" id=\"primaryHeading-1-3149ce48\">\n                        <a href=\"#collapse-912e5c769f5b0c84ef08\" class=\"ekit-accordion--toggler elementskit-btn-link collapsed\" data-ekit-toggle=\"collapse\" data-target=\"#Collapse-912e5c769f5b0c84ef08\" aria-expanded=\"false\" aria-controls=\"Collapse-912e5c769f5b0c84ef08\">\n                            \n                            <span class=\"ekit-accordion-title\">Quelles activit\u00e9s puis-je faire \u00e0 Annecy ?<\/span>\n\n                            \n                                <div class=\"ekit_accordion_icon_group\">\n                                    <div class=\"ekit_accordion_normal_icon\">\n                                        <!-- Normal Icon -->\n\t\t\t\t\t\t\t\t\t\t<i class=\"icon icon-down-arrow1\"><\/i>                                    <\/div>\n\n                                    <div class=\"ekit_accordion_active_icon\">\n                                        <!-- Active Icon -->\n\t\t\t\t\t\t\t\t\t\t<i class=\"icon icon-up-arrow\"><\/i>                                    <\/div>\n                                <\/div>\n\n                            \n                                                    <\/a>\n                    <\/div>\n\n                    <div id=\"Collapse-912e5c769f5b0c84ef08\" class=\" collapse\" aria-labelledby=\"primaryHeading-1-3149ce48\" data-parent=\"#accordion-69f5b0c84ef08\">\n\n                        <div class=\"elementskit-card-body ekit-accordion--content\">\n                            <p class=\"p1\">Visites de la ville, mus\u00e9es, d\u00e9gustations, excursions le week-end.<\/p>\n<p class=\"p1\">Ces activit\u00e9s vous aident \u00e0 d\u00e9couvrir la culture locale tout en pratiquant le fran\u00e7ais dans des situations r\u00e9elles.<\/p>\n                        <\/div>\n\n                    <\/div>\n\n                <\/div><!-- .elementskit-card END -->\n\n                \n                <div class=\"elementskit-card \">\n                    <div class=\"elementskit-card-header\" id=\"primaryHeading-2-3149ce48\">\n                        <a href=\"#collapse-3d0f5a669f5b0c84ef08\" class=\"ekit-accordion--toggler elementskit-btn-link collapsed\" data-ekit-toggle=\"collapse\" data-target=\"#Collapse-3d0f5a669f5b0c84ef08\" aria-expanded=\"false\" aria-controls=\"Collapse-3d0f5a669f5b0c84ef08\">\n                            \n                            <span class=\"ekit-accordion-title\">Est-ce que cela m\u2019aide \u00e0 am\u00e9liorer mon fran\u00e7ais ?<\/span>\n\n                            \n                                <div class=\"ekit_accordion_icon_group\">\n                                    <div class=\"ekit_accordion_normal_icon\">\n                                        <!-- Normal Icon -->\n\t\t\t\t\t\t\t\t\t\t<i class=\"icon icon-down-arrow1\"><\/i>                                    <\/div>\n\n                                    <div class=\"ekit_accordion_active_icon\">\n                                        <!-- Active Icon -->\n\t\t\t\t\t\t\t\t\t\t<i class=\"icon icon-up-arrow\"><\/i>                                    <\/div>\n                                <\/div>\n\n                            \n                                                    <\/a>\n                    <\/div>\n\n                    <div id=\"Collapse-3d0f5a669f5b0c84ef08\" class=\" collapse\" aria-labelledby=\"primaryHeading-2-3149ce48\" data-parent=\"#accordion-69f5b0c84ef08\">\n\n                        <div class=\"elementskit-card-body ekit-accordion--content\">\n                            <p class=\"p1\">Oui, vous pratiquez le fran\u00e7ais en faisant des activit\u00e9s.<\/p>\n<p class=\"p1\">Vous entendez et parlez la langue naturellement, en dehors de la salle de classe.<\/p>\n                        <\/div>\n\n                    <\/div>\n\n                <\/div><!-- .elementskit-card END -->\n\n                \n                <div class=\"elementskit-card \">\n                    <div class=\"elementskit-card-header\" id=\"primaryHeading-3-3149ce48\">\n                        <a href=\"#collapse-a2e56c169f5b0c84ef08\" class=\"ekit-accordion--toggler elementskit-btn-link collapsed\" data-ekit-toggle=\"collapse\" data-target=\"#Collapse-a2e56c169f5b0c84ef08\" aria-expanded=\"false\" aria-controls=\"Collapse-a2e56c169f5b0c84ef08\">\n                            \n                            <span class=\"ekit-accordion-title\">Les activit\u00e9s sont-elles incluses dans le cours ?<\/span>\n\n                            \n                                <div class=\"ekit_accordion_icon_group\">\n                                    <div class=\"ekit_accordion_normal_icon\">\n                                        <!-- Normal Icon -->\n\t\t\t\t\t\t\t\t\t\t<i class=\"icon icon-down-arrow1\"><\/i>                                    <\/div>\n\n                                    <div class=\"ekit_accordion_active_icon\">\n                                        <!-- Active Icon -->\n\t\t\t\t\t\t\t\t\t\t<i class=\"icon icon-up-arrow\"><\/i>                                    <\/div>\n                                <\/div>\n\n                            \n                                                    <\/a>\n                    <\/div>\n\n                    <div id=\"Collapse-a2e56c169f5b0c84ef08\" class=\" collapse\" aria-labelledby=\"primaryHeading-3-3149ce48\" data-parent=\"#accordion-69f5b0c84ef08\">\n\n                        <div class=\"elementskit-card-body ekit-accordion--content\">\n                            <p class=\"p1\">Certaines oui, certaines non.<\/p>\n<p class=\"p1\">Vous recevrez la liste compl\u00e8te lors de votre inscription, avec des informations claires sur ce qui est inclus.<\/p>\n                        <\/div>\n\n                    <\/div>\n\n                <\/div><!-- .elementskit-card END -->\n\n                \n                <div class=\"elementskit-card \">\n                    <div class=\"elementskit-card-header\" id=\"primaryHeading-4-3149ce48\">\n                        <a href=\"#collapse-3ce4dcc69f5b0c84ef08\" class=\"ekit-accordion--toggler elementskit-btn-link collapsed\" data-ekit-toggle=\"collapse\" data-target=\"#Collapse-3ce4dcc69f5b0c84ef08\" aria-expanded=\"false\" aria-controls=\"Collapse-3ce4dcc69f5b0c84ef08\">\n                            \n                            <span class=\"ekit-accordion-title\">Puis-je participer sans suivre de cours ?<\/span>\n\n                            \n                                <div class=\"ekit_accordion_icon_group\">\n                                    <div class=\"ekit_accordion_normal_icon\">\n                                        <!-- Normal Icon -->\n\t\t\t\t\t\t\t\t\t\t<i class=\"icon icon-down-arrow1\"><\/i>                                    <\/div>\n\n                                    <div class=\"ekit_accordion_active_icon\">\n                                        <!-- Active Icon -->\n\t\t\t\t\t\t\t\t\t\t<i class=\"icon icon-up-arrow\"><\/i>                                    <\/div>\n                                <\/div>\n\n                            \n                                                    <\/a>\n                    <\/div>\n\n                    <div id=\"Collapse-3ce4dcc69f5b0c84ef08\" class=\" collapse\" aria-labelledby=\"primaryHeading-4-3149ce48\" data-parent=\"#accordion-69f5b0c84ef08\">\n\n                        <div class=\"elementskit-card-body ekit-accordion--content\">\n                            <p class=\"p1\">En g\u00e9n\u00e9ral non, mais parfois oui.<\/p>\n<p class=\"p1\">La plupart des activit\u00e9s sont r\u00e9serv\u00e9es aux apprenants, mais nous pouvons ouvrir quelques places s\u2019il reste de la disponibilit\u00e9.<\/p>\n                        <\/div>\n\n                    <\/div>\n\n                <\/div><!-- .elementskit-card END -->\n\n                \n                <div class=\"elementskit-card \">\n                    <div class=\"elementskit-card-header\" id=\"primaryHeading-5-3149ce48\">\n                        <a href=\"#collapse-eafd98369f5b0c84ef08\" class=\"ekit-accordion--toggler elementskit-btn-link collapsed\" data-ekit-toggle=\"collapse\" data-target=\"#Collapse-eafd98369f5b0c84ef08\" aria-expanded=\"false\" aria-controls=\"Collapse-eafd98369f5b0c84ef08\">\n                            \n                            <span class=\"ekit-accordion-title\">Les d\u00e9butants peuvent-ils participer ?<\/span>\n\n                            \n                                <div class=\"ekit_accordion_icon_group\">\n                                    <div class=\"ekit_accordion_normal_icon\">\n                                        <!-- Normal Icon -->\n\t\t\t\t\t\t\t\t\t\t<i class=\"icon icon-down-arrow1\"><\/i>                                    <\/div>\n\n                                    <div class=\"ekit_accordion_active_icon\">\n                                        <!-- Active Icon -->\n\t\t\t\t\t\t\t\t\t\t<i class=\"icon icon-up-arrow\"><\/i>                                    <\/div>\n                                <\/div>\n\n                            \n                                                    <\/a>\n                    <\/div>\n\n                    <div id=\"Collapse-eafd98369f5b0c84ef08\" class=\" collapse\" aria-labelledby=\"primaryHeading-5-3149ce48\" data-parent=\"#accordion-69f5b0c84ef08\">\n\n                        <div class=\"elementskit-card-body ekit-accordion--content\">\n                            <p class=\"p1\">Oui, aucun probl\u00e8me.<\/p>\n<p class=\"p1\">Tous les niveaux sont les bienvenus. Vous pourrez comprendre et profiter des activit\u00e9s, m\u00eame si vous d\u00e9butez. <\/p>\n                        <\/div>\n\n                    <\/div>\n\n                <\/div><!-- .elementskit-card END -->\n\n                                                        <script type=\"application\/ld+json\">{\"@context\":\"https:\/\/schema.org\",\"@type\":\"FAQPage\",\"mainEntity\":[{\"@type\":\"Question\",\"name\":\"Comment s\u2019inscrire \u00e0 une activit\u00e9 ?\",\"acceptedAnswer\":{\"@type\":\"Answer\",\"text\":\"<p class=\\\"p1\\\">Vous recevez le programme au d\u00e9but de votre s\u00e9jour.<\/p>\\n<p class=\\\"p1\\\">Ensuite, il suffit de vous inscrire \u00e0 l\u2019\u00e9cole ou en ligne, via le chat ou par e-mail. <\/p>\\n\"}},{\"@type\":\"Question\",\"name\":\"Quelles activit\u00e9s puis-je faire \u00e0 Annecy ?\",\"acceptedAnswer\":{\"@type\":\"Answer\",\"text\":\"<p class=\\\"p1\\\">Visites de la ville, mus\u00e9es, d\u00e9gustations, excursions le week-end.<\/p>\\n<p class=\\\"p1\\\">Ces activit\u00e9s vous aident \u00e0 d\u00e9couvrir la culture locale tout en pratiquant le fran\u00e7ais dans des situations r\u00e9elles.<\/p>\\n\"}},{\"@type\":\"Question\",\"name\":\"Est-ce que cela m\u2019aide \u00e0 am\u00e9liorer mon fran\u00e7ais ?\",\"acceptedAnswer\":{\"@type\":\"Answer\",\"text\":\"<p class=\\\"p1\\\">Oui, vous pratiquez le fran\u00e7ais en faisant des activit\u00e9s.<\/p>\\n<p class=\\\"p1\\\">Vous entendez et parlez la langue naturellement, en dehors de la salle de classe.<\/p>\\n\"}},{\"@type\":\"Question\",\"name\":\"Les activit\u00e9s sont-elles incluses dans le cours ?\",\"acceptedAnswer\":{\"@type\":\"Answer\",\"text\":\"<p class=\\\"p1\\\">Certaines oui, certaines non.<\/p>\\n<p class=\\\"p1\\\">Vous recevrez la liste compl\u00e8te lors de votre inscription, avec des informations claires sur ce qui est inclus.<\/p>\\n\"}},{\"@type\":\"Question\",\"name\":\"Puis-je participer sans suivre de cours ?\",\"acceptedAnswer\":{\"@type\":\"Answer\",\"text\":\"<p class=\\\"p1\\\">En g\u00e9n\u00e9ral non, mais parfois oui.<\/p>\\n<p class=\\\"p1\\\">La plupart des activit\u00e9s sont r\u00e9serv\u00e9es aux apprenants, mais nous pouvons ouvrir quelques places s\u2019il reste de la disponibilit\u00e9.<\/p>\\n\"}},{\"@type\":\"Question\",\"name\":\"Les d\u00e9butants peuvent-ils participer ?\",\"acceptedAnswer\":{\"@type\":\"Answer\",\"text\":\"<p class=\\\"p1\\\">Oui, aucun probl\u00e8me.<\/p>\\n<p class=\\\"p1\\\">Tous les niveaux sont les bienvenus. Vous pourrez comprendre et profiter des activit\u00e9s, m\u00eame si vous d\u00e9butez. <\/p>\\n\"}}]}<\/script>\n                                <\/div>\n    <\/div>\t\t\t\t<\/div>\n\t\t\t\t<\/div>\n\t\t\t\t<\/div>\n\t\t\t\t<\/div>\n\t\t","protected":false},"excerpt":{"rendered":"<p>Venez \u00e0 la d\u00e9couverte d&rsquo;Annecy , France Apprenez le fran\u00e7ais \u00e0 Annecy tout en profitant de la culture et des activit\u00e9s de plein air Combinez les meilleures exp\u00e9riences culturelles \u00e0 Annecy avec des cours de fran\u00e7ais immersifs con\u00e7us pour vous aider \u00e0 apprendre la langue tout en la vivant. Programme culturel Soleil et air frais [&hellip;]<\/p>\n","protected":false},"author":11,"featured_media":3867,"parent":27270,"menu_order":0,"comment_status":"closed","ping_status":"closed","template":"","meta":{"content-type":"","footnotes":""},"language-product":[],"type-product":[],"city-product":[],"course-category":[],"folder":[208],"class_list":["post-30826","page","type-page","status-publish","has-post-thumbnail","hentry"],"yoast_head":"<!-- This site is optimized with the Yoast SEO Premium plugin v27.4 (Yoast SEO v27.4) - https:\/\/yoast.com\/product\/yoast-seo-premium-wordpress\/ -->\n<title>Activit\u00e9s culturelles Annecy - Keep Learning French<\/title>\n<meta name=\"robots\" content=\"index, follow, max-snippet:-1, max-image-preview:large, max-video-preview:-1\" \/>\n<link rel=\"canonical\" href=\"https:\/\/klf.fr\/fr\/annecy\/activites-culturelles-annecy\/\" \/>\n<meta property=\"og:locale\" content=\"fr_FR\" \/>\n<meta property=\"og:type\" content=\"article\" \/>\n<meta property=\"og:title\" content=\"Activit\u00e9s culturelles Annecy\" \/>\n<meta property=\"og:description\" content=\"Venez \u00e0 la d\u00e9couverte d&rsquo;Annecy , France Apprenez le fran\u00e7ais \u00e0 Annecy tout en profitant de la culture et des activit\u00e9s de plein air Combinez les meilleures exp\u00e9riences culturelles \u00e0 Annecy avec des cours de fran\u00e7ais immersifs con\u00e7us pour vous aider \u00e0 apprendre la langue tout en la vivant. Programme culturel Soleil et air frais [&hellip;]\" \/>\n<meta property=\"og:url\" content=\"https:\/\/klf.fr\/fr\/annecy\/activites-culturelles-annecy\/\" \/>\n<meta property=\"og:site_name\" content=\"Keep Learning French\" \/>\n<meta property=\"article:modified_time\" content=\"2026-04-14T16:24:30+00:00\" \/>\n<meta property=\"og:image\" content=\"https:\/\/klf.fr\/wp-content\/uploads\/2024\/03\/Paddle-Annecy.jpeg\" \/>\n\t<meta property=\"og:image:width\" content=\"800\" \/>\n\t<meta property=\"og:image:height\" content=\"625\" \/>\n\t<meta property=\"og:image:type\" content=\"image\/jpeg\" \/>\n<meta name=\"twitter:card\" content=\"summary_large_image\" \/>\n<meta name=\"twitter:label1\" content=\"Dur\u00e9e de lecture estim\u00e9e\" \/>\n\t<meta name=\"twitter:data1\" content=\"11 minutes\" \/>\n<script type=\"application\/ld+json\" class=\"yoast-schema-graph\">{\"@context\":\"https:\\\/\\\/schema.org\",\"@graph\":[{\"@type\":\"WebPage\",\"@id\":\"https:\\\/\\\/klf.fr\\\/fr\\\/annecy\\\/activites-culturelles-annecy\\\/\",\"url\":\"https:\\\/\\\/klf.fr\\\/fr\\\/annecy\\\/activites-culturelles-annecy\\\/\",\"name\":\"Activit\u00e9s culturelles Annecy - Keep Learning French\",\"isPartOf\":{\"@id\":\"https:\\\/\\\/klf.fr\\\/fr\\\/#website\"},\"primaryImageOfPage\":{\"@id\":\"https:\\\/\\\/klf.fr\\\/fr\\\/annecy\\\/activites-culturelles-annecy\\\/#primaryimage\"},\"image\":{\"@id\":\"https:\\\/\\\/klf.fr\\\/fr\\\/annecy\\\/activites-culturelles-annecy\\\/#primaryimage\"},\"thumbnailUrl\":\"https:\\\/\\\/klf.fr\\\/wp-content\\\/uploads\\\/2024\\\/03\\\/Paddle-Annecy.jpeg\",\"datePublished\":\"2025-01-17T09:13:00+00:00\",\"dateModified\":\"2026-04-14T16:24:30+00:00\",\"breadcrumb\":{\"@id\":\"https:\\\/\\\/klf.fr\\\/fr\\\/annecy\\\/activites-culturelles-annecy\\\/#breadcrumb\"},\"inLanguage\":\"fr-FR\",\"potentialAction\":[{\"@type\":\"ReadAction\",\"target\":[\"https:\\\/\\\/klf.fr\\\/fr\\\/annecy\\\/activites-culturelles-annecy\\\/\"]}]},{\"@type\":\"ImageObject\",\"inLanguage\":\"fr-FR\",\"@id\":\"https:\\\/\\\/klf.fr\\\/fr\\\/annecy\\\/activites-culturelles-annecy\\\/#primaryimage\",\"url\":\"https:\\\/\\\/klf.fr\\\/wp-content\\\/uploads\\\/2024\\\/03\\\/Paddle-Annecy.jpeg\",\"contentUrl\":\"https:\\\/\\\/klf.fr\\\/wp-content\\\/uploads\\\/2024\\\/03\\\/Paddle-Annecy.jpeg\",\"width\":800,\"height\":625},{\"@type\":\"BreadcrumbList\",\"@id\":\"https:\\\/\\\/klf.fr\\\/fr\\\/annecy\\\/activites-culturelles-annecy\\\/#breadcrumb\",\"itemListElement\":[{\"@type\":\"ListItem\",\"position\":1,\"name\":\"Home\",\"item\":\"https:\\\/\\\/klf.fr\\\/fr\\\/home-2\\\/\"},{\"@type\":\"ListItem\",\"position\":2,\"name\":\"Apprendre le fran\u00e7ais \u00e0 Annecy\",\"item\":\"https:\\\/\\\/klf.fr\\\/fr\\\/annecy\\\/\"},{\"@type\":\"ListItem\",\"position\":3,\"name\":\"Activit\u00e9s culturelles Annecy\"}]},{\"@type\":\"WebSite\",\"@id\":\"https:\\\/\\\/klf.fr\\\/fr\\\/#website\",\"url\":\"https:\\\/\\\/klf.fr\\\/fr\\\/\",\"name\":\"Keep Learning French\",\"description\":\"Groupe d&#039;\u00e9coles de FLE en France.\",\"publisher\":{\"@id\":\"https:\\\/\\\/klf.fr\\\/fr\\\/#organization\"},\"potentialAction\":[{\"@type\":\"SearchAction\",\"target\":{\"@type\":\"EntryPoint\",\"urlTemplate\":\"https:\\\/\\\/klf.fr\\\/fr\\\/?s={search_term_string}\"},\"query-input\":{\"@type\":\"PropertyValueSpecification\",\"valueRequired\":true,\"valueName\":\"search_term_string\"}}],\"inLanguage\":\"fr-FR\"},{\"@type\":[\"Organization\",\"Place\"],\"@id\":\"https:\\\/\\\/klf.fr\\\/fr\\\/#organization\",\"name\":\"Keep Learning French\",\"url\":\"https:\\\/\\\/klf.fr\\\/fr\\\/\",\"logo\":{\"@id\":\"https:\\\/\\\/klf.fr\\\/fr\\\/annecy\\\/activites-culturelles-annecy\\\/#local-main-organization-logo\"},\"image\":{\"@id\":\"https:\\\/\\\/klf.fr\\\/fr\\\/annecy\\\/activites-culturelles-annecy\\\/#local-main-organization-logo\"},\"sameAs\":[\"https:\\\/\\\/linkedin.com\\\/school\\\/keep-learning-french\\\/\"],\"telephone\":[],\"openingHoursSpecification\":[{\"@type\":\"OpeningHoursSpecification\",\"dayOfWeek\":[\"Monday\",\"Tuesday\",\"Wednesday\",\"Thursday\",\"Friday\",\"Saturday\",\"Sunday\"],\"opens\":\"09:00\",\"closes\":\"17:00\"}]},{\"@type\":\"ImageObject\",\"inLanguage\":\"fr-FR\",\"@id\":\"https:\\\/\\\/klf.fr\\\/fr\\\/annecy\\\/activites-culturelles-annecy\\\/#local-main-organization-logo\",\"url\":\"https:\\\/\\\/klf.fr\\\/wp-content\\\/uploads\\\/2020\\\/09\\\/klf-favicon.png\",\"contentUrl\":\"https:\\\/\\\/klf.fr\\\/wp-content\\\/uploads\\\/2020\\\/09\\\/klf-favicon.png\",\"width\":200,\"height\":200,\"caption\":\"Keep Learning French\"}]}<\/script>\n<!-- \/ Yoast SEO Premium plugin. -->","yoast_head_json":{"title":"Activit\u00e9s culturelles Annecy - Keep Learning French","robots":{"index":"index","follow":"follow","max-snippet":"max-snippet:-1","max-image-preview":"max-image-preview:large","max-video-preview":"max-video-preview:-1"},"canonical":"https:\/\/klf.fr\/fr\/annecy\/activites-culturelles-annecy\/","og_locale":"fr_FR","og_type":"article","og_title":"Activit\u00e9s culturelles Annecy","og_description":"Venez \u00e0 la d\u00e9couverte d&rsquo;Annecy , France Apprenez le fran\u00e7ais \u00e0 Annecy tout en profitant de la culture et des activit\u00e9s de plein air Combinez les meilleures exp\u00e9riences culturelles \u00e0 Annecy avec des cours de fran\u00e7ais immersifs con\u00e7us pour vous aider \u00e0 apprendre la langue tout en la vivant. Programme culturel Soleil et air frais [&hellip;]","og_url":"https:\/\/klf.fr\/fr\/annecy\/activites-culturelles-annecy\/","og_site_name":"Keep Learning French","article_modified_time":"2026-04-14T16:24:30+00:00","og_image":[{"width":800,"height":625,"url":"https:\/\/klf.fr\/wp-content\/uploads\/2024\/03\/Paddle-Annecy.jpeg","type":"image\/jpeg"}],"twitter_card":"summary_large_image","twitter_misc":{"Dur\u00e9e de lecture estim\u00e9e":"11 minutes"},"schema":{"@context":"https:\/\/schema.org","@graph":[{"@type":"WebPage","@id":"https:\/\/klf.fr\/fr\/annecy\/activites-culturelles-annecy\/","url":"https:\/\/klf.fr\/fr\/annecy\/activites-culturelles-annecy\/","name":"Activit\u00e9s culturelles Annecy - Keep Learning French","isPartOf":{"@id":"https:\/\/klf.fr\/fr\/#website"},"primaryImageOfPage":{"@id":"https:\/\/klf.fr\/fr\/annecy\/activites-culturelles-annecy\/#primaryimage"},"image":{"@id":"https:\/\/klf.fr\/fr\/annecy\/activites-culturelles-annecy\/#primaryimage"},"thumbnailUrl":"https:\/\/klf.fr\/wp-content\/uploads\/2024\/03\/Paddle-Annecy.jpeg","datePublished":"2025-01-17T09:13:00+00:00","dateModified":"2026-04-14T16:24:30+00:00","breadcrumb":{"@id":"https:\/\/klf.fr\/fr\/annecy\/activites-culturelles-annecy\/#breadcrumb"},"inLanguage":"fr-FR","potentialAction":[{"@type":"ReadAction","target":["https:\/\/klf.fr\/fr\/annecy\/activites-culturelles-annecy\/"]}]},{"@type":"ImageObject","inLanguage":"fr-FR","@id":"https:\/\/klf.fr\/fr\/annecy\/activites-culturelles-annecy\/#primaryimage","url":"https:\/\/klf.fr\/wp-content\/uploads\/2024\/03\/Paddle-Annecy.jpeg","contentUrl":"https:\/\/klf.fr\/wp-content\/uploads\/2024\/03\/Paddle-Annecy.jpeg","width":800,"height":625},{"@type":"BreadcrumbList","@id":"https:\/\/klf.fr\/fr\/annecy\/activites-culturelles-annecy\/#breadcrumb","itemListElement":[{"@type":"ListItem","position":1,"name":"Home","item":"https:\/\/klf.fr\/fr\/home-2\/"},{"@type":"ListItem","position":2,"name":"Apprendre le fran\u00e7ais \u00e0 Annecy","item":"https:\/\/klf.fr\/fr\/annecy\/"},{"@type":"ListItem","position":3,"name":"Activit\u00e9s culturelles Annecy"}]},{"@type":"WebSite","@id":"https:\/\/klf.fr\/fr\/#website","url":"https:\/\/klf.fr\/fr\/","name":"Keep Learning French","description":"Groupe d&#039;\u00e9coles de FLE en France.","publisher":{"@id":"https:\/\/klf.fr\/fr\/#organization"},"potentialAction":[{"@type":"SearchAction","target":{"@type":"EntryPoint","urlTemplate":"https:\/\/klf.fr\/fr\/?s={search_term_string}"},"query-input":{"@type":"PropertyValueSpecification","valueRequired":true,"valueName":"search_term_string"}}],"inLanguage":"fr-FR"},{"@type":["Organization","Place"],"@id":"https:\/\/klf.fr\/fr\/#organization","name":"Keep Learning French","url":"https:\/\/klf.fr\/fr\/","logo":{"@id":"https:\/\/klf.fr\/fr\/annecy\/activites-culturelles-annecy\/#local-main-organization-logo"},"image":{"@id":"https:\/\/klf.fr\/fr\/annecy\/activites-culturelles-annecy\/#local-main-organization-logo"},"sameAs":["https:\/\/linkedin.com\/school\/keep-learning-french\/"],"telephone":[],"openingHoursSpecification":[{"@type":"OpeningHoursSpecification","dayOfWeek":["Monday","Tuesday","Wednesday","Thursday","Friday","Saturday","Sunday"],"opens":"09:00","closes":"17:00"}]},{"@type":"ImageObject","inLanguage":"fr-FR","@id":"https:\/\/klf.fr\/fr\/annecy\/activites-culturelles-annecy\/#local-main-organization-logo","url":"https:\/\/klf.fr\/wp-content\/uploads\/2020\/09\/klf-favicon.png","contentUrl":"https:\/\/klf.fr\/wp-content\/uploads\/2020\/09\/klf-favicon.png","width":200,"height":200,"caption":"Keep Learning French"}]}},"_links":{"self":[{"href":"https:\/\/klf.fr\/fr\/wp-json\/wp\/v2\/pages\/30826","targetHints":{"allow":["GET"]}}],"collection":[{"href":"https:\/\/klf.fr\/fr\/wp-json\/wp\/v2\/pages"}],"about":[{"href":"https:\/\/klf.fr\/fr\/wp-json\/wp\/v2\/types\/page"}],"author":[{"embeddable":true,"href":"https:\/\/klf.fr\/fr\/wp-json\/wp\/v2\/users\/11"}],"replies":[{"embeddable":true,"href":"https:\/\/klf.fr\/fr\/wp-json\/wp\/v2\/comments?post=30826"}],"version-history":[{"count":0,"href":"https:\/\/klf.fr\/fr\/wp-json\/wp\/v2\/pages\/30826\/revisions"}],"up":[{"embeddable":true,"href":"https:\/\/klf.fr\/fr\/wp-json\/wp\/v2\/pages\/27270"}],"wp:featuredmedia":[{"embeddable":true,"href":"https:\/\/klf.fr\/fr\/wp-json\/wp\/v2\/media\/3867"}],"wp:attachment":[{"href":"https:\/\/klf.fr\/fr\/wp-json\/wp\/v2\/media?parent=30826"}],"wp:term":[{"taxonomy":"language-product","embeddable":true,"href":"https:\/\/klf.fr\/fr\/wp-json\/wp\/v2\/language-product?post=30826"},{"taxonomy":"type-product","embeddable":true,"href":"https:\/\/klf.fr\/fr\/wp-json\/wp\/v2\/type-product?post=30826"},{"taxonomy":"city-product","embeddable":true,"href":"https:\/\/klf.fr\/fr\/wp-json\/wp\/v2\/city-product?post=30826"},{"taxonomy":"course-category","embeddable":true,"href":"https:\/\/klf.fr\/fr\/wp-json\/wp\/v2\/course-category?post=30826"},{"taxonomy":"folder","embeddable":true,"href":"https:\/\/klf.fr\/fr\/wp-json\/wp\/v2\/folder?post=30826"}],"curies":[{"name":"wp","href":"https:\/\/api.w.org\/{rel}","templated":true}]}}