{"id":26447,"date":"2024-02-25T05:10:37","date_gmt":"2024-02-25T04:10:37","guid":{"rendered":"https:\/\/klf.fr\/student-residence\/"},"modified":"2024-12-12T12:47:54","modified_gmt":"2024-12-12T11:47:54","slug":"student-residence","status":"publish","type":"page","link":"https:\/\/klf.fr\/es\/student-residence\/","title":{"rendered":"residencia de estudiantes"},"content":{"rendered":"\t\t<div data-elementor-type=\"wp-page\" data-elementor-id=\"26447\" class=\"elementor elementor-26447\" data-elementor-post-type=\"page\">\n\t\t\t\t<div class=\"elementor-element elementor-element-13828525 elementor-hidden-mobile e-flex e-con-boxed e-con e-parent\" data-id=\"13828525\" data-element_type=\"container\" data-e-type=\"container\" data-settings=\"{&quot;ekit_has_onepagescroll_dot&quot;:&quot;yes&quot;}\">\n\t\t\t\t\t<div class=\"e-con-inner\">\n\t\t<div class=\"elementor-element elementor-element-398e9e21 e-con-full e-flex e-con e-child\" data-id=\"398e9e21\" data-element_type=\"container\" data-e-type=\"container\" data-settings=\"{&quot;ekit_has_onepagescroll_dot&quot;:&quot;yes&quot;}\">\n\t\t\t\t<div class=\"elementor-element elementor-element-54a0fa2b elementor-widget elementor-widget-image\" data-id=\"54a0fa2b\" data-element_type=\"widget\" data-e-type=\"widget\" data-settings=\"{&quot;ekit_we_effect_on&quot;:&quot;none&quot;}\" data-widget_type=\"image.default\">\n\t\t\t\t\t\t\t\t\t\t\t\t\t\t\t<img fetchpriority=\"high\" decoding=\"async\" width=\"575\" height=\"383\" src=\"https:\/\/klf.fr\/wp-content\/uploads\/2024\/02\/Famille-daccueil-3___responsive_575_383.jpg\" class=\"attachment-full size-full wp-image-33731\" alt=\"\" srcset=\"https:\/\/klf.fr\/wp-content\/uploads\/2024\/02\/Famille-daccueil-3___responsive_575_383.jpg 575w, https:\/\/klf.fr\/wp-content\/uploads\/2024\/02\/Famille-daccueil-3___responsive_575_383-300x200.jpg 300w\" sizes=\"(max-width: 575px) 100vw, 575px\" \/>\t\t\t\t\t\t\t\t\t\t\t\t\t\t\t<\/div>\n\t\t\t\t<\/div>\n\t\t<div class=\"elementor-element elementor-element-d00ba1a e-con-full e-flex e-con e-child\" data-id=\"d00ba1a\" data-element_type=\"container\" data-e-type=\"container\" data-settings=\"{&quot;ekit_has_onepagescroll_dot&quot;:&quot;yes&quot;}\">\n\t\t<div class=\"elementor-element elementor-element-616253ef e-flex e-con-boxed e-con e-child\" data-id=\"616253ef\" data-element_type=\"container\" data-e-type=\"container\" data-settings=\"{&quot;ekit_has_onepagescroll_dot&quot;:&quot;yes&quot;}\">\n\t\t\t\t\t<div class=\"e-con-inner\">\n\t\t\t\t<div class=\"elementor-element elementor-element-1bd53f7d elementor-widget elementor-widget-image\" data-id=\"1bd53f7d\" data-element_type=\"widget\" data-e-type=\"widget\" data-settings=\"{&quot;ekit_we_effect_on&quot;:&quot;none&quot;}\" data-widget_type=\"image.default\">\n\t\t\t\t\t\t\t\t\t\t\t\t\t\t\t<img decoding=\"async\" width=\"337\" height=\"225\" src=\"https:\/\/klf.fr\/wp-content\/uploads\/2024\/02\/Famille-daccueil-2___responsive_337_225.jpg\" class=\"attachment-full size-full wp-image-33730\" alt=\"\" srcset=\"https:\/\/klf.fr\/wp-content\/uploads\/2024\/02\/Famille-daccueil-2___responsive_337_225.jpg 337w, https:\/\/klf.fr\/wp-content\/uploads\/2024\/02\/Famille-daccueil-2___responsive_337_225-300x200.jpg 300w\" sizes=\"(max-width: 337px) 100vw, 337px\" \/>\t\t\t\t\t\t\t\t\t\t\t\t\t\t\t<\/div>\n\t\t\t\t<div class=\"elementor-element elementor-element-c78c591 elementor-widget elementor-widget-image\" data-id=\"c78c591\" data-element_type=\"widget\" data-e-type=\"widget\" data-settings=\"{&quot;ekit_we_effect_on&quot;:&quot;none&quot;}\" data-widget_type=\"image.default\">\n\t\t\t\t\t\t\t\t\t\t\t\t\t\t\t<img decoding=\"async\" width=\"337\" height=\"225\" src=\"https:\/\/klf.fr\/wp-content\/uploads\/2024\/02\/Famille-daccueil-1___responsive_337_225.jpg\" class=\"attachment-full size-full wp-image-33729\" alt=\"\" srcset=\"https:\/\/klf.fr\/wp-content\/uploads\/2024\/02\/Famille-daccueil-1___responsive_337_225.jpg 337w, https:\/\/klf.fr\/wp-content\/uploads\/2024\/02\/Famille-daccueil-1___responsive_337_225-300x200.jpg 300w\" sizes=\"(max-width: 337px) 100vw, 337px\" \/>\t\t\t\t\t\t\t\t\t\t\t\t\t\t\t<\/div>\n\t\t\t\t\t<\/div>\n\t\t\t\t<\/div>\n\t\t<div class=\"elementor-element elementor-element-54489405 e-flex e-con-boxed e-con e-child\" data-id=\"54489405\" data-element_type=\"container\" data-e-type=\"container\" data-settings=\"{&quot;ekit_has_onepagescroll_dot&quot;:&quot;yes&quot;}\">\n\t\t\t\t\t<div class=\"e-con-inner\">\n\t\t\t\t<div class=\"elementor-element elementor-element-e38467d elementor-widget__width-initial elementor-widget-mobile__width-initial elementor-widget elementor-widget-image\" data-id=\"e38467d\" data-element_type=\"widget\" data-e-type=\"widget\" data-settings=\"{&quot;ekit_we_effect_on&quot;:&quot;none&quot;}\" data-widget_type=\"image.default\">\n\t\t\t\t\t\t\t\t\t\t\t\t\t\t\t<img loading=\"lazy\" decoding=\"async\" width=\"342\" height=\"228\" src=\"https:\/\/klf.fr\/wp-content\/uploads\/2024\/02\/Famille-daccueil-2___responsive_342_228.jpg\" class=\"attachment-full size-full wp-image-33728\" alt=\"\" srcset=\"https:\/\/klf.fr\/wp-content\/uploads\/2024\/02\/Famille-daccueil-2___responsive_342_228.jpg 342w, https:\/\/klf.fr\/wp-content\/uploads\/2024\/02\/Famille-daccueil-2___responsive_342_228-300x200.jpg 300w\" sizes=\"(max-width: 342px) 100vw, 342px\" \/>\t\t\t\t\t\t\t\t\t\t\t\t\t\t\t<\/div>\n\t\t\t\t<div class=\"elementor-element elementor-element-28da6154 elementor-widget elementor-widget-image\" data-id=\"28da6154\" data-element_type=\"widget\" data-e-type=\"widget\" data-settings=\"{&quot;ekit_we_effect_on&quot;:&quot;none&quot;}\" data-widget_type=\"image.default\">\n\t\t\t\t\t\t\t\t\t\t\t\t\t\t\t<img loading=\"lazy\" decoding=\"async\" width=\"295\" height=\"196\" src=\"https:\/\/klf.fr\/wp-content\/uploads\/2024\/02\/Famille-daccueil-1___responsive_295_196.jpg\" class=\"attachment-full size-full wp-image-24297\" alt=\"\" \/>\t\t\t\t\t\t\t\t\t\t\t\t\t\t\t<\/div>\n\t\t\t\t\t<\/div>\n\t\t\t\t<\/div>\n\t\t\t\t<\/div>\n\t\t\t\t\t<\/div>\n\t\t\t\t<\/div>\n\t\t<div class=\"elementor-element elementor-element-7887c416 e-flex e-con-boxed e-con e-parent\" data-id=\"7887c416\" data-element_type=\"container\" data-e-type=\"container\" data-settings=\"{&quot;ekit_has_onepagescroll_dot&quot;:&quot;yes&quot;}\">\n\t\t\t\t\t<div class=\"e-con-inner\">\n\t\t\t\t<div class=\"elementor-element elementor-element-6eae7434 elementor-hidden-desktop elementor-hidden-tablet elementor-arrows-position-inside elementor-pagination-position-outside elementor-widget elementor-widget-image-carousel\" data-id=\"6eae7434\" data-element_type=\"widget\" data-e-type=\"widget\" data-settings=\"{&quot;slides_to_show&quot;:&quot;1&quot;,&quot;navigation&quot;:&quot;both&quot;,&quot;autoplay&quot;:&quot;yes&quot;,&quot;pause_on_hover&quot;:&quot;yes&quot;,&quot;pause_on_interaction&quot;:&quot;yes&quot;,&quot;autoplay_speed&quot;:5000,&quot;infinite&quot;:&quot;yes&quot;,&quot;effect&quot;:&quot;slide&quot;,&quot;speed&quot;:500,&quot;ekit_we_effect_on&quot;:&quot;none&quot;}\" data-widget_type=\"image-carousel.default\">\n\t\t\t\t\t\t\t<div class=\"elementor-image-carousel-wrapper swiper\" role=\"region\" aria-roledescription=\"carousel\" aria-label=\"Carrusel de im\u00e1genes\" dir=\"ltr\">\n\t\t\t<div class=\"elementor-image-carousel swiper-wrapper swiper-image-stretch\" aria-live=\"off\">\n\t\t\t\t\t\t\t\t<div class=\"swiper-slide\" role=\"group\" aria-roledescription=\"slide\" aria-label=\"1 de 5\"><figure class=\"swiper-slide-inner\"><img decoding=\"async\" class=\"swiper-slide-image\" src=\"https:\/\/klf.fr\/wp-content\/uploads\/2024\/02\/Famille-daccueil-2___responsive_342_228-300x200.jpg\" alt=\"Famille-d&#039;accueil-2___responsive_342_228\" \/><\/figure><\/div><div class=\"swiper-slide\" role=\"group\" aria-roledescription=\"slide\" aria-label=\"2 de 5\"><figure class=\"swiper-slide-inner\"><img decoding=\"async\" class=\"swiper-slide-image\" src=\"https:\/\/klf.fr\/wp-content\/uploads\/2024\/02\/Famille-daccueil-1___responsive_337_225-300x200.jpg\" alt=\"Famille-d&#039;accueil-(1)___responsive_337_225\" \/><\/figure><\/div><div class=\"swiper-slide\" role=\"group\" aria-roledescription=\"slide\" aria-label=\"3 de 5\"><figure class=\"swiper-slide-inner\"><img decoding=\"async\" class=\"swiper-slide-image\" src=\"https:\/\/klf.fr\/wp-content\/uploads\/2024\/02\/Famille-daccueil-2___responsive_337_225-300x200.jpg\" alt=\"Famille-d&#039;accueil-(2)___responsive_337_225\" \/><\/figure><\/div><div class=\"swiper-slide\" role=\"group\" aria-roledescription=\"slide\" aria-label=\"4 de 5\"><figure class=\"swiper-slide-inner\"><img decoding=\"async\" class=\"swiper-slide-image\" src=\"https:\/\/klf.fr\/wp-content\/uploads\/2024\/02\/Famille-daccueil-3___responsive_575_383-300x200.jpg\" alt=\"Famille-d&#039;accueil-(3)___responsive_575_383\" \/><\/figure><\/div><div class=\"swiper-slide\" role=\"group\" aria-roledescription=\"slide\" aria-label=\"5 de 5\"><figure class=\"swiper-slide-inner\"><img decoding=\"async\" class=\"swiper-slide-image\" src=\"https:\/\/klf.fr\/wp-content\/uploads\/2024\/02\/Famille-daccueil-1___responsive_295_196.jpg\" alt=\"Famille-d&#039;accueil-(1)___responsive_295_196\" \/><\/figure><\/div>\t\t\t<\/div>\n\t\t\t\t\t\t\t\t\t\t\t\t<div class=\"elementor-swiper-button elementor-swiper-button-prev\" role=\"button\" tabindex=\"0\">\n\t\t\t\t\t\t<i aria-hidden=\"true\" class=\"eicon-chevron-left\"><\/i>\t\t\t\t\t<\/div>\n\t\t\t\t\t<div class=\"elementor-swiper-button elementor-swiper-button-next\" role=\"button\" tabindex=\"0\">\n\t\t\t\t\t\t<i aria-hidden=\"true\" class=\"eicon-chevron-right\"><\/i>\t\t\t\t\t<\/div>\n\t\t\t\t\n\t\t\t\t\t\t\t\t\t<div class=\"swiper-pagination\"><\/div>\n\t\t\t\t\t\t\t\t\t<\/div>\n\t\t\t\t\t\t<\/div>\n\t\t\t\t\t<\/div>\n\t\t\t\t<\/div>\n\t\t<div class=\"elementor-element elementor-element-50ad2bc4 e-flex e-con-boxed e-con e-parent\" data-id=\"50ad2bc4\" data-element_type=\"container\" data-e-type=\"container\" data-settings=\"{&quot;ekit_has_onepagescroll_dot&quot;:&quot;yes&quot;}\">\n\t\t\t\t\t<div class=\"e-con-inner\">\n\t\t<div class=\"elementor-element elementor-element-4306dafb e-flex e-con-boxed e-con e-child\" data-id=\"4306dafb\" data-element_type=\"container\" data-e-type=\"container\" data-settings=\"{&quot;ekit_has_onepagescroll_dot&quot;:&quot;yes&quot;}\">\n\t\t\t\t\t<div class=\"e-con-inner\">\n\t\t\t\t<div class=\"elementor-element elementor-element-250546b6 eael-dual-header-content-align-left elementor-widget elementor-widget-eael-dual-color-header\" data-id=\"250546b6\" data-element_type=\"widget\" data-e-type=\"widget\" data-settings=\"{&quot;ekit_we_effect_on&quot;:&quot;none&quot;}\" data-widget_type=\"eael-dual-color-header.default\">\n\t\t\t\t\t\t\t\t<div class=\"eael-dual-header\">\n\t\t\t\t<h2 class=\"title eael-dch-title\"><span class=\"eael-dch-title-text eael-dch-title-lead lead solid-color\">residencia de estudiantes<\/span> <span class=\"eael-dch-title-text\">comparte tu experiencia con otros estudiantes<\/span><\/h2>\t\t\t\t\t<span class=\"subtext\"><div class=\"sm:container sm:mx-auto mx-[25px]\">\n<div class=\"font-galanoMedium leading-[22px] text-[16px] sm:text-[19px] sm:w-8\/12 pt-[56px] pb-[51px]\">\n<p>Comparta su experiencia con otros estudiantesAl alojarse en una residencia de estudiantes tendr\u00e1 la oportunidad de conocer a otros estudiantes franceses e internacionales de todo el mundo. Es la ocasi\u00f3n ideal para el intercambio cultural, para practicar el uso del franc\u00e9s como lengua compartida&#8230; y tambi\u00e9n para encontrar amigos para visitas y salidas, y descubrir juntos la vida local.<\/p>\n<\/div>\n<\/div>\n<\/span>\n\t\t\t\t\t\t\t<\/div>\n\n\t\t\t\t\t\t<\/div>\n\t\t\t\t\t<\/div>\n\t\t\t\t<\/div>\n\t\t\t\t\t<\/div>\n\t\t\t\t<\/div>\n\t\t<div class=\"elementor-element elementor-element-5d5b874d e-flex e-con-boxed e-con e-parent\" data-id=\"5d5b874d\" data-element_type=\"container\" data-e-type=\"container\" data-settings=\"{&quot;background_background&quot;:&quot;classic&quot;,&quot;ekit_has_onepagescroll_dot&quot;:&quot;yes&quot;}\">\n\t\t\t\t\t<div class=\"e-con-inner\">\n\t\t<div class=\"elementor-element elementor-element-5109e19 e-flex e-con-boxed e-con e-child\" data-id=\"5109e19\" data-element_type=\"container\" data-e-type=\"container\" data-settings=\"{&quot;background_background&quot;:&quot;classic&quot;,&quot;ekit_has_onepagescroll_dot&quot;:&quot;yes&quot;}\">\n\t\t\t\t\t<div class=\"e-con-inner\">\n\t\t\t\t<div class=\"elementor-element elementor-element-500c458a eael-dual-header-content-align-left elementor-widget elementor-widget-eael-dual-color-header\" data-id=\"500c458a\" data-element_type=\"widget\" data-e-type=\"widget\" data-settings=\"{&quot;ekit_we_effect_on&quot;:&quot;none&quot;}\" data-widget_type=\"eael-dual-color-header.default\">\n\t\t\t\t\t\t\t\t<div class=\"eael-dual-header\">\n\t\t\t\t<h2 class=\"title eael-dch-title\"><span class=\"eael-dch-title-text eael-dch-title-lead lead solid-color\">Vivir en una residencia de estudiantes<\/span> <span class=\"eael-dch-title-text\">durante sus cursos de franc\u00e9s<\/span><\/h2>\t\t\t\t\t<span class=\"subtext\"><p>El alojamiento en una residencia de estudiantes te da independencia durante tu estancia: puedes trabajar a tu ritmo y gestionar tus comidas como quieras en un estudio totalmente amueblado y equipado.<\/p>\n<p><strong> <\/strong>Las residencias que acogen a los estudiantes de KLF son socios desde hace mucho tiempo y nuestros equipos las visitan e inspeccionan peri\u00f3dicamente. Los precios se negocian cada a\u00f1o para garantizar que nuestros estudiantes se beneficien de las mejores tarifas y condiciones.<\/p>\n<\/span>\n\t\t\t\t\t\t\t<\/div>\n\n\t\t\t\t\t\t<\/div>\n\t\t<div class=\"elementor-element elementor-element-577d255d e-flex e-con-boxed e-con e-child\" data-id=\"577d255d\" data-element_type=\"container\" data-e-type=\"container\" data-settings=\"{&quot;ekit_has_onepagescroll_dot&quot;:&quot;yes&quot;}\">\n\t\t\t\t\t<div class=\"e-con-inner\">\n\t\t\t\t<div class=\"elementor-element elementor-element-4a5111bd elementor-widget elementor-widget-image\" data-id=\"4a5111bd\" data-element_type=\"widget\" data-e-type=\"widget\" data-settings=\"{&quot;ekit_we_effect_on&quot;:&quot;none&quot;}\" data-widget_type=\"image.default\">\n\t\t\t\t\t\t\t\t\t\t\t\t\t\t\t<img loading=\"lazy\" decoding=\"async\" width=\"402\" height=\"268\" src=\"https:\/\/klf.fr\/wp-content\/uploads\/2024\/02\/Famille-daccueil___responsive_402_268.jpg\" class=\"attachment-large size-large wp-image-24298\" alt=\"\" srcset=\"https:\/\/klf.fr\/wp-content\/uploads\/2024\/02\/Famille-daccueil___responsive_402_268.jpg 402w, https:\/\/klf.fr\/wp-content\/uploads\/2024\/02\/Famille-daccueil___responsive_402_268-300x200.jpg 300w\" sizes=\"(max-width: 402px) 100vw, 402px\" \/>\t\t\t\t\t\t\t\t\t\t\t\t\t\t\t<\/div>\n\t\t<div class=\"elementor-element elementor-element-3ca3ce23 e-flex e-con-boxed e-con e-child\" data-id=\"3ca3ce23\" data-element_type=\"container\" data-e-type=\"container\" data-settings=\"{&quot;ekit_has_onepagescroll_dot&quot;:&quot;yes&quot;}\">\n\t\t\t\t\t<div class=\"e-con-inner\">\n\t\t\t\t<div class=\"elementor-element elementor-element-4eeeb856 elementor-widget elementor-widget-text-editor\" data-id=\"4eeeb856\" data-element_type=\"widget\" data-e-type=\"widget\" data-settings=\"{&quot;ekit_we_effect_on&quot;:&quot;none&quot;}\" data-widget_type=\"text-editor.default\">\n\t\t\t\t\t\t\t\t\t<p>Nuestro equipo selecciona cuidadosamente a nuestras familias de acogida para que acojan a uno o varios estudiantes de KLF. Nos aseguramos de que los estudiantes de la misma lengua materna no vivan bajo el mismo techo, \u00a1para favorecer la pr\u00e1ctica del franc\u00e9s y la inmersi\u00f3n completa!<\/p>\n<p>Este tipo de alojamiento le garantiza una habitaci\u00f3n individual. Puedes ajustar el resto de las condiciones a tu gusto:<\/p>\n<ul>\n<li dir=\"ltr\" aria-level=\"1\">\n<p dir=\"ltr\" role=\"presentation\">Comidas: Acceso a la cocina, con desayuno, o Media Pensi\u00f3n.<\/p>\n<\/li>\n<li dir=\"ltr\" aria-level=\"1\">\n<p dir=\"ltr\" role=\"presentation\">Ba\u00f1o: compartido o privado (sujeto a disponibilidad)<\/p>\n<\/li>\n<\/ul>\n\t\t\t\t\t\t\t\t<\/div>\n\t\t\t\t<div class=\"elementor-element elementor-element-26f77016 elementor-icon-list--layout-inline elementor-list-item-link-full_width elementor-widget elementor-widget-icon-list\" data-id=\"26f77016\" data-element_type=\"widget\" data-e-type=\"widget\" data-settings=\"{&quot;ekit_we_effect_on&quot;:&quot;none&quot;}\" data-widget_type=\"icon-list.default\">\n\t\t\t\t\t\t\t<ul class=\"elementor-icon-list-items elementor-inline-items\">\n\t\t\t\t\t\t\t<li class=\"elementor-icon-list-item elementor-inline-item\">\n\t\t\t\t\t\t\t\t\t\t\t<span class=\"elementor-icon-list-icon\">\n\t\t\t\t\t\t\t<i aria-hidden=\"true\" class=\"fas fa-check\"><\/i>\t\t\t\t\t\t<\/span>\n\t\t\t\t\t\t\t\t\t\t<span class=\"elementor-icon-list-text\">Lyon<\/span>\n\t\t\t\t\t\t\t\t\t<\/li>\n\t\t\t\t\t\t\t\t<li class=\"elementor-icon-list-item elementor-inline-item\">\n\t\t\t\t\t\t\t\t\t\t\t<span class=\"elementor-icon-list-icon\">\n\t\t\t\t\t\t\t<i aria-hidden=\"true\" class=\"fas fa-check\"><\/i>\t\t\t\t\t\t<\/span>\n\t\t\t\t\t\t\t\t\t\t<span class=\"elementor-icon-list-text\">Montpellier<\/span>\n\t\t\t\t\t\t\t\t\t<\/li>\n\t\t\t\t\t\t\t\t<li class=\"elementor-icon-list-item elementor-inline-item\">\n\t\t\t\t\t\t\t\t\t\t\t<span class=\"elementor-icon-list-icon\">\n\t\t\t\t\t\t\t<i aria-hidden=\"true\" class=\"fas fa-check\"><\/i>\t\t\t\t\t\t<\/span>\n\t\t\t\t\t\t\t\t\t\t<span class=\"elementor-icon-list-text\">Toulouse<\/span>\n\t\t\t\t\t\t\t\t\t<\/li>\n\t\t\t\t\t\t<\/ul>\n\t\t\t\t\t\t<\/div>\n\t\t\t\t\t<\/div>\n\t\t\t\t<\/div>\n\t\t\t\t\t<\/div>\n\t\t\t\t<\/div>\n\t\t\t\t<div class=\"elementor-element elementor-element-6620d541 elementor-widget elementor-widget-eael-adv-accordion\" data-id=\"6620d541\" data-element_type=\"widget\" data-e-type=\"widget\" data-settings=\"{&quot;ekit_we_effect_on&quot;:&quot;none&quot;}\" data-widget_type=\"eael-adv-accordion.default\">\n\t\t\t\t\t            <div class=\"eael-adv-accordion\" id=\"eael-adv-accordion-6620d541\" data-scroll-on-click=\"no\" data-scroll-speed=\"300\" data-accordion-id=\"6620d541\" data-accordion-type=\"toggle\" data-toogle-speed=\"300\">\n            <div class=\"eael-accordion-list\">\n\t\t\t\t\t<div id=\"estudio-totalmente-amueblado-y-equipado\" class=\"elementor-tab-title eael-accordion-header\" tabindex=\"0\" data-tab=\"1\" aria-controls=\"elementor-tab-content-1711\"><span class=\"eael-advanced-accordion-icon-closed\"><i aria-hidden=\"true\" class=\"fa-accordion-icon fas fa-plus\"><\/i><\/span><span class=\"eael-advanced-accordion-icon-opened\"><i aria-hidden=\"true\" class=\"fa-accordion-icon fas fa-minus\"><\/i><\/span><span class=\"eael-accordion-tab-title\">Estudio totalmente amueblado y equipado<\/span><i aria-hidden=\"true\" class=\"fa-toggle fas fa-angle-right\"><\/i><\/div><div id=\"elementor-tab-content-1711\" class=\"eael-accordion-content clearfix\" data-tab=\"1\" aria-labelledby=\"estudio-totalmente-amueblado-y-equipado\"><div class=\"text-base font-galanoReg\">\n<p>Un estudio totalmente amueblado y equipado con cuarto de ba\u00f1o privado y cocina americana integrada: el alojamiento perfecto para quienes valoran su independencia. Nuestras residencias de lujo asociadas le ofrecen acceso a todas las instalaciones que necesite, dentro del estudio y\/o residencia, para vivir y estudiar en condiciones \u00f3ptimas: acceso a Internet, oficina, gimnasio, zonas comunes, etc.<\/p>\n<\/div>\n<\/div>\n\t\t\t\t\t<\/div><div class=\"eael-accordion-list\">\n\t\t\t\t\t<div id=\"residencias-idealmente-situadas\" class=\"elementor-tab-title eael-accordion-header\" tabindex=\"0\" data-tab=\"2\" aria-controls=\"elementor-tab-content-1712\"><span class=\"eael-advanced-accordion-icon-closed\"><i aria-hidden=\"true\" class=\"fa-accordion-icon fas fa-plus\"><\/i><\/span><span class=\"eael-advanced-accordion-icon-opened\"><i aria-hidden=\"true\" class=\"fa-accordion-icon fas fa-minus\"><\/i><\/span><span class=\"eael-accordion-tab-title\">Residencias idealmente situadas<\/span><i aria-hidden=\"true\" class=\"fa-toggle fas fa-angle-right\"><\/i><\/div><div id=\"elementor-tab-content-1712\" class=\"eael-accordion-content clearfix\" data-tab=\"2\" aria-labelledby=\"residencias-idealmente-situadas\"><div class=\"text-base font-galanoReg\">\n<p>Nuestras residencias asociadas gozan de una ubicaci\u00f3n ideal, a poca distancia de nuestras escuelas a pie o en transporte p\u00fablico, para que pueda aprovechar al m\u00e1ximo la vida nocturna y la<\/p>\n<\/div>\n<\/div>\n\t\t\t\t\t<\/div><div class=\"eael-accordion-list\">\n\t\t\t\t\t<div id=\"servicios-adicionales-en-nuestras-residencias\" class=\"elementor-tab-title eael-accordion-header\" tabindex=\"0\" data-tab=\"3\" aria-controls=\"elementor-tab-content-1713\"><span class=\"eael-advanced-accordion-icon-closed\"><i aria-hidden=\"true\" class=\"fa-accordion-icon fas fa-plus\"><\/i><\/span><span class=\"eael-advanced-accordion-icon-opened\"><i aria-hidden=\"true\" class=\"fa-accordion-icon fas fa-minus\"><\/i><\/span><span class=\"eael-accordion-tab-title\">Servicios adicionales en nuestras residencias<\/span><i aria-hidden=\"true\" class=\"fa-toggle fas fa-angle-right\"><\/i><\/div><div id=\"elementor-tab-content-1713\" class=\"eael-accordion-content clearfix\" data-tab=\"3\" aria-labelledby=\"servicios-adicionales-en-nuestras-residencias\"><p>Nuestras residencias de estudiantes asociadas pueden ofrecerle servicios adicionales para mejorar su comodidad y experiencia: lavander\u00eda, desayuno, aperitivos y bebidas, servicio de limpieza, etc. Estar\u00e1s en contacto con un gestor in situ y se podr\u00e1n organizar eventos con todos los residentes. Ampl\u00ede la experiencia de sus alumnos m\u00e1s all\u00e1 de los muros de la escuela.<\/p>\n<\/div>\n\t\t\t\t\t<\/div><div class=\"eael-accordion-list\">\n\t\t\t\t\t<div id=\"por-qu-elegir-una-residencia-de-estudiantes\" class=\"elementor-tab-title eael-accordion-header\" tabindex=\"0\" data-tab=\"4\" aria-controls=\"elementor-tab-content-1714\"><span class=\"eael-advanced-accordion-icon-closed\"><i aria-hidden=\"true\" class=\"fa-accordion-icon fas fa-plus\"><\/i><\/span><span class=\"eael-advanced-accordion-icon-opened\"><i aria-hidden=\"true\" class=\"fa-accordion-icon fas fa-minus\"><\/i><\/span><span class=\"eael-accordion-tab-title\">\u00bfPor qu\u00e9 elegir una residencia de estudiantes?<\/span><i aria-hidden=\"true\" class=\"fa-toggle fas fa-angle-right\"><\/i><\/div><div id=\"elementor-tab-content-1714\" class=\"eael-accordion-content clearfix\" data-tab=\"4\" aria-labelledby=\"por-qu-elegir-una-residencia-de-estudiantes\"><p>\u00bfQuieres conocer al mayor n\u00famero posible de j\u00f3venes con los que compartir la aventura de tu estancia de inmersi\u00f3n? Entonces, \u00a1el alojamiento en una residencia de estudiantes es para ti! Es una soluci\u00f3n econ\u00f3mica que le ofrece toda la independencia de una habitaci\u00f3n individual o un estudio. Pero eso no es todo: este tipo de alojamiento te da la oportunidad de conocer a mucha gente en las zonas comunes<\/p>\n<\/div>\n\t\t\t\t\t<\/div><div class=\"eael-accordion-list\">\n\t\t\t\t\t<div id=\"comparte-tu-experiencia-con-otros-estudiantes\" class=\"elementor-tab-title eael-accordion-header\" tabindex=\"0\" data-tab=\"5\" aria-controls=\"elementor-tab-content-1715\"><span class=\"eael-advanced-accordion-icon-closed\"><i aria-hidden=\"true\" class=\"fa-accordion-icon fas fa-plus\"><\/i><\/span><span class=\"eael-advanced-accordion-icon-opened\"><i aria-hidden=\"true\" class=\"fa-accordion-icon fas fa-minus\"><\/i><\/span><span class=\"eael-accordion-tab-title\">Comparte tu experiencia con otros estudiantes<\/span><i aria-hidden=\"true\" class=\"fa-toggle fas fa-angle-right\"><\/i><\/div><div id=\"elementor-tab-content-1715\" class=\"eael-accordion-content clearfix\" data-tab=\"5\" aria-labelledby=\"comparte-tu-experiencia-con-otros-estudiantes\"><div class=\"sm:container sm:mx-auto mx-[25px]\">\n<div class=\"container mx-auto sm:grid sm:grid-cols-2 gap-[86px] pt-[70px] pb-20 border-t border-t-gray-200 mt-20\">\n<div class=\"text-[12px] leading-[20px] sm:text-[15px] pt-2 prose prose-h2:font-normal prose-strong:font-normal prose-strong:font-galanoSemi prose-strong:text-black-900 prose-strong:text-[15px] prose-p:my-1\">\n<p>Es el entorno ideal para compartir experiencias y consejos con otros estudiantes de todos los pa\u00edses y culturas. It&#8217;s also a great place to try out your latest French expressions&#8230; any occasion is a good one for practicing and expanding your vocabulary! Durante una cena improvisada o una salida nocturna, crear\u00e1 v\u00ednculos y recuerdos para toda la vida.<\/p>\n<\/div>\n<\/div>\n<\/div>\n<footer>\n<footer>\n<div class=\"m-0 bg-black-100\">\n<div class=\"container m-auto flex flex-col sm:flex-row py-14 text-white sm:justify-items-center md:justify-between px-[24px] sm:px-0\">\n<div class=\"sm:grid sm:w-8\/12 mb-10 sm:mb-0\"> <\/div>\n<\/div>\n<\/div>\n<\/footer>\n<\/footer>\n<\/div>\n\t\t\t\t\t<\/div><\/div>\t\t\t\t<\/div>\n\t\t\t\t\t<\/div>\n\t\t\t\t<\/div>\n\t\t\t\t\t<\/div>\n\t\t\t\t<\/div>\n\t\t<div class=\"elementor-element elementor-element-19a06e71 e-flex e-con-boxed e-con e-parent\" data-id=\"19a06e71\" data-element_type=\"container\" data-e-type=\"container\" data-settings=\"{&quot;ekit_has_onepagescroll_dot&quot;:&quot;yes&quot;}\">\n\t\t\t\t\t<div class=\"e-con-inner\">\n\t\t\t\t<div class=\"elementor-element elementor-element-27986e1c elementor-widget elementor-widget-spacer\" data-id=\"27986e1c\" data-element_type=\"widget\" data-e-type=\"widget\" data-settings=\"{&quot;ekit_we_effect_on&quot;:&quot;none&quot;}\" data-widget_type=\"spacer.default\">\n\t\t\t\t\t\t\t<div class=\"elementor-spacer\">\n\t\t\t<div class=\"elementor-spacer-inner\"><\/div>\n\t\t<\/div>\n\t\t\t\t\t\t<\/div>\n\t\t\t\t\t<\/div>\n\t\t\t\t<\/div>\n\t\t<div class=\"elementor-element elementor-element-763cdf8 e-flex e-con-boxed e-con e-parent\" data-id=\"763cdf8\" data-element_type=\"container\" data-e-type=\"container\" data-settings=\"{&quot;ekit_has_onepagescroll_dot&quot;:&quot;yes&quot;}\">\n\t\t\t\t\t<div class=\"e-con-inner\">\n\t\t<div class=\"elementor-element elementor-element-3ba827a8 e-flex e-con-boxed e-con e-child\" data-id=\"3ba827a8\" data-element_type=\"container\" data-e-type=\"container\" data-settings=\"{&quot;ekit_has_onepagescroll_dot&quot;:&quot;yes&quot;}\">\n\t\t\t\t\t<div class=\"e-con-inner\">\n\t\t\t\t<div class=\"elementor-element elementor-element-3189c72e elementor-widget__width-initial elementor-widget-mobile__width-initial elementor-widget elementor-widget-image\" data-id=\"3189c72e\" data-element_type=\"widget\" data-e-type=\"widget\" data-settings=\"{&quot;ekit_we_effect_on&quot;:&quot;none&quot;}\" data-widget_type=\"image.default\">\n\t\t\t\t\t\t\t\t\t\t\t\t\t\t\t<img loading=\"lazy\" decoding=\"async\" width=\"390\" height=\"322\" src=\"https:\/\/klf.fr\/wp-content\/uploads\/2024\/02\/Groupe-de-masques-33___responsive_390_322.jpg\" class=\"attachment-large size-large wp-image-24299\" alt=\"\" srcset=\"https:\/\/klf.fr\/wp-content\/uploads\/2024\/02\/Groupe-de-masques-33___responsive_390_322.jpg 390w, https:\/\/klf.fr\/wp-content\/uploads\/2024\/02\/Groupe-de-masques-33___responsive_390_322-300x248.jpg 300w\" sizes=\"(max-width: 390px) 100vw, 390px\" \/>\t\t\t\t\t\t\t\t\t\t\t\t\t\t\t<\/div>\n\t\t\t\t<div class=\"elementor-element elementor-element-63efaede eael-dual-header-content-align-left elementor-widget elementor-widget-eael-dual-color-header\" data-id=\"63efaede\" data-element_type=\"widget\" data-e-type=\"widget\" data-settings=\"{&quot;ekit_we_effect_on&quot;:&quot;none&quot;}\" data-widget_type=\"eael-dual-color-header.default\">\n\t\t\t\t\t\t\t\t<div class=\"eael-dual-header\">\n\t\t\t\t<h2 class=\"title eael-dch-title\"><span class=\"eael-dch-title-text eael-dch-title-lead lead solid-color\"> Alojamiento en<\/span> <span class=\"eael-dch-title-text\">KLF<\/span><\/h2>\t\t\t\t\t<span class=\"subtext\"><p>Durante una estancia de inmersi\u00f3n, la comodidad y la calidad del alojamiento son de suma importancia. Anfitriones amables, una habitaci\u00f3n agradable, comidas que le permitir\u00e1n descubrir la gastronom\u00eda local: prestamos atenci\u00f3n a todos estos detalles a la hora de seleccionar las familias de acogida con el mayor esmero. Cada uno de ellos ha sido visitado y ha firmado una carta de hospitalidad y confianza para garantizarle una estancia en las mejores condiciones.<\/p>\n<\/span>\n\t\t\t\t\t\t\t<\/div>\n\n\t\t\t\t\t\t<\/div>\n\t\t\t\t\t<\/div>\n\t\t\t\t<\/div>\n\t\t\t\t\t<\/div>\n\t\t\t\t<\/div>\n\t\t<div class=\"elementor-element elementor-element-497c7ecb e-flex e-con-boxed e-con e-parent\" data-id=\"497c7ecb\" data-element_type=\"container\" data-e-type=\"container\" data-settings=\"{&quot;ekit_has_onepagescroll_dot&quot;:&quot;yes&quot;}\">\n\t\t\t\t\t<div class=\"e-con-inner\">\n\t\t<div class=\"elementor-element elementor-element-1f36f031 e-flex e-con-boxed e-con e-child\" data-id=\"1f36f031\" data-element_type=\"container\" data-e-type=\"container\" data-settings=\"{&quot;background_background&quot;:&quot;classic&quot;,&quot;ekit_has_onepagescroll_dot&quot;:&quot;yes&quot;}\">\n\t\t\t\t\t<div class=\"e-con-inner\">\n\t\t\t\t<div class=\"elementor-element elementor-element-65aea2b4 elementor-widget elementor-widget-heading\" data-id=\"65aea2b4\" data-element_type=\"widget\" data-e-type=\"widget\" data-settings=\"{&quot;ekit_we_effect_on&quot;:&quot;none&quot;}\" data-widget_type=\"heading.default\">\n\t\t\t\t\t<h2 class=\"elementor-heading-title elementor-size-default\">\u00bfEst\u00e1s listo?\n\n<\/h2>\t\t\t\t<\/div>\n\t\t\t\t<div class=\"elementor-element elementor-element-6c06d7db elementor-widget elementor-widget-text-editor\" data-id=\"6c06d7db\" data-element_type=\"widget\" data-e-type=\"widget\" data-settings=\"{&quot;ekit_we_effect_on&quot;:&quot;none&quot;}\" data-widget_type=\"text-editor.default\">\n\t\t\t\t\t\t\t\t\t<p>Cuando reserva su alojamiento con su curso de franc\u00e9s, conf\u00eda a nuestras escuelas la organizaci\u00f3n completa de su estancia ling\u00fc\u00edstica. Con el billete de avi\u00f3n y los documentos de viaje en la mano, su experiencia en KLF puede comenzar con tranquilidad.<\/p>\n\t\t\t\t\t\t\t\t<\/div>\n\t\t\t\t<div class=\"elementor-element elementor-element-636f30bd elementor-widget elementor-widget-button\" data-id=\"636f30bd\" data-element_type=\"widget\" data-e-type=\"widget\" data-settings=\"{&quot;ekit_we_effect_on&quot;:&quot;none&quot;}\" data-widget_type=\"button.default\">\n\t\t\t\t\t\t\t\t\t\t<a class=\"elementor-button elementor-button-link elementor-size-sm\" href=\"#\">\n\t\t\t\t\t\t<span class=\"elementor-button-content-wrapper\">\n\t\t\t\t\t\t\t\t\t<span class=\"elementor-button-text\">Contactos<\/span>\n\t\t\t\t\t<\/span>\n\t\t\t\t\t<\/a>\n\t\t\t\t\t\t\t\t<\/div>\n\t\t\t\t\t<\/div>\n\t\t\t\t<\/div>\n\t\t\t\t\t<\/div>\n\t\t\t\t<\/div>\n\t\t<div class=\"elementor-element elementor-element-550619e0 e-flex e-con-boxed e-con e-parent\" data-id=\"550619e0\" data-element_type=\"container\" data-e-type=\"container\" data-settings=\"{&quot;ekit_has_onepagescroll_dot&quot;:&quot;yes&quot;}\">\n\t\t\t\t\t<div class=\"e-con-inner\">\n\t\t\t\t<div class=\"elementor-element elementor-element-78d84aef elementor-widget elementor-widget-spacer\" data-id=\"78d84aef\" data-element_type=\"widget\" data-e-type=\"widget\" data-settings=\"{&quot;ekit_we_effect_on&quot;:&quot;none&quot;}\" data-widget_type=\"spacer.default\">\n\t\t\t\t\t\t\t<div class=\"elementor-spacer\">\n\t\t\t<div class=\"elementor-spacer-inner\"><\/div>\n\t\t<\/div>\n\t\t\t\t\t\t<\/div>\n\t\t\t\t\t<\/div>\n\t\t\t\t<\/div>\n\t\t\t\t<\/div>\n\t\t","protected":false},"excerpt":{"rendered":"<p>residencia de estudiantes comparte tu experiencia con otros estudiantes Comparta su experiencia con otros estudiantesAl alojarse en una residencia de estudiantes tendr\u00e1 la oportunidad de conocer a otros estudiantes franceses e internacionales de todo el mundo. Es la ocasi\u00f3n ideal para el intercambio cultural, para practicar el uso del franc\u00e9s como lengua compartida&#8230; y tambi\u00e9n [&hellip;]<\/p>\n","protected":false},"author":11,"featured_media":0,"parent":0,"menu_order":0,"comment_status":"closed","ping_status":"closed","template":"","meta":{"content-type":"","footnotes":""},"language-product":[],"type-product":[],"city-product":[],"course-category":[],"folder":[],"class_list":["post-26447","page","type-page","status-publish","hentry"],"yoast_head":"<!-- This site is optimized with the Yoast SEO Premium plugin v27.4 (Yoast SEO v27.4) - https:\/\/yoast.com\/product\/yoast-seo-premium-wordpress\/ -->\n<title>residencia de estudiantes - Keep Learning French<\/title>\n<meta name=\"robots\" content=\"index, follow, max-snippet:-1, max-image-preview:large, max-video-preview:-1\" \/>\n<link rel=\"canonical\" href=\"https:\/\/klf.fr\/es\/student-residence\/\" \/>\n<meta property=\"og:locale\" content=\"es_ES\" \/>\n<meta property=\"og:type\" content=\"article\" \/>\n<meta property=\"og:title\" content=\"residencia de estudiantes\" \/>\n<meta property=\"og:description\" content=\"residencia de estudiantes comparte tu experiencia con otros estudiantes Comparta su experiencia con otros estudiantesAl alojarse en una residencia de estudiantes tendr\u00e1 la oportunidad de conocer a otros estudiantes franceses e internacionales de todo el mundo. Es la ocasi\u00f3n ideal para el intercambio cultural, para practicar el uso del franc\u00e9s como lengua compartida&#8230; y tambi\u00e9n [&hellip;]\" \/>\n<meta property=\"og:url\" content=\"https:\/\/klf.fr\/es\/student-residence\/\" \/>\n<meta property=\"og:site_name\" content=\"Keep Learning French\" \/>\n<meta property=\"article:modified_time\" content=\"2024-12-12T11:47:54+00:00\" \/>\n<meta property=\"og:image\" content=\"https:\/\/klf.fr\/wp-content\/uploads\/2024\/02\/Famille-daccueil-3___responsive_575_383.jpg\" \/>\n\t<meta property=\"og:image:width\" content=\"575\" \/>\n\t<meta property=\"og:image:height\" content=\"383\" \/>\n\t<meta property=\"og:image:type\" content=\"image\/jpeg\" \/>\n<meta name=\"twitter:card\" content=\"summary_large_image\" \/>\n<meta name=\"twitter:label1\" content=\"Tiempo de lectura\" \/>\n\t<meta name=\"twitter:data1\" content=\"3 minutos\" \/>\n<script type=\"application\/ld+json\" class=\"yoast-schema-graph\">{\"@context\":\"https:\\\/\\\/schema.org\",\"@graph\":[{\"@type\":\"WebPage\",\"@id\":\"https:\\\/\\\/klf.fr\\\/es\\\/student-residence\\\/\",\"url\":\"https:\\\/\\\/klf.fr\\\/es\\\/student-residence\\\/\",\"name\":\"residencia de estudiantes - Keep Learning French\",\"isPartOf\":{\"@id\":\"https:\\\/\\\/klf.fr\\\/es\\\/#website\"},\"primaryImageOfPage\":{\"@id\":\"https:\\\/\\\/klf.fr\\\/es\\\/student-residence\\\/#primaryimage\"},\"image\":{\"@id\":\"https:\\\/\\\/klf.fr\\\/es\\\/student-residence\\\/#primaryimage\"},\"thumbnailUrl\":\"https:\\\/\\\/klf.fr\\\/wp-content\\\/uploads\\\/2024\\\/02\\\/Famille-daccueil-3___responsive_575_383.jpg\",\"datePublished\":\"2024-02-25T04:10:37+00:00\",\"dateModified\":\"2024-12-12T11:47:54+00:00\",\"breadcrumb\":{\"@id\":\"https:\\\/\\\/klf.fr\\\/es\\\/student-residence\\\/#breadcrumb\"},\"inLanguage\":\"es\",\"potentialAction\":[{\"@type\":\"ReadAction\",\"target\":[\"https:\\\/\\\/klf.fr\\\/es\\\/student-residence\\\/\"]}]},{\"@type\":\"ImageObject\",\"inLanguage\":\"es\",\"@id\":\"https:\\\/\\\/klf.fr\\\/es\\\/student-residence\\\/#primaryimage\",\"url\":\"https:\\\/\\\/klf.fr\\\/wp-content\\\/uploads\\\/2024\\\/02\\\/Famille-daccueil-3___responsive_575_383.jpg\",\"contentUrl\":\"https:\\\/\\\/klf.fr\\\/wp-content\\\/uploads\\\/2024\\\/02\\\/Famille-daccueil-3___responsive_575_383.jpg\"},{\"@type\":\"BreadcrumbList\",\"@id\":\"https:\\\/\\\/klf.fr\\\/es\\\/student-residence\\\/#breadcrumb\",\"itemListElement\":[{\"@type\":\"ListItem\",\"position\":1,\"name\":\"Home\",\"item\":\"https:\\\/\\\/klf.fr\\\/es\\\/home-2\\\/\"},{\"@type\":\"ListItem\",\"position\":2,\"name\":\"residencia de estudiantes\"}]},{\"@type\":\"WebSite\",\"@id\":\"https:\\\/\\\/klf.fr\\\/es\\\/#website\",\"url\":\"https:\\\/\\\/klf.fr\\\/es\\\/\",\"name\":\"Keep Learning French\",\"description\":\"Groupe d&#039;\u00e9coles de FLE en France.\",\"publisher\":{\"@id\":\"https:\\\/\\\/klf.fr\\\/es\\\/#organization\"},\"potentialAction\":[{\"@type\":\"SearchAction\",\"target\":{\"@type\":\"EntryPoint\",\"urlTemplate\":\"https:\\\/\\\/klf.fr\\\/es\\\/?s={search_term_string}\"},\"query-input\":{\"@type\":\"PropertyValueSpecification\",\"valueRequired\":true,\"valueName\":\"search_term_string\"}}],\"inLanguage\":\"es\"},{\"@type\":[\"Organization\",\"Place\"],\"@id\":\"https:\\\/\\\/klf.fr\\\/es\\\/#organization\",\"name\":\"Keep Learning French\",\"url\":\"https:\\\/\\\/klf.fr\\\/es\\\/\",\"logo\":{\"@id\":\"https:\\\/\\\/klf.fr\\\/es\\\/student-residence\\\/#local-main-organization-logo\"},\"image\":{\"@id\":\"https:\\\/\\\/klf.fr\\\/es\\\/student-residence\\\/#local-main-organization-logo\"},\"sameAs\":[\"https:\\\/\\\/linkedin.com\\\/school\\\/keep-learning-french\\\/\"],\"telephone\":[],\"openingHoursSpecification\":[{\"@type\":\"OpeningHoursSpecification\",\"dayOfWeek\":[\"Monday\",\"Tuesday\",\"Wednesday\",\"Thursday\",\"Friday\",\"Saturday\",\"Sunday\"],\"opens\":\"09:00\",\"closes\":\"17:00\"}]},{\"@type\":\"ImageObject\",\"inLanguage\":\"es\",\"@id\":\"https:\\\/\\\/klf.fr\\\/es\\\/student-residence\\\/#local-main-organization-logo\",\"url\":\"https:\\\/\\\/klf.fr\\\/wp-content\\\/uploads\\\/2020\\\/09\\\/klf-favicon.png\",\"contentUrl\":\"https:\\\/\\\/klf.fr\\\/wp-content\\\/uploads\\\/2020\\\/09\\\/klf-favicon.png\",\"width\":200,\"height\":200,\"caption\":\"Keep Learning French\"}]}<\/script>\n<!-- \/ Yoast SEO Premium plugin. -->","yoast_head_json":{"title":"residencia de estudiantes - Keep Learning French","robots":{"index":"index","follow":"follow","max-snippet":"max-snippet:-1","max-image-preview":"max-image-preview:large","max-video-preview":"max-video-preview:-1"},"canonical":"https:\/\/klf.fr\/es\/student-residence\/","og_locale":"es_ES","og_type":"article","og_title":"residencia de estudiantes","og_description":"residencia de estudiantes comparte tu experiencia con otros estudiantes Comparta su experiencia con otros estudiantesAl alojarse en una residencia de estudiantes tendr\u00e1 la oportunidad de conocer a otros estudiantes franceses e internacionales de todo el mundo. Es la ocasi\u00f3n ideal para el intercambio cultural, para practicar el uso del franc\u00e9s como lengua compartida&#8230; y tambi\u00e9n [&hellip;]","og_url":"https:\/\/klf.fr\/es\/student-residence\/","og_site_name":"Keep Learning French","article_modified_time":"2024-12-12T11:47:54+00:00","og_image":[{"width":575,"height":383,"url":"https:\/\/klf.fr\/wp-content\/uploads\/2024\/02\/Famille-daccueil-3___responsive_575_383.jpg","type":"image\/jpeg"}],"twitter_card":"summary_large_image","twitter_misc":{"Tiempo de lectura":"3 minutos"},"schema":{"@context":"https:\/\/schema.org","@graph":[{"@type":"WebPage","@id":"https:\/\/klf.fr\/es\/student-residence\/","url":"https:\/\/klf.fr\/es\/student-residence\/","name":"residencia de estudiantes - Keep Learning French","isPartOf":{"@id":"https:\/\/klf.fr\/es\/#website"},"primaryImageOfPage":{"@id":"https:\/\/klf.fr\/es\/student-residence\/#primaryimage"},"image":{"@id":"https:\/\/klf.fr\/es\/student-residence\/#primaryimage"},"thumbnailUrl":"https:\/\/klf.fr\/wp-content\/uploads\/2024\/02\/Famille-daccueil-3___responsive_575_383.jpg","datePublished":"2024-02-25T04:10:37+00:00","dateModified":"2024-12-12T11:47:54+00:00","breadcrumb":{"@id":"https:\/\/klf.fr\/es\/student-residence\/#breadcrumb"},"inLanguage":"es","potentialAction":[{"@type":"ReadAction","target":["https:\/\/klf.fr\/es\/student-residence\/"]}]},{"@type":"ImageObject","inLanguage":"es","@id":"https:\/\/klf.fr\/es\/student-residence\/#primaryimage","url":"https:\/\/klf.fr\/wp-content\/uploads\/2024\/02\/Famille-daccueil-3___responsive_575_383.jpg","contentUrl":"https:\/\/klf.fr\/wp-content\/uploads\/2024\/02\/Famille-daccueil-3___responsive_575_383.jpg"},{"@type":"BreadcrumbList","@id":"https:\/\/klf.fr\/es\/student-residence\/#breadcrumb","itemListElement":[{"@type":"ListItem","position":1,"name":"Home","item":"https:\/\/klf.fr\/es\/home-2\/"},{"@type":"ListItem","position":2,"name":"residencia de estudiantes"}]},{"@type":"WebSite","@id":"https:\/\/klf.fr\/es\/#website","url":"https:\/\/klf.fr\/es\/","name":"Keep Learning French","description":"Groupe d&#039;\u00e9coles de FLE en France.","publisher":{"@id":"https:\/\/klf.fr\/es\/#organization"},"potentialAction":[{"@type":"SearchAction","target":{"@type":"EntryPoint","urlTemplate":"https:\/\/klf.fr\/es\/?s={search_term_string}"},"query-input":{"@type":"PropertyValueSpecification","valueRequired":true,"valueName":"search_term_string"}}],"inLanguage":"es"},{"@type":["Organization","Place"],"@id":"https:\/\/klf.fr\/es\/#organization","name":"Keep Learning French","url":"https:\/\/klf.fr\/es\/","logo":{"@id":"https:\/\/klf.fr\/es\/student-residence\/#local-main-organization-logo"},"image":{"@id":"https:\/\/klf.fr\/es\/student-residence\/#local-main-organization-logo"},"sameAs":["https:\/\/linkedin.com\/school\/keep-learning-french\/"],"telephone":[],"openingHoursSpecification":[{"@type":"OpeningHoursSpecification","dayOfWeek":["Monday","Tuesday","Wednesday","Thursday","Friday","Saturday","Sunday"],"opens":"09:00","closes":"17:00"}]},{"@type":"ImageObject","inLanguage":"es","@id":"https:\/\/klf.fr\/es\/student-residence\/#local-main-organization-logo","url":"https:\/\/klf.fr\/wp-content\/uploads\/2020\/09\/klf-favicon.png","contentUrl":"https:\/\/klf.fr\/wp-content\/uploads\/2020\/09\/klf-favicon.png","width":200,"height":200,"caption":"Keep Learning French"}]}},"_links":{"self":[{"href":"https:\/\/klf.fr\/es\/wp-json\/wp\/v2\/pages\/26447","targetHints":{"allow":["GET"]}}],"collection":[{"href":"https:\/\/klf.fr\/es\/wp-json\/wp\/v2\/pages"}],"about":[{"href":"https:\/\/klf.fr\/es\/wp-json\/wp\/v2\/types\/page"}],"author":[{"embeddable":true,"href":"https:\/\/klf.fr\/es\/wp-json\/wp\/v2\/users\/11"}],"replies":[{"embeddable":true,"href":"https:\/\/klf.fr\/es\/wp-json\/wp\/v2\/comments?post=26447"}],"version-history":[{"count":0,"href":"https:\/\/klf.fr\/es\/wp-json\/wp\/v2\/pages\/26447\/revisions"}],"wp:attachment":[{"href":"https:\/\/klf.fr\/es\/wp-json\/wp\/v2\/media?parent=26447"}],"wp:term":[{"taxonomy":"language-product","embeddable":true,"href":"https:\/\/klf.fr\/es\/wp-json\/wp\/v2\/language-product?post=26447"},{"taxonomy":"type-product","embeddable":true,"href":"https:\/\/klf.fr\/es\/wp-json\/wp\/v2\/type-product?post=26447"},{"taxonomy":"city-product","embeddable":true,"href":"https:\/\/klf.fr\/es\/wp-json\/wp\/v2\/city-product?post=26447"},{"taxonomy":"course-category","embeddable":true,"href":"https:\/\/klf.fr\/es\/wp-json\/wp\/v2\/course-category?post=26447"},{"taxonomy":"folder","embeddable":true,"href":"https:\/\/klf.fr\/es\/wp-json\/wp\/v2\/folder?post=26447"}],"curies":[{"name":"wp","href":"https:\/\/api.w.org\/{rel}","templated":true}]}}