{"id":26168,"date":"2024-02-24T05:40:56","date_gmt":"2024-02-24T04:40:56","guid":{"rendered":"https:\/\/klf.fr\/french-courses-in-france-for-adults\/12-weeks-french-certification-program\/"},"modified":"2024-12-11T05:45:10","modified_gmt":"2024-12-11T04:45:10","slug":"12-weeks-french-certification-program","status":"publish","type":"page","link":"https:\/\/klf.fr\/es\/12-weeks-french-certification-program\/","title":{"rendered":"Programa de certificaci\u00f3n de franc\u00e9s de 12 semanas"},"content":{"rendered":"\t\t<div data-elementor-type=\"wp-page\" data-elementor-id=\"26168\" class=\"elementor elementor-26168\" data-elementor-post-type=\"page\">\n\t\t\t\t<div class=\"elementor-element elementor-element-bdd6396 e-flex e-con-boxed e-con e-parent\" data-id=\"bdd6396\" data-element_type=\"container\" data-e-type=\"container\" data-settings=\"{&quot;ekit_has_onepagescroll_dot&quot;:&quot;yes&quot;}\">\n\t\t\t\t\t<div class=\"e-con-inner\">\n\t\t<div class=\"elementor-element elementor-element-2019e4ab e-con-full e-flex e-con e-child\" data-id=\"2019e4ab\" data-element_type=\"container\" data-e-type=\"container\" data-settings=\"{&quot;ekit_has_onepagescroll_dot&quot;:&quot;yes&quot;}\">\n\t\t<div class=\"elementor-element elementor-element-7758ee33 e-flex e-con-boxed e-con e-child\" data-id=\"7758ee33\" data-element_type=\"container\" data-e-type=\"container\" data-settings=\"{&quot;background_background&quot;:&quot;classic&quot;,&quot;ekit_has_onepagescroll_dot&quot;:&quot;yes&quot;}\">\n\t\t\t\t\t<div class=\"e-con-inner\">\n\t\t\t\t<div class=\"elementor-element elementor-element-5f3e73c8 eael-dual-header-content-align-left elementor-widget elementor-widget-eael-dual-color-header\" data-id=\"5f3e73c8\" data-element_type=\"widget\" data-e-type=\"widget\" data-settings=\"{&quot;ekit_we_effect_on&quot;:&quot;none&quot;}\" data-widget_type=\"eael-dual-color-header.default\">\n\t\t\t\t\t\t\t\t<div class=\"eael-dual-header\">\n\t\t\t\t<h2 class=\"title eael-dch-title\"><span class=\"eael-dch-title-text eael-dch-title-lead lead solid-color\">Curso de franc\u00e9s general <\/span> <span class=\"eael-dch-title-text\">Programa intensivo de larga estancia de 12 semanas<\/span><\/h2>\t\t\t\t\t<span class=\"subtext\"><div class=\"relative big-container mx-auto py-20\">\n<div class=\"container mx-auto pt-[30px] pb-8 relative z-20 px-4 md:px-0\">\n<div class=\"sm:pt-5 pt-[15px] text-white md:w-4\/5\">\n<p>Un curso intensivo de franc\u00e9s de 3 meses para un progreso duradero, una experiencia de la vida francesa a trav\u00e9s de la inmersi\u00f3n ling\u00fc\u00edstica y cultural y un test de franc\u00e9s que certifica su nivel final.<\/p>\n<\/div>\n<\/div>\n<\/div>\n<\/span>\n\t\t\t\t\t\t\t<\/div>\n\n\t\t\t\t\t\t<\/div>\n\t\t\t\t\t<\/div>\n\t\t\t\t<\/div>\n\t\t\t\t<\/div>\n\t\t\t\t\t<\/div>\n\t\t\t\t<\/div>\n\t\t<div class=\"elementor-element elementor-element-31f559d6 e-flex e-con-boxed e-con e-parent\" data-id=\"31f559d6\" data-element_type=\"container\" data-e-type=\"container\" data-settings=\"{&quot;ekit_has_onepagescroll_dot&quot;:&quot;yes&quot;}\">\n\t\t\t\t\t<div class=\"e-con-inner\">\n\t\t<div class=\"elementor-element elementor-element-50b1806e e-con-full e-flex e-con e-child\" data-id=\"50b1806e\" data-element_type=\"container\" data-e-type=\"container\" data-settings=\"{&quot;ekit_has_onepagescroll_dot&quot;:&quot;yes&quot;}\">\n\t\t\t\t<div class=\"elementor-element elementor-element-666dbad2 eael-dual-header-content-align-left elementor-widget elementor-widget-eael-dual-color-header\" data-id=\"666dbad2\" data-element_type=\"widget\" data-e-type=\"widget\" data-settings=\"{&quot;ekit_we_effect_on&quot;:&quot;none&quot;}\" data-widget_type=\"eael-dual-color-header.default\">\n\t\t\t\t\t\t\t\t<div class=\"eael-dual-header\">\n\t\t\t\t\t\t\t\t<h2 class=\"title eael-dch-title\"><span class=\"eael-dch-title-text eael-dch-title-lead lead solid-color\">curso intensivo de franc\u00e9s certificado:<\/span> <span class=\"eael-dch-title-text\">experiencia de la \u00abvida francesa\u00bb<\/span><\/h2>\t\t\t\t<span class=\"subtext\"><div class=\"relative big-container mx-auto py-20\">\n<div class=\"container mx-auto pt-[30px] pb-8 relative z-20 px-4 md:px-0\">\n<div class=\"sm:pt-5 pt-[15px] text-white md:w-4\/5\">\n<p>\u00bfNecesita el franc\u00e9s para estudiar en su pa\u00eds de origen o piensa estudiar en una universidad francesa?<\/p>\n<p>Nuestro programa Intensivo de Franc\u00e9s General de Larga Estancia de 12 semanas est\u00e1 disponible aproximadamente cada 2 meses, en fechas fijas. Esto nos permite ofrecerle el mejor precio y aceptarle en este programa sea cual sea su nivel, incluso si es un completo principiante.Al final de su programa de 12 semanas, validar\u00e1 sus progresos y su nivel con un examen oficial de franc\u00e9s (TCF) que le permitir\u00e1 aprovechar al m\u00e1ximo el tiempo y el dinero invertidos en su estancia y su programa de franc\u00e9s.<\/p>\n<\/div>\n<\/div>\n<\/div>\n<\/span>\n\t\t\t<\/div>\n\t\t\t\t\t\t<\/div>\n\t\t\t\t<div class=\"elementor-element elementor-element-96bcd2e elementor-icon-list--layout-inline elementor-hidden-mobile elementor-list-item-link-full_width elementor-widget elementor-widget-icon-list\" data-id=\"96bcd2e\" data-element_type=\"widget\" data-e-type=\"widget\" data-settings=\"{&quot;ekit_we_effect_on&quot;:&quot;none&quot;}\" data-widget_type=\"icon-list.default\">\n\t\t\t\t\t\t\t<ul class=\"elementor-icon-list-items elementor-inline-items\">\n\t\t\t\t\t\t\t<li class=\"elementor-icon-list-item elementor-inline-item\">\n\t\t\t\t\t\t\t\t\t\t\t<span class=\"elementor-icon-list-icon\">\n\t\t\t\t\t\t\t<i aria-hidden=\"true\" class=\"fas fa-bookmark\"><\/i>\t\t\t\t\t\t<\/span>\n\t\t\t\t\t\t\t\t\t\t<span class=\"elementor-icon-list-text\">Todos los niveles<\/span>\n\t\t\t\t\t\t\t\t\t<\/li>\n\t\t\t\t\t\t\t\t<li class=\"elementor-icon-list-item elementor-inline-item\">\n\t\t\t\t\t\t\t\t\t\t\t<span class=\"elementor-icon-list-icon\">\n\t\t\t\t\t\t\t<i aria-hidden=\"true\" class=\"fas fa-user\"><\/i>\t\t\t\t\t\t<\/span>\n\t\t\t\t\t\t\t\t\t\t<span class=\"elementor-icon-list-text\">14 alumnos m\u00e1ximo por clase<\/span>\n\t\t\t\t\t\t\t\t\t<\/li>\n\t\t\t\t\t\t\t\t<li class=\"elementor-icon-list-item elementor-inline-item\">\n\t\t\t\t\t\t\t\t\t\t\t<span class=\"elementor-icon-list-icon\">\n\t\t\t\t\t\t\t<i aria-hidden=\"true\" class=\"fas fa-globe-africa\"><\/i>\t\t\t\t\t\t<\/span>\n\t\t\t\t\t\t\t\t\t\t<span class=\"elementor-icon-list-text\">Cursos internacionales<\/span>\n\t\t\t\t\t\t\t\t\t<\/li>\n\t\t\t\t\t\t<\/ul>\n\t\t\t\t\t\t<\/div>\n\t\t\t\t<div class=\"elementor-element elementor-element-599f0ba4 elementor-hidden-desktop elementor-hidden-tablet elementor-icon-list--layout-traditional elementor-list-item-link-full_width elementor-widget elementor-widget-icon-list\" data-id=\"599f0ba4\" data-element_type=\"widget\" data-e-type=\"widget\" data-settings=\"{&quot;ekit_we_effect_on&quot;:&quot;none&quot;}\" data-widget_type=\"icon-list.default\">\n\t\t\t\t\t\t\t<ul class=\"elementor-icon-list-items\">\n\t\t\t\t\t\t\t<li class=\"elementor-icon-list-item\">\n\t\t\t\t\t\t\t\t\t\t\t<span class=\"elementor-icon-list-icon\">\n\t\t\t\t\t\t\t<i aria-hidden=\"true\" class=\"fas fa-bookmark\"><\/i>\t\t\t\t\t\t<\/span>\n\t\t\t\t\t\t\t\t\t\t<span class=\"elementor-icon-list-text\">Todos los niveles<\/span>\n\t\t\t\t\t\t\t\t\t<\/li>\n\t\t\t\t\t\t\t\t<li class=\"elementor-icon-list-item\">\n\t\t\t\t\t\t\t\t\t\t\t<span class=\"elementor-icon-list-icon\">\n\t\t\t\t\t\t\t<i aria-hidden=\"true\" class=\"fas fa-user\"><\/i>\t\t\t\t\t\t<\/span>\n\t\t\t\t\t\t\t\t\t\t<span class=\"elementor-icon-list-text\">14 alumnos m\u00e1ximo por clase<\/span>\n\t\t\t\t\t\t\t\t\t<\/li>\n\t\t\t\t\t\t\t\t<li class=\"elementor-icon-list-item\">\n\t\t\t\t\t\t\t\t\t\t\t<span class=\"elementor-icon-list-icon\">\n\t\t\t\t\t\t\t<i aria-hidden=\"true\" class=\"fas fa-globe-africa\"><\/i>\t\t\t\t\t\t<\/span>\n\t\t\t\t\t\t\t\t\t\t<span class=\"elementor-icon-list-text\">Cursos internacionales<\/span>\n\t\t\t\t\t\t\t\t\t<\/li>\n\t\t\t\t\t\t<\/ul>\n\t\t\t\t\t\t<\/div>\n\t\t\t\t<div class=\"elementor-element elementor-element-425a0ac elementor-widget elementor-widget-spacer\" data-id=\"425a0ac\" data-element_type=\"widget\" data-e-type=\"widget\" data-settings=\"{&quot;ekit_we_effect_on&quot;:&quot;none&quot;}\" data-widget_type=\"spacer.default\">\n\t\t\t\t\t\t\t<div class=\"elementor-spacer\">\n\t\t\t<div class=\"elementor-spacer-inner\"><\/div>\n\t\t<\/div>\n\t\t\t\t\t\t<\/div>\n\t\t\t\t<div class=\"elementor-element elementor-element-1f252417 elementor-widget elementor-widget-heading\" data-id=\"1f252417\" data-element_type=\"widget\" data-e-type=\"widget\" data-settings=\"{&quot;ekit_we_effect_on&quot;:&quot;none&quot;}\" data-widget_type=\"heading.default\">\n\t\t\t\t\t<h2 class=\"elementor-heading-title elementor-size-default\">Disponible en \n<\/h2>\t\t\t\t<\/div>\n\t\t<div class=\"elementor-element elementor-element-7119f972 e-con-full e-flex e-con e-child\" data-id=\"7119f972\" data-element_type=\"container\" data-e-type=\"container\" data-settings=\"{&quot;ekit_has_onepagescroll_dot&quot;:&quot;yes&quot;}\">\n\t\t\t\t<div class=\"elementor-element elementor-element-6830adff elementor-position-top elementor-position-top elementor-widget elementor-widget-image-box\" data-id=\"6830adff\" data-element_type=\"widget\" data-e-type=\"widget\" data-settings=\"{&quot;ekit_we_effect_on&quot;:&quot;none&quot;}\" data-widget_type=\"image-box.default\">\n\t\t\t\t\t<div class=\"elementor-image-box-wrapper\"><figure class=\"elementor-image-box-img\"><img decoding=\"async\" width=\"150\" height=\"150\" src=\"https:\/\/klf.fr\/wp-content\/uploads\/2024\/02\/Photo-haut-de-page___responsive_1200_675-150x150.jpg\" class=\"elementor-animation-grow attachment-thumbnail size-thumbnail wp-image-1505\" alt=\"French in Bordeaux\" \/><\/figure><div class=\"elementor-image-box-content\"><h3 class=\"elementor-image-box-title\">Burdeos<\/h3><\/div><\/div>\t\t\t\t<\/div>\n\t\t\t\t<div class=\"elementor-element elementor-element-618da415 elementor-position-top elementor-widget elementor-widget-image-box\" data-id=\"618da415\" data-element_type=\"widget\" data-e-type=\"widget\" data-settings=\"{&quot;ekit_we_effect_on&quot;:&quot;none&quot;}\" data-widget_type=\"image-box.default\">\n\t\t\t\t\t<div class=\"elementor-image-box-wrapper\"><figure class=\"elementor-image-box-img\"><img decoding=\"async\" width=\"150\" height=\"150\" src=\"https:\/\/klf.fr\/wp-content\/uploads\/2024\/02\/Photo-haut-de-page___responsive_1076_720-150x150.jpg\" class=\"elementor-animation-grow attachment-thumbnail size-thumbnail wp-image-1497\" alt=\"\" \/><\/figure><div class=\"elementor-image-box-content\"><h3 class=\"elementor-image-box-title\">Montpellier<\/h3><\/div><\/div>\t\t\t\t<\/div>\n\t\t\t\t<div class=\"elementor-element elementor-element-279b072e elementor-position-top elementor-widget elementor-widget-image-box\" data-id=\"279b072e\" data-element_type=\"widget\" data-e-type=\"widget\" data-settings=\"{&quot;ekit_we_effect_on&quot;:&quot;none&quot;}\" data-widget_type=\"image-box.default\">\n\t\t\t\t\t<div class=\"elementor-image-box-wrapper\"><figure class=\"elementor-image-box-img\"><img decoding=\"async\" width=\"150\" height=\"150\" src=\"https:\/\/klf.fr\/wp-content\/uploads\/2024\/02\/Photo-haut-de-page___responsive_726_486-150x150.jpg\" class=\"elementor-animation-grow attachment-thumbnail size-thumbnail wp-image-1641\" alt=\"\" \/><\/figure><div class=\"elementor-image-box-content\"><h3 class=\"elementor-image-box-title\">Annecy<\/h3><\/div><\/div>\t\t\t\t<\/div>\n\t\t\t\t<\/div>\n\t\t<div class=\"elementor-element elementor-element-1d18a8ed e-flex e-con-boxed e-con e-child\" data-id=\"1d18a8ed\" data-element_type=\"container\" data-e-type=\"container\" data-settings=\"{&quot;ekit_has_onepagescroll_dot&quot;:&quot;yes&quot;}\">\n\t\t\t\t\t<div class=\"e-con-inner\">\n\t\t\t\t<div class=\"elementor-element elementor-element-701c0ff1 elementor-position-top elementor-widget elementor-widget-image-box\" data-id=\"701c0ff1\" data-element_type=\"widget\" data-e-type=\"widget\" data-settings=\"{&quot;ekit_we_effect_on&quot;:&quot;none&quot;}\" data-widget_type=\"image-box.default\">\n\t\t\t\t\t<div class=\"elementor-image-box-wrapper\"><figure class=\"elementor-image-box-img\"><img loading=\"lazy\" decoding=\"async\" width=\"150\" height=\"150\" src=\"https:\/\/klf.fr\/wp-content\/uploads\/2024\/02\/Photo-haut-de-page___responsive_1200_658-1-150x150.jpg\" class=\"elementor-animation-grow attachment-thumbnail size-thumbnail wp-image-1520\" alt=\"french in france\" \/><\/figure><div class=\"elementor-image-box-content\"><h3 class=\"elementor-image-box-title\">Toulouse<\/h3><\/div><\/div>\t\t\t\t<\/div>\n\t\t\t\t<div class=\"elementor-element elementor-element-7d44dd5d elementor-position-top elementor-widget elementor-widget-image-box\" data-id=\"7d44dd5d\" data-element_type=\"widget\" data-e-type=\"widget\" data-settings=\"{&quot;ekit_we_effect_on&quot;:&quot;none&quot;}\" data-widget_type=\"image-box.default\">\n\t\t\t\t\t<div class=\"elementor-image-box-wrapper\"><figure class=\"elementor-image-box-img\"><img loading=\"lazy\" decoding=\"async\" width=\"150\" height=\"150\" src=\"https:\/\/klf.fr\/wp-content\/uploads\/2024\/02\/Photo-haut-de-page___responsive_1200_496-150x150.jpg\" class=\"elementor-animation-grow attachment-thumbnail size-thumbnail wp-image-18262\" alt=\"learn french in lyon\" \/><\/figure><div class=\"elementor-image-box-content\"><h3 class=\"elementor-image-box-title\">Lyon<\/h3><\/div><\/div>\t\t\t\t<\/div>\n\t\t\t\t\t<\/div>\n\t\t\t\t<\/div>\n\t\t\t\t<div class=\"elementor-element elementor-element-235f987a elementor-widget elementor-widget-heading\" data-id=\"235f987a\" data-element_type=\"widget\" data-e-type=\"widget\" data-settings=\"{&quot;ekit_we_effect_on&quot;:&quot;none&quot;}\" data-widget_type=\"heading.default\">\n\t\t\t\t\t<h2 class=\"elementor-heading-title elementor-size-default\">Objetivos del curso intensivo de franc\u00e9s de 12 semanas\n\n<\/h2>\t\t\t\t<\/div>\n\t\t\t\t<div class=\"elementor-element elementor-element-3f31f430 elementor-icon-list--layout-traditional elementor-list-item-link-full_width elementor-widget elementor-widget-icon-list\" data-id=\"3f31f430\" data-element_type=\"widget\" data-e-type=\"widget\" data-settings=\"{&quot;ekit_we_effect_on&quot;:&quot;none&quot;}\" data-widget_type=\"icon-list.default\">\n\t\t\t\t\t\t\t<ul class=\"elementor-icon-list-items\">\n\t\t\t\t\t\t\t<li class=\"elementor-icon-list-item\">\n\t\t\t\t\t\t\t\t\t\t\t<span class=\"elementor-icon-list-icon\">\n\t\t\t\t\t\t\t<i aria-hidden=\"true\" class=\"far fa-check-square\"><\/i>\t\t\t\t\t\t<\/span>\n\t\t\t\t\t\t\t\t\t\t<span class=\"elementor-icon-list-text\">Desarrollar la fluidez oral y escrita<\/span>\n\t\t\t\t\t\t\t\t\t<\/li>\n\t\t\t\t\t\t\t\t<li class=\"elementor-icon-list-item\">\n\t\t\t\t\t\t\t\t\t\t\t<span class=\"elementor-icon-list-icon\">\n\t\t\t\t\t\t\t<i aria-hidden=\"true\" class=\"far fa-check-square\"><\/i>\t\t\t\t\t\t<\/span>\n\t\t\t\t\t\t\t\t\t\t<span class=\"elementor-icon-list-text\">Familiarizarse con los sonidos de la lengua mediante el intercambio con hablantes nativos.<\/span>\n\t\t\t\t\t\t\t\t\t<\/li>\n\t\t\t\t\t\t\t\t<li class=\"elementor-icon-list-item\">\n\t\t\t\t\t\t\t\t\t\t\t<span class=\"elementor-icon-list-icon\">\n\t\t\t\t\t\t\t<i aria-hidden=\"true\" class=\"far fa-check-square\"><\/i>\t\t\t\t\t\t<\/span>\n\t\t\t\t\t\t\t\t\t\t<span class=\"elementor-icon-list-text\">Expresarse con fluidez y precisi\u00f3n sobre todos los temas<\/span>\n\t\t\t\t\t\t\t\t\t<\/li>\n\t\t\t\t\t\t\t\t<li class=\"elementor-icon-list-item\">\n\t\t\t\t\t\t\t\t\t\t\t<span class=\"elementor-icon-list-icon\">\n\t\t\t\t\t\t\t<i aria-hidden=\"true\" class=\"far fa-check-square\"><\/i>\t\t\t\t\t\t<\/span>\n\t\t\t\t\t\t\t\t\t\t<span class=\"elementor-icon-list-text\">Refuerce sus habilidades para comunicarse con mayor eficacia<\/span>\n\t\t\t\t\t\t\t\t\t<\/li>\n\t\t\t\t\t\t\t\t<li class=\"elementor-icon-list-item\">\n\t\t\t\t\t\t\t\t\t\t\t<span class=\"elementor-icon-list-icon\">\n\t\t\t\t\t\t\t<i aria-hidden=\"true\" class=\"far fa-check-square\"><\/i>\t\t\t\t\t\t<\/span>\n\t\t\t\t\t\t\t\t\t\t<span class=\"elementor-icon-list-text\">Certifica tu nivel de franc\u00e9s despu\u00e9s de 9 semanas<\/span>\n\t\t\t\t\t\t\t\t\t<\/li>\n\t\t\t\t\t\t<\/ul>\n\t\t\t\t\t\t<\/div>\n\t\t\t\t<div class=\"elementor-element elementor-element-0fbb3d2 elementor-widget elementor-widget-text-editor\" data-id=\"0fbb3d2\" data-element_type=\"widget\" data-e-type=\"widget\" data-settings=\"{&quot;ekit_we_effect_on&quot;:&quot;none&quot;}\" data-widget_type=\"text-editor.default\">\n\t\t\t\t\t\t\t\t\t<div class=\"text-[14px] pb-[24px] mt-4 prose-strong:font-galanoSemi prose-strong:font-normal prose-a:underline prose-a:text-purple\">\n<p>\u00bfCu\u00e1l es su objetivo al elegir nuestro curso intensivo de franc\u00e9s general de larga estancia de 12 semanas? <\/p>\n<p>Experimentar la vida francesa durante 3 meses, gracias a un curso completo que le permitir\u00e1 realizar progresos duraderos y significativos.<\/p>\n<\/div>\n\t\t\t\t\t\t\t\t<\/div>\n\t\t\t\t<div class=\"elementor-element elementor-element-5ad88abf elementor-widget elementor-widget-heading\" data-id=\"5ad88abf\" data-element_type=\"widget\" data-e-type=\"widget\" data-settings=\"{&quot;ekit_we_effect_on&quot;:&quot;none&quot;}\" data-widget_type=\"heading.default\">\n\t\t\t\t\t<h2 class=\"elementor-heading-title elementor-size-default\">M\u00e1s informaci\u00f3n<\/h2>\t\t\t\t<\/div>\n\t\t\t\t<div class=\"elementor-element elementor-element-42481bdd elementor-icon-list--layout-inline elementor-list-item-link-full_width elementor-widget elementor-widget-icon-list\" data-id=\"42481bdd\" data-element_type=\"widget\" data-e-type=\"widget\" data-settings=\"{&quot;ekit_we_effect_on&quot;:&quot;none&quot;}\" data-widget_type=\"icon-list.default\">\n\t\t\t\t\t\t\t<ul class=\"elementor-icon-list-items elementor-inline-items\">\n\t\t\t\t\t\t\t<li class=\"elementor-icon-list-item elementor-inline-item\">\n\t\t\t\t\t\t\t\t\t\t\t<span class=\"elementor-icon-list-icon\">\n\t\t\t\t\t\t\t<i aria-hidden=\"true\" class=\"fas fa-certificate\"><\/i>\t\t\t\t\t\t<\/span>\n\t\t\t\t\t\t\t\t\t\t<span class=\"elementor-icon-list-text\">Curso de certificaci\u00f3n<\/span>\n\t\t\t\t\t\t\t\t\t<\/li>\n\t\t\t\t\t\t\t\t<li class=\"elementor-icon-list-item elementor-inline-item\">\n\t\t\t\t\t\t\t\t\t\t\t<span class=\"elementor-icon-list-icon\">\n\t\t\t\t\t\t\t<i aria-hidden=\"true\" class=\"fas fa-hourglass\"><\/i>\t\t\t\t\t\t<\/span>\n\t\t\t\t\t\t\t\t\t\t<span class=\"elementor-icon-list-text\"> 26 lecciones \/ semana<\/span>\n\t\t\t\t\t\t\t\t\t<\/li>\n\t\t\t\t\t\t\t\t<li class=\"elementor-icon-list-item elementor-inline-item\">\n\t\t\t\t\t\t\t\t\t\t\t<span class=\"elementor-icon-list-icon\">\n\t\t\t\t\t\t\t<i aria-hidden=\"true\" class=\"fas fa-book-open\"><\/i>\t\t\t\t\t\t<\/span>\n\t\t\t\t\t\t\t\t\t\t<span class=\"elementor-icon-list-text\">Franc\u00e9s general<\/span>\n\t\t\t\t\t\t\t\t\t<\/li>\n\t\t\t\t\t\t<\/ul>\n\t\t\t\t\t\t<\/div>\n\t\t<div class=\"elementor-element elementor-element-11d6621e e-flex e-con-boxed e-con e-child\" data-id=\"11d6621e\" data-element_type=\"container\" data-e-type=\"container\" data-settings=\"{&quot;ekit_has_onepagescroll_dot&quot;:&quot;yes&quot;}\">\n\t\t\t\t\t<div class=\"e-con-inner\">\n\t\t\t\t<div class=\"elementor-element elementor-element-32ad1c2a elementor-invisible elementor-widget elementor-widget-eael-adv-accordion\" data-id=\"32ad1c2a\" data-element_type=\"widget\" data-e-type=\"widget\" data-settings=\"{&quot;_animation&quot;:&quot;fadeInRight&quot;,&quot;ekit_we_effect_on&quot;:&quot;none&quot;}\" data-widget_type=\"eael-adv-accordion.default\">\n\t\t\t\t\t            <div class=\"eael-adv-accordion\" id=\"eael-adv-accordion-32ad1c2a\" data-scroll-on-click=\"no\" data-scroll-speed=\"300\" data-accordion-id=\"32ad1c2a\" data-accordion-type=\"accordion\" data-toogle-speed=\"300\">\n            <div class=\"eael-accordion-list\">\n\t\t\t\t\t<div id=\"cmo-es-una-semana-normal\" class=\"elementor-tab-title eael-accordion-header\" tabindex=\"0\" data-tab=\"1\" aria-controls=\"elementor-tab-content-8501\"><span class=\"eael-accordion-tab-title\">\u00bfC\u00f3mo es una semana normal?<\/span><span class=\"eael-advanced-accordion-icon-closed\"><i aria-hidden=\"true\" class=\"fa-accordion-icon fas fa-plus\"><\/i><\/span><span class=\"eael-advanced-accordion-icon-opened\"><i aria-hidden=\"true\" class=\"fa-accordion-icon fas fa-minus\"><\/i><\/span><\/div><div id=\"elementor-tab-content-8501\" class=\"eael-accordion-content clearfix\" data-tab=\"1\" aria-labelledby=\"cmo-es-una-semana-normal\"><div class=\"accordion-title flex justify-between\">\u00bfC\u00f3mo es una semana normal?<\/div>\n<div class=\"accordion-content flex flex-col text-[14px] whitespace-normal overflow-hidden text-ellipsis\">Durante la duraci\u00f3n del programa, participar\u00e1 en un curso de franc\u00e9s general en grupo, todas las ma\u00f1anas de lunes a viernes, a un ritmo de 26 lecciones de 45 minutos por semana. 20 lecciones de franc\u00e9s por la ma\u00f1ana o por la tarde, seg\u00fan su nivel, y 6 lecciones en un taller de pr\u00e1ctica y refuerzo. Tambi\u00e9n dispondr\u00e1 de tiempo libre durante la semana y todos los fines de semana para descubrir nuestras ciudades y regiones, participando en las actividades culturales y sociales organizadas por nuestros equipos para usted, o por su cuenta, en funci\u00f3n de sus gustos y presupuesto.<\/div>\n<\/div>\n\t\t\t\t\t<\/div><div class=\"eael-accordion-list\">\n\t\t\t\t\t<div id=\"qu-nivel-se-exige-para-participar-en-el-programa\" class=\"elementor-tab-title eael-accordion-header\" tabindex=\"0\" data-tab=\"2\" aria-controls=\"elementor-tab-content-8502\"><span class=\"eael-accordion-tab-title\">\u00bfQu\u00e9 nivel se exige para participar en el programa?<\/span><span class=\"eael-advanced-accordion-icon-closed\"><i aria-hidden=\"true\" class=\"fa-accordion-icon fas fa-plus\"><\/i><\/span><span class=\"eael-advanced-accordion-icon-opened\"><i aria-hidden=\"true\" class=\"fa-accordion-icon fas fa-minus\"><\/i><\/span><\/div><div id=\"elementor-tab-content-8502\" class=\"eael-accordion-content clearfix\" data-tab=\"2\" aria-labelledby=\"qu-nivel-se-exige-para-participar-en-el-programa\"><p>Puede inscribirse en este programa en cualquier nivel, desde principiante (A1) hasta experimentado (C1). \u00bfC\u00f3mo sabe en qu\u00e9 nivel se encuentra? Hacemos una prueba inicial a todos nuestros alumnos para asignarles un grupo correspondiente a su nivel.<\/p>\n<\/div>\n\t\t\t\t\t<\/div><div class=\"eael-accordion-list\">\n\t\t\t\t\t<div id=\"cmo-funciona-el-programa\" class=\"elementor-tab-title eael-accordion-header\" tabindex=\"0\" data-tab=\"3\" aria-controls=\"elementor-tab-content-8503\"><span class=\"eael-accordion-tab-title\">\u00bfC\u00f3mo funciona el programa?<\/span><span class=\"eael-advanced-accordion-icon-closed\"><i aria-hidden=\"true\" class=\"fa-accordion-icon fas fa-plus\"><\/i><\/span><span class=\"eael-advanced-accordion-icon-opened\"><i aria-hidden=\"true\" class=\"fa-accordion-icon fas fa-minus\"><\/i><\/span><\/div><div id=\"elementor-tab-content-8503\" class=\"eael-accordion-content clearfix\" data-tab=\"3\" aria-labelledby=\"cmo-funciona-el-programa\"><p>Nuestro Curso Intensivo de Franc\u00e9s General de 12 semanas Programa de larga estancia disponible en fechas fijas aproximadamente cada 8 semanas (ver calendario). Su nivel de franc\u00e9s ser\u00e1 evaluado antes de su llegada. Nuestro equipo docente le asignar\u00e1 un grupo correspondiente a su nivel inicial. Su progreso se evaluar\u00e1 cada semana. En un programa de 12 semanas, puedes progresar de 1 a 2 niveles. Este programa incluye un examen de franc\u00e9s que puede realizar en su escuela KLF, normalmente al final de su programa, o antes si lo desea (tenga en cuenta que s\u00f3lo se incluye 1 examen por programa de 12 semanas).<\/p>\n<\/div>\n\t\t\t\t\t<\/div><\/div>\t\t\t\t<\/div>\n\t\t\t\t\t<\/div>\n\t\t\t\t<\/div>\n\t\t\t\t<\/div>\n\t\t<div class=\"elementor-element elementor-element-50ed7435 e-con-full e-flex e-con e-child\" data-id=\"50ed7435\" data-element_type=\"container\" data-e-type=\"container\" data-settings=\"{&quot;ekit_has_onepagescroll_dot&quot;:&quot;yes&quot;}\">\n\t\t<div class=\"elementor-element elementor-element-62adbc24 e-flex e-con-boxed e-con e-child\" data-id=\"62adbc24\" data-element_type=\"container\" data-e-type=\"container\" data-settings=\"{&quot;background_background&quot;:&quot;classic&quot;,&quot;sticky&quot;:&quot;top&quot;,&quot;sticky_on&quot;:[&quot;desktop&quot;],&quot;sticky_parent&quot;:&quot;yes&quot;,&quot;ekit_has_onepagescroll_dot&quot;:&quot;yes&quot;,&quot;sticky_offset&quot;:0,&quot;sticky_effects_offset&quot;:0,&quot;sticky_anchor_link_offset&quot;:0}\">\n\t\t\t\t\t<div class=\"e-con-inner\">\n\t\t\t\t<div class=\"elementor-element elementor-element-2fe0283f elementor-widget elementor-widget-heading\" data-id=\"2fe0283f\" data-element_type=\"widget\" data-e-type=\"widget\" data-settings=\"{&quot;ekit_we_effect_on&quot;:&quot;none&quot;}\" data-widget_type=\"heading.default\">\n\t\t\t\t\t<h2 class=\"elementor-heading-title elementor-size-default\">Curso intensivo de franc\u00e9s de 3 meses<\/h2>\t\t\t\t<\/div>\n\t\t\t\t<div class=\"elementor-element elementor-element-20ca58f7 elementor-widget-divider--view-line elementor-widget elementor-widget-divider\" data-id=\"20ca58f7\" data-element_type=\"widget\" data-e-type=\"widget\" data-settings=\"{&quot;ekit_we_effect_on&quot;:&quot;none&quot;}\" data-widget_type=\"divider.default\">\n\t\t\t\t\t\t\t<div class=\"elementor-divider\">\n\t\t\t<span class=\"elementor-divider-separator\">\n\t\t\t\t\t\t<\/span>\n\t\t<\/div>\n\t\t\t\t\t\t<\/div>\n\t\t\t\t<div class=\"elementor-element elementor-element-67151f18 elementor-widget elementor-widget-heading\" data-id=\"67151f18\" data-element_type=\"widget\" data-e-type=\"widget\" data-settings=\"{&quot;ekit_we_effect_on&quot;:&quot;none&quot;}\" data-widget_type=\"heading.default\">\n\t\t\t\t\t<span class=\"elementor-heading-title elementor-size-default\">Informaci\u00f3n general\n\n<\/span>\t\t\t\t<\/div>\n\t\t\t\t<div class=\"elementor-element elementor-element-1f3bc765 elementor-icon-list--layout-traditional elementor-list-item-link-full_width elementor-widget elementor-widget-icon-list\" data-id=\"1f3bc765\" data-element_type=\"widget\" data-e-type=\"widget\" data-settings=\"{&quot;ekit_we_effect_on&quot;:&quot;none&quot;}\" data-widget_type=\"icon-list.default\">\n\t\t\t\t\t\t\t<ul class=\"elementor-icon-list-items\">\n\t\t\t\t\t\t\t<li class=\"elementor-icon-list-item\">\n\t\t\t\t\t\t\t\t\t\t\t<span class=\"elementor-icon-list-icon\">\n\t\t\t\t\t\t\t<i aria-hidden=\"true\" class=\"far fa-calendar-alt\"><\/i>\t\t\t\t\t\t<\/span>\n\t\t\t\t\t\t\t\t\t\t<span class=\"elementor-icon-list-text\">12 semanas<\/span>\n\t\t\t\t\t\t\t\t\t<\/li>\n\t\t\t\t\t\t\t\t<li class=\"elementor-icon-list-item\">\n\t\t\t\t\t\t\t\t\t\t\t<span class=\"elementor-icon-list-icon\">\n\t\t\t\t\t\t\t<i aria-hidden=\"true\" class=\"fas fa-user\"><\/i>\t\t\t\t\t\t<\/span>\n\t\t\t\t\t\t\t\t\t\t<span class=\"elementor-icon-list-text\">Para estudiantes y adultos<\/span>\n\t\t\t\t\t\t\t\t\t<\/li>\n\t\t\t\t\t\t\t\t<li class=\"elementor-icon-list-item\">\n\t\t\t\t\t\t\t\t\t\t\t<span class=\"elementor-icon-list-icon\">\n\t\t\t\t\t\t\t<i aria-hidden=\"true\" class=\"fas fa-book\"><\/i>\t\t\t\t\t\t<\/span>\n\t\t\t\t\t\t\t\t\t\t<span class=\"elementor-icon-list-text\">26 lecciones \/ semana<\/span>\n\t\t\t\t\t\t\t\t\t<\/li>\n\t\t\t\t\t\t\t\t<li class=\"elementor-icon-list-item\">\n\t\t\t\t\t\t\t\t\t\t\t<span class=\"elementor-icon-list-icon\">\n\t\t\t\t\t\t\t<i aria-hidden=\"true\" class=\"fab fa-rocketchat\"><\/i>\t\t\t\t\t\t<\/span>\n\t\t\t\t\t\t\t\t\t\t<span class=\"elementor-icon-list-text\">Cara a cara<\/span>\n\t\t\t\t\t\t\t\t\t<\/li>\n\t\t\t\t\t\t\t\t<li class=\"elementor-icon-list-item\">\n\t\t\t\t\t\t\t\t\t\t\t<span class=\"elementor-icon-list-icon\">\n\t\t\t\t\t\t\t<i aria-hidden=\"true\" class=\"fas fa-book-open\"><\/i>\t\t\t\t\t\t<\/span>\n\t\t\t\t\t\t\t\t\t\t<span class=\"elementor-icon-list-text\">6 Talleres<\/span>\n\t\t\t\t\t\t\t\t\t<\/li>\n\t\t\t\t\t\t<\/ul>\n\t\t\t\t\t\t<\/div>\n\t\t\t\t<div class=\"elementor-element elementor-element-4b433167 elementor-widget-divider--view-line elementor-widget elementor-widget-divider\" data-id=\"4b433167\" data-element_type=\"widget\" data-e-type=\"widget\" data-settings=\"{&quot;ekit_we_effect_on&quot;:&quot;none&quot;}\" data-widget_type=\"divider.default\">\n\t\t\t\t\t\t\t<div class=\"elementor-divider\">\n\t\t\t<span class=\"elementor-divider-separator\">\n\t\t\t\t\t\t<\/span>\n\t\t<\/div>\n\t\t\t\t\t\t<\/div>\n\t\t\t\t<div class=\"elementor-element elementor-element-281e9fe9 elementor-widget elementor-widget-heading\" data-id=\"281e9fe9\" data-element_type=\"widget\" data-e-type=\"widget\" data-settings=\"{&quot;ekit_we_effect_on&quot;:&quot;none&quot;}\" data-widget_type=\"heading.default\">\n\t\t\t\t\t<span class=\"elementor-heading-title elementor-size-default\">Incluido en la lecci\u00f3n Curso de franc\u00e9s general - Est\u00e1ndar\n\n\n<\/span>\t\t\t\t<\/div>\n\t\t\t\t<div class=\"elementor-element elementor-element-2a0e0090 elementor-icon-list--layout-traditional elementor-list-item-link-full_width elementor-widget elementor-widget-icon-list\" data-id=\"2a0e0090\" data-element_type=\"widget\" data-e-type=\"widget\" data-settings=\"{&quot;ekit_we_effect_on&quot;:&quot;none&quot;}\" data-widget_type=\"icon-list.default\">\n\t\t\t\t\t\t\t<ul class=\"elementor-icon-list-items\">\n\t\t\t\t\t\t\t<li class=\"elementor-icon-list-item\">\n\t\t\t\t\t\t\t\t\t\t\t<span class=\"elementor-icon-list-icon\">\n\t\t\t\t\t\t\t<i aria-hidden=\"true\" class=\"fas fa-check-circle\"><\/i>\t\t\t\t\t\t<\/span>\n\t\t\t\t\t\t\t\t\t\t<span class=\"elementor-icon-list-text\">Manual de KLF<\/span>\n\t\t\t\t\t\t\t\t\t<\/li>\n\t\t\t\t\t\t\t\t<li class=\"elementor-icon-list-item\">\n\t\t\t\t\t\t\t\t\t\t\t<span class=\"elementor-icon-list-icon\">\n\t\t\t\t\t\t\t<i aria-hidden=\"true\" class=\"fas fa-check-circle\"><\/i>\t\t\t\t\t\t<\/span>\n\t\t\t\t\t\t\t\t\t\t<span class=\"elementor-icon-list-text\">Paquete de bienvenida<\/span>\n\t\t\t\t\t\t\t\t\t<\/li>\n\t\t\t\t\t\t\t\t<li class=\"elementor-icon-list-item\">\n\t\t\t\t\t\t\t\t\t\t\t<span class=\"elementor-icon-list-icon\">\n\t\t\t\t\t\t\t<i aria-hidden=\"true\" class=\"fas fa-check-circle\"><\/i>\t\t\t\t\t\t<\/span>\n\t\t\t\t\t\t\t\t\t\t<span class=\"elementor-icon-list-text\">El certificado TCF o TEF<\/span>\n\t\t\t\t\t\t\t\t\t<\/li>\n\t\t\t\t\t\t<\/ul>\n\t\t\t\t\t\t<\/div>\n\t\t\t\t\t<\/div>\n\t\t\t\t<\/div>\n\t\t\t\t<\/div>\n\t\t\t\t\t<\/div>\n\t\t\t\t<\/div>\n\t\t<div class=\"elementor-element elementor-element-6e76db85 e-flex e-con-boxed e-con e-parent\" data-id=\"6e76db85\" data-element_type=\"container\" data-e-type=\"container\" data-settings=\"{&quot;ekit_has_onepagescroll_dot&quot;:&quot;yes&quot;}\">\n\t\t\t\t\t<div class=\"e-con-inner\">\n\t\t\t\t<div class=\"elementor-element elementor-element-5df37f8e elementor-widget elementor-widget-spacer\" data-id=\"5df37f8e\" data-element_type=\"widget\" data-e-type=\"widget\" data-settings=\"{&quot;ekit_we_effect_on&quot;:&quot;none&quot;}\" data-widget_type=\"spacer.default\">\n\t\t\t\t\t\t\t<div class=\"elementor-spacer\">\n\t\t\t<div class=\"elementor-spacer-inner\"><\/div>\n\t\t<\/div>\n\t\t\t\t\t\t<\/div>\n\t\t\t\t\t<\/div>\n\t\t\t\t<\/div>\n\t\t\t\t<\/div>\n\t\t","protected":false},"excerpt":{"rendered":"<p>Curso de franc\u00e9s general Programa intensivo de larga estancia de 12 semanas Un curso intensivo de franc\u00e9s de 3 meses para un progreso duradero, una experiencia de la vida francesa a trav\u00e9s de la inmersi\u00f3n ling\u00fc\u00edstica y cultural y un test de franc\u00e9s que certifica su nivel final. curso intensivo de franc\u00e9s certificado: experiencia de [&hellip;]<\/p>\n","protected":false},"author":11,"featured_media":0,"parent":0,"menu_order":0,"comment_status":"closed","ping_status":"closed","template":"elementor_header_footer","meta":{"content-type":"","footnotes":""},"language-product":[],"type-product":[],"city-product":[],"course-category":[],"folder":[],"class_list":["post-26168","page","type-page","status-publish","hentry"],"yoast_head":"<!-- This site is optimized with the Yoast SEO Premium plugin v27.4 (Yoast SEO v27.4) - https:\/\/yoast.com\/product\/yoast-seo-premium-wordpress\/ -->\n<title>Programa de certificaci\u00f3n de franc\u00e9s de 12 semanas - Keep Learning French<\/title>\n<meta name=\"robots\" content=\"index, follow, max-snippet:-1, max-image-preview:large, max-video-preview:-1\" \/>\n<link rel=\"canonical\" href=\"https:\/\/klf.fr\/es\/12-weeks-french-certification-program\/\" \/>\n<meta property=\"og:locale\" content=\"es_ES\" \/>\n<meta property=\"og:type\" content=\"article\" \/>\n<meta property=\"og:title\" content=\"Programa de certificaci\u00f3n de franc\u00e9s de 12 semanas\" \/>\n<meta property=\"og:description\" content=\"Curso de franc\u00e9s general Programa intensivo de larga estancia de 12 semanas Un curso intensivo de franc\u00e9s de 3 meses para un progreso duradero, una experiencia de la vida francesa a trav\u00e9s de la inmersi\u00f3n ling\u00fc\u00edstica y cultural y un test de franc\u00e9s que certifica su nivel final. curso intensivo de franc\u00e9s certificado: experiencia de [&hellip;]\" \/>\n<meta property=\"og:url\" content=\"https:\/\/klf.fr\/es\/12-weeks-french-certification-program\/\" \/>\n<meta property=\"og:site_name\" content=\"Keep Learning French\" \/>\n<meta property=\"article:modified_time\" content=\"2024-12-11T04:45:10+00:00\" \/>\n<meta property=\"og:image\" content=\"https:\/\/klf.fr\/wp-content\/uploads\/2024\/02\/Photo-haut-de-page___responsive_1200_675.jpg\" \/>\n\t<meta property=\"og:image:width\" content=\"1200\" \/>\n\t<meta property=\"og:image:height\" content=\"675\" \/>\n\t<meta property=\"og:image:type\" content=\"image\/jpeg\" \/>\n<meta name=\"twitter:card\" content=\"summary_large_image\" \/>\n<meta name=\"twitter:label1\" content=\"Tiempo de lectura\" \/>\n\t<meta name=\"twitter:data1\" content=\"3 minutos\" \/>\n<script type=\"application\/ld+json\" class=\"yoast-schema-graph\">{\"@context\":\"https:\\\/\\\/schema.org\",\"@graph\":[{\"@type\":\"WebPage\",\"@id\":\"https:\\\/\\\/klf.fr\\\/es\\\/12-weeks-french-certification-program\\\/\",\"url\":\"https:\\\/\\\/klf.fr\\\/es\\\/12-weeks-french-certification-program\\\/\",\"name\":\"Programa de certificaci\u00f3n de franc\u00e9s de 12 semanas - Keep Learning French\",\"isPartOf\":{\"@id\":\"https:\\\/\\\/klf.fr\\\/es\\\/#website\"},\"primaryImageOfPage\":{\"@id\":\"https:\\\/\\\/klf.fr\\\/es\\\/12-weeks-french-certification-program\\\/#primaryimage\"},\"image\":{\"@id\":\"https:\\\/\\\/klf.fr\\\/es\\\/12-weeks-french-certification-program\\\/#primaryimage\"},\"thumbnailUrl\":\"https:\\\/\\\/klf.fr\\\/wp-content\\\/uploads\\\/2024\\\/02\\\/Photo-haut-de-page___responsive_1200_675-150x150.jpg\",\"datePublished\":\"2024-02-24T04:40:56+00:00\",\"dateModified\":\"2024-12-11T04:45:10+00:00\",\"breadcrumb\":{\"@id\":\"https:\\\/\\\/klf.fr\\\/es\\\/12-weeks-french-certification-program\\\/#breadcrumb\"},\"inLanguage\":\"es\",\"potentialAction\":[{\"@type\":\"ReadAction\",\"target\":[\"https:\\\/\\\/klf.fr\\\/es\\\/12-weeks-french-certification-program\\\/\"]}]},{\"@type\":\"ImageObject\",\"inLanguage\":\"es\",\"@id\":\"https:\\\/\\\/klf.fr\\\/es\\\/12-weeks-french-certification-program\\\/#primaryimage\",\"url\":\"https:\\\/\\\/klf.fr\\\/wp-content\\\/uploads\\\/2024\\\/02\\\/Photo-haut-de-page___responsive_1200_675-150x150.jpg\",\"contentUrl\":\"https:\\\/\\\/klf.fr\\\/wp-content\\\/uploads\\\/2024\\\/02\\\/Photo-haut-de-page___responsive_1200_675-150x150.jpg\"},{\"@type\":\"BreadcrumbList\",\"@id\":\"https:\\\/\\\/klf.fr\\\/es\\\/12-weeks-french-certification-program\\\/#breadcrumb\",\"itemListElement\":[{\"@type\":\"ListItem\",\"position\":1,\"name\":\"Home\",\"item\":\"https:\\\/\\\/klf.fr\\\/es\\\/home-2\\\/\"},{\"@type\":\"ListItem\",\"position\":2,\"name\":\"Cursos\",\"item\":\"https:\\\/\\\/klf.fr\\\/es\\\/french-courses-in-france-for-adults\\\/\"},{\"@type\":\"ListItem\",\"position\":3,\"name\":\"Programa de certificaci\u00f3n de franc\u00e9s de 12 semanas\"}]},{\"@type\":\"WebSite\",\"@id\":\"https:\\\/\\\/klf.fr\\\/es\\\/#website\",\"url\":\"https:\\\/\\\/klf.fr\\\/es\\\/\",\"name\":\"Keep Learning French\",\"description\":\"Groupe d&#039;\u00e9coles de FLE en France.\",\"publisher\":{\"@id\":\"https:\\\/\\\/klf.fr\\\/es\\\/#organization\"},\"potentialAction\":[{\"@type\":\"SearchAction\",\"target\":{\"@type\":\"EntryPoint\",\"urlTemplate\":\"https:\\\/\\\/klf.fr\\\/es\\\/?s={search_term_string}\"},\"query-input\":{\"@type\":\"PropertyValueSpecification\",\"valueRequired\":true,\"valueName\":\"search_term_string\"}}],\"inLanguage\":\"es\"},{\"@type\":[\"Organization\",\"Place\"],\"@id\":\"https:\\\/\\\/klf.fr\\\/es\\\/#organization\",\"name\":\"Keep Learning French\",\"url\":\"https:\\\/\\\/klf.fr\\\/es\\\/\",\"logo\":{\"@id\":\"https:\\\/\\\/klf.fr\\\/es\\\/12-weeks-french-certification-program\\\/#local-main-organization-logo\"},\"image\":{\"@id\":\"https:\\\/\\\/klf.fr\\\/es\\\/12-weeks-french-certification-program\\\/#local-main-organization-logo\"},\"sameAs\":[\"https:\\\/\\\/linkedin.com\\\/school\\\/keep-learning-french\\\/\"],\"telephone\":[],\"openingHoursSpecification\":[{\"@type\":\"OpeningHoursSpecification\",\"dayOfWeek\":[\"Monday\",\"Tuesday\",\"Wednesday\",\"Thursday\",\"Friday\",\"Saturday\",\"Sunday\"],\"opens\":\"09:00\",\"closes\":\"17:00\"}]},{\"@type\":\"ImageObject\",\"inLanguage\":\"es\",\"@id\":\"https:\\\/\\\/klf.fr\\\/es\\\/12-weeks-french-certification-program\\\/#local-main-organization-logo\",\"url\":\"https:\\\/\\\/klf.fr\\\/wp-content\\\/uploads\\\/2020\\\/09\\\/klf-favicon.png\",\"contentUrl\":\"https:\\\/\\\/klf.fr\\\/wp-content\\\/uploads\\\/2020\\\/09\\\/klf-favicon.png\",\"width\":200,\"height\":200,\"caption\":\"Keep Learning French\"}]}<\/script>\n<!-- \/ Yoast SEO Premium plugin. -->","yoast_head_json":{"title":"Programa de certificaci\u00f3n de franc\u00e9s de 12 semanas - Keep Learning French","robots":{"index":"index","follow":"follow","max-snippet":"max-snippet:-1","max-image-preview":"max-image-preview:large","max-video-preview":"max-video-preview:-1"},"canonical":"https:\/\/klf.fr\/es\/12-weeks-french-certification-program\/","og_locale":"es_ES","og_type":"article","og_title":"Programa de certificaci\u00f3n de franc\u00e9s de 12 semanas","og_description":"Curso de franc\u00e9s general Programa intensivo de larga estancia de 12 semanas Un curso intensivo de franc\u00e9s de 3 meses para un progreso duradero, una experiencia de la vida francesa a trav\u00e9s de la inmersi\u00f3n ling\u00fc\u00edstica y cultural y un test de franc\u00e9s que certifica su nivel final. curso intensivo de franc\u00e9s certificado: experiencia de [&hellip;]","og_url":"https:\/\/klf.fr\/es\/12-weeks-french-certification-program\/","og_site_name":"Keep Learning French","article_modified_time":"2024-12-11T04:45:10+00:00","og_image":[{"width":1200,"height":675,"url":"https:\/\/klf.fr\/wp-content\/uploads\/2024\/02\/Photo-haut-de-page___responsive_1200_675.jpg","type":"image\/jpeg"}],"twitter_card":"summary_large_image","twitter_misc":{"Tiempo de lectura":"3 minutos"},"schema":{"@context":"https:\/\/schema.org","@graph":[{"@type":"WebPage","@id":"https:\/\/klf.fr\/es\/12-weeks-french-certification-program\/","url":"https:\/\/klf.fr\/es\/12-weeks-french-certification-program\/","name":"Programa de certificaci\u00f3n de franc\u00e9s de 12 semanas - Keep Learning French","isPartOf":{"@id":"https:\/\/klf.fr\/es\/#website"},"primaryImageOfPage":{"@id":"https:\/\/klf.fr\/es\/12-weeks-french-certification-program\/#primaryimage"},"image":{"@id":"https:\/\/klf.fr\/es\/12-weeks-french-certification-program\/#primaryimage"},"thumbnailUrl":"https:\/\/klf.fr\/wp-content\/uploads\/2024\/02\/Photo-haut-de-page___responsive_1200_675-150x150.jpg","datePublished":"2024-02-24T04:40:56+00:00","dateModified":"2024-12-11T04:45:10+00:00","breadcrumb":{"@id":"https:\/\/klf.fr\/es\/12-weeks-french-certification-program\/#breadcrumb"},"inLanguage":"es","potentialAction":[{"@type":"ReadAction","target":["https:\/\/klf.fr\/es\/12-weeks-french-certification-program\/"]}]},{"@type":"ImageObject","inLanguage":"es","@id":"https:\/\/klf.fr\/es\/12-weeks-french-certification-program\/#primaryimage","url":"https:\/\/klf.fr\/wp-content\/uploads\/2024\/02\/Photo-haut-de-page___responsive_1200_675-150x150.jpg","contentUrl":"https:\/\/klf.fr\/wp-content\/uploads\/2024\/02\/Photo-haut-de-page___responsive_1200_675-150x150.jpg"},{"@type":"BreadcrumbList","@id":"https:\/\/klf.fr\/es\/12-weeks-french-certification-program\/#breadcrumb","itemListElement":[{"@type":"ListItem","position":1,"name":"Home","item":"https:\/\/klf.fr\/es\/home-2\/"},{"@type":"ListItem","position":2,"name":"Cursos","item":"https:\/\/klf.fr\/es\/french-courses-in-france-for-adults\/"},{"@type":"ListItem","position":3,"name":"Programa de certificaci\u00f3n de franc\u00e9s de 12 semanas"}]},{"@type":"WebSite","@id":"https:\/\/klf.fr\/es\/#website","url":"https:\/\/klf.fr\/es\/","name":"Keep Learning French","description":"Groupe d&#039;\u00e9coles de FLE en France.","publisher":{"@id":"https:\/\/klf.fr\/es\/#organization"},"potentialAction":[{"@type":"SearchAction","target":{"@type":"EntryPoint","urlTemplate":"https:\/\/klf.fr\/es\/?s={search_term_string}"},"query-input":{"@type":"PropertyValueSpecification","valueRequired":true,"valueName":"search_term_string"}}],"inLanguage":"es"},{"@type":["Organization","Place"],"@id":"https:\/\/klf.fr\/es\/#organization","name":"Keep Learning French","url":"https:\/\/klf.fr\/es\/","logo":{"@id":"https:\/\/klf.fr\/es\/12-weeks-french-certification-program\/#local-main-organization-logo"},"image":{"@id":"https:\/\/klf.fr\/es\/12-weeks-french-certification-program\/#local-main-organization-logo"},"sameAs":["https:\/\/linkedin.com\/school\/keep-learning-french\/"],"telephone":[],"openingHoursSpecification":[{"@type":"OpeningHoursSpecification","dayOfWeek":["Monday","Tuesday","Wednesday","Thursday","Friday","Saturday","Sunday"],"opens":"09:00","closes":"17:00"}]},{"@type":"ImageObject","inLanguage":"es","@id":"https:\/\/klf.fr\/es\/12-weeks-french-certification-program\/#local-main-organization-logo","url":"https:\/\/klf.fr\/wp-content\/uploads\/2020\/09\/klf-favicon.png","contentUrl":"https:\/\/klf.fr\/wp-content\/uploads\/2020\/09\/klf-favicon.png","width":200,"height":200,"caption":"Keep Learning French"}]}},"_links":{"self":[{"href":"https:\/\/klf.fr\/es\/wp-json\/wp\/v2\/pages\/26168","targetHints":{"allow":["GET"]}}],"collection":[{"href":"https:\/\/klf.fr\/es\/wp-json\/wp\/v2\/pages"}],"about":[{"href":"https:\/\/klf.fr\/es\/wp-json\/wp\/v2\/types\/page"}],"author":[{"embeddable":true,"href":"https:\/\/klf.fr\/es\/wp-json\/wp\/v2\/users\/11"}],"replies":[{"embeddable":true,"href":"https:\/\/klf.fr\/es\/wp-json\/wp\/v2\/comments?post=26168"}],"version-history":[{"count":0,"href":"https:\/\/klf.fr\/es\/wp-json\/wp\/v2\/pages\/26168\/revisions"}],"wp:attachment":[{"href":"https:\/\/klf.fr\/es\/wp-json\/wp\/v2\/media?parent=26168"}],"wp:term":[{"taxonomy":"language-product","embeddable":true,"href":"https:\/\/klf.fr\/es\/wp-json\/wp\/v2\/language-product?post=26168"},{"taxonomy":"type-product","embeddable":true,"href":"https:\/\/klf.fr\/es\/wp-json\/wp\/v2\/type-product?post=26168"},{"taxonomy":"city-product","embeddable":true,"href":"https:\/\/klf.fr\/es\/wp-json\/wp\/v2\/city-product?post=26168"},{"taxonomy":"course-category","embeddable":true,"href":"https:\/\/klf.fr\/es\/wp-json\/wp\/v2\/course-category?post=26168"},{"taxonomy":"folder","embeddable":true,"href":"https:\/\/klf.fr\/es\/wp-json\/wp\/v2\/folder?post=26168"}],"curies":[{"name":"wp","href":"https:\/\/api.w.org\/{rel}","templated":true}]}}